{"id":1105,"date":"2020-09-23T09:02:46","date_gmt":"2020-09-23T07:02:46","guid":{"rendered":"https:\/\/avp.ro\/?page_id=1105"},"modified":"2020-09-30T09:17:09","modified_gmt":"2020-09-30T07:17:09","slug":"transparenta-salariala","status":"publish","type":"page","link":"https:\/\/avp.ro\/index.php\/transparenta-salariala\/","title":{"rendered":"Transparen\u021ba salarial\u0103"},"content":{"rendered":"<p>&nbsp;<\/p>\n<p>&nbsp;<\/p>\n<p style=\"font-weight: 400;\"><strong>Legea-cadru nr.153\/2017 privind salarizarea personalului pl\u0103tit din fonduri publice prevede la art. 33, Transparen\u0163a veniturilor salariale:<\/strong><\/p>\n<p style=\"font-weight: 400;\"><em>(1) Toate autorit\u0103\u0163ile \u015fi institu\u0163iile publice enumerate la art. 2 alin. (1) \u015fi (3) vor publica la sediul propriu \u015fi pe pagina proprie de internet, \u00een datele de 31 martie \u015fi 30 septembrie ale fiec\u0103rui an, \u015fi vor men\u0163ine publicat\u0103 o list\u0103 a tuturor func\u0163iilor din autorit\u0103\u0163ile sau institu\u0163iile publice respective ce intr\u0103 \u00een categoria personalului pl\u0103tit din fonduri publice, cuprinz\u00e2nd urm\u0103toarele:<\/em><\/p>\n<ol>\n<li style=\"font-weight: 400;\"><em>a) salariul de baz\u0103, solda func\u0163iei de baz\u0103\/salariul func\u0163iei de baz\u0103, indemniza\u0163ia de \u00eencadrare sau indemniza\u0163ia lunar\u0103, dup\u0103 caz;<\/em><\/li>\n<li style=\"font-weight: 400;\"><em>b) tipul, baza de calcul, cota procentual\u0103, valoarea brut\u0103 a sporurilor, compensa\u0163iilor, adaosurilor, primelor \u015fi premiilor eligibile pentru fiecare func\u0163ie, precum \u015fi baza legal\u0103 a acord\u0103rii acestora;<\/em><\/li>\n<li style=\"font-weight: 400;\"><em>c) valoarea anual\u0103 a voucherelor de vacan\u0163\u0103 care urmeaz\u0103 s\u0103 fie acordate pentru o perioad\u0103 lucrat\u0103 de un an, precum \u0219i baza legal\u0103 a acord\u0103rii acestora;<\/em><\/li>\n<li style=\"font-weight: 400;\"><em>d) valoarea anual\u0103 a indemniza\u0163iei de hran\u0103 care urmeaz\u0103 s\u0103 fie acordat\u0103 pentru o perioad\u0103 lucrat\u0103 de un an, precum \u0219i baza legal\u0103 a acord\u0103rii acesteia;<\/em><\/li>\n<li style=\"font-weight: 400;\"><em>e) orice alte drepturi \u00een bani \u015fi\/sau \u00een natur\u0103, dac\u0103 este cazul, precum \u015fi baza legal\u0103 a acord\u0103rii acestora;<\/em><\/li>\n<li style=\"font-weight: 400;\"><em>f) orice informa\u0163ii cu privire la posibile limit\u0103ri ale venitului salarial, precum \u015fi baza legal\u0103 a acestora.<\/em><\/li>\n<\/ol>\n<p>&nbsp;<\/p>\n<p style=\"font-weight: 400;\">Anul 2020<\/p>\n<p>&nbsp;<\/p>\n<p style=\"font-weight: 400;\"><a href=\"https:\/\/avp.ro\/wp-content\/uploads\/2020\/09\/Lista-indemnizatiilor-pentru-functiile-de-demnitate-publica-numite-la-data-de-30-septembrie-2020.pdf\">Lista indemniza\u021biilor pentru func\u021bii de demnitate public\u0103 numite la data de 31 septembrie 2020<\/a><\/p>\n<p style=\"font-weight: 400;\"><a href=\"https:\/\/avp.ro\/wp-content\/uploads\/2020\/09\/Lista-functiilor-din-cabinetul-demnitarului-la-30-septembrie-2020.pdf\">Lista func\u021biilor de conducere \u0219i de execu\u021bie la data de 31 septembrie 2020<\/a><\/p>\n<p style=\"font-weight: 400;\"><a href=\"https:\/\/avp.ro\/wp-content\/uploads\/2020\/09\/Lista-functiilor-de-conducere-si-de-executie-la-30-septembrie-2020.pdf\">Lista func\u021biilor de conducere \u0219i de execu\u021bie la data de 31 septembrie 2020<\/a><\/p>\n<p>&nbsp;<\/p>\n<p style=\"font-weight: 400;\"><a href=\"https:\/\/avp.ro\/wp-content\/uploads\/2020\/09\/functii_demnitate_publica_martie2020.pdf\">Lista indemniza\u021biilor pentru func\u021bii de demnitate public\u0103 numite la data de 31 martie 2020 <\/a><\/p>\n<p style=\"font-weight: 400;\"><a href=\"https:\/\/avp.ro\/wp-content\/uploads\/2020\/09\/functii_cabinet_martie2020.pdf\">Lista func\u021biilor din cabinetul demnitarului la data de\u00a031 martie 2020<\/a><\/p>\n<p style=\"font-weight: 400;\"><a href=\"https:\/\/avp.ro\/wp-content\/uploads\/2020\/09\/functii_executie_martie2020.pdf\">Lista func\u021biilor de conducere \u0219i de execu\u021bie la data de 31\u00a0martie\u00a02020<\/a><\/p>\n<p>&nbsp;<\/p>\n<p><strong>Pentru informa\u021bii suplimentare (arhiv\u0103) accesa\u021bi site-ul vechi al intitu\u021biei Avocatul Poporului:\u00a0<a href=\"https:\/\/old.avpoporului.ro\/index.php?option=com_content&amp;view=article&amp;id=434&amp;Itemid=275&amp;lang=ro-ro\">old.avpoporului.ro<\/a><\/strong><\/p>\n","protected":false},"excerpt":{"rendered":"<p>&nbsp; &nbsp; Legea-cadru nr.153\/2017 privind salarizarea personalului pl\u0103tit din fonduri publice prevede la art. 33, Transparen\u0163a veniturilor salariale: (1) Toate autorit\u0103\u0163ile \u015fi institu\u0163iile publice enumerate la art. 2 alin. (1)&hellip; <\/p>\n","protected":false},"author":1,"featured_media":0,"parent":0,"menu_order":0,"comment_status":"closed","ping_status":"closed","template":"","meta":{"footnotes":""},"class_list":["post-1105","page","type-page","status-publish","hentry"],"yoast_head":"<!-- This site is optimized with the Yoast SEO plugin v27.4 - https:\/\/yoast.com\/product\/yoast-seo-wordpress\/ -->\n<title>Transparen\u021ba salarial\u0103 - Institu\u021bia Avocatul Poporului<\/title>\n<meta name=\"robots\" content=\"index, follow, max-snippet:-1, max-image-preview:large, max-video-preview:-1\" \/>\n<link rel=\"canonical\" href=\"https:\/\/avp.ro\/index.php\/transparenta-salariala\/\" \/>\n<meta property=\"og:locale\" content=\"en_US\" \/>\n<meta property=\"og:type\" content=\"article\" \/>\n<meta property=\"og:title\" content=\"Transparen\u021ba salarial\u0103 - Institu\u021bia Avocatul Poporului\" \/>\n<meta property=\"og:description\" content=\"&nbsp; &nbsp; Legea-cadru nr.153\/2017 privind salarizarea personalului pl\u0103tit din fonduri publice prevede la art. 33, Transparen\u0163a veniturilor salariale: (1) Toate autorit\u0103\u0163ile \u015fi institu\u0163iile publice enumerate la art. 2 alin. (1)&hellip;\" \/>\n<meta property=\"og:url\" content=\"https:\/\/avp.ro\/index.php\/transparenta-salariala\/\" \/>\n<meta property=\"og:site_name\" content=\"Institu\u021bia Avocatul Poporului\" \/>\n<meta property=\"article:modified_time\" content=\"2020-09-30T07:17:09+00:00\" \/>\n<meta name=\"twitter:card\" content=\"summary_large_image\" \/>\n<meta name=\"twitter:label1\" content=\"Est. reading time\" \/>\n\t<meta name=\"twitter:data1\" content=\"2 minutes\" \/>\n<script type=\"application\/ld+json\" class=\"yoast-schema-graph\">{\"@context\":\"https:\\\/\\\/schema.org\",\"@graph\":[{\"@type\":\"WebPage\",\"@id\":\"https:\\\/\\\/avp.ro\\\/index.php\\\/transparenta-salariala\\\/\",\"url\":\"https:\\\/\\\/avp.ro\\\/index.php\\\/transparenta-salariala\\\/\",\"name\":\"Transparen\u021ba salarial\u0103 - Institu\u021bia Avocatul Poporului\",\"isPartOf\":{\"@id\":\"https:\\\/\\\/avp.ro\\\/#website\"},\"datePublished\":\"2020-09-23T07:02:46+00:00\",\"dateModified\":\"2020-09-30T07:17:09+00:00\",\"breadcrumb\":{\"@id\":\"https:\\\/\\\/avp.ro\\\/index.php\\\/transparenta-salariala\\\/#breadcrumb\"},\"inLanguage\":\"en-US\",\"potentialAction\":[{\"@type\":\"ReadAction\",\"target\":[\"https:\\\/\\\/avp.ro\\\/index.php\\\/transparenta-salariala\\\/\"]}]},{\"@type\":\"BreadcrumbList\",\"@id\":\"https:\\\/\\\/avp.ro\\\/index.php\\\/transparenta-salariala\\\/#breadcrumb\",\"itemListElement\":[{\"@type\":\"ListItem\",\"position\":1,\"name\":\"Home\",\"item\":\"https:\\\/\\\/avp.ro\\\/\"},{\"@type\":\"ListItem\",\"position\":2,\"name\":\"Transparen\u021ba salarial\u0103\"}]},{\"@type\":\"WebSite\",\"@id\":\"https:\\\/\\\/avp.ro\\\/#website\",\"url\":\"https:\\\/\\\/avp.ro\\\/\",\"name\":\"Institu\u021bia Avocatul Poporului\",\"description\":\"People\u2019s Advocate institution - Office of the Ombudsman\",\"publisher\":{\"@id\":\"https:\\\/\\\/avp.ro\\\/#organization\"},\"potentialAction\":[{\"@type\":\"SearchAction\",\"target\":{\"@type\":\"EntryPoint\",\"urlTemplate\":\"https:\\\/\\\/avp.ro\\\/?s={search_term_string}\"},\"query-input\":{\"@type\":\"PropertyValueSpecification\",\"valueRequired\":true,\"valueName\":\"search_term_string\"}}],\"inLanguage\":\"en-US\"},{\"@type\":\"Organization\",\"@id\":\"https:\\\/\\\/avp.ro\\\/#organization\",\"name\":\"Institutia Avocatul Poporului\",\"url\":\"https:\\\/\\\/avp.ro\\\/\",\"logo\":{\"@type\":\"ImageObject\",\"inLanguage\":\"en-US\",\"@id\":\"https:\\\/\\\/avp.ro\\\/#\\\/schema\\\/logo\\\/image\\\/\",\"url\":\"https:\\\/\\\/avp.ro\\\/wp-content\\\/uploads\\\/2020\\\/09\\\/cropped-AP.jpg\",\"contentUrl\":\"https:\\\/\\\/avp.ro\\\/wp-content\\\/uploads\\\/2020\\\/09\\\/cropped-AP.jpg\",\"width\":160,\"height\":146,\"caption\":\"Institutia Avocatul Poporului\"},\"image\":{\"@id\":\"https:\\\/\\\/avp.ro\\\/#\\\/schema\\\/logo\\\/image\\\/\"}}]}<\/script>\n<!-- \/ Yoast SEO plugin. -->","yoast_head_json":{"title":"Transparen\u021ba salarial\u0103 - Institu\u021bia Avocatul Poporului","robots":{"index":"index","follow":"follow","max-snippet":"max-snippet:-1","max-image-preview":"max-image-preview:large","max-video-preview":"max-video-preview:-1"},"canonical":"https:\/\/avp.ro\/index.php\/transparenta-salariala\/","og_locale":"en_US","og_type":"article","og_title":"Transparen\u021ba salarial\u0103 - Institu\u021bia Avocatul Poporului","og_description":"&nbsp; &nbsp; Legea-cadru nr.153\/2017 privind salarizarea personalului pl\u0103tit din fonduri publice prevede la art. 33, Transparen\u0163a veniturilor salariale: (1) Toate autorit\u0103\u0163ile \u015fi institu\u0163iile publice enumerate la art. 2 alin. (1)&hellip;","og_url":"https:\/\/avp.ro\/index.php\/transparenta-salariala\/","og_site_name":"Institu\u021bia Avocatul Poporului","article_modified_time":"2020-09-30T07:17:09+00:00","twitter_card":"summary_large_image","twitter_misc":{"Est. reading time":"2 minutes"},"schema":{"@context":"https:\/\/schema.org","@graph":[{"@type":"WebPage","@id":"https:\/\/avp.ro\/index.php\/transparenta-salariala\/","url":"https:\/\/avp.ro\/index.php\/transparenta-salariala\/","name":"Transparen\u021ba salarial\u0103 - Institu\u021bia Avocatul Poporului","isPartOf":{"@id":"https:\/\/avp.ro\/#website"},"datePublished":"2020-09-23T07:02:46+00:00","dateModified":"2020-09-30T07:17:09+00:00","breadcrumb":{"@id":"https:\/\/avp.ro\/index.php\/transparenta-salariala\/#breadcrumb"},"inLanguage":"en-US","potentialAction":[{"@type":"ReadAction","target":["https:\/\/avp.ro\/index.php\/transparenta-salariala\/"]}]},{"@type":"BreadcrumbList","@id":"https:\/\/avp.ro\/index.php\/transparenta-salariala\/#breadcrumb","itemListElement":[{"@type":"ListItem","position":1,"name":"Home","item":"https:\/\/avp.ro\/"},{"@type":"ListItem","position":2,"name":"Transparen\u021ba salarial\u0103"}]},{"@type":"WebSite","@id":"https:\/\/avp.ro\/#website","url":"https:\/\/avp.ro\/","name":"Institu\u021bia Avocatul Poporului","description":"People\u2019s Advocate institution - Office of the Ombudsman","publisher":{"@id":"https:\/\/avp.ro\/#organization"},"potentialAction":[{"@type":"SearchAction","target":{"@type":"EntryPoint","urlTemplate":"https:\/\/avp.ro\/?s={search_term_string}"},"query-input":{"@type":"PropertyValueSpecification","valueRequired":true,"valueName":"search_term_string"}}],"inLanguage":"en-US"},{"@type":"Organization","@id":"https:\/\/avp.ro\/#organization","name":"Institutia Avocatul Poporului","url":"https:\/\/avp.ro\/","logo":{"@type":"ImageObject","inLanguage":"en-US","@id":"https:\/\/avp.ro\/#\/schema\/logo\/image\/","url":"https:\/\/avp.ro\/wp-content\/uploads\/2020\/09\/cropped-AP.jpg","contentUrl":"https:\/\/avp.ro\/wp-content\/uploads\/2020\/09\/cropped-AP.jpg","width":160,"height":146,"caption":"Institutia Avocatul Poporului"},"image":{"@id":"https:\/\/avp.ro\/#\/schema\/logo\/image\/"}}]}},"_links":{"self":[{"href":"https:\/\/avp.ro\/index.php\/wp-json\/wp\/v2\/pages\/1105","targetHints":{"allow":["GET"]}}],"collection":[{"href":"https:\/\/avp.ro\/index.php\/wp-json\/wp\/v2\/pages"}],"about":[{"href":"https:\/\/avp.ro\/index.php\/wp-json\/wp\/v2\/types\/page"}],"author":[{"embeddable":true,"href":"https:\/\/avp.ro\/index.php\/wp-json\/wp\/v2\/users\/1"}],"replies":[{"embeddable":true,"href":"https:\/\/avp.ro\/index.php\/wp-json\/wp\/v2\/comments?post=1105"}],"version-history":[{"count":3,"href":"https:\/\/avp.ro\/index.php\/wp-json\/wp\/v2\/pages\/1105\/revisions"}],"predecessor-version":[{"id":1274,"href":"https:\/\/avp.ro\/index.php\/wp-json\/wp\/v2\/pages\/1105\/revisions\/1274"}],"wp:attachment":[{"href":"https:\/\/avp.ro\/index.php\/wp-json\/wp\/v2\/media?parent=1105"}],"curies":[{"name":"wp","href":"https:\/\/api.w.org\/{rel}","templated":true}]}}