{"id":1355,"date":"2020-10-01T14:22:50","date_gmt":"2020-10-01T12:22:50","guid":{"rendered":"https:\/\/avp.ro\/?page_id=1355"},"modified":"2020-10-02T07:06:59","modified_gmt":"2020-10-02T05:06:59","slug":"harta-site2","status":"publish","type":"page","link":"https:\/\/avp.ro\/index.php\/harta-site2\/","title":{"rendered":"Harta site2"},"content":{"rendered":"<p>&nbsp;<\/p>\n<p>&nbsp;<\/p>\n<table style=\"width: 100%;\" border=\"0\">\n<tbody>\n<tr valign=\"top\">\n<th style=\"text-align: left;\">PREZENTARE<\/th>\n<th style=\"text-align: left;\">CUM SESIZEZ AVP<\/th>\n<th style=\"text-align: left;\">ACTIVITATEA AVP<\/th>\n<th style=\"text-align: left;\">DOMENII DE ACTIVITATE<\/th>\n<th style=\"text-align: left;\">RELA\u021aII CU PRESA<\/th>\n<th>RESURSE<\/th>\n<\/tr>\n<tr valign=\"top\">\n<td><strong><a href=\"https:\/\/avp.ro\/index.php\/prezentare\/avocatul-poporului\/\" target=\"_blank\" rel=\"noopener noreferrer\"><em>Avocatul Poporului<\/em><\/a><\/strong><\/p>\n<p><strong><a href=\"https:\/\/avp.ro\/index.php\/prezentare\/adjuncti\/\" target=\"_blank\" rel=\"noopener noreferrer\"><em>Adjunc\u021bi ai Avocatului Poporului<\/em><\/a><\/strong><\/p>\n<p><strong><a href=\"https:\/\/avp.ro\/index.php\/prezentare\/echipa-avocatului-poporului\/\" target=\"_blank\" rel=\"noopener noreferrer\"><em>Echipa Avocatul Poporului<\/em><\/a><\/strong><\/p>\n<p><strong><a href=\"https:\/\/avp.ro\/index.php\/prezentare\/avocatul-poporului-institutie-de-tip-ombudsman\/\" target=\"_blank\" rel=\"noopener noreferrer\"><em>Scurt istoric<\/em><\/a><\/strong><\/p>\n<p><strong><a href=\"https:\/\/avp.ro\/index.php\/prezentare\/relatii-internationale\/\" target=\"_blank\" rel=\"noopener noreferrer\"><em>Rela\u021bii interna\u021bionale<\/em><\/a><\/strong><\/p>\n<p>&nbsp;<\/p>\n<p>&nbsp;<\/td>\n<td><strong><a href=\"https:\/\/avp.ro\/index.php\/cum-sesizez-avocatul-poporului\/atributiile-avocatului-poporului\/\"><em>Atribu\u021biile Avocatului Poporului<\/em><\/a><\/strong><\/p>\n<p><strong><a href=\"https:\/\/avp.ro\/index.php\/cum-sesizez-avocatul-poporului\/doresti-sa-depui-o-petitie\/\"><em>Dore\u0219ti s\u0103 depui o peti\u021bie?<\/em><\/a><\/strong><\/p>\n<p><strong><a href=\"https:\/\/avp.ro\/index.php\/cum-sesizez-avocatul-poporului\/cum-va-fi-solutionata-petitia\/\"><em>Cum va fi solu\u021bionat\u0103 peti\u021bia?<\/em><\/a><\/strong><\/p>\n<p><a href=\"https:\/\/avp.ro\/index.php\/cum-sesizez-avocatul-poporului\/formularul-unei-petitii\/\"><em><strong>Formularul unei peti\u021bii<\/strong><\/em><\/a><\/p>\n<p><strong><em><a href=\"https:\/\/avp.ro\/index.php\/cum-sesizez-avocatul-poporului\/serviciul-de-dispecerat\/\">S<\/a><a href=\"https:\/\/avp.ro\/index.php\/cum-sesizez-avocatul-poporului\/serviciul-de-dispecerat\/\">erviciul de dispecerat<\/a><\/em><\/strong><\/p>\n<p><em><a href=\"https:\/\/avp.ro\/index.php\/cum-sesizez-avocatul-poporului\/serviciul-de-audiente\/\">Se<strong>rviciul de audien\u021be<\/strong><\/a><\/em><\/p>\n<p><strong><a href=\"https:\/\/avp.ro\/index.php\/cum-sesizez-avocatul-poporului\/informatii-de-interes-public\/\"><em>Informa\u021bii de interes public<\/em><\/a><\/strong><\/td>\n<td><strong><a href=\"https:\/\/avp.ro\/index.php\/activitatea-avp\/recomandari\/\"><em>Recomand\u0103ri<\/em><\/a><\/strong><\/p>\n<p><strong><a href=\"https:\/\/avp.ro\/index.php\/activitatea-avp\/rapoarte-speciale\/\"><em>Rapoarte speciale<\/em><\/a><\/strong><\/p>\n<p><strong><a href=\"https:\/\/avp.ro\/index.php\/activitatea-avp\/rapoarte-anuale\/\"><em>Rapoarte anuale<\/em><\/a><\/strong><\/p>\n<p><a href=\"https:\/\/avp.ro\/index.php\/activitatea-avp\/raspunsuri-la-petitii-colective\/\"><strong><em>R\u0103spunsuri la peti\u021bii colective<\/em><\/strong><\/a><\/p>\n<p><a href=\"https:\/\/avp.ro\/index.php\/activitatea-avp\/contencios-constitutional\/\"><strong><em>Contencios constitu\u021bional<\/em><\/strong><\/a><\/p>\n<p><a href=\"https:\/\/avp.ro\/index.php\/activitatea-avp\/contencios-administrativ\/\"><strong><em>Contencios administrativ<\/em><\/strong><\/a><\/p>\n<p><a href=\"https:\/\/avp.ro\/index.php\/activitatea-avp\/recursul-in-interesul-legii\/\"><strong><em>Recursul \u00een interesul legii<\/em><\/strong><\/a><\/p>\n<p><a href=\"https:\/\/avp.ro\/index.php\/activitatea-avp\/protocoale-de-colaborare\/\"><strong><em>Protocoale de colaborare<\/em><\/strong><\/a><\/p>\n<p><a href=\"https:\/\/avp.ro\/index.php\/activitatea-avp\/buletin-informativ\/\"><strong><em>Buletinul informativ al Avocatului Poporului<\/em><\/strong><\/a><\/p>\n<p><a href=\"https:\/\/avp.ro\/index.php\/activitatea-avp\/buletin-informativ\/\"><strong><em>Buletinul informativ al Avocatului Poporului<\/em><\/strong><\/a><\/p>\n<p><a href=\"https:\/\/avp.ro\/index.php\/activitatea-avp\/evenimente-galerie-foto\/\"><strong><em>Evenimente &#8211; galerie foto<\/em><\/strong><\/a><\/td>\n<td><a href=\"https:\/\/avp.ro\/index.php\/domenii-de-activitate\/domeniul-drepturile-omului-egalitate-de-sanse-intre-barbati-si-femei-culte-religioase-si-minoritati-nationale\/\"><strong><em>Domeniul drepturile omului, egalitate de \u015fanse \u00eentre<\/em><\/strong><\/a><\/p>\n<p><strong><em> b\u0103rba\u0163i \u015fi femei, culte religioase \u015fi minorit\u0103\u0163i na\u0163ionale<\/em><\/strong><\/p>\n<p><a href=\"https:\/\/avp.ro\/index.php\/domenii-de-activitate\/domeniul-drepturile-familiei-tinerilor-pensionarilor-persoanelor-cu-handicap\/\"><strong><em>Domeniul drepturile familiei, tinerilor, pensionarilor, <\/em><\/strong><\/a><\/p>\n<p><strong><em>persoanelor cu handicap<\/em><\/strong><\/p>\n<p><strong><em>Domeniul ap\u0103rarea, protec\u021bi<\/em><\/strong><a href=\"https:\/\/avp.ro\/index.php\/domenii-de-activitate\/domeniul-apararea-protectia-si-promovarea-drepturilor-copilului-avocatul-copilului\/\"><strong><em>a \u0219i promovarea drepturilor copilului<\/em><\/strong><strong style=\"font-family: inherit; font-size: inherit;\"><em>\u2013 Avocatul Copilului\u00a0<\/em><\/strong><\/a><\/p>\n<p><a href=\"https:\/\/avp.ro\/index.php\/domenii-de-activitate\/domeniul-armata-justitie-politie-penitenciare\/\"><strong><em>Domeniul armat\u0103, justi\u0163ie, poli\u0163ie, penitenciare<\/em><\/strong><\/a><\/p>\n<p><a href=\"https:\/\/avp.ro\/index.php\/domenii-de-activitate\/domeniul-proprietate-munca-protectie-sociala-impozite-si-taxe\/\"><em><strong>Domeniul proprietate, munc\u0103, protec\u0163ie social\u0103, impozite \u015fi taxe<\/strong><\/em><\/a><\/p>\n<p><a href=\"https:\/\/avp.ro\/index.php\/domenii-de-activitate\/domeniul-privind-prevenirea-torturii-si-a-altor-pedepse-ori-tratamente-cu-cruzime-inumane-sau-degradante-in-locurile-de-detentie-mnp\/\"><strong><em>Domeniul privind prevenirea torturii \u0219i a altor pedepse <\/em><\/strong><\/a><\/p>\n<p><strong><em>ori tratamente cu cruzime, inumane sau degradante\u00a0\u00een locurile de deten\u021bie \u2013 MNP<\/em><\/strong><\/td>\n<td><a href=\"https:\/\/avp.ro\/index.php\/relatii-cu-presa\/comunicate-de-presa\/\"><strong><em>Comunicate de pres\u0103<\/em><\/strong><\/a><\/td>\n<td><a href=\"https:\/\/avp.ro\/index.php\/resurse\/cadru-legislativ\/\"><strong><em>Cadru legislativ<\/em><\/strong><\/a><\/p>\n<p><a href=\"https:\/\/avp.ro\/index.php\/resurse\/legaturi-utile\/\"><strong><em>Leg\u0103turi utile<\/em><\/strong><\/a><\/p>\n<p><a href=\"https:\/\/avp.ro\/index.php\/resurse\/anunturi\/\"><strong><em>Anun\u021buri<\/em><\/strong><\/a><\/p>\n<p><a href=\"https:\/\/avp.ro\/index.php\/resurse\/declaratii-de-avere-si-interese-2\/\"><strong><em>Declata\u021bii de avere \u0219i interese<\/em><\/strong><\/a><\/p>\n<p><a href=\"https:\/\/avp.ro\/index.php\/transparenta-salariala\/\"><strong><em>Transparen\u021ba veniturilor salariale<\/em><\/strong><\/a><\/p>\n<p><strong><em><a href=\"https:\/\/avp.ro\/index.php\/resurse\/strategia-nationala-anticoruptie\/\">Strategia na\u021bional\u0103 anticorup\u021bie<\/a><\/em><\/strong><\/p>\n<p>&nbsp;<\/td>\n<\/tr>\n<tr valign=\"top\">\n<td><\/td>\n<td><\/td>\n<td><\/td>\n<td><\/td>\n<td><\/td>\n<td><\/td>\n<td><strong><em>\u00a0<\/em><\/strong><\/td>\n<\/tr>\n<tr valign=\"top\">\n<td><\/td>\n<td><\/td>\n<td><\/td>\n<td><\/td>\n<td><\/td>\n<td><\/td>\n<td><\/td>\n<\/tr>\n<tr valign=\"top\">\n<td><\/td>\n<td><\/td>\n<td><\/td>\n<td><\/td>\n<td><\/td>\n<td><\/td>\n<td><\/td>\n<\/tr>\n<tr valign=\"top\">\n<td><\/td>\n<td><strong><em>\u00a0<\/em><\/strong><\/td>\n<td><\/td>\n<td>\n<p class=\"entry-title\">\n<\/td>\n<td><\/td>\n<td><\/td>\n<td><em>\u00a0<\/em><\/td>\n<\/tr>\n<tr valign=\"top\">\n<td><\/td>\n<td><\/td>\n<td><\/td>\n<td><\/td>\n<td><\/td>\n<td><strong>\u00a0<\/strong><\/td>\n<td><\/td>\n<\/tr>\n<tr valign=\"top\">\n<td><\/td>\n<td><\/td>\n<td><\/td>\n<td><\/td>\n<td><\/td>\n<td><\/td>\n<\/tr>\n<tr valign=\"top\">\n<td><\/td>\n<td><\/td>\n<td><\/td>\n<td><\/td>\n<td><\/td>\n<td><\/td>\n<\/tr>\n<tr valign=\"top\">\n<td><\/td>\n<td><\/td>\n<td><\/td>\n<td><\/td>\n<td><\/td>\n<td><\/td>\n<\/tr>\n<tr valign=\"top\">\n<td><\/td>\n<td><\/td>\n<td><\/td>\n<td><\/td>\n<td><\/td>\n<td><\/td>\n<\/tr>\n<\/tbody>\n<\/table>\n<p>&nbsp;<\/p>\n<p>&nbsp;<\/p>\n","protected":false},"excerpt":{"rendered":"<p>&nbsp; &nbsp; PREZENTARE CUM SESIZEZ AVP ACTIVITATEA AVP DOMENII DE ACTIVITATE RELA\u021aII CU PRESA RESURSE Avocatul Poporului Adjunc\u021bi ai Avocatului Poporului Echipa Avocatul Poporului Scurt istoric Rela\u021bii interna\u021bionale &nbsp; &nbsp;&hellip; <\/p>\n","protected":false},"author":1,"featured_media":0,"parent":0,"menu_order":0,"comment_status":"closed","ping_status":"closed","template":"","meta":{"footnotes":""},"class_list":["post-1355","page","type-page","status-publish","hentry"],"yoast_head":"<!-- This site is optimized with the Yoast SEO plugin v27.4 - https:\/\/yoast.com\/product\/yoast-seo-wordpress\/ -->\n<title>Harta site2 - Institu\u021bia Avocatul Poporului<\/title>\n<meta name=\"robots\" content=\"index, follow, max-snippet:-1, max-image-preview:large, max-video-preview:-1\" \/>\n<link rel=\"canonical\" href=\"https:\/\/avp.ro\/index.php\/harta-site2\/\" \/>\n<meta property=\"og:locale\" content=\"en_US\" \/>\n<meta property=\"og:type\" content=\"article\" \/>\n<meta property=\"og:title\" content=\"Harta site2 - Institu\u021bia Avocatul Poporului\" \/>\n<meta property=\"og:description\" content=\"&nbsp; &nbsp; PREZENTARE CUM SESIZEZ AVP ACTIVITATEA AVP DOMENII DE ACTIVITATE RELA\u021aII CU PRESA RESURSE Avocatul Poporului Adjunc\u021bi ai Avocatului Poporului Echipa Avocatul Poporului Scurt istoric Rela\u021bii interna\u021bionale &nbsp; &nbsp;&hellip;\" \/>\n<meta property=\"og:url\" content=\"https:\/\/avp.ro\/index.php\/harta-site2\/\" \/>\n<meta property=\"og:site_name\" content=\"Institu\u021bia Avocatul Poporului\" \/>\n<meta property=\"article:modified_time\" content=\"2020-10-02T05:06:59+00:00\" \/>\n<meta name=\"twitter:card\" content=\"summary_large_image\" \/>\n<meta name=\"twitter:label1\" content=\"Est. reading time\" \/>\n\t<meta name=\"twitter:data1\" content=\"1 minute\" \/>\n<script type=\"application\/ld+json\" class=\"yoast-schema-graph\">{\"@context\":\"https:\\\/\\\/schema.org\",\"@graph\":[{\"@type\":\"WebPage\",\"@id\":\"https:\\\/\\\/avp.ro\\\/index.php\\\/harta-site2\\\/\",\"url\":\"https:\\\/\\\/avp.ro\\\/index.php\\\/harta-site2\\\/\",\"name\":\"Harta site2 - Institu\u021bia Avocatul Poporului\",\"isPartOf\":{\"@id\":\"https:\\\/\\\/avp.ro\\\/#website\"},\"datePublished\":\"2020-10-01T12:22:50+00:00\",\"dateModified\":\"2020-10-02T05:06:59+00:00\",\"breadcrumb\":{\"@id\":\"https:\\\/\\\/avp.ro\\\/index.php\\\/harta-site2\\\/#breadcrumb\"},\"inLanguage\":\"en-US\",\"potentialAction\":[{\"@type\":\"ReadAction\",\"target\":[\"https:\\\/\\\/avp.ro\\\/index.php\\\/harta-site2\\\/\"]}]},{\"@type\":\"BreadcrumbList\",\"@id\":\"https:\\\/\\\/avp.ro\\\/index.php\\\/harta-site2\\\/#breadcrumb\",\"itemListElement\":[{\"@type\":\"ListItem\",\"position\":1,\"name\":\"Home\",\"item\":\"https:\\\/\\\/avp.ro\\\/\"},{\"@type\":\"ListItem\",\"position\":2,\"name\":\"Harta site2\"}]},{\"@type\":\"WebSite\",\"@id\":\"https:\\\/\\\/avp.ro\\\/#website\",\"url\":\"https:\\\/\\\/avp.ro\\\/\",\"name\":\"Institu\u021bia Avocatul Poporului\",\"description\":\"People\u2019s Advocate institution - Office of the Ombudsman\",\"publisher\":{\"@id\":\"https:\\\/\\\/avp.ro\\\/#organization\"},\"potentialAction\":[{\"@type\":\"SearchAction\",\"target\":{\"@type\":\"EntryPoint\",\"urlTemplate\":\"https:\\\/\\\/avp.ro\\\/?s={search_term_string}\"},\"query-input\":{\"@type\":\"PropertyValueSpecification\",\"valueRequired\":true,\"valueName\":\"search_term_string\"}}],\"inLanguage\":\"en-US\"},{\"@type\":\"Organization\",\"@id\":\"https:\\\/\\\/avp.ro\\\/#organization\",\"name\":\"Institutia Avocatul Poporului\",\"url\":\"https:\\\/\\\/avp.ro\\\/\",\"logo\":{\"@type\":\"ImageObject\",\"inLanguage\":\"en-US\",\"@id\":\"https:\\\/\\\/avp.ro\\\/#\\\/schema\\\/logo\\\/image\\\/\",\"url\":\"https:\\\/\\\/avp.ro\\\/wp-content\\\/uploads\\\/2020\\\/09\\\/cropped-AP.jpg\",\"contentUrl\":\"https:\\\/\\\/avp.ro\\\/wp-content\\\/uploads\\\/2020\\\/09\\\/cropped-AP.jpg\",\"width\":160,\"height\":146,\"caption\":\"Institutia Avocatul Poporului\"},\"image\":{\"@id\":\"https:\\\/\\\/avp.ro\\\/#\\\/schema\\\/logo\\\/image\\\/\"}}]}<\/script>\n<!-- \/ Yoast SEO plugin. -->","yoast_head_json":{"title":"Harta site2 - Institu\u021bia Avocatul Poporului","robots":{"index":"index","follow":"follow","max-snippet":"max-snippet:-1","max-image-preview":"max-image-preview:large","max-video-preview":"max-video-preview:-1"},"canonical":"https:\/\/avp.ro\/index.php\/harta-site2\/","og_locale":"en_US","og_type":"article","og_title":"Harta site2 - Institu\u021bia Avocatul Poporului","og_description":"&nbsp; &nbsp; PREZENTARE CUM SESIZEZ AVP ACTIVITATEA AVP DOMENII DE ACTIVITATE RELA\u021aII CU PRESA RESURSE Avocatul Poporului Adjunc\u021bi ai Avocatului Poporului Echipa Avocatul Poporului Scurt istoric Rela\u021bii interna\u021bionale &nbsp; &nbsp;&hellip;","og_url":"https:\/\/avp.ro\/index.php\/harta-site2\/","og_site_name":"Institu\u021bia Avocatul Poporului","article_modified_time":"2020-10-02T05:06:59+00:00","twitter_card":"summary_large_image","twitter_misc":{"Est. reading time":"1 minute"},"schema":{"@context":"https:\/\/schema.org","@graph":[{"@type":"WebPage","@id":"https:\/\/avp.ro\/index.php\/harta-site2\/","url":"https:\/\/avp.ro\/index.php\/harta-site2\/","name":"Harta site2 - Institu\u021bia Avocatul Poporului","isPartOf":{"@id":"https:\/\/avp.ro\/#website"},"datePublished":"2020-10-01T12:22:50+00:00","dateModified":"2020-10-02T05:06:59+00:00","breadcrumb":{"@id":"https:\/\/avp.ro\/index.php\/harta-site2\/#breadcrumb"},"inLanguage":"en-US","potentialAction":[{"@type":"ReadAction","target":["https:\/\/avp.ro\/index.php\/harta-site2\/"]}]},{"@type":"BreadcrumbList","@id":"https:\/\/avp.ro\/index.php\/harta-site2\/#breadcrumb","itemListElement":[{"@type":"ListItem","position":1,"name":"Home","item":"https:\/\/avp.ro\/"},{"@type":"ListItem","position":2,"name":"Harta site2"}]},{"@type":"WebSite","@id":"https:\/\/avp.ro\/#website","url":"https:\/\/avp.ro\/","name":"Institu\u021bia Avocatul Poporului","description":"People\u2019s Advocate institution - Office of the Ombudsman","publisher":{"@id":"https:\/\/avp.ro\/#organization"},"potentialAction":[{"@type":"SearchAction","target":{"@type":"EntryPoint","urlTemplate":"https:\/\/avp.ro\/?s={search_term_string}"},"query-input":{"@type":"PropertyValueSpecification","valueRequired":true,"valueName":"search_term_string"}}],"inLanguage":"en-US"},{"@type":"Organization","@id":"https:\/\/avp.ro\/#organization","name":"Institutia Avocatul Poporului","url":"https:\/\/avp.ro\/","logo":{"@type":"ImageObject","inLanguage":"en-US","@id":"https:\/\/avp.ro\/#\/schema\/logo\/image\/","url":"https:\/\/avp.ro\/wp-content\/uploads\/2020\/09\/cropped-AP.jpg","contentUrl":"https:\/\/avp.ro\/wp-content\/uploads\/2020\/09\/cropped-AP.jpg","width":160,"height":146,"caption":"Institutia Avocatul Poporului"},"image":{"@id":"https:\/\/avp.ro\/#\/schema\/logo\/image\/"}}]}},"_links":{"self":[{"href":"https:\/\/avp.ro\/index.php\/wp-json\/wp\/v2\/pages\/1355","targetHints":{"allow":["GET"]}}],"collection":[{"href":"https:\/\/avp.ro\/index.php\/wp-json\/wp\/v2\/pages"}],"about":[{"href":"https:\/\/avp.ro\/index.php\/wp-json\/wp\/v2\/types\/page"}],"author":[{"embeddable":true,"href":"https:\/\/avp.ro\/index.php\/wp-json\/wp\/v2\/users\/1"}],"replies":[{"embeddable":true,"href":"https:\/\/avp.ro\/index.php\/wp-json\/wp\/v2\/comments?post=1355"}],"version-history":[{"count":3,"href":"https:\/\/avp.ro\/index.php\/wp-json\/wp\/v2\/pages\/1355\/revisions"}],"predecessor-version":[{"id":1366,"href":"https:\/\/avp.ro\/index.php\/wp-json\/wp\/v2\/pages\/1355\/revisions\/1366"}],"wp:attachment":[{"href":"https:\/\/avp.ro\/index.php\/wp-json\/wp\/v2\/media?parent=1355"}],"curies":[{"name":"wp","href":"https:\/\/api.w.org\/{rel}","templated":true}]}}