{"id":2570,"date":"2021-01-25T16:05:20","date_gmt":"2021-01-25T14:05:20","guid":{"rendered":"https:\/\/avp.ro\/?page_id=2570"},"modified":"2026-04-22T08:41:17","modified_gmt":"2026-04-22T06:41:17","slug":"situatii-financiare-ale-institutiei-avocatul-poporului-asa-cum-se-intocmesc-si-se-prezinta-trimestrial-si-anual-la-ministerul-de-finante","status":"publish","type":"page","link":"https:\/\/avp.ro\/index.php\/situatii-financiare-ale-institutiei-avocatul-poporului-asa-cum-se-intocmesc-si-se-prezinta-trimestrial-si-anual-la-ministerul-de-finante\/","title":{"rendered":"Situa\u021bii financiare ale institu\u021biei Avocatul Poporului, a\u015fa cum se \u00eentocmesc \u015fi se prezint\u0103 trimestrial \u0219i anual la Ministerul de Finan\u0163e"},"content":{"rendered":"<p>&nbsp;<\/p>\n<p><em><strong>2025<\/strong><\/em><\/p>\n<p><a href=\"https:\/\/avp.ro\/wp-content\/uploads\/2025\/05\/Bilant-31.03.2025.pdf\">Bilan\u021b la data 31.03.2025<\/a><\/p>\n<p><a href=\"https:\/\/avp.ro\/wp-content\/uploads\/2025\/10\/Bilant-30iunie2025.pdf\">Bilan\u021b la data 30.06.2025<\/a><\/p>\n<p><a href=\"https:\/\/avp.ro\/wp-content\/uploads\/2025\/10\/Bilant-30.09.2025.pdf\">Bilan\u021b la data 30.09.2025<\/a><\/p>\n<p><a href=\"https:\/\/avp.ro\/wp-content\/uploads\/2026\/04\/Bilant-31dec2025.pdf\">Bilan\u021b la data 31.12.2025<\/a><\/p>\n<p>&nbsp;<\/p>\n<p><em><strong>2024<\/strong><\/em><\/p>\n<p><a href=\"https:\/\/avp.ro\/wp-content\/uploads\/2024\/05\/Bilant-la-data-31.03.2024.pdf\">Bilan\u021b la data 31.03.2024<\/a><\/p>\n<p><a href=\"https:\/\/avp.ro\/wp-content\/uploads\/2024\/11\/Bilant-30.06.2024.pdf\">Bilan\u021b la data 30.06.2024<\/a><\/p>\n<p><a href=\"https:\/\/avp.ro\/wp-content\/uploads\/2024\/11\/Bilant-30.09.2024.pdf\">Bilan\u021b la data 30.09.2024<\/a><\/p>\n<p><a href=\"https:\/\/avp.ro\/wp-content\/uploads\/2025\/02\/Bilant-31.12.2024.pdf\">Bilan\u021b la data 31.12.2024<\/a><\/p>\n<p>&nbsp;<\/p>\n<p><em><strong>2023<\/strong><\/em><\/p>\n<p><a href=\"https:\/\/avp.ro\/wp-content\/uploads\/2023\/07\/Bilant-31.03.2023.pdf\">Bilan\u021b la data 31.03.2023<\/a><\/p>\n<p><a href=\"https:\/\/avp.ro\/wp-content\/uploads\/2024\/04\/Bilant-30.06.2023.pdf\">Bilan\u021b la data 30.06.2023<\/a><\/p>\n<p><a href=\"https:\/\/avp.ro\/wp-content\/uploads\/2024\/04\/Bilant-30.09.2023.pdf\">Bilan\u021b la data 30.09.2023<\/a><\/p>\n<p><a href=\"https:\/\/avp.ro\/wp-content\/uploads\/2024\/04\/Bilant-31.12.2023.pdf\">Bilan\u021b la data 31.12.2023<\/a><\/p>\n<p>&nbsp;<\/p>\n<p><em><strong>2022<\/strong><\/em><\/p>\n<p><a href=\"https:\/\/avp.ro\/wp-content\/uploads\/2022\/08\/Bilant-31.03.2022.pdf\">Bilan\u021b la data 31.03.2022<\/a><\/p>\n<p><a href=\"https:\/\/avp.ro\/wp-content\/uploads\/2022\/08\/Bilant-30.06.2022.pdf\">Bilan\u021b la data 30.06.2022<\/a><\/p>\n<p><a href=\"https:\/\/avp.ro\/wp-content\/uploads\/2023\/02\/Bilant-30.09.2022.pdf\">Bilan\u021b la data 30.09.2022<\/a><\/p>\n<p><a href=\"https:\/\/avp.ro\/wp-content\/uploads\/2023\/02\/Bilant-31.12.2022.pdf\">Bilan\u021b la data 31.12.2022<\/a><\/p>\n<p>&nbsp;<\/p>\n<p><em><strong>2021<\/strong><\/em><\/p>\n<p><a href=\"https:\/\/avp.ro\/wp-content\/uploads\/2021\/12\/Bilant-31.03.2021.pdf\">Bilan\u021b la data 31.03.2021<\/a><\/p>\n<p><a href=\"https:\/\/avp.ro\/wp-content\/uploads\/2021\/12\/Bilant-30.06.2021.pdf\">Bilan\u021b la data 30.06.2021\u00a0<\/a><\/p>\n<p><a href=\"https:\/\/avp.ro\/wp-content\/uploads\/2021\/12\/Bilant-30.09.2021.pdf\">Bilan\u021b la data 30.09.2021<\/a><\/p>\n<p><a href=\"https:\/\/avp.ro\/wp-content\/uploads\/2022\/02\/Bilant-31.12.2021.pdf\">Bilan\u021b la data 31.12.2021<\/a><\/p>\n<p>&nbsp;<\/p>\n<p><em><strong>2020<\/strong><\/em><\/p>\n<p><a href=\"https:\/\/avp.ro\/wp-content\/uploads\/2021\/04\/Bilant-la-data-de-31.03.2020.pdf\">Bilan\u021b la data 31.03.2020\u00a0<\/a><\/p>\n<p><a href=\"https:\/\/avp.ro\/wp-content\/uploads\/2021\/04\/Bilant-la-data-de-30.06.2020.pdf\">Bilan\u021b la data 30.06.2020\u00a0<\/a><\/p>\n<p><a href=\"https:\/\/avp.ro\/wp-content\/uploads\/2021\/04\/Bilant-la-data-de-30.09.2020.pdf\">Bilan\u021b la data 30.09.2020<\/a><\/p>\n<p><a href=\"https:\/\/avp.ro\/wp-content\/uploads\/2021\/04\/Bilant-la-data-de-31.12.2020.pdf\">Bilan\u021b la data 31.12.2020<\/a><\/p>\n<p>&nbsp;<\/p>\n<p><em><strong>2019<\/strong><\/em><\/p>\n<p><a href=\"https:\/\/avp.ro\/wp-content\/uploads\/2021\/01\/bilant_31martie2019.pdf\">Bilan\u021b la data 31.03.2019\u00a0<\/a><\/p>\n<p><a href=\"https:\/\/avp.ro\/wp-content\/uploads\/2021\/01\/bilant_30iunie2019.pdf\">Bilan\u021b la data 30.06.2019\u00a0<\/a><\/p>\n<p><a href=\"https:\/\/avp.ro\/wp-content\/uploads\/2021\/01\/bilant_30octombrie2019.pdf\">Bilan\u021b la data 30.09.2019<\/a><\/p>\n<p><a href=\"https:\/\/avp.ro\/wp-content\/uploads\/2021\/04\/Bilant-la-data-de-31.12.2019.pdf\">Bilan\u021b la data 31.12.2019<\/a><\/p>\n<p>&nbsp;<\/p>\n<p><em><strong>2018<\/strong><\/em><\/p>\n<p><a href=\"https:\/\/avp.ro\/wp-content\/uploads\/2021\/01\/bilant_31martie2018.pdf\">Bilan\u021b la data 31.03.2018<\/a><\/p>\n<p><a href=\"https:\/\/avp.ro\/wp-content\/uploads\/2021\/01\/bilant_30iunie2018.pdf\">Bilan\u021b la data 30.06.2018\u00a0<\/a><\/p>\n<p><a href=\"https:\/\/avp.ro\/wp-content\/uploads\/2021\/01\/bilant_30septembrie2018.pdf\">Bilan\u021b la data 30.09.2018<\/a><\/p>\n<p><a href=\"https:\/\/avp.ro\/wp-content\/uploads\/2021\/01\/bilant_31decembrie2018.pdf\">Bilan\u021b la data 31.12.2018<\/a><\/p>\n<p>&nbsp;<\/p>\n<p>&nbsp;<\/p>\n<p><strong>Pentru informa\u021bii suplimentare (arhiv\u0103) accesa\u021bi site-ul vechi al intitu\u021biei Avocatul Poporului:\u00a0<a href=\"http:\/\/old.avpoporului.ro\/\">old.avpoporului.ro<\/a><\/strong><\/p>\n","protected":false},"excerpt":{"rendered":"<p>&nbsp; 2025 Bilan\u021b la data 31.03.2025 Bilan\u021b la data 30.06.2025 Bilan\u021b la data 30.09.2025 Bilan\u021b la data 31.12.2025 &nbsp; 2024 Bilan\u021b la data 31.03.2024 Bilan\u021b la data 30.06.2024 Bilan\u021b la&hellip; <\/p>\n","protected":false},"author":1,"featured_media":0,"parent":0,"menu_order":0,"comment_status":"closed","ping_status":"closed","template":"","meta":{"footnotes":""},"class_list":["post-2570","page","type-page","status-publish","hentry"],"yoast_head":"<!-- This site is optimized with the Yoast SEO plugin v27.4 - https:\/\/yoast.com\/product\/yoast-seo-wordpress\/ -->\n<title>Situa\u021bii financiare ale institu\u021biei Avocatul Poporului, a\u015fa cum se \u00eentocmesc \u015fi se prezint\u0103 trimestrial \u0219i anual la Ministerul de Finan\u0163e - Institu\u021bia Avocatul Poporului<\/title>\n<meta name=\"robots\" content=\"index, follow, max-snippet:-1, max-image-preview:large, max-video-preview:-1\" \/>\n<link rel=\"canonical\" href=\"https:\/\/avp.ro\/index.php\/situatii-financiare-ale-institutiei-avocatul-poporului-asa-cum-se-intocmesc-si-se-prezinta-trimestrial-si-anual-la-ministerul-de-finante\/\" \/>\n<meta property=\"og:locale\" content=\"en_US\" \/>\n<meta property=\"og:type\" content=\"article\" \/>\n<meta property=\"og:title\" content=\"Situa\u021bii financiare ale institu\u021biei Avocatul Poporului, a\u015fa cum se \u00eentocmesc \u015fi se prezint\u0103 trimestrial \u0219i anual la Ministerul de Finan\u0163e - Institu\u021bia Avocatul Poporului\" \/>\n<meta property=\"og:description\" content=\"&nbsp; 2025 Bilan\u021b la data 31.03.2025 Bilan\u021b la data 30.06.2025 Bilan\u021b la data 30.09.2025 Bilan\u021b la data 31.12.2025 &nbsp; 2024 Bilan\u021b la data 31.03.2024 Bilan\u021b la data 30.06.2024 Bilan\u021b la&hellip;\" \/>\n<meta property=\"og:url\" content=\"https:\/\/avp.ro\/index.php\/situatii-financiare-ale-institutiei-avocatul-poporului-asa-cum-se-intocmesc-si-se-prezinta-trimestrial-si-anual-la-ministerul-de-finante\/\" \/>\n<meta property=\"og:site_name\" content=\"Institu\u021bia Avocatul Poporului\" \/>\n<meta property=\"article:modified_time\" content=\"2026-04-22T06:41:17+00:00\" \/>\n<meta name=\"twitter:card\" content=\"summary_large_image\" \/>\n<meta name=\"twitter:label1\" content=\"Est. reading time\" \/>\n\t<meta name=\"twitter:data1\" content=\"1 minute\" \/>\n<script type=\"application\/ld+json\" class=\"yoast-schema-graph\">{\"@context\":\"https:\\\/\\\/schema.org\",\"@graph\":[{\"@type\":\"WebPage\",\"@id\":\"https:\\\/\\\/avp.ro\\\/index.php\\\/situatii-financiare-ale-institutiei-avocatul-poporului-asa-cum-se-intocmesc-si-se-prezinta-trimestrial-si-anual-la-ministerul-de-finante\\\/\",\"url\":\"https:\\\/\\\/avp.ro\\\/index.php\\\/situatii-financiare-ale-institutiei-avocatul-poporului-asa-cum-se-intocmesc-si-se-prezinta-trimestrial-si-anual-la-ministerul-de-finante\\\/\",\"name\":\"Situa\u021bii financiare ale institu\u021biei Avocatul Poporului, a\u015fa cum se \u00eentocmesc \u015fi se prezint\u0103 trimestrial \u0219i anual la Ministerul de Finan\u0163e - Institu\u021bia Avocatul Poporului\",\"isPartOf\":{\"@id\":\"https:\\\/\\\/avp.ro\\\/#website\"},\"datePublished\":\"2021-01-25T14:05:20+00:00\",\"dateModified\":\"2026-04-22T06:41:17+00:00\",\"breadcrumb\":{\"@id\":\"https:\\\/\\\/avp.ro\\\/index.php\\\/situatii-financiare-ale-institutiei-avocatul-poporului-asa-cum-se-intocmesc-si-se-prezinta-trimestrial-si-anual-la-ministerul-de-finante\\\/#breadcrumb\"},\"inLanguage\":\"en-US\",\"potentialAction\":[{\"@type\":\"ReadAction\",\"target\":[\"https:\\\/\\\/avp.ro\\\/index.php\\\/situatii-financiare-ale-institutiei-avocatul-poporului-asa-cum-se-intocmesc-si-se-prezinta-trimestrial-si-anual-la-ministerul-de-finante\\\/\"]}]},{\"@type\":\"BreadcrumbList\",\"@id\":\"https:\\\/\\\/avp.ro\\\/index.php\\\/situatii-financiare-ale-institutiei-avocatul-poporului-asa-cum-se-intocmesc-si-se-prezinta-trimestrial-si-anual-la-ministerul-de-finante\\\/#breadcrumb\",\"itemListElement\":[{\"@type\":\"ListItem\",\"position\":1,\"name\":\"Home\",\"item\":\"https:\\\/\\\/avp.ro\\\/\"},{\"@type\":\"ListItem\",\"position\":2,\"name\":\"Situa\u021bii financiare ale institu\u021biei Avocatul Poporului, a\u015fa cum se \u00eentocmesc \u015fi se prezint\u0103 trimestrial \u0219i anual la Ministerul de Finan\u0163e\"}]},{\"@type\":\"WebSite\",\"@id\":\"https:\\\/\\\/avp.ro\\\/#website\",\"url\":\"https:\\\/\\\/avp.ro\\\/\",\"name\":\"Institu\u021bia Avocatul Poporului\",\"description\":\"People\u2019s Advocate institution - Office of the Ombudsman\",\"publisher\":{\"@id\":\"https:\\\/\\\/avp.ro\\\/#organization\"},\"potentialAction\":[{\"@type\":\"SearchAction\",\"target\":{\"@type\":\"EntryPoint\",\"urlTemplate\":\"https:\\\/\\\/avp.ro\\\/?s={search_term_string}\"},\"query-input\":{\"@type\":\"PropertyValueSpecification\",\"valueRequired\":true,\"valueName\":\"search_term_string\"}}],\"inLanguage\":\"en-US\"},{\"@type\":\"Organization\",\"@id\":\"https:\\\/\\\/avp.ro\\\/#organization\",\"name\":\"Institutia Avocatul Poporului\",\"url\":\"https:\\\/\\\/avp.ro\\\/\",\"logo\":{\"@type\":\"ImageObject\",\"inLanguage\":\"en-US\",\"@id\":\"https:\\\/\\\/avp.ro\\\/#\\\/schema\\\/logo\\\/image\\\/\",\"url\":\"https:\\\/\\\/avp.ro\\\/wp-content\\\/uploads\\\/2020\\\/09\\\/cropped-AP.jpg\",\"contentUrl\":\"https:\\\/\\\/avp.ro\\\/wp-content\\\/uploads\\\/2020\\\/09\\\/cropped-AP.jpg\",\"width\":160,\"height\":146,\"caption\":\"Institutia Avocatul Poporului\"},\"image\":{\"@id\":\"https:\\\/\\\/avp.ro\\\/#\\\/schema\\\/logo\\\/image\\\/\"}}]}<\/script>\n<!-- \/ Yoast SEO plugin. -->","yoast_head_json":{"title":"Situa\u021bii financiare ale institu\u021biei Avocatul Poporului, a\u015fa cum se \u00eentocmesc \u015fi se prezint\u0103 trimestrial \u0219i anual la Ministerul de Finan\u0163e - Institu\u021bia Avocatul Poporului","robots":{"index":"index","follow":"follow","max-snippet":"max-snippet:-1","max-image-preview":"max-image-preview:large","max-video-preview":"max-video-preview:-1"},"canonical":"https:\/\/avp.ro\/index.php\/situatii-financiare-ale-institutiei-avocatul-poporului-asa-cum-se-intocmesc-si-se-prezinta-trimestrial-si-anual-la-ministerul-de-finante\/","og_locale":"en_US","og_type":"article","og_title":"Situa\u021bii financiare ale institu\u021biei Avocatul Poporului, a\u015fa cum se \u00eentocmesc \u015fi se prezint\u0103 trimestrial \u0219i anual la Ministerul de Finan\u0163e - Institu\u021bia Avocatul Poporului","og_description":"&nbsp; 2025 Bilan\u021b la data 31.03.2025 Bilan\u021b la data 30.06.2025 Bilan\u021b la data 30.09.2025 Bilan\u021b la data 31.12.2025 &nbsp; 2024 Bilan\u021b la data 31.03.2024 Bilan\u021b la data 30.06.2024 Bilan\u021b la&hellip;","og_url":"https:\/\/avp.ro\/index.php\/situatii-financiare-ale-institutiei-avocatul-poporului-asa-cum-se-intocmesc-si-se-prezinta-trimestrial-si-anual-la-ministerul-de-finante\/","og_site_name":"Institu\u021bia Avocatul Poporului","article_modified_time":"2026-04-22T06:41:17+00:00","twitter_card":"summary_large_image","twitter_misc":{"Est. reading time":"1 minute"},"schema":{"@context":"https:\/\/schema.org","@graph":[{"@type":"WebPage","@id":"https:\/\/avp.ro\/index.php\/situatii-financiare-ale-institutiei-avocatul-poporului-asa-cum-se-intocmesc-si-se-prezinta-trimestrial-si-anual-la-ministerul-de-finante\/","url":"https:\/\/avp.ro\/index.php\/situatii-financiare-ale-institutiei-avocatul-poporului-asa-cum-se-intocmesc-si-se-prezinta-trimestrial-si-anual-la-ministerul-de-finante\/","name":"Situa\u021bii financiare ale institu\u021biei Avocatul Poporului, a\u015fa cum se \u00eentocmesc \u015fi se prezint\u0103 trimestrial \u0219i anual la Ministerul de Finan\u0163e - Institu\u021bia Avocatul Poporului","isPartOf":{"@id":"https:\/\/avp.ro\/#website"},"datePublished":"2021-01-25T14:05:20+00:00","dateModified":"2026-04-22T06:41:17+00:00","breadcrumb":{"@id":"https:\/\/avp.ro\/index.php\/situatii-financiare-ale-institutiei-avocatul-poporului-asa-cum-se-intocmesc-si-se-prezinta-trimestrial-si-anual-la-ministerul-de-finante\/#breadcrumb"},"inLanguage":"en-US","potentialAction":[{"@type":"ReadAction","target":["https:\/\/avp.ro\/index.php\/situatii-financiare-ale-institutiei-avocatul-poporului-asa-cum-se-intocmesc-si-se-prezinta-trimestrial-si-anual-la-ministerul-de-finante\/"]}]},{"@type":"BreadcrumbList","@id":"https:\/\/avp.ro\/index.php\/situatii-financiare-ale-institutiei-avocatul-poporului-asa-cum-se-intocmesc-si-se-prezinta-trimestrial-si-anual-la-ministerul-de-finante\/#breadcrumb","itemListElement":[{"@type":"ListItem","position":1,"name":"Home","item":"https:\/\/avp.ro\/"},{"@type":"ListItem","position":2,"name":"Situa\u021bii financiare ale institu\u021biei Avocatul Poporului, a\u015fa cum se \u00eentocmesc \u015fi se prezint\u0103 trimestrial \u0219i anual la Ministerul de Finan\u0163e"}]},{"@type":"WebSite","@id":"https:\/\/avp.ro\/#website","url":"https:\/\/avp.ro\/","name":"Institu\u021bia Avocatul Poporului","description":"People\u2019s Advocate institution - Office of the Ombudsman","publisher":{"@id":"https:\/\/avp.ro\/#organization"},"potentialAction":[{"@type":"SearchAction","target":{"@type":"EntryPoint","urlTemplate":"https:\/\/avp.ro\/?s={search_term_string}"},"query-input":{"@type":"PropertyValueSpecification","valueRequired":true,"valueName":"search_term_string"}}],"inLanguage":"en-US"},{"@type":"Organization","@id":"https:\/\/avp.ro\/#organization","name":"Institutia Avocatul Poporului","url":"https:\/\/avp.ro\/","logo":{"@type":"ImageObject","inLanguage":"en-US","@id":"https:\/\/avp.ro\/#\/schema\/logo\/image\/","url":"https:\/\/avp.ro\/wp-content\/uploads\/2020\/09\/cropped-AP.jpg","contentUrl":"https:\/\/avp.ro\/wp-content\/uploads\/2020\/09\/cropped-AP.jpg","width":160,"height":146,"caption":"Institutia Avocatul Poporului"},"image":{"@id":"https:\/\/avp.ro\/#\/schema\/logo\/image\/"}}]}},"_links":{"self":[{"href":"https:\/\/avp.ro\/index.php\/wp-json\/wp\/v2\/pages\/2570","targetHints":{"allow":["GET"]}}],"collection":[{"href":"https:\/\/avp.ro\/index.php\/wp-json\/wp\/v2\/pages"}],"about":[{"href":"https:\/\/avp.ro\/index.php\/wp-json\/wp\/v2\/types\/page"}],"author":[{"embeddable":true,"href":"https:\/\/avp.ro\/index.php\/wp-json\/wp\/v2\/users\/1"}],"replies":[{"embeddable":true,"href":"https:\/\/avp.ro\/index.php\/wp-json\/wp\/v2\/comments?post=2570"}],"version-history":[{"count":27,"href":"https:\/\/avp.ro\/index.php\/wp-json\/wp\/v2\/pages\/2570\/revisions"}],"predecessor-version":[{"id":15755,"href":"https:\/\/avp.ro\/index.php\/wp-json\/wp\/v2\/pages\/2570\/revisions\/15755"}],"wp:attachment":[{"href":"https:\/\/avp.ro\/index.php\/wp-json\/wp\/v2\/media?parent=2570"}],"curies":[{"name":"wp","href":"https:\/\/api.w.org\/{rel}","templated":true}]}}