{"id":263,"date":"2020-07-22T11:44:42","date_gmt":"2020-07-22T09:44:42","guid":{"rendered":"https:\/\/avp.ro\/?page_id=263"},"modified":"2021-05-26T14:16:45","modified_gmt":"2021-05-26T12:16:45","slug":"declaratii-de-avere-si-interese-2020","status":"publish","type":"page","link":"https:\/\/avp.ro\/index.php\/declaratii-de-avere-si-interese-2020\/","title":{"rendered":"Declara\u021bii de avere \u0219i interese 2020"},"content":{"rendered":"<table style=\"font-weight: 400; height: 8668px;\" width=\"399\">\n<tbody>\n<tr>\n<td>&nbsp;<\/p>\n<p><strong>NUME \u0218I PRENUME<\/strong><\/td>\n<td>&nbsp;<\/p>\n<p><strong><em>AN<\/em><\/strong><strong><em><br \/>\n<\/em><\/strong><\/td>\n<\/tr>\n<tr>\n<td>ACATRINEI IULIA MONICA<\/td>\n<td><a href=\"\/wp-content\/uploads\/2020\/08\/dav2020\/monicaacatrinei2020.pdf\">2020<\/a><em>\u00a0\u00a0<\/em><\/td>\n<\/tr>\n<tr>\n<td>ALDE\u0218IU IOANA CRISTINA<\/td>\n<td><a href=\"\/wp-content\/uploads\/2020\/08\/dav2020\/cristinaaldesiu2020.pdf\">2020<\/a><\/td>\n<\/tr>\n<tr>\n<td>ALEXANDRU RALUCA<\/td>\n<td><a href=\"\/wp-content\/uploads\/2020\/08\/dav2020\/ralucaalexandru2020.pdf\">2020<\/a><\/td>\n<\/tr>\n<tr>\n<td>ANGHEL ELENA<\/td>\n<td><a href=\"\/wp-content\/uploads\/2020\/08\/dav2020\/elenaanghel2020.pdf\">2020<\/a><\/td>\n<\/tr>\n<tr>\n<td>ANGHEL VASILE<\/td>\n<td><a href=\"\/wp-content\/uploads\/2020\/08\/dav2020\/vasileanghel2020.pdf\">2020<\/a><\/td>\n<\/tr>\n<tr>\n<td>ANTONIC\u0102 CARMEN<\/td>\n<td><a href=\"\/wp-content\/uploads\/2020\/08\/dav2020\/carmenantonica2020.pdf\">2020<\/a><\/td>\n<\/tr>\n<tr>\n<td>ARON ANGELA ALINA<\/td>\n<td><a href=\"\/wp-content\/uploads\/2020\/08\/dav2020\/alinaaron2020.pdf\">2020<\/a><\/td>\n<\/tr>\n<tr>\n<td>AVRAMESCU LUMINI\u0162A<\/td>\n<td><a href=\"\/wp-content\/uploads\/2020\/08\/dav2020\/luminitaavramescu2020.pdf\">2020<\/a><\/td>\n<\/tr>\n<tr>\n<td>B\u0102DE\u021aOIU FLORENTINA C\u0102T\u0102LINA<\/td>\n<td><a href=\"\/wp-content\/uploads\/2020\/08\/dav2020\/florentinabadetoiu2020.pdf\">2020<\/a><\/td>\n<\/tr>\n<tr>\n<td>B\u0102ICOIANU ANDREEA<\/td>\n<td><a href=\"https:\/\/avp.ro\/wp-content\/uploads\/2020\/11\/andreeabaicoianu2020.pdf\">2020<\/a><\/td>\n<\/tr>\n<tr>\n<td>B\u0102LAN DRAGO\u0218-GELU<\/td>\n<td><a href=\"\/wp-content\/uploads\/2020\/08\/dav2020\/dragosbalan2020.pdf\">2020\u00a0<\/a><em>\u00a0<\/em><\/td>\n<\/tr>\n<tr>\n<td>B\u0102L\u0102NESCU ALEXANDRU<\/td>\n<td><a href=\"\/wp-content\/uploads\/2020\/08\/dav2020\/alexandrubalanescu2020.pdf\">2020<\/a><em>\u00a0<\/em><\/td>\n<\/tr>\n<tr>\n<td>BENIM MIHAELA<\/td>\n<td><a href=\"\/wp-content\/uploads\/2020\/08\/dav2020\/mihaelabenim2020.pdf\">2020\u00a0<\/a><\/td>\n<\/tr>\n<tr>\n<td>BERGHIAN ANA MARIA<\/td>\n<td><a href=\"\/wp-content\/uploads\/2020\/08\/dav2020\/anaberghian2020.pdf\">2020<\/a><\/td>\n<\/tr>\n<tr>\n<td>BONTEA LAVINIA MARIA<\/td>\n<td><a href=\"\/wp-content\/uploads\/2020\/08\/dav2020\/laviniabontea2020.pdf\">2020<\/a><\/td>\n<\/tr>\n<tr>\n<td>BOTIN\u0102 M\u0102D\u0102LINA<\/td>\n<td><a href=\"\/wp-content\/uploads\/2020\/08\/dav2020\/madalinabotina2020.pdf\">2020<\/a><\/td>\n<\/tr>\n<tr>\n<td>BO\u021aAN IOANA FELICIA<\/td>\n<td><a href=\"\/wp-content\/uploads\/2020\/08\/dav2020\/feliciabotan2020.pdf\">2020<\/a><\/td>\n<\/tr>\n<tr>\n<td>BUCUR MARIA<\/td>\n<td><a href=\"\/wp-content\/uploads\/2020\/08\/dav2020\/mariabucur2020.pdf\">2020<\/a><\/td>\n<\/tr>\n<tr>\n<td>BUDACEA PETRONELA<\/td>\n<td><a href=\"\/wp-content\/uploads\/2020\/08\/dav2020\/petronelabudacea2020.pdf\">2020<\/a><\/td>\n<\/tr>\n<tr>\n<td>BURUEAN\u0102 CATINCA<\/td>\n<td><a href=\"\/wp-content\/uploads\/2020\/08\/dav2020\/catincaburueana2020.pdf\">2020<\/a><\/td>\n<\/tr>\n<tr>\n<td>BUSUIOC\u00a0 ROMEO<\/td>\n<td><a href=\"\/wp-content\/uploads\/2020\/08\/dav2020\/romeobusuioc2020.pdf\">2020<\/a><\/td>\n<\/tr>\n<tr>\n<td>BUTA\u00a0 IULIANA RODICA<\/td>\n<td><a href=\"\/wp-content\/uploads\/2020\/08\/dav2020\/iulianabuta2020.pdf\">2020<\/a><\/td>\n<\/tr>\n<tr>\n<td>CERNAVODEANU IZABELA<\/td>\n<td><a href=\"\/wp-content\/uploads\/2020\/08\/dav2020\/izabelacernavodeanu2020.pdf\">2020<\/a><\/td>\n<\/tr>\n<tr>\n<td>CIOROGARIU DORICA-VIORICA<\/td>\n<td><a href=\"\/wp-content\/uploads\/2020\/08\/dav2020\/doricaciorogariu2020.pdf\">2020<\/a><\/td>\n<\/tr>\n<tr>\n<td>CIUCIU IOANA<\/td>\n<td><a href=\"\/wp-content\/uploads\/2020\/08\/dav2020\/ioanaciuciu2020.pdf\">2020<\/a><\/td>\n<\/tr>\n<tr>\n<td>C\u00ceMPEAN MARIA ALEXANDRA<\/td>\n<td><a href=\"\/wp-content\/uploads\/2020\/08\/dav2020\/mariacimpean2020.pdf\">2020<\/a><\/td>\n<\/tr>\n<tr>\n<td>C\u00ceRJAN ANDREEA-NECTARA<\/td>\n<td><a href=\"\/wp-content\/uploads\/2020\/08\/dav2020\/andreeacirjan2020.pdf\">2020<\/a><\/td>\n<\/tr>\n<tr>\n<td>CHIOREAN LAURA GILDA<\/td>\n<td><a href=\"\/wp-content\/uploads\/2020\/08\/dav2020\/laurachiorean2020.pdf\">2020<\/a><\/td>\n<\/tr>\n<tr>\n<td>CHIROAB\u0102 IONELA<\/td>\n<td><a href=\"\/wp-content\/uploads\/2020\/08\/dav2020\/ionelachiroaba2020.pdf\">2020<\/a><\/td>\n<\/tr>\n<tr>\n<td>CHI\u021aAN DUMITRI\u021aA LAURA<\/td>\n<td><a href=\"\/wp-content\/uploads\/2020\/08\/dav2020\/laurachitan2020.pdf\">2020<\/a><\/td>\n<\/tr>\n<tr>\n<td>CIOBOT\u0102 EUGEN<\/td>\n<td><a href=\"\/wp-content\/uploads\/2020\/08\/dav2020\/eugenciobota2020.pdf\">2020\u00a0<\/a><\/td>\n<\/tr>\n<tr>\n<td>CLAIN LUMINI\u021aA<\/td>\n<td><a href=\"\/wp-content\/uploads\/2020\/08\/dav2020\/luminitaclain2020.pdf\">2020\u00a0<\/a><\/td>\n<\/tr>\n<tr>\n<td>CONSTANTIN CLAUDIU<\/td>\n<td><a href=\"\/wp-content\/uploads\/2020\/08\/dav2020\/claudiuconstantin2020.pdf\">2020\u00a0<\/a><\/td>\n<\/tr>\n<tr>\n<td>CONSTANTINESCU NICOLETA<\/td>\n<td><a href=\"\/wp-content\/uploads\/2020\/08\/dav2020\/nicoletaconstantinescu2020.pdf\">2020<\/a><\/td>\n<\/tr>\n<tr>\n<td>COP\u0102CEANU MIHAI<\/td>\n<td><a href=\"\/wp-content\/uploads\/2020\/08\/dav2020\/mihaicopaceanu2020.pdf\">2020<\/a><\/td>\n<\/tr>\n<tr>\n<td>COPORAN MARIANA<\/td>\n<td><a href=\"\/wp-content\/uploads\/2020\/08\/dav2020\/marianacoporan2020.pdf\">2020<\/a><\/td>\n<\/tr>\n<tr>\n<td>COR CORNELIA<\/td>\n<td><a href=\"dav20120\/corneliacor2020.pdf\">2020<\/a><\/td>\n<\/tr>\n<tr>\n<td>COT\u00ceRLAN PETRU TIBERIU<\/td>\n<td><a href=\"\/wp-content\/uploads\/2020\/08\/dav2020\/tiberiucotirlan2020.pdf\">2020<\/a><\/td>\n<\/tr>\n<tr>\n<td>COZMA CARLA CARMINA<\/td>\n<td><a href=\"\/wp-content\/uploads\/2020\/08\/dav2020\/carlacozma2020.pdf\">2020\u00a0<\/a><\/td>\n<\/tr>\n<tr>\n<td>CR\u0102CIUNESCU\u00a0LIGIA<\/td>\n<td><a href=\"\/wp-content\/uploads\/2020\/08\/dav2020\/ligiacraciunescu2020.pdf\">2020\u00a0<\/a><\/td>\n<\/tr>\n<tr>\n<td>CRISTE MIRCEA<\/td>\n<td><a href=\"\/wp-content\/uploads\/2020\/08\/dav2020\/mircea_criste_2020.pdf\">2020\u00a0<\/a><\/td>\n<\/tr>\n<tr>\n<td>CRISTEA VIRGIL CRISTIAN<\/td>\n<td><a href=\"\/wp-content\/uploads\/2020\/08\/dav2020\/cristiancristea2020.pdf\">2020<\/a><\/td>\n<\/tr>\n<tr>\n<td>CRISTIAN CAMELIA<\/td>\n<td><a href=\"\/wp-content\/uploads\/2020\/08\/dav2020\/cameliacristian2020.pdf\">2020<\/a><\/td>\n<\/tr>\n<tr>\n<td>CROITORU MARIAN<\/td>\n<td><a href=\"\/wp-content\/uploads\/2020\/08\/dav2020\/mariancroitoru2020.pdf\">2020<\/a><\/td>\n<\/tr>\n<tr>\n<td>DAVID ELENA DORINA<\/td>\n<td><a href=\"\/wp-content\/uploads\/2020\/08\/dav2020\/dorinadavid2020.pdf\">2020<\/a><\/td>\n<\/tr>\n<tr>\n<td>D\u0102NESCU MAGDALENA GABRIELA<\/td>\n<td><a href=\"\/wp-content\/uploads\/2020\/08\/dav2020\/magdalenadanescu2020.pdf\">2020<\/a><\/td>\n<\/tr>\n<tr>\n<td>DINU C\u0102T\u0102LINA GEORGETA<\/td>\n<td><a href=\"https:\/\/avp.ro\/wp-content\/uploads\/2020\/11\/catalina.dinu2020.pdf\">2020<\/a><\/td>\n<\/tr>\n<tr>\n<td>DINU EUGEN<\/td>\n<td><a href=\"\/wp-content\/uploads\/2020\/08\/dav2020\/eugendinu2020.pdf\">2020<\/a><\/td>\n<\/tr>\n<tr>\n<td>DOBRE GABRIELA<\/td>\n<td><a href=\"\/wp-content\/uploads\/2020\/08\/dav2020\/gabrieladobre2020.pdf\">2020<\/a><\/td>\n<\/tr>\n<tr>\n<td>DRAGAN SORINA LUCRE\u0162IA<\/td>\n<td><a href=\"\/wp-content\/uploads\/2020\/08\/dav2020\/sorinadragan2020.pdf\">2020<\/a><\/td>\n<\/tr>\n<tr>\n<td>DR\u0102CEA\u00a0ALEXANDRA IOANA<\/td>\n<td><a href=\"\/wp-content\/uploads\/2020\/08\/dav2020\/alexandradracea2020.pdf\">2020<\/a><\/td>\n<\/tr>\n<tr>\n<td>DUMITRU DELIA-ANA-MARIA<\/td>\n<td><a href=\"\/wp-content\/uploads\/2020\/08\/dav2020\/deliadumitru2020.pdf\">2020\u00a0<\/a><\/td>\n<\/tr>\n<tr>\n<td>DUMITRESCU FLORINA<\/td>\n<td><a href=\"\/wp-content\/uploads\/2020\/08\/dav2020\/florinadumitrescu2020.pdf\">2020\u00a0<\/a><\/td>\n<\/tr>\n<tr>\n<td>DURL\u0102 MONICA ELENA<\/td>\n<td><a href=\"\/wp-content\/uploads\/2020\/08\/dav2020\/monicadurla2020.pdf\">2020<\/a><\/td>\n<\/tr>\n<tr>\n<td>EFENDI LEVENT<\/td>\n<td><a href=\"\/wp-content\/uploads\/2020\/08\/dav2020\/leventefendi2020.pdf\">2020<\/a><\/td>\n<\/tr>\n<tr>\n<td>EMANDI SIMONA<\/td>\n<td><a href=\"\/wp-content\/uploads\/2020\/08\/dav2020\/simonaemandi2020.pdf\">2020<\/a><\/td>\n<\/tr>\n<tr>\n<td>ENACHE IOANA<\/td>\n<td><a href=\"\/wp-content\/uploads\/2020\/08\/dav2020\/ioanaenache2020.pdf\">2020<\/a><\/td>\n<\/tr>\n<tr>\n<td>ENACHE MIHAELA<\/td>\n<td><a href=\"\/wp-content\/uploads\/2020\/08\/dav2020\/mihaelaenache2020.pdf\">2020<\/a><\/td>\n<\/tr>\n<tr>\n<td>FLORESCU ECATERINA<\/td>\n<td><a href=\"\/wp-content\/uploads\/2020\/08\/dav2020\/ecaterinaflorescu2020.pdf\">2020<\/a><\/td>\n<\/tr>\n<tr>\n<td>FRIMU ILEANA<\/td>\n<td><a href=\"https:\/\/avp.ro\/wp-content\/uploads\/2020\/11\/ileanafrimu2020.pdf\">2020<\/a><\/td>\n<\/tr>\n<tr>\n<td>GAVRIL\u0102 DENIS ROXANA<\/td>\n<td><a href=\"\/wp-content\/uploads\/2020\/08\/dav2020\/roxanagavrila2020.pdf\">2020<\/a><\/td>\n<\/tr>\n<tr>\n<td>G\u00c2NF\u0102LEAN IOAN<\/td>\n<td><a href=\"\/wp-content\/uploads\/2020\/08\/dav2020\/ioanganfalean2020.pdf\">2020<\/a><\/td>\n<\/tr>\n<tr>\n<td>GHEORGHIU ANDA<\/td>\n<td><a href=\"dav20120\/andagheorghiu2020.pdf\">2020\u00a0<\/a><\/td>\n<\/tr>\n<tr>\n<td>GHERGHINA REMUS<\/td>\n<td><a href=\"\/wp-content\/uploads\/2020\/08\/dav2020\/remusgherghina2020.pdf\">2020<\/a><\/td>\n<\/tr>\n<tr>\n<td>GLODARIU ELENA<\/td>\n<td><a href=\"\/wp-content\/uploads\/2020\/08\/dav2020\/elenaglodariu2020.pdf\">2020\u00a0<\/a><\/td>\n<\/tr>\n<tr>\n<td>GRECU EUGENIA DENISA<\/td>\n<td><a href=\"\/wp-content\/uploads\/2020\/08\/dav2020\/denisagrecu2020.pdf\">2020\u00a0<\/a><\/td>\n<\/tr>\n<tr>\n<td>GRIGORE GEORGE<\/td>\n<td><a href=\"\/wp-content\/uploads\/2020\/08\/dav2020\/georgegrigore2020.pdf\">2020<\/a><\/td>\n<\/tr>\n<tr>\n<td>HEROI CLEOPATRA<\/td>\n<td><a href=\"\/wp-content\/uploads\/2020\/08\/dav2020\/cleopatraheroi2020.pdf\">2020<\/a><\/td>\n<\/tr>\n<tr>\n<td>IEKEL PAULA ANDREEA<\/td>\n<td><a href=\"\/wp-content\/uploads\/2020\/08\/dav2020\/paulaiekel2020.pdf\">2020<\/a><\/td>\n<\/tr>\n<tr>\n<td>ILIESCU CARMEN LOREDANA<\/td>\n<td><a href=\"\/wp-content\/uploads\/2020\/08\/dav2020\/carmeniliescu2020.pdf\">2020<\/a><\/td>\n<\/tr>\n<tr>\n<td>IOJA ADINA-MONICA<\/td>\n<td><a href=\"\/wp-content\/uploads\/2020\/08\/dav2020\/monicaioja2020.pdf\">2020<\/a><\/td>\n<\/tr>\n<tr>\n<td>IONESCU ION<\/td>\n<td><a href=\"\/wp-content\/uploads\/2020\/08\/dav2020\/ionionescu2020.pdf\">2020\u00a0<\/a><\/td>\n<\/tr>\n<tr>\n<td>KELEMEN AGOTHA-GYOPAR<\/td>\n<td><a href=\"\/wp-content\/uploads\/2020\/08\/dav2020\/agothakelemen2020.pdf\">2020\u00a0<\/a><\/td>\n<\/tr>\n<tr>\n<td>LEP\u0102DATU MARIA<\/td>\n<td><a href=\"\/wp-content\/uploads\/2020\/08\/dav2020\/marialepadatu2020.pdf\">2020<\/a><\/td>\n<\/tr>\n<tr>\n<td>LICSANDRU VALENTINA<\/td>\n<td><a href=\"\/wp-content\/uploads\/2020\/08\/dav2020\/valentinalicsandru2020.pdf\">2020\u00a0<\/a><\/td>\n<\/tr>\n<tr>\n<td>LUCA LAURA ALINA<\/td>\n<td><a href=\"\/wp-content\/uploads\/2020\/08\/dav2020\/alinaluca2020.pdf\">2020\u00a0<\/a><\/td>\n<\/tr>\n<tr>\n<td>MAICAN GABRIELA DENISA<\/td>\n<td><a href=\"\/wp-content\/uploads\/2020\/08\/dav2020\/denisamaican2020.pdf\">2020<\/a><\/td>\n<\/tr>\n<tr>\n<td>MANDIUC CARMEN GEORGETA<\/td>\n<td><a href=\"\/wp-content\/uploads\/2020\/08\/dav2020\/carmenmandiuc2020.pdf\">2020\u00a0<\/a><\/td>\n<\/tr>\n<tr>\n<td>MARCU ROXANA<\/td>\n<td><a href=\"\/wp-content\/uploads\/2020\/08\/dav2020\/roxanamarcu2020.pdf\">2020\u00a0<\/a><\/td>\n<\/tr>\n<tr>\n<td>MATEI FLORENTIN COSTEL<\/td>\n<td><a href=\"\/wp-content\/uploads\/2020\/08\/dav2020\/florentinmatei2020.pdf\">2020\u00a0<\/a><\/td>\n<\/tr>\n<tr>\n<td>MATEJEZUK RADU CORNEL<\/td>\n<td><a href=\"\/wp-content\/uploads\/2020\/08\/dav2020\/radumatejezuk2020.pdf\">2020\u00a0<\/a><\/td>\n<\/tr>\n<tr>\n<td>M\u0102L\u0102ESCU MARIA MIRABELA<\/td>\n<td><a href=\"\/wp-content\/uploads\/2020\/08\/dav2020\/mirabelamalaescu2020.pdf\">2020<\/a><\/td>\n<\/tr>\n<tr>\n<td>MIH\u0102ILESCU FLORIN<\/td>\n<td><a href=\"\/wp-content\/uploads\/2020\/08\/dav2020\/florinmihailescu2020.pdf\">2020\u00a0<\/a><\/td>\n<\/tr>\n<tr>\n<td>MIREA ECATERINA<\/td>\n<td><a href=\"\/wp-content\/uploads\/2020\/08\/dav2020\/ecaterinamirea2020.pdf\">2020<\/a><\/td>\n<\/tr>\n<tr>\n<td>MITRACHE RALUCA IOANA<\/td>\n<td><a href=\"\/wp-content\/uploads\/2020\/08\/dav2020\/ralucamitrache2020.pdf\">2020\u00a0<\/a><\/td>\n<\/tr>\n<tr>\n<td>MOISE AURELIA-IOANA<\/td>\n<td><a href=\"\/wp-content\/uploads\/2020\/08\/dav2020\/aureliamoise2020.pdf\">2020<\/a><\/td>\n<\/tr>\n<tr>\n<td>MOLNAR ZSOLT<\/td>\n<td><a href=\"\/wp-content\/uploads\/2020\/08\/dav2020\/zsoltmolnar2020.pdf\">2020<\/a><\/td>\n<\/tr>\n<tr>\n<td>MO\u0218OIU LUCIAN<\/td>\n<td><a href=\"\/wp-content\/uploads\/2020\/08\/dav2020\/lucianmosoiu2020.pdf\">2020<\/a><\/td>\n<\/tr>\n<tr>\n<td>NEDEA FELICIA<\/td>\n<td><a href=\"\/wp-content\/uploads\/2020\/08\/dav2020\/felicianedea2020.pdf\">2020<\/a><\/td>\n<\/tr>\n<tr>\n<td>NICOLAE IONEL<\/td>\n<td><a href=\"\/wp-content\/uploads\/2020\/08\/dav2020\/ionelnicolae2020.pdf\">2020<\/a><\/td>\n<\/tr>\n<tr>\n<td>NICOLESCU VANESA<\/td>\n<td><a href=\"\/wp-content\/uploads\/2020\/08\/dav2020\/vanesanicolescu2020.pdf\">2020<\/a><\/td>\n<\/tr>\n<tr>\n<td>NICULESCU VIOLETA<\/td>\n<td><a href=\"\/wp-content\/uploads\/2020\/08\/dav2020\/violetaniculescu2020.pdf\">2020\u00a0<\/a><\/td>\n<\/tr>\n<tr>\n<td>OLAH-AVRAM ALINA LAURA<\/td>\n<td><a href=\"\/wp-content\/uploads\/2020\/08\/dav2020\/alinaolah2020.pdf\">2020<\/a><\/td>\n<\/tr>\n<tr>\n<td>P\u0102DURARU IULIANA<\/td>\n<td><a href=\"\/wp-content\/uploads\/2020\/08\/dav2020\/iulianapaduraru2020.pdf\">2020<\/a><\/td>\n<\/tr>\n<tr>\n<td>PANGRATE ALINA GEORGIANA<\/td>\n<td><a href=\"\/wp-content\/uploads\/2020\/08\/dav2020\/alinapangrate2020.pdf\">2020<\/a><\/td>\n<\/tr>\n<tr>\n<td>PANTI\u015e MIA DANIELA<\/td>\n<td><a href=\"\/wp-content\/uploads\/2020\/08\/dav2020\/miapantis2020.pdf\">2020<\/a><\/td>\n<\/tr>\n<tr>\n<td>PASCU CRISTINA<\/td>\n<td><a href=\"\/wp-content\/uploads\/2020\/08\/dav2020\/cristinapascu2020.pdf\">2020<\/a><\/td>\n<\/tr>\n<tr>\n<td>P\u0102V\u0102LEANU BEANCA<\/td>\n<td><a href=\"\/wp-content\/uploads\/2020\/08\/dav2020\/beancapavaleanu2020.pdf\">2020\u00a0<\/a><\/td>\n<\/tr>\n<tr>\n<td>PLAVE\u021a ANDREI<\/td>\n<td><a href=\"\/wp-content\/uploads\/2020\/08\/dav2020\/andreiplavet2020.pdf\">2020<\/a><\/td>\n<\/tr>\n<tr>\n<td>POPESCU NELA<\/td>\n<td><a href=\"\/wp-content\/uploads\/2020\/08\/dav2020\/nelapopescu2020.pdf\">2020<\/a><\/td>\n<\/tr>\n<tr>\n<td>PORTASE NECULA LUIZA<\/td>\n<td><a href=\"\/wp-content\/uploads\/2020\/08\/dav2020\/luizaportase2020.pdf\">2020<\/a><\/td>\n<\/tr>\n<tr>\n<td>RADU GABRIEL-C\u0102T\u0102LIN<\/td>\n<td>2020<\/td>\n<\/tr>\n<tr>\n<td>R\u0102DU\u021a MIHAELA<\/td>\n<td><a href=\"\/wp-content\/uploads\/2020\/08\/dav2020\/mihaelaradut2020.pdf\">2020\u00a0<\/a><\/td>\n<\/tr>\n<tr>\n<td>REGHINI CAMELIA<\/td>\n<td><a href=\"\/wp-content\/uploads\/2020\/08\/dav2020\/cameliareghini2020.pdf\">2020\u00a0<\/a><\/td>\n<\/tr>\n<tr>\n<td>RISTEA ANA DANIELA<\/td>\n<td><a href=\"\/wp-content\/uploads\/2020\/08\/dav2020\/danielaristea2020.pdf\">2020\u00a0<\/a><\/td>\n<\/tr>\n<tr>\n<td>RO\u0218U\u00a0CRISTIANA<\/td>\n<td><a href=\"\/wp-content\/uploads\/2020\/08\/dav2020\/cristianarosu2020.pdf\">2020<\/a><\/td>\n<\/tr>\n<tr>\n<td>SZABO CLAUDIA IOANA<\/td>\n<td><a href=\"\/wp-content\/uploads\/2020\/08\/dav2020\/claudiaszabo2020.pdf\">2020<\/a><\/td>\n<\/tr>\n<tr>\n<td>SCHIAU IOSIF MARIUS<\/td>\n<td><a href=\"\/wp-content\/uploads\/2020\/08\/dav2020\/mariusschiau2020.pdf\">2020<\/a><\/td>\n<\/tr>\n<tr>\n<td>SCOROBETE ION FLORIN<\/td>\n<td><a href=\"\/wp-content\/uploads\/2020\/08\/dav2020\/florinscorobete2020.pdf\">2020<\/a><\/td>\n<\/tr>\n<tr>\n<td>S\u00ceRBU MIHAELA<\/td>\n<td><a href=\"\/wp-content\/uploads\/2020\/08\/dav2020\/mihaelasirbu2020.pdf\">2020<\/a><\/td>\n<\/tr>\n<tr>\n<td>S\u00ceRGHIE DOINA<\/td>\n<td><a href=\"\/wp-content\/uploads\/2020\/08\/dav2020\/doinasirghie2020.pdf\">2020<\/a><\/td>\n<\/tr>\n<tr>\n<td>SLABU ELISABETA<\/td>\n<td><a href=\"\/wp-content\/uploads\/2020\/08\/dav2020\/elisabetaslabu2020.pdf\">2020<\/a><\/td>\n<\/tr>\n<tr>\n<td>SOBIESCHI BEATRICE<\/td>\n<td><a href=\"\/wp-content\/uploads\/2020\/08\/dav2020\/beatricesobieschi2020.pdf\">2020<\/a><\/td>\n<\/tr>\n<tr>\n<td>STAN GABRIELA LUCIA<\/td>\n<td><a href=\"\/wp-content\/uploads\/2020\/08\/dav2020\/gabrielastan2020.pdf\">2020<\/a><\/td>\n<\/tr>\n<tr>\n<td>ST\u0102NCIULESCU MIHAELA<\/td>\n<td><a href=\"\/wp-content\/uploads\/2020\/08\/dav2020\/mihaelastanciulescu2020.pdf\">2020<\/a><\/td>\n<\/tr>\n<tr>\n<td>ST\u00ceNGACIU BOGDAN<\/td>\n<td><a href=\"\/wp-content\/uploads\/2020\/08\/dav2020\/bogdanstingaciu2020.pdf\">2020<\/a><\/td>\n<\/tr>\n<tr>\n<td>STOINEA DOINI\u021aA<\/td>\n<td><a href=\"\/wp-content\/uploads\/2020\/08\/dav2020\/doinitastoinea2020.pdf\">2020<\/a><\/td>\n<\/tr>\n<tr>\n<td>\u0218EICARU DORU-ADRIAN<\/td>\n<td><a href=\"\/wp-content\/uploads\/2020\/08\/dav2020\/adrianseicaru2020.pdf\">2020\u00a0<\/a><\/td>\n<\/tr>\n<tr>\n<td>\u015eTEF\u0102NESCU MAGDA<\/td>\n<td><a href=\"\/wp-content\/uploads\/2020\/08\/dav2020\/magdastefanescu2020.pdf\">2020\u00a0<\/a><\/td>\n<\/tr>\n<tr>\n<td>TACHE CRISTINA ELENA<\/td>\n<td><a href=\"\/wp-content\/uploads\/2020\/08\/dav2020\/cristinatache2020.pdf\">2020<\/a><\/td>\n<\/tr>\n<tr>\n<td>TEODORESCU RALUCA<\/td>\n<td><a href=\"\/wp-content\/uploads\/2020\/08\/dav2020\/ralucateodorescu2020.pdf\">2020<\/a><\/td>\n<\/tr>\n<tr>\n<td>TILEA MIHAELA<\/td>\n<td><a href=\"\/wp-content\/uploads\/2020\/08\/dav2020\/mihaelatilea2020.pdf\">2020<\/a><\/td>\n<\/tr>\n<tr>\n<td>TIMOFAN LINDA ZENOVIA<\/td>\n<td><a href=\"\/wp-content\/uploads\/2020\/08\/dav2020\/lindatimofan2020.pdf\">2020<\/a><\/td>\n<\/tr>\n<tr>\n<td>TRU\u0218CA ROBERT-DANIEL<\/td>\n<td><a href=\"\/wp-content\/uploads\/2020\/08\/dav2020\/roberttrusca2020.pdf\">2020<\/a><\/td>\n<\/tr>\n<tr>\n<td>TUDOR IOAN<\/td>\n<td><a href=\"\/wp-content\/uploads\/2020\/08\/dav2020\/ioantudor2020.pdf\">2020<\/a><\/td>\n<\/tr>\n<tr>\n<td>TURTOI EMMA<\/td>\n<td><a href=\"\/wp-content\/uploads\/2020\/08\/dav2020\/emmaturtoi2020.pdf\">2020<\/a><\/td>\n<\/tr>\n<tr>\n<td>VASILESCU NICOLETA<\/td>\n<td><a href=\"\/wp-content\/uploads\/2020\/08\/dav2020\/nicoletavasilescu2020.pdf\">2020<\/a><\/td>\n<\/tr>\n<tr>\n<td>V\u00ceRTOSU MATEI<\/td>\n<td><a href=\"\/wp-content\/uploads\/2020\/08\/dav2020\/mateivirtosu2020.pdf\">2020<\/a><\/td>\n<\/tr>\n<tr>\n<td>VOICU NICOLAE<\/td>\n<td><a href=\"\/wp-content\/uploads\/2020\/08\/dav2020\/nicolaevoicu2020.pdf\">2020<\/a><\/td>\n<\/tr>\n<tr>\n<td>VIJELIE SORIN<\/td>\n<td><a href=\"\/wp-content\/uploads\/2020\/08\/dav2020\/sorinvijelie2020.pdf\">2020<\/a><\/td>\n<\/tr>\n<tr>\n<td>VIRENFELDT IONEL-CLAUDIA<\/td>\n<td><a href=\"\/wp-content\/uploads\/2020\/08\/dav2020\/claudiavirenfeldt2020.pdf\">2020<\/a><\/td>\n<\/tr>\n<tr>\n<td>WEBER RENATE<\/td>\n<td><a href=\"\/wp-content\/uploads\/2020\/08\/dav2020\/renateweber2020.pdf\">2020<\/a><\/td>\n<\/tr>\n<tr>\n<td colspan=\"2\"><strong><em>CABINETUL\u00a0 \u00a0 DEMNITARULUI<\/em><\/strong><\/p>\n<p>&nbsp;<\/p>\n<p>IONEL OPREA\u00a0 \u00a0 \u00a0 \u00a0 \u00a0 \u00a0 \u00a0 \u00a0 \u00a0 \u00a0 \u00a0 \u00a0 \u00a0 \u00a0 \u00a0 \u00a0 \u00a0 \u00a0 \u00a0 \u00a0 \u00a0 \u00a0 \u00a0 \u00a0 \u00a0 \u00a0 \u00a0 \u00a0 \u00a0 \u00a0 \u00a0\u00a0<a href=\"\/wp-content\/uploads\/2020\/08\/dav2020\/ioneloprea2020.pdf\">2020<\/a><\/p>\n<p>DANIEL IOV\u0102NESCU\u00a0 \u00a0 \u00a0 \u00a0 \u00a0 \u00a0 \u00a0 \u00a0 \u00a0 \u00a0 \u00a0 \u00a0 \u00a0 \u00a0 \u00a0 \u00a0 \u00a0 \u00a0 \u00a0 \u00a0 \u00a0 \u00a0 \u00a0 \u00a0 \u00a0<a href=\"\/wp-content\/uploads\/2020\/08\/dav2020\/danieliovanescu2020.pdf\">2020<\/a><\/p>\n<p>FLORIN DINU\u00a0 \u00a0 \u00a0 \u00a0 \u00a0 \u00a0 \u00a0 \u00a0 \u00a0 \u00a0 \u00a0 \u00a0 \u00a0 \u00a0 \u00a0 \u00a0 \u00a0 \u00a0 \u00a0 \u00a0 \u00a0 \u00a0 \u00a0 \u00a0 \u00a0 \u00a0 \u00a0 \u00a0 \u00a0 \u00a0 \u00a0 \u00a0<a href=\"\/wp-content\/uploads\/2020\/08\/dav2020\/florindinu2020.pdf\">2020<\/a><\/p>\n<p>MARIA IORGA\u00a0 \u00a0 \u00a0 \u00a0 \u00a0 \u00a0 \u00a0 \u00a0 \u00a0 \u00a0 \u00a0 \u00a0 \u00a0 \u00a0 \u00a0 \u00a0 \u00a0 \u00a0 \u00a0 \u00a0 \u00a0 \u00a0 \u00a0 \u00a0 \u00a0 \u00a0 \u00a0 \u00a0 \u00a0 \u00a0 \u00a0\u00a0<a href=\"\/wp-content\/uploads\/2020\/08\/dav2020\/mariaiorga2020.pdf\">2020<\/a><\/p>\n<p>M\u0102D\u0102LINA STOICA\u00a0 \u00a0 \u00a0 \u00a0 \u00a0 \u00a0 \u00a0 \u00a0 \u00a0 \u00a0 \u00a0 \u00a0 \u00a0 \u00a0 \u00a0 \u00a0 \u00a0 \u00a0 \u00a0 \u00a0 \u00a0 \u00a0 \u00a0 \u00a0 \u00a0 \u00a0\u00a0<a href=\"\/wp-content\/uploads\/2020\/08\/dav2020\/madalinastoica2020.pdf\">2020<\/a><\/td>\n<\/tr>\n<\/tbody>\n<\/table>\n<p style=\"font-weight: 400;\">\n","protected":false},"excerpt":{"rendered":"<p>&nbsp; NUME \u0218I PRENUME &nbsp; AN ACATRINEI IULIA MONICA 2020\u00a0\u00a0 ALDE\u0218IU IOANA CRISTINA 2020 ALEXANDRU RALUCA 2020 ANGHEL ELENA 2020 ANGHEL VASILE 2020 ANTONIC\u0102 CARMEN 2020 ARON ANGELA ALINA 2020&hellip; <\/p>\n","protected":false},"author":1,"featured_media":0,"parent":0,"menu_order":0,"comment_status":"closed","ping_status":"closed","template":"","meta":{"footnotes":""},"class_list":["post-263","page","type-page","status-publish","hentry"],"yoast_head":"<!-- This site is optimized with the Yoast SEO plugin v27.4 - https:\/\/yoast.com\/product\/yoast-seo-wordpress\/ -->\n<title>Declara\u021bii de avere \u0219i interese 2020 - Institu\u021bia Avocatul Poporului<\/title>\n<meta name=\"robots\" content=\"index, follow, max-snippet:-1, max-image-preview:large, max-video-preview:-1\" \/>\n<link rel=\"canonical\" href=\"https:\/\/avp.ro\/index.php\/declaratii-de-avere-si-interese-2020\/\" \/>\n<meta property=\"og:locale\" content=\"en_US\" \/>\n<meta property=\"og:type\" content=\"article\" \/>\n<meta property=\"og:title\" content=\"Declara\u021bii de avere \u0219i interese 2020 - Institu\u021bia Avocatul Poporului\" \/>\n<meta property=\"og:description\" content=\"&nbsp; NUME \u0218I PRENUME &nbsp; AN ACATRINEI IULIA MONICA 2020\u00a0\u00a0 ALDE\u0218IU IOANA CRISTINA 2020 ALEXANDRU RALUCA 2020 ANGHEL ELENA 2020 ANGHEL VASILE 2020 ANTONIC\u0102 CARMEN 2020 ARON ANGELA ALINA 2020&hellip;\" \/>\n<meta property=\"og:url\" content=\"https:\/\/avp.ro\/index.php\/declaratii-de-avere-si-interese-2020\/\" \/>\n<meta property=\"og:site_name\" content=\"Institu\u021bia Avocatul Poporului\" \/>\n<meta property=\"article:modified_time\" content=\"2021-05-26T12:16:45+00:00\" \/>\n<meta name=\"twitter:card\" content=\"summary_large_image\" \/>\n<meta name=\"twitter:label1\" content=\"Est. reading time\" \/>\n\t<meta name=\"twitter:data1\" content=\"3 minutes\" \/>\n<script type=\"application\/ld+json\" class=\"yoast-schema-graph\">{\"@context\":\"https:\\\/\\\/schema.org\",\"@graph\":[{\"@type\":\"WebPage\",\"@id\":\"https:\\\/\\\/avp.ro\\\/index.php\\\/declaratii-de-avere-si-interese-2020\\\/\",\"url\":\"https:\\\/\\\/avp.ro\\\/index.php\\\/declaratii-de-avere-si-interese-2020\\\/\",\"name\":\"Declara\u021bii de avere \u0219i interese 2020 - Institu\u021bia Avocatul Poporului\",\"isPartOf\":{\"@id\":\"https:\\\/\\\/avp.ro\\\/#website\"},\"datePublished\":\"2020-07-22T09:44:42+00:00\",\"dateModified\":\"2021-05-26T12:16:45+00:00\",\"breadcrumb\":{\"@id\":\"https:\\\/\\\/avp.ro\\\/index.php\\\/declaratii-de-avere-si-interese-2020\\\/#breadcrumb\"},\"inLanguage\":\"en-US\",\"potentialAction\":[{\"@type\":\"ReadAction\",\"target\":[\"https:\\\/\\\/avp.ro\\\/index.php\\\/declaratii-de-avere-si-interese-2020\\\/\"]}]},{\"@type\":\"BreadcrumbList\",\"@id\":\"https:\\\/\\\/avp.ro\\\/index.php\\\/declaratii-de-avere-si-interese-2020\\\/#breadcrumb\",\"itemListElement\":[{\"@type\":\"ListItem\",\"position\":1,\"name\":\"Home\",\"item\":\"https:\\\/\\\/avp.ro\\\/\"},{\"@type\":\"ListItem\",\"position\":2,\"name\":\"Declara\u021bii de avere \u0219i interese 2020\"}]},{\"@type\":\"WebSite\",\"@id\":\"https:\\\/\\\/avp.ro\\\/#website\",\"url\":\"https:\\\/\\\/avp.ro\\\/\",\"name\":\"Institu\u021bia Avocatul Poporului\",\"description\":\"People\u2019s Advocate institution - Office of the Ombudsman\",\"publisher\":{\"@id\":\"https:\\\/\\\/avp.ro\\\/#organization\"},\"potentialAction\":[{\"@type\":\"SearchAction\",\"target\":{\"@type\":\"EntryPoint\",\"urlTemplate\":\"https:\\\/\\\/avp.ro\\\/?s={search_term_string}\"},\"query-input\":{\"@type\":\"PropertyValueSpecification\",\"valueRequired\":true,\"valueName\":\"search_term_string\"}}],\"inLanguage\":\"en-US\"},{\"@type\":\"Organization\",\"@id\":\"https:\\\/\\\/avp.ro\\\/#organization\",\"name\":\"Institutia Avocatul Poporului\",\"url\":\"https:\\\/\\\/avp.ro\\\/\",\"logo\":{\"@type\":\"ImageObject\",\"inLanguage\":\"en-US\",\"@id\":\"https:\\\/\\\/avp.ro\\\/#\\\/schema\\\/logo\\\/image\\\/\",\"url\":\"https:\\\/\\\/avp.ro\\\/wp-content\\\/uploads\\\/2020\\\/09\\\/cropped-AP.jpg\",\"contentUrl\":\"https:\\\/\\\/avp.ro\\\/wp-content\\\/uploads\\\/2020\\\/09\\\/cropped-AP.jpg\",\"width\":160,\"height\":146,\"caption\":\"Institutia Avocatul Poporului\"},\"image\":{\"@id\":\"https:\\\/\\\/avp.ro\\\/#\\\/schema\\\/logo\\\/image\\\/\"}}]}<\/script>\n<!-- \/ Yoast SEO plugin. -->","yoast_head_json":{"title":"Declara\u021bii de avere \u0219i interese 2020 - Institu\u021bia Avocatul Poporului","robots":{"index":"index","follow":"follow","max-snippet":"max-snippet:-1","max-image-preview":"max-image-preview:large","max-video-preview":"max-video-preview:-1"},"canonical":"https:\/\/avp.ro\/index.php\/declaratii-de-avere-si-interese-2020\/","og_locale":"en_US","og_type":"article","og_title":"Declara\u021bii de avere \u0219i interese 2020 - Institu\u021bia Avocatul Poporului","og_description":"&nbsp; NUME \u0218I PRENUME &nbsp; AN ACATRINEI IULIA MONICA 2020\u00a0\u00a0 ALDE\u0218IU IOANA CRISTINA 2020 ALEXANDRU RALUCA 2020 ANGHEL ELENA 2020 ANGHEL VASILE 2020 ANTONIC\u0102 CARMEN 2020 ARON ANGELA ALINA 2020&hellip;","og_url":"https:\/\/avp.ro\/index.php\/declaratii-de-avere-si-interese-2020\/","og_site_name":"Institu\u021bia Avocatul Poporului","article_modified_time":"2021-05-26T12:16:45+00:00","twitter_card":"summary_large_image","twitter_misc":{"Est. reading time":"3 minutes"},"schema":{"@context":"https:\/\/schema.org","@graph":[{"@type":"WebPage","@id":"https:\/\/avp.ro\/index.php\/declaratii-de-avere-si-interese-2020\/","url":"https:\/\/avp.ro\/index.php\/declaratii-de-avere-si-interese-2020\/","name":"Declara\u021bii de avere \u0219i interese 2020 - Institu\u021bia Avocatul Poporului","isPartOf":{"@id":"https:\/\/avp.ro\/#website"},"datePublished":"2020-07-22T09:44:42+00:00","dateModified":"2021-05-26T12:16:45+00:00","breadcrumb":{"@id":"https:\/\/avp.ro\/index.php\/declaratii-de-avere-si-interese-2020\/#breadcrumb"},"inLanguage":"en-US","potentialAction":[{"@type":"ReadAction","target":["https:\/\/avp.ro\/index.php\/declaratii-de-avere-si-interese-2020\/"]}]},{"@type":"BreadcrumbList","@id":"https:\/\/avp.ro\/index.php\/declaratii-de-avere-si-interese-2020\/#breadcrumb","itemListElement":[{"@type":"ListItem","position":1,"name":"Home","item":"https:\/\/avp.ro\/"},{"@type":"ListItem","position":2,"name":"Declara\u021bii de avere \u0219i interese 2020"}]},{"@type":"WebSite","@id":"https:\/\/avp.ro\/#website","url":"https:\/\/avp.ro\/","name":"Institu\u021bia Avocatul Poporului","description":"People\u2019s Advocate institution - Office of the Ombudsman","publisher":{"@id":"https:\/\/avp.ro\/#organization"},"potentialAction":[{"@type":"SearchAction","target":{"@type":"EntryPoint","urlTemplate":"https:\/\/avp.ro\/?s={search_term_string}"},"query-input":{"@type":"PropertyValueSpecification","valueRequired":true,"valueName":"search_term_string"}}],"inLanguage":"en-US"},{"@type":"Organization","@id":"https:\/\/avp.ro\/#organization","name":"Institutia Avocatul Poporului","url":"https:\/\/avp.ro\/","logo":{"@type":"ImageObject","inLanguage":"en-US","@id":"https:\/\/avp.ro\/#\/schema\/logo\/image\/","url":"https:\/\/avp.ro\/wp-content\/uploads\/2020\/09\/cropped-AP.jpg","contentUrl":"https:\/\/avp.ro\/wp-content\/uploads\/2020\/09\/cropped-AP.jpg","width":160,"height":146,"caption":"Institutia Avocatul Poporului"},"image":{"@id":"https:\/\/avp.ro\/#\/schema\/logo\/image\/"}}]}},"_links":{"self":[{"href":"https:\/\/avp.ro\/index.php\/wp-json\/wp\/v2\/pages\/263","targetHints":{"allow":["GET"]}}],"collection":[{"href":"https:\/\/avp.ro\/index.php\/wp-json\/wp\/v2\/pages"}],"about":[{"href":"https:\/\/avp.ro\/index.php\/wp-json\/wp\/v2\/types\/page"}],"author":[{"embeddable":true,"href":"https:\/\/avp.ro\/index.php\/wp-json\/wp\/v2\/users\/1"}],"replies":[{"embeddable":true,"href":"https:\/\/avp.ro\/index.php\/wp-json\/wp\/v2\/comments?post=263"}],"version-history":[{"count":16,"href":"https:\/\/avp.ro\/index.php\/wp-json\/wp\/v2\/pages\/263\/revisions"}],"predecessor-version":[{"id":3576,"href":"https:\/\/avp.ro\/index.php\/wp-json\/wp\/v2\/pages\/263\/revisions\/3576"}],"wp:attachment":[{"href":"https:\/\/avp.ro\/index.php\/wp-json\/wp\/v2\/media?parent=263"}],"curies":[{"name":"wp","href":"https:\/\/api.w.org\/{rel}","templated":true}]}}