{"id":3432,"date":"2021-05-13T13:23:21","date_gmt":"2021-05-13T11:23:21","guid":{"rendered":"https:\/\/avp.ro\/?page_id=3432"},"modified":"2023-02-02T17:10:13","modified_gmt":"2023-02-02T15:10:13","slug":"centre-pentru-persoane-adulte-cu-dizabilitati-2021","status":"publish","type":"page","link":"https:\/\/avp.ro\/index.php\/centre-pentru-persoane-adulte-cu-dizabilitati-2021\/","title":{"rendered":"CENTRE PENTRU PERSOANE ADULTE CU DIZABILITATI 2021"},"content":{"rendered":"<p>&nbsp;<\/p>\n<p><strong><em>CENTRE PENTRU PERSOANE ADULTE CU DIZABILIT\u0102\u021aI<\/em><\/strong><\/p>\n<p>&nbsp;<\/p>\n<p>12. <a href=\"https:\/\/avp.ro\/wp-content\/uploads\/2022\/05\/Raport-de-vizita-CRIAPD-Berceni.pdf\">Raportul privind vizita efectuat\u0103 la Centrul Reziden\u021bial de \u00cengrijire \u0219i Asisten\u021b\u0103 pentru Persoane Dependente \u2013 Berceni, municipiul Bucure\u0219ti<\/a><\/p>\n<p style=\"padding-left: 40px;\"><a href=\"https:\/\/avp.ro\/wp-content\/uploads\/2022\/06\/Raspunsul-Directiei-Generale-de-Asistenta-Sociala-a-Municipiului-Bucuresti.pdf\">-R\u0103spunsul Direc\u021biei Generale de Asisten\u021b\u0103 Social\u0103 a Municipiului Bucure\u0219ti<\/a><\/p>\n<p>11. <a href=\"https:\/\/avp.ro\/wp-content\/uploads\/2022\/02\/Raport-vizita-CRRN-Darmanesti.pdf\">Raportul privind vizita efectuat\u0103 la Centrul de Recuperare \u0219i Reabilitare Neuropsihiatric\u0103 D\u0103rm\u0103ne\u0219ti, jude\u021bul Bac\u0103u<\/a><\/p>\n<p style=\"padding-left: 40px;\"><a href=\"https:\/\/avp.ro\/wp-content\/uploads\/2022\/05\/Raspuns-DGASPC-Bacau.pdf\">-R\u0103spunsul Direc\u021biei Generale de Asisten\u021b\u0103 \u0219i Protec\u021bia Copilului Bac\u0103u<\/a><\/p>\n<p>10. <a href=\"https:\/\/avp.ro\/wp-content\/uploads\/2022\/02\/Raport-Centrul-de-Ingrijire-si-Asistenta-Olteni.pdf\"><span lang=\"RO\">Raportul privind vizita efectuat\u0103 la Centrul de \u00cengrijire \u0219i Asisten\u021b\u0103 Olteni, jude\u021bul Teleorman<\/span><\/a><\/p>\n<p style=\"padding-left: 40px;\"><a href=\"https:\/\/avp.ro\/wp-content\/uploads\/2022\/04\/Raspuns-DGASPC-Teleorman.pdf\">-R\u0103spunsul Direc\u021biei Generale de Asisten\u021b\u0103 Social\u0103 \u0219i Protec\u021bia Copilului Teleorman<\/a><\/p>\n<p style=\"padding-left: 40px;\"><a href=\"https:\/\/avp.ro\/wp-content\/uploads\/2022\/06\/Raspuns-DGASPC-Teleorman.pdf\">-R\u0103spunsul Direc\u021biei Generale de Asisten\u021b\u0103 Social\u0103 \u0219i Protec\u021bia Copilului Teleorman<\/a><\/p>\n<p style=\"padding-left: 40px;\"><a href=\"https:\/\/avp.ro\/wp-content\/uploads\/2022\/12\/Raspuns-dgaspcteleorman.pdf\">-R\u0103spunsul Direc\u021biei Generale de Asisten\u021b\u0103 Social\u0103 \u0219i Protec\u021bia Copilului Teleorman<\/a><\/p>\n<p style=\"padding-left: 40px;\"><a href=\"https:\/\/avp.ro\/wp-content\/uploads\/2023\/02\/Raspuns-CJ-Teleorman.pdf\">-R\u0103spunsul Consiliului Jude\u021bean Teleorman<\/a><\/p>\n<p>9. <a href=\"https:\/\/avp.ro\/wp-content\/uploads\/2022\/01\/RV-CABR-Tancabesti_6dec2021.pdf\">Raportul privind vizita efectuat\u0103 la Centrul de Abilitare \u0219i Reabilitare pentru Persoane Adulte cu Dizabilit\u0103\u021bi T\u00e2nc\u0103be\u0219ti, jude\u021b Ilfov<\/a><\/p>\n<p style=\"padding-left: 40px;\"><a href=\"https:\/\/avp.ro\/wp-content\/uploads\/2022\/04\/Raspuns-CaBR-Tancabesti.pdf\">&#8211; R\u0103spunsul Centrului de Abilitare \u0219i Reabilitare pentru Persoane Adulte cu Dizabilit\u0103\u021bi T\u00e2nc\u0103be\u0219ti, jude\u021b Ilfov<\/a><\/p>\n<p>8. <a href=\"https:\/\/avp.ro\/wp-content\/uploads\/2021\/12\/Raportul-CIAPAD-Filiasi.pdf\">Raportul privind vizita efectuat\u0103 la Centrul de \u00cengrijire \u0219i Asisten\u021b\u0103 pentru Persoane Adulte cu Dizabilit\u0103\u021bi \u201eSf\u00e2ntul Dimitrie cel Nou\u201d Filia\u0219i, jude\u021bul Dolj<\/a><\/p>\n<p style=\"padding-left: 40px;\"><a href=\"https:\/\/avp.ro\/wp-content\/uploads\/2022\/01\/Raspuns-Recomandari-DGASPC-Dolj-CIAPAD-Filiasi.pdf\">&#8211; R\u0103spunsul primit de la conducerea Centrului de \u00cengrijire \u0219i Asisten\u021b\u0103 pentru Persoane Adulte cu Dizabilit\u0103\u021bi \u201eSf\u00e2ntul Dimitrie cel Nou\u201d Filia\u0219i, jude\u021bul Dol<\/a>j<\/p>\n<p>7. <a href=\"https:\/\/avp.ro\/wp-content\/uploads\/2021\/12\/RV-CARPAD-Campina.pdf\">Raportul privind vizita efectuat\u0103 la Centrul de Abilitare \u0219i Reabilitare pentru Persoane Adulte cu Dizabilit\u0103\u021bi C\u00e2mpina, jude\u021b Prahova<\/a><\/p>\n<p style=\"padding-left: 40px;\"><a href=\"https:\/\/avp.ro\/wp-content\/uploads\/2021\/12\/Raspunsul-CARPAD-Campina.pdf\">&#8211; R\u0103spunsul Centrului de Abilitare \u0219i Reabilitare pentru Persoane Adulte cu Dizabilit\u0103\u021bi C\u00e2mpina, jude\u021b Prahova<\/a><\/p>\n<p>6. <a href=\"https:\/\/avp.ro\/wp-content\/uploads\/2021\/09\/Raport-Centrul-de-Ingrijire-si-Asistenta-Soparlita-judetul-Olt.pdf\">Raportul privind vizita efectuat\u0103 la Centrul de \u00cengrijire \u0219i Asisten\u021b\u0103 \u0218op\u00e2rli\u021ba, jude\u021bul Olt<\/a><\/p>\n<p style=\"padding-left: 40px;\"><a href=\"https:\/\/avp.ro\/wp-content\/uploads\/2021\/11\/Raspuns-DGASPC-Olt-CIA-Soparlita.pdf\">&#8211; R\u0103spunsul DGASPC Olt<\/a><\/p>\n<p>5. <a href=\"https:\/\/avp.ro\/wp-content\/uploads\/2021\/09\/Raport-Centrul-de-Ingrijire-si-Asistenti-pentru-Persoane-Adulte-cu-Dizabilitati-Gradinari.pdf\">Raportul privind vizita efectuat\u0103 la Centrul de \u00cengrijire \u0219i Asisten\u021b\u0103 pentru Persoane Adulte cu Dizabilit\u0103\u021bi Gr\u0103dinari<\/a><\/p>\n<p style=\"padding-left: 40px;\"><a href=\"https:\/\/avp.ro\/wp-content\/uploads\/2021\/12\/Raspuns-DGASPC-GIURGIU-3-1.pdf\">&#8211; R\u0103spunsul Direc\u021biei Generale de Asisten\u021b\u0103 Social\u0103 \u0219i Protec\u021bia Copilului Giurgiu<\/a><\/p>\n<p>4. <a href=\"https:\/\/avp.ro\/wp-content\/uploads\/2021\/06\/Raport-CRRN-Horia_2021.pdf\">Raportul privind vizita efectuat\u0103 la Centrul de Recuperare \u0219i Reabilitare Neuropsihiatric\u0103 Horia, jud. Tulcea<\/a><\/p>\n<p style=\"padding-left: 40px;\"><a href=\"https:\/\/avp.ro\/wp-content\/uploads\/2021\/09\/Raspuns-DGASPC-Tulcea.pdf\">&#8211; R\u0103spunsul Direc\u021biei Generale de Asisten\u021b\u0103 Social\u0103 \u0219i Protec\u021bia Copilului Tulcea 1<\/a><\/p>\n<p style=\"padding-left: 40px;\"><a href=\"https:\/\/avp.ro\/wp-content\/uploads\/2021\/09\/Raspuns-DGASPC-Tulcea-2.pdf\">&#8211; R\u0103spunsul Direc\u021biei Generale de Asisten\u021b\u0103 Social\u0103 \u0219i Protec\u021bia Copilului Tulcea 2<\/a><\/p>\n<p>3. <a href=\"https:\/\/avp.ro\/wp-content\/uploads\/2021\/05\/RV-CRRN-Nedelea-2021.pdf\">Raportul privind vizita efectuat\u0103 la Centrul de Recuperare \u0219i Reabilitare Neuropsihiatric\u0103 pentru Persoane Adulte cu Handicap Nedelea, jud. Prahova<\/a><\/p>\n<p style=\"padding-left: 40px;\"><a href=\"https:\/\/avp.ro\/wp-content\/uploads\/2021\/07\/Raspuns-CRRN-Nedelea.pdf\">-R\u0103spunsul conducerii Centrului de Recuperare \u0219i Reabilitare Neuropsihiatric\u0103 pentru Persoane Adulte cu Handicap Nedelea, jud. Prahova<\/a><\/p>\n<p>2. <a href=\"https:\/\/avp.ro\/wp-content\/uploads\/2021\/05\/Raport-C.I.A.-Strehaia-afisare-site.pdf\">Raportul privind vizita efectuat\u0103 la Centrul de \u00cengrijire \u0219i Asisten\u021b\u0103 Strehaia, din cadrul D.G.A.S.P.C. Mehedin\u021bi<\/a><\/p>\n<p style=\"padding-left: 40px;\"><a href=\"https:\/\/avp.ro\/wp-content\/uploads\/2021\/08\/raspuns_CIA-Strehaia.pdf\">-R\u0103spunsul Directiei Generale de Asisiten\u021b\u0103 Social\u0103 \u0219i Protec\u021bia Copilului Mehedin\u021bi<\/a><\/p>\n<p>1. <a href=\"https:\/\/avp.ro\/wp-content\/uploads\/2021\/04\/Raportul-de-vizita-CIA-Dobrita.pdf\">Raportul privind vizita desf\u0103\u0219urat\u0103 la Centrul de \u00cengrijire \u0219i Asisten\u021b\u0103 Dobri\u021ba, jude\u021bul Gorj<\/a><\/p>\n<p style=\"padding-left: 40px;\"><a href=\"https:\/\/avp.ro\/wp-content\/uploads\/2021\/05\/Raspuns-Recomandari-DGASPC-Gorj-CIA-Dobrita.pdf\">-R\u0103spunsul conducerii Direc\u021biei Generale de Asisten\u021b\u0103 Social\u0103 \u0219i Protec\u021bia Copilului Gorj<\/a><\/p>\n","protected":false},"excerpt":{"rendered":"<p>&nbsp; CENTRE PENTRU PERSOANE ADULTE CU DIZABILIT\u0102\u021aI &nbsp; 12. Raportul privind vizita efectuat\u0103 la Centrul Reziden\u021bial de \u00cengrijire \u0219i Asisten\u021b\u0103 pentru Persoane Dependente \u2013 Berceni, municipiul Bucure\u0219ti -R\u0103spunsul Direc\u021biei Generale&hellip; <\/p>\n","protected":false},"author":1,"featured_media":0,"parent":0,"menu_order":0,"comment_status":"closed","ping_status":"closed","template":"","meta":{"footnotes":""},"class_list":["post-3432","page","type-page","status-publish","hentry"],"yoast_head":"<!-- This site is optimized with the Yoast SEO plugin v27.4 - https:\/\/yoast.com\/product\/yoast-seo-wordpress\/ -->\n<title>CENTRE PENTRU PERSOANE ADULTE CU DIZABILITATI 2021 - Institu\u021bia Avocatul Poporului<\/title>\n<meta name=\"robots\" content=\"index, follow, max-snippet:-1, max-image-preview:large, max-video-preview:-1\" \/>\n<link rel=\"canonical\" href=\"https:\/\/avp.ro\/index.php\/centre-pentru-persoane-adulte-cu-dizabilitati-2021\/\" \/>\n<meta property=\"og:locale\" content=\"en_US\" \/>\n<meta property=\"og:type\" content=\"article\" \/>\n<meta property=\"og:title\" content=\"CENTRE PENTRU PERSOANE ADULTE CU DIZABILITATI 2021 - Institu\u021bia Avocatul Poporului\" \/>\n<meta property=\"og:description\" content=\"&nbsp; CENTRE PENTRU PERSOANE ADULTE CU DIZABILIT\u0102\u021aI &nbsp; 12. Raportul privind vizita efectuat\u0103 la Centrul Reziden\u021bial de \u00cengrijire \u0219i Asisten\u021b\u0103 pentru Persoane Dependente \u2013 Berceni, municipiul Bucure\u0219ti -R\u0103spunsul Direc\u021biei Generale&hellip;\" \/>\n<meta property=\"og:url\" content=\"https:\/\/avp.ro\/index.php\/centre-pentru-persoane-adulte-cu-dizabilitati-2021\/\" \/>\n<meta property=\"og:site_name\" content=\"Institu\u021bia Avocatul Poporului\" \/>\n<meta property=\"article:modified_time\" content=\"2023-02-02T15:10:13+00:00\" \/>\n<meta name=\"twitter:card\" content=\"summary_large_image\" \/>\n<meta name=\"twitter:label1\" content=\"Est. reading time\" \/>\n\t<meta name=\"twitter:data1\" content=\"2 minutes\" \/>\n<script type=\"application\/ld+json\" class=\"yoast-schema-graph\">{\"@context\":\"https:\\\/\\\/schema.org\",\"@graph\":[{\"@type\":\"WebPage\",\"@id\":\"https:\\\/\\\/avp.ro\\\/index.php\\\/centre-pentru-persoane-adulte-cu-dizabilitati-2021\\\/\",\"url\":\"https:\\\/\\\/avp.ro\\\/index.php\\\/centre-pentru-persoane-adulte-cu-dizabilitati-2021\\\/\",\"name\":\"CENTRE PENTRU PERSOANE ADULTE CU DIZABILITATI 2021 - Institu\u021bia Avocatul Poporului\",\"isPartOf\":{\"@id\":\"https:\\\/\\\/avp.ro\\\/#website\"},\"datePublished\":\"2021-05-13T11:23:21+00:00\",\"dateModified\":\"2023-02-02T15:10:13+00:00\",\"breadcrumb\":{\"@id\":\"https:\\\/\\\/avp.ro\\\/index.php\\\/centre-pentru-persoane-adulte-cu-dizabilitati-2021\\\/#breadcrumb\"},\"inLanguage\":\"en-US\",\"potentialAction\":[{\"@type\":\"ReadAction\",\"target\":[\"https:\\\/\\\/avp.ro\\\/index.php\\\/centre-pentru-persoane-adulte-cu-dizabilitati-2021\\\/\"]}]},{\"@type\":\"BreadcrumbList\",\"@id\":\"https:\\\/\\\/avp.ro\\\/index.php\\\/centre-pentru-persoane-adulte-cu-dizabilitati-2021\\\/#breadcrumb\",\"itemListElement\":[{\"@type\":\"ListItem\",\"position\":1,\"name\":\"Home\",\"item\":\"https:\\\/\\\/avp.ro\\\/\"},{\"@type\":\"ListItem\",\"position\":2,\"name\":\"CENTRE PENTRU PERSOANE ADULTE CU DIZABILITATI 2021\"}]},{\"@type\":\"WebSite\",\"@id\":\"https:\\\/\\\/avp.ro\\\/#website\",\"url\":\"https:\\\/\\\/avp.ro\\\/\",\"name\":\"Institu\u021bia Avocatul Poporului\",\"description\":\"People\u2019s Advocate institution - Office of the Ombudsman\",\"publisher\":{\"@id\":\"https:\\\/\\\/avp.ro\\\/#organization\"},\"potentialAction\":[{\"@type\":\"SearchAction\",\"target\":{\"@type\":\"EntryPoint\",\"urlTemplate\":\"https:\\\/\\\/avp.ro\\\/?s={search_term_string}\"},\"query-input\":{\"@type\":\"PropertyValueSpecification\",\"valueRequired\":true,\"valueName\":\"search_term_string\"}}],\"inLanguage\":\"en-US\"},{\"@type\":\"Organization\",\"@id\":\"https:\\\/\\\/avp.ro\\\/#organization\",\"name\":\"Institutia Avocatul Poporului\",\"url\":\"https:\\\/\\\/avp.ro\\\/\",\"logo\":{\"@type\":\"ImageObject\",\"inLanguage\":\"en-US\",\"@id\":\"https:\\\/\\\/avp.ro\\\/#\\\/schema\\\/logo\\\/image\\\/\",\"url\":\"https:\\\/\\\/avp.ro\\\/wp-content\\\/uploads\\\/2020\\\/09\\\/cropped-AP.jpg\",\"contentUrl\":\"https:\\\/\\\/avp.ro\\\/wp-content\\\/uploads\\\/2020\\\/09\\\/cropped-AP.jpg\",\"width\":160,\"height\":146,\"caption\":\"Institutia Avocatul Poporului\"},\"image\":{\"@id\":\"https:\\\/\\\/avp.ro\\\/#\\\/schema\\\/logo\\\/image\\\/\"}}]}<\/script>\n<!-- \/ Yoast SEO plugin. -->","yoast_head_json":{"title":"CENTRE PENTRU PERSOANE ADULTE CU DIZABILITATI 2021 - Institu\u021bia Avocatul Poporului","robots":{"index":"index","follow":"follow","max-snippet":"max-snippet:-1","max-image-preview":"max-image-preview:large","max-video-preview":"max-video-preview:-1"},"canonical":"https:\/\/avp.ro\/index.php\/centre-pentru-persoane-adulte-cu-dizabilitati-2021\/","og_locale":"en_US","og_type":"article","og_title":"CENTRE PENTRU PERSOANE ADULTE CU DIZABILITATI 2021 - Institu\u021bia Avocatul Poporului","og_description":"&nbsp; CENTRE PENTRU PERSOANE ADULTE CU DIZABILIT\u0102\u021aI &nbsp; 12. Raportul privind vizita efectuat\u0103 la Centrul Reziden\u021bial de \u00cengrijire \u0219i Asisten\u021b\u0103 pentru Persoane Dependente \u2013 Berceni, municipiul Bucure\u0219ti -R\u0103spunsul Direc\u021biei Generale&hellip;","og_url":"https:\/\/avp.ro\/index.php\/centre-pentru-persoane-adulte-cu-dizabilitati-2021\/","og_site_name":"Institu\u021bia Avocatul Poporului","article_modified_time":"2023-02-02T15:10:13+00:00","twitter_card":"summary_large_image","twitter_misc":{"Est. reading time":"2 minutes"},"schema":{"@context":"https:\/\/schema.org","@graph":[{"@type":"WebPage","@id":"https:\/\/avp.ro\/index.php\/centre-pentru-persoane-adulte-cu-dizabilitati-2021\/","url":"https:\/\/avp.ro\/index.php\/centre-pentru-persoane-adulte-cu-dizabilitati-2021\/","name":"CENTRE PENTRU PERSOANE ADULTE CU DIZABILITATI 2021 - Institu\u021bia Avocatul Poporului","isPartOf":{"@id":"https:\/\/avp.ro\/#website"},"datePublished":"2021-05-13T11:23:21+00:00","dateModified":"2023-02-02T15:10:13+00:00","breadcrumb":{"@id":"https:\/\/avp.ro\/index.php\/centre-pentru-persoane-adulte-cu-dizabilitati-2021\/#breadcrumb"},"inLanguage":"en-US","potentialAction":[{"@type":"ReadAction","target":["https:\/\/avp.ro\/index.php\/centre-pentru-persoane-adulte-cu-dizabilitati-2021\/"]}]},{"@type":"BreadcrumbList","@id":"https:\/\/avp.ro\/index.php\/centre-pentru-persoane-adulte-cu-dizabilitati-2021\/#breadcrumb","itemListElement":[{"@type":"ListItem","position":1,"name":"Home","item":"https:\/\/avp.ro\/"},{"@type":"ListItem","position":2,"name":"CENTRE PENTRU PERSOANE ADULTE CU DIZABILITATI 2021"}]},{"@type":"WebSite","@id":"https:\/\/avp.ro\/#website","url":"https:\/\/avp.ro\/","name":"Institu\u021bia Avocatul Poporului","description":"People\u2019s Advocate institution - Office of the Ombudsman","publisher":{"@id":"https:\/\/avp.ro\/#organization"},"potentialAction":[{"@type":"SearchAction","target":{"@type":"EntryPoint","urlTemplate":"https:\/\/avp.ro\/?s={search_term_string}"},"query-input":{"@type":"PropertyValueSpecification","valueRequired":true,"valueName":"search_term_string"}}],"inLanguage":"en-US"},{"@type":"Organization","@id":"https:\/\/avp.ro\/#organization","name":"Institutia Avocatul Poporului","url":"https:\/\/avp.ro\/","logo":{"@type":"ImageObject","inLanguage":"en-US","@id":"https:\/\/avp.ro\/#\/schema\/logo\/image\/","url":"https:\/\/avp.ro\/wp-content\/uploads\/2020\/09\/cropped-AP.jpg","contentUrl":"https:\/\/avp.ro\/wp-content\/uploads\/2020\/09\/cropped-AP.jpg","width":160,"height":146,"caption":"Institutia Avocatul Poporului"},"image":{"@id":"https:\/\/avp.ro\/#\/schema\/logo\/image\/"}}]}},"_links":{"self":[{"href":"https:\/\/avp.ro\/index.php\/wp-json\/wp\/v2\/pages\/3432","targetHints":{"allow":["GET"]}}],"collection":[{"href":"https:\/\/avp.ro\/index.php\/wp-json\/wp\/v2\/pages"}],"about":[{"href":"https:\/\/avp.ro\/index.php\/wp-json\/wp\/v2\/types\/page"}],"author":[{"embeddable":true,"href":"https:\/\/avp.ro\/index.php\/wp-json\/wp\/v2\/users\/1"}],"replies":[{"embeddable":true,"href":"https:\/\/avp.ro\/index.php\/wp-json\/wp\/v2\/comments?post=3432"}],"version-history":[{"count":32,"href":"https:\/\/avp.ro\/index.php\/wp-json\/wp\/v2\/pages\/3432\/revisions"}],"predecessor-version":[{"id":8093,"href":"https:\/\/avp.ro\/index.php\/wp-json\/wp\/v2\/pages\/3432\/revisions\/8093"}],"wp:attachment":[{"href":"https:\/\/avp.ro\/index.php\/wp-json\/wp\/v2\/media?parent=3432"}],"curies":[{"name":"wp","href":"https:\/\/api.w.org\/{rel}","templated":true}]}}