{"id":429,"date":"2020-07-28T07:27:38","date_gmt":"2020-07-28T05:27:38","guid":{"rendered":"https:\/\/avp.ro\/?page_id=429"},"modified":"2020-07-30T10:18:53","modified_gmt":"2020-07-30T08:18:53","slug":"eveniment-8","status":"publish","type":"page","link":"https:\/\/avp.ro\/index.php\/eveniment-8\/","title":{"rendered":"Eveniment 8"},"content":{"rendered":"<p>&nbsp;<\/p>\n<p>&nbsp;<\/p>\n<p style=\"font-weight: 400; text-align: center;\"><strong><u>7 FEBRUARIE 2020 &#8211; Justi\u021bia pentru minori \u0219i accesul acestora la educa\u021bie de calitate sunt c\u00e2teva din temele ce vor fi abordate \u00een Rapoarte de cercetare de c\u0103tre Avocatul Poporului \u0219i asocia\u021bia Salva\u021bi Copiii \u2013 Protocol de colaborare<\/u><\/strong><\/p>\n<p>&nbsp;<\/p>\n<p style=\"font-weight: 400; text-align: center;\">&nbsp;Avocatul Poporului \u0219i asocia\u021bia Salva\u021bi Copiii au \u00eencheiat ast\u0103zi un protocol de colaborare pe o perioad\u0103 de 5 ani, \u00een scopul promov\u0103rii respect\u0103rii drepturilor copilului \u0219i a protej\u0103rii lui \u00eempotriva oric\u0103rei forme de abuz \u0219i violen\u021b\u0103, acord\u00e2nd o aten\u021bie sporit\u0103 celor mai vulnerabili.<\/p>\n<p style=\"font-weight: 400; text-align: center;\">Documentul a fost semnat din partea institu\u021biei de c\u0103tre Avocatul Poporului, doamna Renate Weber, iar din partea asocia\u021biei Salva\u021bi Copiii de c\u0103tre doamna Gabriela Alexandrescu, Pre\u0219edinte executiv. La ceremonie au participat domnul Ioan G\u00e2nf\u0103lean, adjunct al Avocatului Poporului, doamna Monica Ioja, consilier \u0219i domnul George Roman, director de programe.<\/p>\n<p>&nbsp;<\/p>\n<p style=\"font-weight: 400;\"><img loading=\"lazy\" decoding=\"async\" class=\"wp-image-430 aligncenter\" src=\"https:\/\/avp.ro\/wp-content\/uploads\/2020\/07\/protocol1_2020-1.jpg\" alt=\"\" width=\"862\" height=\"646\"><\/p>\n<p>&nbsp;<\/p>\n<p style=\"font-weight: 400;\"><img loading=\"lazy\" decoding=\"async\" class=\"wp-image-431 aligncenter\" src=\"https:\/\/avp.ro\/wp-content\/uploads\/2020\/07\/protocol2_2020-1.jpg\" alt=\"\" width=\"860\" height=\"644\"><\/p>\n<p>&nbsp;<\/p>\n<p style=\"font-weight: 400;\"><img loading=\"lazy\" decoding=\"async\" class=\"wp-image-432 aligncenter\" src=\"https:\/\/avp.ro\/wp-content\/uploads\/2020\/07\/protocol3_2020-1.jpg\" alt=\"\" width=\"864\" height=\"647\"><\/p>\n<p>&nbsp;<\/p>\n<p style=\"font-weight: 400;\"><img loading=\"lazy\" decoding=\"async\" class=\"wp-image-433 aligncenter\" src=\"https:\/\/avp.ro\/wp-content\/uploads\/2020\/07\/protocol4_2020-1.jpg\" alt=\"\" width=\"866\" height=\"649\"><\/p>\n<p>&nbsp;<\/p>\n<p>&nbsp;<\/p>\n","protected":false},"excerpt":{"rendered":"<p>&nbsp; &nbsp; 7 FEBRUARIE 2020 &#8211; Justi\u021bia pentru minori \u0219i accesul acestora la educa\u021bie de calitate sunt c\u00e2teva din temele ce vor fi abordate \u00een Rapoarte de cercetare de c\u0103tre&hellip; <\/p>\n","protected":false},"author":1,"featured_media":0,"parent":0,"menu_order":0,"comment_status":"closed","ping_status":"closed","template":"","meta":{"footnotes":""},"class_list":["post-429","page","type-page","status-publish","hentry"],"yoast_head":"<!-- This site is optimized with the Yoast SEO plugin v27.4 - https:\/\/yoast.com\/product\/yoast-seo-wordpress\/ -->\n<title>Eveniment 8 - Institu\u021bia Avocatul Poporului<\/title>\n<meta name=\"robots\" content=\"index, follow, max-snippet:-1, max-image-preview:large, max-video-preview:-1\" \/>\n<link rel=\"canonical\" href=\"https:\/\/avp.ro\/index.php\/eveniment-8\/\" \/>\n<meta property=\"og:locale\" content=\"en_US\" \/>\n<meta property=\"og:type\" content=\"article\" \/>\n<meta property=\"og:title\" content=\"Eveniment 8 - Institu\u021bia Avocatul Poporului\" \/>\n<meta property=\"og:description\" content=\"&nbsp; &nbsp; 7 FEBRUARIE 2020 &#8211; Justi\u021bia pentru minori \u0219i accesul acestora la educa\u021bie de calitate sunt c\u00e2teva din temele ce vor fi abordate \u00een Rapoarte de cercetare de c\u0103tre&hellip;\" \/>\n<meta property=\"og:url\" content=\"https:\/\/avp.ro\/index.php\/eveniment-8\/\" \/>\n<meta property=\"og:site_name\" content=\"Institu\u021bia Avocatul Poporului\" \/>\n<meta property=\"article:modified_time\" content=\"2020-07-30T08:18:53+00:00\" \/>\n<meta property=\"og:image\" content=\"https:\/\/avp.ro\/wp-content\/uploads\/2020\/07\/protocol1_2020-1.jpg\" \/>\n<meta name=\"twitter:card\" content=\"summary_large_image\" \/>\n<meta name=\"twitter:label1\" content=\"Est. reading time\" \/>\n\t<meta name=\"twitter:data1\" content=\"1 minute\" \/>\n<script type=\"application\/ld+json\" class=\"yoast-schema-graph\">{\"@context\":\"https:\\\/\\\/schema.org\",\"@graph\":[{\"@type\":\"WebPage\",\"@id\":\"https:\\\/\\\/avp.ro\\\/index.php\\\/eveniment-8\\\/\",\"url\":\"https:\\\/\\\/avp.ro\\\/index.php\\\/eveniment-8\\\/\",\"name\":\"Eveniment 8 - Institu\u021bia Avocatul Poporului\",\"isPartOf\":{\"@id\":\"https:\\\/\\\/avp.ro\\\/#website\"},\"primaryImageOfPage\":{\"@id\":\"https:\\\/\\\/avp.ro\\\/index.php\\\/eveniment-8\\\/#primaryimage\"},\"image\":{\"@id\":\"https:\\\/\\\/avp.ro\\\/index.php\\\/eveniment-8\\\/#primaryimage\"},\"thumbnailUrl\":\"https:\\\/\\\/avp.ro\\\/wp-content\\\/uploads\\\/2020\\\/07\\\/protocol1_2020-1.jpg\",\"datePublished\":\"2020-07-28T05:27:38+00:00\",\"dateModified\":\"2020-07-30T08:18:53+00:00\",\"breadcrumb\":{\"@id\":\"https:\\\/\\\/avp.ro\\\/index.php\\\/eveniment-8\\\/#breadcrumb\"},\"inLanguage\":\"en-US\",\"potentialAction\":[{\"@type\":\"ReadAction\",\"target\":[\"https:\\\/\\\/avp.ro\\\/index.php\\\/eveniment-8\\\/\"]}]},{\"@type\":\"ImageObject\",\"inLanguage\":\"en-US\",\"@id\":\"https:\\\/\\\/avp.ro\\\/index.php\\\/eveniment-8\\\/#primaryimage\",\"url\":\"https:\\\/\\\/avp.ro\\\/wp-content\\\/uploads\\\/2020\\\/07\\\/protocol1_2020-1.jpg\",\"contentUrl\":\"https:\\\/\\\/avp.ro\\\/wp-content\\\/uploads\\\/2020\\\/07\\\/protocol1_2020-1.jpg\"},{\"@type\":\"BreadcrumbList\",\"@id\":\"https:\\\/\\\/avp.ro\\\/index.php\\\/eveniment-8\\\/#breadcrumb\",\"itemListElement\":[{\"@type\":\"ListItem\",\"position\":1,\"name\":\"Home\",\"item\":\"https:\\\/\\\/avp.ro\\\/\"},{\"@type\":\"ListItem\",\"position\":2,\"name\":\"Eveniment 8\"}]},{\"@type\":\"WebSite\",\"@id\":\"https:\\\/\\\/avp.ro\\\/#website\",\"url\":\"https:\\\/\\\/avp.ro\\\/\",\"name\":\"Institu\u021bia Avocatul Poporului\",\"description\":\"People\u2019s Advocate institution - Office of the Ombudsman\",\"publisher\":{\"@id\":\"https:\\\/\\\/avp.ro\\\/#organization\"},\"potentialAction\":[{\"@type\":\"SearchAction\",\"target\":{\"@type\":\"EntryPoint\",\"urlTemplate\":\"https:\\\/\\\/avp.ro\\\/?s={search_term_string}\"},\"query-input\":{\"@type\":\"PropertyValueSpecification\",\"valueRequired\":true,\"valueName\":\"search_term_string\"}}],\"inLanguage\":\"en-US\"},{\"@type\":\"Organization\",\"@id\":\"https:\\\/\\\/avp.ro\\\/#organization\",\"name\":\"Institutia Avocatul Poporului\",\"url\":\"https:\\\/\\\/avp.ro\\\/\",\"logo\":{\"@type\":\"ImageObject\",\"inLanguage\":\"en-US\",\"@id\":\"https:\\\/\\\/avp.ro\\\/#\\\/schema\\\/logo\\\/image\\\/\",\"url\":\"https:\\\/\\\/avp.ro\\\/wp-content\\\/uploads\\\/2020\\\/09\\\/cropped-AP.jpg\",\"contentUrl\":\"https:\\\/\\\/avp.ro\\\/wp-content\\\/uploads\\\/2020\\\/09\\\/cropped-AP.jpg\",\"width\":160,\"height\":146,\"caption\":\"Institutia Avocatul Poporului\"},\"image\":{\"@id\":\"https:\\\/\\\/avp.ro\\\/#\\\/schema\\\/logo\\\/image\\\/\"}}]}<\/script>\n<!-- \/ Yoast SEO plugin. -->","yoast_head_json":{"title":"Eveniment 8 - Institu\u021bia Avocatul Poporului","robots":{"index":"index","follow":"follow","max-snippet":"max-snippet:-1","max-image-preview":"max-image-preview:large","max-video-preview":"max-video-preview:-1"},"canonical":"https:\/\/avp.ro\/index.php\/eveniment-8\/","og_locale":"en_US","og_type":"article","og_title":"Eveniment 8 - Institu\u021bia Avocatul Poporului","og_description":"&nbsp; &nbsp; 7 FEBRUARIE 2020 &#8211; Justi\u021bia pentru minori \u0219i accesul acestora la educa\u021bie de calitate sunt c\u00e2teva din temele ce vor fi abordate \u00een Rapoarte de cercetare de c\u0103tre&hellip;","og_url":"https:\/\/avp.ro\/index.php\/eveniment-8\/","og_site_name":"Institu\u021bia Avocatul Poporului","article_modified_time":"2020-07-30T08:18:53+00:00","og_image":[{"url":"https:\/\/avp.ro\/wp-content\/uploads\/2020\/07\/protocol1_2020-1.jpg","type":"","width":"","height":""}],"twitter_card":"summary_large_image","twitter_misc":{"Est. reading time":"1 minute"},"schema":{"@context":"https:\/\/schema.org","@graph":[{"@type":"WebPage","@id":"https:\/\/avp.ro\/index.php\/eveniment-8\/","url":"https:\/\/avp.ro\/index.php\/eveniment-8\/","name":"Eveniment 8 - Institu\u021bia Avocatul Poporului","isPartOf":{"@id":"https:\/\/avp.ro\/#website"},"primaryImageOfPage":{"@id":"https:\/\/avp.ro\/index.php\/eveniment-8\/#primaryimage"},"image":{"@id":"https:\/\/avp.ro\/index.php\/eveniment-8\/#primaryimage"},"thumbnailUrl":"https:\/\/avp.ro\/wp-content\/uploads\/2020\/07\/protocol1_2020-1.jpg","datePublished":"2020-07-28T05:27:38+00:00","dateModified":"2020-07-30T08:18:53+00:00","breadcrumb":{"@id":"https:\/\/avp.ro\/index.php\/eveniment-8\/#breadcrumb"},"inLanguage":"en-US","potentialAction":[{"@type":"ReadAction","target":["https:\/\/avp.ro\/index.php\/eveniment-8\/"]}]},{"@type":"ImageObject","inLanguage":"en-US","@id":"https:\/\/avp.ro\/index.php\/eveniment-8\/#primaryimage","url":"https:\/\/avp.ro\/wp-content\/uploads\/2020\/07\/protocol1_2020-1.jpg","contentUrl":"https:\/\/avp.ro\/wp-content\/uploads\/2020\/07\/protocol1_2020-1.jpg"},{"@type":"BreadcrumbList","@id":"https:\/\/avp.ro\/index.php\/eveniment-8\/#breadcrumb","itemListElement":[{"@type":"ListItem","position":1,"name":"Home","item":"https:\/\/avp.ro\/"},{"@type":"ListItem","position":2,"name":"Eveniment 8"}]},{"@type":"WebSite","@id":"https:\/\/avp.ro\/#website","url":"https:\/\/avp.ro\/","name":"Institu\u021bia Avocatul Poporului","description":"People\u2019s Advocate institution - Office of the Ombudsman","publisher":{"@id":"https:\/\/avp.ro\/#organization"},"potentialAction":[{"@type":"SearchAction","target":{"@type":"EntryPoint","urlTemplate":"https:\/\/avp.ro\/?s={search_term_string}"},"query-input":{"@type":"PropertyValueSpecification","valueRequired":true,"valueName":"search_term_string"}}],"inLanguage":"en-US"},{"@type":"Organization","@id":"https:\/\/avp.ro\/#organization","name":"Institutia Avocatul Poporului","url":"https:\/\/avp.ro\/","logo":{"@type":"ImageObject","inLanguage":"en-US","@id":"https:\/\/avp.ro\/#\/schema\/logo\/image\/","url":"https:\/\/avp.ro\/wp-content\/uploads\/2020\/09\/cropped-AP.jpg","contentUrl":"https:\/\/avp.ro\/wp-content\/uploads\/2020\/09\/cropped-AP.jpg","width":160,"height":146,"caption":"Institutia Avocatul Poporului"},"image":{"@id":"https:\/\/avp.ro\/#\/schema\/logo\/image\/"}}]}},"_links":{"self":[{"href":"https:\/\/avp.ro\/index.php\/wp-json\/wp\/v2\/pages\/429","targetHints":{"allow":["GET"]}}],"collection":[{"href":"https:\/\/avp.ro\/index.php\/wp-json\/wp\/v2\/pages"}],"about":[{"href":"https:\/\/avp.ro\/index.php\/wp-json\/wp\/v2\/types\/page"}],"author":[{"embeddable":true,"href":"https:\/\/avp.ro\/index.php\/wp-json\/wp\/v2\/users\/1"}],"replies":[{"embeddable":true,"href":"https:\/\/avp.ro\/index.php\/wp-json\/wp\/v2\/comments?post=429"}],"version-history":[{"count":3,"href":"https:\/\/avp.ro\/index.php\/wp-json\/wp\/v2\/pages\/429\/revisions"}],"predecessor-version":[{"id":736,"href":"https:\/\/avp.ro\/index.php\/wp-json\/wp\/v2\/pages\/429\/revisions\/736"}],"wp:attachment":[{"href":"https:\/\/avp.ro\/index.php\/wp-json\/wp\/v2\/media?parent=429"}],"curies":[{"name":"wp","href":"https:\/\/api.w.org\/{rel}","templated":true}]}}