{"id":5207,"date":"2022-01-31T14:13:45","date_gmt":"2022-01-31T12:13:45","guid":{"rendered":"https:\/\/avp.ro\/?page_id=5207"},"modified":"2026-04-07T10:30:03","modified_gmt":"2026-04-07T08:30:03","slug":"activitate","status":"publish","type":"page","link":"https:\/\/avp.ro\/index.php\/domenii-de-activitate\/domeniul-drepturile-familiei-tinerilor-pensionarilor-persoanelor-cu-handicap\/activitate\/","title":{"rendered":"Activitate"},"content":{"rendered":"<p><span style=\"color: #ff0000;\"><strong>2026<\/strong><\/span><\/p>\n<p><a href=\"https:\/\/avp.ro\/wp-content\/uploads\/2026\/03\/Observatiile-institutiei-Avocatul-Poporului-la-Planul-national-de-actiune-2024-2029-pentru-executarea-hotararilor-CEDO-in-domeniul-sanatatii-mintale.pdf\">Observa\u021bii privind corelarea m\u0103surilor din Planul na\u021bional de ac\u021biune (2024-2029) pentru executarea hot\u0103r\u00e2rilor CEDO \u00een domeniul s\u0103n\u0103t\u0103\u021bii mintale cu recomand\u0103rile Avocatului Poporului \u00een materie (cu referire la recomand\u0103rile din Raportul special privind monitorizarea implement\u0103rii deciziilor CEDO \u00een cazul intern\u0103rilor nevoluntare \u00een spitalele de psihiatrie -2024, Raportul special privind situa\u021bia respect\u0103rii drepturilor omului \u00een spitalele de psihiatrie -noiembrie 2019 \u0219i rapoartele vizitelor de monitorizare ale MNP -2024 \u0219i 2025)<\/a><\/p>\n<p><strong><span style=\"color: #ff0000;\">2025<\/span><\/strong><\/p>\n<p style=\"text-align: justify;\">\n<div class=\"sp-wrap sp-wrap-default\">\n<div class=\"sp-head\" title=\"Expand\">\nDosar nr. 40038\/2025 (rezumat) Printr-o peti\u021bie adresat\u0103 institu\u021biei Avocatul Poporului, asistentul social din cadrul Spitalului Clinic Jude\u021bean de Urgen\u021b\u0103 Ilfov, ne-a sesizat \u00een privin\u021ba cazului unui pacient, \u00een fapt f\u0103r\u0103 domiciliu, cererea fiind comunicat\u0103 la rug\u0103mintea acestuia, deoarece nu are acces la internet sau telefon. De\u0219i asistentul social sesizase autoritatea competent\u0103 \u00een solu\u021bionarea acestui caz, respectiv Direc\u021bia General\u0103 de Asisten\u021b\u0103 Social\u0103 \u0219i Protec\u021bia Copilului C\u0103l\u0103ra\u0219i, aceasta nu a identificat o solu\u021bie, respectiv institu\u021bionalizarea \u00een cadrul unui serviciu social\n<\/div>\n<div class=\"sp-body folded\">\n<\/p>\n<p style=\"text-align: justify;\">\u00cen consecin\u021b\u0103, am sesizat Direc\u021bia General\u0103 de Asisten\u021b\u0103 Social\u0103 \u0219i Protec\u021bia Copilului C\u0103l\u0103ra\u0219i, Direc\u021bia General\u0103 de Asisten\u021b\u0103 Social\u0103 \u0219i Protec\u021bia Copilului Ilfov \u0219i Autoritatea Na\u021bional\u0103 pentru Protec\u021bia Drepturilor Persoanelor cu Dizabilit\u0103\u021bi, solicit\u00e2nd realizarea verific\u0103rilor necesare cu privire la aspectele \u00eenvederate de c\u0103tre asistentul social din cadrul Spitalului Clinic Jude\u021bean de Urgen\u021b\u0103 Ilfov.<\/p>\n<p style=\"text-align: justify;\">Prin r\u0103spunsurile \u00eenregistrate la institu\u021bia Avocatul Poporului cu nr. 6641\/2026, 3106\/2026, 1858\/2026 \u0219i 3982\/2026, autorit\u0103\u021bile sesizate au comunicat solu\u021bia identificat\u0103 \u00een acest caz de c\u0103tre DGASPC C\u0103l\u0103ra\u0219i, respectiv ca petentul s\u0103 fie institu\u021bionalizat \u00een cadrul serviciului social C\u0103min \u201eCronos R\u0103s\u0103rit de Soare\u201d din ora\u0219 \u0218tef\u0103ne\u0219ti, jude\u021bul Arge\u0219, identificat de Serviciul Public de Asisten\u021b\u0103 Social\u0103 local.<\/p>\n<p style=\"text-align: justify;\">Ulterior, av\u00e2nd \u00een vedere multiplele probleme medicale identificate la momentul prelu\u0103rii petentului din unitatea medical\u0103, cu acordul persoanei, s-a dispus transferul acesteia c\u0103tre C\u0103minul pentru persoane v\u00e2rstnice \u201eSfin\u021bii Arhangheli Gabriel \u0219i Rafael\u201d S.R.L., situat \u00een str. B\u00e2rlogeni nr. 106, sector l, Bucure\u0219ti.\u00a0<\/p>\n<\/div>\n<\/div>\n<\/p>\n<p style=\"text-align: justify;\">\n<div class=\"sp-wrap sp-wrap-default\">\n<div class=\"sp-head\" title=\"Expand\">\nDosar nr. 39694\/2025 (rezumat) Avocatul Poporului s-a implicat \u00een restabilirea legalit\u0103\u021bii privind perioada pl\u0103\u021bii indemniza\u021biei lunare echivalente asistentului personal de care trebuia s\u0103 beneficieze o persoan\u0103 cu handicap grav cu drept de asistent personal ce \u00ee\u0219i exprimase op\u021biunea pentru plata indemniza\u021biei, \u00een condi\u021biile prevederilor art. 42 alin. (4) din Legea nr. 448\/2006\n<\/div>\n<div class=\"sp-body folded\">\n<\/p>\n<p style=\"text-align: justify;\">Petentul, persoan\u0103 \u00eencadrat\u0103 \u00een grad de handicap grav cu drept de asistent personal potrivit Certificatului de \u00eencadrare \u00een grad de handicap din 28 august 2025, cu perioada de valabilitate de 24 de luni, a reclamat Avocatului Poporului faptul c\u0103 Dispozi\u021bia primarului comunei unde domiciliaz\u0103 a fost emis\u0103 cu \u00eenc\u0103lcarea prevederilor legale, \u00eentruc\u00e2t, prin art. I,<strong> \u00a0\u00a0<\/strong>s-a dispus stabilirea indemniza\u021biei lunare acordat\u0103 persoanei cu handicap grav cu drept de asistent personal, <u>\u00eencep\u00e2nd cu data de 1 octombrie 2025 \u0219i p\u00e2n\u0103 la 31 iulie 2027<\/u>. Acesta a men\u021bionat c\u0103 s-a pl\u00e2ns at\u00e2t primarului, c\u00e2t \u0219i Agen\u021biei Jude\u021bene pentru Pl\u0103\u021bi \u0219i Inspec\u021bie Social\u0103 \u0219i institu\u021biei Prefectului, f\u0103r\u0103 niciun rezultat: <em>primarul \u0219i-a men\u021binut Dispozi\u021bia, inspectorii sociali AJPIS-ului din jude\u021bul de domiciliu au confirmat dispozi\u021bia primarului, iar prefectul jude\u021bului s-a prevalat de rezultatul inspec\u021biei sociale a AJPIS pentru a valida legalitatea Dispozi\u021biei primarului.<\/em><\/p>\n<p style=\"text-align: justify;\">Potrivit dispozi\u021biilor legii, plata indemniza\u021biei lunare se face pe perioada valabilit\u0103\u021bii certificatului de \u00eencadrare \u00een grad de handicap, iar indemniza\u021bia se acord\u0103 \u00eencep\u00e2nd cu luna urm\u0103toare depunerii cererii \u015fi \u00eenceteaz\u0103 cu luna urm\u0103toare celei \u00een care persoana cu handicap nu mai \u00eendepline\u0219te condi\u0163iile care au dus la stabilirea dreptului.<\/p>\n<p style=\"text-align: justify;\">Avocatul Poporului, analiz\u00e2nd prevederile legale \u00een materie, raportat la Dispozi\u021bia primarului \u0219i r\u0103spunsul autorit\u0103\u021bilor sesizate de petent, a apreciat oportun s\u0103 se adreseze Agen\u021biei Na\u021bionale pentru Pl\u0103\u021bi \u0219i Inspec\u021bie Social\u0103 (ANPIS), av\u00e2nd \u00een vedere atribu\u021biile sale de coordonare metodologic\u0103, monitorizare \u0219i control asupra agen\u021biilor jude\u021bene pentru pl\u0103\u021bi \u0219i inspec\u021bie social\u0103, solicit\u00e2nd conducerii ANPIS s\u0103 dispun\u0103 verific\u0103rile necesare privind inspec\u021bia efectuat\u0103 de AJPIS \u00een acest caz.<\/p>\n<p style=\"text-align: justify;\">ANPIS ne-a informat c\u0103, \u00een urma adresei prin care institu\u021bia noastr\u0103 i-a semnalat nerespectarea cadrului legal \u00een vigoare, a solicitat Agen\u021biei Jude\u021bene pentru Pl\u0103\u021bi \u0219i Inspec\u021bie Social\u0103 efectuarea unui nou control la prim\u0103rie, cu ocazia controlului realizat \u00een data de 28 ianuarie 2026, fiind dispus\u0103 m\u0103sura modific\u0103rii Dispozi\u021biei primarului privind stabilirea indemniza\u021biei acordate persoanei cu handicap grav cu drept de asistent personal, \u00een conformitate cu legea, \u00eencep\u00e2nd cu 1 septembrie 2025 \u0219i p\u00e2n\u0103 la 1 septembrie 2027.\u00a0<\/p>\n<\/div>\n<\/div>\n<\/p>\n<p style=\"text-align: justify;\">\n<div class=\"sp-wrap sp-wrap-default\">\n<div class=\"sp-head\" title=\"Expand\">\nDosar nr. 39563\/2025 (rezumat) Sesizarea din oficiu a institu\u021biei Avocatul Poporului a fost ini\u021biat\u0103 \u00een urma unui articol publicat de agen\u021bia de pres\u0103 Agerpres, potrivit c\u0103ruia, o persoan\u0103 din jude\u021bul Olt, profit\u00e2nd de starea de vulnerabilitate a trei persoane v\u0103t\u0103mate (doi b\u0103rba\u021bi \u0219i o femeie), cauzat\u0103 de afec\u021biuni psihice \u0219i locomotorii (\u00eencadrate medical cu grad de handicap), le-ar fi recrutat \u0219i ad\u0103postit \u00een gospod\u0103ria sa, unde le-ar fi supus la munc\u0103 zilnic\u0103 for\u021bat\u0103. De asemenea, persoana \u00een cauz\u0103 ar fi \u00eencasat, f\u0103r\u0103 drept, indemniza\u021biile primite lunar de c\u0103tre victime, ca urmare a \u00eencadr\u0103rii \u00een grad de handicap\n<\/div>\n<div class=\"sp-body folded\">\n<p>\u00a0Av\u00e2nd \u00een vedere situa\u021bia prezentat\u0103 \u00een spa\u021biul public \u0219i posibila \u00eenc\u0103lcare a prevederilor\u00a0\u00a0\u00a0\u00a0 art. 50 din Constitu\u021bie privind protec\u021bia persoanelor cu handicap, institu\u021bia Avocatul Poporului a efectuat demersuri scrise pe l\u00e2ng\u0103 Direc\u021bia General\u0103 de Asisten\u021b\u0103 Social\u0103 \u0219i Protec\u021bia Copilului Olt, Agen\u021bia Na\u021bional\u0103 \u00cempotriva Traficului de Persoane, Inspectoratul de Poli\u0163ie Jude\u0163ean Olt \u0219i Direc\u021bia de Investigare a Infrac\u021biunilor de Criminalitate Organizat\u0103 \u0219i Terorism &#8211; Biroul Teritorial Olt.<\/p>\n<p style=\"text-align: justify;\">R\u0103spunsurile primite au ar\u0103tat c\u0103 autorit\u0103\u021bile au ac\u021bionat coordonat, efectu\u00e2nd, de la caz la caz, verific\u0103ri, colabor\u00e2nd interinstitu\u021bional, \u00een vederea identific\u0103rii m\u0103surilor adecvate de protec\u021bie, asistare \u0219i monitorizare a situa\u021biei persoanelor vulnerabile.<\/p>\n<p style=\"text-align: justify;\">Victimele au fost evaluate medical, psihologic \u0219i social de echipe multidisciplinare \u0219i au fost incluse \u00een servicii de sprijin specializate. Dou\u0103 dintre acestea au fost admise, \u00een regim de urgen\u021b\u0103, \u00een centre reziden\u021biale pentru persoane adulte cu dizabilit\u0103\u021bi, unde beneficiaz\u0103 de \u00eengrijire, consiliere \u0219i monitorizare. Cea de-a treia persoan\u0103, care prezenta o afec\u021biune psihiatric\u0103 sever\u0103 \u0219i nu beneficiase anterior de tratament adecvat, a fost sprijinit\u0103 prin interven\u021bii medicale de urgen\u021b\u0103, consiliere \u0219i demersuri pentru identificarea unei solu\u021bii de protec\u021bie pe termen lung, cu implicarea autorit\u0103\u021bilor din jude\u021bul de provenien\u021b\u0103.<\/p>\n<p style=\"text-align: justify;\">Agen\u021bia Na\u021bional\u0103 \u00cempotriva Traficului de Persoane a confirmat realizarea evalu\u0103rilor ini\u021biale ale victimelor, facilitarea particip\u0103rii acestora la procedurile judiciare \u0219i coordonarea cazurilor pe parcursul procesului penal, \u00een cooperare cu celelalte institu\u021bii competente. Totodat\u0103, victimele au fost informate cu privire la drepturile lor \u0219i la serviciile de asisten\u021b\u0103 disponibile.<\/p>\n<p style=\"text-align: justify;\">Din informa\u021biile transmise, rezult\u0103 c\u0103 dou\u0103 dintre persoanele v\u0103t\u0103mate beneficiaz\u0103 \u00een prezent de m\u0103suri de protec\u021bie \u0219i asisten\u021b\u0103 \u00een centre specializate, \u00een timp ce cea de-a treia persoan\u0103 a p\u0103r\u0103sit teritoriul \u021b\u0103rii pentru desf\u0103\u0219urarea unor activit\u0103\u021bi lucrative.\u00a0<\/p>\n<\/div>\n<\/div>\n<\/p>\n<p style=\"text-align: justify;\">\n<div class=\"sp-wrap sp-wrap-default\">\n<div class=\"sp-head\" title=\"Expand\">\nDosar nr. 34377\/2025 (rezumat) privind situa\u021bia unor persoane cu dizabilit\u0103\u021bi institu\u021bionalizate \u00een centrele din localitatea G\u0103vojdia, jude\u021bul Timi\u0219\n<\/div>\n<div class=\"sp-body folded\">\n<p>\u00a0Urmare unei peti\u021bii, institu\u021bia Avocatul Poporului s-a sesizat din oficiu cu privire la condi\u021biile oferite persoanelor cu dizabilit\u0103\u021bi institu\u021bionalizate \u00een centrele din localitatea G\u0103vojdia, jud. Timi\u0219. Astfel, a fost efectuat\u0103 o anchet\u0103 la DGASPC Timi\u0219 \u0219i Centrele de \u00cengrijire \u0219i Asisten\u021b\u0103 pentru Persoane Adulte cu Dizabilit\u0103\u021bi Sf. \u201eIoan Rusul\u201d \u0219i \u201eSf. Vasile\u201d G\u0103vojdia pentru verificarea aspectelor sesizate.<\/p>\n<p style=\"text-align: justify;\">Din verific\u0103rile efectuate cu ocazia anchetei desf\u0103\u0219urate la centrele men\u021bionate, a rezultat, \u00een esen\u021b\u0103, lipsa unor spa\u021bii special amenajate pentru activit\u0103\u021bi de abilitare \u0219i reabilitare const\u00e2nd, dup\u0103 caz, \u00een logopedie sau psihoterapie, masaj, kinetoterapie sau fizioterapie, hidroterapie sau terapii speciale (modelaj, pictur\u0103 sau desen, decora\u021biuni pe diverse materiale, artizanat etc.) sau stimulare psiho-senzorio-motorie, \u00een func\u021bie de recomand\u0103rile consemnate \u00een fi\u0219a de evaluare\/planul individualizat al fiec\u0103rui beneficiar, conform Standardul 3, Modulul IV, Anexa I din Ordinul Ministrul muncii \u0219i justi\u021biei sociale nr. 82\/2019 privind aprobarea standardelor specifice minime de calitate obligatorii pentru serviciile sociale destinate persoanelor adulte cu dizabilit\u0103\u021bi. De asemenea, s-a constatat c\u0103 oficiile\/spa\u021biile de petrecere a timpului liber erau sumar mobilate \u0219i nu ofereau alternative de petrecere a timpului liber. Din discu\u021biile cu pacien\u021bii, precum \u0219i din observarea direct\u0103 a lor, a rezultat c\u0103 ace\u0219tia nu erau nemul\u021bumi\u021bi de condi\u021biile de cazare, de hran\u0103, de tratamentele \u0219i procedurile de care beneficiaz\u0103 \u00een cadrul centrului \u0219i de modul \u00een care se comport\u0103 personalul fa\u021b\u0103 de ei. Nu au fost identificate elemente care ar putea indica faptul c\u0103 beneficiarilor li se aplic\u0103 procedee, tratamente inumane sau degradante.<\/p>\n<p style=\"text-align: justify;\">\u00cen cadrul aceluia\u0219i dosar, pentru coroborarea \u0219i completarea informa\u021biilor ob\u021binute ca urmare a anchetei desf\u0103\u0219urate la\u00a0 CIAPAD Sf. \u201eIoan Rusul\u201d G\u0103vojdia \u0219i respectiv la CIAPAD Sf. \u201eVasile\u201d G\u0103vojdia, la data de 27 octombrie 2025 a fost efectuat\u0103 o anchet\u0103 \u0219i la sediul DGASPC Timi\u0219. Din discu\u021biile purtate cu conducerea institu\u021biei a reie\u0219it c\u0103 at\u00e2t pentru CIAPAD Sf. \u201eIoan Rusul\u201d, c\u00e2t \u0219i pentru CIAPAD Sf. \u201eVasile\u201d G\u0103vojdia, au fost alocate fonduri semnificative pentru lucr\u0103ri de renovare \u0219i reabilitare a spa\u021biilor de cazare. La CIAPAD Sf. \u201eIoan Rusul\u201d lucr\u0103rile au fost finalizare \u00een toamna 2024, iar la CIAPAD Sf. \u201eVasile\u201d G\u0103vojdia sunt \u00een curs de realizare.<\/p>\n<p style=\"text-align: justify;\">Cu privire la accesul beneficiarilor din cele dou\u0103 centre la activit\u0103\u021bi de abilitare \u0219i reabilitare, conform Standardul 3, Modulul IV, Anexa I din Ordinul Ministrul muncii \u0219i justi\u021biei sociale nr. 82\/2019 privind aprobarea standardelor specifice minime de calitate obligatorii pentru serviciile sociale destinate persoanelor adulte cu dizabilit\u0103\u021bi, s-a precizat c\u0103 a existat \u00een trecut un post de kinetoterapeut vacant, \u00eens\u0103 nu au existat persoane \u00eenscrise la concurs, iar \u00een prezent postul nu mai exist\u0103 \u00een organigram\u0103. S-a exprimat \u00eens\u0103 disponibilitatea de amenajare a unor spa\u021bii pentru stimulare psiho-senzorio-motorie \u00een cadrul fiec\u0103rui centru, concomitent cu externalizarea unor servicii prin contractarea unor servicii de kinetoterapie sau fizioterapie \u00een func\u021bie de recomand\u0103rile consemnate \u00een fi\u0219a de evaluare\/planul individualizat al fiec\u0103rui beneficiar.<\/p>\n<p style=\"text-align: justify;\">Ulterior efectu\u0103rii anchetei, au fost transmise adrese DGASPC Timi\u0219 \u0219i AJPIS Timi\u0219 pentru efectuarea de verific\u0103ri, fiindu-ne comunicate demersurile realizate pentru \u00eembun\u0103t\u0103\u021birea condi\u021biilor de cazare \u0219i recuperare a beneficiarilor \u0219i concluzia \u00een sensul respect\u0103rii Standardelor prev\u0103zute de Ordinul nr. 82\/2019.<\/p>\n<p style=\"text-align: justify;\">Av\u00e2nd \u00een vedere rezultatele anchetei \u0219i datele comunicate de autorit\u0103\u021bile sesizate, lu\u00e2nd \u00een considerare faptul c\u0103 \u00een centrele de \u00eengrijire \u0219i asisten\u021b\u0103 pentru persoanele adulte cu dizabilit\u0103\u021bi Sf. \u201eIoan Rusul\u201d \u0219i Sf. \u201eVasile\u201d este necesar\u0103 continuarea demersurilor pentru ameliorarea calit\u0103\u021bii \u00eengrijirii acordat\u0103 beneficiarilor a fost emis\u0103 Recomandarea nr. 252\/2025, adresat\u0103 directorului DGASPC Timi\u0219.<\/p>\n<p style=\"text-align: justify;\">Recomandarea a fost \u00eensu\u0219it\u0103, fiind oferite date privind m\u0103surile dispuse, respectiv: dotarea cu b\u0103nci \u015fi mese pentru desf\u0103\u015furarea activit\u0103\u0163ilor de petrecere a timpului liber a cur\u021bii CIAPAD Sf. \u201eIoan Rusul\u201d G\u0103vojdia, faptul c\u0103 va fi amenajat un foi\u015for, spa\u0163iile interioare pe care beneficiarii le utilizeaz\u0103 pentru socializare vor fi dotate cu mobilier adecvat, spa\u0163iul pentru stimulare psiho-senzio-motorie va fi dotat echipamente\/obiecte adecvate. Activit\u0103\u0163ile de abilitare \u015fi reabilitare de men\u0163inere sunt efectuate de instructorii de ergoterapie \u015fi lucr\u0103torii sociali \u00een func\u0163ie de recomand\u0103rile din Planul Personalizat al beneficiarului. \u00cen situa\u0163ia \u00een care vor fi recomand\u0103ri din partea speciali\u015ftilor privind servicii de logopedie, masaj, fizioterapie pentru beneficiari, aceste servicii vor fi contractate. Serviciile de kinetoterapie pentru beneficiari, dac\u0103 este cazul, sunt asigurate de c\u0103tre kinetoterapeutul \u00een cadrul CIAPAD nr. 1 Lugoj. S-a mai precizat c\u0103 \u00een cadrul CIAPAD Sf. \u201eVasile\u201d G\u0103vojdia a fost dotat\u0103 sala de petrecere a timpului liber put\u00e2ndu-se desf\u0103\u015fura activit\u0103\u0163i de tip voca\u0163ional, \u00een func\u0163ie de preferin\u0163ele beneficiarilor. De asemenea beneficiarii au la dispozi\u021bie un fotoliu pentru\u00a0 masaj. Sala de activit\u0103\u0163i este dotat\u0103 cu mese, scaune, b\u0103ncu\u0163e, dulapuri pentru materiale didactice, TV, box\u0103 muzical\u0103. S-a \u00eenfiin\u0163at o camer\u0103 senzorial\u0103 care ofer\u0103 stimulare psiho-senzorio-motorie Este achizi\u0163ionat un stepper cu ghidon, rol\u0103 pentru masaj picioare, din lemn, biciclet\u0103 de recuperare, mingi senzoriale, \u015fi se va continua achizi\u0163ionarea de aparatur\u0103 de recuperare, mingi de recuperare \u015fi altele, \u00een func\u0163ie de necesit\u0103\u0163ile eviden\u0163iate \u00een scrisorile medicale ale beneficiarilor.<\/p>\n<p style=\"text-align: justify;\">\u00cen ceea ce prive\u0219te solicitarea de luare a unor de m\u0103suri pentru ocuparea posturilor vacante din schema de personal, respectiv prevederea de posturi de kinetoterapeut, s-a precizat c\u0103 prin OUG nr. 156\/2024 au fost suspendate angaj\u0103rile \u00een administra\u0163ia public\u0103 de la 1 ianuarie 2025, continu\u00e2nd m\u0103sura \u00eenceput\u0103 cu OUG 34\/2023, care suspenda ocuparea posturilor vacante \u00een anul 2023, cu excep\u0163ia posturilor unice. La centrele avute \u00een vedere serviciile de kinetoterapie pentru beneficiari, atunci c\u00e2nd este cazul, sunt asigurate de kinetoterapeutul CIAPAD nr. 1 Lugoj. \u00cen situa\u0163ia \u00een care sunt recomandate de c\u0103tre medicii speciali\u015fti servicii de fizioterapie sau alte servicii, vor fi contractate servicii. Serviciile de kinetoterapie sau fizioterapie se aplic\u0103 \u00een func\u0163ie de recomand\u0103rile consemnate \u00een fi\u015fa de evaluare\/reevaluare \u015fi planul personalizat al fiec\u0103rui beneficiar.<\/p>\n<p style=\"text-align: justify;\">Cu privire la solicitarea de asigurare de meniuri adaptate patologiei beneficiarilor s-a ar\u0103tat c\u0103 la CIAPAD Sf. \u201eIoan Rusul\u201d G\u0103vojdia asigurarea hranei beneficiarilor se face \u00een regim de catering. \u00cen situa\u0163ia \u00een care medicii speciali\u015fti recomand\u0103 un anumit regim pentru beneficiari, operatorul economic asigur\u0103 meniul\/hr\u0103nirea conform recomand\u0103rilor. CIAPAD Sf. \u201eVasile\u201d G\u0103vojdia \u201dasigur\u0103 o alimenta\u021bie corect\u0103 din punct de vedere nutri\u0163ional \u015fi diversificat\u0103, \u00eentr-un cadru pl\u0103cut. Beneficiarii se hr\u0103nesc suficient, diversificat, \u00een condi\u0163ii igienice \u015fi ambian\u0163\u0103 pl\u0103cut\u0103. Se consum\u0103 fructe proaspete \u015fi deserturi preparate (nu cump\u0103rate) cel pu\u0163in de 3 ori pe s\u0103pt\u0103m\u00e2n\u0103; asigur\u0103 c\u00e2te 3 mese pe zi fiec\u0103rui beneficiar \u015fi gust\u0103ri, la intervale echilibrate, variate de la o zi la alta, \u0163in\u00e2ndu-se cont de recomand\u0103rile medicului specialist \u015fi, pe c\u00e2t posibil, de preferin\u0163ele beneficiarului. Acolo unde este cazul se respect\u0103 dieta recomandat\u0103 pentru beneficiar\u201d; de asemenea, DGASPC a \u00eencheiat \u0219i contracte pentru asigurarea de servicii de catering.<\/p>\n<p style=\"text-align: justify;\">Fa\u021b\u0103 de datele comunicate \u0219i demersurile efectuate de c\u0103tre destinatarului recomand\u0103rii pentru ameliorarea condi\u021biilor de \u00eengrijire oferite persoanelor institu\u021bionalizate \u00een CIAPAD Sf. \u201eIoan Rusul\u201d \u0219i Sf. \u201eVasile\u201d G\u0103vojdia, jude\u021bul Timi\u0219, dosarul a fost \u00eenchis.\u00a0<\/p>\n<\/div>\n<\/div>\n<\/p>\n<p style=\"text-align: justify;\">\n<div class=\"sp-wrap sp-wrap-default\">\n<div class=\"sp-head\" title=\"Expand\">\nDosar nr. 33158\/2025 (rezumat) Printr-o peti\u021bie adresat\u0103 institu\u021biei Avocatul Poporului, un petent \u00eencadrat \u00een grad de handicap grav cu asistent personal conform Certificatului de \u00eencadrare \u00een grad de handicap emis de Direc\u021bia General\u0103 de Asisten\u021b\u0103 Social\u0103 \u0219i Protec\u021bia copilului C\u0103l\u0103ra\u0219i, a reclamat faptul c\u0103 a solicitat prim\u0103riei comunei de domiciliu angajarea unui asistent personal, \u00eens\u0103 a primit doar r\u0103spunsuri verbale\n<\/div>\n<div class=\"sp-body folded\">\n<p>\u00a0\u00cen consecin\u021b\u0103, am sesizat prim\u0103ria reclamat\u0103, solicit\u00e2nd realizarea verific\u0103rilor necesare cu privire la aspectele \u00eenvederate de c\u0103tre petent.<\/p>\n<p style=\"text-align: justify;\">Prin r\u0103spunsul \u00eenregistrat la institu\u021bia Avocatul Poporului cu nr. 41701\/2025, prim\u0103ria comunei de la domiciliul petentului a comunicat faptul c\u0103, urmare a adresei institu\u021biei Avocatul Poporului, cererea a fost solu\u021bionat\u0103, fiind angajat un asistent personal pentru persoana \u00eencadrat\u0103 \u00een grad de handicap.\u00a0<\/p>\n<\/div>\n<\/div>\n<\/p>\n\n<div class=\"sp-wrap sp-wrap-default\">\n<div class=\"sp-head\" title=\"Expand\">\nDosar nr. 30522\/2025 (rezumat) - Avocatul Poporului s-a sesizat din oficiu cu privire la articolul publicat pe pagina de internet a publica\u021biei online news.ro, din care reie\u0219ea c\u0103 &quot;un t\u00e2n\u0103r \u00een v\u00e2rst\u0103 de 21 de ani, din municipiul C\u0103l\u0103ra\u0219i, a fost arestat preventiv, dup\u0103 ce \u0219i-a sechestrat concubina, a legat-o cu band\u0103 adeziv\u0103 \u0219i i-a interzis s\u0103 r\u0103spund\u0103 la telefon. Mama femeii a anun\u021bat autorit\u0103\u021bile, b\u0103nuind c\u0103 fiica sa se afl\u0103 \u00een pericol, dup\u0103 ce aceasta nu i-a mai r\u0103spuns la telefon&quot;.\n<\/div>\n<div class=\"sp-body folded\">\n<p>\u00cen consecin\u021b\u0103, am sesizat Prim\u0103ria Municipiului C\u0103l\u0103ra\u0219i, Inspectoratul de Poli\u021bie al Jude\u021bului C\u0103l\u0103ra\u0219i, Direc\u021bia General\u0103 de Asisten\u021b\u0103 Social\u0103 \u0219i Protec\u021bia Copilului C\u0103l\u0103ra\u0219i \u0219i Direc\u021bia General\u0103 de Asisten\u021b\u0103 Social\u0103 \u0219i Protec\u021bia Copilului Buz\u0103u (lu\u00e2nd \u00een considerare faptul c\u0103, \u00een urma realiz\u0103rii demersurilor, s-a constatat c\u0103 victima \u00ee\u0219i schimbase domiciliul), \u00een vederea comunic\u0103rii de date cu privire la informa\u021biile pe care le de\u021bin cu privire la acest caz.<\/p>\n<p>Lu\u00e2nd \u00een considerare examinarea legisla\u021biei incidente \u0219i r\u0103spunsurile institu\u021biilor publice sesizate, Avocatul Poporului a emis Recomandarea nr. 236\/28.11.2025, prin care a solicitat \u0219efului Inspectoratului de Poli\u021bie Jude\u021bean C\u0103l\u0103ra\u0219i ca, \u00een exercitarea atribu\u021biilor conferite prin legisla\u021bia \u00een vigoare, s\u0103 dispun\u0103 luarea m\u0103surilor corespunz\u0103toare care s\u0103 conduc\u0103 la: cooperarea interinstitu\u021bional\u0103 cu reprezentan\u021bii DGASPC\/DAS\/SPAS, cu atribu\u021bii \u00een prevenirea violen\u021bei domestice, prin comunicarea imediat\u0103 a oric\u0103rui caz de violen\u021b\u0103 ori posibil\u0103 violen\u021b\u0103 \u00een familie, \u00een vederea monitoriz\u0103rii de c\u0103tre ace\u0219tia a climatului familial; instruirea personalului din subordine, cu privire la insistarea \u00een prevenirea agresorului, referitor la consecin\u021bele faptelor sale; Compartimentul de Analiz\u0103 \u0219i Prevenire a Criminalit\u0103\u021bii va organiza sesiuni de mediatizare \u00een r\u00e2ndul popula\u021biei \u0219i \u00een mediile sociale predispuse la s\u0103v\u00e2r\u0219irea actelor de violen\u021b\u0103 de orice fel, \u00een vederea con\u0219tientiz\u0103rii efectelor negative a acestor fapte antisociale; desf\u0103\u0219urarea unor activit\u0103\u021bi de diseminare a actelor normative cu inciden\u021b\u0103 \u00een materia prevenirii \u0219i combaterii violen\u021bei domestice \u00een cadrul orelor de preg\u0103tire \u0219i formare profesional\u0103 a poli\u021bi\u0219tilor.<\/p>\n<p>Prin r\u0103spunsul \u00eenregistrat la institu\u021bia Avocatul Poporului cu nr. 579\/2026, Inspectoratul de Poli\u021bie al Jude\u021bului C\u0103l\u0103ra\u0219i a comunicat faptul c\u0103 \u201e\u00ee\u0219i \u00eensu\u0219e\u0219te Recomandarea Avocatului Poporului, la nivelul acestei institu\u021bii fiind\u00a0 diseminate aspectele semnalate \u00een Recomandarea nr. 236\/28.11.2025, ocazie cu care acestea au fost prelucrate cu to\u021bi poli\u021bi\u0219tii din structurile de ordine public\u0103.<\/p>\n<p>Totodat\u0103, se transmite c\u0103 fenomenul violen\u021bei domestice este gestionat conform prevederilor legale \u00een vigoare, astfel c\u0103 Legea nr. 217\/2003 pentru prevenirea \u0219i combaterea violen\u021bei domestice este periodic reprelucrat\u0103 cu poli\u021bi\u0219tii din cadrul unit\u0103\u021bii, fapt pentru care aspectele referitoare la atribu\u021biile DGASPC\/DAS\/SPAS privind cazurile care intr\u0103 \u00een competen\u021ba acestora conform actului normativ sunt comunicate \u00een regim de urgen\u021b\u0103 \u00een vederea solu\u021bion\u0103rii cu celeritate a tuturor aspectelor pe aceast\u0103 problematic\u0103.<\/p>\n<p>La nivelul IPJ C\u0103l\u0103ra\u0219i, se comunic\u0103, toate sesiz\u0103rile pe linie de violen\u021b\u0103 domestic\u0103 sunt monitorizate \u0219i analizate zilnic at\u00e2t de \u0219efii de subunit\u0103\u021bi \u0219i sec\u021bii de poli\u021bie, c\u00e2t \u0219i de ofi\u021berii speciali\u0219ti din cadrul Serviciului de Ordine Public\u0103.<\/p>\n<p>De asemenea, ofi\u021berii coordonatori din cadrul Serviciului de Ordine Public\u0103 desf\u0103\u0219oar\u0103 activit\u0103\u021bi specifice de sprijin \u0219i monitorizare a tuturor faptelor sesizate \u00een contextul violentei domestice, acestea fiind materializate prin \u00eentocmirea planurilor de evaluare cu sarcini \u0219i m\u0103suri de executat la momentul deplas\u0103rilor \u00een teren la toate structurile de ordine public\u0103 ale unit\u0103\u021bii.<\/p>\n<p>Fa\u021b\u0103 de cele expuse, poli\u021bi\u0219tii din cadrul IPJ C\u0103l\u0103ra\u0219i care instrumenteaz\u0103 problematica violen\u021bei domestice beneficiaz\u0103 de sprijin \u0219i \u00eendrumare \u00een fiecare caz semnalat de violen\u021b\u0103 domestic\u0103 at\u00e2t prin prelucr\u0103ri de acte normative, c\u00e2t \u0219i prin verificarea eviden\u021belor mapelor de supraveghere \u0219i mapelor de gestionare a st\u0103rilor conflictuale conform Dispozi\u021biei IGPR nr. 109 din 31.07.2025.<\/p>\n<p>De la data emiterii recomand\u0103rii Avocatului Poporului \u0219i p\u00e2n\u0103 la data prezentei, Compartimentul de Analiz\u0103 \u0219i Prevenire a Criminalit\u0103\u021bii a desf\u0103\u0219urat, \u00een colaborare cu structurile de ordine public\u0103, activit\u0103\u021bi pe linia prevenirii violen\u021bei domestice, ocazie cu care au participat un num\u0103r de 84 de minori \u0219i un num\u0103r de 56 de adul\u021bi.\u201d<\/p>\n<\/div>\n<\/div>\n\n<p style=\"text-align: justify;\">\n<div class=\"sp-wrap sp-wrap-default\">\n<div class=\"sp-head\" title=\"Expand\">\nDosar nr. 26249\/2025 (rezumat) \u00cen solu\u021bionarea cazului unei persoane adulte c\u0103reia i-a fost declasat\u0103 cu dou\u0103 grade \u00eencadrarea \u00een grad de handicap, f\u0103r\u0103 o motivare concludent\u0103, Avocatul Poporului a adresat o Recomandare, avut\u0103 \u00een vedere de autoritatea public\u0103 local\u0103\n<\/div>\n<div class=\"sp-body folded\">\n<p>\u00a0Petenta, av\u00e2nd o<strong> afec\u021biune cronic\u0103 \u0219i ireversibil\u0103, confirmat\u0103 prin documente medicale<\/strong>, s-a pl\u00e2ns Avocatului Poporului c\u0103, de\u0219i<strong> de\u021binuse un certificat de \u00eencadrare \u00een grad de handicap grav, \u00een urma reevalu\u0103rii la termen<\/strong>, de c\u0103tre Comisia pentru Evaluarea Persoanelor Adulte cu Handicap, a fost trecut\u0103<strong> de la gradul grav, la gradul mediu de handicap<\/strong>, \u00een condi\u021biile \u00een care <strong>dosarul s\u0103u medical reflecta o evolu\u021bie o bolii<\/strong>, iar <strong>DGASPC Constan\u021ba nu-i ofer\u0103 o explica\u021bie<\/strong>.<\/p>\n<p style=\"text-align: justify;\">Institu\u021bia Avocatul Poporului s-a adresat conducerii DGASPC-ului, supun\u00e2ndu-i aten\u0163iei situa\u0163ia expus\u0103 de petent\u0103 \u0219i solicit\u00e2nd informa\u021bii clarificatoare privind declasarea cu 2 grade a \u00eencadr\u0103rii \u00een grad de handicap a petentei, mai precis, <strong>s\u0103 precizeze elementele din dosar care au orientat decizia Comisiei de a nu mai acorda \u00eencadrarea \u00een gradul grav, de\u021binut\u0103 anterior \u0219i, mai mult, de a cobor\u00ee \u00eencadrarea p\u00e2n\u0103 la gradul mediu<\/strong>. Autoritatea ne r\u0103spunde, invoc\u00e2nd <em>\u201eevaluarea complex\u0103\u201d<\/em> ca temei al deciziei comisiei \u0219i faptul c\u0103 petenta a depus contesta\u021bie la Comisia Superioar\u0103.<\/p>\n<p style=\"text-align: justify;\">Constat\u00e2nd c\u0103 <strong>r\u0103spunsul nu indic\u0103 elementele care au fundamentat decizia de schimbare a gradului de handicap<\/strong>, CEPAH limit\u00e2ndu-se la o<strong> \u00een\u0219iruire de prevederi legale referitoare la evaluare sui-generis<\/strong>, fa\u021b\u0103 de <strong>obliga\u021bia autorit\u0103\u021bilor publice de a motiva corespunz\u0103tor actele administrative individuale<\/strong>, ca o <strong>garan\u0163ie \u00eempotriva arbitrariului<\/strong> <strong>\u0219i a unui eventual exces de putere al autorit\u0103\u021bii publice<\/strong>, care s\u0103 permit\u0103, \u00een primul r\u00e2nd, destinatarului deciziei &#8211; dar \u0219i altor persoane interesate &#8211; s\u0103 evalueze temeinicia actului administrativ,<strong> Avocatul Poporului a adresat conducerii DGASPC Constan\u021ba, Recomandarea 197\/16 octombrie 2025<\/strong>, solicit\u00e2ndu-i s\u0103 dispun\u0103 comunicarea unui r\u0103spuns conform, cu indicarea elementelor din dosarul de evaluare al petentei, care au stat la baza deciziei Comisiei.<\/p>\n<p style=\"text-align: justify;\">Autoritatea <strong>\u0219i-a \u00eensu\u0219it Recomandarea <\/strong>Avocatului Poporului \u0219i <strong>a revenit cu preciz\u0103ri<\/strong>, <strong>ar\u0103t\u00e2nd, \u00een esen\u021b\u0103, p<\/strong><strong>rin raportarea c\u0103ror documente medicale la criteriile medico-psihosociale, a constatat c\u0103 beneficiara nu \u00eendepline\u0219te condi\u021biile pentru gradele accentuat<\/strong> <strong>sau grav<\/strong>, printre care: documentele din care rezult\u0103 c\u0103 interven\u021bia chirurgical\u0103 \u0219i tratamentul radioizotopic au avut loc \u00een anul 2021; documentele medicale \u0219i investiga\u021biile imagistice care nu sus\u021bin existen\u021ba recidivelor locale sau a sechelelor \u0219i nici a disemin\u0103rilor cu metastaze; documentele care eviden\u021biaz\u0103 autonomia p\u0103strat\u0103.\u00a0<\/p>\n<\/div>\n<\/div>\n<\/p>\n\n<div class=\"sp-wrap sp-wrap-default\">\n<div class=\"sp-head\" title=\"Expand\">\nDosar nr. 25104\/2025 (rezumat) - Avocatul Poporului s-a implicat \u00een clarificarea cadrului legal privind acordarea indemniza\u021biei pentru tinerii care au p\u0103r\u0103sit sistemul de protec\u021bie special, dup\u0103 ce un t\u00e2n\u0103r de 21 de ani, care a beneficiat de m\u0103suri de protec\u021bie special\u0103 \u00een cadrul DGASPC Arge\u0219, s-a adresat institu\u021biei Avocatul Poporului, reclam\u00e2nd refuzul acord\u0103rii indemniza\u021biei lunare prev\u0103zute de art. 129 alin. (42) din Legea nr. 272\/2004 privind protec\u021bia \u0219i promovarea drepturilor copilului, motivul fiind ie\u0219irea din sistem anterior anului 2024 \u0219i lipsa unui raport de consiliere din dosarul t\u00e2n\u0103rului. \n<\/div>\n<div class=\"sp-body folded\">\n<p>Petentul s-a pl\u00e2ns Avocatului Poporului c\u0103 respingerea e nelegal\u0103, deoarece legisla\u021bia nu condi\u021bioneaz\u0103 acordarea indemniza\u021biei de momentul ie\u0219irii din sistem, iar raportul de consiliere nu era prev\u0103zut de lege la momentul ie\u0219irii sale din sistem.<\/p>\n<p>\u00cen vederea clarific\u0103rii situa\u021biei, institu\u021bia Avocatul Poporului a efectuat demersuri c\u0103tre DGASPC Arge\u0219 \u0219i AJPIS Arge\u0219. Din r\u0103spunsurile primite, a rezultat c\u0103 raportul de consiliere nu putea fi \u00eentocmit \u00een cazul petentului, \u00eentruc\u00e2t obliga\u021bia legal\u0103 de redactare a acestuia a intervenit ulterior \u00eencet\u0103rii m\u0103surii de protec\u021bie, iar autorit\u0103\u021bile au fundamentat refuzul acord\u0103rii indemniza\u021biei pe interpretarea dispozi\u021biilor procedurale \u00een vigoare.<\/p>\n<p>\u00cen urma analiz\u0103rii punctului de vedere exprimat de autorit\u0103\u021bi raportat la legisla\u021bia incident\u0103, Avocatul Poporului a re\u021binut c\u0103, <strong>prin modific\u0103rile aduse Legii nr. 272\/2004<\/strong> prin Legea nr. 191\/2022 \u0219i Legea nr. 298\/2023, <strong>legiuitorul a instituit dreptul tinerilor care au beneficiat de o m\u0103sur\u0103 de protec\u021bie special\u0103 de a opta pentru acordarea unei indemniza\u021bii lunare p\u00e2n\u0103 la v\u00e2rsta de 26 de ani<\/strong>, <strong><u>\u201eindiferent de momentul ie\u0219irii din sistem\u201d,<\/u><\/strong> cu condi\u021bia <strong>continu\u0103rii studiilor sau a \u00eencadr\u0103rii \u00een munc\u0103<\/strong>, condi\u021bii \u00eendeplinite de petent. Totodat\u0103, s-a constatat c\u0103 <strong>anumite prevederi din Ordinul nr. 1733\/2015<\/strong>, astfel cum a fost modificat prin Ordinul nr. 1954\/2022, \u00een special, <strong><u>obliga\u021bia depunerii raportului de consiliere<\/u><\/strong>, <strong>sunt <u>de natur\u0103 s\u0103 restr\u00e2ng\u0103 nejustificat exercitarea acestui drept<\/u>, ad\u0103ug\u00e2nd la lege condi\u021bii care nu au fost prev\u0103zute<\/strong>.<\/p>\n<p>\u00cen acest context, Avocatul Poporului a apreciat c\u0103 <strong>refuzul acord\u0103rii indemniza\u021biei pe considerente de natur\u0103 procedural\u0103 <u>afecteaz\u0103 scopul legii<\/u>, respectiv sprijinirea integr\u0103rii sociale a tinerilor proveni\u021bi din sistemul de protec\u021bie \u0219i poate transforma un drept legal \u00a0\u00a0\u00a0\u00a0\u00a0\u00eentr-unul iluzoriu <u>\u0219i instituie o discriminare \u00een r\u00e2ndul tinerilor care au p\u0103r\u0103sit sistemul de protec\u021bie al statului \u0219i \u00eendeplinesc condi\u021biile cerute de lege.<\/u><\/strong><\/p>\n<p>\u00cen considerarea acestor aspecte, Avocatul Poporului a emis Recomandarea nr. 219\/2025, adresat\u0103 ministrului muncii, familiei, tineretului \u0219i solidarit\u0103\u021bii sociale, prin care a solicitat clarificarea cadrului legal, \u00een sensul aplic\u0103rii nediscriminatorii a prevederilor art. 129 alin. (4<sup>2<\/sup>) din Legea nr. 272\/2004 pentru to\u021bi tinerii care au p\u0103r\u0103sit sistemul de protec\u021bie special\u0103, dac\u0103 \u00eendeplinesc condi\u021biile prev\u0103zute de lege la data solicit\u0103rii indemniza\u021biei.<\/p>\n<p>De asemenea, s-a recomandat eliminarea obligativit\u0103\u021bii raportului de consiliere pentru tinerii care au p\u0103r\u0103sit sistemul anterior reglement\u0103rii acestei cerin\u021be, precum \u0219i dispunerea m\u0103surilor necesare pentru reanalizarea situa\u021biilor \u00een care dreptul la indemniza\u021bie a fost refuzat \u00een mod nelegal.<\/p>\n<p>Ministerul Muncii, Familiei, Tineretului \u0219i Solidarit\u0103\u021bii Sociale a comunicat Recomandarea Avocatului Poporului \u0219i Autorit\u0103\u021bii Na\u021bionale pentru Protec\u021bia Drepturilor Copilului \u0219i Adop\u021bie (ANPDCA), ca autoritate competent\u0103 \u00een domeniul de referin\u021b\u0103 al Legii nr. 272\/2004, \u00een vederea ini\u021bierii unor consult\u0103ri privind modificarea cadrului normativ. De\u0219i pozi\u021bia ANPDCA a fost c\u0103 nu se impune modificarea cadrului legal \u0219i \u00eensu\u0219irea Recomand\u0103rii deoarece \u00een forma actual\u0103 a legisla\u021biei sunt deja: <em>asigurate circumstan\u021bele necesare acoperirii tuturor situa\u021biilor care prin natura lor ar fi putut fi considerate ca obstruc\u021bion\u00e2nd vreunul dintre drepturile tinerilor care p\u0103r\u0103sesc sistemul de protec\u021bie special\u0103<\/em>, evolu\u021biile legislative recente confirm\u0103 necesitatea interven\u021biei legislative semnalate de Avocatul Poporului prin Recomandarea nr. 129\/2025.<\/p>\n<p>Astfel, la doar o s\u0103pt\u0103m\u00e2n\u0103 de la primirea r\u0103spunsului de ne\u00eensu\u0219ire a Recomand\u0103rii, Camera Deputa\u021bilor a adoptat un proiect de lege pentru completarea art. 129 din Legea nr. 272\/2004, care <strong>extinde acordarea indemniza\u021biei \u0219i pentru tinerii care au p\u0103r\u0103sit sistemul de protec\u021bie anterior modific\u0103rilor legislative, \u00een concordan\u021b\u0103 cu recomand\u0103rile formulate de Avocatul Poporului. <\/strong><\/p>\n<p>\u00cen prezent, demersurile institu\u021biei continu\u0103 pe calea contenciosului administrativ, \u00een vederea asigur\u0103rii respect\u0103rii drepturilor petentului.<\/p>\n<\/div>\n<\/div>\n\n<p style=\"text-align: justify;\">\n<div class=\"sp-wrap sp-wrap-default\">\n<div class=\"sp-head\" title=\"Expand\">\nDosar nr. 24765\/2025 (rezumat) Institu\u021bia Avocatul Poporului a fost sesizat\u0103 prin mai multe peti\u021bii de c\u0103tre o persoan\u0103 domiciliat\u0103 \u00een municipiul Foc\u0219ani, peti\u021biile privind condi\u021biile \u00een care aceast\u0103 familie locuie\u0219te \u00eentr-o locuin\u021b\u0103 social\u0103 repartizat\u0103 de autoritatea local\u0103, locuin\u021b\u0103 necorespunz\u0103toare familiei, care include \u0219i persoane cu handicap\n<\/div>\n<div class=\"sp-body folded\">\n<p>\u00a0Fa\u021b\u0103 de aspectele invocate, au fost transmise adrese DGASPC Vrancea, Prim\u0103riei Municipiului Foc\u0219ani \u0219i Direc\u021biei de Asisten\u021b\u0103 Social\u0103 (DAS) Foc\u0219ani, fiind efectuat\u0103 \u0219i o anchet\u0103 la Prim\u0103ria Municipiului Foc\u0219ani.<\/p>\n<p style=\"text-align: justify;\">Av\u00e2nd \u00een vedere concluziile rezultate din ancheta efectuat\u0103, care \u00een esen\u021b\u0103, denot\u0103 anumite deficien\u021be \u00een \u00eendeplinirea, de c\u0103tre Prim\u0103ria Municipiului Foc\u0219ani, a atribu\u021biilor din sfera asigur\u0103rii asisten\u021bei sociale, \u00een concret prin aceea c\u0103 locuin\u021ba ocupat\u0103 de c\u0103tre familia petentului prezint\u0103 caren\u021be \u00een ceea ce prive\u0219te igiena; necesitatea asigur\u0103rii unei interven\u021bii prompte, apt\u0103 a asigura respectarea drepturilor persoanelor cu handicap, membre ale familiei petentului \u0219i \u00eemprejurarea c\u0103 solu\u021bia propus\u0103 de c\u0103tre Prim\u0103ria Foc\u0219ani, de suplimentare a spa\u021biului de locuit alocat familiei cu o camer\u0103 distinct\u0103 din acela\u0219i imobil, poate s\u0103 nu asigure condi\u021bii de via\u021b\u0103 ameliorate persoanelor cu handicap din familia petentului, \u00eengrijirea corespunz\u0103toare de care acestea au nevoie put\u00e2nd impune asigurarea unei locuin\u021be unitare, iar nu de camere distincte \u0219i separate pentru persoanele care necesit\u0103 asisten\u021b\u0103 \u0219i a celor ce acord\u0103 aceast\u0103 asisten\u021b\u0103, Avocatul Poporului a emis Recomandarea nr. 169\/2025, adresat\u0103 primarului Municipiului Foc\u0219ani, prin care s-a solicitat:<\/p>\n<p style=\"text-align: justify;\">&#8211; evaluarea \u0219i monitorizarea constant\u0103 a situa\u021biei petentului \u0219i familiei sale;<\/p>\n<p style=\"text-align: justify;\">&#8211; luarea m\u0103surilor care se impun in vederea repartiz\u0103rii familiei petentului a unei locuin\u021be unitare, iar nu a unor camere separate, care s\u0103 corespund\u0103, at\u00e2t ca suprafa\u021b\u0103, c\u00e2t \u0219i din punctul de vedere al condi\u021biilor de igien\u0103 nevoilor concrete ale persoanelor cu handicap, membre ale acestei familii;<\/p>\n<p style=\"text-align: justify;\">&#8211; asigurarea membrilor familiei petentului, dac\u0103 este cazul, a asisten\u021bei corespunz\u0103toare \u00een situa\u021bii de urgen\u021b\u0103 social\u0103, prin oferirea accesului, chiar temporar, p\u00e2n\u0103 la luarea de m\u0103suri pe o perioad\u0103 de timp mai \u00eendelungat\u0103, la servicii adaptate nevoilor concrete ale familiei;<\/p>\n<p style=\"text-align: justify;\">&#8211; consilierea \u0219i sprijinirea petentului \u00een parcurgerea etapelor reglementate de prevederile normative \u00een vigoare, \u00een vederea acces\u0103rii \u0219i ob\u021binerii efective a beneficiilor la care familia sa este \u00eendrituit\u0103;<\/p>\n<p style=\"text-align: justify;\">&#8211;\u00a0 colaborarea cu DGASPC Vrancea\u00a0 \u00een situa\u021bia \u00een care activitatea autorit\u0103\u021bii locale, Prim\u0103ria Municipiului Foc\u0219ani, va impune oferirea de sprijin \u0219i coordonare metodologic\u0103 din partea DGASPC Vrancea.<\/p>\n<p style=\"text-align: justify;\">De asemenea, au fost transmise adrese Direc\u021biei de S\u0103n\u0103tate Public\u0103 Vrancea, ANPDPD \u00a0\u0219i AJPIS Vrancea.<\/p>\n<p style=\"text-align: justify;\">Recomandarea a fost par\u021bial \u00eensu\u0219it\u0103. Astfel, Prim\u0103ria Municipiului Foc\u0219ani ne-a comunicat c\u0103 petentul refuz\u0103 repartizarea camerei disponibile la parterul imobilului \u00een care locuie\u0219te, motiv\u00e2nd faptul c\u0103 \u00een acest imobil condi\u0163iile de locuit sunt improprii \u015fi nu se poate locui \u015fi solicit\u0103 repartizarea unei alte locuin\u0163e sociale, chiar dac\u0103 aceasta este situat\u0103 la etajul 1. De asemenea, acesta a depus acte \u00een completarea dosarului de repartizare\/relocare \u00een blocul unde locuia anterior. S-a men\u021bionat faptul c\u0103 Municipiul Foc\u0219ani a procedat la eliberarea \u015fi igienizarea unei camere de l parterul blocului \u00een care petentul locuie\u0219te \u00een prezent, refuzat\u0103 de petent. Cererile petentului au fost supuse spre analizare &#8211; Comisiei sociale \u00eentrunite la nivelul Consiliului Local \u0219i s-a precizat c\u0103 la momentul analiz\u0103rii situa\u0163iei locative a acestei familii, membrii comisiei au avut \u00een vedere problemele de s\u0103n\u0103tate, respectiv persoanele \u00eencadrate \u00een grad de handicap grav \u015fi au constatat faptul c\u0103 este necesar a se repartiza o locuin\u021b\u0103 social\u0103 adecvat\u0103, situat\u0103 la parter, care s\u0103 corespund\u0103 cerin\u021belor \u015fi nevoilor acestei familii, av\u00e2nd \u00een vedere faptul c\u0103 o persoan\u0103 are grad de handicap grav permanent, fiind dependent\u0103 de \u00eenso\u021bitor, folose\u0219te scaun cu rotile, fapt ce necesit\u0103 o locuin\u021b\u0103 la parter. \u00a0S-a concluzionat c\u0103 \u00eentruc\u00e2t \u201ela acest moment nu este disponibil\u0103 nicio locuin\u021b\u0103 social\u0103 adecvat\u0103, care s\u0103 corespund\u0103 nevoilor acestei familii \u015fi s\u0103 fie situat\u0103 la parter, av\u00e2nd \u00een vedere gradul de handicap locomotor al unei persoane din familie, membrii comisiei au hot\u0103r\u00e2t reanalizarea situa\u0163iei locative a acestei familii, la momentul disponibilit\u0103\u021bii unei locuin\u0163e sociale situate la parter.\u201d<\/p>\n<p style=\"text-align: justify;\">Printr-o adres\u0103 ulterioar\u0103, Prim\u0103ria Municipiului Foc\u0219ani a precizat c\u0103 aspectele \u00eenvederate prin recomandarea transmis\u0103 au fost implementate prin demersurile realizate de DAS Foc\u0219ani. Prim\u0103ria a luat m\u0103surile necesare pentru asigurarea condi\u021biilor de locuit potrivit nevoilor petentului \u0219i s-a procedat la efectuarea repara\u021biilor la instala\u021biile sanitare \u00een vederea func\u021bion\u0103rii \u00een parametrii optimi precum \u0219i dezinsec\u021bia \u0219i dezinfec\u021bia \u00eentregului imobil. S-a mai men\u021bionat c\u0103 \u201ddat fiind faptul c\u0103 la acest moment nu este disponibil\u0103 nicio locuin\u021b\u0103 social\u0103 situat\u0103 la parter, care s\u0103 corespund\u0103 nevoilor acestei familii \u0219i av\u00e2nd \u00een vedere gradul de handicap locomotor al unuia dintre membri, Comisia social\u0103 a hot\u0103r\u00e2t reanalizarea situa\u021biei locative\u00a0 a acesteia \u00een momentul \u00een care este disponibil\u0103 o locuin\u021b\u0103 social\u0103 care s\u0103 corespund\u0103\u201d acestor cerin\u021be.<\/p>\n<p style=\"text-align: justify;\">Din adresa DAS Foc\u0219ani nr. 1425\/2026, a rezultat c\u0103 familia petentului este constant monitorizat\u0103 de inspectori \u0219i asisten\u021bii sociali comunitari, s-a acordat un ajutor de urgen\u021b\u0103 unui membru al familiei pentru efectuarea de investiga\u021bii medicale de specialitate; a fost achitat\u0103 indemniza\u021bia pentru persoanele cu handicap pentru perioada \u00een care asisten\u021bii personali ai persoanelor cu handicap, membri ai familiei s-au aflat \u00een concediu, dup\u0103 aprobarea bugetului pentru 2026 familia put\u00e2nd beneficia de ajutoare financiare pentru efectuarea de analize \u0219i achizi\u021bionarea de medicamente. S-a concluzionat c\u0103 DAS Foc\u0219ani \u201eva sprijini \u00een continuare familia (\u2026) pentru accesarea tuturor beneficilor \u0219i serviciilor de asisten\u021b\u0103 social\u0103 (\u2026) \u0219i va continua monitorizarea familiei, care va fi consiliat\u0103 \u0219i informat\u0103 cu privire la drepturile \u0219i obliga\u021biile ce decurg din calitatea de beneficiari ai serviciilor sociale\u201d.<\/p>\n<p style=\"text-align: justify;\">Fa\u021b\u0103 de datele comunicate de c\u0103tre autorit\u0103\u021bile sesizate, s-a solicitat prefectului Jude\u021bului Vrancea monitorizarea situa\u021biei locative a familiei.\u00a0<\/p>\n<\/div>\n<\/div>\n<\/p>\n<p style=\"text-align: justify;\">\n<div class=\"sp-wrap sp-wrap-default\">\n<div class=\"sp-head\" title=\"Expand\">\nDosar nr. 24726\/2025 (rezumat) - Sesizarea a fost ini\u021biat\u0103 \u00een urma unui articol publicat de Observator, care prezenta cazul unei femei din Buftea, jude\u021bul Ilfov, victima unui atac violent comis de fostul so\u021b. Conform sursei, \u00een momentul \u00een care femeia se \u00eentorcea de la serviciu, \u00een parcarea imobilului, fostul so\u021b s-ar fi n\u0103pustit asupra ei, \u00eenjunghiind-o cu un briceag \u00een zona piciorului \u0219i a coastelor. \n<\/div>\n<div class=\"sp-body folded\">\n<p> Aspectele constatate indicau o posibil\u0103 \u00eenc\u0103lcare a dispozi\u021biilor art. 22 din Constitu\u021bie, referitoare la dreptul la via\u021b\u0103 \u015fi la integritate fizic\u0103 \u015fi psihic\u0103.<\/p>\n<p style=\"text-align: justify;\">Fa\u021b\u0103 de datele publicate \u00een pres\u0103, institu\u021bia Avocatul Poporului s-a sesizat din oficiu \u0219i a \u00eentreprins demersuri pe l\u00e2ng\u0103 Inspectoratul de Poli\u021bie Jude\u021bean Ilfov, Direc\u021bia Asisten\u021b\u0103 Social\u0103 Buftea \u0219i Direc\u021bia General\u0103 de Asisten\u021b\u0103 Social\u0103 \u0219i Protec\u021bia Copilului Ilfov, pentru a ob\u021bine informa\u021bii cu privire la gestionarea cazului de violen\u021b\u0103 domestic\u0103.<\/p>\n<p style=\"text-align: justify;\">Direc\u021bia General\u0103 de Asisten\u021b\u0103 Social\u0103 \u0219i Protec\u021bia Copilului Ilfov, \u00eempreun\u0103 cu Direc\u021bia de Asisten\u021b\u0103 Social\u0103 Buftea, au informat c\u0103 reprezentan\u021bii lor s-au deplasat la domiciliul victimei, \u00eens\u0103 nu a fost g\u0103sit\u0103 nicio persoan\u0103. Ulterior, contactat\u0103 telefonic, <strong>mama victimei a precizat c\u0103 fiica sa nu dore\u0219te s\u0103 ofere detalii despre incident<\/strong>.<\/p>\n<p style=\"text-align: justify;\">Inspectoratul de Poli\u021bie Jude\u021bean Ilfov a comunicat c\u0103, la data de 31 iulie, ora 21:42, au fost informa\u021bi c\u0103 o femeie a fost \u00eenjunghiat\u0103, iar autorul faptei a fugit de la fa\u021ba locului. Victima a fost transportat\u0103 de urgen\u021b\u0103 la spital, iar agresorul a fost depistat de organele de poli\u021bie la scurt timp dup\u0103 comiterea faptei. \u00cen urma cercet\u0103rilor, s-a stabilit c\u0103 victima avusese o rela\u021bie de concubinaj de aproximativ 25 de ani cu agresorul, \u00eens\u0103, la momentul comiterii faptei, cei doi erau desp\u0103r\u021bi\u021bi \u0219i locuiau separat.<\/p>\n<p style=\"text-align: justify;\">\u00cen aceea\u0219i zi, la ora 15:10, victima sesizase poli\u021bia c\u0103 \u00een seara precedent\u0103 (30 iulie, ora 23:00), fusese agresat\u0103 fizic de fostul partener, fiind lovit\u0103 \u00een zona g\u00e2tului, f\u0103r\u0103 a prezenta urme vizibile. Poli\u021bi\u0219tii au audiat victima, au completat formularul de evaluare a riscului \u0219i au constatat un risc iminent pentru via\u021ba \u0219i siguran\u021ba acesteia. A fost emis un ordin de protec\u021bie provizoriu pentru 5 zile, prin care agresorului i s-a impus s\u0103 p\u0103streze o distan\u021b\u0103 de minimum 200 de metri fa\u021b\u0103 de victim\u0103, locuin\u021ba \u0219i locul de munc\u0103 al acesteia. <strong>De\u0219i i s-a propus monitorizarea electronic\u0103 a agresorului, femeia a refuzat aceast\u0103 m\u0103sur\u0103<\/strong>.<\/p>\n<p style=\"text-align: justify;\">Dup\u0103 tentativa de omor din seara zilei de 31 iulie, agresorul a fost depistat, iar procurorul din cadrul Parchetului de pe l\u00e2ng\u0103 Tribunalul Ilfov a dispus punerea \u00een mi\u0219care a ac\u021biunii penale pentru infrac\u021biunea de violen\u021b\u0103 \u00een familie, comis\u0103 \u00een forma tentativei de omor. Ulterior, s-a dispus m\u0103sura arestului preventiv, iar instan\u021ba a emis un ordin de protec\u021bie pentru o perioad\u0103 de 12 luni.<\/p>\n<p style=\"text-align: justify;\">\u00cen anumite situa\u021bii, atitudinea victimei care, din diverse motive, nu colaboreaz\u0103 \u00een favoarea sa cu autorit\u0103\u021bile locale sau refuz\u0103 orice form\u0103 de sprijin, poate men\u021bine ori chiar accentua o stare de risc, ale c\u0103rei consecin\u021be pot fi fatale. Lipsa de cooperare a victimei nu doar c\u0103 spore\u0219te vulnerabilitatea acesteia, dar poate avea efecte negative \u0219i asupra altor membri ai familiei. \u00cen astfel de cazuri, se constat\u0103 uneori o reac\u021bie de pasivitate din partea autorit\u0103\u021bilor competente, precum \u0219i o lips\u0103 de coordonare \u00eentre institu\u021biile cu atribu\u021bii \u00een domeniul prevenirii \u0219i combaterii violen\u021bei domestice, ceea ce, \u00een final, poate conduce la atingerea drepturilor \u0219i intereselor legitime ale victimelor.<\/p>\n<p style=\"text-align: justify;\">Este esen\u021bial ca autorit\u0103\u021bile s\u0103 manifeste un rol activ \u00een asemenea situa\u021bii, astfel \u00eenc\u00e2t, chiar \u0219i \u00een condi\u021biile refuzului victimei de a accepta sprijinul oferit, acestea s\u0103 continue monitorizarea cazului, verific\u00e2nd periodic starea victimei \u0219i condi\u021biile de via\u021b\u0103. \u00cen cazurile \u00een care familia refuz\u0103 colaborarea cu serviciile publice de asisten\u021b\u0103 social\u0103, autorit\u0103\u021bile locale pot intensifica cooperarea cu poli\u021bia \u0219i cu organiza\u021biile non-guvernamentale, pentru a asigura forme suplimentare de sprijin. O astfel de abordare unitar\u0103 \u0219i preventiv\u0103 contribuie la reducerea riscului de recidiv\u0103 a violen\u021bei domestice.<\/p>\n<p style=\"text-align: justify;\">Totodat\u0103, autorit\u0103\u021bile pot organiza sesiuni de informare suplimentare, menite s\u0103 explice victimei, \u00eentr-un mod clar, accesibil \u0219i non-intruziv, drepturile \u0219i op\u021biunile pe care le are la dispozi\u021bie, precum \u0219i importan\u021ba raport\u0103rii cazurilor de violen\u021b\u0103 domestic\u0103 \u0219i a utiliz\u0103rii dispozitivelor electronice de supraveghere. Aceste sesiuni trebuie desf\u0103\u0219urate \u00eentr-un mediu sigur, confortabil \u0219i neintimidant, care s\u0103 \u00eencurajeze comunicarea deschis\u0103 \u0219i sincer\u0103, permi\u021b\u00e2nd o \u00een\u021belegere mai profund\u0103 a situa\u021biei concrete a victimei \u0219i facilit\u00e2nd acordarea unei asisten\u021be adecvate \u0219i personalizate.<\/p>\n<p style=\"text-align: justify;\">Av\u00e2nd \u00een vedere necesitatea unei abord\u0103ri interinstitu\u021bionale \u0219i multidisciplinare, se impune consolidarea colabor\u0103rii permanente dintre organele de poli\u021bie \u0219i autorit\u0103\u021bile cu atribu\u021bii \u00een domeniul asisten\u021bei sociale, pentru o monitorizare eficient\u0103 a cazurilor de risc \u0219i a evolu\u021biei fiec\u0103rei situa\u021bii. Monitorizarea constant\u0103, realizat\u0103 pe o perioad\u0103 adecvat\u0103 \u0219i \u00een func\u021bie de gradul de risc, contribuie semnificativ la prevenirea escalad\u0103rii conflictelor, la evitarea producerii unor evenimente grave \u0219i la reeducarea agresorilor, \u00een sensul corect\u0103rii comportamentului violent.<\/p>\n<p style=\"text-align: justify;\">\u00cen concluzie, autorit\u0103\u021bile trebuie s\u0103 ofere un sprijin constant \u0219i s\u0103 implementeze m\u0103suri care s\u0103 garanteze siguran\u021ba victimei. Comunicarea continu\u0103, abord\u0103rile empatice \u0219i informarea victimelor referitor la drepturile lor sunt esen\u021biale pentru a \u00eencuraja accesul acestora la m\u0103surile de protec\u021bie disponibile. Situa\u021biile \u00een care victimele refuz\u0103 ajutorul din cauza stimei de sine sc\u0103zute, dependen\u021bei emo\u021bionale ori financiare fa\u021b\u0103 de agresor sau din cauza fricii de represalii ar putea fi gestionate mai eficient cu ajutorul unui consilier sau al unui psiholog \u0219i \u00een general ar putea fi necesar\u0103 o abordare mai sensibil\u0103 \u0219i empatic\u0103 din partea autorit\u0103\u021bilor, care s\u0103 asigure victimei sprijinul psihologic necesar pentru a \u00een\u021belege impactul pe termen lung al violen\u021bei domestice \u0219i pentru a o ajuta s\u0103 dep\u0103\u0219easc\u0103 starea de fric\u0103 \u0219i vulnerabilitate.<\/p>\n<p style=\"text-align: justify;\">\u00cen consecin\u021b\u0103, am solicitat at\u00e2t Inspectoratului de Poli\u021bie Jude\u021bean Ilfov, c\u00e2t \u0219i Direc\u021biei Generale de Asisten\u021b\u0103 Social\u0103 \u0219i Protec\u021bia Copilului Ilfov, s\u0103 asigure monitorizarea continu\u0103 a situa\u021biei victimei \u0219i s\u0103 manifeste o abordare proactiv\u0103, empatic\u0103 \u0219i profesionist\u0103 \u00een acest demers.<\/p>\n<\/div>\n<\/div>\n<\/p>\n<p style=\"text-align: justify;\">\n<div class=\"sp-wrap sp-wrap-default\">\n<div class=\"sp-head\" title=\"Expand\">\nDosar nr. 24522\/2025 (rezumat) Avocatul Poporului s-a sesizat din oficiu cu privire la articolul publicat pe pagina de internet a publica\u021biei online bizbrasov.ro (https:\/\/www.bizbrasov.ro\/2025\/07\/27\/localnici-apata-arest-cearta-sotie\/) Un localnic din Apa\u021ba a ajuns \u00een Arest, dup\u0103 ce \u201es-a jucat\u201d cu ordinul de protec\u021bie, \u0219i s-a \u00eentors acas\u0103 la so\u021bie, de\u0219i avea interdic\u021bie, \u00een care se relata faptul c\u0103 poli\u021bi\u0219tii din cadrul Sec\u021biei de Poli\u021bie Rural\u0103 Hoghiz efectueaz\u0103 cercet\u0103ri \u00een cadrul unui dosar penal, cu un b\u0103rbat \u00een stare de re\u021binere, dup\u0103 ce acesta a \u00eenc\u0103lcat m\u0103surile dispuse \u00eempotriva sa prin ordin de protec\u021bie provizoriu\n<\/div>\n<div class=\"sp-body folded\">\n<\/p>\n<p style=\"text-align: justify;\">\u00cen consecin\u021b\u0103, am sesizat <strong>Prim\u0103ria comunei Apa\u021ba, jude\u021bul Bra\u0219ov, Inspectoratul de Poli\u021bie Jude\u021bean Bra\u0219ov \u0219i Direc\u021bia General\u0103 de Asisten\u021b\u0103 Social\u0103 \u0219i Protec\u021bia Copilului Bra\u0219ov<\/strong> comunicarea de date referitoare, \u00een esen\u021b\u0103, la informa\u021biile pe care le de\u021bin cu privire la acest caz.<\/p>\n<p style=\"text-align: justify;\">Lu\u00e2nd \u00een considerare examinarea legisla\u021biei incidente \u0219i r\u0103spunsurile institu\u021biilor publice sesizate, <strong>Avocatul <\/strong><strong>Poporului a emis Recomandarea nr. 183\/06.10.2025<\/strong>, prin care a solicitat <strong>\u0219efului Inspectoratului de Poli\u021bie Jude\u021bean Bra\u0219ov <\/strong>ca, \u00een exercitarea atribu\u021biilor conferite prin legisla\u021bia \u00een vigoare, s\u0103 dispun\u0103 luarea m\u0103surilor corespunz\u0103toare care s\u0103 conduc\u0103 la: cooperarea interinstitu\u021bional\u0103 cu reprezentan\u021bii DGASPC\/DAS\/SPAS, cu atribu\u021bii \u00een prevenirea violen\u021bei domestice, prin comunicarea imediat\u0103 a oric\u0103rui caz de violen\u021b\u0103 ori posibil\u0103 violen\u021b\u0103 \u00een familie, \u00een vederea monitoriz\u0103rii de c\u0103tre ace\u0219tia a climatului familial; instruirea personalului din subordine, cu privire la insistarea \u00een prevenirea agresorului, referitor la consecin\u021bele faptelor sale; Compartimentul de Analiz\u0103 \u0219i Prevenire a Criminalit\u0103\u021bii va organiza sesiuni de mediatizare \u00een r\u00e2ndul popula\u021biei \u0219i \u00een mediile sociale predispuse la s\u0103v\u00e2r\u0219irea actelor de violen\u021b\u0103 de orice fel, \u00een vederea con\u0219tientiz\u0103rii efectelor negative a acestor fapte antisociale; desf\u0103\u0219urarea unor activit\u0103\u021bi de diseminare a actelor normative cu inciden\u021b\u0103 \u00een materia prevenirii \u0219i combaterii violen\u021bei domestice \u00een cadrul orelor de preg\u0103tire \u0219i formare profesional\u0103 a poli\u021bi\u0219tilor.<\/p>\n<p style=\"text-align: justify;\">Inspectoratul de Poli\u021bie Jude\u021bean Bra\u0219ov a comunicat faptul c\u0103 \u00ee\u0219i \u00eensu\u0219e\u0219te Recomandarea Avocatului Poporului, <em>la nivelul acestei institu\u021bii fiind \u00eentocmit\u0103 \u0219i diseminat\u0103 c\u0103tre toate subunit\u0103\u021bile de poli\u021bie adresa \u00eenregistrat\u0103 cu num\u0103rul. 607.176 \/29.10.2025 \u00een vederea reprelucr\u0103rii cu to\u021bi poli\u021bi\u0219tii a cadrului dispozi\u021bional privind cooperarea interinstitu\u021bional\u0103 cu reprezentan\u021bii DGASPC \/ DAS \/ SPAS cu atribu\u021bii pentru prevenirea violen\u021bei domestice, prin comunicarea imediat\u0103 a oric\u0103rui caz de violen\u021b\u0103 ori posibil\u0103 violen\u021b\u0103 \u00een familie, \u00een vederea monitoriz\u0103rii climatului familial.<\/em><\/p>\n<p style=\"text-align: justify;\"><em>Totodat\u0103, se transmite c\u0103 poli\u021bi\u0219tii au fost reinstrui\u021bi cu privire la informarea agresorilor asupra consecin\u021belor legale ale faptelor lor, accentu\u00e2ndu-se importan\u021ba descuraj\u0103rii comportamentului violent \u0219i a monitoriz\u0103rii respect\u0103rii m\u0103surilor de protec\u021bie dispuse prin ordinele de protec\u021bie.<\/em><\/p>\n<p style=\"text-align: justify;\"><em>\u00cen ceea ce prive\u0219te organizarea activit\u0103\u021bilor de informare \u0219i con\u0219tientizare a popula\u021biei cu privire la problematica violen\u021bei domestice, suntem informa\u021bi c\u0103 acest subiect reprezint\u0103 o prioritate pentru Inspectoratul de Poli\u021bie Jude\u021bean Bra\u0219ov. \u0218i \u00een cursul anului 2025, prin poli\u021bi\u0219tii din cadrul Biroului de Analiz\u0103 \u0219i Prevenire a Criminalit\u0103\u021bii au fost organizate \u00een colaborare cu autorit\u0103\u021bile locale, reprezentan\u021bi DGASPC-uri \u0219i ONG-uri at\u00e2t \u00een mediul urban, c\u00e2t \u0219i \u00een mediul rural campanii de mediatizare, distribuire de materiale informative, apari\u021bii \u00een mass-media local\u0103, articole publicate \u00een presa scris\u0103 \u0219i online, spoturi video \u0219i conferin\u021be. \u00cen cadrul activit\u0103\u021bilor de preg\u0103tire profesional\u0103 sunt prezentate \u0219i dezb\u0103tute actele normative incidente \u00een domeniul prevenirii \u0219i combaterii violen\u021bei domestice, inclusiv modific\u0103rile legislative.\u00a0<\/em><\/p>\n<\/div>\n<\/div>\n<\/p>\n<p style=\"text-align: justify;\">\n<div class=\"sp-wrap sp-wrap-default\">\n<div class=\"sp-head\" title=\"Expand\">\nDosar nr. 24520\/2025 (rezumat) Prin peti\u021bia \u00eenregistrat\u0103 la institu\u021bia Avocatul Poporului, o persoan\u0103 a solicitat sprijin pentru protejarea intereselor cumnatului s\u0103u, domiciliat \u00een municipiul Foc\u0219ani, diagnosticat cu o patologie psihic\u0103 \u0219i \u00eencadrat \u00een grad de handicap accentuat, permanent, nerevizuibil. Petenta a semnalat faptul c\u0103, de\u0219i aflat \u00eentr-o stare de s\u0103n\u0103tate precar\u0103, acesta a contractat \u00een mod repetat credite de la institu\u021bii financiare nebancare, f\u0103r\u0103 a con\u0219tientiza consecin\u021bele juridice \u0219i financiare, ceea ce a generat dificult\u0103\u021bi majore pentru familie\n<\/div>\n<div class=\"sp-body folded\">\n<p>\u00a0Peti\u021bia a fost analizat\u0103 \u00een conformitate cu prevederile constitu\u021bionale privind protec\u021bia special\u0103 acordat\u0103 persoanelor cu dizabilit\u0103\u021bi de c\u0103tre stat.<\/p>\n<p style=\"text-align: justify;\">\u00cen urma cercet\u0103rii situa\u021biei, institu\u021bia Avocatul Poporului s-a adresat conducerii Direc\u021biei Generale de Asisten\u021b\u0103 Social\u0103 \u0219i Protec\u021bia Copilului (DGASPC) Vrancea \u0219i Direc\u021biei de Asisten\u021b\u0103 Social\u0103 (DAS) Foc\u0219ani, pentru a le supune analizei acest caz \u0219i pentru a dispune m\u0103surile legale ce se impun, \u00een vederea ocrotirii intereselor \u0219i drepturilor fundamentale ale persoanei cu handicap.<\/p>\n<p style=\"text-align: justify;\">Ca urmare a demersurilor \u00eentreprinse, DGASPC Vrancea a apreciat c\u0103 ini\u021bierea demersurilor privind instituirea tutelei speciale reprezint\u0103 solu\u021bia adecvat\u0103 pentru protejarea intereselor persoanei ocrotite. Astfel, petenta a fost informat\u0103 cu privire la procedura legal\u0103 de instituire a tutelei speciale, care poate fi solicitat\u0103 de rude, afini sau persoane care locuiesc cu cel ocrotit, printr-o cerere, \u00eentemeiat\u0103 pe prevederile art. 164-177 din Codul civil, coroborate cu art. 936-943 din Codul de procedur\u0103 civil\u0103, cerere scutit\u0103 de tax\u0103 judiciar\u0103 de timbru, conform art. 29 alin. (1) lit. e) din OUG nr. 80\/2013 privind taxele judiciare de timbru.<\/p>\n<p style=\"text-align: justify;\">Dup\u0103 pronun\u021barea hot\u0103r\u00e2rii de instituire a tutelei, tutorele desemnat are obliga\u021bia de a se \u00eengriji de persoana ocrotit\u0103, de a-i \u00eembun\u0103t\u0103\u021bi condi\u021biile de via\u021b\u0103, a-i asigura bun\u0103starea moral\u0103 \u0219i material\u0103 \u0219i de a administra veniturile \u0219i bunurile acesteia. Tutorele va reprezenta persoana ocrotit\u0103 \u00een exercitarea drepturilor \u0219i libert\u0103\u021bilor sale. Odat\u0103 ce hot\u0103r\u00e2rea devine definitiv\u0103, persoana pus\u0103 sub tutel\u0103 nu mai poate contracta \u00eemprumuturi bancare, acestea fiind anulabile potrivit art. 172 alin. (1) din Codul civil.<\/p>\n<p style=\"text-align: justify;\">Sentin\u021ba de instituire a tutelei va fi comunicat\u0103, potrivit legii, c\u0103tre: Serviciul public comunitar local de eviden\u021b\u0103 a persoanelor, Serviciul sanitar competent, Biroul de cadastru \u0219i publicitate imobiliar\u0103, Registrul na\u021bional de eviden\u021b\u0103 a m\u0103surilor de sprijin \u0219i ocrotire, \u021binut de Uniunea Na\u021bional\u0103 a Notarilor Publici din Rom\u00e2nia, astfel \u00eenc\u00e2t persoana pus\u0103 sub tutel\u0103 s\u0103 nu poat\u0103 \u00eencheia acte juridice (cum ar fi contracte de v\u00e2nzare-cump\u0103rare, de dona\u021bie etc.) sau s\u0103 gestioneze conturi sau \u00eemprumuturi bancare\/nebancare.<\/p>\n<p style=\"text-align: justify;\">Petenta a fost \u00eendrumat\u0103 s\u0103 solicite sprijinul medicilor speciali\u0219ti (psihiatru \u0219i psiholog) pentru reevaluarea st\u0103rii de s\u0103n\u0103tate a cumnatului s\u0103u \u0219i pentru eventuala \u00eencadrare \u00eentr-un alt grad de handicap. \u00cen cazul \u00een care situa\u021bia se agraveaz\u0103 \u0219i acesta devine agresiv, petenta a fost \u00eendrumat\u0103 s\u0103 solicite interven\u021bia poli\u021biei \u0219i a cadrelor medicale de specialitate, \u00een vederea intern\u0103rii acestuia \u00eentr-o sec\u021bie medical\u0103 corespunz\u0103toare.<\/p>\n<p style=\"text-align: justify;\">De asemenea, petenta a fost informat\u0103 c\u0103 DAS Foc\u0219ani poate oferi: consiliere medical\u0103 \u0219i social\u0103, \u00een limita competen\u021belor profesionale legale, efectuarea de vizite la domiciliu pentru asisten\u021ba medical\u0103 a pacientului cronic, asigurarea rela\u021biei cu medicul de familie, cu medici\u00a0 speciali\u0219ti pentru evaluarea st\u0103rii de s\u0103n\u0103tate \u0219i ob\u021binerea de referate sociale \u0219i sprijin pentru depunerea documenta\u021biei la Comisia de Evaluarea a Persoanelor cu Handicap Adulte.<\/p>\n<p style=\"text-align: justify;\">DGASPC Vrancea a dat asigur\u0103ri c\u0103 va monitoriza \u00een continuare situa\u021bia \u0219i va urm\u0103ri respectarea drepturilor persoanei cu handicap, \u00een conformitate cu legisla\u021bia \u00een vigoare.\u00a0<\/p>\n<\/div>\n<\/div>\n<\/p>\n\n<div class=\"sp-wrap sp-wrap-default\">\n<div class=\"sp-head\" title=\"Expand\">\nDosar nr. 23778\/2024 (rezumat) Avocatul Poporului s-a sesizat din oficiu dup\u0103 ce, \u00een data de 29 iulie 2024, un grup de jurnali\u0219ti de investiga\u021bie independen\u021bi a dat publicit\u0103\u021bii un material audio-video \u00een care un reputat profesor \u0219i sociolog era acuzat, de fo\u0219ti studen\u021bi ai s\u0103i, de fapte care ar putea fi circumscrise violen\u021bei de gen, petrecute \u00een mediul academic, cu ocazia activit\u0103\u021bilor didactice desf\u0103\u0219urate de profesor\n<\/div>\n<div class=\"sp-body folded\">\n<\/p>\n<p style=\"text-align: justify;\">Materialul, preluat de \u00eentreag\u0103 pres\u0103, <strong>prezenta acte de<\/strong> <strong>h\u0103r\u021buire sexual\u0103<\/strong> <strong>care ar fi avut loc \u00een timpul stagiilor de practic\u0103<\/strong>. Conform celor declarate de victime, profesorul le-ar fi cerut studentelor s\u0103 se dezbrace \u00een fa\u021ba lui, le-ar fi vorbit despre sex \u0219i le-ar fi indus tinerelor sentimentul c\u0103 ele sunt vinovate pentru ce se \u00eent\u00e2mpl\u0103, \u00eenjosindu-le \u0219i supun\u00e2ndu-le unui tratament sexist \u0219i discriminator, fapt care a avut un puternic impact asupra s\u0103n\u0103t\u0103\u021bii mintale a unora dintre acestea.<\/p>\n<p style=\"text-align: justify;\">Institu\u021bia Avocatul Poporului a efectuat <strong>demersuri <\/strong>scrise pe l\u00e2ng\u0103: conducerea SNSPA-\u0218colii Na\u021bionale de Studii Politice \u0219i Administrative (unde activa profesorul); conducerea Consiliului Na\u0163ional al Rectorilor din Rom\u00e2nia; conducerea Ministerului Educa\u021biei; conducerea Ministerului Familiei, Tineretului \u0219i Egalit\u0103\u021bii de \u0218anse; conducerea principalelor centre universitare din \u021bar\u0103, c\u0103rora le-am adresat un set de \u00eentreb\u0103ri privind sesiz\u0103rile de h\u0103r\u021buire sexual\u0103, condi\u021biile de admisibilitate a acestora \u0219i modul de solu\u021bionare de c\u0103tre comisiile de etic\u0103; Alian\u021ba Na\u021bional\u0103 a Organiza\u021biilor Studen\u021be\u0219ti din Rom\u00e2nia (ANOSR).<\/p>\n<p style=\"text-align: justify;\">Din r\u0103spunsurile transmise au rezultat, \u00een esen\u021b\u0103, urm\u0103toarele: <strong>cadrul legal actual nu este suficient pentru a asigura protejarea valorilor care \u021bin de integritatea psihic\u0103 \u0219i fizic\u0103 a tinerilor<\/strong>; <strong>cazurile de sesiz\u0103ri privind h\u0103r\u021buirea sexual\u0103 sunt subraportate;<\/strong> \u00een <strong>codurile de etic\u0103 \u0219i deontologie profesional\u0103, h\u0103r\u021buirea sexual\u0103 nu este prev\u0103zut\u0103 distinct de alte forme de h\u0103r\u021buire<\/strong> \u0219i <strong>nu exist\u0103 o procedur\u0103 opera\u021bional\u0103 dedicat\u0103 h\u0103r\u021buirii sexuale<\/strong>.<\/p>\n<p style=\"text-align: justify;\">Pe baza constat\u0103rilor sale, <strong>a<\/strong><strong>preciind c\u0103<\/strong>:<\/p>\n<p style=\"text-align: justify;\">&#8211; <strong>h\u0103r\u021buirea sexual\u0103 \u00een mediul academic<\/strong> trebuie <strong>abordat\u0103 prioritar <\/strong>de autorit\u0103\u021bile statului, \u00eentruc\u00e2t <strong>afecteaz\u0103 tinerii<\/strong>, <strong>interfer\u00e2nd cu dezvoltarea lor \u0219i continu\u00e2nd s\u0103 aib\u0103 impact chiar dup\u0103 absolvirea\/abandonarea facult\u0103\u021bii;<\/strong><\/p>\n<p style=\"text-align: justify;\">&#8211; universit\u0103\u021bile trebuie <strong>s\u0103 \u00ee\u0219i adapteze normele codurilor de etic\u0103 \u0219i procedurile interne<\/strong> pentru <strong>a preveni, identifica, contracara \u0219i sanc\u021biona<\/strong> <strong>mai bine h\u0103r\u021buirea sexual\u0103<\/strong>;<\/p>\n<p style=\"text-align: justify;\">&#8211; \u00a0este nevoie de <strong>politici publice <\/strong>care s\u0103 aib\u0103 \u00een vedere <strong>implementarea Conven\u021biei de la Istanbul<\/strong> \u0219i s\u0103 pun\u0103 accent pe protejarea tinerilor \u0219i <strong>pe cre\u0219terea gradului de con\u0219tientizare privind prevalen\u021ba violen\u021bei bazate pe gen \u00een mediul academic;<\/strong><\/p>\n<p style=\"text-align: justify;\">&#8211; universit\u0103\u021bile trebuie s\u0103 antreneze<strong> r\u0103spunderea administrativ\u0103 a celor vinova\u021bi \u0219i, dup\u0103 caz, s\u0103 <\/strong><strong>sesizeze de \u00eendat\u0103 organele de urm\u0103rire penal\u0103<\/strong> \u00een cazurile de h\u0103r\u021buire sexual\u0103;<\/p>\n<p style=\"text-align: justify;\">&#8211; universit\u0103\u021bile<strong> trebuie s\u0103 aib\u0103 politici clare <\/strong>legat de h\u0103r\u021buirea sexual\u0103, astfel \u00eenc\u00e2t studen\u021bii \u0219i membrii personalului s\u0103 \u0219tie care este<strong> politica facult\u0103\u021bii \u00een privin\u021ba h\u0103r\u021buirii sexuale \u0219i cui se pot adresa<\/strong> c\u00e2nd apare o astfel de situa\u021bie;<\/p>\n<p style=\"text-align: justify;\">&#8211; h<strong>\u0103r\u021buirea sexual\u0103 trebuie s\u0103 ocupe un capitol distinct \u00een codurile de etic\u0103,<\/strong> iar universit\u0103\u021bile s\u0103 adopte<strong> standarde etice \u0219i proceduri adecvate<\/strong> <strong>respect\u0103rii acestora;<\/strong><\/p>\n<p style=\"text-align: justify;\">&#8211;<strong> informa\u021biile privind h\u0103r\u021buirea sexual\u0103 \u0219i modul de sesizare a Comisiei de Etic\u0103 trebuie s\u0103 fie extrem de accesibile comunit\u0103\u021bii academice, <\/strong>s\u0103 fie publicate at\u00e2t pe pagina web a universit\u0103\u021bilor, c\u00e2t \u0219i pe cea a facult\u0103\u021bilor din fiecare universitate, afi\u0219ate la avizier \u0219i comunicate direct, atunci c\u00e2nd se solicit\u0103\/impune,<\/p>\n<p style=\"text-align: justify;\"><strong>Avocatul Poporului a emis Recomandarea nr. 54\/2025<\/strong>, c\u0103tre: rectorul SNSPA, pre\u0219edintele Consiliului Na\u0163ional al Rectorilor din Rom\u00e2nia \u0219i c\u0103tre ministrul educa\u021biei \u0219i cercet\u0103rii.<\/p>\n<p style=\"text-align: justify;\">\u00cen <strong>Recomandarea adresat\u0103 ministrului educa\u021biei<\/strong> <strong>\u0219i cercet\u0103rii<\/strong>, Avocatul Poporului<strong> \u00eei recomanda:<\/strong><\/p>\n<p style=\"text-align: justify;\">-s\u0103 dispun\u0103 <strong>m\u0103suri de accelerare a modific\u0103rii legisla\u021biei secundare \u0219i ter\u021biare<\/strong> <strong>referitor la peti\u0163iile anonime<\/strong> care se refer\u0103 la cazuri de h\u0103r\u0163uire sexual\u0103 <strong>\u0219i \u00een scopul \u00eembog\u0103\u021birii standardelor <\/strong><strong>de referin\u021b\u0103 privind etica \u0219i deontologia universitar\u0103<\/strong><em>;<\/em><\/p>\n<p style=\"text-align: justify;\"><strong>&#8211; <\/strong>s\u0103 dispun\u0103 m\u0103suri de<strong> modificare a defini\u021biei \u201eh\u0103r\u0163uirii sexuale\u201d<\/strong> <strong>din <em>Legea nr. 199\/2023 privind \u00eenv\u0103\u021b\u0103m\u00e2ntul superior<\/em>, pentru a institui, \u00een prim\u0103 instan\u021b\u0103<\/strong>, <strong>o r\u0103spundere la nivel administrativ, <\/strong>respectiv disciplinar, legea limit\u00e2ndu-se \u00een a prelua defini\u021bia infrac\u021biunii de \u201eh\u0103r\u021buire sexual\u0103\u201d, din Codul penal.<\/p>\n<p style=\"text-align: justify;\"><strong>Ministerul Educa\u021biei <\/strong>a r\u0103spuns, comunic\u00e2ndu-ne <strong>\u00eensu\u0219irea par\u021bial\u0103<\/strong> a acesteia, \u00een sensul c\u0103 <strong>au fost elaborate proiectele de acte normative privind modificarea \u0219i\/sau completarea at\u00e2t a HG nr. 305\/2024 <\/strong>(<em>privind Codul &#8211; cadru de etic\u0103 \u0219i deontologie universitar\u0103<\/em>),<strong> c\u00e2t \u0219i a Ordinului nr.6869\/2024 <\/strong>(<em>Regulamentul &#8211; cadru privind organizarea \u0219i func\u021bionarea comisiilor de etic\u0103 universitar\u0103<\/em>) \u0219i urmeaz\u0103 s\u0103 fie \u00eenaintate Guvernului, \u00eens\u0103 <strong>nu se impune modificarea Legii nr. 199\/2023<\/strong>.<\/p>\n<p style=\"text-align: justify;\">\u00cen considerarea celor de mai sus, <strong>am continuat demersurile institu\u021bionale sesiz\u00e2nd comisiile de specialitate ale Parlamentului <\/strong>\u0219i insist\u00e2nd asupra faptului c\u0103 <strong>Legea nr. 199\/2023 a \u00eenv\u0103\u021b\u0103m\u00e2ntului superior trebuie s\u0103 con\u021bin\u0103 referiri clare la interzicerea h\u0103r\u021buirii sexuale \u00een universit\u0103\u021bi \u0219i la sanc\u021bionarea ei ca abatere disciplinar\u0103 grav\u0103.<\/strong><\/p>\n<p style=\"text-align: justify;\">\u00cen data de 16 septembrie 2025, <strong>Ministerul Educa\u0163iei \u0219i Cercet\u0103rii a publicat \u00een transparen\u021b\u0103 <em>Proiectul Hot\u0103r\u00e2rii de Guvern pentru completarea art. 10 din Codul &#8211; cadru de etic\u0103 \u015fi deontologie universitar\u0103<\/em>, <\/strong>aprobat prin Hot\u0103r\u00e2rea Guvernului nr. 305\/2024. Cu acest prilej, am constatat c\u0103 <strong>actul normativ nu individualizeaz\u0103 \u0219i nu define\u0219te <em>\u201eh\u0103r\u021buirea sexual\u0103\u201d<\/em>, ci <em>\u201eh\u0103r\u021buirea pe criteriu de sex\u201d \u0219i \u201eh\u0103r\u021buirea moral\u0103<\/em><\/strong><em>\u201d.<\/em> Observ\u00e2nd c\u0103 nici \u00een <em>Hot\u0103r\u00e2rea de Guvern nr. 970\/2023 pentru aprobarea Metodologiei privind prevenirea \u0219i combaterea h\u0103r\u021buirii pe criteriu de sex, precum \u0219i a h\u0103r\u021buirii morale la locul de munc\u0103<\/em> <strong>nu reg\u0103sim conceptul de<\/strong> <strong><em>\u201eh\u0103r\u021buire sexual\u0103\u201d<\/em><\/strong>, <strong>lipsind o distinc\u021bie clar\u0103<\/strong> \u00eentre no\u021biunea de <strong><em>\u201eh\u0103r\u021buire pe criteriu de sex\u201d<\/em><\/strong> \u0219i cea de <strong><em>\u201eh\u0103r\u021buire sexual\u0103\u201d,<\/em><\/strong> asimilate ca \u00een\u021beles, <strong>de\u0219i exist\u0103 diferen\u021be-cheie \u00eentre cele dou\u0103 concepte<\/strong>, am apreciat c\u0103 se impune <strong>o interven\u021bie legislativ\u0103 pentru corelarea conceptual\u0103 a normelor<\/strong> \u0219i ne-am adresat Secretariatului General al Guvernului, Agen\u021biei Na\u021bionale pentru Egalitatea de \u0218anse \u00eentre Femei \u0219i B\u0103rba\u021bi (ANES) \u0219i Consiliului legislativ.<\/p>\n<p style=\"text-align: justify;\">Pe 8 octombrie 2025, ni s-a adus la cuno\u0219tin\u021b\u0103<strong> desemnarea a 3 raportori dintre membrii Comisiei pentru \u00eenv\u0103\u021b\u0103m\u00e2nt, \u0219tiin\u021b\u0103 \u0219i inovare a Senatului Rom\u00e2niei<\/strong>, \u00eens\u0103rcina\u021bi cu <strong>analizarea problematicii h\u0103r\u021buirii sexuale \u00een mediul academic<\/strong> \u00een cadrul unui <strong>Grup de lucru<\/strong>, la care s\u0103 fie <strong>invita\u021bi \u0219i reprezentan\u021bii institu\u021biei Avocatul Poporului<\/strong>, iar la 29 octombrie 2025, a avut loc \u0219edin\u021ba de lucru \u00een\u00a0 cadrul c\u0103reia au fost analizate recomand\u0103rile Avocatului Poporului privind modificarea \u0219i completarea cadrului legal. <strong>Rezultatul<\/strong> acestui demers a fost <strong>transpunerea recomand\u0103rilor Avocatului Poporului \u00eentr-o ini\u021biativa legislativ\u0103 <\/strong>(nr. B750\/2025),<strong> Propunerea legislativ\u0103 pentru modificarea \u0219i completarea Legii \u00eenv\u0103\u021b\u0103m\u00e2ntului superior nr. 199\/2023 fiind \u00eenregistrat\u0103 la Senat pentru dezbatere, \u00een data de 23 decembrie 2025.<\/strong><\/p>\n<p style=\"text-align: justify;\"><strong>Referitor la armonizarea legisla\u021biei privind egalitatea de \u0219anse \u0219i de tratament \u00eentre femei \u0219i b\u0103rba\u021bi<\/strong>, \u00een r\u0103spuns la demersul institu\u021biei Avocatul Poporului, <strong>Secretariatul General al Guvernului ne-a comunicat,<\/strong> \u00een 7 decembrie 2025, <strong>punctul de vedere al ANES, din care a reie\u0219it <\/strong>c\u0103 are \u00een vedere<strong> revizuirea <em>Metodologiei privind prevenirea \u0219i combaterea h\u0103r\u021buirii pe criteriul de sex, precum \u0219i a h\u0103r\u021buirii morale ta locul de munc\u0103<\/em><\/strong>, <strong><em>aprobate prin HG nr. 970\/2023<\/em><\/strong>, a c\u0103rei aplicabilitate, pe fondul cazurilor mediatizate de h\u0103r\u021buire \u00een mediul educa\u021bional, a fost extins\u0103 \u0219i asupra institu\u021biilor de \u00eenv\u0103\u021b\u0103m\u00e2nt superior \u0219i <strong>va asigura \u201ecorelarea propunerilor formulate de Avocatul Poporului cu reglement\u0103rile care vor fi adoptate\u201d.\u00a0<\/strong><\/p>\n<\/div>\n<\/div>\n\n<p style=\"text-align: justify;\">\n<div class=\"sp-wrap sp-wrap-default\">\n<div class=\"sp-head\" title=\"Expand\">\nDosar nr. 22910\/2025 (rezumat) Avocatul Poporului s-a sesizat din oficiu cu privire la necesitatea instituirii unor proceduri de consolidare a integrit\u0103\u021bii serviciilor \u0219i comisiilor de evaluare a persoanelor adulte cu handicap, plec\u00e2nd de la o declara\u021bie de pres\u0103 a ministrului muncii, familiei, tineretului \u0219i solidarit\u0103\u021bii sociale privind faptul c\u0103 trebuie comb\u0103tute fraudele ce afecteaz\u0103 sistemul de evaluare \u00een vederea \u00eencadr\u0103rii \u00een grad de handicap, care au condus la \u00eenmul\u021birea certificatelor de handicap acordate unor persoane s\u0103n\u0103toase\n<\/div>\n<div class=\"sp-body folded\">\n<\/p>\n<p style=\"text-align: justify;\">Consider\u00e2nd \u00eens\u0103 c\u0103, \u00een vederea <strong>consolid\u0103rii<\/strong> <strong>credibilit\u0103\u021bii \u00eentregului sistem<\/strong> de<strong> evaluare \u0219i \u00eencadrare \u00een grad de handicap <\/strong><em>(medici, func\u021bionari publici din cadrul serviciilor\/comisiilor de evaluare\/DGASPC-urilor\/ANPDPD<\/em>), <strong>autorit\u0103\u021bile statului trebuie s\u0103 acorde importan\u021b\u0103<\/strong> at\u00e2t \u00eenmul\u021birii certificatelor de handicap de care beneficiaz\u0103 necuvenit unele persoane, <strong>c\u00e2t \u0219i altor<\/strong> <strong>aspecte care pot ridica suspiciuni cu privire la integritate<\/strong>, cum ar fi: <em>1. <\/em><strong><em>refuzul abuziv, al unor comisii, de a recunoa\u0219te handicapul<\/em><\/strong><em>, \u00een ciuda documentelor medicale\/hot\u0103r\u00e2rilor judec\u0103tore\u0219ti care \u00eel sus\u021bin, cu \u00eempiedicarea accesul persoanelor cu dizabilit\u0103\u021bi la beneficiile cuvenite<\/em>; \u00a0<em>2. <\/em><strong><em>conduita inadecvat\u0103 fa\u021b\u0103 de persoana cu dizabilit\u0103\u021bi<\/em><\/strong><em>, \u00een cursul interac\u021biunii cu aceasta a serviciilor de evaluare<\/em>; <em>3. <\/em><strong><em>\u00eent\u00e2rzierile constante \u00een solu\u021bionarea contesta\u021biilor la certificatul de \u00eencadrare<\/em><\/strong><em> \u00een grad de handicap, <\/em>fa\u021b\u0103 de <strong>Strategia Na\u021bional\u0103 Anticorup\u021bie 2021-2025 (SNA) <\/strong>potrivit c\u0103reia <strong>\u201e<em>problematica prevenirii \u0219i combaterii corup\u021biei intr\u0103 \u00een spectrul de competen\u021b\u0103 a mai multor institu\u021bii din Rom\u00e2nia, care trebuie s\u0103 coopereze <\/em><\/strong><em>pentru <strong>promovare a integrit\u0103\u021bii<\/strong>.\u201d, <\/em>am apreciat c\u0103:<\/p>\n<p style=\"text-align: justify;\"><strong>&#8211; Ministerul Muncii, Familiei, Tineretului \u0219i Solidarit\u0103\u021bii Sociale<\/strong> ar trebui <strong>s\u0103<\/strong> <strong>analizeze incidentele de integritate<\/strong> \u00een care sunt <strong>implica\u021bi<\/strong> <strong>factori de influen\u021b\u0103 <\/strong>ai procesului de<strong> \u00eencadrare \u00een grad de handicap<\/strong> (<em>e.g.<\/em> medici, asisten\u021bi sociali), put\u00e2nd<strong> beneficia de suportul tehnic al<\/strong> Direc\u021biei de Prevenire a Criminalit\u0103\u021bii din cadrul <strong>Ministerului Justi\u021biei,\u00a0 pentru elaborarea unor proceduri <\/strong>de <strong>prevenire a conflictelor de interese, incompatibilit\u0103\u021bii \u0219i faptelor de corup\u021bie \u0219i <\/strong>stabilind \u0219i criterii de integritate clare, conforme cu standardele interna\u021bionale de integritate \u00een serviciul public, care s\u0103 ghideze activitatea acestora;<\/p>\n<p style=\"text-align: justify;\">&#8211; este imperativ necesar\u0103 <strong>identificarea vulnerabilit\u0103\u021bilor<\/strong> sistemului de evaluare \u0219i \u00eencadrare \u00een grad de handicap din Rom\u00e2nia<strong> \u0219i asigurarea<\/strong> <strong>trasabilit\u0103\u021bii deciziilor <\/strong>privind<strong> \u00eencadrarea \u00een grad de handicap<\/strong>. Prin <em>trasabilitate<\/em> \u00een\u021belegem posibilitatea <strong>consemn\u0103rii<\/strong>, \u00een mod<strong> transparent \u0219i documentat <\/strong><em>(inclusiv cu privire la identitatea \u0219i specialitatea evaluatorilor, motivarea deciziilor \u0219i baza legal\u0103\/ medical\u0103 pe care \u0219i-au \u00eentemeiat deciziile)<\/em><strong>, a tuturor etapelor procesului decizional<\/strong> \u2013 de la <strong>evaluarea ini\u021bial\u0103<\/strong>, p\u00e2n\u0103 la emiterea <strong>deciziei finale<\/strong>, astfel \u00eenc\u00e2t <strong>s\u0103 poat\u0103 fi<\/strong> <strong>urm\u0103rite <\/strong>de c\u0103tre <strong>factorii interesa\u021bi \u0219i \u00eendrept\u0103\u021bi\u021bi<\/strong>.<\/p>\n<p style=\"text-align: justify;\">&#8211; este nevoie de o abordare sistemic\u0103, bazat\u0103 pe <strong>transparen\u021b\u0103 \u0219i proceduri de consolidare a integrit\u0103\u021bii<\/strong> comisiilor de evaluare a persoanelor adulte cu handicap, care s\u0103 permit\u0103 <strong>identificarea \u0219i corectarea la timp a posibilelor abuzuri<\/strong>\/abateri de la normele legale \u0219i <strong>s\u0103 limiteze riscurile privind exercitarea, direct\u0103 sau indirect\u0103, a unor influen\u021be asupra membrilor comisiilor,<\/strong> de natur\u0103 s\u0103 afecteze obiectivitatea evalu\u0103rii. O astfel de abordare <strong>ar cre\u0219te \u00eencrederea public\u0103 \u00een sistemul de protec\u021bie social\u0103<\/strong> <strong>\u0219i \u00een corectitudinea aloc\u0103rii resurselor destinate persoanelor cu dizabilit\u0103\u021bi<\/strong> \u0219i <strong>ar sc\u0103dea num\u0103rul contesta\u021biilor<\/strong> \u00een instan\u021ba de judecat\u0103,<\/p>\n<p style=\"text-align: justify;\"><strong>ne-am adresat ministrului<\/strong> <strong>Muncii, Familiei, Tineretului \u0219i Solidarit\u0103\u021bii Sociale, ANPDPD <\/strong>\u0219i <strong>Ministerului Justi\u021biei<\/strong>.<\/p>\n<p style=\"text-align: justify;\">Autorit\u0103\u021bile au venit \u00een sprijinul activit\u0103\u021bii institu\u021biei Avocatul Poporului, Ministerul Justi\u021biei, prin structura care asigur\u0103 Secretariatul tehnic al Strategiei Na\u021bionale Anticorup\u021bie 2021-2025, relu\u00e2nd dialogul institu\u021bional cu MMFTSS, reafirm\u00e2ndu-\u0219i disponibilitatea de a acorda sprijin tehnic \u0219i metodologic \u00een vederea aplic\u0103rii unitare a standardelor anticorup\u021bie, iar MMFTSS sus\u021bin\u00e2nd importan\u021ba acestui demers \u0219i colabor\u00e2nd cu Ministerul Justi\u021biei pentru asigurarea integrit\u0103\u021bii sistemului de evaluare, \u00een vederea elabor\u0103rii unei Proceduri privind prevenirea conflictelor de interese, incompatibilitatea \u0219i faptele de corup\u021bie.\u00a0<\/p>\n<\/div>\n<\/div>\n<\/p>\n<p style=\"text-align: justify;\">\n<div class=\"sp-wrap sp-wrap-default\">\n<div class=\"sp-head\" title=\"Expand\">\nDosar nr. 22889\/2025 (rezumat) privind sprijinirea persoanelor cu dizabilit\u0103\u021bi \u00een eliberarea noilor c\u0103r\u021bi de identitate \u00een Municipiul Bucure\u0219ti\n<\/div>\n<div class=\"sp-body folded\">\n<\/p>\n<p style=\"text-align: justify;\">Av\u00e2nd \u00een vedere datele publicate \u00een mass media care au condus la concluzia existen\u021bei unui num\u0103r mare de persoane care doresc\/trebuie s\u0103 \u00ee\u0219i schimbe cartea de identitate, autorit\u0103\u021bile locale put\u00e2ndu-se confrunta cu dificult\u0103\u021bi \u00een oferirea cu celeritate a posibilit\u0103\u021bi de ob\u021binere a unei noi c\u0103r\u021bi de identitate \u0219i apreciindu-se c\u0103 reglementarea <em>constitu\u021bional\u0103 \u0219i legal\u0103 a drepturilor persoanelor cu dizabilit\u0103\u021bi se impune a fi \u00eenso\u021bit\u0103 de mecanisme concrete care s\u0103 asigure acestora posibilitatea real\u0103 de a-\u0219i exercita drepturile prev\u0103zute de lege, particularit\u0103\u021bile individuale ale persoanelor cu dizabilit\u0103\u021bi \u0219i vulnerabilitatea acestora impun\u00e2nd luarea de m\u0103suri care s\u0103 asigure premisele solicit\u0103rii \u0219i primirii beneficiilor prev\u0103zute de lege, institu\u021bia Avocatul Poporului s-a sesizat din oficiu \u0219i a solicitat Ministerului Afacerilor Interne \u2013 Direc\u021bia general\u0103 pentru eviden\u021ba persoanelor<\/em>, <em>ANPDPD, Agen\u021biei pentru Pl\u0103\u021bi \u0219i Inspec\u021bie Social\u0103 a Municipiului (APISMB) \u0219i Direc\u021biei Generale de Asisten\u021b\u0103 Social\u0103 a Municipiului Bucure\u0219ti (DGASMB) date referitoare la m\u0103surile dispuse.<\/em><\/p>\n<p style=\"text-align: justify;\">Din datele comunicate de Direc\u021bia General\u0103 pentru Eviden\u021ba Persoanelor a rezultat, \u00een esen\u021b\u0103, \u00eentre altele, c\u0103 serviciile publice comunitare de eviden\u021b\u0103 a persoanelor acord\u0103 sprijinul necesar pentru eliberarea actelor de identitate persoanelor cu dizabilit\u0103\u021bi, Direc\u021bia General\u0103 pentru Eviden\u021ba Persoanelor transmi\u021b\u00e2nd, \u00een conformitate cu atribu\u021biile de coordonare metodologic\u0103, \u201dm\u0103surile organizatorice necesare care trebuie implementate, astfel \u00eenc\u00e2t activitatea de eliberare a actelor de identitate s\u0103 vin\u0103 \u00een sprijinul tuturor categoriilor de cet\u0103\u021beni\u201d; s-a mai precizat c\u0103 <em>Direc\u021bia General\u0103 pentru Eviden\u021ba Persoanelor a dispus m\u0103suri pentru cre\u0219terea capacit\u0103\u021bii de preluare a cererilor pentru eliberarea actelor de identitate \u0219i pentru organizarea la nivelul serviciile publice de eviden\u021b\u0103 locale a unor mecanisme de gestionarea cazurilor mai deosebite, prin suplimentarea ghi\u0219eelor sau stabilirea de intervale orare\u00a0 dedicate prelu\u0103rii cererilor pentru care nu a existat o prealabil\u0103 programare; <\/em>s-a men\u021bionat, totodat\u0103, c\u0103 obliga\u021bia implement\u0103rii m\u0103surilor comunicate revine unit\u0103\u021bii administrativ teritoriale \u00een subordinea c\u0103reia func\u021bioneaz\u0103 serviciul public comunitar de eviden\u021b\u0103 a persoanelor \u0219i c\u0103 potrivit Legii nr. 448\/2006\u00a0 persoanele cu dizabilit\u0103\u021bi beneficiaz\u0103 de prioritate la furnizarea serviciilor publice, av\u00e2nd posibilitatea de a se prezenta f\u0103r\u0103 programare la serviciul public comunitar de eviden\u021b\u0103 a persoanelor.<\/p>\n<p style=\"text-align: justify;\">Din datele comunicate de DGASMB a reie\u0219it c\u0103 aceast\u0103 institu\u021bie a \u00eencheiat protocoale de colaborare cu direc\u021biile de eviden\u021b\u0103 a persoanelor de la nivelul sectoarelor municipiului Bucure\u0219ti pentru facilitarea accesului persoanelor cu dizabilit\u0103\u021bi la serviciile \u0219i beneficiile sociale acordate, av\u00e2nd un rol activ \u00een ceea ce prive\u0219te beneficiarii serviciilor sociale de tip reziden\u021bial pentru eliberarea c\u0103r\u021bilor de identitate, prin intermediul echipelor mobile asigur\u00e2nd gratuit transportul accesibilizat pentru persoanele cu dizabilit\u0103\u021bi motorii din Bucure\u0219ti.<\/p>\n<p style=\"text-align: justify;\">Din informa\u021biile transmise de APISMB a rezultat c\u0103 \u00een perioada 6-19 august 2025 au fost efectuate verific\u0103ri la toate serviciile de eviden\u021ba persoanelor din municipiul Bucure\u0219ti, iar urmare neconformit\u0103\u021bilor constatate au fost dispuse m\u0103suri cu termene scurte de implementare. S-a constatat c\u0103 \u00een toate serviciile verificate persoanele cu dizabilit\u0103\u021bi care solicit\u0103 eliberarea documentelor de identitate sunt \u201dpreluate cu prioritate \u0219i pe tot timpul programului este o persoan\u0103 desemnat\u0103 s\u0103 \u00eendrume pe to\u021bi cet\u0103\u021benii \u0219i \u00een special s\u0103 ofere prioritate persoanelor cu dizabilit\u0103\u021bi f\u0103r\u0103 a fi necesar\u0103 programarea\u201d.<\/p>\n<p style=\"text-align: justify;\">Din datele comunicate de Direc\u021bia General\u0103 de Eviden\u021b\u0103 a Persoanelor Bucure\u0219ti, a rezultat c\u0103 aceasta monitorizeaz\u0103 activitatea de diseminare a informa\u021biilor utile, referitoare la modalitatea de ob\u021binere a actelor de identitate, precum \u0219i a termenelor de eliberare, respect\u00e2nd legisla\u021bia \u00een ceea ce prive\u0219te persoanele cu dizabilit\u0103\u021bi, raportat la obiectul de activitate \u0219i, totodat\u0103, exist\u0103 disponibilitate \u00een preluarea cererilor persoanelor care se afl\u0103 \u00eentr-o situa\u021bie deosebit\u0103, \u00een prezent, condi\u021biile tehnice existente permi\u021b\u00e2nd punerea \u00een legalitate a persoanelor netransportabile, internate, primite spre \u00eengrijire ori g\u0103zduire \u00een institu\u021bii sanitare, de protec\u021bie \u0219i \u00een centre de servicii sociale care se afl\u0103 \u00een imposibilitatea de a se deplasa la serviciul public comunitar local de eviden\u021b\u0103 a persoanelor, cu cartea de identitate model 1997. S-a mai precizat c\u0103 la nivelul serviciilor publice comunitare locale de eviden\u021b\u0103 a persoanelor ale sectoarelor 1-6 ale municipiului Bucure\u0219ti, la solicitarea institu\u021biilor sau a persoanelor interesate, func\u021bionarii de eviden\u021b\u0103 a persoanelor particip\u0103 la organizarea unor activit\u0103\u021bi \u00een teren, de preluare a cererii, a documentelor \u0219i informa\u021biilor necesare eliber\u0103rii actelor de identitate.<\/p>\n<p style=\"text-align: justify;\">Din datele referitoare la condi\u021biile asigurate la nivelul sectoarelor municipiului Bucure\u0219ti, au rezultat urm\u0103toarele:<\/p>\n<p style=\"text-align: justify;\">1. Direc\u021bia Public\u0103 de Evident\u0103 A Persoanelor \u0219i Stare Civil\u0103 Sector 1 &#8211; <em>activitatea de preluare a documentelor pentru eliberarea actelor de identitate pentru persoanele cu dizabilit\u0103\u021bi<\/em> se desf\u0103\u0219oar\u0103 la toate sediile serviciilor publice func\u021bionale, respectiv \u00een loca\u021bia din Pia\u021ba Amzei nr. 13 sau cea din \u0218os. Bucure\u0219tii Noi nr. 54, <em>f\u0103r\u0103 programare<\/em>; pentru aceast\u0103 categorie de persoane cu dizabilit\u0103\u021bi, rudele sau apar\u021bin\u0103torii pot contacta telefonic sau direct la ghi\u0219eu, Serviciul Public Comunitar Local de Eviden\u021b\u0103 a Persoanelor Sector 1 \u00een vederea ob\u021binerii informa\u021biilor necesare pentru preluarea cererilor \u0219i a documentelor, pentru cartea de identitate model 1997.<\/p>\n<p style=\"text-align: justify;\">2. Direc\u021bia Public\u0103 de Evident\u0103 Persoane \u0219i Stare Civil\u0103 Sector 2 &#8211; \u00een vederea emiterii actelor de identitate, solicitan\u021bii se pot prezenta la sediul institu\u021biei \u00een baza program\u0103rii on-line, fie \u00een baza program\u0103rii efectuate pe pagina DPEPSC Sector 2; sunt deschise 10 ghi\u0219ee de primiri cereri pentru emiterea actelor de identitate \/vize de re\u0219edin\u021b\u0103, dintre care 2 ghi\u0219ee sunt destinate program\u0103rilor prin aplica\u021bia Ministerului Afacerilor Interne \u0219i 4 ghi\u0219ee pentru program\u0103rile efectuate prin aplica\u021bia proprie. <em>Cazurile speciale (femei \u00eens\u0103rcinate, persoane cu dizabilit\u0103\u021bi, urgen\u021be medicale, persoane care nu au putut efectua o programare, etc.) sunt preluate \u00een cadrul programului de lucru cu publicul, \u00eencep\u00e2nd cu ora 10.00, exist\u00e2nd \u00een acest sens 4 ghi\u0219ee de primiri cereri, un ghi\u0219eu fiind destinat special persoanelor cu dizabilit\u0103\u021bi<\/em>. <em>\u00cen cazul \u00een care se \u00eenregistreaz\u0103 mai multe solicit\u0103ri concomitent, persoanele sunt invitate la oricare ghi\u0219eu disponibil la momentul solicit\u0103rii<\/em>. Pentru a veni \u00een sprijinul persoanelor cu handicap de auz, <em>la nivelul Direc\u021biei Publice de Eviden\u021b\u0103 Persoane \u0219i Stare Civil\u0103 Sector 2 a fost \u00eencheiat, pentru perioada 01.01.2025-31.12.2025, Contractul pentru prestarea serviciilor de interpretare \u00een limbaj mimico-gestual\/limba semnelor rom\u00e2ne, at\u00e2t la distan\u021b\u0103, prin intermediul aplica\u021biei \u201eVoci pentru M\u00e2ini&#8221;, c\u00e2t \u0219i prin prezen\u021ba interpretului la sediul institu\u021biei<\/em>. Site-ul institu\u021biei dpepsc.ps2.ro a fost actualizat, \u00een conformitate cu cerin\u021bele privind accesibilitatea, respect\u00e2nd standardele \u0219i recomand\u0103rile relevante. De asemenea, pentru persoanele care nu se pot deplasa, la nivelul DPEPSC Sector 2 se afl\u0103 \u00een procedur\u0103 de achizi\u021bie un complet pentru preluarea cererilor \u0219i \u00eenm\u00e2narea c\u0103r\u021bilor electronice de identitate, ce urmeaz\u0103 a fi configurat pentru deplas\u0103rile \u00een teren la domiciliul persoanelor nedeplasabile.<\/p>\n<p style=\"text-align: justify;\">3. Direc\u021bia General\u0103 de Eviden\u021ba Persoanelor Sector 3 &#8211; la nivelul institu\u021biei func\u021bioneaz\u0103 10 ghi\u0219ee de primiri cereri pentru eliberarea actelor de identitate \u0219i 2 ghi\u0219ee eliber\u0103ri acte de identitate, \u00een cele dou\u0103 loca\u021bii existente la nivelul sectorului 3, situate \u00een str. Nerva Traian nr.1 \u0219i str. Matei Basarab nr. 32; la sediul direc\u021biei din str. Nerva Traian nr. 1 exist\u0103 o ramp\u0103 pentru accesul persoanelor cu dizabilit\u0103\u021bi la ghi\u0219eul special amenajat pentru aceast\u0103 categorie de persoane, disponibil permanent \u00een timpul programului de lucru cu publicul. Pentru eliminarea timpului de a\u0219teptare, depunerea cererilor pentru eliberarea actelor de identitate se poate face cu programare prealabil\u0103, pe cele dou\u0103 site-uri puse la dispozi\u021bie https:\/\/proqramari-ci.primarie3.ro \u0219i https:\/\/hub.mai.qov.ro\/cei\/proqramari\/harta, dar <em>\u0219i f\u0103r\u0103 programare, pentru urgen\u021be \u0219i pentru cei care nu identific\u0103 locuri disponibile.<\/em><\/p>\n<p style=\"text-align: justify;\">4. Direc\u021bia General\u0103 de Evident\u0103 a Persoanelor Sector 4 &#8211; persoanele cu dizabilit\u0103\u021bi care se adreseaz\u0103 Serviciilor de eviden\u021b\u0103 a persoanelor nr. 1 \u0219i 2, beneficiaz\u0103 de <em>prioritate la preluarea cererilor, f\u0103r\u0103 a fi necesar\u0103 o programare prealabil\u0103<\/em>; \u00een situa\u021bia \u00een care aceste persoane opteaz\u0103 pentru efectuarea unei program\u0103ri online, platforma DGEP Sector 4 dispune de instrumente de accesibilitate; pentru persoanele nedeplasabile, lucr\u0103torii de eviden\u021b\u0103 a persoanelor desf\u0103\u0219oar\u0103 activit\u0103\u021bi de deplasare la domiciliu, \u00een vederea \u00eendeplinirii formalit\u0103\u021bilor necesare emiterii c\u0103r\u021bii de identitate model 1997.<\/p>\n<p style=\"text-align: justify;\">5. Direc\u021bia General\u0103 de Eviden\u021ba Persoanelor Sector 5 &#8211; la nivelul institu\u021biei au fost dispuse urm\u0103toarele m\u0103suri specifice pentru facilitarea primirii \u0219i ob\u021binerii actelor de identitate de c\u0103tre persoanele cu dizabilit\u0103\u021bi: reconfigurarea spa\u021biului de parcare cu asigurarea a cel pu\u021bin dou\u0103 locuri de parcare destinate persoanelor cu dizabilit\u0103\u021bi \u0219i semnalizarea corespunz\u0103toare, posibilitatea de a solicita cartea electronic\u0103 de identitate direct la ghi\u0219eu, f\u0103r\u0103 o programare \u00een prealabil pe hub-ul Ministerului Afacerilor Interne; \u00eencep\u00e2nd cu data de 01.08.2025 au fost dispuse m\u0103suri pentru opera\u021bionalizarea a 6 ghi\u0219ee pentru preluarea \u0219i eliberarea c\u0103r\u021bilor electronice de identitate, din care <em>3 ghi\u0219ee sunt dedicate persoanelor care nu au o programare online.<\/em><\/p>\n<p style=\"text-align: justify;\">6. Direc\u021bia Local\u0103 de Evident\u0103 a Persoanelor Sector 6 &#8211; la nivelul punctelor de lucru din cadrul D.L.E.P. Sector 6 exist\u0103 rampe de acces pentru persoane cu dizabilit\u0103\u021bi \u0219i ghi\u0219ee unde se aplic\u0103 regimul prioritar pentru femeile gravide, precum \u0219i pentru persoanele care \u00eenso\u021besc copiii minori cu v\u00e2rsta de p\u00e2n\u0103 la 5 ani \u0219i care ofer\u0103 asisten\u021b\u0103 pentru program\u0103rile online; la nivelul DLEP Sector 6 exist\u0103 o bun\u0103 colaborare cu Direc\u021bia General\u0103 de Asisten\u021b\u0103 Social\u0103 Sector 6 \u0219i Direc\u021bia General\u0103 de Asisten\u021b\u0103 Social\u0103 a Municipiului Bucure\u0219ti, av\u00e2nd ca obiectiv sprijinirea persoanelor asistate \u0219i a schimbului de date, \u00een condi\u021biile prev\u0103zute de lege, precum \u0219i identificarea solu\u021biilor legale \u00een cazurile supuse aten\u021biei. Urmare verific\u0103rilor efectuate, Direc\u021bia General\u0103 de Eviden\u021b\u0103 a Persoanelor &#8211; Municipiul Bucure\u0219ti a dispus m\u0103suri privind<em> stabilirea unui program de preluare a cererilor pentru eliberarea actului de identitate pentru cet\u0103\u021benii afla\u021bi \u00eentr-o situa\u021bie deosebit\u0103 sau urgent\u0103, f\u0103r\u0103 o programare prealabil\u0103 \u0219i respectarea dreptului de prioritate la depunerea cererilor \u00een cazul persoanelor cu dizabilit\u0103\u021bi, femeilor gravide, persoanelor \u00eenso\u021bite de copii cu v\u00e2rsta de p\u00e2n\u0103 la 5 ani.<\/em><\/p>\n<p style=\"text-align: justify;\">Totodat\u0103, din datele comunicate rezult\u0103 c\u0103, \u201d<em>\u00eencep\u00e2nd cu data de 1 august 2025, cererile pentru eliberarea c\u0103r\u021bilor electronice de identitate se solu\u021bioneaz\u0103 de c\u0103tre orice serviciu public comunitar local de eviden\u021b\u0103 a persoanelor, indiferent de locul de domiciliu al solicitantului<\/em>(\u2026)La nivelul municipiului Bucure\u0219ti, <em>serviciile publice comunitare de eviden\u021b\u0103 a persoanelor se afl\u0103 \u00eentr-un proces continuu de \u00eembun\u0103t\u0103\u021bire a standardelor de calitate \u0219i de adaptare la nevoile cet\u0103\u021benilor, \u00een special ale persoanelor cu dizabilit\u0103\u021bi \u0219i se analizeaz\u0103 permanent oportunitatea implement\u0103rii unor m\u0103suri suplimentare de accesibilizare, inclusiv prin modernizarea infrastructurii \u0219i diversificarea modalit\u0103\u021bilor de comunicare cu beneficiarii<\/em>.\u201d De asemenea, \u201d<em>la nivelul MAI, se fac demersuri pentru optimizarea interfe\u021bei de programare HUB MAI, astfel \u00eenc\u00e2t s\u0103 prioritizeze persoanele cu act de identitate expirat, minorii care \u00eemplinesc v\u00e2rsta de 14 ani \u0219i persoanele care au schimb\u0103ri de nume<\/em>.\u201d<\/p>\n<p style=\"text-align: justify;\">Fa\u021b\u0103 de datele comunicate \u0219i m\u0103surile dispuse de autorit\u0103\u021bi pentru asigurarea respect\u0103rii drepturilor persoanelor cu dizabilit\u0103\u021bi \u00een ceea ce prive\u0219te ob\u021binerea c\u0103r\u021bilor de identitate, dosarul a fost \u00eenchis.\u00a0<\/p>\n<\/div>\n<\/div>\n<\/p>\n<p style=\"text-align: justify;\">\n<div class=\"sp-wrap sp-wrap-default\">\n<div class=\"sp-head\" title=\"Expand\">\nDosar nr. 21545\/2025 (rezumat) Prin intermediul unei peti\u021bii \u00eenregistrate la institu\u021bia Avocatul Poporului, o persoan\u0103 din jude\u021bul Vaslui, \u00eencadrat\u0103 \u00een grad de handicap grav cu asistent personal, a semnalat o posibil\u0103 \u00eenc\u0103lcare a drepturilor sale fundamentale de c\u0103tre autoritatea public\u0103 local\u0103, invoc\u00e2nd starea impracticabil\u0103 a drumului de acces c\u0103tre locuin\u021ba sa, \u00een special \u00een perioadele ploioase, fapt ce \u00eei \u00eengreuna semnificativ via\u021ba cotidian\u0103, accesul la servicii medicale, aprovizionare \u0219i interven\u021bii de urgen\u021b\u0103. Totodat\u0103, petentul a invocat afec\u021biunile medicale grave de care sufer\u0103 (diabet, ambele membre inferioare amputate, afec\u021biuni cardiace), argument\u00e2nd urgen\u021ba \u0219i gravitatea situa\u021biei\n<\/div>\n<div class=\"sp-body folded\">\n<\/p>\n<p style=\"text-align: justify;\">Peti\u021bia a fost analizat\u0103 \u00een conformitate cu prevederile constitu\u021bionale privind protec\u021bia special\u0103 acordat\u0103 persoanelor cu dizabilit\u0103\u021bi de c\u0103tre stat.<\/p>\n<p style=\"text-align: justify;\">Institu\u021bia Avocatul Poporului s-a adresat conducerii unit\u0103\u021bii administrativ-teritoriale \u0219i Agen\u021biei Jude\u021bene pentru Pl\u0103\u021bi \u0219i Inspec\u021bie Social\u0103 Vaslui pentru a ne comunica un punct de vedere referitor la aspectele \u00eenvederate de petent \u0219i pentru a dispune m\u0103suri \u00een vederea remedierii situa\u021biei.<\/p>\n<p style=\"text-align: justify;\">\u00cen urma demersurilor \u00eentreprinse, autoritatea public\u0103 local\u0103 a transmis un r\u0103spuns oficial, \u00een care se precizeaz\u0103 c\u0103 \u00eent\u00e2rzierea \u00eenceperii lucr\u0103rilor de \u00eentre\u021binere a drumului a fost cauzat\u0103 de lipsa resurselor financiare. Cu toate acestea, autoritatea local\u0103 a monitorizat constant situa\u021bia \u0219i a c\u0103utat solu\u021bii pentru remedierea problemei. Astfel, printr-o hot\u0103r\u00e2re a Consiliului Local, bugetul local a fost rectificat, iar veniturile au fost suplimentate cu suma de 107.600 lei, destinat\u0103 \u00een mod special lucr\u0103rilor de repara\u021bii ale drumurilor. Fondurile au fost alocate de Consiliul Jude\u021bean Vaslui, \u00een scopul echilibr\u0103rii bugetului local.<\/p>\n<p style=\"text-align: justify;\">Totodat\u0103, autorit\u0103\u021bile locale au precizat c\u0103 petentul a fost informat cu privire la faptul c\u0103 drumul de acces c\u0103tre locuin\u021ba sa va fi avut \u00een vedere cu prioritate \u00een cadrul lucr\u0103rilor planificate.\u00a0<\/p>\n<\/div>\n<\/div>\n<\/p>\n<p style=\"text-align: justify;\">\n<div class=\"sp-wrap sp-wrap-default\">\n<div class=\"sp-head\" title=\"Expand\">\nDosar nr. 21262\/2025 (rezumat) Printr-o peti\u021bie adresat\u0103 institu\u021biei Avocatul Poporului, un petent bolnav oncologic \u0219i persoan\u0103 cu handicap accentuat, permanent, nerevizuibil, a reclamat Prim\u0103ria Municipiului Foc\u0219ani deoarece aceast\u0103 institu\u021bie a refuzat s\u0103 amenajeze un loc de parcare destinat persoanelor cu handicap la adresa situat\u0103 la domiciliul s\u0103u\n<\/div>\n<div class=\"sp-body folded\">\n<p>\u00a0Pentru realizarea scopului constitu\u021bional \u0219i legal privind ap\u0103rarea \u0219i protec\u021bia drepturilor \u0219i libert\u0103\u021bilor persoanelor fizice \u00een raporturile cu autorit\u0103\u021bile publice, Avocatul Poporului a emis Recomandarea nr. 232\/2025, c\u0103tre primarul Municipiului Foc\u0219ani, pentru ca \u00een exercitarea atribu\u021biilor conferite de legisla\u021bia \u00een vigoare s\u0103 dispun\u0103 m\u0103surile necesare pentru atribuirea unui loc de parcare c\u00e2t mai aproape de domiciliul petentului, \u00een conformitate cu art. 65 alin. (5) din Legea nr. 448\/2006 privind protec\u021bia \u0219i promovarea drepturilor persoanelor cu handicap, cu modific\u0103rile \u0219i complet\u0103rile ulterioare \u0219i cu art. 50 din Constitu\u021bie.<\/p>\n<p style=\"text-align: justify;\">Prin r\u0103spunsul comunicat, Prim\u0103ria Municipiului Foc\u0219ani ne-a informat c\u0103 \u201e<em>Membrii Comisiei pentru siguran\u021ba circula\u021biei, \u00een urma deplas\u0103rii \u00een teren \u0219i a analizei efectuate \u00een cadrul \u0219edin\u021bei organizat\u0103 \u00een data de 10 decembrie 2025, referitoare la situa\u021bia petentului, bolnav oncologic \u0219i persoan\u0103 cu handicap, au evaluat posibilit\u0103\u021bile de identificarea a unui loc de parcare c\u00e2t mai apropiat domiciliului acestuia.<\/em><\/p>\n<p style=\"text-align: justify;\"><em>Din p\u0103cate, \u00een zona cea mai apropiat\u0103 de domiciliul petentului nu exist\u0103 locuri de parcare disponibile, \u00eentruc\u00e2t configura\u021bia acesteia nu permite amenajarea unor noi locuri de parcare din motive de siguran\u021b\u0103 a circula\u021biei.<\/em><\/p>\n<p style=\"text-align: justify;\"><em>Pentru respectarea condi\u021biilor de mai sus \u0219i a prevederilor art. 65 alin (5) din Legea nr. 448\/2006 privind protec\u021bia \u0219i promovarea drepturilor persoanelor cu handicap, cu modific\u0103rile \u0219i complet\u0103rile ulterioare, membrii au identificat ca solu\u021bie unic\u0103 atribuirea unui loc de parcare cu titlu gratuit petentului \u00een spa\u021biul de parcare al domeniului public situat \u00een apropiere. \u00cen consecin\u021b\u0103, Direc\u021bia de dezvoltare servicii publice \u00een calitate de administrator al drumului public, va demara procedura de atribuire a locului de parcare stabilit \u00een cadrul \u0219edin\u021bei.\u201d\u00a0<\/em><\/p>\n<\/div>\n<\/div>\n<\/p>\n<p style=\"text-align: justify;\">\n<div class=\"sp-wrap sp-wrap-default\">\n<div class=\"sp-head\" title=\"Expand\">\nDosar nr. 18793\/2024 (rezumat) - sesizare din oficiu a Institu\u021biei Avocatul Poporului referitor la modalitatea de asigurare a exprim\u0103rii unui consim\u021b\u0103m\u00e2nt neviciat la \u00eencheierea de acte de stare civil\u0103 \u00een cazul persoanelor cu dizabilit\u0103\u021bi auditive \u0219i vizuale\n<\/div>\n<div class=\"sp-body folded\">\n<p> Av\u00e2nd \u00een vedere modific\u0103rile aduse \u00een cursul anului 2023 prevederilor Legii nr. 448\/2006 privind protec\u021bia \u0219i promovarea drepturilor persoanelor cu handicap \u0219i datele concrete puse la dispozi\u021bie de c\u0103tre reprezentan\u021bii Asocia\u021biei Na\u021bionale a Surzilor din Rom\u00e2nia, respectiv faptul c\u0103 de\u0219i normele \u00een vigoare reglementeaz\u0103 obligativitatea asigur\u0103rii de c\u0103tre institu\u021biile publice de interpre\u021bi mimico-gestuali la \u00eencheierea c\u0103s\u0103toriei persoanelor surde, \u00een fapt aceast\u0103 cerin\u021b\u0103 nu este \u00eendeplinit\u0103, institu\u021bia Avocatul Poporului s-a sesizat din oficiu \u0219i a solicitat Ministerului Afacerilor Interne &#8211; Direc\u021bia General\u0103 pentru Eviden\u021ba Persoanelor s\u0103 ne comunice datele relevante pe care le are la dispozi\u021bie cu privire la\u00a0 aspectele ce fac obiectul sesiz\u0103rii din oficiu.<\/p>\n<p style=\"text-align: justify;\">Fa\u021b\u0103 de datele comunicate, Avocatul Poporului a emis Recomandarea nr. 223\/2025, adresat\u0103 directorului general al Direc\u021biei Generale pentru Eviden\u021ba Persoanelor, solicit\u00e2nd dispunerea de m\u0103suri pentru:<\/p>\n<p style=\"text-align: justify;\">&#8211; asigurarea aplic\u0103rii unitare a prevederilor normative de c\u0103tre autorit\u0103\u021bile competente a \u00eencheia acte de stare civil\u0103 \u0219i asigurarea interpre\u021bilor autoriza\u021bi ai limbajului mimico-gestual ori ai limbajului specific persoanelor cu surdocecitate \u0219i a mijloacelor necesare accesibiliz\u0103rii \u00eencheierii actelor de stare civil\u0103 \u0219i ob\u021binerii unui consim\u021b\u0103m\u00e2nt neviciat pentru persoanele cu dizabilit\u0103\u021bi vizuale;<\/p>\n<p style=\"text-align: justify;\">&#8211; asigurarea unui cadru normativ apt s\u0103 garanteze existen\u021ba fondurilor necesare achit\u0103rii onorariilor interpre\u021bilor autoriza\u021bi ai limbajului mimico-gestual ori ai limbajului specific persoanelor cu surdocecitate;<\/p>\n<p style=\"text-align: justify;\">&#8211; analizarea necesit\u0103\u021bii adopt\u0103rii \u0219i implement\u0103rii de proceduri speciale care s\u0103 reglementeze \u00eencheierea actelor de stare civil\u0103 \u00een cazul persoanelor cu dizabilit\u0103\u021bi vizuale \u0219i auditive;<\/p>\n<p style=\"text-align: justify;\">&#8211; analizarea oportunit\u0103\u021bii \u00eencheierii de protocoale de colaborare \u00eentre Ministrul Afacerilor Interne \/ autorit\u0103\u021bile locale ce au competen\u021be \u00een \u00eencheierea de acte de stare civil\u0103 \u0219i Asocia\u021bia Na\u021bional\u0103 a Surzilor din Rom\u00e2nia, Asocia\u021bia Nev\u0103z\u0103torilor din Rom\u00e2nia \u0219i orice alte asocia\u021bii ale persoanelor cu dizabilit\u0103\u021bi pentru cunoa\u0219terea nevoilor particulare ale acestor persoane \u0219i a le putea asigura asisten\u021ba corespunz\u0103toare;<\/p>\n<p style=\"text-align: justify;\">&#8211; asigurarea de programe de preg\u0103tire specific\u0103 a persoanelor care intr\u0103 \u00een contact nemijlocit cu persoanele cu dizabilit\u0103\u021bi vizuale sau auditive \u2013 exced\u00e2nd preg\u0103tirii specifice interpre\u021bilor &#8211; pentru ca \u0219i anterior prezent\u0103rii interpretului s\u0103 se asigure o interac\u021biune corespunz\u0103toare cu acestea.<\/p>\n<p style=\"text-align: justify;\">Recomandarea a fost \u00eensu\u0219it\u0103, iar Direc\u021bia General\u0103 pentru Eviden\u021ba Persoanelor ne-a comunicat c\u0103 \u201d<em>asigurarea accesului nediscriminatoriu la serviciile publice, inclusiv \u00een domeniul st\u0103rii civile reprezint\u0103 un obiectiv legitim, \u00een deplin\u0103 concordan\u0163\u0103 cu dispozi\u0163iile constitu\u0163ionale \u015fi cu cadrul normativ na\u0163ional \u015fi european \u00een materia protec\u0163iei persoanelor cu dizabilit\u0103\u0163i.\u201d S-a mai precizat c\u0103 Direc\u021bia General\u0103 pentru Eviden\u021ba Persoanelor \u201dacord\u0103 o importan\u0163\u0103 deosebit\u0103 respect\u0103rii \u015fi promov\u0103rii drepturilor persoanelor cu dizabilit\u0103\u0163i\u201d con\u0219tien\u021biz\u00e2nd anumite \u201ddificult\u0103\u0163i cu care se pot confrunta persoanelor cu diverse deficien\u0163e \u00een exercitarea drepturilor \u015fi \u00een interac\u0163iunea cu autorit\u0103\u0163ile administra\u0163iei publice<\/em>.\u201d<\/p>\n<p style=\"text-align: justify;\">A fost relevat\u0103 \u201d<em>colaborarea pe care Direc\u0163ia General\u0103 pentru Eviden\u0163a Persoanelor o are cu o funda\u0163ie de profil, \u00een cadrul c\u0103reia au fost realizate materiale video de prezentare adaptate persoanelor cu deficien\u0163e auditive\/ de vedere, cu scopul de a facilita informarea acestora cu privire la procedurile \u015fi serviciile specifice activit\u0103\u0163ii de eviden\u0163\u0103 a persoanelor \u015fi de stare civil\u0103. (\u2026)\u201d \u0219i s-a ar\u0103tat c\u0103 Direc\u021bia General\u0103 pentru Eviden\u0163a Persoanelor \u201dnu a fost sesizat\u0103, \u00een mod institu\u0163ional, cu privire la existen\u0163a unor dificult\u0103\u0163i sistemice \u00een aplicarea dispozi\u0163iilor legale referitoare la accesul persoanelor cu dizabilit\u0103\u0163i vizuale \u015fi auditive la serviciile de stare civil\u0103<\/em>\u201d.<\/p>\n<p style=\"text-align: justify;\">De asemenea, DGEP \u0219i-a reafirmat \u201d<em>disponibilitatea de a sprijini, \u00een limitele competen\u0163elor legale conferite, aplicarea unitar\u0103 \u015fi nediscriminatorie a legisla\u0163iei \u00een materia st\u0103rii civile<\/em>\u201d \u0219i s-a precizat c\u0103 \u201d\u00een exercitarea atribu\u0163iilor sale, astfel cum acestea reies din mandatul conferit de legiuitor \u015fi cu respectarea cadrului legal aplicabil, DGEP are \u00een vedere urm\u0103toarele m\u0103suri:<\/p>\n<p style=\"text-align: justify;\">&#8211; emiterea unei \u00eendrum\u0103ri metodologice adresate serviciilor publice comunitare de eviden\u0163\u0103 a persoanelor, \u00een vederea aplic\u0103rii unitare a dispozi\u0163iilor legale existente privind utilizarea interpre\u0163ilor autoriza\u0163i ai limbajului mimico-gestual \u015fi asigurarea exprim\u0103rii unui consim\u0163\u0103m\u00e2nt personal, liber \u015fi deplin exprimat al persoanelor cu dizabilit\u0103\u0163i;<\/p>\n<p style=\"text-align: justify;\">&#8211; informarea autorit\u0103\u0163ilor administra\u0163iei publice locale cu privire la necesitatea identific\u0103rii, la nivel local, a solu\u0163iilor adecvate pentru accesibilizarea serviciilor de stare civil\u0103 pentru persoanele cu dizabilit\u0103\u0163i vizuale \u015fi auditive, \u00een func\u0163ie de resursele disponibile \u015fi de particularit\u0103\u0163ile fiec\u0103rei unit\u0103\u0163i administrativ-teritoriale.<\/p>\n<p style=\"text-align: justify;\">Fa\u021b\u0103 de aspectele relevate prin antereferita adres\u0103 viz\u00e2nd, \u00een esen\u021b\u0103, competenta autorit\u0103\u021bilor locale \u00een angajarea unor eventuale cheltuieli, \u00eencheierea de protocoale sau asigurarea direct\u0103 a resurselor financiare necesare pentru plata onorariilor interpre\u0163ilor ori pentru implementarea unor proceduri speciale la nivelul autorit\u0103\u0163ilor locale, adresa DGEP a fost transmis\u0103 spre \u0219tiin\u021b\u0103 Asocia\u021biei Municipiilor din Rom\u00e2nia \u0219i Asocia\u0163iei Comunelor din Rom\u00e2nia, spre a avea \u00een vedere luarea de m\u0103suri potrivit competen\u021belor; de asemenea, av\u00e2nd \u00een vedere atribu\u021biile Autorit\u0103\u021bii Na\u021bionale pentru Protec\u021bia Drepturilor Persoanelor cu Dizabilit\u0103\u021bi de reglementare, coordonare, control \u0219i monitorizare, s-a transmis o adres\u0103 \u0219i acestei autorit\u0103\u021bi.\u00a0<\/p>\n<\/div>\n<\/div>\n<\/p>\n\n<div class=\"sp-wrap sp-wrap-default\">\n<div class=\"sp-head\" title=\"Expand\">\nDosar nr. 16169\/2025 (rezumat) - Printr-o peti\u021bie adresat\u0103 institu\u021biei Avocatul Poporului, un petent \u00eencadrat \u00een grad de handicap grav, cu piciorul drept amputat, a solicitat sprijinul institu\u021biei Avocatul Poporului \u00een vederea solu\u021bion\u0103rii cererii sale adresate Casei de Asigur\u0103ri de S\u0103n\u0103tate Buz\u0103u, prin care acesta solicita aprobarea fondurilor necesare pentru achizi\u021bionarea unei noi proteze de picior, cerere tergiversat\u0103 de aceast\u0103 institu\u021bie.\n<\/div>\n<div class=\"sp-body folded\">\n<p>\u00cen consecin\u021b\u0103, am sesizat Casa de Asigur\u0103ri de S\u0103n\u0103tate Buz\u0103u, solicit\u00e2nd realizarea verific\u0103rilor necesare cu privire la aspectele \u00eenvederate de c\u0103tre petent.<\/p>\n<p>Prin r\u0103spunsul nr. 20781\/2025, Casa de Asigur\u0103ri de S\u0103n\u0103tate Buz\u0103u a comunicat faptul c\u0103 cererea petentului a fost solu\u021bionat\u0103, fiind emis\u0103 decizie de aprobare a procur\u0103rii dispozitivului medical protez\u0103 de coaps\u0103 modular\u0103 cu man\u0219on de silicon \u2013 definitiv\u0103.<\/p>\n<\/div>\n<\/div>\n\n\n<div class=\"sp-wrap sp-wrap-default\">\n<div class=\"sp-head\" title=\"Expand\">\nDosar nr. 14814\/2025 (rezumat) - privind un caz de violen\u021b\u0103 domestic\u0103 din jude\u021bul Constan\u021ba Institu\u021bia Avocatul Poporului s-a sesizat din oficiu cu privire la cazul unei femei \u00eenjunghiate de c\u0103tre partener \u00een jude\u021bul Constan\u021ba. Ulterior sesiz\u0103rii din oficiu, au fost efectuate demersuri la Direc\u021bia General\u0103 de Asistent\u0103 Social\u0103 \u0219i Protec\u021bia Copilului Constan\u021ba, Direc\u021bia de Asisten\u021b\u0103 Social\u0103 Eforie \u0219i Inspectoratul Jude\u021bean de Politie Constan\u021ba.\n<\/div>\n<div class=\"sp-body folded\">\n<p>Potrivit datelor transmise de c\u0103tre autorit\u0103\u021bile sesizate, a rezultat, \u00een esen\u021b\u0103, c\u0103 \u00een cauz\u0103 a fost emis ordin de protec\u021bie pentru o perioad\u0103 de un an, agresorul fiind arestat preventiv. Serviciul Serviciului Interven\u021bie \u00een Situa\u021bii de Abuz, Neglijare \u0219i Violen\u021b\u0103 \u00een Familie din cadrul prim\u0103riei \u00een raza teritorial\u0103 a c\u0103reia s-a comis fapta a invitat victima la o \u0219edin\u021b\u0103 de consiliere; victima a fost informat\u0103 cu privire la drepturile victimelor violen\u021bei domestice, serviciile oferite de DGASPC Constan\u021ba victimelor violen\u021bei \u00een familie, respectiv consiliere psihologic\u0103 \u0219i juridic\u0103, precum \u0219i g\u0103zduire \u00een modulul destinat victimelor violen\u021bei \u00een familie. Cu privire la aceste informa\u021bii primite, victima a declarat c\u0103 nu dore\u0219te g\u0103zduire \u00eentr-un centru destinat victimelor violen\u021bei \u00een familie, \u00eens\u0103 apreciaz\u0103 necesar participarea la o nou\u0103 \u0219edin\u021b\u0103 de consiliere psihologic\u0103. Din datele oferite de IPJ Constan\u021ba a rezultat, \u00eentre altele, c\u0103 ulterior sesiz\u0103rii prin SNUAU 112 poli\u021bi\u0219tii deplasa\u021bi la fa\u021ba locului au identificat-o pe victim\u0103, s-a procedat la \u00eentocmirea formularului de evaluare a riscului ocazie cu care a reie\u0219it un risc iminent \u0219i a fost emis un ordin de protec\u021bie provizoriu. Conform procedurilor de lucru, a fost deschis\u0103 mapa st\u0103rii conflictuale, monitorizat\u0103 de c\u0103tre lucr\u0103torul de caz din cadrul acestei subunit\u0103\u021bi de poli\u021bie. \u00cen cauza sus-men\u021bionat\u0103 a fost informat\u0103 Direc\u021bia General\u0103 de Asisten\u021b\u0103 Social\u0103 \u0219i Protec\u021bia Copilului Constan\u021ba, \u00een vederea lu\u0103rii m\u0103surilor legale din competen\u021b\u0103. Av\u00e2nd \u00een vedere datele comunicate de c\u0103tre autorit\u0103\u021bile sesizate a fost emis\u0103 Recomandarea nr. 161\/2025, adresat\u0103 \u0219efului Inspectoratului Jude\u021bean de Poli\u021bie Constan\u021ba prin care s-a solicitat dispunerea de m\u0103suri pentru asigurarea unei colabor\u0103ri interinstitu\u021bionale constante \u0219i eficiente, prin comunicarea imediat\u0103 \u0219i celorlalte autorit\u0103\u021bi competente a oric\u0103rui caz de violen\u021b\u0103 ori posibil\u0103 violen\u021b\u0103 domestic\u0103, \u00een vederea gestion\u0103rii cazului, \u00eenl\u0103tur\u0103rii st\u0103rii de risc \u0219i monitoriz\u0103rii victimei \u0219i a agresorului; monitorizarea cazurilor de violen\u021b\u0103 domestic\u0103 &#8211; inclusiv prin colaborarea cu alte autorit\u0103\u021bi competente &#8211; \u00een func\u021bie de particularit\u0103\u021bile cazurilor individuale, a gradului de risc constatat, profilului agresorului \u0219i a vulnerabilit\u0103\u021bilor specifice ale victimei, chiar \u0219i \u00een situa\u021biile \u00een care nu exist\u0103 sesiz\u0103ri repetate ale victimelor\/oric\u0103ror alte persoane sau autorit\u0103\u021bi, av\u00e2nd ca obiect violen\u021ba domestic\u0103; consolidarea mecanismului de sesizare \u0219i cooperare \u00eentre poli\u021bie, SPAS, DGASPC, DAS \u00een regim de urgen\u021b\u0103; ini\u021bierea de demersuri pentru crearea de baze de date comune, accesibil\u0103 tuturor institu\u021biilor cu atribu\u021bii \u00een gestionarea cazurilor de violent\u0103 domestic\u0103, adoptarea de proceduri apte a facilita schimbul interinstitu\u021bional de informa\u021bii privind cazurile de violent\u0103 domestic\u0103. Recomandarea a fost \u00eensu\u0219it\u0103. Astfel, prin adresa nr. 32652\/2025, IPJ Constan\u021ba ne-a comunicat c\u0103 aspectele eviden\u021biate \u00een recomandare, privind necesitatea colabor\u0103rii institu\u021biilor cu atribu\u021bii \u00een gestionarea fenomenului violen\u021bei domestice, \u201dau f\u0103cut obiectul unei \u00eent\u00e2lniri operative, sub coordonarea conducerii unit\u0103\u021bii, problematica gestion\u0103rii cazurilor de violen\u021b\u0103 domestic\u0103 fiind una din priorit\u0103\u021bile Poli\u021biei Rom\u00e2ne. (\u2026) Prin Dispozi\u021bia Inspectoratului General al Poli\u021biei Rom\u00e2ne cu nr. 109 din 31.07.2025, a fost aprobat\u0103 Metodologia privind supravegherea respect\u0103rii m\u0103surilor dispuse prin ordinele de protec\u021bie provizorii, ordinele de protec\u021bie \u0219i ordinele europene de protec\u021bie, precum \u0219i gestionarea st\u0103rilor conflictuale din sfera violentei domestice, de c\u0103ire structurile Poli\u021biei Rom\u00e2ne, \u00een baza c\u0103reia, la nivelul IPJ Constan\u021ba, orice caz de violen\u021b\u0103 domestic\u0103 este monitorizat de un poli\u021bist desemnat, una din obliga\u021biile acestuia fiind de a informa, de \u00eendat\u0103, din oficiu, autorit\u0103\u021bile locale, structurile de asisten\u021b\u0103 social\u0103 \u0219i protec\u021bia copilului, cu privire la cazurile de violen\u021b\u0103 domestic\u0103 cunoscute \u0219i gestionate, \u00een scopul protej\u0103rii victimei \u0219i asigur\u0103rii accesului la serviciile specializate de asisten\u021b\u0103 \u0219i sprijin. Totodat\u0103, cu acordul scris al victimei, pot fi informate organiza\u021biile neguvernamentale sau alte asocia\u021bii \u0219i entit\u0103\u021bi care desf\u0103\u0219oar\u0103 activit\u0103\u021bi ori ofer\u0103 servicii \u00een domeniul violen\u021b\u0103 domestic\u0103\u201d. S-a mai precizat c\u0103 pentru facilitarea schimbului de informa\u021bii privind cazurile de violen\u021b\u0103 domestic\u0103, IPJ Constan\u021ba se va \u201dasigura c\u0103 institu\u021biile interesate vor avea acces la informa\u021biile necesare pentru buna desf\u0103\u0219urare a activit\u0103\u021bilor ce intr\u0103 \u00een competen\u021ba acestora.\u201d Potrivit datelor publicate pe portalul instan\u021belor de judecat\u0103, fa\u021b\u0103 de agresor, \u00een dosarul penal constituit, a fost pronun\u021bat\u0103 o solu\u021bie de condamnare la pedeapsa de 5 (cinci) ani \u00eenchisoare pentru comiterea infrac\u021biunii de tentativ\u0103 la omor \u00een varianta violen\u021bei \u00een familie. Fa\u021b\u0103 de datele comunicate de c\u0103tre autorit\u0103\u021bile sesizate \u0219i demersurile efectuate de acestea, av\u00e2nd \u00een vedere \u0219i \u00eensu\u0219irea Recomand\u0103rii nr. 161\/2025 de c\u0103tre IPJ Constan\u021ba, dosarul a fost \u00eenchis. <\/p>\n<\/div>\n<\/div>\n\n<p style=\"text-align: justify;\">\n<div class=\"sp-wrap sp-wrap-default\">\n<div class=\"sp-head\" title=\"Expand\">\nDosar nr. 10989\/2025 (rezumat) referitor la un caz social din jude\u021bul Hunedoara Av\u00e2nd \u00een vedere repetatele peti\u021bii formulate de c\u0103tre o persoan\u0103 din jude\u021bul Hunedoara cu privire la dificult\u0103\u021bile cu care se confrunt\u0103 pe fondul modului deficitar \u00een care curatorul s\u0103u \u00ee\u0219i \u00eendepline\u0219te atribu\u021biile, institu\u021bia Avocatul Poporului a efectuat demersuri la DGASPC Hunedoara, Casa Jude\u021bean\u0103 de Pensii Hunedoara, Judec\u0103toria Brad, Parchetul de pe l\u00e2ng\u0103 Judec\u0103toria Brad, Prim\u0103ria comunei Cri\u0219cior, Parchetul de pe l\u00e2ng\u0103 Judec\u0103toria C\u00e2mpeni, Poli\u021bia C\u00e2mpeni, Casa Jude\u021bean\u0103 de Pensii Alba\n<\/div>\n<div class=\"sp-body folded\">\n<\/p>\n<p style=\"text-align: justify;\">De asemenea, a fost efectuat\u0103 o anchet\u0103 de c\u0103tre reprezentan\u021bii Biroului Teritorial Alba-Iulia, pentru ob\u021binerea de date concrete cu privire la situa\u021bia petentului. Din datele rezultate urmare anchetei efectuate \u0219i a celor primite din partea DGASPC Hunedoara a rezultat, \u00een esen\u021b\u0103, c\u0103 petentul figureaz\u0103 \u00een eviden\u021bele DGASPC Hunedoara ca persoan\u0103 \u00eencadrat\u0103 \u00een grad de handicap accentuat, permanent, nerevizuibil, cu deficien\u021b\u0103 mintal\u0103. Anterior, av\u00e2nd \u00een vedere num\u0103rul mare de sesiz\u0103ri formulate de petent, reprezentan\u021bii Prim\u0103riei comunei Cri\u0219cior au solicitat efectuarea unei expertize medico-legale psihiatrice privind pe petent, din care a rezultat c\u0103 acesta are discern\u0103m\u00e2ntul abolit \u0219i capacitatea de exerci\u021biu pierdut\u0103.<\/p>\n<p style=\"text-align: justify;\">Petentul a beneficiat de bilete gratuite de c\u0103l\u0103torie \u0219i indemniza\u021bie de handicap (a c\u0103rei plat\u0103 a fost suspendat\u0103, deoarece petentul nu a ridicat-o nemaiav\u00e2nd carte de identitate, aceasta fiind \u00een posesia curatorului) \u0219i ajutor pentru \u00eenc\u0103lzirea locuin\u021bei. De\u0219i i s-a oferit posibilitatea de a beneficia de consiliere psihologic\u0103 \u0219i sprijin social, petentul a refuzat \u00een mod repetat ajutorul oferit de Prim\u0103ria comunei Cri\u0219cior.<\/p>\n<p style=\"text-align: justify;\">Urmare solicit\u0103rilor institu\u021biei Avocatul Poporului, \u00een luna iunie 2024, o echip\u0103 multidisciplinar\u0103 de speciali\u0219ti din cadrul DGASPC Hunedoara s-a deplasat la domiciliul petentului \u0219i a \u00eentocmit un raport de vizit\u0103, constat\u00e2ndu-se c\u0103 acesta are probleme de deplasare \u0219i tulbur\u0103ri de comportament, fiind la acel moment \u00eengrijit ocazional de un nepot \u0219i a refuzat acordarea de servicii sociale \u00eentr-un c\u0103min pentru persoane v\u00e2rstnice. Reprezentan\u021bii DGASPC au solicitat sprijinul Prim\u0103riei comunei Cri\u0219cior pentru realizarea demersurilor necesare reevalu\u0103rii gradului de handicap \u00een care petentul era \u00eencadrat \u0219i de a sprijini financiar pe petent \u00een conformitate cu dispozi\u021biile Legii nr. 196\/2016 privind venitul minim de incluziune.<\/p>\n<p style=\"text-align: justify;\">Ulterior acestei vizite, at\u00e2t cu ocazia anchetei efectuate la data de 14 mai 2025 de c\u0103tre reprezentan\u021bii institu\u021biei Avocatul Poporului, c\u00e2t \u0219i anterior, la momentele la care reprezentan\u021bii Prim\u0103riei au dorit s\u0103 \u00eel contacteze pe petent, acesta nu a fost g\u0103sit la domiciliu sau a refuzat orice comunicare. Din datele ob\u021binute, a mai reie\u0219it c\u0103 la nivelul Prim\u0103riei au fost \u00eenregistrate\u00a0 numeroase sesiz\u0103ri din partea vecinilor de bloc, privind comportament petentul ce creeaz\u0103 colocatarilor un disconfort \u0219i prejudicii prin modul de depozitare a de\u0219eurilor \u0219i folosirea instala\u021biilor. De asemenea, Prim\u0103ria comunei Cri\u0219cior a solicitat la 15 aprilie 2025 Judec\u0103toriei Brad desemnarea unui curator special petentului, \u00een persoana unui inspector din cadrul prim\u0103riei,\u00a0 pentru\u00a0\u00a0 a-l reprezenta pe petent \u00een raporturile sale cu institu\u021biile statului pentru ob\u021binerea actului de identitate.<\/p>\n<p style=\"text-align: justify;\">Din informa\u021biile transmise de c\u0103tre DGASPC Hunedoara curatorul petentului nu \u00ee\u0219i \u00eendepline\u0219te obliga\u021biile, av\u00e2nd \u201dasupra sa cartea de identitate (\u2026) \u0219i cardul de s\u0103n\u0103tate\u201d al persoanei ocrotite, pentru recuperarea acestor documente Prim\u0103ria comunei Cri\u0219cior depun\u00e2nd o cerere la Postul de Poli\u021bie Cri\u0219cior. La termenul de judecat\u0103 din 10 iulie 2025, Judec\u0103toria Brad a desemnat un curator petentului p\u00e2n\u0103 la solu\u021bionarea cererii de instituire a consilierii judiciare sau a tutelei speciale.<\/p>\n<p style=\"text-align: justify;\">Petentul a contestat \u00eencheierea de desemnare a curatorului provizoriu \u0219i a solicitat Casei Jude\u021bene de Pensii Alba sistarea pl\u0103\u021bii pensiei sale curatorului ini\u021bial desemnat refuz\u00e2nd \u00eens\u0103 eliberarea unei noi c\u0103r\u021bi de identitate, necesar\u0103 pentru a beneficia efectiv de drepturile b\u0103ne\u0219ti care este \u00eendrituit, vechea carte de identitate fiind \u00een posesia curatorului \u0219i refuz\u00e2nd \u0219i ajutorul specializat al medicilor \u0219i psihologilor.<\/p>\n<p style=\"text-align: justify;\">Fat\u0103 de situa\u021bia de evident\u0103 vulnerabilitate a petentului au fost emise recomand\u0103ri adresate Primarului Comunei Cri\u0219cior \u0219i Directorului general al DGASPC Hunedoara (Recomand\u0103rile nr. 77 \u0219i nr. 78\/2025), prin care s-a solicitat luarea de m\u0103suri viz\u00e2nd, \u00een esen\u021b\u0103, asigurarea exercit\u0103rii drepturilor petentului cu luarea \u00een considerare a st\u0103rii concrete \u00een care se afl\u0103 acesta.<\/p>\n<p style=\"text-align: justify;\">Recomand\u0103rile au fost \u00eensu\u0219ite, autorit\u0103\u021bile locale sesizate continu\u00e2nd demersurile privind pe petent, prim\u0103ria monitoriz\u00e2nd situa\u021bia sa, de\u0219i acesta refuz\u0103 orice internare, evaluare medical\u0103 \u0219i colaborarea cu autorit\u0103\u021bile. Reprezentan\u021bii prim\u0103riei \u00eel viziteaz\u0103 periodic pe petent, oferindu-i alimente \u0219i hran\u0103 cald\u0103.<\/p>\n<p style=\"text-align: justify;\">Petentul a fost sprijinit \u00een ob\u021binerea unei noi c\u0103r\u021bi de identitate, i s-au achitat drepturile b\u0103ne\u0219ti cuvenite ca persoan\u0103 cu handicap (inclusiv sumele restante) \u0219i i se va achita o sum\u0103 cu titlu de ajutor pentru \u00eenc\u0103lzire. Situa\u021bia sa este monitorizat\u0103 de autorit\u0103\u021bile locale, iar pe rolul Judec\u0103toriei Brad se afl\u0103 o cauz\u0103 av\u00e2nd ca obiect stabilirea consilierii judiciare sau tutelei speciale pentru petent.\u00a0<\/p>\n<\/div>\n<\/div>\n<\/p>\n<p style=\"text-align: justify;\">\n<div class=\"sp-wrap sp-wrap-default\">\n<div class=\"sp-head\" title=\"Expand\">\nDosar nr. 10382\/2025 (rezumat) Printr-o peti\u021bie adresat\u0103 institu\u021biei Avocatul Poporului o petent\u0103, persoan\u0103 cu dizabilitate de vedere, a reclamat faptul c\u0103 Aeroportul Interna\u021bional Henri Coand\u0103 Otopeni nu i-a acordat serviciul de asisten\u021b\u0103 \u00een cadrul zborurilor din 31 martie (Bucure\u0219ti-Bari) \u0219i 4 aprilie (Bari-Bucure\u0219ti), de\u0219i este persoan\u0103 cu dizabilitate de vedere \u0219i a solicitat acordarea acestui serviciu \u00eenc\u0103 din momentul achizi\u021bion\u0103rii biletelor de transport\n<\/div>\n<div class=\"sp-body folded\">\n<\/p>\n<p style=\"text-align: justify;\">Pentru zborul din data de 31 martie 2025 (Bucure\u0219ti-Bari), i s-a comunicat petentei faptul c\u0103 un reprezentant al companiei o va asista la urcarea \u00een avion, \u00eens\u0103 acest lucru nu s-a \u00eent\u00e2mplat. Petenta a men\u021bionat disconfortul emo\u021bional, stresul, sentimentul de abandon \u0219i lips\u0103 de siguran\u021b\u0103 prin care a trecut \u00een aceast\u0103 situa\u021bie, ar\u0103t\u00e2nd c\u0103, dac\u0103 nu ar fi fost \u00eenso\u021bit\u0103, nu ar fi reu\u0219it s\u0103 urce singur\u0103 \u00een aeronav\u0103. Pentru zborul de \u00eentoarcere din data de 4 aprilie 2025 (Bari-Bucure\u0219ti), serviciul de asisten\u021b\u0103 a fost solicitat din Italia \u0219i reconfirmat \u00een timpul zborului. Cu toate acestea, la sosirea pe Aeroportul Otopeni, nimeni nu a venit s\u0103 preia petenta, aceasta fiind nevoit\u0103 s\u0103 a\u0219tepte \u00een avion peste 40 de minute, de\u0219i echipajul aeronavei se preg\u0103tea pentru efectuarea unui alt zbor.<\/p>\n<p style=\"text-align: justify;\">Petenta sublinia puternicul impact emo\u021bional al acestei situa\u021bii asupra sa, vulnerabilitatea \u0219i lipsa de siguran\u021b\u0103 resim\u021bite \u00eentr-un spa\u021biu public, unde ar fi trebuit s\u0103 beneficieze de sprijin specializat.<\/p>\n<p style=\"text-align: justify;\">Fa\u021b\u0103 de obiectul peti\u021biei, ne-am adresat Companiei Na\u021bionale Aeroporturi Bucure\u0219ti, Agen\u021biei Na\u021bionale pentru Pl\u0103\u021bi \u0219i Inspec\u021bie Social\u0103 &#8211; Agen\u021bia Jude\u021bean\u0103 pentru Pl\u0103\u021bi \u0219i Inspec\u021bie Social\u0103 Ilfov \u0219i Comisariatului pentru Protec\u021bia Consumatorului Ilfov, solicit\u00e2nd efectuarea verific\u0103rilor necesare cu privire la aspectele reclamate de petent\u0103.<\/p>\n<p style=\"text-align: justify;\">Lu\u00e2nd \u00een considerare rezultatul acestor demersuri \u0219i situa\u021bia \u00eenvederat\u0103 de petent\u0103, \u00a0Avocatul Poporului a emis Recomandarea nr. 231\/2025, c\u0103tre conducerea Companiei Na\u021bionale Aeroporturi Bucure\u0219ti, pentru ca \u00een exercitarea atribu\u021biilor conferite de legisla\u021bia \u00een vigoare s\u0103 dispun\u0103 luarea m\u0103surilor necesare (privind instruirea corespunz\u0103toare a angaja\u021bilor care au atribu\u021bii legate de asisten\u021ba persoanelor cu dizabilit\u0103\u021bi, suplimentarea resurselor umane \u0219i materiale, modificarea \u0219i actualizarea procedurilor interne \u0219i a regulamentelor \u0219i alte m\u0103suri care se impun) pentru ca, <strong>orice persoan\u0103 a c\u0103rei mobilitate la c\u0103l\u0103toria cu un mijloc de transport este redus\u0103 ca urmare a unui handicap fizic (senzorial sau locomotor, permanent sau temporar), handicap sau deficien\u021be intelectuale sau cu orice alt\u0103 cauz\u0103 de handicap sau v\u00e2rst\u0103 \u0219i a c\u0103rei situa\u021bie necesit\u0103 aten\u021bia cuvenit\u0103 \u0219i adaptarea serviciilor disponibile tuturor pasagerilor la necesit\u0103\u021bile particulare ale acesteia, s\u0103 beneficieze de asisten\u021ba necesar\u0103 pentru a r\u0103spunde nevoilor lor speciale<\/strong>.<\/p>\n<p style=\"text-align: justify;\">Prin r\u0103spunsul comunicat, Compania Na\u021bional\u0103 Aeroporturi Bucure\u0219ti a informat institu\u021bia Avocatul Poporului \u00een privin\u021ba implement\u0103rii Recomand\u0103rii nr. 231\/2025, astfel: \u201e<em>Instruirea corespunz\u0103toare a angaja\u021bilor care au atribu\u021bii legate de asisten\u021ba persoanelor cu dizabilit\u0103\u0163i: au fost \u00eentreprinse toate m\u0103surile necesare, iar \u00een perioada 03- 18.11.2025 to\u021bi lucr\u0103torii cu atribu\u021bii legate de asisten\u021ba persoanelor cu dizabilit\u0103\u021bi au fost instrui\u021bi corespunz\u0103tor;<\/em> <em>Suplimentarea resurselor umane \u0219i materiale: la nivelul compartimentului au fost \u00eentreprinse toate demersurile necesare pentru a putea m\u0103ri num\u0103rul de personal. Totodat\u0103, \u00een ceea ce prive\u0219te resursele materiale, v\u0103 comunic\u0103m faptul c\u0103 au fost achizi\u021bionate, precum \u0219i c\u0103 ne afl\u0103m \u00een proces de achizi\u021bionare a unor echipamente special adaptate nevoilor pasagerilor cu dizabilit\u0103\u021bi care tranziteaz\u0103 cele dou\u0103 aeroporturi ale Companiei Na\u021bionale Aeroporturi Bucure\u0219ti;<\/em> <em>Modificarea \u0219i actualizarea procedurilor interne: \u00een acest moment, procedura de lucru se afl\u0103 \u00een revizie \u0219i este pe fluxul de documente, \u00een vederea analiz\u0103rii acesteia de c\u0103tre toate departamentele implicate.<\/em> <em>Totodat\u0103, dorim s\u0103 v\u0103 asigur\u0103m c\u0103 depunem toate eforturile necesare pentru ca astfel de incidente s\u0103 nu mai aib\u0103 loc, iar to\u021bi pasagerii care tranziteaz\u0103 aeroportul s\u0103 fie asista\u021bi conform standardelor europene \u00een vigoare, \u00een conformitate cu EUROPEAN CIVIL AVIATION CONFERENCE &#8211; Doc. 30, Anexa 5.\u201d\u00a0<\/em><\/p>\n<\/div>\n<\/div>\n<\/p>\n<p style=\"text-align: justify;\">\n<div class=\"sp-wrap sp-wrap-default\">\n<div class=\"sp-head\" title=\"Expand\">\nDosar nr. 2235\/2025 (rezumat) Prin intermediul unei peti\u021bii \u00eenregistrate la institu\u021bia Avocatul Poporului, o persoan\u0103 din jude\u021bul Constan\u021ba a semnalat dificult\u0103\u021bi \u00een procesul de stabilire a drepturilor sale de pensie. Petenta sus\u021binea c\u0103, de\u0219i a depus cererea de pensionare pentru limita de v\u00e2rst\u0103 \u00een data de 5 septembrie 2024, nu a primit un r\u0103spuns din partea Casei Jude\u021bene de Pensii Constan\u021ba \u00een termenul legal prev\u0103zut\n<\/div>\n<div class=\"sp-body folded\">\n<p>\u00a0Peti\u021bia a fost analizat\u0103 \u00een conformitate cu prevederile constitu\u021bionale privind dreptul de peti\u021bionare \u0219i dreptul persoanelor v\u0103t\u0103mate de autorit\u0103\u021bile publice.<\/p>\n<p style=\"text-align: justify;\">\u00cen urma cercet\u0103rii situa\u021biei, institu\u021bia Avocatul Poporului s-a adresat Casei Jude\u021bene de Pensii Constan\u021ba pentru clarific\u0103ri. \u00cen r\u0103spunsul oferit de Casa Jude\u021bean\u0103 de Pensii Constan\u021ba, s-a explicat c\u0103 cererea petentei se afl\u0103 \u00een a\u0219teptare din cauza disfunc\u021bionalit\u0103\u021bii aplica\u021biei informatice necesare prelucr\u0103rii datelor. Totodat\u0103, reprezentan\u021bii Casei Jude\u021bene de Pensii au men\u021bionat c\u0103 discut\u0103 s\u0103pt\u0103m\u00e2nal cu petenta, pentru a o \u021bine la curent cu stadiul solu\u021bion\u0103rii cererii.<\/p>\n<p style=\"text-align: justify;\">Av\u00e2nd \u00een vedere c\u0103 demersurile ini\u021biale nu au dus la solu\u0163ionarea cererii petentei, iar drepturile sale de pensie nu au fost stabilite \u015fi puse \u00een plat\u0103, \u015fi lu\u00e2nd \u00een considerare c\u0103 aplica\u0163ia informatic\u0103 esen\u0163ial\u0103 pentru prelucrarea datelor nu era complet opera\u0163ional\u0103 de mai multe luni, institu\u021bia Avocatul Poporului a aprobat efectuarea unei anchete la Casa Jude\u0163ean\u0103 de Pensii Constan\u0163a de c\u0103tre reprezentan\u021bii Biroului Teritorial Constan\u021ba.<\/p>\n<p style=\"text-align: justify;\">\u00cen cadrul anchetei \u00eentreprinse, din documentele puse la dispozi\u021bie \u0219i \u00een urma discu\u021biilor purtate, a rezultat faptul c\u0103, \u00een perioada care s-a scurs \u00eentre depunerea cererii p\u00e2n\u0103 la emiterea deciziei de pensie, nu a func\u021bionat aplica\u021bia informatic\u0103 dedicat\u0103 calcul\u0103rii pensiilor, ceea ce a cauzat \u00eent\u00e2rzieri mari \u00een solu\u021bionarea tuturor dosarelor de pensie. \u00cens\u0103, pe 24 februarie 2025, a fost emis\u0103 decizia privind acordarea pensiei pentru limit\u0103 de v\u00e2rst\u0103, drepturile fiind stabilite \u00eencep\u00e2nd cu data de 1 septembrie 2024. Decizia i-a fost comunicat\u0103 prin po\u0219t\u0103 petentei, la adresa de domiciliu, iar drepturile b\u0103ne\u0219ti cuvenite, aferente perioadei septembrie 2024-februarie 2025, i-au fost transmise prin mandat po\u0219tal. De asemenea, petentei i-au fost aplicate reduceri de v\u00e2rst\u0103 pentru grupa de munc\u0103 \u0219i pentru cei trei copii.\u00a0<\/p>\n<\/div>\n<\/div>\n<\/p>\n\n<div class=\"sp-wrap sp-wrap-default\">\n<div class=\"sp-head\" title=\"Expand\">\nDosar nr. 1380\/2025 (rezumat) Institu\u021bia Avocatul Poporului s-a sesizat din oficiu \u00een leg\u0103tur\u0103 cu respectarea drepturilor cet\u0103\u021benilor rom\u00e2ni afla\u021bi \u00een str\u0103in\u0103tate, \u00een contextul unei familii aflate \u00eentr-o situa\u021bie periculoas\u0103 \u00een Siria. Cazul a fost semnalat printr-o peti\u021bie din 10 ianuarie 2025 \u0219i printr-un articol publicat pe 14 ianuarie 2025, care relata teama unei familii de rom\u00e2ni din Latakia, Siria, c\u0103 ar putea fi ucis\u0103 de for\u021bele care au \u00eenl\u0103turat regimul fostului pre\u0219edinte Bashar al-Assad\n<\/div>\n<div class=\"sp-body folded\">\n<\/p>\n<p style=\"text-align: justify;\">Av\u00e2nd \u00een vedere situa\u021bia prezentat\u0103 \u00een spa\u021biul public au fost efectuate demersuri institu\u021bionale pe l\u00e2ng\u0103 Ministerul Afacerilor Externe, care ne-a comunicat c\u0103 situa\u021bia semnalat\u0103 este deja \u00een aten\u021bia Ambasadei Rom\u00e2niei la Damasc, iar familia men\u021bionat\u0103 este \u00eenregistrat\u0103 \u00een eviden\u021bele misiunii diplomatice.<\/p>\n<p style=\"text-align: justify;\">Ministerul a asigurat c\u0103 \u00eenc\u0103 de la \u00eenceputul conflictului din Siria, Ambasada Rom\u00e2niei a men\u021binut contacte permanente cu cet\u0103\u021benii rom\u00e2ni afla\u021bi \u00een aceast\u0103 \u021bar\u0103 pentru a le oferi sprijin consular, \u00eens\u0103 posibilitatea de interven\u021bie a misiunii diplomatice a Rom\u00e2niei \u00een aceast\u0103 \u021bar\u0103 este extrem de limitat\u0103.<\/p>\n<p style=\"text-align: justify;\">Potrivit informa\u021biilor transmise de c\u0103tre Ambasada Rom\u00e2niei la Damasc, \u00een contextul actual, exist\u0103 rute de deplasare pentru popula\u021bia civil\u0103 \u00een interiorul Siriei, unele puncte de trecere a frontierei fiind deschise, iar principalele artere de circula\u021bie pot fi utilizate. Astfel, recomandarea adresat\u0103 tuturor cet\u0103\u021benilor rom\u00e2ni care de\u021bin documente valabile de c\u0103l\u0103torie este de a p\u0103r\u0103si Republica Arab\u0103 Sirian\u0103, prin punctul de trecere a frontierei Masnaa, spre Beirut, Republica Libanez\u0103 \u0219i ulterior c\u0103tre Rom\u00e2nia. Pentru membrii de familie, cet\u0103\u021beni sirieni, este necesar\u0103 solicitarea unei vize prin intermediul portalului www.eviza.mae.ro, cu respectarea procedurilor legale \u00een vigoare \u00een materie de vize. Pentru acest din urm\u0103 caz, Ambasada Rom\u00e2niei la Damasc poate procesa cererile de viz\u0103 cu celeritate, fiind necesar\u0103 prezen\u021ba la sediul misiunii diplomatice. \u00cen ipoteza \u00een care persoana \u00een cauz\u0103 nu are acces la platforma men\u021bionat\u0103, datele pot fi introduse de c\u0103tre personalul consular \u0219i \u00een momentul \u00een care va fi posibil s\u0103 se deplaseze, se poate prezenta la ambasad\u0103 pentru solicitarea vizei.<\/p>\n<p style=\"text-align: justify;\">\u00cen concluzie, av\u00e2nd \u00een vedere c\u0103 situa\u021bia semnalat\u0103 a fost \u00eenregistrat\u0103 deja \u00een eviden\u021bele Ambasadei Rom\u00e2niei la Damasc, iar Ministerul Afacerilor Externe a r\u0103spuns diligent la solicit\u0103rile institu\u021biei Avocatul Poporului, angaj\u00e2ndu-se ca reprezentan\u021bii ambasadei s\u0103 men\u021bin\u0103 leg\u0103tura cu familia cet\u0103\u021benilor rom\u00e2ni p\u00e2n\u0103 la identificarea unei solu\u021bii de p\u0103r\u0103sire a teritoriului Republicii Arabe Siriene, \u00eenchidem acest dosar, institu\u021bia Avocatul Poporului nemaiav\u00e2nd alt\u0103 posibilitate de implicare, conform competen\u021belor sale.\u00a0<\/p>\n<\/div>\n<\/div>\n\n<p><span style=\"color: #ff0000;\"><em><strong>2024<\/strong><\/em><\/span><\/p>\n<p style=\"text-align: justify;\">\n<div class=\"sp-wrap sp-wrap-default\">\n<div class=\"sp-head\" title=\"Expand\">\nDosar nr. 36664\/2024 (rezumat) - sesizarea din oficiu a Institu\u021biei Avocatul Poporului referitoare la cazul a dou\u0103 persoane nev\u0103z\u0103toare, agresate \u00eentr-o biseric\u0103, deoarece intraser\u0103 cu c\u00e2inii ghizi Institu\u021bia Avocatul Poporului s-a sesizat din oficiu urmare unui articol publicat la data de 22 noiembrie 2024 pe pagina de internet www.digi24.ro, din care rezulta c\u0103 \u00eentr-o biseric\u0103 a avut loc un conflict determinat de faptul c\u0103 dou\u0103 persoane cu deficien\u021be de vedere au intrat cu c\u00e2inii ghizi pentru a participa la ceremonia religioas\u0103.\n<\/div>\n<div class=\"sp-body folded\">\n<p> Av\u00e2nd \u00een vedere datele publicate \u00een pres\u0103, prevederile art. 16 alin. (1) \u0219i art. 50 din Constitu\u021bia Rom\u00e2niei, dispozi\u021biile art. 64, alin. (5) din Legea nr. 448\/2006 privind protec\u0163ia \u015fi promovarea drepturilor persoanelor cu handicap, potrivit c\u0103rora c\u00e2inele-ghid care \u00eenso\u0163e\u015fte persoana cu handicap grav are acces liber \u015fi gratuit \u00een toate locurile publice, inclusiv \u00een loca\u0163iile \u00een care se asigur\u0103 servicii publice \u015fi \u00een mijloacele de transport \u00een comun, inclusiv \u00een taxiuri \u015fi \u00een mijloacele auto de transport alternativ, situa\u021bia particular\u0103 \u0219i nevoile specifice ale persoanelor cu dizabilit\u0103\u021bi care reclam\u0103, \u00een anumite situa\u021bii, folosirea de asisten\u0163\u0103 vie, care include asisten\u0163a animal\u0103, ca de exemplu, c\u00e2inele-ghid, au fost transmise adrese c\u0103tre Secretariatul de Stat pentru Culte \u0219i Agen\u021bia pentru Pl\u0103\u021bi \u0219i Inspec\u021bie Social\u0103 a Municipiului Bucure\u0219ti (APISMB) pentru a ob\u021bine informa\u021bii cu privire, \u00een esen\u021b\u0103, la m\u0103surile dispuse urmare incidentului descris \u00een pres\u0103 \u0219i pentru respectarea prevederilor Legii nr. 448\/2006 .<\/p>\n<p style=\"text-align: justify;\">Secretariatul General pentru Culte ne-a comunicat c\u0103, av\u00e2nd \u00een vedere principiile libert\u0103\u021bii religioase \u0219i autonomiei cultelor fa\u021b\u0103 de stat <em>\u201dcultele religioase au obliga\u021bia de a implementa prevederile Legii nr. 448\/2006 privind protec\u021bia \u0219i promovarea drepturilor persoanelor cu handicap, acomod\u00e2ndu-le \u00een conformitate cu regulamentele proprii, doctrina sau tradi\u021bia specific\u0103\u201d,<\/em> Secretariatul de Stat pentru Culte neprimind sesiz\u0103ri cu privire la aplicarea de c\u0103tre cultele religioase a dispozi\u021biilor Legii nr. 448\/2006 \u0219i nede\u021bin\u00e2nd date referitoare la aplicarea prevederilor Legii nr. 448\/2006 de c\u0103tre cultele religioase.<\/p>\n<p style=\"text-align: justify;\">Din datele comunicate de c\u0103tre Agen\u021bia pentru Pl\u0103\u021bi \u0219i Inspec\u021bie Social\u0103 a Municipiului Bucure\u0219ti a rezultat c\u0103 la data de 17.11.2024, o persoan\u0103 cu dizabilit\u0103\u021bi vizuale se afla \u00een incinta capelei Liceului Tehnologic Special \u201eRegina Elisabeta\u201d, \u00eenso\u021bit\u0103 de c\u00e2inele-ghid, iar acesta din urm\u0103 a \u00eencercat s\u0103 p\u0103trund\u0103 \u00een altar, unde se afla preotul, moment \u00een care dasc\u0103lul a intervenit \u00eencerc\u00e2nd s\u0103 \u00eei dea afar\u0103 din capel\u0103; preotul a \u00eencercat s\u0103 aplaneze situa\u021bia creat\u0103, dar nu a reu\u0219it, iar petentul a sunat la 112; ulterior incidentul a fost dep\u0103\u0219it cu sprijinul organului de poli\u021bie. S-a mai men\u021bionat c\u0103 din discu\u021biile telefonice purtate cu preotul paroh a reie\u0219it c\u0103 acesta este repartizat la capela din incinta Liceului Tehnologic Special \u201eRegina Elisabeta\u201d pentru persoane cu dizabilit\u0103\u021bi vizuale, de c\u0103tre Arhiepiscopia Bucure\u0219tiului \u0219i sluje\u0219te voluntar; capela se afl\u0103 \u00een patrimoniul liceului. Conform Regulamentului de Organizare \u0219i Func\u021bionare al Liceului Tehnologic Special \u201eRegina Elisabeta&#8221;, accesul \u00een spa\u021biile care au un regim specific de func\u021bionare, pentru utilizarea c\u00e2nelui-ghid se ofer\u0103 alternative de \u00eenso\u021bire, iar pentru simplificarea deplas\u0103rii pentru persoanele cu dizabilit\u0103\u021bi vizuale \u00een incinta liceului se recomand\u0103, de regul\u0103, utilizarea bastonului alb.<\/p>\n<p style=\"text-align: justify;\">De asemenea s-a precizat c\u0103 <em>urmare a neconformit\u0103\u021bilor constatate au fost dispuse dou\u0103 m\u0103suri,<\/em> respectiv <em>respectarea art. 64 alin. (5) din Legea nr. 448\/2006, \u00een sensul facilit\u0103rii accesului ne\u00eengr\u0103dit al persoanelor cu handicap grav \u00eenso\u021bi\u021bi de c\u00e2inele-ghid \u00een toate locurile publice \u0219i mijloacele de transport \u0219i instruirea personalului angajat\/ instruirea voluntarilor cu privire la respectarea Legii nr. 448\/2006 privind protec\u021bia \u0219i promovarea drepturilor persoanelor cu handicap.<\/em><\/p>\n<\/div>\n<\/div>\n<\/p>\n<p style=\"text-align: justify;\">\n<div class=\"sp-wrap sp-wrap-default\">\n<div class=\"sp-head\" title=\"Expand\">\nDosar nr. 34548\/2024 (rezumat) Prin peti\u021bia nr. 34548 din 6 noiembrie 2024, o petent\u0103, fiica unei persoanei cu handicap, a reclamat faptul c\u0103 de\u0219i aceasta are probleme grave de s\u0103n\u0103tate \u0219i este nedeplasabil\u0103, Direc\u021bia General\u0103 de Asisten\u021b\u0103 Social\u0103 \u0219i Protec\u021bia Copilului Bac\u0103u a solicitat prezen\u021ba acesteia \u00een sediul institu\u021biei pentru a fi evaluat\u0103 de c\u0103tre comisia de evaluare a persoanelor adulte cu handicap\n<\/div>\n<div class=\"sp-body folded\">\n<\/p>\n<p style=\"text-align: justify;\">\u00cen consecin\u021b\u0103, am sesizat Direc\u021bia General\u0103 de Asisten\u021b\u0103 Social\u0103 \u0219i Protec\u021bia Copilului Bac\u0103u. Urmare demersului \u00eentreprins, Direc\u021bia General\u0103 de Asisten\u021b\u0103 Social\u0103 \u0219i Protec\u021bia Copilului Bac\u0103u a comunicat r\u0103spunsul \u00eenregistrat cu nr. 40056\/2024, \u00een care precizeaz\u0103 faptul c\u0103, \u00een cazul petentei, documentele medicale nu au fost \u00eenso\u021bite de o cerere de evaluare la domiciliu, astfel c\u0103 evaluarea s-a realizat la sediul institu\u021biei. Se men\u021bioneaz\u0103 totodat\u0103, faptul c\u0103 tipizatul cererii de evaluare la domiciliu este pus la dispozi\u021bie tuturor persoanelor care solicit\u0103 acest lucru, at\u00e2t la sediul serviciului, c\u00e2t \u0219i pe site-ul DGASPC Bac\u0103u.<\/p>\n<p style=\"text-align: justify;\">Lu\u00e2nd \u00een considerare examinarea legisla\u021biei incidente, <strong>Avocatul Poporului a emis Recomandarea nr. 26\/26 februarie 2025<\/strong>, prin care a solicitat directorului Direc\u021biei General\u0103 de Asisten\u021b\u0103 Social\u0103 \u0219i Protec\u021bia Copilului Bac\u0103u <strong>s\u0103 \u00eentreprind\u0103 demersurile necesare, astfel \u00eenc\u00e2t, Direc\u021bia General\u0103 de Asisten\u021b\u0103 Social\u0103 \u0219i Protec\u021bia Copilului Bac\u0103u s\u0103 manifeste <u>rol activ<\/u> \u00een sprijinul persoanelor nedeplasabile pentru a se asigura c\u0103 acestea au luat la cuno\u0219tin\u021b\u0103 faptul c\u0103 <em>Serviciul de evaluare complex\u0103 a persoanelor adulte cu handicap din cadrul direc\u0163iei generale de asisten\u0163\u0103 social\u0103 \u015fi protec\u0163ia copilului se deplaseaz\u0103 la domiciliul persoanei dup\u0103 o prealabil\u0103 programare \u0219i trebuie completat\u0103 o cerere \u00een acest sens.<\/em><\/strong><\/p>\n<p style=\"text-align: justify;\">Prin r\u0103spunsul \u00eenregistrat la institu\u021bia Avocatul Poporului cu nr. 8764\/24 martie 2025, Direc\u021bia General\u0103 de Asisten\u021b\u0103 Social\u0103 \u0219i Protec\u021bia Copilului Bac\u0103u a comunicat faptul c\u0103 <strong>\u00ee\u0219i \u00eensu\u0219e\u0219te Recomandarea Avocatului Poporului<\/strong>,<em> iar la Secretariatul Comisiei de Evaluare a Persoanei Adulte cu Handicap <strong>exist\u0103 o persoan\u0103 desemnat\u0103 s\u0103 preia documentele, s\u0103 informeze \u0219i s\u0103 consilieze persoanele care doresc evaluare, \u00een vederea \u00eencadr\u0103rii \u00een grad de handicap. Totodat\u0103, informa\u021biile \u0219i tipizatele utilizate sunt disponibile \u0219i pe site-ul institu\u021biei <u>www.dgaspcbacau.ro<\/u>, la rubrica persoane cu dizabilit\u0103\u021bi &#8211; evaluare\/ reevaluare complex\u0103 persoane adulte cu handicap<\/strong>.<\/em><\/p>\n<p style=\"text-align: justify;\"><em>De asemenea, se transmite c\u0103, <\/em><em>\u00ee<\/em><em>n situa\u021bia persoanelor nedeplasabile, evaluarea la domiciliu se realizeaz\u0103 conform legisla\u021biei \u00een vigoare, la solicitarea persoanei, apartin\u0103torilor\/reprezentan\u021bilor legali, la care se anexeaz\u0103 scrisoarea medicului de familie, referatul medicului specialist \u0219i ancheta social\u0103, care specific\u0103 faptul c\u0103 persoana este netransportabil\u0103\/nedeplasabil\u0103. Speciali\u0219tii din cadrul Serviciului de Evaluare Complex\u0103 a Persoanelor Adulte cu Handicap, se deplaseaz\u0103 la domiciliul persoanei, dup\u0103 o prealabil\u0103 programare \u0219i informare a acesteia, cu privire la data \u0219i ora efectu\u0103rii evalu\u0103rii. Pentru persoanele \u00eencadrate anterior \u00een grad de handicap, reevaluarea se poate face la domiciliul persoanei, la cererea acesteia ori a reprezentantului s\u0103u legal.<\/em> <em>Totodat\u0103, se arat\u0103\u00a0 c\u0103, \u00een urma evalu\u0103rii la domiciliu a persoanei, se \u00eentocme\u0219te un Raport de evaluare la domiciliu, care este semnat at\u00e2t de beneficiar\/persoana de sprijin, c\u00e2t \u0219i de echipa de evaluare \u0219i de \u0219eful serviciului. <\/em><\/p>\n<p style=\"text-align: justify;\">Direc\u021bia General\u0103 de Asisten\u021b\u0103 Social\u0103 \u0219i Protec\u021bia Copilului Bac\u0103u comunic\u0103 faptul c\u0103, <strong><em>\u00een perioada 2022-2024 au fost efectuate un num\u0103r de 3590 de evalu\u0103ri la domiciliu, din totalul de 19200 de evalu\u0103ri efectuate<\/em><\/strong>.\u00a0<\/p>\n<\/div>\n<\/div>\n<\/p>\n<p style=\"text-align: justify;\">\n<div class=\"sp-wrap sp-wrap-default\">\n<div class=\"sp-head\" title=\"Expand\">\nDosar nr. 31250\/2024 (rezumat) - sesizarea din oficiu a Institu\u021biei Avocatul Poporului referitoare la condi\u021biile de \u00eencheiere a c\u0103s\u0103toriei \u00een ceea ce prive\u0219te starea de s\u0103n\u0103tate a viitorilor so\u021bi\n<\/div>\n<div class=\"sp-body folded\">\n<p>Institu\u021bia Avocatul Poporului s-a sesizat din oficiu cu referitor la condi\u021biile de \u00eencheiere a c\u0103s\u0103toriei \u00een ceea ce prive\u0219te starea de s\u0103n\u0103tate a viitorilor so\u021bi.<\/p>\n<p style=\"text-align: justify;\">Din datele comunicate de Ministerul S\u0103n\u0103t\u0103\u021bii urmare demersurilor efectuate de c\u0103tre institu\u021bia Avocatul Poporului a rezultat c\u0103 \u201d\u00een Rom\u00e2nia, \u00een afara situa\u021biilor de alienare sau debilitate mintal\u0103 alte afec\u021biuni medicale nu pot constitui motive temporare sau permanente care s\u0103 \u00eempiedice \u00eentemeierea unei familii\u201d \u0219i c\u0103 \u201deste necesar\u0103 informarea reciproc\u0103 \u0219i consim\u021b\u0103m\u00e2ntul informat al ambilor parteneri \u00eenainte de \u00eencheierea c\u0103s\u0103toriei\u201d. S-a precizat, de asemenea, c\u0103 eliberarea certificatului medical prenup\u021bial are un rol \u201dinformativ\u201d, de protec\u021bie a s\u0103n\u0103t\u0103\u021bii publice \u0219i de \u201dasigurare a consim\u021b\u0103m\u00e2ntului\u201d informat al viitorilor so\u021bi \u201df\u0103r\u0103 a institui restric\u021bii arbitrare sau discriminatorii asupra accesul la via\u021ba familial\u0103\u201d, \u201diar stabilirea eventualei inaptitudini pentru c\u0103s\u0103torie \u021bine exclusiv de existen\u021ba unei afec\u021biuni ce determin\u0103 pierderea discern\u0103m\u00e2ntului\u201d. De asemenea, s-a reafirmat \u201dcaracterul neimpedimentativ al majorit\u0103\u021bii afec\u021biunilor dermatovenerologice \u00een ceea ce prive\u0219te dreptul persoanei de a se c\u0103s\u0103tori\u201d, eventualele afec\u021biuni diagnosticate trebuind \u00eens\u0103 tratate.<\/p>\n<p style=\"text-align: justify;\">S-a subliniat c\u0103 stabilirea eventualei inaptitudini pentru c\u0103s\u0103torie \u021bine exclusiv de existen\u021ba unei afec\u021biuni ce determin\u0103 pierderea discern\u0103m\u00e2ntului, neexist\u00e2nd \u00een prezent o prevedere legal\u0103 care s\u0103 \u00eempiedice automat c\u0103s\u0103toria \u00een cazul persoanelor diagnosticate cu boli venerice sau infec\u021bie cu HIV, \u00een afara cazurilor \u00een care aceste afec\u021biuni afecteaz\u0103 discern\u0103m\u00e2ntul, diagnosticul medical fiind parte a consim\u021b\u0103m\u00e2ntului informat, exist\u00e2nd obliga\u021bia legal\u0103 a viitorilor so\u021bi de a-\u0219i comunica reciproc starea de s\u0103n\u0103tate, f\u0103r\u0103 ca unitatea medical\u0103 s\u0103 intervin\u0103 \u00een decizia de \u00eencheiere a c\u0103s\u0103toriei, \u00een lipsa unui impediment legal. Certificatele medicale prenup\u021biale nu con\u021bin automat, \u00een conformitate cu noile orient\u0103ri medicale \u0219i juridice, o men\u021biune \u201dapt pentru c\u0103s\u0103torie\u201d dec\u00e2t dac\u0103 se constat\u0103 o afec\u021biune ce afecteaz\u0103 discern\u0103m\u00e2ntul, caz \u00een care unitatea medical\u0103 are obliga\u021bia de a raporta acest aspect autorit\u0103\u021bilor competente.<\/p>\n<p style=\"text-align: justify;\">Din datele comunicate de c\u0103tre MAI \u2013 Direc\u021bia General\u0103 pentru Eviden\u021ba Persoanelor a rezultat c\u0103 din analiza prevederilor art. 276, art. 278 \u0219i art. 281 Cod civil \u0219i a art. 25 alin. (1) teza a II-a din Legea nr. 119\/1996 cu privire la actele de stare civil\u0103, \u201dreiese faptul c\u0103 eliberarea certificatului medical prenup\u0163ial are un rol informativ \u015fi de protec\u0163ie a s\u0103n\u0103t\u0103\u0163ii publice, iar singurul impediment legal pentru \u00eencheierea c\u0103s\u0103toriei \u0163ine exclusiv de existen\u0163a unei afec\u0163iuni care determin\u0103 pierderea discern\u0103m\u00e2ntului, respectiv alienarea sau debilitatea mintal\u0103, neexist\u00e2nd \u00een prezent, nicio prevedere legal\u0103 care s\u0103 \u00eempiedice c\u0103s\u0103toria \u00een cazul altor boli.\u201d S-a men\u021bionat, de asemenea: \u201d\u00cen considerarea dispozi\u0163iilor legale expuse, opin\u0103m \u00een sensul c\u0103 ofi\u0163erul de stare civil\u0103 ia doar act de cele declarate de viitori so\u0163i, precum \u015fi de documentele prezentate de c\u0103tre ace\u015ftia. C\u00e2t prive\u015fte depunerea certificatului prenup\u0163ial la dosarul de c\u0103s\u0103torie, \u00een accep\u0163iunea normelor legale \u00een vigoare, aceasta este argumentat\u0103 de faptul c\u0103 prin \u00eenscrisul respectiv se dovede\u015fte starea de s\u0103n\u0103tate a viitorilor so\u0163i, \u00eens\u0103 stabilirea unor eventuale boli grave sau patologii ce pot duce la ne\u00eencheierea c\u0103s\u0103toriei este \u00een competen\u0163a absolut\u0103 a institu\u0163iilor medicale.<\/p>\n<p style=\"text-align: justify;\">Scopul acestui document nu este acela de a \u00eengr\u0103di dreptul unei persoane de a se c\u0103s\u0103tori, ci acela, pe de o parte, de a confirma faptul c\u0103 nu exist\u0103 o afec\u021biune care afecteaz\u0103 consim\u021b\u0103m\u00e2ntul, iar pe de alt\u0103 parte, de a permite o informare reciproc\u0103 a viitorilor so\u021bi asupra st\u0103rii de s\u0103n\u0103tate, \u00een spiritul asum\u0103rii responsabile \u0219i \u00een deplin\u0103 cuno\u0219tin\u021b\u0103 de cauz\u0103 a vie\u021bii de familie\u201d iar \u201d dispozi\u021biile aplicabile \u00een materie de stare civil\u0103 sunt coerente \u0219i compatibile cu dispozi\u021biile Codului civil\u201d.<\/p>\n<p style=\"text-align: justify;\">Men\u021bion\u0103m c\u0103 institu\u021bia Avocatul Poporului urmeaz\u0103 a sesiza comisiile de specialitate ale Parlamentului cu propuneri \u00een sensul realiz\u0103rii de modific\u0103ri legislative de natura a oferi mai mult\u0103 claritate cadrului legal incident.<\/p>\n<\/div>\n<\/div>\n<\/p>\n<p style=\"text-align: justify;\">\n<div class=\"sp-wrap sp-wrap-default\">\n<div class=\"sp-head\" title=\"Expand\">\nDosar nr. 31202\/2024 (rezumat) Printr-o peti\u021bie adresat\u0103 institu\u021biei Avocatul Poporului, un petent \u00eencadrat \u00een grad de handicap accentuat permanent a reclamat faptul c\u0103 nu este scutit de la plata chiriei pentru locuin\u021ba social\u0103 unde domiciliaz\u0103\n<\/div>\n<div class=\"sp-body folded\">\n<\/p>\n<p style=\"text-align: justify;\">\u00cen consecin\u021b\u0103, am sesizat Prim\u0103ria Ora\u0219ului Mizil, jude\u021bul Prahova, solicit\u00e2nd realizarea verific\u0103rilor necesare cu privire la aspectele \u00eenvederate de c\u0103tre petent.<\/p>\n<p style=\"text-align: justify;\">Prin r\u0103spunsul nr. 40140\/31.12.2024, Prim\u0103ria Ora\u0219ului Mizil a comunicat faptul c\u0103, \u00een conformitate cu\u00a0 HCL nr. 63\/10.07.2019 privind aprobarea Regulamentului privind cadrul, modalitatea \u0219i criteriile de analiz\u0103 \u0219i solu\u021bionare a cererilor de atribuire a locuin\u021belor sociale, au fost repartizate locuin\u021bele sociale \u00een ora\u0219ul Mizil, <strong>neexist\u00e2nd \u00een hot\u0103r\u00e2rea de consiliu prevederi privind scutirea de la plata chiriei<\/strong> (reprezent\u00e2nd 10% din venitul pe membru de familie), chiria stabilit\u0103 fiind foarte mic\u0103 \u00een raport cu chiriile stabilite pentru locuin\u021bele de stat, deoarece au fost atribuite aceste locuin\u021be cu prioritate persoanelor defavorizate, persoanelor cu handicap.<\/p>\n<p style=\"text-align: justify;\">Av\u00e2nd \u00een vedere r\u0103spunsul primit, <strong>institu\u021bia Avocatul Poporului a solicitat <\/strong><strong>Prim\u0103riei Ora\u0219ului Mizil<\/strong><strong> modificarea HCL nr. 63\/10.07.2019<\/strong> privind aprobarea Regulamentului privind cadrul, modalitatea \u0219i criteriile de analiz\u0103 \u0219i solu\u021bionare a cererilor de atribuire a locuin\u021belor sociale, astfel \u00eenc\u00e2t aceast\u0103 hot\u0103r\u00e2re s\u0103 respecte prevederile art. 20 alin. (2) coroborat cu alin. (4) din Legea nr. 448\/2006 privind protec\u021bia \u0219i promovarea drepturilor persoanelor cu handicap, republicat\u0103.<\/p>\n<p style=\"text-align: justify;\"><strong>Prim\u0103ria Ora\u0219ului Mizil a comunicat faptul c\u0103, av\u00e2nd \u00een vedere solicitarea institu\u021biei Avocatul Poporului, va ini\u021bia un proiect de hot\u0103r\u00e2re pentru modificarea Regulamentului <\/strong>privind cadrul, modalitatea \u0219i criteriile de analiz\u0103 \u0219i solu\u021bionare a cererilor de atribuire a locuin\u021belor sociale care s\u0103 respecte art. 20 alin. (2) coroborat cu alin. (4) din Legea nr. 448\/2006 privind protec\u021bia \u0219i promovarea drepturilor persoanelor cu handicap, republicat\u0103, respectiv <strong>scutirea de la plata chiriei pentru aceast\u0103 categorie de persoane.\u00a0<\/strong><\/p>\n<\/div>\n<\/div>\n<\/p>\n<p style=\"text-align: justify;\">\n<div class=\"sp-wrap sp-wrap-default\">\n<div class=\"sp-head\" title=\"Expand\">\nDosar nr. 25167\/2024 (rezumat) Avocatul Poporului s-a implicat \u00een respectarea dreptului la locuire al unei familii formate din mam\u0103 \u0219i fiul s\u0103u, \u00eencadrat \u00een grad de handicap grav, elev \u00een clasa a XII-a, acestora fiindu-le repartizat\u0103 o locuin\u021b\u0103 social\u0103 dup\u0103 12 ani de interven\u021bii pe l\u00e2ng\u0103 autorit\u0103\u021bile statului\n<\/div>\n<div class=\"sp-body folded\">\n<\/p>\n<p style=\"text-align: justify;\">Petenta s-a adresat institu\u021biei Avocatul Poporului \u00een calitate de mam\u0103 \u0219i reprezentant al fiului s\u0103u cu dizabilit\u0103\u021bi, ar\u0103t\u00e2nd c\u0103 a f\u0103cut demersuri multiple, \u00eencep\u00e2nd cu anul 2012, pentru ob\u021binerea unei locuin\u021be sociale pentru persoane cu handicap. Reclam\u00e2nd indiferen\u021ba autorit\u0103\u021bilor &#8211; dup\u0103 ce demersurile sale const\u00e2nd \u00een depunerea \u0219i re\u00eennoirea cererii de acordare a unei locuin\u021be din fondul locativ de stat \u0219i a actelor necesare au e\u0219uat &#8211; petenta a apelat la institu\u021bia noastr\u0103 \u201eca ultim resort\u201d, solicit\u00e2nd Avocatului Poporului sprijin \u00een ob\u021binerea unei locuin\u021be sociale.<\/p>\n<p style=\"text-align: justify;\">Avocatul Poporului s-a adresat autorit\u0103\u021bii publice locale \u00eenveder\u00e2ndu-i c\u0103 aspectele semnalate de peti\u021bionara institu\u021biei sunt analizate prin prisma unei posibile \u00eenc\u0103lc\u0103ri a dispozi\u021biilor art. 50 din Constitu\u021bie privind protec\u021bia persoanelor cu handicap \u0219i ale art. 47 privind dreptul la un nivel decent de trai \u0219i, fa\u021b\u0103 de prevederile incidente din Legea nr. 448\/2006 privind protec\u021bia \u0219i promovarea drepturilor persoanelor cu handicap, \u00een considerarea <em>Strategiei Na\u021bionale privind drepturile persoanelor cu dizabilit\u0103\u021bi &#8220;O Rom\u00e2nie echitabil\u0103&#8221; 2022-2027<\/em> \u0219i a <em>Strategiei Na\u021bionale a locuirii pentru perioada 2022-2050<\/em>, a solicitat s\u0103 fie dispuse verific\u0103ri \u00een acest caz \u0219i s\u0103 fie adoptate m\u0103suri legale pentru a veni \u00een \u00eent\u00e2mpinarea nevoii de protec\u021bie special\u0103 locativ\u0103 a persoanei cu handicap.<\/p>\n<p style=\"text-align: justify;\">Urmare demersurilor institu\u021biei Avocatul Poporului \u00een leg\u0103tur\u0103 cu situa\u021bia reclamat\u0103, autoritatea public\u0103 local\u0103 ne-a informat c\u0103, prin hot\u0103r\u00e2rea Consiliului local, a fost repartizat\u0103 o locuin\u021b\u0103 social\u0103 pentru familia format\u0103 din t\u00e2n\u0103rul cu handicap \u0219i reprezentanta sa legal\u0103, fiind comunicat ordinul de repartizare a locuin\u021bei c\u0103tre societatea care administreaz\u0103 fondul locativ, urm\u00e2nd ca aceasta s\u0103 \u00eencheie contractul de \u00eenchiriere a locuin\u021bei cu petenta.\u00a0<\/p>\n<\/div>\n<\/div>\n<\/p>\n<p style=\"text-align: justify;\">\n<div class=\"sp-wrap sp-wrap-default\">\n<div class=\"sp-head\" title=\"Expand\">\nDosar nr. 24258\/2024 (rezumat) - sesizare din oficiu cu privire la accesibilizarea mediului fizic \u0219i informa\u021bional pentru persoanele cu dizabilit\u0103\u021bi \u00een sediile Oficiului Na\u021bional al Registrului Comer\u021bului \u0219i \u00een sediile structurilor teritoriale ale acestuia\n<\/div>\n<div class=\"sp-body folded\">\n<p>Av\u00e2nd \u00een vedere modific\u0103rile suferite \u00een cursul anului 2023 de Legea nr. 448\/2006 privind protec\u0163ia \u015fi promovarea drepturilor persoanelor cu handicap, republicat\u0103, modific\u0103ri privind, \u00eentre altele, \u201daccesibilitatea\u201d, respectiv asigurarea accesului persoanelor cu handicap la mediul fizic, informa\u021bional \u0219i comunica\u021bional., autorit\u0103\u021bilor publice revenindu-le obliga\u021bia de a promova \u0219i implementa conceptul \u201dAcces pentru to\u021bi\u201d pentru a \u00eempiedica crearea de noi bariere \u0219i apari\u021bia de noi surse de discriminare, precum \u0219i faptul c\u0103 Oficiul Na\u021bional al Registrului Comer\u021bului nu este inclus \u00eentre autorit\u0103\u021bile ce fac obiectul Campaniei tematice de control a Agen\u021biei Na\u021bionale pentru Pl\u0103\u021bi \u0219i Inspec\u021bie Social\u0103 &#8211; Verificarea respect\u0103rii dispozi\u021biilor referitoare la asigurarea accesului ne\u00eengr\u0103dit al persoanelor cu dizabilit\u0103\u021bi la mediul fizic, informa\u021bional \u0219i comunica\u021bional conform prevederilor Legii nr. 448\/2006, institu\u021bia avocatul Poporului s-a sesizat din oficiu \u0219i a transmis o adres\u0103 c\u0103tre Oficiul Na\u021bional al Registrului Comer\u021bului (ONRC) prin care s-a solicitat comunicarea datelor relevante cu privire la accesibilizarea spa\u021biului fizic \u00een care se permite accesul publicului &#8211; al sediilor Oficiilor Registrului Comer\u021bului de pe l\u00e2ng\u0103 tribunale \u0219i al sediului Oficiului Na\u021bional al Registrului Comer\u021bului pentru persoanele cu dizabilit\u0103\u021bi, precum \u0219i <strong><em>accesibilitatea mediului informa\u021bional.<\/em><\/strong><\/p>\n<p style=\"text-align: justify;\"><strong>Prin adresa ONRC nr. 2064317\/2024<\/strong> ni s-a comunicat, \u00een esen\u021b\u0103, \u00eentre altele, c\u0103 <strong>at\u00e2t Oficiul Na\u0163ional al Registrului Comer\u0163ului, c\u00e2t \u015fi oficiile registrului comer\u0163ului de pe l\u00e2ng\u0103 tribunale \u00ee\u015fi desf\u0103\u015foar\u0103 activitatea \u00een cl\u0103diri \u00eenchiriate, \u00een principal imobile apar\u0163in\u00e2nd unor persoane fizice sau juridice, care nu fac parte dintre cl\u0103dirile enumerate la art. 62 alin. (1) din Legea nr. 448\/2006 privind protec\u0163ia \u015fi promovarea drepturilor persoanelor cu handicap, republicat\u0103, cu modific\u0103rile \u015fi complet\u0103rile ulterioare.<\/strong> De asemenea, s-a precizat c\u0103 <em>obliga\u0163ia de asigurare a locurilor de parcare pentru persoanele cu dizabilit\u0103\u0163i, cade \u00een sarcina administratorului domeniului public<\/em> din localitatea \u00een care \u00ee\u015fi desf\u0103\u015foar\u0103 activitatea Oficiul Na\u0163ional al Registrului Comer\u0163ului \u015fi oficiile registrului comer\u0163ului de pe l\u00e2ng\u0103 tribunale. <strong><em>Cu toate acestea, acolo unde spa\u0163iul \u00eenchiriat a permis, \u00een contractele de \u00eenchiriere s-a prev\u0103zut obliga\u0163ia ca proprietarul imobilului s\u0103 asigure loc de parcare \u00een curtea imobilului, inclusiv pentru persoanele cu dizabilit\u0103\u0163i, precum \u015fi s\u0103 amenajeze c\u0103ile de acces \u00een cl\u0103dire pentru persoanele cu dizabilit\u0103\u0163i, astfel \u00eenc\u00e2t s\u0103 se asigure accesibilizarea spa\u0163iului fizic. Totodat\u0103, au fost oferite \u0219i date referitoare la accesibilizarea mediului informa\u021bional<\/em><\/strong>, implementate pe site, portal, c\u00e2t \u015fi \u00een aplica\u0163iile interne.<\/p>\n<p style=\"text-align: justify;\">Fa\u021b\u0103 de datele comunicate, a fost emis\u0103<strong> Recomandarea nr. 161\/2024<\/strong>, adresat\u0103 Directorului General al ONRC prin care s-a solicitat luarea m\u0103surilor ce se impun pentru accesibilizarea imobilelor \u00een care ONRC \u0219i structurile teritoriale ale acestuia \u00ee\u0219i desf\u0103\u0219oar\u0103 activitatea potrivit nevoilor persoanelor cu handicap, indiferent de tipul acestuia, at\u00e2t \u00een ceea ce prive\u0219te mediul fizic, c\u00e2t \u0219i cel informa\u021bional \u0219i comunica\u021bional.<\/p>\n<p><strong>Prin adresa nr. 2105996\/24.12.2024, ONRC ne-a comunicat c\u0103 a luat act de recomandarea transmis\u0103 \u0219i a implementat o serie de m\u0103suri<\/strong>, precum:<\/p>\n<p>&#8211;\u00a0 dotarea cu rampe de acces \u00een cl\u0103dire la majoritatea sediilor oficiilor registrului comer\u021bului de pe l\u00e2ng\u0103 tribunal;<\/p>\n<p style=\"text-align: justify;\">&#8211; desemnarea la Oficiul Na\u021bional al Registrului Comer\u021bului \u0219i la fiecare oficiu al registrului comer\u021bului de pe l\u00e2ng\u0103 tribunal a unui salariat care s\u0103 asiste persoanele cu dizabilit\u0103\u021bi \u00een ceea ce prive\u0219te accesul acestora la mediul informa\u021bional si la documenta\u021bia necesar\u0103 solu\u021bion\u0103rii cererilor formulate de ace\u0219tia;<\/p>\n<p style=\"text-align: justify;\">&#8211; accesibilizarea paginii de internet a Oficiului Na\u021bional al Registrului Comer\u021bului \u0219i a Portalului pentru persoanele cu dizabilit\u0103\u021bi vizuale \u0219i auditive.<\/p>\n<p style=\"text-align: justify;\">S-a mai men\u021bionat c\u0103 \u00eencep\u00e2nd cu anul bugetar 2025, \u00eempreun\u0103 cu Ordonatorul principal de credite, Ministerul Justi\u021biei, se va analiza identificarea posibilit\u0103\u021bilor legale de extindere a m\u0103surilor \u00eentreprinse deja la nivelul institu\u021biei pentru aplicarea \u00eentr-un mod c\u00e2t mai eficient a prevederilor Legii nr. 448\/2006, privind protec\u021bia \u0219i promovarea drepturilor persoanelor cu handicap \u0219i vom dispune alte m\u0103suri care se impun pentru accesibilizarea imobilelor \u00een care Oficiul Na\u021bional al Registrului Comer\u021bului \u0219i structurile teritoriale ale acestuia \u00ee\u0219i desf\u0103\u0219oar\u0103 activitatea.<\/p>\n<p style=\"text-align: justify;\"><em>Av\u00e2nd \u00een vedere r\u0103spunsul primit din partea Oficiului Na\u021bional al Registrului Comer\u021bului a fost \u00a0transmis\u0103 o adres\u0103 Secretarului General al Ministerului Justi\u021biei \u00een vederea inform\u0103rii cu privire la demersurile realizate \u0219i rezultatul acestora, solicit\u00e2ndu-se s\u0103 se ia \u00een considerare necesitatea aloc\u0103rii de fonduri corespunz\u0103toare pentru derularea proiectelor ce au ca obiect cre\u0219terea gradului de accesibilizare a imobilelor \u00een care ONRC \u0219i structurile teritoriale ale acestuia \u00ee\u021bi desf\u0103\u0219oar\u0103 activitatea, corespunz\u0103tor nevoilor persoanelor cu handicap, indiferent de tipul acestuia, at\u00e2t \u00een ceea ce prive\u0219te mediul fizic, c\u00e2t \u0219i cel informa\u021bional \u0219i comunica\u021bional.<\/em><\/p>\n<\/div>\n<\/div>\n<\/p>\n<p style=\"text-align: justify;\">\n<div class=\"sp-wrap sp-wrap-default\">\n<div class=\"sp-head\" title=\"Expand\">\nDosar nr. 20478\/2023 (rezumat) - Institu\u021bia Avocatul Poporului s-a sesizat din oficiu cu privire la m\u0103surile de ocrotire a persoanelor v\u00e2rstnice\/ cu dizabilit\u0103\u021bi beneficiare ale serviciilor c\u0103minului pentru persoane v\u00e2rstnice \u201eCasa Geron\u201d, din Bucure\u0219ti, a c\u0103rui activitate a fost suspendat\u0103, plec\u00e2nd de la \u0219tirile ap\u0103rute \u00een spa\u021biul public sub titlul Revolta continu\u0103 la un azil \u00eenchis din Bucure\u0219ti. Rudele b\u0103tr\u00e2nilor refuz\u0103 relocarea. Dup\u0103 decizia dat\u0103 de autorit\u0103\u021bi \u00een urma neregulilor constatate, apar\u021bin\u0103torii v\u00e2rstnicilor se temeau c\u0103, dac\u0103 \u00eei vor lua pe b\u0103tr\u00e2ni acas\u0103, nu vor reu\u0219i sa \u00eei \u00eengrijeasc\u0103 a\u0219a cum o fac medicii \u0219i asistentele din centrul apar\u021bin\u00e2nd Funda\u021biei Geron.\n<\/div>\n<div class=\"sp-body folded\">\n<p>Institu\u021bia Avocatul Poporului a efectuat demersuri scrise pe l\u00e2ng\u0103 conducerea C\u0103minului pentru persoane v\u00e2rstnice \u201eCasa Geron\u201d, a Direc\u021biei de S\u0103n\u0103tate Public\u0103-DSP Bucure\u0219ti, Direc\u021biei Generale de Asisten\u021b\u0103 Social\u0103 \u0219i Protec\u021bia Copilului &#8211; DGASPC Sector 5, a Agen\u021biei pentru pl\u0103\u021bi \u0219i inspec\u021bie social\u0103 a municipiului Bucure\u0219ti &#8211; APISMB, a Institu\u021biei Prefectului Bucure\u0219ti, prin care a solicitat informa\u021bii referitor la suspendarea activit\u0103\u021bii c\u0103minului \u0219i detalii privind relocarea beneficiarilor \u00een alte centre \u0219i\/sau \u00een s\u00e2nul familiei, urm\u00e2nd ca demersurile s\u0103 fie extinse, dac\u0103 din r\u0103spunsurile autorit\u0103\u021bilor avea s\u0103 rezulte necesitatea efectu\u0103rii unor anchete la centrele de relocare.<\/p>\n<p style=\"text-align: justify;\">Informa\u021biile au vizat: persoanele v\u00e2rstnice\/cu dizabilit\u0103\u021bi beneficiare relocate \u00een alte centre; beneficiarii care au fost\/urmau a fi prelua\u021bi de familie din cauza suspend\u0103rii activit\u0103\u021bii centrului; respectarea Standardelor minime de calitate\u00a0 pentru serviciile sociale cu cazare, organizate ca centre reziden\u0163iale destinate persoanelor v\u00e2rstnice, respectiv Standardul 1 privitor la <em>Informare<\/em> \u0219i Standardul 3 privind <em>\u00cencetare\/Suspendare servicii<\/em>;\u00a0 ob\u021binerea consim\u021b\u0103m\u00e2ntului beneficiarilor\/reprezentan\u021bilor acestora cu privire la relocarea persoanelor v\u00e2rstnice; \u00a0proximitatea centrelor de relocare \u0219i m\u0103suri de suplimentare a personalului, hranei \u0219i medicamentelor, pentru a se asigura p\u0103strarea standardelor minime de calitate \u0219i ocrotirea adecvat\u0103 a persoanelor v\u00e2rstnice\/cu dizabilit\u0103\u021bi \u00een centrele \u00een care au fost relocate; dac\u0103 autorit\u0103\u021bile statului verific\u0103 \u00een ce condi\u021bii urmeaz\u0103 s\u0103 fie \u00eengrijite \u00een familie persoanele v\u00e2rstnice\/cu dizabilit\u0103\u021bi preluate de apar\u021bin\u0103tori \u0219i dac\u0103 exist\u0103 p\u00e2rghii legale prin care autorit\u0103\u021bile pot s\u0103 sprijine apar\u021bin\u0103torii care sunt nevoi\u021bi s\u0103 \u00ee\u0219i ia rudele (persoane v\u00e2rstnice\/cu dizabilit\u0103\u021bi) acas\u0103, \u00een urma suspend\u0103rii activit\u0103\u021bii c\u0103minelor \u00een care erau \u00eengrijite.<\/p>\n<p style=\"text-align: justify;\">\u00cen urma demersurilor a rezultat c\u0103, \u00een data de 14 iulie 2023, o echip\u0103 mixt\u0103 de control constituit\u0103, \u00een baza <em>Ordinului Prefectului Municipiul Bucure\u0219ti nr. 470\/10.07.2023<\/em> <em>de constituire a Comisiilor mixte de control la centrele reziden\u021biale destinate persoanelor v\u00e2rstnice, centrele reziden\u021biale destinate persoanelor adulte cu dizabilit\u0103\u021bi \u0219i cele destinate copiilor<\/em>, aflate pe raza municipiul Bucure\u0219ti, a verificat centrul, \u00een urma constat\u0103rilor fiind dispuse o serie de m\u0103suri, inclusiv <em>Decizia de suspendare<\/em>, dispus\u0103 de DSPMB &#8211;<em> Direc\u021bia de S\u0103n\u0103tate Public\u0103 a Municipiului Bucure\u0219ti<\/em> pentru neefectuarea lucr\u0103rilor de \u00eentre\u021binere \u0219i a repara\u021biilor necesare bunei func\u021bion\u0103ri a unit\u0103\u021bii.<\/p>\n<p style=\"text-align: justify;\">Reprezentan\u021bii APISMB au fost de p\u0103rere c\u0103 \u00eentruc\u00e2t capacitatea aprobat\u0103 a serviciului social era mult mai mare (54) fa\u021b\u0103 de num\u0103rul de beneficiari admi\u0219i \u00een centru (28), m\u0103surile dispuse \u00een urma neconformit\u0103\u021bilor constatate ar fi putut fi remediate prin simpla mutare a beneficiarilor \u00een cadrul serviciului social \u0219i efectuarea tuturor repara\u021biilor\/ igieniz\u0103rii spa\u021biilor etapizat, f\u0103r\u0103 a fi necesar\u0103 relocarea acestora \u00een alte servicii sociale sau reintegrarea \u00een familiile apar\u021bin\u0103toare.<\/p>\n<p style=\"text-align: justify;\">\u00cen acela\u0219i sens a fost \u0219i pozi\u021bia exprimat\u0103 de Funda\u021bia Geron care a apreciat c\u0103 m\u0103surile dispuse de autorit\u0103\u021bi \u00een cazul centrului au fost excesive. Totu\u0219i, am fost informa\u021bi c\u0103, ulterior controlului mixt, a fost modernizat \u00eentreg Centrul pentru Persoane V\u00e2rstnice Casa Geron. \u00cen ceea ce prive\u0219te beneficiarii, ni s-a comunicat c\u0103 nu s-a mai pus problema reloc\u0103rii acestora \u00een alte centre, majoritatea\u00a0 fiind prelua\u021bi temporar \u00een familii, \u00een prezent Centrul relu\u00e2ndu-\u0219i activitatea, iar apar\u021bin\u0103torii declar\u00e2ndu-se mul\u021bumi\u021bi de activitatea desf\u0103\u0219urat\u0103 \u00een Centru.<\/p>\n<p style=\"text-align: justify;\">\u00centruc\u00e2t din demersurile institu\u021biei Avocatul Poporului a rezultat c\u0103 nu exist\u0103 nicio prevedere legal\u0103 \u00een vigoare \u00een baza c\u0103reia autorit\u0103\u021bile statului s\u0103 poat\u0103 evalua condi\u021biile \u00een care urmeaz\u0103 s\u0103 fie \u00eengrijit\u0103 \u00een familie o persoan\u0103 v\u00e2rstnic\u0103 \u0219i\/sau cu dizabilit\u0103\u021bi, preluat\u0103 fortuit \u00een s\u00e2nul familiei, \u00een cazul \u00eenchiderii unui centru (<em>\u00een ciuda faptului c\u0103, \u00een mod rezonabil, s-ar putea presupune c\u0103 tocmai din cauz\u0103 c\u0103 nu putea fi \u00eengrijit\u0103 corespunz\u0103tor \u00een familie, a fost adus\u0103 persoana la centru<\/em>) Avocatul Poporului a apreciat ca oportun\u0103 o sesizare din oficiu viitoare, cu caracter sistemic, privind num\u0103rul persoanelor cu dizabilit\u0103\u021bi \u00eengrijite \u00een familie (inclusiv prin asistent personal) \u0219i politicile publice de sprijinire a acestor familii de c\u0103tre stat.<\/p>\n<\/div>\n<\/div>\n<\/p>\n<p style=\"text-align: justify;\">\n<div class=\"sp-wrap sp-wrap-default\">\n<div class=\"sp-head\" title=\"Expand\">\nDosar nr. 15940\/2024 (rezumat) - \u00centruc\u00e2t tot mai mul\u021bi peten\u021bi s-au adresat institu\u021biei Avocatul Poporului, prin peti\u021bii individuale \u0219i colective, \u00een leg\u0103tur\u0103 cu nerespectarea termenului de solu\u021bionare a contesta\u021biilor \u0219i \u00eenc\u0103lcarea demnit\u0103\u021bii persoanelor cu dizabilit\u0103\u021bi \u00een procesul de evaluare \u00een vederea \u00eencadr\u0103rii \u00een grad de handicap, Avocatul Poporului s-a sesizat din oficiu \u0219i a dispus efectuarea unei anchete, \u00een vederea clarific\u0103rii problematicii cu pre\u0219edinta Comisiei Superioare de Evaluare a Persoanelor Adulte cu Handicap \u0219i pre\u0219edintele Autorit\u0103\u021bii Na\u021bionale pentru Protec\u021bia Drepturilor Persoanelor cu Dizabilit\u0103\u021bi (ANPDPD). \n<\/div>\n<div class=\"sp-body folded\">\n<p>Referitor la <strong><em>cauzele care determin\u0103 dep\u0103\u0219irea termenului de solu\u021bionare a contesta\u021biilor privind certificatul de \u00eencadrare \u00een grad de handicap<\/em><\/strong>, concluzia a fost c\u0103 acestea sunt <em>num\u0103rul extrem de mare al contesta\u021biilor<\/em> (peste o mie de contesta\u021bii\/ lun\u0103) \u0219i <em>personalul insuficient al Comisiei Superioare <\/em>(dar \u0219i al Secretariatului Tehnic al Comisiei), care nu are ca atribu\u021bii doar activitatea decizional\u0103 \u00een solu\u0163ionarea contesta\u0163iilor.<\/p>\n<p style=\"text-align: justify;\">Au fost identificate \u0219i unele m\u0103suri de natur\u0103 s\u0103 \u00eencurajeze adoptarea <em>unei <strong>conduite adecvate a membrilor serviciilor\/comisiilor de evaluare<\/strong> <strong>\u00een vederea \u00eencadr\u0103rii \u00een grad \u0219i tip de handicap<\/strong>, \u00een cursul interac\u021biunii cu persoana cu dizabilit\u0103\u021bi, din perspectiva drepturilor omului \u0219i a protec\u021biei speciale a persoanelor cu handicap.<\/em><\/p>\n<p style=\"text-align: justify;\">\u00centruc\u00e2t peten\u021bii se pl\u00e2ngeau \u0219i de gre\u0219ita (ne)\u00eencadrare \u00een grad de handicap, a fost constituit un Grup de lucru, la nivelul institu\u021biei Avocatul Poporului, care s\u0103 analizeze deficien\u021bele \u00een activitatea de evaluare \u0219i \u00eencadrare \u00een grad \u0219i tip de handicap semnalate de peten\u021bi (\u0219i reg\u0103site, adesea, \u00een hot\u0103r\u00e2rile instan\u021belor de judecat\u0103 na\u021bionale \u0219i\/sau \u00een hot\u0103r\u00e2rile CEDO de condamnare a statului rom\u00e2n), s\u0103 propun\u0103 mijloace de corectare a acestora, identific\u00e2nd totodat\u0103 modalit\u0103\u021bi de sensibilizare a autorit\u0103\u021bilor de resort fa\u021b\u0103 de problemele \u00eent\u00e2mpinate de persoana cu dizabilit\u0103\u021bi \u00een cursul procesului de evaluare \u00een vederea \u00eencadr\u0103rii \u00een grad de handicap.<\/p>\n<p style=\"text-align: justify;\">\u00cen urma concluziilor sesiz\u0103rii din oficiu, Avocatul Poporului a emis<strong> <em>Recomandarea nr. 104\/10 iunie <\/em><\/strong>2024 privind solu\u021bionarea contesta\u021biilor la \u00eencadrarea \u00een grad de handicap \u00een termen legal \u0219i respectarea demnit\u0103\u021bii persoanelor cu dizabilit\u0103\u021bi \u00een timpul procedurilor de evaluare \u00een vederea \u00eencadr\u0103rii \u00een grad de handicap, adresat\u0103 at\u00e2t pre\u0219edintei Comisiei Superioare, c\u00e2t \u0219i pre\u0219edintelui ANPDPD, prin care a recomandat acestora <strong>s\u0103 ini\u021bieze demersuri, de natur\u0103 administrativ\u0103 \u0219i normativ\u0103<\/strong>, \u00een vederea <strong>eficientiz\u0103rii activit\u0103\u021bii de solu\u021bionare a contesta\u021biilor \u0219i a respect\u0103rii drepturilor persoanelor cu dizabilit\u0103\u021bi \u00een cursul procesului de evaluare, inclusiv dreptul la demnitate<\/strong>.<\/p>\n<p style=\"text-align: justify;\">ANPDPD \u0219i MMSS ne-au r\u0103spuns inform\u00e2ndu-ne despre <strong>\u00eensu\u0219irea<\/strong> <strong>Recomand\u0103rii<\/strong> <strong>nr. 104\/2024<\/strong>, <strong>modul \u0219i stadiul valorific\u0103rii punctuale a celor recomandate de<\/strong> <strong>Avocatul Poporului. <\/strong><\/p>\n<p style=\"text-align: justify;\">Astfel, ni s-a comunicat c\u0103: este \u00een curs de realizare <strong><em>modificarea \u0219i completarea art. 90<sup>1<\/sup>, alin. (6) din Legea nr. 448\/2006, modificare care va avea \u00een vedere suplimentarea num\u0103rului membrilor Comisiei Superioare, precum \u0219i suplimentarea num\u0103rului membrilor secretariatului Comisiei Superioare<\/em><\/strong>; urmeaz\u0103 s\u0103 fie <strong>consultate toate DGSASPC-urile \u00een leg\u0103tur\u0103 cu <em>oportunitatea \u00eenfiin\u021b\u0103rii mai multor grupuri de lucru ale Comisiei Superioare, care s\u0103 preia din sarcina excesiv\u0103 care \u00eei revine acum Comisiei Superioare<\/em><\/strong>; a fost transmis\u0103 tuturor <strong>DGASPC-urilor o solicitare privind <em>instituirea unor m\u0103suri pentru revizuirea Codului etic de la nivelul acestora<\/em>, <em>prin preluarea recomand\u0103rilor Avocatului Poporului cu privire la atitudinea personalului fa\u021b\u0103 de beneficiarii cu dizabilit\u0103\u021bi<\/em>, <em>precum \u0219i cu privire la implementarea unui sistem de monitorizare a interac\u021biunii dintre persoanele cu dizabilit\u0103\u021bi \u0219i resprezentan\u021bi autorit\u0103\u021bilor publice, \u00een timpul evalu\u0103rii \u00een vederea \u00eencadr\u0103rii \u00een grad de handicap<\/em><\/strong>. De asemenea, am fost informa\u021bi c\u0103 se lucreaz\u0103 la <strong><em>modificarea \u0219i completarea actelor normative referitoare la evaluarea \u0219i \u00eencadrarea \u00een grad de handicap, pentru armonizarea legisla\u021biei \u00een beneficiul persoanei cu handicap, prin declan\u0219area automat\u0103 a procedurilor privind aplicarea prevederilor altor legi dec\u00e2t Legea nr. 448\/2006 (Legea nr. 17\/2000 privind asisten\u021ba social\u0103 a persoanelor v\u00e2rstnice) dac\u0103 acestea pot contribui, prin beneficiile sociale instituite, la bun\u0103starea persoanei cu handicap<\/em><\/strong><em>.<\/em><\/p>\n<\/div>\n<\/div>\n<\/p>\n<p style=\"text-align: justify;\">\n<div class=\"sp-wrap sp-wrap-default\">\n<div class=\"sp-head\" title=\"Expand\">\nDosar nr. 13102\/2024 (rezumat) - Sesizare din oficiu referitor la situa\u021bia tinerilor care au beneficiat de o m\u0103sur\u0103 de protec\u021bie special\u0103 \u0219i au \u00eemplinit v\u00e2rsta de 18 ani, respectiv respectarea dreptului la indemniza\u021bie lunar\u0103 recunoscut acestora, \u00een condi\u021biile Legii nr. 272\/2004 privind protec\u0163ia \u015fi promovarea drepturilor copilului\n<\/div>\n<div class=\"sp-body folded\">\n<\/p>\n<p style=\"text-align: justify;\">Institu\u021bia Avocatul Poporului s-a sesizat din oficiu cu privire la situa\u021bia tinerilor care au beneficiat de o m\u0103sur\u0103 de protec\u021bie special\u0103, \u00een condi\u021biile legii, au \u00eemplinit v\u00e2rsta de 18 ani \u0219i care, \u00een cazul \u00een care fac dovada c\u0103 urmeaz\u0103 o form\u0103 de \u00eenv\u0103\u0163\u0103m\u00e2nt prev\u0103zut\u0103 de lege sau au un loc de munc\u0103 pot opta, potrivit art. 129 alin. (4)<sup>2<\/sup> din Legea nr. 272\/2004 privind protec\u0163ia \u015fi promovarea drepturilor copilului, republicat\u0103<a href=\"#_ftn1\" name=\"_ftnref1\">[1]<\/a>, o singur\u0103 dat\u0103, indiferent de momentul ie\u0219irii din sistemul de protec\u0163ie social\u0103, pentru continuarea m\u0103surii de protec\u0163ie special\u0103 \u00een condi\u0163iile art. 55 alin. (2) sau (3) ori pentru primirea unei indemniza\u021bii lunare \u00een valoare de 4,8 ISR p\u00e2n\u0103 la \u00eemplinirea v\u00e2rstei de 26 de ani.<\/p>\n<p style=\"text-align: justify;\">\u00cen ceea ce prive\u0219te problematica tinerilor institu\u021bionaliza\u021bi am remarcat, pe site-ul Ministerului Familiei, Tineretului \u0219i Egalit\u0103\u021bii de \u0218anse, at\u00e2t constituirea noului Grup Na\u021bional de Lucru pentru Dialogul Uniunii Europene cu Tinerii, din componen\u021ba c\u0103ruia face parte \u0219i Consiliul Tinerilor Institu\u021bionaliza\u021bi, c\u00e2t \u0219i existen\u021ba Strategiei na\u021bionale pentru Tineret 2023-2027, pus\u0103 \u00een transparen\u021b\u0103 decizional\u0103 \u00eencep\u00e2nd cu data de 2 august 2023.<\/p>\n<p style=\"text-align: justify;\">\u00cen Strategia na\u021bional\u0103 pentru Tineret 2023-2027 am constatat preconizarea unor m\u0103suri privind protec\u021bia tinerilor care prezint\u0103 vulnerabilit\u0103\u021bi, inclusiv a tinerilor institu\u021bionaliza\u021bi ce nu mai beneficiaz\u0103, la \u00eemplinirea v\u00e2rstei de 18 ani, de servicii de tip reziden\u021bial \u0219i a tinerilor cu dizabilit\u0103\u021bi supu\u0219i riscului de excluziune social\u0103.<\/p>\n<p style=\"text-align: justify;\">\u00cen prezent, reducerea num\u0103rului tinerilor inactivi este unul dintre obiectivele Comisiei Europene care, cu ajutorul Consiliului Uniunii Europene, a pus \u00een aplicare, \u00eencep\u00e2nd cu anul 2013, programul denumit Garan\u021bia pentru Tineret. Aceast\u0103 ini\u021biativ\u0103, se arat\u0103 \u00een Strategie, \u0219i-a propus s\u0103 garanteze pentru to\u021bi tinerii cu v\u00e2rste \u00eentre 15 \u0219i 24 de ani accesul la oferte bune de ocupare profesional\u0103, la educa\u021bie continu\u0103, la ucenicie sau la stagii de formare, \u00een decursul a patru luni de la intrarea \u00een \u0219omaj sau de la \u00eencheierea etapei de educa\u021bie.<\/p>\n<p style=\"text-align: justify;\">Totodat\u0103, Institu\u021bia Avocatul Poporului a primit \u0219i o \u201d\u00centrebare\u201d formulat\u0103 de doamna senator Rodica Boanc\u0103 referitoare la nerespectarea prevederilor art.\u00a0 129 alin. (4)<sup>2<\/sup> din Legea nr. 272\/2004 \u0219i generarea unei discrimin\u0103ri prin neaplicarea dispozi\u021biei legale anterior men\u021bionat\u0103 \u00een situa\u021bia tinerilor care au ie\u0219it din sistemul de protec\u021bie social\u0103 dup\u0103 luna iulie 2022; astfel s-a re\u021binut critica adus\u0103 autorit\u0103\u021bilor \u0219i \u00een mod special, Parlamentului, Ministerului Familiei, Tineretului \u0219i Egalit\u0103\u021bii de \u0218anse \u0219i Ministerului Muncii \u0219i Solidarit\u0103\u021bii Sociale pentru faptul c\u0103 nu pun \u00een aplicare un articol de lege prin care tinerii institu\u021bionaliza\u021bi au dreptul la un ajutor financiar lunar dac\u0103 lucreaz\u0103 sau studiaz\u0103, oric\u00e2nd \u00eenainte de v\u00e2rsta de 26 de ani \u0219i \u201eindiferent de momentul ie\u0219irii din sistemul de protec\u021bie social\u0103\u201d.<\/p>\n<p style=\"text-align: justify;\"><u>Av\u00e2nd \u00een vedere aspectele anterior men\u021bionate, am solicitat Ministerul Familiei, Tineretului \u0219i Egalit\u0103\u021bii de \u0218anse \u0219i Agen\u021biei Na\u021bionale pentru Pl\u0103\u021bi \u0219i Inspec\u021bie Social\u0103, Autorit\u0103\u021bii Na\u021bionale pentru Protec\u021bia Drepturilor Copilului \u0219i Adop\u021bie, Ministerului Muncii \u0219i Solidarit\u0103\u021bii Sociale \u0219i Agen\u021biei Na\u021bionale pentru Ocuparea For\u021bei de Munc\u0103 comunicarea de date relevante <\/u>viz\u00e2nd problema anterior detaliat\u0103.<\/p>\n<p style=\"text-align: justify;\"><em>Prin adresa nr. 6112\/2024 <\/em><em>Agen\u021bia Na\u021bional\u0103 pentru Pl\u0103\u021bi \u0219i Inspec\u021bie Social\u0103<\/em> ne-a comunicat c\u0103 Agen\u021bia Na\u021bional\u0103 pentru Pl\u0103\u021bi \u0219i Inspec\u021bie Social\u0103 aplic\u0103 politicile \u0219i strategiile din domeniul sistemului na\u021bional de asisten\u021b\u0103 social\u0103 elaborate de Ministerul Muncii \u0219i Solidarit\u0103\u021bii Sociale, care are calitatea de ini\u021biator legislativ. Agen\u021bia Na\u021bional\u0103 pentru Pl\u0103\u021bi \u0219i Inspec\u021bie Social\u0103 \u0219i agen\u021biile teritoriale pun \u00een aplicare prevederile legale, respect\u00e2nd termenele \u0219i condi\u021biile de eligibilitate stabilite de lege.<\/p>\n<p style=\"text-align: justify;\">Potrivit art. II din Ordinul comun al ministrului muncii \u015fi solidarit\u0103\u0163ii sociale \u015fi ministrului familiei, tineretului \u015fi egalit\u0103\u0163ii de \u015fanse nr. 1954\/2022 \u0219i art. IX din Legea nr. 191\/2022, art. 129 alin. (4<sup>2<\/sup>) din Legea nr. 272\/2004 a intrat \u00een vigoare de la data de 28 septembrie 2022.<\/p>\n<p style=\"text-align: justify;\">Art. IX din Legea nr. 191\/2022 pentru modificarea \u0219i completarea Legii nr. 272\/2004 privind protec\u021bia \u0219i promovarea drepturilor copilului, publicat\u0103 \u00een M. Of. Nr. 652 din 30 iunie 2022, prevede la alin. (2) urm\u0103toarele: \u201d(2) Prevederile art. 64 alin. (2), art. 128 alin. (2<sup>1<\/sup>) \u0219i ale art. 129 alin. (4<sup>1<\/sup>) \u0219i (4<sup>2<\/sup>) din Legea nr. 272\/2004, republicat\u0103, cu modific\u0103rile \u0219i complet\u0103rile ulterioare, precum \u0219i cu cele aduse prin prezenta lege, intr\u0103 \u00een vigoare la 90 de zile de la data public\u0103rii prezentei legi \u00een Monitorul Oficial al Rom\u00e2niei, Partea I. \u201d<\/p>\n<p style=\"text-align: justify;\">S-a precizat c\u0103 plata beneficiilor sociale s-a efectuat \u00een conformitate cu prevederile art. 4 din Legea nr. 500\/2002 privind finan\u021bele publice, cu modific\u0103rile \u0219i complet\u0103rile ulterioare \u0219i a Legii nr. 272\/2004 privind protec\u021bia \u0219i promovarea drepturilor copilului pentru tinerii proveni\u021bi din \u00een sistemul de protec\u021bii special\u0103 (p\u00e2n\u0103 la v\u00e2rsta de 26 de ani) care \u00ee\u0219i continu\u0103 studiile sau s-au angajat la un loc de munc\u0103, numai \u00een limita creditelor de angajament \u0219i \u00een scopurile pentru care aceste cheltuieli au fost aprobate.<\/p>\n<p style=\"text-align: justify;\"><u>Agen\u021bia Na\u021bional\u0103 pentru Pl\u0103\u021bi \u0219i Inspec\u021bie Social\u0103 prin agen\u021biile teritoriale a efectuat \u00een 2024, perioada ianuarie &#8211; aprilie, pl\u0103\u021bi \u00een baza Legii nr. 272\/2004 privind protec\u021bia \u0219i promovarea drepturilor copilului pentru tinerii proveni\u021bi din \u00een sistemul de protec\u021bie special\u0103 (p\u00e2n\u0103 la v\u00e2rsta de 26 de ani) care \u00ee\u0219i continu\u0103 studiile sau s-au angajat la un loc de munc\u0103, dup\u0103 cum urmeaz\u0103: ianuarie 2024 \u2013 pentru 4664 beneficiari, februarie 2024 &#8211; 5.031 de beneficiari, martie 2024 &#8211; 5.218 de beneficiari, aprilie 2024 &#8211; 5.451 de beneficiari.<\/u><\/p>\n<p style=\"text-align: justify;\">S-a mai men\u021bionat c\u0103 un r\u0103spuns asupra interpel\u0103rii cu con\u021binut similar a dnei. senator Rodica Boanc\u0103 a fost transmis la 20 martie 2024.<\/p>\n<p style=\"text-align: justify;\"><em>Prin adresa nr. R\/6900\/2024 Ministerul Familiei, Tineretului \u0219i Egalit\u0103\u021bii de \u0218anse ne-a comun<\/em><em>icat adresa\u00a0 Autorit\u0103\u021bii Na\u021bionale pentru Protec\u021bia Drepturilor Copilului \u0219i Adop\u021bie nr. 12919\/DGPDC\/SCIM\/so\/2024 <\/em>prin care s-a precizat c\u0103 pentru tinerii care au dob\u00e2ndit capacitate deplin\u0103 de exerci\u021biu \u0219i au beneficiat de o m\u0103sur\u0103 de protec\u021bie special\u0103, \u00een condi\u021biile legii, la art. 55 alin. (2) \u0219i (3) din Legea nr. 272\/2004 privind protec\u021bia \u0219i promovarea drepturilor copilului, republicat\u0103, cu modific\u0103rile \u0219i complet\u0103rile ulterioare, sunt prev\u0103zute dou\u0103 excep\u021bii. O prim\u0103 excep\u021bie este reglementat\u0103 \u00een favoarea tinerilor care au dob\u00e2ndit capacitatea deplin\u0103 de exerci\u021biu, au beneficiat deja de o m\u0103sur\u0103 de protec\u021bie special\u0103 \u0219i fac dovada c\u0103 la momentul dob\u00e2ndirii capacit\u0103\u021bii depline de exerci\u021biu \u00ee\u0219i continu\u0103 studiile, o singur\u0103 dat\u0103 \u00een fiecare form\u0103 de \u00eenv\u0103\u021b\u0103m\u00e2nt de zi. Prelungirea m\u0103surii de protec\u021bie special\u0103 se realizeaz\u0103 la cererea tinerilor \u00een cauz\u0103 \u0219i poate fi acordat\u0103 p\u00e2n\u0103 la \u00eemplinirea de c\u0103tre ace\u0219tia a v\u00e2rstei de 26 de ani. Cea de-a doua excep\u021bie vizeaz\u0103, de asemenea, tinerii care au dob\u00e2ndit capacitatea deplin\u0103 de exerci\u021biu, dar nu intr\u0103 sub inciden\u021ba prevederilor alin. (2) \u00eens\u0103 \u00eendeplinesc cumulativ urm\u0103toarele condi\u021bii, respectiv au beneficiat de o m\u0103sur\u0103 de protec\u021bie special\u0103 la momentul dob\u00e2ndirii capacit\u0103\u021bii depline de exerci\u021biu \u0219i nu au posibilitatea revenirii \u00een familia proprie, se confrunt\u0103 cu riscul excluziunii sociale, neav\u00e2nd o locuin\u021b\u0103 \u0219i posibilitatea de a se \u00eentre\u021bine.<\/p>\n<p style=\"text-align: justify;\">\u00cen situa\u021bia \u00een care sunt \u00eendeplinite condi\u021biile prev\u0103zute de lege t\u00e2n\u0103rul va beneficia, la cererea sa, de prelungirea m\u0103surii de protec\u021bie special\u0103, pe o perioad\u0103 de maxim 2 ani. \u00cen analizarea cererii formulate pentru prelungirea acord\u0103rii protec\u021biei speciale formulate \u00een temeiul prevederilor alin. (3) trebuie s\u0103 se \u021bin\u0103 seama \u0219i de condi\u021biile impuse de teza a doua a acestui alineat.<\/p>\n<p style=\"text-align: justify;\"><u>\u00cencep\u00e2nd cu anul 2022, prin Legea nr. 191\/2022 pentru modificarea \u0219i completarea Legii nr. 272\/2004 privind protec\u021bia \u0219i promovarea drepturilor copilului a fost introdus\u0103 ca facilitate, posibilitatea de a opta \u00eentre continuarea m\u0103surii de protec\u021bie special\u0103, \u00een condi\u021biile mai sus prezentate sau primirea unei indemniza\u021bii.<\/u><\/p>\n<p style=\"text-align: justify;\">Dispozi\u021bia legal\u0103 introdus\u0103 prin Legea nr. 191\/2022 f\u0103cea referire la \u00eemplinirea v\u00e2rstei de 18 ani de c\u0103tre t\u00e2n\u0103r \u0219i a\u0219a cum reiese \u0219i din expunerea de motive a Pl-x. nr. 26\/2023; astfel se \u00een\u021belegea \u201cc\u0103 la \u00eemplinirea v\u00e2rstei de 18 ani, tinerii pot s\u0103 opteze pentru prelungirea m\u0103surii de protec\u021bie (\u00een special \u00een timpul studiilor) sau ob\u021binerea indemniza\u021biei lunare de 4.8 ISR, iar \u00een cazul \u00een care t\u00e2n\u0103rul va opta pentru prelungirea m\u0103surii de protec\u021bie, chiar dac\u0103 \u0219i numai c\u00e2teva luni, nu va putea ulterior s\u0103 beneficieze de indemniza\u021bia care se acord\u0103 o singur\u0103 dat\u0103 la ie\u0219irea din sistemul de protec\u021bie special\u0103\u201d.<\/p>\n<p style=\"text-align: justify;\"><u>Pentru asigurarea aplic\u0103rii unitare a normei a fost depus\u0103 propunerea legislativ\u0103 Pix nr.26\/2023, aprobat\u0103 ulterior prin Legea nr. 298\/2023 pentru modificarea Legii nr. 272\/2004 privind protec\u021bia \u0219i promovarea drepturilor copilului, care elimin\u0103 sintagma \u201cla \u00eemplinirea v\u00e2rstei de 18 ani\u201d \u0219i o \u00eenlocuie\u0219te cu sintagma &#8220;indiferent de momentul ie\u0219irii din sistemul de protec\u021bie special\u0103\u201d.<\/u><\/p>\n<p style=\"text-align: justify;\">De asemenea, s-a subliniat faptul c\u0103 <u>se men\u021bin condi\u021biile ini\u021biale introduse<\/u>, <u>respectiv posibilitatea de a opta \u00eentre men\u021binerea m\u0103surii de protec\u021bie special\u0103,<\/u> conform prevederilor art. 55 alin. (2) sau, dup\u0103 caz, alin. (3) din Legea nr. 272\/2004, republicat\u0103, cu modific\u0103rile \u0219i complet\u0103rile ulterioare (ceea ce presupune c\u0103 au o m\u0103sur\u0103 de protec\u021bie special\u0103 stabilit\u0103 conform legii \u0219i nu le-a \u00eencetat m\u0103sura) <u>\u0219i ob\u021binerea indemniza\u021biei lunare de 4.8 ISR., <\/u>nefiind este vorba de discriminare, ci de o solu\u021bie legislativ\u0103 ap\u0103rut\u0103 ca urmare a aplic\u0103rii neunitare a normelor legale. Conform prevederilor legale \u00een vigoare, indemniza\u021bia se suport\u0103 de la bugetul de stat prin bugetul Ministerului Muncii \u0219i Solidarit\u0103\u021bii Sociale. Din datele statistice oferite de Direc\u021biile Generale de Asisten\u021b\u0103 Social\u0103 \u0219i Protec\u021bia Copilului din jude\u021be \/ sectoare ale municipiului Bucure\u0219ti a rezultat c\u0103 <u>un num\u0103r total de 9692 tineri au ie\u0219it din sistemul de protec\u021bie special\u0103 \u00een perioada 03.07.2022 &#8211; 31.03.2024, din care 678 tineri \u0219i-au exprimat acordul \u00een vederea monitoriz\u0103rii situa\u021biei lor dup\u0103 \u00eencetarea m\u0103surii de protec\u021bie special\u0103,<\/u> potrivit prevederilor art. 55 alin. (4) din Legea nr. 272\/2004 privind protec\u021bia \u0219i promovarea drepturilor copilului, republicat\u0103, cu modific\u0103rile \u0219i complet\u0103rile ulterioare.<\/p>\n<p style=\"text-align: justify;\">Din num\u0103rul total de tineri care \u0219i-au exprimat acordul pentru monitorizarea situa\u021biei lor dup\u0103 \u00eencetarea m\u0103surii de protec\u021bie special\u0103:<\/p>\n<p style=\"text-align: justify;\">&#8211;\u00a0\u00a0\u00a0\u00a0\u00a0\u00a0\u00a0\u00a0\u00a0\u00a0 84 tineri care au ie\u0219it din sistemul de protec\u021bie special\u0103 \u00een perioada 03.07.2022 &#8211; 31.03.2024 sunt inactivi, respectiv nu urmeaz\u0103 o form\u0103 de \u00eenv\u0103\u021b\u0103m\u00e2nt \u0219i nu au un loc de munc\u0103;<\/p>\n<p style=\"text-align: justify;\">&#8211;\u00a0\u00a0\u00a0\u00a0\u00a0\u00a0\u00a0\u00a0\u00a0\u00a0 380 tineri care au ie\u0219it din sistemul de protec\u021bie special\u0103 \u00een perioada 03.07.2022 &#8211; 31.03.2024 urmeaz\u0103 o form\u0103 de \u00eenv\u0103\u021b\u0103m\u00e2nt;<\/p>\n<p style=\"text-align: justify;\">&#8211;\u00a0\u00a0\u00a0\u00a0\u00a0\u00a0\u00a0\u00a0\u00a0\u00a0 207 tineri care au ie\u0219it din sistemul de protec\u021bie special\u0103 \u00een perioada 03.07.2022 &#8211; 31.03.2024 au un loc de munc\u0103;<\/p>\n<p style=\"text-align: justify;\">&#8211;\u00a0\u00a0\u00a0\u00a0\u00a0\u00a0\u00a0\u00a0\u00a0\u00a0 7 tineri care au ie\u0219it din sistemul de protec\u021bie special\u0103 \u00een perioada 03.07.2022 &#8211; 31.03.2024 au acces la ucenicie sau stagii de formare \u00een decursul a patru luni de la intrarea \u00een \u0219omaj sau de la \u00eencheierea etapei de educa\u021bie.<\/p>\n<p style=\"text-align: justify;\"><em>Prin adresa nr. 18963\/DGPDC\/SCIM\/so\/2024<\/em> aceea\u0219i autoritate, (urmare solicit\u0103rii noastre de comunicare de date suplimentare referitoare la m\u0103surile adoptate pentru sprijinirea tinerilor ce au \u00eemplinit 18 ani \u0219i au ie\u0219it din sistemul de protec\u021bie) a precizat c\u0103\u00a0 <u>tinerii care p\u0103r\u0103sesc sistemul de protec\u021bie special\u0103 reprezint\u0103 un grup \u021bint\u0103 prioritar avut \u00een vedere \u00een cadrul legal destinat prevenirii \u0219i combaterii marginaliz\u0103rii sociale, at\u00e2t pentru m\u0103surile de \u00eencurajare a particip\u0103rii pe pia\u021ba muncii, c\u00e2t \u0219i pentru asigurarea de servicii de s\u0103n\u0103tate, locuire etc.<\/u><\/p>\n<p style=\"text-align: justify;\">Gestionarea acestor domenii apar\u021bine ministerelor de resort, \u00een func\u021bie de zona de interes ce abordeaz\u0103 sprijinirea anumitor categorii de persoane vulnerabile, printre care \u0219i tinerii care au fost anterior beneficiari ai unei m\u0103suri de protec\u021bie special\u0103, exced\u00e2nd competen\u021bei ANPDCA (care, astfel dup\u0103 cum rezult\u0103 din adresa ANPDCA nr. 20447\/et\/2024, transmis\u0103 Ministerului Muncii \u0219i Solidarit\u0103\u021bii Sociale, gestioneaz\u0103 problematica drepturilor copilului p\u00e2n\u0103 la \u00eemplinirea v\u00e2rstei de 18 ani).<\/p>\n<p style=\"text-align: justify;\"><u>Modific\u0103rile aduse legisla\u021biei \u00een domeniu \u00een anul 2022 au vizat inclusiv introducerea obliga\u021biei direc\u021biei generale de asisten\u021b\u0103 social\u0103 \u0219i protec\u021bia copilului de a sprijini tinerii \u00een c\u0103utarea unui loc de munc\u0103 \u0219i a unui loc de cazare \u00een ultimul an de \u0219edere \u00een sistemul de protec\u021bie special\u0103. De asemenea, a fost introdus\u0103 obligativitatea monitoriz\u0103rii acestora de c\u0103tre serviciul public de asisten\u021b\u0103 social\u0103 pe o perioad\u0103 de doi ani, sub condi\u021bia expres\u0103 ca persoana \u00een cauz\u0103 s\u0103 \u00ee\u0219i exprime acordul \u00een acest sens, dat\u0103 fiind capacitatea sa juridic\u0103 deplin\u0103.<\/u><\/p>\n<p style=\"text-align: justify;\"><u>Scopul acestor m\u0103suri a fost acela de a sprijini cu m\u0103suri suplimentare tinerii care p\u0103r\u0103sesc sistemul de protec\u021bie special\u0103, considera\u021bi ca fiind o categorie de persoane vulnerabile, \u00een vederea integr\u0103rii lor \u00een societate \u0219i comunitate dup\u0103 momentul \u00een care protec\u021bia asigurat\u0103 de stat va \u00eenceta, \u00een condi\u021biile \u00een care ace\u0219tia devin cet\u0103\u021beni cu drepturi depline, cu capacitate juridic\u0103 deplin\u0103, dup\u0103 \u00eemplinirea v\u00e2rstei de 18 ani.\u00a0\u00a0\u00a0 <\/u><\/p>\n<p style=\"text-align: justify;\"><em>Prin adresa nr. 10902\/2024, Agen\u021bia Na\u021bional\u0103 pentru Pl\u0103\u021bi \u0219i Inspec\u021bie Social\u0103<\/em> (urmare solicit\u0103rii pe care am adresat-o Ministerului Muncii \u0219i Solidarit\u0103\u021bii Sociale de comunicare de date referitoare la num\u0103rul tinerilor c\u0103rora li se pl\u0103te\u0219te indemniza\u021bia reglementat\u0103 de prevederile Legii nr. 272\/2004, a celor care, dup\u0103 ie\u0219irea din sistemul de protec\u021bie special urmeaz\u0103 o form\u0103 de \u00eenv\u0103\u021b\u0103m\u00e2nt, au un loc de munc\u0103 sau au acces la ucenicie\/stagii de formare \u0219i m\u0103surile dispuse fa\u021b\u0103 de ace\u0219tia), ne-a comunicat, \u00een esen\u021b\u0103, c\u0103 art. 129 alin. 4<sup>2 <\/sup>din Legea nr. 272\/2004 prevede dou\u0103\u00a0 condi\u021bii de eligibilitate pentru tinerii care au beneficiat de o m\u0103sur\u0103 de protec\u021bie special\u0103 stabilit\u0103 \u00een condi\u021biile legii \u0219i care doresc s\u0103 opteze pentru continuarea m\u0103surii de protec\u021bie special\u0103 sau pentru primirea indemniza\u021biei lunare \u00een valoare de 4,8 ISR, p\u00e2n\u0103 la \u00eemplinirea v\u00e2rstei de 26 de ani, respectiv condi\u021bia de a urma o form\u0103 de \u00eenv\u0103\u021b\u0103m\u00e2nt prev\u0103zut\u0103 de lege sau sa aib\u0103 un loc de munc\u0103.<\/p>\n<p style=\"text-align: justify;\">Astfel, <u>\u00een luna iulie 2024, \u00een baza de date a ANPIS figureaz\u0103 c\u0103 au ie\u0219it din sistemul de protec\u021bie un num\u0103r de 5747 de tineri care beneficiaz\u0103 de indemniza\u021bia pentru tineri<\/u> \u00een valoare de 4,8 ISR (indicatorul social de referin\u021b\u0103). Valoarea ISR \u00een anul 2024 este de 660 lei, astfel c\u0103 indemniza\u021bia este \u00een valoare de 3168 lei, rotunjit\u0103 la 3170 lei; s-a mai ar\u0103tat c\u0103 centralizarea \u00een vederea efectu\u0103rii pl\u0103\u021bii la nivelul agen\u021biilor teritoriale se face cumulat, nu defalcat.<\/p>\n<p style=\"text-align: justify;\"><em>Prin adresa nr. 5770\/2024, 160625\/DAPMPOFPFM\/2024, 180434\/DCPFNFEMBD\/2024 Agen\u021bia Na\u021bional\u0103 pentru Ocuparea For\u021bei de Munc\u0103<\/em> ne-a comunicat c\u0103 Agen\u021bia Na\u021bional\u0103 pentru Ocuparea For\u021bei de Munc\u0103 (ANOFM) aplic\u0103 politicile \u0219i strategiile privind ocuparea for\u021bei de munc\u0103 \u0219i formarea profesional\u0103 a persoanelor \u00een c\u0103utarea unui loc de munc\u0103 elaborate de Ministerul Muncii \u0219i Solidarit\u0103\u021bii Sociale \u0219i propune, implementeaz\u0103, finan\u021beaz\u0103 \u0219i cofinan\u021beaz\u0103 programe privind ocuparea \u0219i formarea profesional\u0103 a for\u021bei de munc\u0103. De asemenea, \u00een scopul cre\u0219terii \u0219anselor de ocupare a persoanelor aflate \u00een c\u0103utare de loc de munc\u0103, ANOFM aplic\u0103 m\u0103suri de stimulare a ocup\u0103rii for\u021bei de munc\u0103, \u00een conformitate cu actele normative \u00een vigoare.<\/p>\n<p style=\"text-align: justify;\">ANOFM elaboreaz\u0103 anual Planul Na\u021bional de Formare Profesional\u0103, \u00een conformitate cu prevederile art. 65 din Legea nr. 76\/2002 privind sistemul asigur\u0103rilor pentru \u0219omaj \u0219i stimularea ocup\u0103rii for\u021bei de munc\u0103, cu modific\u0103rile \u0219i complet\u0103rile ulterioare, pe care \u00eel supune aprob\u0103rii Ministerului Muncii \u0219i Solidarit\u0103\u021bii Sociale. Planul Na\u021bional de Formare Profesional\u0103 se elaboreaz\u0103 pe baza propunerilor de plan dezvoltate la nivel jude\u021bean. Av\u00e2nd \u00een vedere c\u0103 formarea profesional\u0103 a persoanelor \u00een c\u0103utarea unui loc de munc\u0103 se face \u021bin\u00e2ndu-se seama de cerin\u021bele de moment \u0219i de perspectiv\u0103 ale pie\u021bei muncii \u0219i \u00een concordan\u021b\u0103 cu op\u021biunile \u0219i aptitudinile individuale ale acestora, pentru elaborarea propunerilor planurilor de formare profesional\u0103, reprezentan\u021bii AJOFM\/AMOFM parcurg mai multe etape, respectiv:<\/p>\n<p style=\"text-align: justify;\">&#8211; identificarea meseriilor\/ocupa\u021biilor cerute pe pia\u021ba muncii, la nivel local, prin investigarea tendin\u021belor de dezvoltare a economiei locale pe termen scurt \u0219i analiza nevoilor de formare profesional\u0103 \u00een mediul rural, consultarea angajatorilor cu privire la nevoile de calificare ale for\u021bei de munc\u0103, consultarea direct\u0103 a poten\u021bialilor beneficiari ai form\u0103rii;<\/p>\n<p style=\"text-align: justify;\">&#8211; investigarea bazei de date proprii a AJOFM cu privire la num\u0103rul persoanelor aflate \u00een c\u0103utarea unui loc de munc\u0103 \u00eenregistrate, deja calificate \u00een meseriile cerute pe pia\u021ba local\u0103 a muncii;<\/p>\n<p style=\"text-align: justify;\">&#8211; investigarea bazei de date proprii a AJOFM cu privire la locurile de munc\u0103 vacante comunicate \u00een anul anterior \u0219i estimarea num\u0103rului de locuri de munc\u0103 vacante \u0219i a ocupa\u021biilor aferente pentru anul urm\u0103tor;<\/p>\n<p style=\"text-align: justify;\">&#8211; analizarea posibilit\u0103\u021bii de absorb\u021bie a for\u021bei de munc\u0103 existente;<\/p>\n<p style=\"text-align: justify;\">&#8211; identificarea poten\u021bialelor disponibiliz\u0103ri colective;<\/p>\n<p style=\"text-align: justify;\">&#8211; estimarea num\u0103rului de \u0219omeri prognoza\u021bi a se \u00eenregistra \u00een eviden\u021ba agen\u021biei;<\/p>\n<p style=\"text-align: justify;\">&#8211; estimarea num\u0103rului de absolven\u021bi prin consultarea inspectoratelor \u0219colare \u0219i a calific\u0103rilor acestora;<\/p>\n<p style=\"text-align: justify;\">&#8211; evaluarea interesului persoanelor \u00een c\u0103utarea unui loc de munc\u0103 pentru anumite calific\u0103ri\/ocupa\u021bii.<\/p>\n<p style=\"text-align: justify;\"><u>Prin implementarea Planului Na\u021bional de Formare Profesional\u0103, ANOFM \u00ee\u0219i propune cre\u0219terea nivelului de calificare al \u0219omerilor \u0219i persoanelor inactive apte de munc\u0103 prin \u00eembun\u0103t\u0103\u021birea nivelului de competen\u021be \u0219i adaptarea competen\u021belor la cerin\u021bele pie\u021bei muncii, pentru a facilita reintegrarea acestora pe pia\u021ba muncii, conform obiectivelor cuprinse \u00een Strategia Na\u021bional\u0103 pentru Ocuparea For\u021bei de Munc\u0103 2021-2027;<\/u>\u00a0 \u00eencurajarea particip\u0103rii largi \u0219i favorabile incluziunii pentru grupurile dezavantajate pe pia\u021ba muncii la programe de formare profesional\u0103 sau \u00een procese de evaluare a competen\u021belor dob\u00e2ndite \u00een context informal sau non formal; <u>cre\u0219terea capacit\u0103\u021bii de inser\u021bie profesional\u0103 prin stimularea particip\u0103rii tinerilor la formare profesional\u0103 prin programe de ucenicie.<\/u><\/p>\n<p style=\"text-align: justify;\">\u00cen ceea ce prive\u0219te num\u0103rul tinerilor care au \u00eemplinit 18 ani, au ie\u0219it din sistemul de protec\u021bie special\u0103 \u0219i au acces la ucenicie sau programe de formare profesional\u0103 \u00een primele patru luni de la intrarea \u00een \u0219omaj sau de la \u00eencheierea etapei de educa\u021bie, s-a subliniat c\u0103 <u>formarea profesional\u0103 a persoanelor \u00een c\u0103utarea unui loc de munc\u0103 se realizeaz\u0103 de agen\u021biile pentru ocuparea for\u021bei de munc\u0103 prin centrele de formare profesional\u0103 din subordinea acestora \u0219i prin centrele regionale pentru formarea profesional\u0103 a adul\u021bilor ale ANOFM, precum \u0219i prin furnizori de servicii de formare profesional\u0103, din sectorul public sau privat, autoriza\u021bi \u00een condi\u021biile legii, iar accesul la programele de formare profesional\u0103 se face nediscriminatoriu.<\/u><\/p>\n<p style=\"text-align: justify;\">\u00cen perioada 2022 &#8211; martie 2024, participarea tinerilor cu v\u00e2rsta mai mic\u0103 de 30 de ani la programe de formare profesional\u0103 \u0219i procesele de evaluare a competen\u021belor organizate de ANOFM se prezint\u0103 astfel:<\/p>\n<p style=\"text-align: justify;\">&#8211; 2022 \u2013 22646 num\u0103r total de participan\u021bi, din care 9152 de persoane sub 30 de ani, din care 7117 persoane \u00een primele 4 luni de la \u00eenregistrarea \u00een baza de date; <em><u>8 persoane se \u00eencadreaz\u0103 \u00een categoria \u201dtinerilor post institu\u021bionaliza\u021bi.\u201d<\/u><\/em><\/p>\n<p style=\"text-align: justify;\">&#8211; 2023\u00a0 &#8211; 27.843 &#8211; num\u0103r total de participan\u021bi din care 14.086 persoane sub 30 de ani, din care 9.493 persoane \u00een primele 4 luni de la \u00eenregistrarea \u00een baza de date; 3 <em><u>persoane se \u00eencadreaz\u0103 \u00een categoria \u201dtinerilor post institu\u021bionaliza\u021bi\u201d.<\/u><\/em><\/p>\n<p style=\"text-align: justify;\">&#8211; martie 2024 &#8211; 6.007 \u2013 num\u0103r total de participan\u021bi, din care 887 persoane sub 30 de ani, din care 606 persoane \u00een primele 4 luni de la \u00eenregistrarea \u00een baza de date; 2 <em><u>persoane se \u00eencadreaz\u0103 \u00een categoria \u201dtinerilor post institu\u021bionaliza\u021bi\u201d.<\/u><\/em><\/p>\n<p style=\"text-align: justify;\">S-a mai precizat c\u0103 ANOFM elaboreaz\u0103 \u0219i implementeaz\u0103 anual programul special stagii profesionale pentru absolven\u021bii de \u00eenv\u0103\u021b\u0103m\u00e2nt superior conform prevederilor Legii nr.335\/2013 privind efectuarea stagiului pentru absolven\u021bii de \u00eenv\u0103\u021b\u0103m\u00e2nt superior, cu modific\u0103rile \u0219i complet\u0103rile ulterioare. \u00cen anul 2022 num\u0103rul de stagiari a fost de 2 persoane, ambele sub 30 de ani, iar \u00een martie 2024, 5 persoane; nu au fost \u00eenregistra\u021bi tineri post institu\u021bionaliza\u021bi.<\/p>\n<p style=\"text-align: justify;\"><u>ANOFM \u0219i-a propus s\u0103 implementeze, \u00een perioada actual\u0103 de programare, proiecte care au drept scop cre\u0219terea gradului de ocupare a persoanelor aflate \u00een c\u0103utare de loc de munc\u0103, inclusiv prin cre\u0219terea gradului de participare la programe de formare profesional\u0103<\/u>. Astfel, \u00een cadrul Programului Opera\u021bional Educa\u021bie \u0219i Ocupare 2021-2027, Prioritatea 2: \u201dValorificarea poten\u021bialului tinerilor pe pia\u021ba muncii (Ocuparea for\u021bei de munc\u0103 \u00een r\u00e2ndul tinerilor)\u201d, <u>ANOFM a elaborat \u0219i a transmis AM PECU (Autoritatea de Management pentru Programe Europene cu Capital Uman) pentru analiz\u0103 \u0219i validare, un proiect care vizeaz\u0103 acordarea sprijinului financiar angajatorilor pentru \u00eencheierea unui num\u0103r total de 2.330 contracte de ucenicie cu \u0219omeri tineri sub 30 de ani cu domiciliu sau re\u0219edin\u021ba \u00een jude\u021bele cuprinse \u00een regiunile Centru, Sud-Muntenia, Sud-Vest Oltenia, Nord-Est, Nord-Vest, Sud-Est, Vest, Bucure\u0219ti &#8211; Ilfov.<\/u><\/p>\n<p style=\"text-align: justify;\"><u>De asemenea, AM-PEO (Autoritatea de Management pentru Programul Educa\u021bie \u0219i Ocupare) a lansat, \u00een cadrul priorit\u0103\u021bii 2 &#8211; ac\u021biunea 2.a.2. Preg\u0103tirea \u0219i furnizarea ofertei de servicii de formare\/ocupare pentru tineri, inclusiv pentru tineri NEET (persoana cu v\u00e2rsta cuprins\u0103 \u00eentre 16 ani \u0219i p\u00e2n\u0103 la \u00eemplinirea v\u00e2rstei de 29 de ani, care nu are loc de munc\u0103, nu urmeaz\u0103 o form\u0103 de \u00eenv\u0103\u021b\u0103m\u00e2nt \u0219i nu particip\u0103 la activit\u0103\u021bi de formare profesional\u0103 <\/u><u>(\u201cNot in Education, Employment or Training\u201d)<\/u><u>, prin pachete integrate de m\u0103suri active personalizate \u00een func\u021bie de profilul tinerilor \u0219i ac\u021biunea 2.a.1. Dezvoltarea unei re\u021bele pentru tineret care s\u0103 furnizeze servicii personalizate \u0219i de calitate tinerilor, cu prec\u0103dere din categoria NEETs, apeluri competitive unde structurile subordonate ANOFM pot avea calitatea de solicitan\u021bi sau parteneri.<\/u><\/p>\n<p style=\"text-align: justify;\"><em>Prin adresa nr. R\/10907, Ministerul Familiei, Tineretului \u0219i Egalit\u0103\u021bii de \u0218anse<\/em> ne-a comunicat c\u0103 \u00een procesul de fundamentare \u0219i elaborare a Strategiei Na\u021bionale pentru Tineret 2024 &#8211; 2027, s\u0103r\u0103cia s-a aflat printre amenin\u021b\u0103rile care afecteaz\u0103 tinerii, \u0219i mai ales categoriile tradi\u021bional vulnerabile, uneori cu vulnerabilit\u0103\u021bi multiple: tinerii institu\u021bionaliza\u021bi ce nu mai beneficiaz\u0103, la \u00eemplinirea v\u00e2rstei de 18 ani, de serviciile de tip reziden\u021bial, tinerii cu dizabilit\u0103\u021bi supu\u0219i riscului de excluziune social\u0103, \u00eens\u0103\u0219i no\u021biunea de handicap plas\u00e2nd persoana \u00een cauz\u0103 \u00eentr- o pozi\u021bie dezavantajat\u0103 fa\u021b\u0103 de ceilal\u021bi, tinerii de etnie rom\u0103, care, \u00een pofida numeroaselor strategii \u0219i politici na\u021bionale, dar \u0219i europene, continu\u0103 s\u0103 aib\u0103 un standard de via\u021b\u0103 care prezint\u0103 un decalaj ridicat fa\u021b\u0103 de cel al popula\u021biei majoritare.<\/p>\n<p style=\"text-align: justify;\"><u>Strategia Na\u021bional\u0103 pentru Tineret 2024 &#8211; 2027, recent aprobat\u0103 de c\u0103tre Guvernul Rom\u00e2niei, este un document intersectorial, care \u0219i-a propus s\u0103 r\u0103spund\u0103 domeniilor principale de interes din via\u021ba tinerilor \u0219i s\u0103 asigure o interven\u021bie unitar\u0103, integrat\u0103 a actorilor cu atribu\u021bii, responsabilit\u0103\u021bi, sau a celor interesa\u021bi \u00een realizarea obiectivelor pentru tineret.<\/u> Astfel, <u>s-a urm\u0103rit \u00eent\u0103rirea cooper\u0103rii\/colabor\u0103rii \u00eentre institu\u021bii, autorit\u0103\u021bi publice centrale \u0219i locale \u0219i organiza\u021bii neguvernamentale de \u0219i pentru tineret \u00een vederea solu\u021bion\u0103rii nevoilor tinerilor<\/u>. <u>Problematica referitoare la tinerii care au \u00eemplinit 18 ani \u0219i au ie\u0219it din sistemul de protec\u021bie special\u0103 este abordat\u0103 \u00een cadrul documentului strategic prin intermediul unor m\u0103suri care privesc at\u00e2t accesul la educa\u021bie, prin furnizarea unor servicii de sprijin (integrate\/complementare) pentru facilitarea accesului la sistemul de \u00eenv\u0103\u021bare pentru vulnerabili dar \u0219i prin diversificarea programelor de consiliere voca\u021bional\u0103.<\/u><\/p>\n<p style=\"text-align: justify;\"><u>Unul dintre obiectivele generale cuprinse \u00een Strategia Na\u021bional\u0103 pentru Tineret 2024 &#8211; 2027 este Reducerea s\u0103r\u0103ciei \u00een r\u00e2ndul tinerilor, combaterea tuturor formelor de discriminare, facilitarea \u0219i asigurarea incluziunii \u0219i coeziunii sociale, implementat\u0103 prin Finan\u021barea de programe de sprijin pentru tinerii care provin din categorii vulnerabile (tineri care ies din sistemul de protec\u021bie special\u0103, tineri cu dizabilit\u0103\u021bi etc<\/u>) cu m\u0103suri precum organizarea de tabere sociale, inclusiv pentru tinerii care p\u0103r\u0103sesc sistemul de protec\u021bie \u0219i facilit\u0103\u021bi pentru tinerii care p\u0103r\u0103sesc sistemul de protec\u021bie special\u0103.<\/p>\n<p style=\"text-align: justify;\">Aceste m\u0103suri au fost construite \u00een a\u0219a fel \u00eenc\u00e2t s\u0103 fie implementate \u00een parteneriat cu institu\u021bii cu responsabilit\u0103\u021bi \u00een ceea ce prive\u0219te tinerii care p\u0103r\u0103sesc sistemul de protec\u021bie special\u0103, precum Ministerul Muncii \u0219i Solidarit\u0103\u021bii Sociale \u0219i direc\u021biile generale de asisten\u021b\u0103 social\u0103 \u0219i protec\u021bia copilului.<\/p>\n<p style=\"text-align: justify;\"><u>\u00cen condi\u021biile \u00een care Strategia Na\u021bional\u0103 pentru Tineret 2024 &#8211; 2027 a fost aprobat\u0103 \u00een decursul anului 2024, iar Consiliul Interinstitu\u021bional de Monitorizare \u0219i Evaluare a Strategiei Na\u021bionale pentru Tineret 2024 &#8211; 2027 este \u00een curs de organizare, modalit\u0103\u021bile prin care m\u0103surile vizate prin politicile publice integrate \u00een Strategia Na\u021bional\u0103 pentru Tineret 2024 &#8211; 2027, cu privire la tinerii care au \u00eemplinit 18 ani \u0219i au ie\u0219it din sistemul de protec\u021bie special\u0103, inclusiv termenele precise de implementare a acestora, urmeaz\u0103 a fi stabilite \u00een urma consult\u0103rilor care vor avea loc, \u00eencep\u00e2nd din acest an, cu partenerii din cadrul acestui consiliu, responsabili \u00een implementarea documentului strategic.<\/u><\/p>\n<p><a href=\"#_ftnref1\" name=\"_ftn1\">[1]<\/a> art. 129 alin. (4)<sup>2<\/sup> : Tinerii care au beneficiat de o m\u0103sur\u0103 de protec\u0163ie special\u0103 stabilit\u0103 \u00een condi\u0163iile legii \u015fi care fac dovada c\u0103 urmeaz\u0103 o form\u0103 de \u00eenv\u0103\u0163\u0103m\u00e2nt prev\u0103zut\u0103 de lege sau au un loc de munc\u0103 pot opta pentru continuarea m\u0103surii de protec\u0163ie special\u0103 \u00een condi\u0163iile art. 55 alin. (2) sau (3) ori pentru primirea unei indemniza\u0163ii lunare \u00een valoare de 4,8 ISR p\u00e2n\u0103 la \u00eemplinirea v\u00e2rstei de 26 de ani. Op\u0163iunea poate fi exprimat\u0103 o singur\u0103 dat\u0103, indiferent de momentul ie\u015firii din sistemul de protec\u0163ie social\u0103.\u00a0<\/p>\n<\/div>\n<\/div>\n<\/p>\n<p><a href=\"https:\/\/avp.ro\/wp-content\/uploads\/2025\/11\/Dosar-12634-2024.pdf\">Dosar nr. 12634\/2024 &#8211; Cazul unei tinere cu dizabilit\u0103\u021bi grave, internat\u0103 o perioad\u0103 \u00eendelungat\u0103 \u00eentr-o unitate spitaliceasc\u0103, \u00een lipsa unor servicii integrate medico-sociale<\/a><\/p>\n\n<div class=\"sp-wrap sp-wrap-default\">\n<div class=\"sp-head\" title=\"Expand\">\nDosar nr. 9845\/2024 (rezumat) - av\u00e2nd ca obiect peti\u021bia unei persoane care reclama lipsa unui r\u0103spuns privind stadiul revizuirii anuale a dosarului de handicap\n<\/div>\n<div class=\"sp-body folded\">\n<\/p>\n<p style=\"text-align: justify;\">Institu\u021bia Avocatul Poporului a fost sesizat\u0103 de c\u0103tre un petent cu privire la lipsa unui r\u0103spuns cu privire la stadiul revizuirii anuale dosarului s\u0103u de handicap, cererea nefiind solu\u021bionat\u0103 timp de mai mult de patru luni.<\/p>\n<p style=\"text-align: justify;\">Urmare demersurilor realizate la Direc\u021bia General\u0103 de Asisten\u021b\u0103 Social\u0103 \u0219i Protec\u021bia Copilului Ilfov, respectiv r\u0103spunsul primit din partea autorit\u0103\u021bii sesizate, din care rezulta c\u0103 documentele \u0219i cererea de evaluare complex\u0103 \u00een vederea \u00eencadr\u0103rii \u00een grad de handicap depuse de petent \u00een noiembrie 2023 la registratura DGASPC au fost transmise Secretariatului Comisiei pentru Protec\u021bia Copilului \u0219i al Comisiei de Evaluare a Persoanelor Adulte cu Handicap la data de 22 februarie 2024, ceea ce a determinat tergiversarea solu\u021bion\u0103rii cererii, Avocatul Poporului a emis Recomandarea nr. 92\/2024, adresat\u0103 directorului DGASPC Ilfov privind necesitatea solu\u021bion\u0103rii cu celeritate a cererilor de evaluare sau reevaluare a persoanelor adulte cu handicap prin care s-a solicitat dispunerea\u00a0 m\u0103surilor care se impun pentru solu\u021bionarea cu celeritate \u0219i cu respectarea termenelor expres prev\u0103zute de lege a cererilor de evaluare\/reevaluare a persoanelor adulte cu handicap.<\/p>\n<p style=\"text-align: justify;\">S-a avut \u00een vedere c\u0103 celeritatea cu care se impune a se derula procedura de evaluare\/reevaluare a persoanelor adulte cu handicap este o caracteristic\u0103 a acesteia, ce reiese din normele incidente; de asemenea, a fost luat\u0103 \u00een considerare \u0219i \u00eemprejurarea c\u0103 respectarea termenelor de solu\u021bionare a cererilor persoanelor cu handicap doar de c\u0103tre comisia competent\u0103, ne\u00eenso\u021bit\u0103 de respectarea termenelor de \u00eenaintare a actelor depuse de titularii cererilor nu este apt\u0103 a asigura solu\u021bionarea cu celeritate a cererilor de evaluare\/reevaluare formulate de persoanele cu handicap, precum \u0219 situa\u021bia particular\u0103, caracterizat\u0103 printr-o vulnerabilitate sporit\u0103 a persoanelor cu handicap \u0219i protec\u021bia special\u0103 de care aceste persoane trebuie s\u0103 se bucure (art. 50 din Constitu\u021bie).<\/p>\n<p style=\"text-align: justify;\">Ulterior emiterii recomand\u0103rii, autoritatea sesizat\u0103 ne-a comunicat c\u0103 aceasta a fost \u00eensu\u0219it\u0103. S-a precizat c\u0103 termenele reglementate de Procedura-Cadru din 23 august 2012 de evaluare a persoanelor adulte \u00een vederea \u00eencadr\u0103rii \u00een grad \u0219i tip de handicap, aprobat\u0103 prin Ordinul Ministrului muncii, familiei \u0219i protec\u021biei sociale nr. 2298 din 23 august 2012 nu au fost anterior respectate datorit\u0103 deficien\u021bei de personal prin raportare la num\u0103rul mare de dosare.<\/p>\n<p style=\"text-align: justify;\">\u00cen vederea respect\u0103rii acestor termene, au fost luate m\u0103suri const\u00e2nd \u00een: \u00eencadrarea unui medic specialist, a unui \u0219ef serviciu al Serviciului Evaluare Complex\u0103 a Persoanelor Adulte cu Handicap (SECPAH), actualizarea fi\u0219elor de post \u0219i luarea deciziei ca o persoan\u0103 din cadrul SECPAH s\u0103 sprijine personalul cu atribu\u021bii \u00een cadrul registraturi \u00een scopul prelu\u0103rii dosarelor de solicitare pentru \u00eencadrare \u00een grad de handicap \u0219i, implicit, a respect\u0103rii termenului legal de 24 de ore de la \u00eenregistrare.\u00a0<\/p>\n<\/div>\n<\/div>\n\n\n<div class=\"sp-wrap sp-wrap-default\">\n<div class=\"sp-head\" title=\"Expand\">\nDosar nr. 5374\/2024 (rezumat) - Petentul ne-a sesizat c\u0103 a depus o cerere de recalculare a pensiei \u00een data de 20.06.2022 la Casa Jude\u0163ean\u0103 de Pensii Gorj. \n<\/div>\n<div class=\"sp-body folded\">\n<p>\u00cen r\u0103spunsul primit de la Casa Jude\u0163ean\u0103 de Pensii Gorj referitor la acest caz, i s-a comunicat faptul c\u0103 din cauza specificului jude\u021bului Gorj, jude\u021b monoindustrial cu economie bazat\u0103 pe extrac\u021bia c\u0103rbunelui \u0219i producerii de energie electric\u0103 exist\u0103 un num\u0103r mare de cereri de recalculare a pensiilor \u00een temeiul Legii nr. 74\/2022, acesta fiind motivul \u00eent\u00e2rzierii r\u0103spunsurilor c\u0103tre peten\u021bi. Totodat\u0103, aceast\u0103 autoritate ne-a transmis dovada faptului c\u0103 a depus toate diligen\u021bele, \u00een repetate r\u00e2nduri la echipa suport din cadrul Casei Na\u021bionale de Pensii Publice ce asigur\u0103 mentenan\u021ba programelor informatice, f\u0103r\u0103 rezultat.<\/p>\n<p>Cu toat\u0103 \u00een\u021belegerea pentru dificult\u0103\u021bile de ordin informatic \u0219i a personalului insuficient, consider\u00e2nd c\u0103 o \u00eent\u00e2rziere cu 2 ani a r\u0103spunsului c\u0103tre petent este inadmisibil\u0103, mai ales ca am mai avut \u00eenregistra\u021bi peten\u021bi \u00een aceea\u0219i situa\u021bie, am solicitat Pre\u0219edintelui Casei Na\u021bionale de Pensii Publice la data de 23 februarie 2024, s\u0103 dispun\u0103 urgentarea recalcul\u0103rii pensiei petentului \u0219i informarea institu\u021biei noastre despre rezultat.<\/p>\n<p>Av\u00e2nd \u00een vedere faptul c\u0103 au trecut peste dou\u0103 luni f\u0103r\u0103 s\u0103 primim un r\u0103spuns, am revenit, prin adresa nr. 5374 din 30 aprilie 2024, preciz\u00e2nd respectivei autorit\u0103\u021bi c\u0103 a dep\u0103\u0219it cu mult termenul legal pentru solu\u021bionarea\u00a0 peti\u021biei prev\u0103zut \u00een art. 8 alin. (1) din Ordonan\u0163a Guvernului nr. 27\/2002, privind activitatea de solu\u0163ionare a peti\u0163iilor, aprobat\u0103 prin Legea nr.233\/2002, \u0219i solicit\u00e2nd conducerii Casei Na\u021bionale de Pensii Publice s\u0103 dispun\u0103 m\u0103suri pentru accelerarea rezolv\u0103rii problemei petentului, demers r\u0103mas f\u0103r\u0103 rezultat.<\/p>\n<p>\u00cen atare situa\u021bie Avocatul Poporului a emis Recomandarea nr. 103 din 4 iunie 2024, prin care solicita pre\u0219edintelui Casei Na\u021bionale de Pensii Publice\u00a0 s\u0103 dispun\u0103 m\u0103surile legale \u00een vederea elimin\u0103rii oric\u0103ror tergivers\u0103ri \u00een solu\u0163ionarea peti\u0163iilor, \u00een conformitate cu dispozi\u021biile Legii nr. 263 din 2010, privind sistemul unitar de pensii publice.<\/p>\n<p>Urmare demersurilor noastre, la data de 25 iunie 2024 am primit de la Casa Na\u021bional\u0103 de Pensii Publice un r\u0103spuns prin care ni se comunic\u0103 faptul c\u0103 drepturile petentului au fost stabilite prin emiterea unei decizii de pensie privind recalcularea dreptului de pensie conform Legii nr. 74\/2022.<\/p>\n<\/div>\n<\/div>\n\n<p style=\"text-align: justify;\">\n<div class=\"sp-wrap sp-wrap-default\">\n<div class=\"sp-head\" title=\"Expand\">\nDosar nr. 5281\/2025 (rezumat) - privind un caz de violen\u021b\u0103 domestic\u0103 comis de fiu fa\u021b\u0103 de mama sa\n<\/div>\n<div class=\"sp-body folded\">\n<\/p>\n<p style=\"text-align: justify;\">Institu\u021bia Avocatul Poporului a fost sesizat\u0103 de c\u0103tre victima unor acte de violen\u021b\u0103 domestic\u0103, s\u0103v\u00e2r\u0219ite de c\u0103tre propriul fiu, fa\u021b\u0103 de care a fost emis un ordin de protec\u021bie \u0219i a criticat faptul c\u0103 Administra\u021bia Fondului Imobiliar nu a dat curs cererilor sale de excludere a agresorului din contractul de loca\u021biune al c\u0103rei titular este petenta.<\/p>\n<p style=\"text-align: justify;\">Urmare demersurilor efectuate de c\u0103tre institu\u021bia Avocatul Poporului <em>Administra\u021bia Fondului Imobiliar<\/em> ne-a comunicat c\u0103 <em>va promova o ac\u021biune \u00een instan\u021b\u0103 pentru radierea agresorului din contractul de loca\u021biune; ac\u021biunea a fost promovat\u0103, stabilindu-se primul termen de judecat\u0103.<\/em><\/p>\n<p style=\"text-align: justify;\">De asemenea,\u00a0 deoarece din datele comunicate de c\u0103tre organele de poli\u021bie a reie\u0219it c\u0103 <em>sec\u021bia de poli\u021bie \u00een raza teritorial\u0103 a c\u0103reia domiciliaz\u0103 victima violen\u021bei domestice (din sectorul 6) nu fusese informat\u0103 de c\u0103tre sec\u021bia de poli\u021bie ini\u021bial sesizat\u0103 cu privire la m\u0103surile dispuse de c\u0103tre instan\u021b\u0103 (din sectorul 4), astfel \u00eenc\u00e2t nu era \u00een m\u0103sur\u0103 s\u0103 contribuie la monitorizarea situa\u021biei victimei violen\u021bei domestice \u2013 ce era verificat\u0103 doar telefonic de Poli\u021bia sector 4<\/em>, precum \u0219i faptul c\u0103 <em>DGASPC Sector 6 nu cuno\u0219tea cazul victimei anterior sesiz\u0103rii de c\u0103tre institu\u021bia Avocatul Poporului, <u>a fost emis\u0103 Recomandarea <\/u><\/em><u>\u00a0<em>nr. 53\/2025<\/em><\/u><u> adresat\u0103 <\/u><em><u>Inspectorului General al Inspectoratului General al Poli\u021biei Rom\u00e2ne<\/u><\/em><em> prin care s-a solicitat dispunerea m\u0103surilor care se impun pentru:<\/em><\/p>\n<p style=\"text-align: justify;\"><em>&#8211; asigurarea colabor\u0103rii organelor de poli\u021bie implicate \u00een etapele ini\u021biale ale gestion\u0103rii cazurilor de violen\u021b\u0103 domestic\u0103 (competente prin raportare la locul s\u0103v\u00e2r\u0219irii faptei) cu cele \u00een raza de competen\u021b\u0103 a c\u0103rora domiciliaz\u0103 victima, care pot contribui la monitorizarea \u0219i prevenirea cazurilor de violen\u021b\u0103 domestic\u0103,;<\/em><\/p>\n<p style=\"text-align: justify;\"><em>&#8211; dispunerea m\u0103surilor necesare pentru colaborarea interinstitu\u021bional\u0103 cu reprezentan\u021bii DGASPC\/DAS\/SPAS, cu atribu\u021bii \u00een prevenirea violen\u021bei domestice, prin comunicarea imediat\u0103 a oric\u0103rui caz de violen\u021b\u0103 ori posibil\u0103 violen\u021b\u0103 \u00een familie, \u00een vederea monitoriz\u0103rii de c\u0103tre ace\u0219tia a climatului familial;<\/em><\/p>\n<p style=\"text-align: justify;\"><em>&#8211; adoptarea procedurilor interne necesare asigur\u0103rii colabor\u0103rii optime \u00eentre diferitele structuri ale Poli\u021biei Rom\u00e2ne \u0219i a colabor\u0103rii interinstitu\u021bionare \u00een gestionarea cazurilor de violen\u021b\u0103 domestic\u0103, inclusiv prin facilitarea transmiterii de informa\u021bii relevante \u0219i crearea de baze de date comune.<\/em><\/p>\n<p style=\"text-align: justify;\">Recomandarea a fost \u00eensu\u0219it\u0103, din datele comunicate de IGPR \u0219i ANES rezult\u00e2nd, \u00een esen\u021b\u0103, c\u0103 poli\u021bi\u0219tii colaboreaz\u0103 cu DGASPC\/DAS la nivel na\u021bional \u0219i local potrivit dispozi\u021biilor Legii nr. 217\/2003 pentru prevenirea \u0219i combaterea violen\u021bei domestice. Direc\u021bia General\u0103 de Poli\u021bie a Municipiului Bucure\u0219ti (DGPMB) colaboreaz\u0103 cu D.G.A.S.P.C. punctual, pentru fiecare caz de violen\u021b\u0103 domestic\u0103, \u00een parte, adaptat specificului situa\u021biei respective. \u00cen vederea prevenirii \u0219i combaterii violen\u021bei domestice, \u00eentre Poli\u021bia Sectorului 6 \u0219i DGASPC Sector 6 a fost \u00eencheiat un Protocol de colaborare, care ofer\u0103 un cadru optim desf\u0103\u0219ur\u0103rii acestei colabor\u0103ri institu\u021bionale. De asemenea, \u0219eful Poli\u021biei Sectorului 6 a emis o dispozi\u021bie \u00een luna iunie 2025, prin care stabile\u0219te activit\u0103\u021bi obligatorii de verificare a istoricului \u0219i cunoa\u0219terea datelor principale despre agresor, premerg\u0103tor gestion\u0103rii sesiz\u0103rilor referitoare la orice acte de violen\u021b\u0103.<\/p>\n<p style=\"text-align: justify;\">S-a subliniat c\u0103 la DGPMB nu exist\u0103 situa\u021bii \u00een care organele de poli\u021bie s\u0103 nu informeze reprezentan\u021bii DGASPC sau echipele mobile SPAS despre cazurile de violen\u021b\u0103 domestic\u0103. Echipa mobil\u0103 SPAS este solicitat\u0103 ori de c\u00e2te ori se impune prezen\u021ba acesteia, \u00een special \u00een cazul minorilor victime ale violen\u021bei domestice sau \u00een alte cazuri vulnerabile care necesit\u0103 interven\u021bia serviciilor sociale, iar <u>poli\u021bi\u0219tii sesizeaz\u0103 DGASPC\/SPAS \u0219i \u00een cazurile \u00een care nu se emite ordin de protec\u021bie provizoriu, dar persoanele au nevoie de asisten\u021b\u0103 \u0219i consiliere psihologic\u0103, ad\u0103post temporar \u00een centre reziden\u021biale specifice, servicii sociale. Totodat\u0103, se solicit\u0103 interven\u021bie specific\u0103 \u00een cazurile \u00een care sunt implica\u021bi minori.<\/u><\/p>\n<p style=\"text-align: justify;\">Cu privire la protec\u021bia victimelor care sunt supuse, \u00een mod repetat, actelor de violen\u021b\u0103 domestic\u0103, s-a men\u021bionat c\u0103 poli\u021bi\u0219tii le informeaz\u0103 pe acestea cu privire la serviciile sociale de care pot beneficia (g\u0103zduire \u00een centre sociale, consiliere etc.) \u0219i le \u00eendrum\u0103 c\u0103tre DGASPC. De asemenea, \u00een anul 2019, IGPR a transmis unele \u00eendrum\u0103ri unit\u0103\u021bilor de poli\u021bie, cu privire la modul \u00een care se realizeaz\u0103 schimbul de informa\u021bii \u00eentre structurile de poli\u021bie. <u>Astfel, \u00een situa\u021bia \u00een care prin ordinul de protec\u021bie provizoriu au fost dispuse m\u0103suri de protec\u021bie\/interdic\u021bie pentru mai multe victime\/agresori care locuiesc pe teritoriul de competen\u021b\u0103 al mai multor unit\u0103\u021bi\/subunit\u0103\u021bi de poli\u021bie, acesta va fi transmis \u00een copie, fiec\u0103rei structuri de poli\u021bie \u00een parte. Totodat\u0103, a fost transmis\u0103 Sec\u021biilor 1-28 Poli\u021bie din Bucure\u0219ti o adres\u0103, prin care s-a reiterat ca toate ordinele de protec\u021bie provizorii\/ordinele de protec\u021bie s\u0103 fie comunicate, de \u00eendat\u0103, tuturor unit\u0103\u021bilor\/subunit\u0103\u021bilor de poli\u021bie competente teritorial s\u0103 dispun\u0103 m\u0103suri de supraveghere a obliga\u021biilor \u0219i interdic\u021biilor stabilite pentru diminuarea\/\u00eenl\u0103turarea st\u0103rii de pericol<\/u>.<\/p>\n<p style=\"text-align: justify;\">Din datele comunicate de c\u0103tre ANES rezult\u0103, \u00een esen\u021b\u0103, \u00eentre altele, c\u0103 ANES continu\u0103 s\u0103 colaboreze, \u00een mod permanent, cu autorit\u0103\u021bile administra\u021biei publice locale cu responsabilit\u0103\u021bi \u00een domeniul prevenirii \u0219i combaterii violen\u021bei domestice (DGASPC-uri\/SPAS-uri\/DAS-uri\/prim\u0103rii\/consilii jude\u021bene), precum \u0219i cu Poli\u021bia Rom\u00e2n\u0103, \u00een vederea sprijinirii func\u021bion\u0103rii re\u021belei de servicii sociale adresate victimelor, c\u00e2t \u0219i agresorilor\/facilit\u0103rii accesului persoanelor afectate la servicii specializate\/dezvolt\u0103rii \u0219i implement\u0103rii unor instrumente de sensibilizare, inclusiv prin organizarea de campanii de informare \u0219i con\u0219tientizare\/derul\u0103rii de activit\u0103\u021bi specifice menite s\u0103 previn\u0103 \u0219i s\u0103 combat\u0103 actele de violen\u021b\u0103 domestic\u0103. Cu privire la m\u0103surile implementate de IGPR \u0219i DGPMB, prin care se asigur\u0103 transmiterea copiilor ordinelor de protec\u021bie provizorii\/ordinelor de protec\u021bie c\u0103tre toate (sub)unit\u0103\u021bile competente, precum \u0219i protocoalele locale \u00eencheiate (ex. Sectorul 6) s-a precizat c\u0103 potrivit func\u021biei sale de reglementare, ANES va sprijini \u00een continuare demersurile de standardizare a acestor proceduri la nivel na\u021bional, \u00een scopul armoniz\u0103rii \u0219i eficientiz\u0103rii interven\u021biilor; de asemenea, ANES are \u00een vedere prin proiectele viitoare \u00eent\u0103rirea capacit\u0103\u021bii de interven\u021bie prin abordare multidisciplinar\u0103 \u0219i colaborare interinstitu\u021bional\u0103 eficient\u0103.<u>\u00a0 <\/u><\/p>\n<p style=\"text-align: justify;\">S-a mai comunicat c\u0103 ANES, \u00een virtutea rolului s\u0103u de structur\u0103 central\u0103 de coordonare metodologic\u0103 \u0219i monitorizare a cooper\u0103rii interinstitu\u021bionale, a ini\u021biat \u0219i continu\u0103, \u00eempreun\u0103 cu partenerii institu\u021bionali, demersurile necesare pentru colectarea, raportarea \u015fi monitorizarea datelor statistice \u00een domeniul prevenirii \u015fi combaterii violen\u0163ei domestice. ANES, \u00een virtutea rolului s\u0103u de structur\u0103 central\u0103 de coordonare metodologic\u0103 \u0219i monitorizare a cooper\u0103rii interinstitu\u021bionale, a ini\u021biat \u0219i continu\u0103, \u00eempreun\u0103 cu partenerii institu\u021bionali, demersurile necesare pentru colectarea, raportarea \u015fi monitorizarea datelor statistice \u00een domeniul prevenirii \u015fi combaterii violen\u0163ei domestice. \u00cen acest sens, \u00een anul 2024, a fost aprobat Ordinul comun nr.1040\/21\/5505\/2024 al ministrului familiei, tineretului \u015fi egalit\u0103\u0163ii de \u015fanse, ministrului afacerilor interne \u015fi ministrului s\u0103n\u0103t\u0103\u0163ii care reglementeaz\u0103 procedura comun\u0103 de lucru la nivel interinstitu\u021bional pentru colectarea, raportarea \u0219i monitorizarea datelor statistice \u00een domeniu. Toate datele statistice relevante la nivelul institu\u021biilor responsabile vor fi transmise c\u0103tre ANES care asigur\u0103 securizarea acestora \u00een cadrul unei platforme\/unui sistem informatic.<\/p>\n<p style=\"text-align: justify;\">Platforma informatic\u0103 se afl\u0103 \u00een prezent \u00een etapa de analiz\u0103 tehnic\u0103 \u0219i de corelare a indicatorilor, urm\u00e2nd s\u0103 fie demarat\u0103 faza de testare \u0219i pilotare, \u00een vederea opera\u021bionaliz\u0103rii \u00een viitor, \u00een paralel cu identificarea resurselor financiare necesare pentru asigurarea infrastructurii informatice.<\/p>\n<p style=\"text-align: justify;\">Dosarul este \u00een continuare \u00een lucru, efectu\u00e2ndu-se demersuri suplimentare cu privire la situa\u021bia petentei.\u00a0<\/p>\n<\/div>\n<\/div>\n<\/p>\n<p style=\"text-align: justify;\">\n<div class=\"sp-wrap sp-wrap-default\">\n<div class=\"sp-head\" title=\"Expand\">\nDosar nr. 4344\/2025 (rezumat) - cazul unui b\u0103rbat care \u0219i-a ucis mama \u00een jude\u021bul Olt\n<\/div>\n<div class=\"sp-body folded\">\n<p> Institu\u021bia Institu\u021bia Avocatul Poporului s-a sesizat din oficiu urmare unui articol publicat pe pagina de internet www.adevarul.ro potrivit c\u0103ruia un b\u0103rbat din Olt \u0219i-a omor\u00e2t mama \u00een urma unui conflict. Victima fusese \u00een repetate r\u00e2nduri agresat\u0103 de fiul s\u0103u, fiind emis \u0219i un ordin de protec\u021bie.<\/p>\n<p style=\"text-align: justify;\">\u00cen instrumentarea dosarului, au fost trimise adrese la IPJ Olt, Sec\u021bia de Poli\u021bie Rural\u0103 local\u0103, Prim\u0103ria Comunei \u00een care a avut loc evenimentul &#8211;\u00a0 Serviciul Asisten\u021b\u0103 social\u0103 \u0219i DGASPC Olt. Din datele comunicate de DGASPC Olt \u0219i prim\u0103rie, a rezultat c\u0103 situa\u021bia de\u0219i victima se afla \u00eentr-o stare de vulnerabilitate din anul 2024 pe fondul repetatelor conflicte avute cu fiul s\u0103u, familiei nu s-a aflat \u00een eviden\u021ba DGASPC Olt \u0219i c\u0103 reprezentan\u021bii prim\u0103riei nu au efectuat anterior anchete sociale care s\u0103 vizeze acest caz, nu au monitorizat persoana agresorului, neidentific\u00e2nd intensific\u0103ri ale riscurilor relative la agresor.<\/p>\n<p style=\"text-align: justify;\">Av\u00e2nd \u00een vedere datele comunicate de c\u0103tre autorit\u0103\u021bile sesizate, din care, \u00eentre altele, a rezultat o lips\u0103 de colaborare a organelor de poli\u021bie cu cele av\u00e2nd atribu\u021bii de acordare de servicii sociale, a fost emis\u0103 Recomandarea nr. 40\/2025, adresat\u0103 \u0219efului IPJ Olt. IGPR a fost informat cu privire la modul de gestionare a cazului de c\u0103tre IPJ Olt \u0219i emiterea recomand\u0103rii.<\/p>\n<p style=\"text-align: justify;\"><em>Recomandarea a fost \u00eensu\u0219it\u0103<\/em>, IGPR \u0219i IPJ Olt\u00a0 comunic\u00e2nd date referitoare la \u0219edin\u021bele de lucru periodic derulate, informarea scris\u0103 a DGASPC\/SPAS cu privire la toate cazurile de violen\u0163\u0103 domestic\u0103, monitorizarea cazurilor pentru o perioad\u0103 de minim 6 luni, \u00een func\u0163ie de evolu\u0163ia acestora, derularea cu celeritate a activit\u0103\u021bilor specifice.<\/p>\n<p style=\"text-align: justify;\"><em>Deoarece din r\u0103spunsul IGPR rezultau \u0219i anumite deficien\u021be \u00een activitatea DGASPC \u0219i a autorit\u0103\u021bilor locale \u00een ceea ce prive\u0219te exercitarea prerogativelor legale \u00een materia violen\u021bei domestice, au fost continuate demersurile la DGASPC Olt \u0219i ANES (structur\u0103 central\u0103 cu rol de coordonare metodologic\u0103 \u0219i de monitorizare a cooper\u0103rii interinstitu\u0163ionale locale pentru prevenirea \u015fi combaterea violen\u0163ei domestice).<\/em><\/p>\n<p style=\"text-align: justify;\"><em>Din datele transmise de c\u0103tre ANES a rezultat, \u00een esen\u021b\u0103 c\u0103 \u00een cazul semnalat, au existat deficien\u021be at\u00e2t \u00een activitatea de monitorizare a st\u0103rii conflictuale preexistente, c\u00e2t \u0219i \u00een comunicarea \u00eentre organele de poli\u021bie \u0219i cele av\u00e2nd atribu\u021bii de asisten\u021b\u0103 social\u0103, lipsa unei interven\u021bii adecvate \u0219i promte \u00een sprijinul victimelor sau agresorilor, \u00een special \u00een afara programului de lucru, conduc\u00e2nd la existen\u021ba de riscuri majore de recidiv\u0103 \u0219i escaladare a violen\u021bei. <\/em><\/p>\n<p style=\"text-align: justify;\"><em>Ulterior, au fost emise Recomand\u0103rile nr. 156\/2025 adresate Primarului Comunei Izbiceni \u0219i DGASPC Olt, viz\u00e2nd, \u00een esen\u021b\u0103, aspecte relative la asigurarea unei colabor\u0103ri interinstitu\u021bionale constante \u0219i eficiente. <\/em><\/p>\n<p style=\"text-align: justify;\"><em>Recomand\u0103rile anterior men\u021bionate au fost \u00eensu\u0219ite<\/em>, DGASPC Olt comunic\u00e2ndu-ne m\u0103surile dispuse pentru asigurarea preg\u0103tirii profesionale a personalului, \u00eenfiin\u021barea echipelor mobile, organizarea de \u00eent\u00e2lniri de lucru, colaborarea interinstitu\u021bional\u0103, trimiterea unei circulare c\u0103tre toate prim\u0103riile, \u00een vederea \u00eenfiin\u021b\u0103rii ad\u0103posturilor de noapte, ad\u0103posturilor pentru persoane f\u0103r\u0103 ad\u0103post \u0219i serviciului de asisten\u021b\u0103 social\u0103 de urgen\u021b\u0103, conform prevederilor legale .<\/p>\n<p style=\"text-align: justify;\">De asemenea, ANES ne-a comunicat, \u00eentre altele, c\u0103 a dispus recomand\u0103ri la nivelul jude\u021bului Olt privind \u00a0finalizarea constituirii echipelor mobile \u0219i consolidarea activit\u0103\u021bii acestora, prin instruire continu\u0103 \u0219i monitorizarea modului de interven\u021bie la nivel jude\u021bean; men\u021binerea \u0219i consolidarea\/dezvoltarea serviciilor sociale de protec\u021bie a victimelor violen\u021bei domestice, dezvoltarea modulelor de interven\u021bie \u0219i asisten\u021b\u0103 pentru agresori, inclusiv pentru asigurarea caz\u0103rii locative pe raza jude\u021bului Olt, \u00een func\u021bie de disponibilitatea resurselor financiare, precum \u0219i prin implementarea unui program na\u021bional \u00een cadrul viitoarelor programe\u00a0 europene pe care ANES le are \u00een vedere; \u00eent\u0103rirea cooper\u0103rii interinstitu\u021bionale \u00eentre DGASPC Olt, SPAS, echipe mobile \u0219i structurile de poli\u021bie, pentru desf\u0103\u0219urarea de ac\u021biuni comune de prevenire, combatere \u0219i gestionare a cazurilor de violen\u021b\u0103 domestice; \u00eembun\u0103t\u0103\u021birea mijloacelor de comunicare interinstitu\u021bional\u0103, pentru a asigura ac\u021bionarea prompt\u0103 \u0219i coordonat\u0103 \u00een solu\u021bionarea cazurilor; consolidarea capacit\u0103\u021bii personalului specializat implicat direct \u00een domeniul interven\u021biilor pentru violen\u021ba domestic\u0103 \u015fi \u00een acordarea serviciilor sociale afrente acestui domeniu; coordonarea activit\u0103\u021bii SPAS\/DAS pentru punerea \u00een aplicare a legisla\u021biei, identificarea poten\u021bialelor cazuri \u0219i referirea acestora c\u0103tre DGASPC Olt, astfel \u00eenc\u00e2t s\u0103 fie asigurat\u0103 interven\u021bia rapid\u0103 \u0219i eficient\u0103.<\/p>\n<p style=\"text-align: justify;\"><em>Prim\u0103ria comunei Izbiceni<\/em> ne-a comunicat c\u0103 \u201dla nivelul UAT Izbiceni a <em>fost implementat\u0103 o echip\u0103 mobil\u0103<\/em> pentru gestionarea cazurilor de violen\u021b\u0103 domestic\u0103, \u00een conformitate cu prevederile legale \u00een vigoare. \u00cen prezent, <em>exist\u0103 cazuri aflate sub monitorizarea echipei mobile, aceasta realiz\u00e2nd vizite periodice la domiciliu, precum \u0219i consilierea persoanelor implicate, ori de c\u00e2te ori situa\u021bia o impune. <\/em>Pentru aceste cazuri se \u00eentocmesc anchete sociale \u0219i rapoarte de vizit\u0103 \u00een teren, periodic, \u00een vederea monitoriz\u0103rii situa\u021biilor identificate \u0219i a \u00eembun\u0103t\u0103\u021birii contextului care a stat la baza actelor de violen\u021b\u0103 domestic\u0103. (\u2026) Recent a avut loc o \u00eent\u00e2lnire de lucru cu reprezentan\u021bii IPJ Olt, DGASPC Olt \u0219i cu persoanele desemnate la nivelul UAT-urilor ca fiind coordonatori ai echipelor mobile. Scopul acestei \u00eent\u00e2lniri a fost \u00eembun\u0103t\u0103\u021birea comunic\u0103rii \u0219i a colabor\u0103rii interinstitu\u021bionale dintre autorit\u0103\u021bile locale, poli\u021bie \u0219i DGASPC, \u00een vederea prevenirii \u0219i reducerii cazurilor de violen\u021b\u0103 domestic\u0103.\u201d S-a men\u021bionat c\u0103 \u201da fost consolidat\u0103 colaborarea cu institu\u021biile locale, \u00een special cu reprezentan\u021bii IPJ, care au \u00een aten\u021bie cazurile de violen\u021b\u0103 domestic\u0103. Procesul de monitorizare este realizat \u00een func\u021bie de particularit\u0103\u021bile fiec\u0103rui caz identificat\u201d. Totodat\u0103, s-a precizat c\u0103 prim\u0103ria \u201dva organiza sesiuni de preg\u0103tire profesional\u0103, \u00een colaborare cu exper\u021bi din domeniu, la nivel jude\u021bean, pentru personalul implicat \u00een gestionarea acestor cazuri \u201d\u0219i va ini\u021bia \u201d o strategie de comunicare public\u0103, prin publicarea de anun\u021buri \u00eenso\u021bite de materiale vizual-media, cu scopul de a informa cet\u0103\u021benii cu privire la consecin\u021bele actelor de violen\u021b\u0103 domestic\u0103 \u0219i la mecanismele de sprijin existente\u201d, urm\u00e2nd a se realiza demersurile necesare pentru asigurarea de spa\u021bii locative destinate caz\u0103rii victimelor violen\u021bei domestice sau a agresorilor,<\/p>\n<p style=\"text-align: justify;\">Dosarul a fost \u00eenchis, solicit\u00e2ndu-se <em>DGAPC Olt a sprijini Prim\u0103ria comunei Izbiceni \u00een activitatea derulat\u0103 \u00een materia violen\u021bei domestice.\u00a0<\/em><\/p>\n<\/div>\n<\/div>\n<\/p>\n<p style=\"text-align: justify;\">\n<div class=\"sp-wrap sp-wrap-default\">\n<div class=\"sp-head\" title=\"Expand\">\nDosar nr. 4102\/2024 (rezumat) Avocatul Poporului s-a sesizat din oficiu cu privire la aplicarea m\u0103surilor de restric\u021bionare a libert\u0103\u021bii de mi\u0219care \u00een centrele reziden\u021biale destinate persoanelor adulte cu dizabilit\u0103\u021bi, ca urmare a aspectelor reclamate de mai multe DGASPC-uri, cu privire la dificult\u0103\u021bile cu care se confrunt\u0103 personalul din centrele reziden\u021biale, \u00een cazul beneficiarilor auto \u0219i heteroagresivi. Avocatul Poporului a avut \u00een vedere \u0219i recomandarea adresat\u0103 statului rom\u00e2n de c\u0103tre CPT - Comitetului European pentru Prevenirea Torturii \u0219i Tratamentelor sau Pedepselor Inumane sau Degradante care a urmat vizitei ad-hoc efectuate \u00een Rom\u00e2nia, \u00een 2022, prin care se cerea autorit\u0103\u021bilor rom\u00e2ne \u201es\u0103 se asigure ca toate centrele reziden\u021biale de \u00eengrijire din \u021bar\u0103 s\u0103 elaboreze orient\u0103ri scrise privind utilizarea m\u0103surilor de restric\u021bionare a libert\u0103\u021bii de mi\u0219care.\u201d \n<\/div>\n<div class=\"sp-body folded\">\n<\/p>\n<p style=\"text-align: justify;\">DGASPC-urile ar\u0103tau c\u0103 beneficiarii, cei mai mul\u021bi diagnostica\u021bi cu afec\u021biuni neuropsihice grave, manifest\u0103 serioase tulbur\u0103ri de comportament \u0219i deficien\u021be de comunicare de natur\u0103 s\u0103 z\u0103d\u0103rniceasc\u0103 alte interven\u021bii din partea personalului \u0219i s\u0103 pun\u0103 \u00een pericol via\u021ba lor sau a altor persoane din jur \u0219i se pl\u00e2ngeau de lacunele legislative privind aplicarea m\u0103surilor de restric\u021bionare a libert\u0103\u021bii de mi\u0219care \u00een centre.<\/p>\n<p style=\"text-align: justify;\">\u00cen acest context am solicitat conducerii Autorit\u0103\u021bii Na\u021bionale pentru Protec\u0163ia Drepturilor Persoanelor cu Dizabilit\u0103\u0163i &#8211; ANPDPD un punct de vedere asupra problematicii \u0219i m\u0103suri legale prin care pot interveni. Autoritatea a r\u0103spuns c\u0103 a f\u0103cut parte din Grupul de lucru constituit la nivelul Cancelariei Prim-ministrului, care a elaborat Proiectul Planului de Ac\u021biune pentru perioada 2024-2029 pentru executarea hot\u0103r\u00e2rilor Cur\u021bii Europene a Drepturilor Omului \u00een domeniul s\u0103n\u0103t\u0103\u021bii mintale \u0219i, cu sprijinul Ministerului S\u0103n\u0103t\u0103\u021bii, urmeaz\u0103 a stabili elementele de specificitate privind abordarea acestor cazuri-\u00een cadrul serviciilor sociale- cu referire direct\u0103 la tehnicile care pot fi aplicate \u00een siguran\u021b\u0103, p\u00e2n\u0103 la interven\u021bia serviciilor medicale de urgen\u021b\u0103 \u00een situa\u021biile de criz\u0103 ale beneficiarilor.<\/p>\n<p style=\"text-align: justify;\">De asemenea, ANPDPD ar\u0103ta c\u0103 este preocupat\u0103 de completarea \u0219i modificarea procedurilor legale \u00een serviciile sociale, \u00een sensul \u00eenl\u0103tur\u0103rii m\u0103surilor restrictive, a evit\u0103rii neglijen\u021bei \u0219i a relelor tratamente, a cre\u0219terii profesionaliz\u0103rii personalului care lucreaz\u0103 cu \u0219i pentru persoane cu dizabilit\u0103\u021bi, aceast\u0103 ac\u021biune specific\u0103 urm\u00e2nd s\u0103 fie implementat\u0103 \u00een perioada 2024 -2027.<\/p>\n<p style=\"text-align: justify;\">De\u0219i din r\u0103spunsul ANPDPD rezulta implicarea autorit\u0103\u021bii \u00een ac\u021biuni privind \u00eembun\u0103t\u0103\u021birea serviciilor sociale destinate persoanelor adulte cu dizabilit\u0103\u021bi grave, durata implement\u0103rii era prea mare, fa\u021b\u0103 de evenimentele care puteau surveni oric\u00e2nd \u00een centre \u0219i care solicitau luarea imediat\u0103 a unei decizii de c\u0103tre personalul care interac\u021bioneaz\u0103 cu beneficiari cu dizabilit\u0103\u021bi neuro-psihice grave. \u00cen acest context, apreciind c\u0103 gestionarea cazurilor dificile nu poate a\u0219tepta s\u0103 fie definitivat cadrul legal \u0219i\/sau s\u0103 se \u00eemplineasc\u0103 termenele de implementare a Planului Na\u021bional de ac\u021biune privind s\u0103n\u0103tatea mintal\u0103, Avocatul Poporului a apreciat c\u0103 este imperios necesar\u0103 utilizarea unui instrument de lucru<a href=\"#_ftn1\" name=\"_ftnref1\">[1]<\/a>\u00a0 care s\u0103 ghideze p\u00e2n\u0103 atunci DGASPC-urile \u0219i personalul din centre \u0219i care s\u0103 poat\u0103 r\u0103spunde celor mai grave cazuri pe care le-au avut de gestionat autorit\u0103\u021bile . Un astfel de caz s-a aflat \u00een aten\u021bia Avocatului Poporului care s-a sesizat din oficiu dup\u0103 publicarea unui articol referitor la o t\u00e2n\u0103r\u0103 de 19 ani<a href=\"#_ftn2\" name=\"_ftnref2\"><sup>[2]<\/sup><\/a>, cu dizabilit\u0103\u021bi grave, conten\u021bionat\u0103 \u00een centre reziden\u021biale \u0219i mai apoi spitalizat\u0103 timp de 7 luni, \u00een lipsa unei solu\u021bii de \u00eengrijire adecvat\u0103 a sa \u00eentr-un centru reziden\u021bial sau \u00een comunitate.<\/p>\n<p style=\"text-align: justify;\">\u00cen considerarea rolului ANPDPD, de autoritate de coordonare, la nivel central, a activit\u0103\u0163ilor de protec\u0163ie \u015fi promovare a drepturilor persoanelor cu dizabilit\u0103\u0163i<a href=\"#_ftn3\" name=\"_ftnref3\"><sup>[3]<\/sup><\/a>, Avocatul Poporului a apreciat c\u0103 ANPDPD trebuie s\u0103 furnizeze \u00eendrumare \u0219i sprijin adecvat direc\u021biilor generale de asisten\u021b\u0103 social\u0103 \u0219i protec\u021bia copilului, atunci c\u00e2nd acestea se confrunt\u0103 cu situa\u021bii greu de gestionat \u0219i insuficient reglementate \u0219i a adresat pre\u0219edintelui Autorit\u0103\u021bii Na\u021bionale pentru Protec\u021bia Drepturilor Persoanelor cu Dizabilit\u0103\u021bi-ANPDPD<strong> Recomandarea nr. 4\/2025<\/strong><a href=\"#_ftn4\" name=\"_ftnref4\">[4]<\/a> prin care solicitam ca <strong>m\u0103sur\u0103 tranzitorie, p\u00e2n\u0103 la definitivarea unui cadru legal comprehensiv<\/strong>: <strong>transmiterea unei instruc\u021biuni\/inform\u0103ri\/alt instrument de lucru c\u0103tre direc\u021biile generale de asisten\u021b\u0103 social\u0103 \u0219i protec\u021bia copilului, referitor la nelegalitatea aplic\u0103rii m\u0103surilor de conten\u021bionare \u00een centre reziden\u021biale, cu indicarea procedurii de interven\u021bie \u00een situa\u021bia confrunt\u0103rii personalului cu cazuri grave.<\/strong><\/p>\n<p style=\"text-align: justify;\">Conducerea ANPDPD ne-a comunicat date din care reiese <strong>\u00eensu\u0219irea Recomand\u0103rii nr. 4\/2025 <\/strong>a Avocatului Poporului. Astfel, autoritatea ne-a informat c\u0103, \u00een implementarea acesteia, a adresat tuturor DGASPC-urilor din Bucure\u0219ti \u0219i din \u021bar\u0103, recomand\u0103ri, privind: ini\u0163irea, sus\u0163inerea \u015fi dezvoltarea de servicii sociale \u00een care managementul de caz s\u0103 fie metoda obligatorie de lucru, ghidat\u0103 de abordarea centrat\u0103 pe persoan\u0103; asigurarea ponderii personalului de specialitate angajat \u00een sistemul de protec\u0163ie a persoanelor cu handicap \u00een raport cu tipurile de servicii sociale \u0219i activit\u0103\u021bile desf\u0103\u0219urate: asisten\u0163i sociali, psihologi, instructori de ergoterapie, kinetoterapeu\u0163i, pedagogi de recuperare, logopezi, psihopedagogi, cadre didactice de sprijin, educatori specializa\u0163i, medici psihiatri, medici denti\u015fti, infirmieri; preg\u0103tirea persoanelor care pot deveni asisten\u0163i personali profesioni\u015fti, \u00een condi\u0163iile legii, asigur\u00e2ndu-le formarea profesional\u0103; responsabilizarea managerilor de caz \u0219i a personalului de specialitate cu privire la interzicerea conten\u021bion\u0103rii fizice sau de sed\u0103rii persoanelor cu dizabilit\u0103\u021bi \u00een serviciile sociale proprii ale DGASPC-ului sau \u00een serviciile private contractate; direc\u021biile vor asigura, prin personalul de specialitate, \u00eengrijirea \u0219i supravegherea persoanelor adulte cu dizabilit\u0103\u021bi care manifest\u0103 agita\u021bie psihomotorie, agresivitate, heteroagresivitate, prin plimb\u0103ri \u00een aer liber pentru lini\u0219tire, implicarea \u00een activit\u0103\u021bi la care au dorin\u021ba \u0219i manifest\u0103 interesul de a participa.<\/p>\n<p style=\"text-align: justify;\"><a href=\"#_ftnref1\" name=\"_ftn1\">[1]<\/a> \u00cen sensul atribu\u021biilor specifice ale ANPDPD, prev\u0103zute la art. 7 alin (2), lit. f) din HG nr. 234\/2002 privind atribu\u021biile, organizarea \u0219i func\u021bionarea Autorit\u0103\u021bii Na\u021bionale pentru Protec\u021bia Drepturilor Persoanelor cu Dizabilit\u0103\u021bi.<\/p>\n<p style=\"text-align: justify;\"><a href=\"#_ftnref2\" name=\"_ftn2\">[2]<\/a> Sesizarea din oficiu nr.12634\/17.04.2024.<\/p>\n<p style=\"text-align: justify;\"><a href=\"#_ftnref3\" name=\"_ftn3\">[3]<\/a> Dar \u0219i de autoritate de coordonare a procesului de dezinstitu\u021bionalizare \u0219i de prevenire a institu\u021bionaliz\u0103rii persoanelor adulte cu dizabilit\u0103\u021bi.<\/p>\n<p style=\"text-align: justify;\"><a href=\"#_ftnref4\" name=\"_ftn4\">[4]<\/a> Cu referire comun\u0103 la sesizarea din oficiu nr. 1402\/2024 \u0219i sesizarea din oficiu nr. 12634\/2024.\u00a0<\/p>\n<\/div>\n<\/div>\n<\/p>\n<p style=\"text-align: justify;\">\n<div class=\"sp-wrap sp-wrap-default\">\n<div class=\"sp-head\" title=\"Expand\">\nDosar nr. 4062\/2024 (rezumat) \u00cen februarie 2024, institu\u021bia Avocatul Poporului s-a sesizat din oficiu cu privire la cazul mai multor persoane cu dizabilit\u0103\u021bi, exploatate prin munc\u0103, \u00een comuna Go\u0219tinari, jude\u0163ul Giurgiu. Din informa\u021biile de pres\u0103 reie\u0219ea c\u0103 doi membri ai unei familii din Go\u0219tinari racolaser\u0103 b\u0103rba\u021bi f\u0103r\u0103 bani, familie \u0219i studii \u0219i\/sau cu handicap mintal, din Capital\u0103 \u0219i din alte localit\u0103\u021bi \u0219i, profit\u00e2nd de starea de v\u0103dit\u0103 vulnerabilitate a acestora, \u00eei \u021binuser\u0103 \u00een stare de aservire, supun\u00e2ndu-i la executarea unor munci for\u021bate \u00een gospod\u0103rie \u0219i comunitate\n<\/div>\n<div class=\"sp-body folded\">\n<\/p>\n<p style=\"text-align: justify;\">Av\u00e2nd \u00een vedere situa\u021bia prezentat\u0103 \u00een spa\u021biul public au fost efectuate demersuri institu\u021bionale, ini\u021bial, pe l\u00e2ng\u0103 Prim\u0103ria comunei Gostinari, jude\u021bul Giurgiu, DGASPC Giurgiu, Inspectoratul de Poli\u0163ie Jude\u0163ean Giurgiu \u0219i DIICOT-Structura Central\u0103, demersurile fiind extinse ulterior c\u0103tre DAS Dr\u0103g\u0103\u0219ani; DGASPC V\u00e2lcea; DGASPC Bac\u0103u; DAS Cluj-Napoca; DGASMB \u0219i Agen\u021bia Na\u021bional\u0103 privind Traficul de Persoane.<\/p>\n<p style=\"text-align: justify;\">Primarul comunei Gostinari ne-a comunicat c\u0103 situa\u021bia nu a fost cunoscut\u0103 prim\u0103riei, dar, ulterior, pentru a preveni situa\u021bii similare, prim\u0103ria a \u00eencheiat mai multe protocoale de colaborare interinstitu\u021bional\u0103 cu Poli\u021bia Go\u0219tinari \u0219i alte dou\u0103 entit\u0103\u021bi, cu scopul de a institui un cadru formal de colaborare, privitor la activit\u0103\u021bile Compartimentului de asisten\u021b\u0103 social\u0103 al prim\u0103riei ce vizeaz\u0103 persoanele \u0219i familiile vulnerabile, aflate \u00een situa\u021bii de risc sau excluziune social\u0103. Totu\u0219i, primarul nu a furnizat nicio explica\u021bie privind \u00a0faptul c\u0103 una dintre persoanele exploatate a prestat \u0219i munc\u0103 \u00een comunitate, f\u0103r\u0103 ca autoritatea public\u0103 local\u0103 s\u0103 se sesizeze.<\/p>\n<p style=\"text-align: justify;\">DIICOT-Structura central\u0103 a venit \u00een \u00eent\u00e2mpinarea demersurilor noastre furniz\u00e2ndu-ne informa\u021bii privind \u0219ase persoane exploatate \u0219i dispunerea urm\u0103ririi penale fa\u021b\u0103 de doi inculpa\u021bi, pentru comiterea infrac\u021biunii de &#8220;trafic de persoane \u00een form\u0103 continuat\u0103&#8221;. De\u0219i informa\u021biile rezultate difereau, de la o persoan\u0103 la alta, starea de v\u0103dit\u0103 vulnerabilitate fiind cauzat\u0103 fie de situa\u021bia medical\u0103 \u0219i\/sau handicap, fie de situa\u021bia personal\u0103 (lipsa \u00eengrijirii p\u0103rinte\u0219ti, lipsa banilor, lipsa studiilor), acestea ne-au ajutat s\u0103 identific\u0103m corect autorit\u0103\u021bile c\u0103rora trebuie s\u0103 ne adres\u0103m mai departe: direc\u021bii generale de asisten\u021b\u0103 social\u0103 \u0219i protec\u021bie a copilului (DGASPC-uri), direc\u021bii de asisten\u021b\u0103 social\u0103 din cadrul prim\u0103riilor (DAS-uri) \u0219i Agen\u021bia Na\u021bional\u0103 privind Traficul de Persoane, pentru a ne asigura c\u0103 toate autorit\u0103\u021bile competente au luat cuno\u0219tin\u021b\u0103 despre acest caz \u0219i iau m\u0103suri legale.<\/p>\n<p style=\"text-align: justify;\">Din cercet\u0103rile efectuate, a rezultat c\u0103 una dintre persoanele exploatate fusese deja \u00eencadrat\u0103 \u00een grad de handicap grav cu asistent personal, prim\u0103ria de domiciliu comunic\u00e2nd faptul c\u0103 <em>\u201e\u00een prezent (&#8230;). este \u00een afara oric\u0103rei situa\u021bii de risc, fiind \u00eengrijit \u0219i tratat cu respect \u0219i responsabilitate de c\u0103tre familie,\u201d<\/em> reprezentan\u021bii autorit\u0103\u021bii locale monitoriz\u00e2nd \u00een continuare situa\u021bia, \u00een spiritul prevenirii oric\u0103rei forme de abuz sau neglijare. Identificarea persoanei a fost anevoioas\u0103, \u00eentruc\u00e2t existau mai multe persoane cu acela\u0219i nume, autorit\u0103\u021bile fiind nevoite s\u0103 se deplaseze la domiciliul fiec\u0103reia dintre aceste persoane pentru a afla dac\u0103 acea persoan\u0103 a fost supus\u0103 exploat\u0103rii prin munc\u0103 for\u021bat\u0103. Demersuri au fost f\u0103cute at\u00e2t de Direc\u021bia de Asisten\u021b\u0103 Social\u0103 din cadrul Prim\u0103riei Dr\u0103g\u0103\u0219ani, c\u00e2t \u0219i DGASPC V\u00e2lcea.<\/p>\n<p style=\"text-align: justify;\">DGASPC Bac\u0103u, c\u0103reia i-am solicitat rela\u021bii \u00een leg\u0103tur\u0103 cu o alt\u0103 persoan\u0103 supus\u0103 exploat\u0103rii, ne-a r\u0103spuns c\u0103 acesta s-a aflat \u00een eviden\u021bele sale ca persoana \u00eencadrat\u0103 \u00een grad de handicap accentuat (psihic), \u00een 2014, certificatul de \u00eencadrare av\u00e2nd valabilitate 12 luni. \u00cens\u0103 \u00eentruc\u00e2t persoana nu se mai prezentase la reevaluare, \u00ee\u0219i pierduse calitatea de persoan\u0103 cu handicap. Av\u00e2nd \u00een vedere aceste aspecte, ultimul domiciliu cunoscut al persoanei \u0219i faptul c\u0103 \u00een cauz\u0103 se afl\u0103 o persoan\u0103 cu afec\u021biuni psihice, cazul a fost direc\u021bionat c\u0103tre UAT -ul de domiciliu, \u00een conformitate cu responsabilit\u0103\u021bile autorit\u0103\u021bii publice locale \u00een domeniul protec\u021biei sociale a persoanelor vulnerabile socio-medical. M\u0103surile de protec\u021bie social\u0103 \u0219i asistare care sunt avute \u00een vedere \u00een acest caz sunt: &#8211; <em>evaluare medical\u0103 de specialitate<\/em>, \u00een vederea stabilirii unui tratament de specialitate, precum \u0219i \u00eenscrierea \u00een eviden\u021bele unui Cabinet de Medicin\u0103 de Familie pentru evalu\u0103ri medicale periodice; &#8211; <em>sprijin \u0219i consiliere privind reevaluarea<\/em> sa, av\u00e2nd \u00een vedere c\u0103 afec\u021biunea de care sufer\u0103 persoana este \u00eencadrabil\u0103 \u00een grad de handicap;- <em>acordarea de beneficii sociale<\/em>; &#8211; <em>analizarea oportunit\u0103\u021bii organiz\u0103rii Comitetului Comunitar Consultativ<\/em>, cu scopul de a clarifica \u0219i evalua multidisciplinar situa\u021bia socio-medico-familial\u0103 \u0219i de a identifica solu\u021bii de interven\u021bie \u0219i sprijin optime \u00een acest caz; &#8211; <em>posibilitatea instituirii tutelei<\/em>.<\/p>\n<p style=\"text-align: justify;\">Pentru celelalte persoane exploatate, \u00een urma verific\u0103rilor efectuate de DAS Cluj-Napoca \u0219i DGASMB-Direc\u021bia General\u0103 de Asisten\u021b\u0103 Social\u0103 a Municipiului Bucure\u0219ti, am fost informa\u021bi c\u0103 nu sunt \u00eenregistra\u021bi ca beneficiari de servicii sociale sau ca persoane care au solicitat protec\u021bie social\u0103 \u0219i nu exist\u0103 acte medicale care s\u0103 ateste c\u0103 ar suferi de vreo afec\u021biune psihic\u0103\/dizabilitate.<\/p>\n<p style=\"text-align: justify;\">Agen\u021biei Na\u021bionale \u00eempotriva Traficului de Persoane (ANITP) ne-am adresat \u00een considerarea infrac\u021biunii de trafic de persoane pentru comiterea c\u0103reia au fost trimise \u00een judecat\u0103 persoanele acuzate de exploatarea unor persoane vulnerabile \u0219i a faptului c\u0103 <em>eficien\u0163a prevenirii \u015fi combaterii acestui tip de criminalitate sunt date de rigoarea orient\u0103rii r\u0103spunsului antitrafic, inclusiv din planul protec\u0163iei \u015fi asisten\u0163ei victimelor traficului de persoane<\/em>.<a href=\"#_ftn1\" name=\"_ftnref1\">[1]<\/a> \u00cen acest context, am solicitat informa\u021bii privind existen\u021ba unor programe dedicate prevenirii traficului de persoane c\u0103ruia \u00eei cad victime persoane cu dizabilit\u0103\u021bi intelectuale\/psihosociale \u0219i tipul de asisten\u021b\u0103 adecvat\u0103 nevoilor unor astfel de victime. ANITP ne-a comunicat c\u0103, \u00eentruc\u00e2t persoanele cu dizabilit\u0103\u021bi sunt recunoscute ca o categorie de persoane cu vulnerabilitate crescut\u0103 la trafic \u0219i cu nevoi speciale de asisten\u021b\u0103 \u0219i protec\u021bie, au \u00een derulare campanii care \u021bin cont de particularit\u0103\u021bile acestui grup \u021bint\u0103 (dar \u0219i a altor categorii ce prezint\u0103 vulnerabilit\u0103\u021bi psihosociale, economice \u0219i educa\u021bionale) \u0219i care vizeaz\u0103 limitarea vulnerabilit\u0103\u021bii acestor persoane la trafic.<\/p>\n<p style=\"text-align: justify;\">Av\u00e2nd \u00een vedere c\u0103 autorit\u0103\u021bile competente au fost informate cu privire la fiecare dintre persoanele victime ale exploat\u0103rii din acest caz \u0219i au r\u0103spuns diligent solicit\u0103rilor institu\u021biei Avocatul Poporului, venind \u00een \u00eent\u00e2mpinarea demersurilor noastre \u0219i efectu\u00e2nd, de la caz la caz, verific\u0103ri, anchete sociale, colabor\u00e2nd interinstitu\u021bional \u00een vederea identific\u0103rii m\u0103surilor adecvate de protec\u021bie, asistare \u0219i monitorizare a situa\u021biei\u00a0 persoanelor vulnerabile, dosarul a fost \u00eenchis favorabil.<\/p>\n<p style=\"text-align: justify;\"><a href=\"#_ftnref1\" name=\"_ftn1\">[1]<\/a> Preambulul <em>Mecanismului Na\u021bional de identificare \u015fi referire a victimelor traficului de persoane<\/em>, din 31 ianuarie 2023.\u00a0<\/p>\n<\/div>\n<\/div>\n<\/p>\n\n<div class=\"sp-wrap sp-wrap-default\">\n<div class=\"sp-head\" title=\"Expand\">\nDosar nr. 3948\/2024 (rezumat) av\u00e2nd ca obiect sesizarea din oficiu a institu\u021biei Avocatul Poporului cu privire la decesul unei persoane \u00eentr-un azil din Bucure\u0219ti\n<\/div>\n<div class=\"sp-body folded\">\n<p> Urmare informa\u021biilor ap\u0103rute \u00een pres\u0103 (www.realitatea.net\/stiri\/actual\/poveste-cutremuratoare-intrun-renumit-azil-al-groazei-din-capitala-familia-unei-paciente-acuza-conducerea-de-omor_65bdeadc3970cf7040371fd3) din care rezulta c\u0103 o persoan\u0103 a decedat \u00eentr-un azil din capital\u0103, la 17 zile de la data intern\u0103rii, de\u0219i la momentul intern\u0103rii era \u00een stare bun\u0103 de s\u0103n\u0103tate, institu\u021bia Avocatul Poporului s-a sesizat din oficiu.<\/p>\n<p>\u00cen solu\u021bionarea sesiz\u0103rii din oficiu au fost transmise adrese c\u0103tre Agen\u021bia pentru Pl\u0103\u021bi \u0219i Inspec\u021bie Social\u0103 a Municipiului Bucure\u0219ti \u0219i Direc\u021bia de S\u0103n\u0103tate Public\u0103 a Municipiului Bucure\u0219ti \u0219i a fost efectuat\u0103 o anchet\u0103 la data de 13 martie 2024.<\/p>\n<p>De asemenea, ne-am adresat Parchetului de pe l\u00e2ng\u0103 Tribunalul Bucure\u0219ti solicit\u00e2nd s\u0103 ni se comunice dac\u0103 Parchetul de pe l\u00e2ng\u0103 Tribunalul Bucure\u0219ti sau una dintre unit\u0103\u021bile de parchet din subordine au fost sesizate cu privire la situa\u021bia anterior expus\u0103.<\/p>\n<p>Din verific\u0103rile efectuate cu ocazia anchetei, au rezultat anumite deficien\u021be cu privire la personalul centrului (insuficient din punct de vedere numeric prin raportare la num\u0103rul persoanelor cazate \u00een centru), modul de completare a foilor de observa\u021bie \u0219i de monitorizare a parametrilor vitali, modul de p\u0103strare a medicamentelor ce urmeaz\u0103 a se administra beneficiarilor, alimentele servite beneficiarilor centrului, lipsa condi\u021biilor necesare pentru igienizarea corespunz\u0103toare a lenjeriei\/prosoapelor \u0219i obiectelor de vestimenta\u021bie ale beneficiarilor, lipsa\u00a0 unor protocoale de igienizare a spa\u021biilor, a obiectelor vestimentare\/lenjeriei de pat, prosoapelor \u0219i oric\u0103ror obiecte folosite de beneficiari.<\/p>\n<p>Cu privire la decesul persoanei la care s-a f\u0103cut referire \u00een pres\u0103 s-a re\u021binut c\u0103 acesta a survenit la o unitate spitaliceasc\u0103 din Bucure\u0219ti. Persoana \u00een cauz\u0103 fusese internat\u0103 \u00een centrul reziden\u021bial la data de 6 ianuarie 2024, \u00eentr-o zi de vineri, f\u0103r\u0103 a fi consultat\u0103 de medic dec\u00e2t ulterior, \u00eentr-o zi de luni. Pacientei i-au fost administrate medicamente urmare discu\u021biei telefonice cu medicul specialist \u0219i pentru care medicul geriatru a eliberat re\u021bet\u0103. Medicul specialist a consultat pacienta dup\u0103 o s\u0103pt\u0103m\u00e2n\u0103. La data la care starea pacientei s-a deteriorat a fost chemat medicul centrului. S-a apelat serviciul de urgen\u021b\u0103 112 \u0219i s-au \u00eenceput manevrele de resuscitare; la venirea echipajului SMURD a fost preluat\u0103 de acesta. Ulterior a venit \u0219i un echipaj SMURD cu medic, s-au continuat manevrele de resuscitare, iar pacienta a fost transferat\u0103 la spital, unde apoi a decedat. Familia a fost informat\u0103 cu privire la evolu\u021bia st\u0103rii beneficiarei.<\/p>\n<p>Fa\u021b\u0103 de aspectele constatate cu ocazia anchetei au fost emise recomand\u0103rile nr. 61\/2024, nr. 62\/2024 \u0219i 63\/2024 \u00a0adresate DSVSA Bucure\u0219ti, DSP Bucure\u0219ti \u0219i APIS Bucure\u0219ti solicit\u00e2ndu-se efectuarea de controale \u0219i luarea de m\u0103suri, potrivit competen\u021belor \u0219i atribu\u021biilor specifice, pentru:<\/p>\n<ol>\n<li>Asigurarea de personal suficient, lu\u00e2nd \u00een considerare num\u0103rul persoanelor cazate \u00een centru pentru monitorizarea beneficiarilor, asigurarea prompt\u0103 \u0219i corespunz\u0103toare a asisten\u021bei medicale \u0219i acordarea asisten\u021bei celor care au nevoie de sprijin;<\/li>\n<li>Completarea foilor de observa\u021bie dup\u0103 fiecare consult, gestionarea de o manier\u0103 unitar\u0103, pentru fiecare beneficiar, a foilor de monitorizare, p\u0103strarea acestor documente \u00een condi\u021bii apte a asigura urm\u0103rirea evolu\u021biei st\u0103rii de s\u0103n\u0103tate a beneficiarilor \u0219i ob\u021binerea consim\u021b\u0103m\u00e2ntului scris pentru actele medicale efectuate;<\/li>\n<li>P\u0103strarea medicamentelor ce urmeaz\u0103 a se administra beneficiarilor \u00een condi\u021bii corespunz\u0103toare pentru a \u00eempiedica producerea de efecte negative asupra beneficiarilor \u0219i a asigura eficien\u021ba tratamentului\/procedurilor profilactice;<\/li>\n<li>Asigurarea de condi\u021bii corespunz\u0103toare de igienizare a lenjeriei\/prosoapelor \u0219i obiectelor de vestimenta\u021bie ale beneficiarilor pentru a nu se produce prejudicii st\u0103rii de s\u0103n\u0103tate a acestora;<\/li>\n<li>Elaborarea \u0219i respectarea unor protocoale de igienizare a spa\u021biilor, a obiectelor vestimentare\/lenjeriei de pat, prosoapelor \u0219i oric\u0103ror obiecte folosite de beneficiari pentru o aplicare corect\u0103 \u0219i uniform\u0103 a normelor de igien\u0103<\/li>\n<li>Asigurarea unei alimenta\u021bii verificat\u0103 din punct de vedere cantitativ \u0219i calitativ, apt\u0103 a asigura nutrien\u021bii necesari \u00een fiecare por\u021bie, elaborarea de meniuri adaptate patologiei beneficiarilor \u0219i p\u0103strarea alimentelor \u00een condi\u021bii corespunz\u0103toare anterior servirii.<\/li>\n<\/ol>\n<p>De asemenea, a fost transmis\u0103 o adres\u0103 Colegiului Medicilor Bucure\u0219ti solicit\u00e2ndu-se efectuarea tuturor verific\u0103rilor circumscrise competen\u021belor legale, \u00een ceea ce prive\u0219te modul de exercitare a atribu\u021biilor profesionale de c\u0103tre personalul medical care a acordat asisten\u021b\u0103 pacientei ulterior decedat\u0103, la care s-a f\u0103cut referire \u00een pres\u0103.<\/p>\n<p>Recomand\u0103rile emise au fost \u00eensu\u0219ite.<\/p>\n<p>Prin adresa nr. 12636\/SIS\/12.04.2024 Agen\u021bia pentru Pl\u0103\u021bi \u0219i Inspec\u021bie Social\u0103 a Municipiului Bucure\u0219ti ne-a comunicat c\u0103 \u00een data de 04.04.2024 o echip\u0103 de inspectori sociali a efectuat un control inopinat \u00een vederea monitoriz\u0103rii m\u0103surilor dispuse la 22.01.2024 constat\u00e2nd neimplementarea a dou\u0103 dintre m\u0103suri: completarea structurii de personal de \u00eengrijire \u015fi asigurarea unei alimenta\u0163ii echilibrate din punct de vedere cantitativ \u015fi calitativ.<\/p>\n<p>Pentru ne\u00eendeplinirea m\u0103surilor dispuse, entitatea a fost sanc\u0163ionat\u0103 contraven\u0163ional cu amend\u0103 \u00een cuantum de 10.000 lei, conform OUG nr. 113\/2011, art.18, alin.(1) lit. b) \u015fi a fost suspendat\u0103 licen\u0163ierea serviciului social pe o perioad\u0103 de 2 luni, \u00eencep\u00e2nd cu data de 04.04.2024, conform art. 27 alin (1) lit. a) din Legea 197\/2012 privind asigurarea calit\u0103\u0163ii \u00een domeniul serviciilor sociale.<\/p>\n<p>Prin adresa nr. 1\/6632\/12.04.2024 DSP Bucure\u0219ti ne-a comunicat c\u0103 urmare verific\u0103rilor efectuate\u00a0 au fost f\u0103cute recomand\u0103ri privind:<\/p>\n<ol>\n<li>Actualizarea tuturor documentelor medicale ale apar\u0163in\u0103torilor precum \u015fi ducerea la \u00eendeplinire a recomand\u0103rilor f\u0103cute de medicii de diverse specialit\u0103\u0163i afla\u0163i \u00een contract cu unitatea privind efectuarea de c\u0103tre beneficiari a analizelor\/investiga\u0163iilor medicale.<\/li>\n<li>\u00centocmirea a trei variante de meniu desodat, acordarea la micul dejun a produselor lactate \u015fi ou\u0103lor mai des, mezelurile s\u0103 nu mai fie acordate zilnic, gustarea de la ora 11.0 0 s\u0103 fie \u00eenso\u0163it\u0103 \u015fi de biscui\u0163i sau alt produs de panifica\u0163ie.<\/li>\n<li>Elaborarea procedurilor sau a protocoalelor privind efectuarea cur\u0103\u0163eniei \u015fi dezinfec\u0163iei spa\u0163iilor, obiectelor vestimentare a beneficiarilor, lenjeriei \u015fi prosoapelor.<\/li>\n<\/ol>\n<p>Pentru nerespectarea prescrip\u0163iilor f\u0103cute privind verificarea \u0219i actualizarea tuturor documentelor medicale ale apar\u0163in\u0103torilor a fost aplicat\u0103 o sanc\u0163iune contraven\u0163ional\u0103 conform HG nr. 857\/2011 \u00een valoare de 10.000 lei.<\/p>\n<p>Prin adresa nr. 19667\/25.04.2024 DSVSA Bucure\u0219ti ne-a comunicat c\u0103, potrivit competen\u021belor, \u00een data de 24.04.2024 a efectuat o nou\u0103 verificare, la data \u015fi ora controlului, \u00een unitate nefiind constatate \u00eenc\u0103lc\u0103ri ale normelor sanitare veterinare \u015fi pentru siguran\u0163a alimentelor prev\u0103zute de legisla\u0163ia \u00een vigoare.<\/p>\n<p>Prin adresa Agen\u021biei de Pl\u0103\u021bi \u0219i Inspec\u021bie Social\u0103 a Municipiului Bucure\u0219ti, nr. 14893\/SIS\/7.05.2024 ni s-a comunicat c\u0103 serviciul are activitatea suspendat\u0103 pentru o perioad\u0103 de 2 luni \u0219i c\u0103 au fost sesizate DSP, DSV \u0219i ISU.<\/p>\n<p>Prin adresa nr. 4804\/9.05.2024 Colegiul Medicilor din Municipiul Bucure\u0219ti ne-a comunicat c\u0103 s-a declan\u0219at ancheta disciplinar\u0103.<\/p>\n<p>\u00cen dosarul \u00eenregistrat la Parchetul de pe l\u00e2ng\u0103 Tribunalul Bucure\u0219ti urmare sesiz\u0103rii primite din partea Spitalului Universitar de Urgen\u021b\u0103 a fost \u00eenceput\u0103 urm\u0103rirea penal\u0103 <em>in rem<\/em>, iar la data de 5 februarie 2024 a fost declinat\u0103 competen\u021ba de efectuare a urm\u0103ririi penale \u00een favoarea Parchetului de pe l\u00e2ng\u0103 Tribunalul Arge\u0219 unde cercet\u0103rile sunt \u00een curs cu privire la infrac\u021biunea de omor, prev\u0103zut\u0103 de dispozi\u021biile art. 188 Cod penal<\/p>\n<\/div>\n<\/div>\n\n<p><span style=\"color: #ff0000;\"><em><strong>2023<\/strong><\/em><\/span><\/p>\n\n<div class=\"sp-wrap sp-wrap-default\">\n<div class=\"sp-head\" title=\"Expand\">\nDosar nr. 35650\/2023 (rezumat) \u00cen luna decembrie 2023, institu\u021bia Avocatul Poporului s-a sesizat din oficiu cu privire la respectarea drepturilor pensionarilor, av\u00e2nd \u00een vedere num\u0103rul de peten\u021bi care au ridicat problema costurilor ridicate, aferente ob\u021binerii documentelor necesare reconstituirii vechimii \u0219i stabilirii pensiei de la de\u021bin\u0103torii de arhive care au preluat fondul arhivistic de la fostul angajator\n<\/div>\n<div class=\"sp-body folded\">\n<p>Pentru acest motiv, s-a solicitat directorului Arhivelor Na\u021bionale ale Rom\u00e2niei, ca autoritate de reglementare \u00een domeniu, o informare asupra m\u0103surilor pe care autoritatea pe care o conduce le-a aplicat, potrivit competen\u021belor stabilite prin lege, pentru a proteja drepturile persoanelor \u00eempotriva operatorilor care practic\u0103 tarife prohibitive, care excedeaz\u0103 limitele stabilite prin Ordinul nr. 299\/2023 al CNPP, prin impunerea a unor eventuale sanc\u021biuni administrative (amenzi, suspendarea autoriz\u0103rii de func\u021bionare etc.).<\/p>\n<p>Arhivele Na\u021bionale ale Rom\u00e2niei ne-au formulat un r\u0103spuns \u00eenregistrat sub nr. 842\/2024, \u00een care ne \u00een\u0219tiin\u021beaz\u0103 urm\u0103toarele:<\/p>\n<ul>\n<li>Prin Legea nr. 138\/2013 s-a instituit obligativitatea autoriz\u0103rii de c\u0103tre Arhivele Na\u021bionale a operatorilor economici prestatori de servicii arhivistice \u00een baza c\u0103rora se elibereaz\u0103 copii, certificate \u0219i extrase privind drepturile cet\u0103\u021benilor referitoare la stagiile de cotizare \u00een sistemul unitar de pensii publice, care, \u00een temeiul art. 29 alin. (3), se efectueaz\u0103 contra cost, pe baza unor tarife ale c\u0103ror limite maxime sunt stabilite \u00een baza Ordinului Pre\u0219edintelui Casei Na\u021bionale de Pensii Publice nr. 299\/29.05.2023.<\/li>\n<li>Pentru \u00eenc\u0103lcarea dispozi\u021biei legislative referitoare la nerespectarea limitelor maxime stabilite prin Ordinul nr. 299\/2023, legiuitorul a prev\u0103zut la art. 36 lit. h) din Legea Arhivelor Na\u021bionale nr. 16\/1996 sanc\u021biune contraven\u021bional\u0103. La nivelul Arhivelor Na\u021bionale s-au \u00eenregistrat nemul\u021bumiri cu privire la modalitatea de aplicare de c\u0103tre operatorii economici autoriza\u021bi a tarifelor, \u00een unele situa\u021bii fiind recalculate facturile, astfel \u00eenc\u00e2t s\u0103 se \u00eencadreze \u00een limitele maxime stabilite.<\/li>\n<li>\u00cen privin\u021ba aplic\u0103rii sanc\u021biunilor contraven\u021bionale, au fost avute \u00een vedere criteriile de individualizare a r\u0103spunderii contraven\u021bionale \u00een func\u021bie de gradul de pericol social al faptei s\u0103v\u00e2r\u0219ite, de \u00eemprejur\u0103rile \u00een care aceasta a fost s\u0103v\u00e2r\u0219it\u0103, de modul \u0219i mijloacele de s\u0103v\u00e2r\u0219ire, de scopul urm\u0103rit \u0219i urmarea produs\u0103, precum \u0219i de circumstan\u021bele \u00een care s-au aflat contravenien\u021bii. Arhivele Na\u021bionale au optat pentru aplicarea gradual\u0103 a sanc\u021biunii contraven\u021bionale; \u00een cazul \u00een care fapta a prezentat o gravitate redus\u0103 a fost aplicat un avertisment, fiindu-i semnalat contravenientului pericolul faptei \u0219i f\u0103c\u00e2ndu-i-se recomandarea ca pe viitor s\u0103 respecte dispozi\u021biile legale, iar \u00een cazul \u00een care persoana juridic\u0103 a mai fost sanc\u021bionat\u0103 anterior pentru aceea\u0219i fapt\u0103, avertismentul a fost \u00eenlocuit cu sanc\u021biunea amenzii, dat\u0103 fiind perseveren\u021ba dovedit\u0103 de caracterul repetat al faptei.<br \/>\n<\/div>\n<\/div>\n<\/li>\n<\/ul>\n\n<div class=\"sp-wrap sp-wrap-default\">\n<div class=\"sp-head\" title=\"Expand\">\nDosar nr. 33781\/2023 (rezumat) av\u00e2nd ca obiect peti\u021bia unei persoane cu handicap care a sesizat conduita necorespunz\u0103toare a unui agent de poli\u021bie al IPJ Bra\u0219ov \n<\/div>\n<div class=\"sp-body folded\">\n<p><em>Prin peti\u021bia \u00eenregistrat\u0103 la institu\u021bia Avocatul Poporului sub nr. 33781\/2023 o persoan\u0103 cu handicap accentuat ne-a sesizat cu privire la faptul un agent de poli\u021bie din cadrul IPJ Bra\u0219ov a avut o atitudine necorespunz\u0103toare \u0219i nu i-a permis accesul \u00een sediul IPJ Bra\u0219ov unde dorea s\u0103 depun\u0103 o pl\u00e2ngere penal\u0103.<\/em><\/p>\n<p>Fa\u021b\u0103 de aspectele sesizate <em>am solicitat Inspectoratului de Poli\u021bie Jude\u021bean Bra\u0219ov comunicarea datelor relevante<\/em> cu privire la aspectele invocate prin peti\u021bie.<\/p>\n<p>Autoritatea sesizat\u0103 ne-a comunicat, \u00een esen\u021b\u0103, c\u0103 nu au fost identificate aspecte concrete care s\u0103 indice un posibil comportament neadecvat din partea personalului care \u015fi-a desf\u0103\u015furat activitatea la nivelul punctelor de acces \u00een Inspectoratul de Poli\u0163ie Jude\u0163ean Bra\u015fov, nu au fost identificate eventuale sesiz\u0103ri depuse la sediul inspectoratului de petent \u0219i nici apeluri efectuate c\u0103tre SNUAU 112 prin care s\u0103 fie reclamate aspecte neconforme \u00een activitatea unor poli\u0163i\u015fti fa\u0163\u0103 de persoana \u00een cauz\u0103.<\/p>\n<p><em>S-a mai precizat c\u0103 nu exist\u0103 \u00een func\u0163iune camere de luat vederi care s\u0103 ofere date relevante privind accesul persoanei care ne-a sesizat \u00een sediul IPJ Bra\u0219ov <\/em>\u0219i c\u0103 la nivelul Inspectoratului de Poli\u0163ie Jude\u0163ean Bra\u015fov exist\u0103 o procedur\u0103 de sistem elaborat\u0103 la nivelul Inspectoratului General al Poli\u0163iei Rom\u00e2ne privind accesul persoanelor din afara structurilor Poli\u0163iei Rom\u00e2ne \u00een sediile Poli\u0163iei Rom\u00e2ne, f\u0103r\u0103 a face o distinc\u0163ie \u00een ceea ce prive\u015fte persoanele cu dizabilit\u0103\u0163i, av\u00e2nd \u00een vedere faptul c\u0103 serviciul poli\u0163enesc se desf\u0103\u015foar\u0103 av\u00e2nd la baz\u0103 principiile prev\u0103zute de Codul de etic\u0103 \u015fi deontologie al poli\u0163istului, anex\u0103 la H.G. nr. 991\/2005, precum egalitate, impar\u0163ialitate, nediscriminare \u015fi disponibilitate. Inspectoratul de Poli\u0163ie Jude\u0163ean Bra\u015fov a implementat o serie de m\u0103suri, inclusiv \u00een cursul acestuia an, privind accesul fizic \u00een sediu, precum \u015fi la mediul informa\u0163ional a persoanelor cu dizabilit\u0103\u0163i, pentru asigurarea unei protec\u0163ii adecvate a drepturilor persoanelor cu dizabilit\u0103\u0163i, potrivit competen\u0163elor legale \u00eencredin\u0163ate.<\/p>\n<p><em>Av\u00e2nd \u00een vedere aspectele ce au rezultat din r\u0103spunsul primit cu privire la inexisten\u021ba, la nivelul IPJ Bra\u0219ov, a unor camere de luat vederi<\/em> care s\u0103 poat\u0103 oferi informa\u021bii referitoare la persoanele c\u0103rora li s-a permis accesul \u00een institu\u021bie, <em>a fost emis\u0103 Recomandarea nr. 2\/2024, adresat\u0103 Inspectorului General al Poli\u021biei Rom\u00e2ne, prin care s-a solicitat dispunerea m\u0103surilor necesare la nivel na\u021bional pentru asigurarea supravegherii video corespunz\u0103toare a spa\u021biilor exterioare \u0219i interioare ale sediilor organelor de poli\u021bie, accesibile publicului.<\/em><\/p>\n<p><em>Urmare recomand\u0103rii emise, Inspectoratul General al Poli\u021biei Rom\u00e2ne ne-a comunicat c\u0103 aceasta a fost \u00eensu\u0219it\u0103, dispun\u00e2ndu-se m\u0103suri etapizate \u00een vederea implement\u0103rii activit\u0103\u021bilor necesare, la cele aproximativ 3.000 de sedii, \u00een func\u021bie de priorit\u0103\u021bile stabilite \u0219i de fondurile financiare alocate \u00een acest sens<\/em>.<\/p>\n<p>S-a mai precizat c\u0103 \u00een procesul de preg\u0103tire profesional\u0103 a poli\u021bi\u0219tilor sunt prelucrate \u0219i dezvoltate prevederile Codului de etic\u0103 \u0219i deontologie al poli\u021bistului \u0219i hot\u0103r\u00e2ri ale CEDO ce au inciden\u021b\u0103 \u00een domeniu.<\/p>\n<p>La nivelul Poli\u021biei Rom\u00e2ne situa\u021biile de risc, const\u00e2nd \u00een exercitarea oric\u0103ror forme de abuzuri de c\u0103tre personalul propriu, se trateaz\u0103 unitar \u0219i exist\u0103 instrumente juridice eficiente pentru a r\u0103spunde oric\u0103rei provoc\u0103ri \u0219i elimin\u0103rii vulnerabilit\u0103\u021bilor. Structurile de specialitate \u00eendeplinesc rolul de verificare a corectitudinii \u00eendeplinirii atribu\u021biilor de c\u0103tre entit\u0103\u021bile proprii sau a modului de interven\u021bie a poli\u021bi\u0219tilor din cadrul institu\u021biei, prin raportare la necesitatea\/imperativul respect\u0103rii cadrului legal \u00een domeniul drepturilor omului, respectiv prin crearea\/asigurarea instrumentelor necesare valorific\u0103rii acestora de c\u0103tre cet\u0103\u021beni. \u00cen situa\u021bia \u00een care conducerea Politiei Rom\u00e2ne ia cuno\u0219tin\u021b\u0103 despre existen\u021ba unor acuza\u021bii care vizeaz\u0103 adoptarea unui posibil comportament abuziv de c\u0103tre un poli\u021bist \u00een rela\u021bia cu cet\u0103\u021benii, la nivelul institu\u021biei se declan\u0219eaz\u0103 un mecanism reactiv \u0219i, totodat\u0103, preventiv, care vizeaz\u0103 at\u00e2t demararea unor proceduri pentru tragerea la r\u0103spundere disciplinar\u0103 sau\/\u0219i penal\u0103 a persoanelor responsabile, c\u00e2t \u0219i de limitare a riscului de perpetuare sau repetare a atitudinii contrare prevederilor legale \u0219i normelor de conduit\u0103 de c\u0103tre angajatul vizat.<\/p>\n<p>Referitor la aspecte particulare privind modul de ac\u021biune al poli\u021bi\u0219tilor men\u021bionate \u00een cadrul recomand\u0103rii, s-a precizat faptul c\u0103 astfel de situa\u021bii nu constituie un mod generalizat de ac\u021biune al poli\u021bi\u0219tilor, derapajele fiind \u00eentotdeauna sanc\u021bionate de conducerea Poli\u021biei Rom\u00e2ne, care transmite \u00een mod permanent un mesaj de toleran\u021b\u0103 zero fa\u021b\u0103 de astfel de cazuri, utilizarea dispozitivelor de \u00eenregistrare audio-video portabile (Body Worn Camera) de c\u0103tre poli\u021bi\u0219tii ce intervin la evenimente, limit\u00e2nd drastic posibilit\u0103\u021bile de \u00eenc\u0103lcare cu inten\u021bie de c\u0103tre poli\u021bi\u0219ti a prevederilor legale \u00een domeniu \u0219i oferind posibilitatea document\u0103rii \u0219i prevenirii acestui tip de comportament.<\/p>\n<\/div>\n<\/div>\n\n\n<div class=\"sp-wrap sp-wrap-default\">\n<div class=\"sp-head\" title=\"Expand\">\nDosar nr. 30368\/2023 av\u00e2nd ca obiect sesizarea din oficiu privind situa\u021bia unor persoane cu dizabilit\u0103\u021bi din Complexul pentru Adul\u021bi cu Dizabilit\u0103\u021bi Giurgiu - Centrul pentru Via\u021b\u0103 Independent\u0103 Giurgiu\n<\/div>\n<div class=\"sp-body folded\">\n<p>Urmare unei peti\u021bii prin care erau sesizate, \u00een esen\u021b\u0103 \u201epractici de sclavie \u0219i de munc\u0103 for\u021bat\u0103 \u00een scopuri personale\u201d la Complexul pentru Adul\u021bi Giurgiu, fapte cu privire la care se sus\u021binea c\u0103 au fost comise de c\u0103tre conducerea Direc\u021biei Generale de Asisten\u021b\u0103 Social\u0103 \u0219i Protec\u021bia Copilului Giurgiu, prin folosirea la munc\u0103, \u00een afara orelor de program, \u00een interes personal, a doi tineri cu dizabilit\u0103\u021bi fizice din Complexul pentru Adul\u021bi cu Dizabilit\u0103\u021bi Giurgiu, ne-am sesizat din oficiu \u0219i s-a efectuat o anchet\u0103 la sediul DGASPC Giurgiu \u0219i Complexul pentru Adul\u021bi cu Dizabilit\u0103\u021bi Giurgiu Centrul pentru Via\u021b\u0103 Independent\u0103 Giurgiu.<br \/>\nDin verific\u0103rile efectuate, a rezultat, \u00een esen\u021b\u0103, \u00eentre altele, c\u0103:<br \/>\n&#8211; av\u00e2nd \u00een vedere vulnerabilitatea accentuat\u0103 a persoanelor cu dizabilit\u0103\u021bi, se impune acordarea asisten\u021bei psihologice \u00een mod constant \u0219i individualizat;<br \/>\n&#8211; pentru asigurarea siguran\u021bei acestora se impune amplasarea de camere video \u00een spa\u021biile de cazare comune, cu respectarea demnit\u0103\u021bii \u0219i intimit\u0103\u021bii persoanelor cazate \u00een apartamentele respective, pentru asigurarea unei alimenta\u021bii adecvate, pentru evitarea riscului de alterare a alimentelor \u0219i de v\u0103t\u0103mare a integrit\u0103\u021bii corporale a persoanelor cu dizabilit\u0103\u021bi prin contactul cu ambalaje dure deteriorate este recomandabil\u0103 prepararea \u0219i verificarea alimentelor servite \u00een spa\u021bii av\u00e2nd aceast\u0103 destina\u021bie special\u0103 \u0219i livrarea loc la loca\u021biile unde persoanele cu dizabilit\u0103\u021bi locuiesc, evit\u00e2ndu-se depozitarea alimentelor \u00een spa\u021biile cu destina\u021bie de locuin\u021b\u0103;<br \/>\n&#8211; de asemenea, se impune luarea de m\u0103suri pentru p\u0103strarea medicamentelor \u00een spa\u021bii securizate corespunz\u0103tor, \u00een care nu au acces dec\u00e2t persoanele care administreaz\u0103 tratamentul medicamentos.<br \/>\nDin desf\u0103\u0219urarea anchetei nu au rezultat date c\u0103 la momentul respectiv persoanele la care se f\u0103cea referire \u00een peti\u021bia primit\u0103 sunt supuse la munc\u0103 for\u021bat\u0103 sau obligatorie \u0219i nici \u021binute \u00een sclavie, nemul\u021bumirile lor viz\u00e2nd controalele anterior efectuate, care le-au deranjat.<br \/>\nFa\u021b\u0103 de aspectele constatate, a fost emis\u0103 Recomandarea nr. 168\/2023, adresat\u0103 directorului DGASPC Giurgiu, prin care s-a solicitat luarea m\u0103surilor care se impun pentru:<br \/>\n&#8211; acordarea asisten\u021bei psihologice persoanelor cu dizabilit\u0103\u021bi de personal specializat, \u00een mod constant \u0219i individualizat, \u00een func\u021bie de situa\u021biile concrete pe care le traverseaz\u0103 persoanele cu dizabilit\u0103\u021bi, aceasta urm\u00e2nd a se realiza, spre exemplu, prin modificarea schemei de personal, \u00eenfiin\u021barea \u0219i ocuparea unui nou post de psiholog;<br \/>\n&#8211; amplasarea de camere video \u00een spa\u021biile de cazare comune, cu respectarea demnit\u0103\u021bii \u0219i intimit\u0103\u021bii persoanelor cazate \u00een apartamentele respective;<br \/>\n&#8211; prepararea \u0219i verificarea alimentelor \u00een spa\u021bii av\u00e2nd aceast\u0103 destina\u021bie special\u0103, urmat\u0103 de livrarea la loca\u021biile unde persoanele cu dizabilit\u0103\u021bi locuiesc \u0219i evitarea depozit\u0103rii alimentelor \u00een spa\u021biile cu destina\u021bie de locuin\u021b\u0103, cu at\u00e2t mai mult a celor ambalate \u00een materiale dure, casante, ce pot deveni corpuri t\u0103ioase;<br \/>\n&#8211; p\u0103strarea medicamentelor \u00een spa\u021bii securizate corespunz\u0103tor, \u00een care nu au acces dec\u00e2t persoanele care administreaz\u0103 tratamentul medicamentos.<br \/>\nPrin adresa nr. 89324\/2023, DGASPC Giurgiu ne-a comunicat c\u0103 activitatea de consiliere psihologic\u0103 se desf\u0103\u015foar\u0103 constant \u015fi individualizat de c\u0103tre psihologul centrului, \u00een colaborare cu ceilal\u021bi membrii ai echipei multidisciplinare. \u00cen acest context, nevoile acestora sunt acoperite, de multe ori psihologul acord\u00e2nd sprijin chiar \u00een afara orelor de program. Suplimentarea schemei de personal de specialitate ar fi ideal\u0103, \u00een general, dar sistemul de protec\u0163ie social\u0103 nu a beneficiat de o finan\u0163are corespunz\u0103toare, iar prevederile legale impun angajarea de personal numai cu \u00eencadrarea \u00een prevederile bugetare, \u00een anul 2023 a fost suspendat\u0103 organizarea concursurilor pentru ocuparea posturilor vacante \u015fi a fost interzis\u0103 \u00eenfiin\u0163area de noi posturi.<br \/>\nPrin adoptarea Legii nr. 296\/2023 privind unele m\u0103suri fiscal-bugetare pentru asigurarea sustenabilit\u0103\u0163ii financiare a Rom\u00e2niei pe termen lung, au fost desfiin\u0163ate posturile vacante din cadrul centrelor (inclusiv personal care ar trebui s\u0103 asigure ture), precum \u015fi din compartimentele de specialitate, respectiv posturi de manager de caz.<br \/>\nPentru implementarea recomand\u0103rii cu privire a amplasarea de camere video \u00een spa\u021biile comune de cazare a fost luat\u0103 m\u0103sura evalu\u0103rii riscului de c\u0103tre o firm\u0103 specializat\u0103, fiind \u00eentocmite rapoartele de analiz\u0103 la risc, dar deoarece prevederile OUG nr. 90\/2023 interzic \u00eencheierea de angajamente legale pentru anumite categorii de cheltuieli, respectiv bunuri de natura obiectelor de inventar, camerele video nu pot fi achizi\u0163ionate dec\u00e2t dup\u0103 ie\u015firea din vigoare a prevederilor art. I din OUG nr. 90\/2023.<br \/>\nLa nivelul DGASPC Giurgiu, se afl\u0103 \u00een derulare un acord cadru de furnizare produse alimentare, cu termen de valabilitate p\u00e2n\u0103 \u00een luna august 2024 \u0219i urmare Recomand\u0103rii nr. 168\/2023 s-a analizat oportunitatea contract\u0103rii serviciilor de catering, termenul posibil de ini\u0163iere a procedurilor fiind luna aprilie 2024.<br \/>\n\u00cen ceea ce prive\u0219te p\u0103strarea medicamentelor \u00een spa\u0163ii securizate corespunz\u0103tor, \u00een care nu au acces dec\u00e2t persoanele care administreaz\u0103 tratamentul medicamentos s-a amenajat spa\u021biul folosit ca \u201eizolator\u201d cu destina\u0163ia de cabinet medical, camer\u0103 \u00eenchis\u0103 cu cheia \u015fi \u00een care are acces numai personalul responsabilizat \u00een acest sens prin fi\u015fa postului.<br \/>\nAv\u00e2nd \u00een vedere aspectele \u00eenvederate prin adresa DGASPC Giurgiu, s-a transmis o adres\u0103 c\u0103tre Consiliul Jude\u021bean Giurgiu prin care au fost solicitate informa\u021bii cu privire la m\u0103surile concrete suplimentare ce pot fi luate pentru implementarea Recomand\u0103rii nr. 168\/2023.<br \/>\nPrin adresa nr. 3393\/15.02.2024, Consiliul Jude\u021bean Giurgiu ne-a \u00eenaintat adresa DGASPC Giurgiu nr. 11445\/15.02.2024 prin care ni s-a comunicat, \u00een esen\u021b\u0103, c\u0103 \u00een anul 2024, ocuparea posturilor vacante este suspendat\u0103 conform prevederilor art. VII din OUG nr. 115\/2023 privind unele m\u0103suri fiscal-bugetare \u00een domeniul cheltuielilor publice, pentru consolidare fiscal\u0103, combaterea evaziunii fiscale, pentru modificarea \u0219i completarea unor acte normative, precum \u0219i pentru prorogarea unor termene iar ocuparea unui post nou-\u00eenfiin\u021bat, nu se \u00eencadreaz\u0103 \u00eentre excep\u021biile reglementate de acest act normativ.<br \/>\nS-a mai precizat c\u0103, \u00een conformitate cu prevederile art. VI din OUG nr. 115\/2023, \u201enum\u0103rul maxim de posturi care se finan\u021beaz\u0103 din fonduri publice, pentru institu\u021biile \u0219i autorit\u0103\u021bile publice, indiferent de modul de finan\u021bare \u0219i subordonare, se stabile\u0219te de c\u0103tre ordonatorii de credite astfel \u00eenc\u00e2t s\u0103 se asigure plata integral\u0103 a drepturilor de natur\u0103 salarial\u0103 acordate \u00een condi\u021biile legii, cu \u00eencadrarea \u00een cheltuielile de personal aprobate prin buget\u201d. Conform bugetului aprobat pentru anul 2024, la nivelul DGASPC Giurgiu este respectat\u0103 aceast\u0103 obliga\u021bie legal\u0103. \u00cenfiin\u021barea de noi posturi \u0219i dep\u0103\u0219irea num\u0103rului de posturi aprobate pentru finan\u021bare \u00een anul 2024, atrage inciden\u021ba prevederilor alin. (2) al art. VI din OUG nr. 115\/2023, \u0219i anume \u201eDac\u0103 \u00een cursul exerci\u021biului bugetar intervin evenimente care conduc la majorarea cheltuielilor de personal aprobate prin buget, ordonatorii de credite dispun m\u0103surile necesare \u00een vederea \u00eencadr\u0103rii \u00een bugetul aprobat, \u00een condi\u021biile legii, recurg\u00e2nd, dar f\u0103r\u0103 a se limita la m\u0103surile prev\u0103zute la art. 18 alin. (5) \u0219i (6) din Legea responsabilit\u0103\u021bii fiscal-bugetare nr. 69\/2010, republicat\u0103, cu modific\u0103rile \u0219i complet\u0103rile ulterioare\u201d, ceea ce \u00eenseamn\u0103 inclusiv reducerea num\u0103rului de posturi finan\u021bate \u0219i bugetele acestora \u0219i, respectiv, disponibilizarea, \u00een condi\u021biile legii, a unei p\u0103r\u021bi din personalul \u00eencadrat. S-a concluzionat c\u0103 \u00een aceste condi\u021bii, \u00eenfiin\u021barea \u0219i ocuparea unui nou post de psiholog este posibil\u0103 \u00een decursul anului 2024, numai prin adoptarea unor norme legale favorabile \u0219i aplicabilitate predictibil\u0103.<br \/>\nS-a subliniat c\u0103 \u00een privin\u021ba asigur\u0103rii asisten\u021bei psihologice persoanelor cu dizabilit\u0103\u021bi, la nivelul centrelor pentru via\u021b\u0103 independent\u0103 ce au f\u0103cut obiectul anchetei institu\u021biei Avocatul Poporului nu s-au \u00eenregistrat sincope \u00een acordarea acestui tip de serviciu, psihologul av\u00e2nd \u00eenlocuitori \u00een perioada concediului. Sub aspectul activit\u0103\u021bilor desf\u0103\u0219urate s-a ar\u0103tat c\u0103, \u00een prezent, \u00een cadrul centrelor reziden\u021biale pentru persoane adulte cu dizabilit\u0103\u021bi se desf\u0103\u0219oar\u0103 o serie de workshop-uri cu ace\u0219ti beneficiari, \u00een vederea preg\u0103tirii abilit\u0103\u021bilor de via\u021b\u0103 independent\u0103.<br \/>\n\u00cen ceea ce prive\u0219te m\u0103surile suplimentare care pot fi luate, s-a precizat c\u0103 acestea pot consta \u00een asigurarea fondurilor necesare pentru acoperirea eventualelor costuri rezultate din contractarea de servicii psihologice ori de psihoterapie, dac\u0103 situa\u021bia o va impune.<br \/>\nReferitor la amplasarea de camere video \u00een spa\u021biile de cazare comune, cu respectarea demnit\u0103\u021bii \u0219i intimit\u0103\u021bii persoanelor cazate \u00een apartamentele respective, s-a men\u021bionat c\u0103 la nivelul DGASPC Giurgiu s-a luat m\u0103sura evalu\u0103rii la risc \u00een toate structurile reziden\u021biale din subordine, rapoartele de evaluare fiind centralizate \u0219i costurile estimate, \u00een prezent realiz\u00e2ndu-se, concomitent, demersuri pentru identificarea fondurilor necesare \u0219i includerea lucr\u0103rilor pe lista de investi\u021bii, fiind deja purtate discu\u021bii cu reprezentan\u021bii departamentului financiar din cadrul Consiliului Jude\u021bean Giurgiu, prognosticul fiind favorabil, astfel ca la cele dou\u0103 apartamente ce au f\u0103cut obiectul verific\u0103rilor institu\u021biei Avocatul Poporului va fi montat\u0103 c\u00e2te o camer\u0103 la u\u0219a de acces.<br \/>\nRelativ la prepararea \u0219i verificarea alimentelor, s-a ar\u0103tat c\u0103 la nivelul DGASPC Giurgiu se afl\u0103 \u00een curs de elaborare caietul de sarcini pentru contractarea serviciilor de catering, fiind purtate discu\u021bii privind identificarea surselor de finan\u021bare pentru acoperirea costurilor acestui serviciu, reprezentan\u021bii departamentului financiar din cadrul Consiliului Jude\u021bean Giurgiu, abordarea fiind una favorabil\u0103 \u00een privin\u021ba lu\u0103rii acestei m\u0103suri.<br \/>\n\u00cen prezent, \u00een instrumentarea Parchetului de pe l\u00e2ng\u0103 Judec\u0103toria Giurgiu exist\u0103 un dosar penal \u00een care se fac cercet\u0103ri sub aspectul s\u0103v\u00e2r\u0219irii infrac\u021biunii de supunere la munc\u0103 for\u021bat\u0103 sau obligatorie, prev\u0103zut\u0103 de art. 212 alin. (1) Cod penal, \u00een prezent efectu\u00e2ndu-se acte de cercetare de c\u0103tre IPJ Giurgiu \u2013 Serviciul de Investiga\u021bii Criminale. <\/p>\n<\/div>\n<\/div>\n\n\n<div class=\"sp-wrap sp-wrap-default\">\n<div class=\"sp-head\" title=\"Expand\">\nDosar nr. 24243\/2023 (rezumat) Petenta ne-a sesizat \u00een leg\u0103tur\u0103 cu o posibil\u0103 \u00eenc\u0103lcare a dreptului de peti\u0163ionare \u015fi a dreptului persoanei v\u0103t\u0103mate de o autoritate public\u0103, prev\u0103zute de art. 51 \u015fi 52 din Constitu\u0163ie, de c\u0103tre Casa de Pensii a Municipiului Bucure\u0219ti\n<\/div>\n<div class=\"sp-body folded\">\n<\/p>\n<p>\u00cen fapt, petenta reclama faptul c\u0103 nu i s-a r\u0103spuns la cererea adresat\u0103 Casei de Pensii a Sectorului 3 Bucure\u0219ti la data de 5 septembrie\u00a0 2023.<\/p>\n<p>Prin adresa nr. 24243 din 6 septembrie 2023, ne-am adresat directorului executiv al Casei de Pensii a Sectorului 3 Bucure\u0219ti, solicit\u00e2ndu-i s\u0103 dispun\u0103 m\u0103surile necesare clarific\u0103rii situa\u021biei respective \u0219i s\u0103 ne comunice solu\u021bia adoptat\u0103 \u00een acest caz.<\/p>\n<p>Am retransmis, prin adresa nr. 24243 din 27 noiembrie 2023 punctul nostru de vedere Casei de Pensii a Sectorului 3 Bucure\u0219ti, care consta \u00een faptul c\u0103 socotim c\u0103 o dep\u0103\u0219ire a termenului legal de solu\u021bionare este nejustificat\u0103, rug\u00e2nd conducerea respectivei autorit\u0103\u021bi s\u0103 dispun\u0103 urgentarea adopt\u0103rii unei solu\u021bii legale, demers r\u0103mas f\u0103r\u0103 rezultat.<\/p>\n<p>Prin adresa nr. 24243 din 28 decembrie 2023, am expus aceast\u0103 situa\u021bie Pre\u0219edintelui Casei Na\u021bionale de Pensii Publice, f\u0103r\u0103 a primi un r\u0103spuns.<\/p>\n<p>Am constatat faptul c\u0103 petentei nu i s-a comunicat un r\u0103spuns \u00een termenul legal.<\/p>\n<p>Petentei nu i-a fost respectat dreptul de peti\u0163ionare coroborat cu dreptul persoanei v\u0103t\u0103mate de o autoritate public\u0103 \u0219i dreptul la un nivel de trai decent.<\/p>\n<p>\u00cen atare situa\u021bie, Avocatul Poporului a emis Recomandarea nr. 28 din 30 ianuarie 2024, prin care solicita directorului executiv al Casei de Pensii a Sectorului 3 Bucure\u0219ti s\u0103 dispun\u0103 m\u0103surile legale \u00een vederea elimin\u0103rii oric\u0103ror tergivers\u0103ri \u00een solu\u0163ionarea peti\u0163iilor, \u00een conformitate cu dispozi\u021biile Legii nr. 263 din 2010, privind sistemul unitar de pensii publice.<\/p>\n<p>Urmare demersurilor noastre, la data de 1 martie\u00a0 2024 am primit de la Casa de Pensii a Sectorului 3 un r\u0103spuns prin care ni se comunic\u0103 faptul c\u0103 au fost dispuse m\u0103suri, at\u00e2t pentru respectarea termenului de emitere a deciziei de pensie, precum \u0219i a termenelor de solu\u021bionare a peti\u021biilor, conform Ordonan\u021bei Guvernului nr. 27\/2002. <\/p>\n<\/div>\n<\/div>\n\n\n<div class=\"sp-wrap sp-wrap-default\">\n<div class=\"sp-head\" title=\"Expand\">\nDosar nr. 20681\/2023 (rezumat) Avocatul Poporului a solu\u021bionat cazul unei persoane cu handicap grav cu drept de asistent personal, c\u0103reia prim\u0103ria \u00eei refuza angajarea unui asistent personal\n<\/div>\n<div class=\"sp-body folded\">\n<\/p>\n<p>\u00cen luna iulie 2023, institu\u021bia Avocatul Poporului s-a sesizat din oficiu cu privire la respectarea drepturilor persoanelor cu handicap grav cu drept de asistent personal de c\u0103tre autoritatea public\u0103 local\u0103 din comuna Gil\u0103u, jude\u021bul Cluj, plec\u00e2nd de la cazul <a href=\"#_ftn1\" name=\"_ftnref1\">[1]<\/a> unui b\u0103rbat cu handicap grav cu drept de asistent personal, care solicitase s\u0103-i fie angajat\u0103 so\u021bia ca asistent personal, din informa\u021biile prezentate \u00een spa\u021biul public rezult\u00e2nd c\u0103 cererea i-a fost respins\u0103 pe motivul <em>lipsei fondurilor<\/em>.<\/p>\n<p>\u00cen considerarea rolului s\u0103u constitu\u021bional, precum \u0219i a prevederilor art. 50 din Constitu\u021bia Rom\u00e2niei, care garanteaz\u0103 protec\u021bia persoanei cu handicap \u0219i ale Legii nr. 448\/2006 privind protec\u021bia \u0219i promovarea drepturilor persoanei cu handicap, potrivit c\u0103rora primarul este obligat a asigura angajarea unui asistent personal la cererea persoanei cu handicap grav cu drept de asistent personal, Avocatul Poporului a f\u0103cut demersuri scrise pe l\u00e2ng\u0103 autoritatea public\u0103 local\u0103, solicit\u00e2ndu-i informa\u021bii de natur\u0103 s\u0103 clarifice cazul persoanei cu handicap grav cu drept de asistent personal \u0219i respingerea cererii sale de a-i fi angajat un asistent personal. De asemenea, primarului i s-au solicitat \u0219i informa\u021bii generale, privind num\u0103rul asisten\u021bilor personali ai persoanelor cu handicap grav cu drept de asistent personal care au fost angaja\u021bi de prim\u0103rie de la \u00eenceputul anului 2022 \u0219i p\u00e2n\u0103 \u00een prezent \u0219i num\u0103rul cererilor privind angajarea asisten\u021bilor personali.<\/p>\n<p>Prim\u0103ria ne-a r\u0103spuns ar\u0103t\u00e2nd c\u0103 <strong><u>persoanei cu handicap grav i-a fost angajat de prim\u0103rie asistentul personal solicitat<\/u><\/strong>, \u00een dovedire fiind ata\u0219at\u0103 Dispozi\u021bia primarului, din care reiese c\u0103 so\u021bia b\u0103rbatului cu handicap grav cu drept de asistent personal a fost \u00eencadrat\u0103 \u00een func\u021bia de asistent personal, \u00eencep\u00e2nd cu 1 septembrie 2023.<\/p>\n<p><a href=\"#_ftnref1\" name=\"_ftn1\">[1]<\/a> Cazul a fost prezentat de Ziardecluj.ro\u00a0<\/p>\n<\/div>\n<\/div>\n\n\n<div class=\"sp-wrap sp-wrap-default\">\n<div class=\"sp-head\" title=\"Expand\">\nDosar nr. 18831\/2023 (rezumat) Avocatul Poporului s-a implicat \u00een respectarea dreptului unei persoane cu handicap grav cu drept de asistent personal la plata direct\u0103 a indemniza\u021biei lunare de \u00eenlocuire a asistentului personal, conform op\u021biunii exprimate\n<\/div>\n<div class=\"sp-body folded\">\n<\/p>\n<p>Petenta, de alt\u0103 na\u021bionalitate, se c\u0103s\u0103torise cu un cet\u0103\u021bean rom\u00e2n, stabilindu-\u0219i domiciliul conjugal \u00een comuna P\u0103dina, jude\u021bul Mehedin\u021bi, comuna natal\u0103 a so\u021bului. Din cauza bolii de care suferea, de\u015fi era capabil\u0103, nu putea s\u0103 \u00ee\u015fi administreze personal bunurile \u00een condi\u0163ii corespunz\u0103toare, astfel c\u0103 instan\u021ba a \u00eencuviin\u021bat curatela \u00een favoarea sa, so\u021bul fiind desemnat curator \u0219i \u00eencas\u00e2nd lunar, \u00een aceast\u0103 calitate, indemniza\u021bia cuvenit\u0103 persoanei cu handicap grav \u00een temeiul art. 42 alin. (4) din Legea nr. 448\/2006. \u00centruc\u00e2t, ulterior stabilirii curatelei, petenta a fost supus\u0103 la violen\u021b\u0103 domestic\u0103, fiind nevoit\u0103 s\u0103 p\u0103r\u0103seasc\u0103 domiciliul conjugal \u0219i s\u0103 se ad\u0103posteasc\u0103 \u00een municipiul Drobeta Turnu Severin, aceasta a solicitat primarului comunei P\u0103dina ca plata indemniza\u021biei s\u0103 nu mai fie f\u0103cut\u0103 so\u021bului-curator, ci direct \u00een contul ei \u0219i a prezentat \u00een dovedire 2 certificate de gref\u0103, din care reie\u0219ea c\u0103 se afl\u0103 \u00een proces de divor\u021b cu so\u021bul-curator \u0219i c\u0103 a solicitat instan\u021bei revocarea curatorului. Primarul a refuzat, apreciind c\u0103 plata trebuie f\u0103cut\u0103 \u00een continuare curatorului, p\u00e2n\u0103 la ridicarea curatelei.<\/p>\n<p>Avocatul Poporului s-a adresat primarului comunei P\u0103dina, jude\u021bul Mehedin\u021bi, prin demersuri scrise \u0219i anchet\u0103, \u00eenveder\u00e2ndu-i faptul c\u0103 persoanei cu handicap \u00eei este garantat prin Constitu\u021bie dreptul la protec\u021bie special\u0103, c\u0103, pl\u0103tindu-i indemniza\u021bia curatorului, autoritatea public\u0103 local\u0103 pune \u00een situa\u021bie de risc persoana cu dizabilit\u0103\u021bi \u0219i c\u0103 este \u00een vigoare un Ordin judec\u0103toresc de protec\u021bie a petentei \u00eempotriva curatorului-agresor, potrivit c\u0103ruia acesta nu se putea apropia la mai pu\u021bin de 100 de m de petent\u0103. De asemenea, a subliniat c\u0103, nesocotind voin\u021ba persoanei cu dizabilit\u0103\u021bi, autoritatea public\u0103 local\u0103 se pozi\u021bioneaz\u0103 fa\u021b\u0103 de persoana reprezentat\u0103 prin curator, ca fa\u021b\u0103 de incapabil \u0219i aplic\u0103 regulile de la tutel\u0103. Or, \u00een acest caz, nu este vorba de curatela persoanei lipsite de capacitate de exerci\u021biu, ci de cea a persoanei fizice capabile, fiind aplicabil regimul juridic al mandatului, nu cel al tutelei, fapt ce rezult\u0103 cu claritate din dispozi\u021biile Codului civil potrivit c\u0103rora \u201e<em>instituirea curatelei nu aduce nicio atingere capacit\u0103\u0163ii celui pe care curatorul \u00eel reprezint\u0103<\/em>\u201d (art. 181), \u201e<em>\u00een cazurile \u00een care se instituie curatela, se aplic\u0103 regulile de la mandat<\/em>\u201d (art. 183) \u0219i \u201e<em>Mandantul poate oric\u00e2nd revoca mandatul, expres sau tacit, indiferent de forma \u00een care contractul de mandat a fost \u00eencheiat \u015fi chiar dac\u0103 a fost declarat irevocabil<\/em>\u201d ( art. 2031 alin (1).<\/p>\n<p>\u00cen acest sens, a fost adresat\u0103 Recomandarea nr. 122\/23 august 2023, prin care i se solicita primarului comunei P\u0103dina s\u0103 dispun\u0103 sistarea efectu\u0103rii pl\u0103\u021bii indemniza\u021biei lunare de handicap c\u0103tre curator, conform celor solicitate de persoana cu handicap grav cu drept de asistent personal, beneficiara dreptului.<\/p>\n<p>\u00cen data de 6 septembrie 2023, autoritatea public\u0103 local\u0103 ne-a transmis prin Adresa nr. 1877\/06.09.2023, c\u0103 primarul a emis o dispozi\u021bie de \u00eencetare a acord\u0103rii indemniza\u021biei curatorului persoanei cu handicap grav.\u00a0<\/p>\n<\/div>\n<\/div>\n\n\n<div class=\"sp-wrap sp-wrap-default\">\n<div class=\"sp-head\" title=\"Expand\">\nDosar nr. 18603\/2023 (rezumat) Avocatul Poporului a intervenit \u00een cazul unei persoane cu dizabilit\u0103\u021bi intelectuale \u0219i psiho-sociale care nu mai beneficia de ocrotirea statului, dup\u0103 decesul tutorelui (mama sa), fiind lipsit\u0103 de resursele necesare traiului zilnic \u0219i de asisten\u021ba medical\u0103 de specialitate\n<\/div>\n<div class=\"sp-body folded\">\n<\/p>\n<p>Persoana cu dizabilit\u0103\u021bi locuia cu fratele s\u0103u (petentul), de\u0219i acesta nu-i putea asigura ocrotirea de care avea nevoie p\u00e2n\u0103 la numirea unui nou tutore, aspect f\u0103cut cunoscut autorit\u0103\u021bilor statului. Petentul nu mai putea realiza venituri pentru c\u0103 \u00eengrijea de fratele cu dizabilit\u0103\u021bi \u0219i astfel nu-\u0219i puteau asigura nici traiul zilnic.<\/p>\n<p>Institu\u021bia Avocatul Poporului s-a adresat conducerii DAS Sibiu- Direc\u021bia de Asisten\u021b\u0103 Social\u0103 Sibiu, solicit\u00e2nd o anchet\u0103 social\u0103 pentru evaluarea urgen\u021bei situa\u021biei sesizate \u0219i clarificarea m\u0103surilor legale care se impun \u00een vederea protec\u021biei persoanei cu dizabilit\u0103\u021bi. Din anchet\u0103 a rezultat c\u0103 persoan\u0103 \u00eencadrat\u0103 \u00een grad de handicap grav cu drept la asistent personal, fusese pus\u0103 sub interdic\u021bie \u0219i se instituise tutela mamei asupra sa. Dup\u0103 decesul mamei, un frate care locuia \u00een str\u0103in\u0103tate \u0219i-a manifestat dorin\u021ba de a prelua tutela, cu aceast\u0103 cerere fiind \u00eenvestit\u0103 Judec\u0103toria Sibiu. Ancheta a mai ar\u0103tat \u0219i c\u0103 drepturile b\u0103ne\u0219ti ale persoanei cu dizabilit\u0103\u021bi erau direct afectate p\u00e2n\u0103 la desemnarea unei persoane care s\u0103 \u00ee\u0219i asume ocrotirea sa. Astfel, persoanei cu handicap grav nu i-a mai fost acordat beneficiul indemniza\u021biei lunare pentru care optase conform art. 42 alin. (4) din Legea nr. 448\/2006, prin Dispozi\u021bia primarului municipiului Sibiu, dispun\u00e2ndu-se \u00eencetarea acord\u0103rii indemniza\u021biei, ca urmare a decesului tutorelui.<\/p>\n<p>\u00cen considerarea celor de mai sus, apreciind c\u0103, p\u00e2n\u0103 la pronun\u021barea instan\u021bei de judecat\u0103, persoana cu dizabilit\u0103\u021bi se afl\u0103 \u00eentr-o situa\u021bie de criz\u0103, fiind \u00eendrept\u0103\u021bit\u0103 s\u0103 beneficieze de protec\u021bia statului, garantat\u0103 prin Constitu\u021bia Rom\u00e2niei, \u0219i \u021bin\u00e2nd cont de faptul c\u0103 autorit\u0103\u021bile statului se afl\u0103, \u00een prezent, \u00een aten\u021bia Comitetului de Mini\u0219tri al Consiliului Europei, \u00een contextul condamn\u0103rilor Rom\u00e2niei la CEDO \u00een cauze care au revelat deficien\u021be grave ale sistemului de protec\u021bie juridic\u0103 a adul\u021bilor cu dizabilit\u0103\u021bi intelectuale \u0219i cu afec\u021biuni psihice, \u00een special \u00een ceea ce prive\u0219te limitarea capacit\u0103\u021bii acestor persoane de a-\u0219i exercita drepturile \u0219i indisponibilitatea unor solu\u021bii adecvate pentru situa\u021bia adul\u021bilor vulnerabili care nu au nicio rud\u0103 capabil\u0103 sau dispus\u0103 s\u0103 ac\u021bioneze \u00een numele lor, Avocatul Poporului a adresat <strong>dou\u0103 recomand\u0103ri<\/strong>.<\/p>\n<p>1) A solicitat DGASPC Sibiu s\u0103 instituie m\u0103suri de protec\u021bie temporar\u0103 a persoanei cu dizabilit\u0103\u021bi intelectuale \u0219i psiho-sociale, p\u00e2n\u0103 la pronun\u021barea instan\u021bei cu privire la tutel\u0103, \u00een vederea respect\u0103rii drepturilor fundamentale ale persoanei cu dizabilit\u0103\u021bi;<\/p>\n<p>2) A solicitat primarului municipiul s\u0103 modifice Dispozi\u021bia privind acordarea drepturilor b\u0103ne\u0219ti \u00een sensul dispunerii suspend\u0103rii, iar nu \u00eencet\u0103rii acord\u0103rii indemniza\u021biei persoanei cu handicap grav cu drept de asistent personal, ca urmare a decesului tutorelui s\u0103u, \u00eentruc\u00e2t persoana cu handicap \u00eendepline\u015fte \u00een continuare condi\u0163iile care au dus la stabilirea dreptului la indemniza\u021bie, iar plata indemniza\u0163iei se face pe perioada valabilit\u0103\u0163ii certificatului de \u00eencadrare \u00een grad de handicap, fiind un beneficiu al persoanei cu handicap, iar nu al tutorelui.<\/p>\n<p>\u00cen urma recomand\u0103rilor \u0219i a demersurilor care au continuat, s-a emis Dispozi\u021bie de modificare a Dispozi\u021biei primarului, \u00een sensul recomandat; DGASPC a luat leg\u0103tura cu persoana cu dizabilit\u0103\u021bi, familia acesteia, ANPDPD \u0219i DAS Sibiu \u00een vederea alegerii unei solu\u021bii optime de protec\u021bie temporar\u0103 \u0219i s-a decis ca: persoana cu dizabilit\u0103\u021bi s\u0103 r\u0103m\u00e2n\u0103 \u00een monitorizarea DAS Sibiu p\u00e2n\u0103 la numirea tutorelui de c\u0103tre instan\u021b\u0103; s\u0103-i fie \u00een continuare asigurat\u0103 masa zilnic\u0103; iar, dup\u0103 pronun\u021barea instan\u021bei, s\u0103-i fie acordate retroactiv drepturile b\u0103ne\u0219ti cuvenite.\u00a0<\/p>\n<\/div>\n<\/div>\n\n\n<div class=\"sp-wrap sp-wrap-default\">\n<div class=\"sp-head\" title=\"Expand\">\nDosar nr. 18510\/2023 \u2013 rezultatul demersurilor Sesiz\u0103rii din oficiu privind exploatarea unor persoane cu dizabilit\u0103\u021bi sau aflate \u00een situa\u021bii vulnerabile prin supunerea la tratamente inumane ori degradante\n<\/div>\n<div class=\"sp-body folded\">\n<\/p>\n<p>\u00cen data de 4 iulie 2023, agen\u021bia de pres\u0103 Agerpres a prezentat o \u0219tire potrivit c\u0103reia poli\u021bi\u0219tii, al\u0103turi de procurorii DIICOT, au efectuat 31 de perchezi\u021bii \u00een Bucure\u0219ti \u0219i \u0219ase jude\u021be, \u00eentr-un dosar ce vizeaz\u0103 dou\u0103 grup\u0103ri infrac\u021bionale care ar fi exploatat persoane cu dizabilit\u0103\u021bi sau aflate \u00een situa\u021bii vulnerabile prin supunerea la tratamente inumane ori degradante.<\/p>\n<p>Fa\u021b\u0103 de informa\u021biile publicate \u00een pres\u0103, \u00een temeiul art. 16 din Legea nr. 35\/1997 privind organizarea \u0219i func\u021bionarea institu\u021biei Avocatul Poporului, republicat\u0103, Avocatul Poporului, \u00een continuarea \u0219i completarea demersurilor ini\u021biate \u00een luna februarie 2023, \u00een dosarul nr. 4788\/2023 s-a sesizat din oficiu cu privire la posibila \u00eenc\u0103lcare a art. 50 privind protec\u021bia persoanelor cu handicap, art. 22 alin. (1) privind dreptul la via\u021b\u0103 \u0219i la integritate fizic\u0103 \u0219i psihic\u0103, precum \u0219i a art. 34 privind dreptul la ocrotirea s\u0103n\u0103t\u0103\u021bii din Constitu\u0163ie.<\/p>\n<p>I. \u00cen perioada iulie 2023 &#8211; ianuarie 2024, au fost transmise adrese c\u0103tre:<\/p>\n<p>a) DGASPC Sector 3 \u0219i DGASPC Ilfov \u2013 solicit\u00e2ndu-se date referitoare la situa\u021bia persoanelor cu dizabilit\u0103\u021bi la care se f\u0103cea referire \u00een pres\u0103, dac\u0103 \u00eentre aceste persoane sunt \u0219i minori, dac\u0103 aceste persoane au fost identificate, care este num\u0103rul acestora \u0219i dac\u0103 se colaboreaz\u0103 cu organele de urm\u0103rire penal\u0103, identitatea acestor persoane \u0219i unit\u0103\u021bile sanitare sau serviciile de protec\u021bie social\u0103 \u00een care acestea se afl\u0103, dac\u0103 persoanele cu dizabilit\u0103\u021bi se aflau \u00een serviciul public de asisten\u021b\u0103 social\u0103 \u0219i de ce servicii specifice au beneficiat, dac\u0103 au fost \u00eentreprinse demersuri pentru identificarea factorilor responsabili de starea de pericol \u00een care s-au aflat persoanele cu dizabilit\u0103\u021bi exploatate \u0219i ce m\u0103suri s-au luat, dac\u0103 au fost identificate familiile \u015fi persoanele aflate \u00een dificultate, cauzele care au generat situa\u021biile de risc de excluziune social\u0103 \u0219i m\u0103surile de protec\u021bie luate \u00een cazul acestora, \u00een ce fel au fost furnizate \u0219i administrate serviciile sociale adresate persoanelor cu dizabilit\u0103\u021bi, care a fost modul concret de asigurare a evalu\u0103rii nevoilor individuale ale persoanelor cu dizabilit\u0103\u021bi \u0219i de monitorizare a acestora, ce instrumente de coordonare a activit\u0103\u021bilor de asisten\u021b\u0103 social\u0103 \u015fi de protec\u021bie a persoanelor cu dizabilit\u0103\u021bi au fost folosite precum \u0219i ce m\u0103suri de prevenire \u015fi combatere a situa\u021biilor de marginalizare \u015fi excludere social\u0103 au fost luate, dac\u0103 au existat sesiz\u0103ri anterioare privind starea de pericol \u00een care s-au aflat persoanele cu dizabilit\u0103\u021bi exploatate \u0219i ce m\u0103suri s-au luat \u00een urma acelor sesiz\u0103ri.<\/p>\n<p>Din r\u0103spunsurile primite a rezultat, \u00een esen\u021b\u0103, c\u0103 aceste autorit\u0103\u021bi nu aveau \u0219i nu au cuno\u0219tin\u021b\u0103 despre situa\u021bia persoanelor exploatate, identificarea lor nefiind posibil a fi realizat\u0103 de serviciile de specialitate ale institu\u021biei (o \u00eencercare \u00een acest sens fiind urmat\u0103 de refuzul de comunicare a oric\u0103ror date de c\u0103tre unit\u0103\u021bile sanitare la care DGASPC Ilfov a presupus c\u0103 se afl\u0103 anumite persoane preluate) fiind oferite date cu privire la unele cazuri sociale, persoane asistate \u00eentr-un centru din eviden\u021ba DGASPC Ilfov, cu precizarea c\u0103 toate \u00eenscrisurile relevante au fost ridicate de organele de cercetare penal\u0103, cu care se colaboreaz\u0103, c\u0103 nu au existat sesiz\u0103ri referitoare la situa\u021bii de genul celor relatate \u00een pres\u0103 \u0219i c\u0103 DGASPC nu r\u0103spunde de calitatea serviciilor acordate de furnizorii\u00a0 de servicii sociale priva\u021bi licen\u021bia\u021bi. De asemenea, s-a f\u0103cut referire la controalele efectuate \u00een luna noiembrie 2022 de c\u0103tre ANPDPD \u0219i la verific\u0103rile DGASPC Ilfov din anul 2023 la Asocia\u021bia Sf. Gabriel cel Viteaz \u0219i SC Casa Bunicii Anastasia SRL;<\/p>\n<p>b) Direc\u021bia de S\u0103n\u0103tate Public\u0103 Ilfov \u2013 care a comunicat date referitoare la ac\u021biuni de control din anul 2022 (unele \u00eenscrisuri fiind par\u021bial ilizibile);<\/p>\n<p>c) Autoritatea Na\u021bional\u0103 pentru Protec\u021bia Drepturilor Persoanelor cu Dizabilit\u0103\u021bi \u2013 care a comunicat c\u0103 potrivit Ordinului pre\u0219edintelui ANPDPD nr. 1100 din 17 noiembrie 2022 a demarat de urgen\u021b\u0103 ac\u021biuni de monitorizare \u0219i control la CIA Armonia, ac\u021biunile de control continu\u00e2nd \u00een 2022 \u0219i 2023;<\/p>\n<p>d) Institu\u021bia Prefectului Municipiului Bucure\u0219ti \u2013 care a redirec\u021bionat adresa noastr\u0103 din 29 august 2023 c\u0103tre APIS Bucure\u0219ti.<\/p>\n<p>Fa\u021b\u0103 de adresa institu\u021biei Avocatul Poporului din 19 septembrie 2023, viz\u00e2nd situa\u021bia actual\u0103 a persoanelor relocate urmare ac\u021biunilor organelor de urm\u0103rire penal\u0103 Institu\u021bia Prefectului Municipiului Bucure\u0219ti a precizat, \u00een esen\u021b\u0103, c\u0103 nu exist\u0103 date referitoare la starea de s\u0103n\u0103tate a beneficiarilor, c\u0103 s-au f\u0103cut demersuri la Institu\u021bia Prefectului Jude\u021bul Ilfov pentru identificarea de centre reziden\u021biale pentru relocarea beneficiarilor domicilia\u021bi \u00een jude\u021bul Ilfov \u0219i c\u0103 la data redact\u0103rii r\u0103spunsului (n.n. 8 noiembrie 2023), pe raza municipiului Bucure\u0219ti mai erau 14 beneficiari \u201d<em>\u00een grija<\/em>\u201d DGASPC Bucure\u0219ti, \u201d<em>ceilal\u021bi fiind prelua\u021bi de autorit\u0103\u021bile competente din jude\u021bul Ilfov<\/em>\u201d.<\/p>\n<p>e) Agen\u021bia pentru Pl\u0103\u021bi \u0219i Inspec\u021bie Social\u0103 a Municipiului Bucure\u0219ti \u2013 care a oferit date referitoare la modul de efectuare a controalelor, m\u0103surile ce pot fi dispuse \u0219i normele legale incidente.<\/p>\n<p>f) Agen\u021bia Na\u021bional\u0103 pentru Pl\u0103\u021bi \u0219i Inspec\u021bie Social\u0103, a r\u0103spuns ca urmare a unei adrese ulterioare a institu\u021biei Avocatul Poporului (din 12 octombrie 2023) prin care s-au solicitat date referitoare la noile amplasamente \u00een care au fost relocate persoanele vulnerabile; distan\u021ba la care noile amplasamente se afl\u0103 fa\u021b\u0103 de localit\u0103\u021bile de domiciliu sau fa\u021b\u0103 de cele mai apropiate rude ale beneficiarilor; dac\u0103 noile servicii sociale r\u0103spund nevoilor sociale, individuale, familiale sau de grup \u0219i cum contribuie acestea la cre\u0219terea calit\u0103\u021bii vie\u021bii; dac\u0103 au fost efectuate p\u00e2n\u0103 la data prezentei, anchete sociale pentru evalu\u0103rile ini\u021biale \u0219i planurile de interven\u021bie, \u00een cazurile persoanelor relocate; dac\u0103 exist\u0103 acordul scris al persoanelor relocate sau apar\u021bin\u0103torilor\/tutorilor, dup\u0103 caz; dac\u0103, la data prezentei, noile centre \u00een care au fost relocate persoanele v\u00e2rstnice au nevoie de acreditare\/evaluare \u0219i dac\u0103 aceasta procedur\u0103 a fost \u00eendeplinit\u0103. ANPIS a precizat c\u0103 \u201d<em>procesul de relocare a fost realizat \u00een contextul unei cauze privind s\u0103v\u00e2r\u0219irea unor fapte penale, respect\u00e2nd procedurile specifice de interven\u021bie\u201d; \u201dla data prezentei nu de\u021binem informa\u021bii cu privire la rolul si statutul persoanelor relocate (\u2026), dac\u0103 au fost aplicate norme de asisten\u021b\u0103 \u0219i protec\u021bie aplicate victimelor, m\u0103suri specifice pentru a garanta siguran\u021ba victimelor \u00een cadrul procedurilor legale<\/em>\u201d.<\/p>\n<p>g) Agen\u021bia pentru Pl\u0103\u021bi \u0219i Inspec\u021bie Social\u0103 a Jude\u021bului Ilfov \u2013 a comunicat informa\u021bii referitoare la atribu\u021biile pe care le exercit\u0103 \u0219i cu privire la controalele efectuate la Casa Bunicii Anastasia SRL, Casa Maria (f\u0103r\u0103 a se da detalii cu privire la solu\u021bia dispus\u0103 asupra unei propuneri de retragere a licen\u021bei de func\u021bionare) \u0219i Casa Cora (c\u0103reia i s-a retras licen\u021ba), Asocia\u021bia Sf. Gabriel cel Viteaz (c\u0103reia i s-a retras licen\u021ba), Centrul de \u00cengrijire \u0219i Asisten\u021b\u0103 pentru Persoane Adulte cu Dizabilit\u0103\u021bi Armonia (c\u0103ruia i s-a retras licen\u021ba).<\/p>\n<p>S-a mai men\u021bionat c\u0103 potrivit OUG nr. 82\/2016 nicio persoan\u0103 nu poate interveni\/ influen\u021ba libertatea de exerci\u021biu a inspectorilor sociali \u0219i s\u0103 fac\u0103 aprecieri asupra deciziei acestora cu privire la controlul efectuat.<\/p>\n<p>Nu au fost oferite date privind rezultatele controlului efectuat de echipa mixt\u0103 constituit\u0103 prin Ordinul Prefectului jude\u021bului Ilfov urmare Ordinului viceprim-ministrului \u0219i al Ministrului afacerilor interne nr 101\/7.07.07.2023, la care s-a f\u0103cut referire \u00een adres\u0103.<\/p>\n<p>h) Institu\u021bia Prefectului Jude\u021bul Ilfov \u2013 c\u0103reia, fa\u021b\u0103 de r\u0103spunsul primit din partea DGASPC Ilfov i s-a solicitat comunicarea de informa\u021bii referitoare la situa\u021bia actual\u0103 a persoanelor cu dizabilit\u0103\u021bi relocate din centrele anchetate de organele de urm\u0103rire penal\u0103 \u0219i unit\u0103\u021bile sanitare sau serviciile de protec\u021bie social\u0103 \u00een care se afl\u0103.<\/p>\n<p>\u00cen r\u0103spunsul emis \u00een data de 23 noiembrie 2023, Institu\u021bia Prefectului Jude\u021bul Ilfov face preciz\u0103ri cu privire la toate victimele identificate, unde se aflau la momentul respectiv precum \u0219i unde au domiciliul. Astfel, reiese c\u0103 25 de persoane au domiciliul pe raza jude\u021bului Ilfov, 36 au domiciliul pe raza administrativ teritorial\u0103 a altor unit\u0103\u021bi administrative, iar pentru 19 persoane nu au putut fi furnizate date de identificare (nu aveau CNP-ul cunoscut). Pentru persoanele care aveau domiciliu \u00een jude\u021bul Ilfov, Institu\u021bia Prefectului Jude\u021bul Ilfov a efectuat verific\u0103ri cu ajutorul autorit\u0103\u021bilor administrative locale \u0219i a prezentat punctual situa\u021bia fiec\u0103reia. Conform r\u0103spunsurilor transmise, toate persoanele sunt \u00eengrijite fie \u00een cadrul altor centre pentru v\u00e2rstnici, fie au fost reintegrate \u00een familie.<\/p>\n<p>\u00cen data de 6 decembrie 2023, a fost expediat\u0103 o noua adres\u0103 c\u0103tre Institu\u021bia Prefectului Jude\u021bul Ilfov prin care\u00a0 au fost solicitate actualiz\u0103ri \u0219i informa\u021bii suplimentare cu privire la locul unde se afl\u0103 \u0219i starea de s\u0103n\u0103tate a tuturor persoanelor identificate ca av\u00e2nd domiciliul stabilit pe raza jude\u021bului Ilfov. Referitor la persoanele care aveau domiciliul pe raza altor jude\u021be, au fost \u00eentocmite adrese c\u0103tre DGASPC-urile identificate.<\/p>\n<p>Din analiza r\u0103spunsurilor primite \u00een luna ianuarie 2024 se poate concluziona c\u0103 34 de persoane sunt \u00een continuare internate \u00een centre reziden\u021biale, 10 au fost reintegrate \u00een familii, 4 au decedat, 12 se aflau \u00een spitale de psihiatrie pentru tratament de specialitate, 2 nu se afl\u0103 \u00een eviden\u021bele DGASPC-urilor.<\/p>\n<p>i) Ministerul S\u0103n\u0103t\u0103\u021bii \u2013 c\u0103ruia i s-au solicitat date cu privire la modul de desf\u0103\u0219urare a ac\u021biunilor de control \u00een domeniul s\u0103n\u0103t\u0103\u021bii publice instrumentate de c\u0103tre DSP-urile aflate \u00een subordine, \u0219i m\u0103surile ulterior luate; concluziile raportului Inspec\u021biei Sanitare de Stat efectuat ca urmare a controlului efectuat la DSP Ilfov; existen\u021ba procedurilor clare de relocare a beneficiarilor \u00een cazul \u00een care este aplicat\u0103 sanc\u021biunea complementar\u0103 a \u00eenchiderii unui c\u0103min de b\u0103tr\u00e2ni; noile strategii sau ordine de ministru emise pentru prevenirea apari\u021biei unor situa\u021bii similare cu cele descrise \u00een mass media.<\/p>\n<p>Urmare acestei adrese, ni s-a comunicat, \u00eentre altele, c\u0103 serviciile medicale nu pot face obiectul controlului Inspec\u021biei Sanitare de Stat \u0219i nu se pot efectua verific\u0103ri\u00a0 \u00eentemeiate pe dispozi\u021biile Ordinului Ministrului Muncii \u0219i Justi\u021biei Sociale nr. 29\/2019 deoarece acesta nu este semnat de ministrul s\u0103n\u0103t\u0103\u021bii. S-a mai precizat c\u0103 \u00een urma centraliz\u0103rii datelor primite de la Direc\u021biile de S\u0103n\u0103tate Public\u0103 au fost aplicate amenzi, avertismente, s-a suspendat activitatea, respectiv au fost \u00eenchise unele unit\u0103\u021bi. Nu a fost efectuat un control la DSP Ilfov, iar activitatea Inspec\u021biei Sanitare de Stat vizeaz\u0103 controlul respect\u0103rii reglement\u0103rilor legale \u00een domeniul s\u0103n\u0103t\u0103\u021bii publice. Constatarea \u0219i sanc\u021bionarea contraven\u021biilor se dispune \u00een urma controalelor efectuate de inspectorii sanitari ca o \u00a0m\u0103sur\u0103 de remediere a neconformit\u0103\u021bilor documentate. Elaborarea de strategii \u0219i proceduri pentru prevenirea cazurilor de exploatare a persoanelor cu dizabilit\u0103\u021bi aflate \u00een situa\u021bii vulnerabile excedeaz\u0103 sferei competen\u021bei Inspec\u021biei Sanitare de Stat, iar ac\u021biunile de control realizate potrivit prevederilor Ordinului nr. 101\/7 iulie 2023 al Viceprim ministrului, Ministrului afacerilor Interne au fost coordonate de Institu\u021biile prefectului din fiecare jude\u021b\/municipiul Bucure\u0219ti.<\/p>\n<p>Printr-o adres\u0103 ulterioar\u0103, din 28 septembrie 2023, au fost primite informa\u021bii suplimentare privind respectarea termenelor de remediere a neconformit\u0103\u021bilor identificate \u0219i existen\u021ba unei proceduri \u0219i a unei practici unitare la nivelul tuturor DSP-urilor. Aceast\u0103 practic\u0103 viza modul de aplicare al sanc\u021biunilor, \u00a0programul de efectuare al controalelor, existen\u021ba planurilor de remediere stabilite \u00een urma neregularit\u0103\u021bilor constatate \u0219i efectuarea ulterioar\u0103 a unor controale pentru verificarea \u00eendeplinirii obliga\u021biilor impuse de inspectorii sanitari. Am solicitat informa\u021bii privind armonizarea legisla\u021biei ter\u021biare, astfel \u00eenc\u00e2t personalul din Ministerului S\u0103n\u0103t\u0103\u021bii s\u0103 poat\u0103 face verific\u0103ri cu privire la respectarea \u0219i conformarea normelor de igien\u0103 \u0219i s\u0103n\u0103tate public\u0103 \u00een unit\u0103\u021bile pentru care au fost emise autoriza\u021bii administrative prealabile de func\u021bionare. S-a f\u0103cut referire \u0219i la \u00a0procedura de relocare a beneficiarilor \u00een cazul \u00een care se suspend\u0103\/retragere autoriza\u021bia de func\u021bionare sau se emit decizii de \u00eenchidere a unit\u0103\u021bilor verificate (centre reziden\u021biale de cazare pentru v\u00e2rstnici, copii, persoane cu dizabilit\u0103\u021bi).<\/p>\n<p>S-a precizat, \u00een esen\u021b\u0103, c\u0103 verific\u0103rile efectuate de inspectorii DSP Ilfov nu au fost efectuate \u00een baza Planului Na\u021bional de Ac\u021biuni Tematice de Control \u0219i c\u0103 inspectorii Direc\u021biilor de S\u0103n\u0103tate Public\u0103 sunt subordona\u021bi Directorului executiv Adjunct de S\u0103n\u0103tate Public\u0103 al Direc\u021biei de S\u0103n\u0103tate Public\u0103 Jude\u021bene\/a municipiului Bucure\u0219ti. S-a mai precizat c\u0103 ulterior efectu\u0103rii de controalelor se stabilesc termene de remediere, iar efectuarea unui nou control este una dintre atribu\u021biile inspectorilor sanitari. Legisla\u021bia privind autorizarea centrelor reziden\u021biale este \u00een curs de aprobare, astfel c\u0103 Ministerul S\u0103n\u0103t\u0103\u021bii va avea un cadru legal \u00een baza c\u0103ruia s\u0103 efectueze ac\u021biuni tematice de control \u0219i c\u0103 procedura de relocare a beneficiarilor nu intr\u0103 \u00een atribu\u021biile Ministerului S\u0103n\u0103t\u0103\u021bii.<\/p>\n<p>j) DIICOT \u2013 Structura Central\u0103, care a comunicat c\u0103 urm\u0103rirea penal\u0103 are caracter secret, exercitarea drepturilor victimelor fiind asigurat\u0103, c\u0103 acestea apar\u021bineau \u00een principal de DGASPC Sector3, 6 \u0219i jude\u021bul Ilfov \u0219i c\u0103 \u00eentre acestea nu se reg\u0103seau minori. \u00cen data de 4 decembrie 2023, a fost primit r\u0103spunsul la noua adres\u0103 formulat\u0103 prin care eram informa\u021bi c\u0103 \u201e<em>\u00een prezent persoanele se afl\u0103 \u00een mai multe centre de \u00eengrijire \u0219i asisten\u021b\u0103, \u00een unit\u0103\u021bi spitalice\u0219ti specializate sau au fost preluate de familiile acestora spre \u00eengrijire. \u00cen prezent cercet\u0103rile sunt \u00een desf\u0103\u0219urare, \u00een cauz\u0103 fiind \u00eenceput\u0103 urm\u0103rirea penala fa\u021b\u0103 de 2 persoane juridice, alte 27 de persoane fizice au calitatea de inculpat, aflate sub puterea a diferite masuri preventive, urm\u00e2nd ca la finalizarea administr\u0103rii probatoriului s\u0103 fie solu\u021bionata cauza, potrivit legii<\/em>\u201d.<\/p>\n<p>k) Corpului de Control al Prim-ministrului i-au fost solicitate date cu privire la situa\u021bia actual\u0103 concret\u0103 a beneficiarilor serviciilor sociale, persoane cu dizabilit\u0103\u021bi, v\u00e2rstnice, aflate, din orice cauz\u0103, \u00eentr-o pozi\u021bie de vulnerabilitate, m\u0103surile dispuse pentru respectarea drepturilor acestora \u0219i m\u0103surile dispuse pentru evitarea apari\u021biei, \u00een viitor, a unor situa\u021bii negative, de natura celor ce au determinat \u00een acest caz sesizarea organelor de urm\u0103rire penal\u0103 \u0219i a oric\u0103ror evenimente de natur\u0103 a avea un impact negativ asupra acestor persoane vulnerabile.<\/p>\n<p>Prin r\u0103spunsul Corpului de control din data de 15 decembrie 2023, am fost informa\u021bi c\u0103\u00a0 \u00a0aceast\u0103 institu\u021bie nu de\u021bine date referitoare la solicitarea adresat\u0103, f\u0103c\u00e2nd trimitere la competen\u021bele Ministerului Afacerilor Interne care are \u00een subordine prefec\u021bii.<\/p>\n<p>Ultimele date referitoare la situa\u021bia beneficiarilor au fost furnizate de c\u0103tre DGASPC Constan\u021ba \u00een data de 21 februarie 2024.<\/p>\n<p>II. \u00cen luna august 2023, reprezentan\u021bi ai institu\u021biei Avocatul Poporului au participat activ la grupul de lucru organizat de Ministerul Muncii \u0219i Solidarit\u0103\u021bii Sociale ce a avut ca scop redactarea unui pachet legislativ pentru modificarea \u0219i completarea unor acte normative \u00een domeniul asisten\u021bei sociale. Institu\u021bia Avocatul Poporului a transmis puncte de vedere \u00een momentul \u00een care actul normativ s-a aflat \u00een consultare public\u0103.<\/p>\n<p>Proiectul de lege a fost aprobat \u00een \u0219edin\u021ba Guvernului din data de 9 noiembrie 2023. Ulterior a fost \u00eenregistrat la Senat pentru dezbatere \u00een procedur\u0103 de urgen\u021b\u0103, \u00een data de 15.11.2023 (L647\/2023).<\/p>\n<p>La data de 18 decembrie 2023, Comisia juridic\u0103, comisia pentru drepturile omului \u0219i Comisia pentru munc\u0103, familie \u015fi protec\u021bie social\u0103 au depus raportul comun de admitere. \u00cen 02 februarie 2024, actul normativ a fost adoptat de Senat \u0219i transmis Camerei Deputa\u021bilor. Actul normativ se afl\u0103 \u00een prezent, \u00een dezbateri la comisiile de specialitate ale Camerei Deputa\u021bilor, \u00een procedur\u0103 de urgen\u021b\u0103.\u00a0 \u00a0<\/p>\n<\/div>\n<\/div>\n\n\n<div class=\"sp-wrap sp-wrap-default\">\n<div class=\"sp-head\" title=\"Expand\">\nDosar nr. 17160\/2023 (rezumat) - Avocatul Poporului a fost sesizat de Asocia\u021bia BILF \u00een leg\u0103tur\u0103 cu faptul c\u0103 Prim\u0103ria Municipiului Constan\u021ba \u201erefuz\u0103, de peste \u0219apte ani, s\u0103 repartizeze cu titlu gratuit, persoanelor cu handicap, locuri de parcare, conform dispozi\u021biilor art. 65 alin. (5) din Legea nr. 448\/2006 \u201d potrivit c\u0103rora: \u201e\u00een spa\u021biile de parcare ale domeniului public \u0219i c\u00e2t mai aproape de domiciliu, administratorul acestora repartizeaz\u0103 locuri de parcare gratuit\u0103 persoanelor cu handicap care au solicitat \u0219i au nevoie de astfel de parcare.\u201d Asocia\u021bia fusese \u00eemputernicit\u0103 de unul dintre beneficiarii s\u0103i, persoan\u0103 cu dizabilit\u0103\u021bi de tip locomotor, care utiliza, pentru a se deplasa, un dispozitiv medical, fiind legalmente \u00eendrept\u0103\u021bit\u0103 a i se acorda un loc de parcare gratuit, c\u00e2t mai aproape de domiciliu. De\u0219i persoanei cu handicap i se atribuise \u00een 2013 un loc de parcare de re\u0219edin\u021b\u0103, potrivit dispozi\u021biilor art. 65 alin. (5) din Legea nr. 448\/2006, trei ani mai t\u00e2rziu i s-a ridicat acest beneficiu \u0219i, \u00een ciuda demersurilor efectuate, timp de 7 ani, pe l\u00e2ng\u0103 institu\u021biile statului, nu a mai ob\u021binut locul de parcare solicitat. \n<\/div>\n<div class=\"sp-body folded\">\n<\/p>\n<p>Institu\u021bia Avocatul Poporului s-a adresat primarului municipiului Constan\u021ba, solicit\u00e2nd m\u0103suri legale \u00een scopul asigur\u0103rii unui loc de parcare de re\u0219edin\u021b\u0103 gratuit persoanei \u00eencadrate \u00een grad de handicap. Prin r\u0103spunsul s\u0103u, primarul a sus\u021binut c\u0103 a asigurat condi\u021biile corespunz\u0103toare de exercitare a dreptului persoanei cu handicap la un loc de parcare gratuit \u0219i a ar\u0103tat c\u0103, \u00een 2018, la solicitarea petentului, a amenajat, prin administratorul tramei stradale \u0219i conform avizului Comisiei de circula\u021bie, 2 (dou\u0103) locuri de parcare destinate persoanelor cu handicap, marcate \u0219i semnalizate prin semn interna\u021bional, \u00een parcarea situat\u0103 l\u00e2ng\u0103 re\u0219edin\u021ba persoanei cu dizabilit\u0103\u021bi, pe care aceasta le poate folosi gratuit, \u00een baza cardului-legitima\u021bie de parcare pentru persoane cu handicap acordat conform Legii nr. 448\/2006.<\/p>\n<p>\u00cen urma comunic\u0103rii r\u0103spunsului autorit\u0103\u021bii, Asocia\u021bia a adus clarific\u0103ri suplimentare cu privire la locurile de parcare destinate persoanelor cu dizabilit\u0103\u021bi amenajate de primarul municipiului Constan\u021ba. \u00cen acest sens, a subliniat c\u0103, la aceea\u0219i adres\u0103, mai sunt alte patru persoane cu handicap care au nevoie de loc de parcare cu titlu gratuit \u0219i care folosesc, \u00een baza cardurilor-legitima\u021bie, cele dou\u0103 locuri de parcare amenajate de prim\u0103rie ca urmare a solicit\u0103rii beneficiarului Asocia\u021biei.<\/p>\n<p>Fa\u021b\u0103 de aspectele aduse la cuno\u0219tin\u021b\u0103, am revenit la primarul municipiului Constan\u021ba, supun\u00e2ndu-i aten\u021biei faptul c\u0103, \u00een acest context, persoanei cu dizabilit\u0103\u021bi nu \u00eei este asigurat locul de parcare solicitat \u0219i necesar, fiind \u00eenc\u0103lcate prevederile art. 65 alin. (5) al Legii nr. 448\/2006. Dat\u0103 fiind pozi\u021bia autorit\u0103\u021bii publice locale de a-\u0219i men\u021bine sus\u021binerilor anterioare, Avocatul Poporului a adresat primarului municipiului Constan\u021ba Recomandarea nr. 110\/31 iulie 2023, prin care a recomandat atribuirea unui loc de parcare gratuit pentru persoana cu handicap, \u00een conformitate cu 65 alin. (5) din Legea nr. 448\/2006.<\/p>\n<p>\u00cen r\u0103spunsul la Recomandare, primarul ne informeaz\u0103 c\u0103, referitor la interpretarea \u0219i aplicarea art. 65 alin. (5), se afl\u0103 \u00een litigiu cu Agen\u021bia Jude\u021bean\u0103 pentru Pl\u0103\u021bi \u0219i Inspec\u021bie Social\u0103 Constan\u021ba, astfel c\u0103 \u00ee\u0219i men\u021bine punctul de vedere p\u00e2n\u0103 la \u201er\u0103m\u00e2nerea definitiv\u0103 \u0219i irevocabil\u0103 a cauzei\u201d. Instan\u021ba s-a pronun\u021bat pe fond, procesul fiind pierdut \u00een prim\u0103 instan\u021b\u0103 de primarul municipiului Constan\u021ba, procedura judiciar\u0103 continu\u00e2nd \u00een calea de atac. <\/p>\n<\/div>\n<\/div>\n\n\n<div class=\"sp-wrap sp-wrap-default\">\n<div class=\"sp-head\" title=\"Expand\">\nDosar nr. 11703\/2023 (rezumat) \u00cen luna aprilie 2023, institu\u021bia Avocatul Poporului s-a sesizat din oficiu cu privire la situa\u021bia monitoriz\u0103rii respect\u0103rii drepturilor persoanelor cu dizabilit\u0103\u021bilor de c\u0103tre reprezentan\u021bii societ\u0103\u021bii civile, plec\u00e2nd de la \u0219tirile ap\u0103rute \u00een spa\u021biul public, potrivit c\u0103rora Ministerul Muncii \u0219i Solidarit\u0103\u021bii Sociale a denun\u021bat acordul de colaborare cu Centrul de Resurse Juridice-CRJ, organiza\u021bie nonguvernamental\u0103 care scosese la lumin\u0103 o serie de \u00eenc\u0103lc\u0103ri grave ale drepturilor celor din sistemul de protec\u021bie special\u0103, iar monitorizarea pe viitor a centrelor publice \u0219i private \u00een care se afl\u0103 astfel de persoane vulnerabile risca s\u0103 fie grav afectat\u0103\n<\/div>\n<div class=\"sp-body folded\">\n<p> Av\u00e2nd \u00een vedere c\u0103 monitoriz\u0103rile independente din partea societ\u0103\u021bii civile, at\u00e2t centrele publice, c\u00e2t \u0219i cele private, sunt \u00eentemeiate pe Conven\u021bia ONU privind drepturile persoanelor cu dizabilit\u0103\u021bi, Avocatul Poporului s-a adresat ministrului muncii \u0219i securit\u0103\u021bii sociale, solicit\u00e2ndu-i informa\u021bii cu privire la termenii \u00een care Ministerul Muncii \u0219i Securit\u0103\u021bii Sociale \u00een\u021belege s\u0103 colaboreze, pe viitor, cu organiza\u021biile neguvernamentale, pentru a permite monitorizarea independent\u0103 a respect\u0103rii drepturilor omului, de reprezentan\u021bii societ\u0103\u021bii civile.<\/p>\n<p>Ministerul Muncii \u0219i Securit\u0103\u021bii Sociale &#8211; ANPDPD ne-a r\u0103spuns c\u0103 cel mai potrivit s\u0103 desf\u0103\u0219oare o activitate de monitorizare independent\u0103 a respect\u0103rii drepturilor persoanelor cu dizabilit\u0103\u021bi ar fi <em>Consiliul de Monitorizare a Implement\u0103rii Conven\u021biei<\/em>, autoritate administrativ\u0103 autonom\u0103, care a fost \u00eenfiin\u021bat\u0103 \u0219i func\u021bioneaz\u0103 potrivit prevederilor Legii nr. 8\/2016 privind \u00eenfiin\u021barea mecanismelor prev\u0103zute de Conven\u021bia privind drepturile persoanelor cu dizabilit\u0103\u021bi, \u00een vederea promov\u0103rii, protec\u021biei \u0219i monitoriz\u0103rii implement\u0103rii Conven\u021biei.<\/p>\n<p>Avocatul Poporului a apreciat \u00eens\u0103 c\u0103, prin punctul de vedere exprimat, autoritatea nu \u00eencurajeaz\u0103 o participare nemijlocit\u0103 a ONG-urilor la procesul de monitorizarea, ci una mediat\u0103, care ar depinde de modul cum se exercit\u0103 atribu\u021biile Consiliului de Monitorizare a implement\u0103rii Conven\u021biei \u0219i a adresat ministrului muncii \u0219i solidarit\u0103\u021bii sociale Recomandarea nr. 101\/11 iulie 2023, prin care \u00eei solicita s\u0103 dispun\u0103 m\u0103suri de natur\u0103 s\u0103 asigure o implicare nemijlocit\u0103 a societ\u0103\u021bii civile \u00een monitorizarea situa\u021biei respect\u0103rii drepturilor omului \u00een centrele, publice \u0219i private, destinate persoanelor vulnerabile.<\/p>\n<p>Recomandarea a fost reiterat\u0103 cu prilejul particip\u0103rii la discu\u021biile purtate \u00een Grupul de lucru organizat de Ministerul Muncii \u0219i Solidarit\u0103\u021bii Sociale pe marginea Proiectului de lege pentru modificarea \u0219i completarea unor acte normative \u00een domeniul asisten\u021bei sociale.\u00a0 Ministerul Muncii \u0219i Solidarit\u0103\u021bii Sociale ne-a trimis forma final\u0103 a Proiectului, subliniind c\u0103 proiectul de lege \u201ea fost ref\u0103cut conform observa\u021biilor \u0219i propunerilor comunicate\u201d de institu\u021bia Avocatul Poporului.\u201d\u00a0<\/p>\n<\/div>\n<\/div>\n\n\n<div class=\"sp-wrap sp-wrap-default\">\n<div class=\"sp-head\" title=\"Expand\">\nDosar nr. 9034\/2023 (rezumat) - \u00cen urma Recomand\u0103rii Avocatului Poporului, petentului - pensionar pe caz de invaliditate din 2013 \u0219i pentru limit\u0103 de v\u00e2rst\u0103, din 2019- care solicitase, \u00een urm\u0103 cu un an, recalcularea drepturilor sale de pensie, i-a fost solu\u021bionat\u0103 cererea, drepturile de pensie recalculate fiindu-i acordate \u00eencep\u00e2nd cu luna urm\u0103toare depunerii cererii, respectiv cu 1 mai 2022. Peti\u021bionarul, domiciliat \u00een jude\u021bul Gorj, se deplasase, \u00een mai multe r\u00e2nduri, la sediul casei jude\u021bene de pensii, pentru a cere l\u0103muriri cu privire la \u00eent\u00e2rzierea solu\u021bion\u0103rii cererilor sale, dar fusese am\u00e2nat, cer\u00e2ndu-i-se s\u0103 aib\u0103 r\u0103bdare. Dup\u0103 dep\u0103\u0219irea unui an de a\u0219teptare, acesta a cerut sprijin Avocatului Poporului.\n<\/div>\n<div class=\"sp-body folded\">\n<p>Conducerea casei jude\u021bene de pensii a r\u0103spuns demersurilor institu\u021biei Avocatul Poporului ar\u0103t\u00e2nd c\u0103 problemele privind recalcularea pensiilor sunt cauzate de num\u0103rul mare de cereri de recalculare \u00een baza prevederilor Legii nr. 74\/2022 \u0219i a specificului jude\u021bului Gorj care este un jude\u021b monoindustrial, cu o economie bazat\u0103 preponderent pe extrac\u021bia c\u0103rbunelui \u0219i producerea de energie electric\u0103. Totodat\u0103, a men\u021bionat c\u0103 exist\u0103 o preocupare permanent\u0103 pentru solu\u021bionarea c\u00e2t mai rapid\u0103 a celor sesizate, f\u0103r\u0103 a indica \u00eens\u0103 niciun interval de timp, p\u00e2n\u0103 la care va fi solu\u021bionat\u0103 cererea de recalculare a pensiei peti\u021bionarului.<br \/>\nAnaliz\u00e2nd r\u0103spunsul autorit\u0103\u021bii prin prisma principiului european al bunei administr\u0103ri, raportat la dreptul fundamental de peti\u021bionare, garantat de art. 51 din Constitu\u021bie \u0219i la dreptul la pensie garantat de art. 47 alin. (2), Avocatul Poporului a apreciat c\u0103 durata de peste un an de la data depunerii cererii de recalculare a pensiei, f\u0103r\u0103 ca aceasta s\u0103 fie solu\u021bionat\u0103, nu constituie un termen rezonabil de \u00eent\u00e2rziere \u00een procesarea cererilor, indiferent de natura impedimentelor care l-ar fi determinat, o atare \u00eent\u00e2rziere aduc\u00e2nd o v\u0103t\u0103mare a intereselor persoanei \u00eendrept\u0103\u021bite la recalcularea pensiei \u0219i a adresat conducerii casei jude\u021bene de pensii Recomandarea nr. 90\/14 iunie 2023, solicit\u00e2nd s\u0103 fie luate m\u0103surile necesare solu\u021bion\u0103rii cererii petentului \u00eentr-un termen c\u00e2t mai scurt \u0219i acceler\u0103rii solu\u021bion\u0103rii dosarelor de recalculare a pensiilor din jude\u021bul Gorj.<br \/>\nRecomandarea s-a bazat pe considerentele c\u0103 depunerea de diligen\u021be din partea autorit\u0103\u021bilor statului, pentru eliminarea disfunc\u021biilor tehnice care duc la \u00eent\u00e2rzieri \u00een solu\u021bionarea dosarelor de recalculare a pensiei, nu este suficient\u0103 \u00een absen\u021ba unor m\u0103suri concrete (inclusiv instituirea unui termen rezonabil) care s\u0103 fie comunicate persoanelor al c\u0103ror interes este afectat \u0219i s\u0103 le creeze a\u015fteptarea rezonabil\u0103 c\u0103 vor fi urmate de recalcularea pensiei. Or, am\u00e2narea succesiv\u0103, timp de un an, a pensionarului a creat un climat de incertitudine \u00een privin\u021ba recalcul\u0103rii pensiei acestuia.<br \/>\n\u00cen 12 iulie 2023, ne-a fost comunicat\u0103 \u00eensu\u0219irea Recomand\u0103rii Avocatului Poporului, recalcularea \u0219i acordarea drepturilor de pensie ale petentului, men\u021bion\u00e2ndu-se c\u0103, \u00een vederea acceler\u0103rii recalcul\u0103rii a fost implicat suport informatic extern pentru remedierea erorilor de ordin tehnic \u00eent\u00e2mpinate.<\/p>\n<\/div>\n<\/div>\n\n\n<div class=\"sp-wrap sp-wrap-default\">\n<div class=\"sp-head\" title=\"Expand\">\nDosar nr. 5532\/2023 (rezumat) Avocatul Poporului a intervenit prin demersuri institu\u021bionale pe l\u00e2ng\u0103 o autoritate public\u0103 local\u0103 pentru angajarea petentului ca asistent personal al mamei sale, persoan\u0103 cu handicap grav cu drept de asistent personal\n<\/div>\n<div class=\"sp-body folded\">\n<p> Prim\u0103ria a dat curs op\u021biunii exprimate ini\u021bial de persoana cu handicap, conform legii, aceea de a primi o indemniza\u021bie de \u00eenso\u021bitor, \u00een acest sens fiind emis\u0103 Dispozi\u021bia primarului din data de 10 noiembrie 2022. Apreciind c\u0103 se impunea schimbarea op\u021biunii ini\u021biale, \u00een data de 10 ianuarie 2023, petentul revine la prim\u0103rie, insist\u00e2nd \u00een cererea de angajare ca asistent personal pentru mama sa, dar \u00een r\u0103spunsul autorit\u0103\u021bii se arat\u0103 c\u0103 cererea nu poate fi aprobat\u0103, neput\u00e2ndu-se cumula indemniza\u021bia de \u00eenso\u021bitor cu salariul asistentului personal.<\/p>\n<p>Ulterior acestui r\u0103spuns, petentul a solicitat o audien\u021b\u0103 pentru a se adresa primarului \u0219i a l\u0103muri c\u0103 prin cererea sa nu viza cumularea celor dou\u0103 beneficii, \u00een urma audien\u021bei, primarul fiind de acord c\u0103 se impune angajarea sa ca asistent personal. Totu\u0219i, p\u00e2n\u0103 la momentul c\u00e2nd s-a pl\u00e2ns institu\u021biei Avocatul Poporului, acest lucru nu se \u00eent\u00e2mplase.<\/p>\n<p>\u00cen considerarea celor de mai sus, Avocatul Poporului s-a adresat primarului, iar autoritatea a r\u0103spuns privitor la cererea petentului ar\u0103t\u00e2nd c\u0103 <em>\u201e\u00een cadrul discu\u021biilor avute cu petentul la sediul prim\u0103riei i s-a explicat faptul c\u0103 drepturile au fost stabilite \u00een concordan\u021b\u0103 cu prevederile legale aplicabile \u00een urma analizei documenta\u021biei depuse\u201d<\/em>.<\/p>\n<p>Analiz\u00e2nd prevederile legale \u00een materie, raportat la solicitarea petentului \u0219i la r\u0103spunsul autorit\u0103\u021bii, Avocatul Poporului a apreciat c\u0103 autoritatea public\u0103 local\u0103 nu a depus suficiente eforturi pentru a asigura respectarea dreptului la asistent personal al persoanei cu dizabilit\u0103\u021bi.<\/p>\n<p><strong>Dreptul la asistent personal al persoanei \u00eencadrate \u00een grad de handicap grav, exercitat <em>expressis verbis<\/em>, printr-o cerere de angajare a unui asistent personal \u00een cadrul prim\u0103riei, nu poate fi nesocotit de autoritatea public\u0103 local\u0103 pe considerente ce \u021bin de neclaritatea cererii sau de faptul c\u0103 dosarul e incomplet, dac\u0103 petentul nu a fost \u00eendrumat corespunz\u0103tor, \u00een sensul legii<\/strong>. Chiar dac\u0103 ar fi existat o confuzie a solicitantului cu privire la posibilitatea p\u0103str\u0103rii indemniza\u021biei lunare acordate \u00een urma op\u021biunii ini\u021biale, autoritatea era obligat\u0103 s\u0103 clarifice ne\u00eent\u00e2rziat cu petentul acest aspect, pe \u00een\u021belesul s\u0103u, pentru a se asigura c\u0103 respect\u0103 dreptul recunoscut persoanei prin cea mai grav\u0103 \u00eencadrare \u00een grad de handicap, aceea de: handicap grav cu drept de asistent personal.<\/p>\n<p>Legea nu prevede c\u0103 op\u021biunea ini\u021bial\u0103 a persoanei cu handicap grav cu drept de asistent personal, \u00eentre asistent personal \u0219i indemniza\u021bie, nu poate fi schimbat\u0103 atunci c\u00e2nd se impune. O altfel de interpretare a prevederilor Legii nr. 448\/2006 ar fi contrar\u0103 principiilor ce guverneaz\u0103 materia protec\u021biei drepturilor persoanelor cu handicap, \u00eendeosebi a celor privind \u201einteresul persoanei cu handicap\u201d \u0219i \u201elibertatea op\u0163iunii, a controlului sau\/\u015fi a deciziei asupra propriei vie\u0163i, a serviciilor \u015fi formelor de sprijin de care beneficiaz\u0103\u201d, prev\u0103zute de art. 3 lit i) \u0219i l) din Legea nr. 448\/2006. Mai mult, ar nesocoti \u00eens\u0103\u0219i finalitatea acestei legi al c\u0103rei scop declarat este acela de a promova \u015fi garanta drepturile persoanei cu handicap, stabilite \u00een concordan\u0163\u0103 cu prevederile Cartei sociale europene revizuite, adoptat\u0103 la Strasbourg la 3 mai 1996, ratificat\u0103 prin Legea nr. 74\/1999, precum \u015fi cu celelalte acte interne \u015fi interna\u0163ionale \u00een materie la care Rom\u00e2nia este parte.<\/p>\n<p>Pentru toate aceste considerente, Avocatul Poporului a adresat Recomandarea nr. 79\/31 mai 2023, solicit\u00e2nd reanalizarea cazului \u0219i dispunerea m\u0103surile legale necesare angaj\u0103rii petentului ca asistent personal al persoanei cu handicap grav cu drept de asistent personal.<\/p>\n<p>\u00cen urma recomand\u0103rii, autoritatea public\u0103 local\u0103 ne-a trimis, spre \u0219tiin\u021b\u0103, adresa \u00eenregistrat\u0103 la institu\u021bia Avocatul Poporului sub nr. 20321\/24 iulie 2023, prin care arat\u0103 c\u0103 <strong>a reanalizat cazul \u0219i a dispus m\u0103suri legale de \u00eendrumare la completarea dosarului de c\u0103tre petent, \u00een vederea angaj\u0103rii sale ca asistent personal al persoanei cu handicap grav cu drept de asistent personal.\u00a0<\/strong><\/p>\n<\/div>\n<\/div>\n\n\n<div class=\"sp-wrap sp-wrap-default\">\n<div class=\"sp-head\" title=\"Expand\">\nDosar nr. 4984\/2023 (rezumat) Institu\u021bia Avocatul Poporului a solu\u021bionat dosarul 4984\/2023, privind prioritatea persoanei cu dizabilit\u0103\u021bi la ob\u021binerea unui loc de parcare de re\u0219edin\u021b\u0103 gratuit, prin adresarea unei Recomand\u0103ri, avute \u00een vedere de autoritatea public\u0103 local\u0103, care a alocat un loc de parcare de re\u0219edin\u021b\u0103 petentului.\n<\/div>\n<div class=\"sp-body folded\">\n<p> Petentul, persoan\u0103 \u00eencadrat\u0103 \u00een grad de handicap grav, permanent, domiciliat \u00een Municipiul Ia\u0219i, se adresase \u00een mod repetat prim\u0103riei, \u00eencep\u00e2nd cu luna mai 2020, solicit\u00e2nd un loc de parcare de re\u0219edin\u021b\u0103 pentru persoane cu handicap, dar i se r\u0103spunsese c\u0103 \u201enu exist\u0103 locuri libere \u00een parcare\u201d. Locul de parcare \u00eei era absolut necesar, \u00eentruc\u00e2t se deplasa cu autoturismul c\u0103tre centrul de dializ\u0103, de 3 ori pe s\u0103pt\u0103m\u00e2n\u0103, iar la ora 21:00, atunci c\u00e2nd revenea la domiciliu, dup\u0103 tratament, nu mai g\u0103sea loc de parcare.<br \/>\nInstitu\u021bia Avocatul Poporului s-a adresat conducerii Prim\u0103riei Ia\u0219i, supun\u00e2nd aten\u0163iei primarului situa\u0163ia prezentat\u0103 de petent \u0219i solicit\u00e2nd informa\u021bii privind m\u0103surile care au fost \u00eentreprinse \u00een caz.<br \/>\nPrin adresa nr. 10348\/10.04.2023, autoritatea ne r\u0103spunde c\u0103, dup\u0103 cum i s-a comunicat \u0219i petentului, s-au efectuat verific\u0103ri \u0219i nu sunt locuri de parcare disponibile.<br \/>\nAvocatul Poporului a adresat primarului Municipiului Ia\u0219i Recomandarea nr. 59\/2023, prin care i se propunea reanalizarea cazului, raportat la nevoia petentului persoan\u0103 cu handicap grav \u0219i \u021bin\u00e2nd cont c\u0103 persoana cu handicap are dreptul prioritar la un loc de parcare de re\u0219edin\u021b\u0103, fa\u021b\u0103 de o persoan\u0103 f\u0103r\u0103 handicap care locuie\u0219te la aceea\u0219i adres\u0103 \u0219i i se solicita s\u0103-i fie atribuit un loc de parcare petentului.<br \/>\nRecomandarea s-a bazat pe considerentele c\u0103 o autoritate public\u0103 local\u0103 trebuie s\u0103 dea prioritate cererii persoanei cu handicap grav, c\u0103ut\u00e2nd m\u0103suri alternative, de tipul celor care se iau c\u00e2nd o persoan\u0103 \u00ee\u0219i pierde dreptul de utilizare a locului de parcare: \u00een urma autoriz\u0103rii execut\u0103rii unor lucr\u0103ri publice \u00een zon\u0103\/ \u00een urma atribuirii unei alte destina\u021bii a parc\u0103rii\/\u00een urma reconfigur\u0103rii parc\u0103rii \u0219i reducerii num\u0103rului locurilor de parcare\/\u00een urma oblig\u0103rii Administratorului s\u0103 pun\u0103 \u00een posesie un alt utilizator, prin hot\u0103r\u00e2re judec\u0103toreasc\u0103, fiind deci de a\u0219teptat s\u0103 depun\u0103 toate diligen\u021bele pentru a solu\u021biona astfel de cereri.<br \/>\n\u00cen urma Recomand\u0103rii Avocatului Poporului, primarul Municipiului Ia\u0219i ne-a asigurat c\u0103 \u201eacord\u0103 o aten\u021bie deosebit\u0103 nevoilor persoanelor cu handicap\u201d, \u201esolicit\u0103rile acestora fiind onorate cu respectarea tuturor prevederilor legale \u00een vigoare incidente, \u00een cel mai scurt timp posibil \u0219i cu acordarea priorit\u0103\u021bii conferit\u0103 de lege\u201d \u0219i ne-a informat c\u0103, \u00eencep\u00e2nd cu 1 mai 2023, a intervenit \u00eencetarea contractului prin care era alocat locul de parcare nr. 1 din parcarea de re\u0219edin\u021b\u0103 cea mai apropiat\u0103 de domiciliul petentului \u0219i locul de parcare eliberat \u00eei va fi atribuit persoanei cu dizabilit\u0103\u021bi. <\/p>\n<\/div>\n<\/div>\n\n<p>&nbsp;<\/p>\n<p>&nbsp;<\/p>\n<p><span style=\"color: #ff0000;\"><em><strong>2022<\/strong><\/em><\/span><\/p>\n\n<div class=\"sp-wrap sp-wrap-default\">\n<div class=\"sp-head\" title=\"Expand\">\nDosar nr. 31946\/2022 (rezumat) - Petenta ne-a sesizat \u00een leg\u0103tur\u0103 cu o posibil\u0103 \u00eenc\u0103lcare a dreptului la un nivel de trai decent, dreptului de peti\u021bionare \u015fi a dreptului persoanei v\u0103t\u0103mate de o autoritate public\u0103, prev\u0103zute de art. 47, 51 \u015fi 52 din Constitu\u0163ia Rom\u00e2niei, de Casa Local\u0103 de Pensii Sector 1\n<\/div>\n<div class=\"sp-body folded\">\n<p> \u00cen fapt, petenta reclam\u0103 faptul c\u0103 \u00een urma schimb\u0103rii domiciliului din Sectorul 6, \u00een Sectorul 1, nu a mai primit tichetele de c\u0103l\u0103torie gratuite pe calea ferat\u0103, de\u0219i prime\u0219te \u00een mod regulat \u0219i foarte corect pensia la noul domiciliu. Men\u021bioneaz\u0103 c\u0103 s-a adresat \u00een acest sens Casei Locale de Pensii Sector 1, f\u0103r\u0103 a primi r\u0103spuns \u00een termen legal.<\/p>\n<p>Prin adresa nr. 31946 din 20 decembrie 2022, ne-am adresat domnului director executiv al Casei Locale de Pensii a Sectorului 1 Bucure\u0219ti, solicit\u00e2ndu-i s\u0103 dispun\u0103 m\u0103surile necesare clarific\u0103rii situa\u021biei respective \u0219i s\u0103 ne comunice solu\u021bia adoptat\u0103 \u00een acest caz.<\/p>\n<p>Am retransmis, prin adresa nr. 31946 din 10 februarie 2023 punctul nostru de vedere c\u0103tre Casa Local\u0103 de Pensii a Sectorului 1 Bucure\u0219ti, av\u00e2nd \u00een vedere dep\u0103\u0219irea termenului legal de solu\u021bionare, rug\u00e2nd conducerea respectivei autorit\u0103\u021bi s\u0103 dispun\u0103 urgentarea adopt\u0103rii unei solu\u021bii legale, demers r\u0103mas f\u0103r\u0103 rezultat.<\/p>\n<p>Am constatat faptul c\u0103 petentei nu i s-a comunicat un r\u0103spuns \u00een termenul legal. Petentei nu i-a fost respectat dreptul de peti\u0163ionare coroborat cu dreptul persoanei v\u0103t\u0103mate de o autoritate public\u0103 \u015fi dreptul la un nivel de trai decent.<\/p>\n<p>\u00cen atare situa\u021bie, Avocatul Poporului a emis Recomandarea nr. 37 din 30 martie 2023, prin care solicita conducerii Casei Locale de Pensii a Sectorului 1 s\u0103 dispun\u0103 m\u0103surile legale \u00een solu\u021bion\u0103rii cu celeritate a cererii petentei.<\/p>\n<p>Urmare demersurilor noastre, la data de 4 mai 2023, am primit de la Casa Local\u0103 de Pensii a Sectorului 1 un r\u0103spuns prin care ni se comunica faptul c\u0103 petenta beneficiaz\u0103 de taloanele de c\u0103l\u0103torie gratuite emise \u00een baza Decretului-lege nr. 118\/1990 privind acordarea unor drepturi persoanelor persecutate din motive politice de dictatura instaurat\u0103 cu \u00eencepere de la 6 martie 1945, precum \u0219i celor deportate \u00een str\u0103in\u0103tate ori constituite \u00een prizonieri \u0219i conform prevederilor legale din Legea nr. 147\/2000 privind reducerile acordate pensionarilor pentru transportul intern, cu modific\u0103rile \u0219i complet\u0103rile ulterioare, nu are dreptul \u0219i la 6 c\u0103l\u0103torii simple cu reducere de 50% din tariful stabilit pentru c\u0103l\u0103toriile pe calea ferat\u0103 cu trenuri regio R \u0219i trenuri interregio IR f\u0103r\u0103 regim de rezervare clasa a II-a, cu mijloace auto sau cu navele de c\u0103l\u0103tori clasa a II-a, la transportul intern \u00een comun, \u00eentre localit\u0103\u021bi.<\/p>\n<\/div>\n<\/div>\n\n\n<div class=\"sp-wrap sp-wrap-default\">\n<div class=\"sp-head\" title=\"Expand\">\nDosar nr. 28572\/2022 (rezumat) - \u00cen luna noiembrie 2022, institu\u021bia Avocatul Poporului s-a sesizat din oficiu cu privire la soma\u021bia adresat\u0103 de M.A.I. unei mame (asistent personal al persoanei adulte cu handicap grav) \u0219i celor doi copii ai ei- tineri adul\u021bi cu handicap grav, cu drept de asistent personal- privind plata repara\u0163iei ma\u015finii care l-a accidentat mortal pe so\u0163ul femeii.\n<\/div>\n<div class=\"sp-body folded\">\n<p>Ma\u0219ina implicat\u0103 \u00een accident, marca Audi, a fost reparat\u0103 la service-ul S.C. Porsche Inter Auto Rom\u00e2nia, iar pentru prejudiciul creat patrimoniului institu\u0163iei, Ministerul Afacerilor Interne -prin Direc\u021bia Asigurare Logistic\u0103 Integrat\u0103- i-a notificat pe fiecare dintre cei 3 membri ai familiei, som\u00e2ndu-i s\u0103 pl\u0103teasc\u0103 un debit const\u00e2nd \u00een: costul repara\u021biei, \u00een cuantum de 29.600 de lei, la care se ad\u0103uga dob\u00e2nda legal\u0103, de la momentul achit\u0103rii repara\u021biei de minister, p\u00e2n\u0103 la data achit\u0103rii integrale a sumei, suma urm\u00e2nd a fi actualizat\u0103 cu rata infla\u021biei.<\/p>\n<p>Av\u00e2nd \u00een vedere atribu\u021biile Direc\u021biei Generale Juridice a Ministerului Afacerilor Interne privind coordonarea, controlul \u015fi monitorizarea activit\u0103\u0163ilor referitoare la respectarea drepturilor omului \u015fi normelor dreptului umanitar \u00een \u015fi de c\u0103tre unit\u0103\u0163ile din aparatul central, institu\u0163iile \u015fi structurile aflate \u00een subordinea M.A.I. \u0219i apreciind c\u0103 indemniza\u021biile persoanelor cu handicap au destina\u0163ie special\u0103 \u0219i nu pot fi urm\u0103rite pentru niciun fel de datorii, Avocatul Poporului a solicitat verificarea acestei situa\u021bii \u0219i reevaluarea m\u0103surilor dispuse, astfel \u00eenc\u00e2t s\u0103 nu fie afectat\u0103 familia cu venituri modeste, din care se \u00eentre\u021bin dou\u0103 persoane cu handicap grav cu drept de asistent personal \u0219i mama lor, care \u00eei \u00eengrije\u0219te, \u00een calitate de unic p\u0103rinte \u0219i de asistent personal al unei persoane cu handicap grav.<\/p>\n<p>Conducerea Direc\u021biei Generale Juridice a M.A.I. ne-a r\u0103spuns, inform\u00e2ndu-ne c\u0103, la momentul formul\u0103rii notific\u0103rii, nu a fost cunoscut\u0103 situa\u021bia familiei debitorului, M.A.I. lu\u00e2nd act despre aceasta din adresa trimis\u0103 de institu\u021bia Avocatul Poporului, \u00een cadrul sesiz\u0103rii din oficiu \u0219i, \u00een considerarea celor sesizate, \u201e<em>defunctul (so\u021bul femeii) nu mai figureaz\u0103 cu debit \u00eenregistrat \u00een eviden\u021ba contabil\u0103 a Direc\u021biei Asigurare Logistic\u0103 Integrat\u0103<\/em>\u201d.<\/p>\n<\/div>\n<\/div>\n\n\n<div class=\"sp-wrap sp-wrap-default\">\n<div class=\"sp-head\" title=\"Expand\">\nDosar nr. 21812\/2022 (rezumat) - Petenta ne-a sesizat \u00een leg\u0103tur\u0103 cu o posibil\u0103 \u00eenc\u0103lcare a dreptului de peti\u0163ionare \u015fi a dreptului persoanei v\u0103t\u0103mate de o autoritate public\u0103, prev\u0103zute de art. 51 \u015fi 52 din Constitu\u0163ia Rom\u00e2niei, de c\u0103tre Casa de Pensii a Municipiului Bucure\u0219ti\n<\/div>\n<div class=\"sp-body folded\">\n<p>\u00cen fapt, petenta reclama faptul c\u0103 nu i s-a r\u0103spuns la cererea adresat\u0103 Casei de Pensii a Municipiului Bucure\u0219ti, la data de 6 iulie 2022.<\/p>\n<p>Prin adresa nr. 21812 din 6 septembrie 2022, ne-am adresat conducerii Casei de Pensii a Municipiului Bucure\u0219ti, solicit\u00e2ndu-i s\u0103 dispun\u0103 m\u0103surile necesare clarific\u0103rii situa\u021biei respective \u0219i s\u0103 ne comunice solu\u021bia adoptat\u0103 \u00een acest caz. Am retransmis, prin adresa nr. 21812 din 6 decembrie 2022, punctul nostru de vedere Casei de Pensii a Municipiului Bucure\u0219ti, care consta \u00een faptul c\u0103 socotim c\u0103 o dep\u0103\u0219ire a termenului legal de solu\u021bionare este nejustificat\u0103, rug\u00e2nd conducerea respectivei autorit\u0103\u021bi s\u0103 dispun\u0103 urgentarea adopt\u0103rii unei solu\u021bii legale, demers r\u0103mas f\u0103r\u0103 rezultat.<\/p>\n<p>Am constatat faptul c\u0103 petentei nu i s-a comunicat un r\u0103spuns \u00een termenul legal.<\/p>\n<p>Petentei nu i-a fost respectat dreptul de peti\u0163ionare, coroborat cu dreptul persoanei v\u0103t\u0103mate de o autoritate public\u0103 \u0219i dreptul la un nivel de trai decent.<\/p>\n<p>\u00cen atare situa\u021bie, Avocatul Poporului a emis Recomandarea nr. 9 din 1 februarie 2023, prin care solicita directorului executiv al Casei de Pensii a Municipiului Bucure\u0219ti s\u0103 dispun\u0103 m\u0103surile legale \u00een vederea elimin\u0103rii oric\u0103ror tergivers\u0103ri \u00een solu\u0163ionarea peti\u0163iilor, \u00een conformitate cu dispozi\u0163iile Legii nr. 263 din 2010, privind sistemul unitar de pensii publice.<\/p>\n<p>Urmare demersurilor noastre, la data de 7 martie 2023, am primit de la Casa de Pensii a Municipiului Bucure\u0219ti un r\u0103spuns prin care ni se comunica faptul c\u0103 au fost dispuse m\u0103suri, at\u00e2t pentru respectarea termenului de emitere a deciziei de pensie, precum \u0219i a termenelor de solu\u021bionare a peti\u021biilor, conform Ordonan\u021bei Guvernului nr. 27\/2002.<\/p>\n<\/div>\n<\/div>\n\n\n<div class=\"sp-wrap sp-wrap-default\">\n<div class=\"sp-head\" title=\"Expand\">\nDosar nr. 14986\/2022 (rezumat)-Avocatul Poporului a suspus aten\u021biei ministrului Muncii \u0219i Protec\u021biei Sociale situa\u021bia persoanelor cu handicap grav neangajabile, care nu pot primi nici pensie, pe motiv c\u0103 nu au avut contributivitate, fiind nevoite s\u0103 tr\u0103iasc\u0103 doar din 526 de lei reprezent\u00e2nd presta\u021bia social\u0103 lunar\u0103 \u0219i bugetul personal complementar \n<\/div>\n<div class=\"sp-body folded\">\n<p> \u00cen considerarea acestei realit\u0103\u021bi, Avocatul Poporului i-a solicitat ministrului s\u0103 nu \u201elase \u00een urm\u0103\u201d aceste persoane \u0219i s\u0103 dispun\u0103 m\u0103suri de corectare a cadrului legal astfel \u00eenc\u00e2t acestei categorii sociale s\u0103 i se \u00eembun\u0103t\u0103\u021beasc\u0103 nivelul de trai, cu respectarea art. 47 din Constitu\u021bia Rom\u00e2niei -privind nivelul de trai \u0219i 50-privind protec\u021bia persoanelor cu handicap.<br \/>\nSitua\u021bia i-a fost reclamat\u0103 Avocatului Poporului de un petent, a c\u0103rei fiic\u0103 -adult\u0103 acum- fusese n\u0103scut\u0103 cu autism \u0219i \u00eencadrat\u0103 \u00een grad de handicap (psihic) grav cu drept de asistent personal (de care a beneficiat continuu, de la na\u0219tere, pentru c\u0103 nu poate s\u0103 se \u00eengrijeasc\u0103 singur\u0103). Petentul se pl\u00e2ngea de faptul c\u0103 fiica sa tr\u0103ie\u0219te, ca adult, doar din indemniza\u021bia lunar\u0103 de handicap \u0219i din venitul complementar lunar \u0219i ar\u0103ta c\u0103 familiile acestor copii cu handicap grav \u0219i asistent personal, deveni\u021bi adul\u021bi, sunt \u00eengrijorate cu privire la viitorul lor, dup\u0103 ce p\u0103rin\u021bii nu le vor mai fi al\u0103turi.<br \/>\nPrin adresa \u00eenregistrat\u0103 la institu\u021bia Avocatul Poporului sub nr. 20839\/24.08.2022, Ministerul Muncii \u0219i Protec\u021biei Sociale ne r\u0103spunde prin Autoritatea Na\u021bional\u0103 pentru Protec\u021bia Persoanelor cu Dizabilit\u0103\u021bi confirm\u00e2nd c\u0103 presta\u021bia social\u0103 lunar\u0103 \u0219i bugetul personal complementar nu au fost destinate pentru asigurarea traiului zilnic \u0219i nu pot sus\u021bine cheltuielile necesare unui trai decent, motiv pentru care cre\u0219terea veniturilor persoanelor cu dizabilit\u0103\u021bi care au fost nevoite s\u0103 tr\u0103iasc\u0103 doar din aceste sume constituie o prioritate.<br \/>\nAstfel, am fost informa\u021bi c\u0103, av\u00e2nd \u00een vedere proiectul de reform\u0103 \u00een domeniul asisten\u021bei sociale desf\u0103\u0219urat la nivelul Ministerului Muncii \u0219i Solidarit\u0103\u021bii Sociale care vizeaz\u0103, printre altele, introducerea venitului minim de incluziune, ca beneficiu de asisten\u021b\u0103 social\u0103, ANPDPD a efectuat demersuri pentru ca noul cadru legislativ s\u0103 permit\u0103 eligibilitatea persoanelor cu dizabilit\u0103\u021bi care nu realizeaz\u0103 venituri din alte surse, cu excep\u021bia indemniza\u021biei lunare \u0219i a bugetului personal complementar. <\/p>\n<\/div>\n<\/div>\n\n\n<div class=\"sp-wrap sp-wrap-default\">\n<div class=\"sp-head\" title=\"Expand\">\nDosar nr. 12572\/2022 (rezumat) - Avocatul Poporului a ob\u021binut m\u0103suri compensatorii pentru cele 114 familii cu probleme sociale care au primit reparti\u021bii \u00eentr-un bloc de locuin\u021be sociale aflat \u00een construc\u021bii, situat \u00een Bucure\u0219ti, str. Prelungirea Ghencea nr. 322-326. \n<\/div>\n<div class=\"sp-body folded\">\n<p> \u00cen leg\u0103tur\u0103 cu acest caz, institu\u021bia Avocatul Poporului intervenise, \u00een 2021, pe l\u00e2ng\u0103 Prim\u0103ria Capitalei, pentru a fi deblocate lucr\u0103rile la imobil. \u00cen 2022, peten\u021bii au cerut din nou sprijinul Avocatului Poporului, \u00eentruc\u00e2t au intervenit noi \u00eent\u00e2rzieri, de natur\u0103 s\u0103 afecteze considerabil termenul de finalizare anterior anun\u021bat de reprezentan\u021bii autorit\u0103\u021bii publice (august 2022), imobilul neput\u00e2nd fi terminat dec\u00e2t \u00een cursul anului 2023.<\/p>\n<p>Fiind al treilea an c\u00e2nd se am\u00e2n\u0103 finalizarea lucr\u0103rilor de construire a imobilului, familiile se aflau \u00een dificultate, dat fiind c\u0103 veniturile mici din care tr\u0103iesc nu le permit s\u0103 sus\u021bin\u0103 \u00eenc\u0103 un an costul chiriilor pe pia\u021ba liber\u0103. \u00cen plus, din cauz\u0103 c\u0103 figurau \u00een eviden\u021bele prim\u0103riei ca av\u00e2nd reparti\u021bie de locuin\u021b\u0103 social\u0103, fuseser\u0103 scoase de pe lista de priorit\u0103\u021bi la ob\u021binerea unei locuin\u021be.<\/p>\n<p>Avocatul Poporului i-a solicitat Primarului General al Capitalei imediata \u00eendep\u0103rtare a v\u0103t\u0103m\u0103rii cauzate de \u00eent\u00e2rzierea nerezonabil\u0103 a finaliz\u0103rii imobilului, astfel \u00eenc\u00e2t cele 114 familii s\u0103 poat\u0103 beneficia, \u00een cursul anului 2022, de locuin\u021ba social\u0103 repartizat\u0103, iar dac\u0103 acest lucru nu este posibil, tuturor familiilor s\u0103 le fie oferite m\u0103suri compensatorii.<\/p>\n<p>\u00cen iulie 2022, Prim\u0103ria General\u0103 a Municipiului Bucure\u0219ti a r\u0103spuns demersurilor Avocatului Poporului, inform\u00e2ndu-ne c\u0103 a dat curs celor solicitate de Avocatul Poporului. Astfel, a fost \u00eenaintat spre aprobarea Consiliului General al Municipiului Bucure\u0219ti Proiectul \u201eSprijin pentru locuin\u021b\u0103\u201d, \u00een baza c\u0103ruia a fost adoptat\u0103 Hot\u0103r\u00e2rea nr. 343\/29.06.2022, potrivit prevederilor c\u0103reia, familiilor care au primit note de atribuire \u00een blocul din Prelungirea Ghencea nr. 322-326 le va fi acordat un sprijin financiar pentru plata chiriilor la pre\u021bul pie\u021bei, dup\u0103 cum urmeaz\u0103: 1250 de lei pentru o unitate locativ\u0103 cu o camer\u0103; 1500 de lei pentru o unitate locativ\u0103 cu dou\u0103 camere; 1750 de lei pentru o unitate locativ\u0103 cu trei camere. <\/p>\n<\/div>\n<\/div>\n\n\n<div class=\"sp-wrap sp-wrap-default\">\n<div class=\"sp-head\" title=\"Expand\">\nDosar nr. 11326\/2022 (rezumat)-Avocatul Poporului a f\u0103cut demersuri institu\u021bionale pe l\u00e2ng\u0103 conducerea Prim\u0103riei Municipiului Br\u0103ila, \u00een leg\u0103tur\u0103 cu dreptul la locuire \u0219i protec\u021bie social\u0103 a unei persoane cu dizabilit\u0103\u021bi, mam\u0103 singur\u0103 cu 3 copii, doi dintre ace\u0219tia minori, care, adres\u00e2ndu-se acestei autorit\u0103\u021bi publice locale pentru a ob\u021bine o locuin\u021b\u0103 social\u0103 \u00een care s\u0103-\u0219i poat\u0103 cre\u0219te copiii, a primit reparti\u021bie \u00eentr-o locuin\u021b\u0103 cu pere\u021bi cr\u0103pa\u021bi, tencuiala c\u0103zut\u0103 \u0219i f\u0103r\u0103 grup sanitar\n<\/div>\n<div class=\"sp-body folded\">\n<p>Peti\u021bionara men\u021biona c\u0103 are o indemniza\u021bie de handicap de 375 lei \u0219i veniturile din care \u00ee\u0219i \u00eentre\u021bine familia nu-i permit s\u0103 contribuie la renovarea spa\u021biului astfel \u00eenc\u00e2t s\u0103 \u00eel fac\u0103 locuibil, din acest motiv locuind cu copiii prin vecini.<br \/>\nInstitu\u021bia Avocatul Poporului a solicitat primarului Municipiului Br\u0103ila s\u0103 dispun\u0103 m\u0103surile necesare asigur\u0103rii unei locuin\u021be sociale corespunz\u0103toare standardelor impuse de legisla\u0163ia \u00een vigoare \u0219i de condi\u021bia petentei (\u00eencadrat\u0103 \u00een grad de handicap), prin aducerea spa\u021biului locativ la parametrii optimi locuirii, iar dac\u0103 acest lucru nu este posibil, s\u0103 \u00eei fie repartizat\u0103 o alt\u0103 locuin\u021b\u0103 social\u0103, \u00een care familia s\u0103 se poat\u0103 muta c\u00e2t mai cur\u00e2nd.<br \/>\n\u00cen urma demersurilor institu\u021biei Avocatul Poporului, Prim\u0103ria Municipiului Br\u0103ila ne-a adus la cuno\u0219tin\u021b\u0103 c\u0103 a \u00eenceput lucr\u0103rile \u00een vederea tencuirii pere\u021bilor \u0219i aducerea spa\u021biului \u00een leg\u0103tur\u0103 cu care s-a pl\u00e2ns petenta, \u00een stare locuibil\u0103.<\/p>\n<\/div>\n<\/div>\n\n\n<div class=\"sp-wrap sp-wrap-default\">\n<div class=\"sp-head\" title=\"Expand\">\nDosar nr. 10740\/2022 (rezumat)-Petentul ne-a sesizat \u00een leg\u0103tur\u0103 cu o posibil\u0103 \u00eenc\u0103lcare a dreptului de peti\u0163ionare \u015fi a dreptului persoanei v\u0103t\u0103mate de o autoritate public\u0103, prev\u0103zute de art. 51 \u015fi 52 din Constitu\u021bia Rom\u00e2niei, de c\u0103tre Casa Na\u021bional\u0103 de Pensii Publice.\n<\/div>\n<div class=\"sp-body folded\">\n<p> \u00cen fapt, petentul reclama faptul c\u0103 nu i s-a r\u0103spuns la cererea adresat\u0103 la data de 28 februarie 2022 la Casei Na\u0163ionale de Pensii Publice.<br \/>\nPrin adresa nr. 10740 din 4 mai 2022, ne-am adresat pre\u0219edintelui Casei Na\u021bionale de Pensii Publice, solicit\u00e2ndu-i s\u0103 dispun\u0103 m\u0103surile necesare clarific\u0103rii situa\u0163iei respective \u015fi s\u0103 ne comunice solu\u0163ia adoptat\u0103 \u00een acest caz.<br \/>\n\u00cen luna august 2022, am retransmis punctul nostru de vedere c\u0103tre Casa Na\u021bional\u0103 de Pensii Publice, care consta \u00een faptul c\u0103 socotim c\u0103 o dep\u0103\u015fire a termenului legal de solu\u0163ionare este nejustificat\u0103, rug\u00e2nd conducerea respectivei autorit\u0103\u021bi s\u0103 dispun\u0103 urgentarea adopt\u0103rii unei solu\u0163ii legale, demers r\u0103mas f\u0103r\u0103 rezultat.<br \/>\nAm constatat faptul c\u0103 petentului nu i s-a comunicat un r\u0103spuns \u00een termenul legal. Petentului nu i-a fost respectat dreptul de peti\u0163ionare coroborat cu dreptul persoanei v\u0103t\u0103mate de o autoritate public\u0103 \u015fi dreptul la un nivel de trai decent.<br \/>\n\u00cen atare situa\u0163ie, Avocatul Poporului a emis Recomandarea nr. 132\/2022, prin care solicita conducerii Casei Na\u021bionale de Pensii Publice s\u0103 dispun\u0103 m\u0103surile legale \u00een vederea elimin\u0103rii oric\u0103ror tergivers\u0103ri \u00een solu\u021bionarea \u00een conformitate cu dispozi\u021biile Legii nr. 263 din 2010, privind sistemul unitar de pensii publice.<br \/>\nUrmare demersurilor noastre, la data de 14 septembrie 2022 am primit de la Casa Na\u021bional\u0103 de Pensii Publice un r\u0103spuns prin care ni se comunica faptul c\u0103 petentul a primit drepturile restante \u015fi curente.<\/p>\n<\/div>\n<\/div>\n\n\n<div class=\"sp-wrap sp-wrap-default\">\n<div class=\"sp-head\" title=\"Expand\">\nDosar nr. 7613\/2022 (rezumat) - Petenta, ne-a sesizat \u00een leg\u0103tur\u0103 cu faptul c\u0103 nu i s-a virat pensia de agricultor, de\u0219i a depus dou\u0103 cereri \u00een acest sens la Casa Local\u0103 de Pensii a Sectorului 1 Bucure\u0219ti.\n<\/div>\n<div class=\"sp-body folded\">\n<p>Ne-am adresat directorului executiv al Casei Locale de Pensii a Sectorului 1 Bucure\u0219ti, solicit\u00e2ndu-i s\u0103 dispun\u0103 m\u0103surile necesare clarific\u0103rii situa\u021biei respective \u0219i s\u0103 ne comunice solu\u021bia adoptat\u0103 \u00een acest caz. Am retransmis punctul nostru de vedere c\u0103tre Casa Local\u0103 de Pensii a Sectorului 1 Bucure\u0219ti, care consta \u00een faptul c\u0103 socotim c\u0103 o dep\u0103\u0219ire a termenului legal de solu\u021bionare este nejustificat\u0103, rug\u00e2nd conducerea respectivei autorit\u0103\u021bi s\u0103 dispun\u0103 urgentarea adopt\u0103rii unei solu\u021bii legale, demers r\u0103mas f\u0103r\u0103 rezultat.<br \/>\nAm constatat faptul c\u0103 petentei nu i s-a comunicat un r\u0103spuns \u00een termenul legal.<br \/>\n\u00cen atare situa\u021bie, Avocatul Poporului a emis Recomandarea nr. 121\/2022, prin care solicita conducerii Casei Locale de Pensii a Sectorului 1 Bucure\u0219ti s\u0103 dispun\u0103 m\u0103surile legale \u00een vederea elimin\u0103rii oric\u0103ror tergivers\u0103ri \u00een solu\u0163ionarea peti\u0163iilor, \u00een conformitate cu dispozi\u0163iile Legii nr. 263 din 2010, privind sistemul unitar de pensii publice.<br \/>\nUrmare demersurilor noastre, la data de 28 iulie 2022, am primit de la Casa Local\u0103 de Pensii a Sectorului 1 Bucure\u0219ti un r\u0103spuns prin care ni se comunica faptul c\u0103 petenta a primit drepturile restante \u0219i curente.<\/p>\n<\/div>\n<\/div>\n\n\n<div class=\"sp-wrap sp-wrap-default\">\n<div class=\"sp-head\" title=\"Expand\">\nDosar nr. 4470\/2022 (rezumat)-Avocatul Poporului s-a implicat institu\u021bional \u00een vederea asigur\u0103rii \u00eengrijirii \u00een sistem reziden\u021bial a unei persoane v\u00e2rstnice, cu dizabilit\u0103\u021bi, aflate \u00een dificultate\n<\/div>\n<div class=\"sp-body folded\">\n<p>Petenta, so\u021bia unui v\u00e2rstnic \u00eencadrat \u00een grad de handicap accentuat, dependent de \u00eengrijire, ambii domicilia\u021bi \u00een sectorul 2 al Capitalei, ne-a semnalat c\u0103 locuie\u0219te \u00eempreun\u0103 cu so\u021bul s\u0103u, imobilizat la pat, c\u0103ruia nu i-a putut g\u0103si un loc \u00eentr-un centru unde s\u0103 primeasc\u0103 \u00eengrijire specializat\u0103, \u00eentruc\u00e2t veniturile lunare se rezum\u0103 la pensia de handicap de 375 de lei \u0219i 250 lei ajutor de la stat. Petenta, ea \u00eens\u0103\u0219i o persoan\u0103 v\u00e2rstnic\u0103, are o stare a s\u0103n\u0103t\u0103\u021bii precar\u0103 (a suferit 10 opera\u021bii) \u0219i se afl\u0103 \u00eentr-o situa\u021bie de dificultate material.<\/p>\n<p>Avocatul Poporului s-a adresat autorit\u0103\u021bii publice locale, solicit\u00e2nd primarului sectorului 2 al Capitalei s\u0103 aprecieze ce m\u0103suri legale de protec\u0163ie a persoanei v\u00e2rstnice, cu dizabilit\u0103\u021bi, aflate \u00eentr-o situa\u0163ie de dificultate, pot fi luate, pentru a veni \u00een ajutorul acestei familii, \u00een considerarea situa\u0163iei sociomedicale \u015fi a resurselor economice de care dispune.<br \/>\nAutoritatea a venit prompt \u00een \u00eent\u00e2mpinarea demersurilor Avocatului Poporului inform\u00e2ndu-ne c\u0103 a dispus o anchet\u0103 social\u0103. Constat\u00e2ndu-se \u00eenr\u0103ut\u0103\u021birea situa\u021biei sociomedicale a v\u00e2rstnicului (care e imobilizat la pat, aude doar o voce puternic\u0103, necesit\u0103 ajutor par\u021bial la hr\u0103nire, prezint\u0103 incontinen\u021b\u0103 permanent\u0103), acesta a primit o nou\u0103 \u00eencadrare, \u00een grad de handicap (de la gradul \u201eaccentuat\u201d a trecut la \u201egrav\u201d), \u00een baza certificatului de \u00eencadrare \u00een grad de handicap grav, eliberat de Comisia de evaluare a persoanelor adulte cu handicap, Bucure\u015fti, sector 2, cresc\u00e2ndu-i corespunz\u0103tor \u0219i veniturile.<\/p>\n<p>Totodat\u0103, autorit\u0103\u021bile publice locale au \u00eentreprins demersuri multiple, c\u0103ut\u00e2nd solu\u021bii imediate \u00een sprijinul acestei familii (au trimis cazul c\u0103tre Serviciul Asisten\u021b\u0103 Persoane V\u00e2rstnice, \u00een vederea acord\u0103rii serviciilor de \u00eengrijire la domiciliu; au trimis cazul \u00een aten\u021bia reprezentan\u021bilor Serviciului Ambulan\u021ba Social\u0103, \u00een vederea monitoriz\u0103rii permanente a st\u0103rii de s\u0103n\u0103tate a petentului). Demersurile Serviciului Reziden\u021bial pentru Adul\u021bi din subordinea Direc\u021biei Asisten\u021b\u0103 Social\u0103 a continuat p\u00e2n\u0103 c\u00e2nd s-a identificat un loc \u00een cadrul Centrului Reziden\u021bial pentru Persoane V\u00e2rstnice Speran\u021ba, situat \u00een sectorul 4, Bucure\u0219ti, petentul fiind preluat spre \u00eengrijire \u00een acest centru.<\/p>\n<\/div>\n<\/div>\n\n\n<div class=\"sp-wrap sp-wrap-default\">\n<div class=\"sp-head\" title=\"Expand\">\nDosar nr. 3400\/2022 (rezumat) - Avocatul Poporului s-a sesizat din oficiu cu privire la modul cum se asigur\u0103 continuitatea m\u0103surilor de protec\u021bie luate \u00een procesul de tranzi\u021bie a unui t\u00e2n\u0103r cu dizabilit\u0103\u021bi de la stadiul de copil cu handicap, la cel de adult cu handicap\n<\/div>\n<div class=\"sp-body folded\">\n<p>Au fost solicitate informa\u021bii celor 47 de DGASPC-uri din Bucure\u0219ti \u0219i din \u021bar\u0103, majoritatea sprijinind demersul Avocatului Poporului cu date \u0219i propuneri reie\u0219ite din practica lor. Concluziile au condus c\u0103tre nevoia unei mai bune armoniz\u0103ri a criteriilor medicopsihosociale \u0219i unei coordon\u0103ri metodologice optime a perioadei de tranzi\u021bie, \u00een vederea adapt\u0103rii t\u00e2n\u0103rului cu handicap la via\u021ba de adult, sub toate aspectele ei (medicale, sociale, psihologice, financiare) \u0219i a preg\u0103tirii familiei sale pentru noua etap\u0103, f\u0103r\u0103 a fi sacrificat\u0103 bun\u0103starea t\u00e2n\u0103rului adult cu handicap.<br \/>\nApreciind c\u0103 disfunc\u021biile sistemice identificate afecteaz\u0103 continuitatea serviciilor de protec\u021bie a t\u00e2n\u0103rului cu dizabilit\u0103\u021bi care \u00eempline\u0219te 18 ani, adaptarea sa la via\u021ba independent\u0103 \u0219i c\u0103 lipsa unor m\u0103suri de tranzi\u021bie care s\u0103 atenueze impactul sc\u0103derii abrupte a nivelului la care se realiza protec\u021bia \u00een timpul minoratului va afecta dezvoltarea sa ulterioar\u0103, Avocatul Poporului a adresat ministrului muncii \u0219i solidarit\u0103\u021bii sociale Recomandarea nr. 157\/2022, viz\u00e2nd:<br \/>\n1. instituirea unui instrument de lucru pentru eviden\u021bierea \u0219i centralizarea din timp (\u00eenainte de \u00eemplinirea v\u00e2rstei de 18 ani) a cazurilor de tineri care, la tranzi\u021bia c\u0103tre sistemul de evaluare a adultului cu handicap, pierd \u00eencadrarea \u00een handicap avut\u0103 \u00een timpul minoratului;<br \/>\n2. implicarea comitetelor de analiz\u0103 a problemelor persoanelor cu handicap \u0219i a Consiliului de analiz\u0103 a problemelor persoanelor cu handicap \u00een vederea identific\u0103rii nevoilor individuale \u0219i a m\u0103surilor- centrate pe persoan\u0103- care se impun pentru facilitarea tranzi\u021biei tinerilor la statutul de adult cu handicap;<br \/>\n3. implicarea Comisiei superioare de evaluare a persoanelor adulte cu handicap \u00een reevaluarea \u0219i \u00eembun\u0103t\u0103\u021birea corel\u0103rii criteriilor pentru \u00eencadrarea \u00een grad de handicap a adul\u021bilor, cu cele pentru \u00eencadrarea \u00een grad de handicap a copiilor;<br \/>\n4. modificarea cadrului legal, \u00een vederea instituirii unei m\u0103suri tranzitorii de men\u021binere a \u00eencadr\u0103rii \u00een grad de handicap la trecerea de la copil la adult o anumit\u0103 perioad\u0103, m\u0103car \u00een cazurile care sunt pasibile de a pierde \u00eencadrarea \u00een grad de handicap avut\u0103, ca urmare a diferen\u021belor dintre criteriile de \u00eencadrare \u00een grad de handicap a adultului \u0219i cele ale copilului.<br \/>\nMinisterul a r\u0103spuns prin Autoritatea Na\u021bional\u0103 pentru Protec\u021bia Drepturilor Persoanelor cu Dizabilit\u0103\u021bi, apreciind c\u0103 recomand\u0103rile formulate de Avocatul Poporului, sunt \u201emenite s\u0103 aduc\u0103 \u00eembun\u0103t\u0103\u021biri considerabile vie\u021bii persoanelor cu dizabilit\u0103\u021bi\u201d \u0219i ar\u0103t\u00e2nd c\u0103 acestea vor fi avute \u00een vedere.<br \/>\nAutoritatea ne-a informat c\u0103 MMSS \u0219i ANPDPD au \u00eenceput derularea proiectului \u201eModernizarea sistemului de evaluare a dizabilit\u0103\u021bii din Rom\u00e2nia&#8221;- aflat \u00een etapa de pilotare, proiect finan\u021bat de UE, cu sprijinul B\u0103ncii Mondiale, cu termen de finalizare: sf\u00e2r\u0219itul anului 2023. Acest proiect are ca obiectiv armonizarea criteriilor de \u00eencadrare \u00een grad de handicap a copilului cu handicap cu cele ale t\u00e2n\u0103rului adult cu handicap, lu\u00e2nd \u00een considerare o perioad\u0103 de tranzi\u021bie care poate dura p\u00e2n\u0103 la 26 de ani, respectiv finalizarea studiilor.<br \/>\nComisia superioar\u0103 de evaluare a persoanelor adulte cu handicap a contribuit cu un punct de vedere de specialitate privitor la setul de criterii medicopsihosociale propuse pentru modernizarea evalu\u0103rii complexe a dizabilit\u0103\u021bii. Proiectul \u00ee\u0219i propune sistematizarea legisla\u021biei \u0219i opera\u021bionalizarea unui cadru institu\u021bional func\u021bional \u00een sistemul de evaluare a dizabilit\u0103\u021bii \u00een Rom\u00e2nia, bazat pe o abordare \u00een acord cu obliga\u021biile de stat parte la Conven\u021bia ONU pentru protec\u021bia drepturilor persoanelor cu dizabilit\u0103\u021bi.<\/p>\n<\/div>\n<\/div>\n\n\n<div class=\"sp-wrap sp-wrap-default\">\n<div class=\"sp-head\" title=\"Expand\">\nDosar nr. 1654\/2022 (rezumat)-Avocatul Poporului a intervenit institu\u021bional \u00een sprijinul unei persoane cu dizabilit\u0103\u021bi din localitatea Tanacu, jude\u021bul Vaslui, care nu se poate deplasa de la locuin\u021ba sa, p\u00e2n\u0103 la strada principal\u0103 (asfaltat\u0103), din cauza drumului secundar care devine impracticabil c\u00e2nd plou\u0103 sau ninge\n<\/div>\n<div class=\"sp-body folded\">\n<p>Petentul are mai multe afec\u021biuni care \u00eei limiteaz\u0103 drastic mobilitatea \u0219i, pentru a merge la controalele medicale, folose\u0219te o ma\u0219in\u0103 cu \u0219ofer, dar adesea \u00eei este imposibil s\u0103 ajung\u0103 la \u0219osea. B\u0103rbatul se pl\u00e2nge c\u0103 a sesizat situa\u021bia la toate autorit\u0103\u021bile statului, dar nicio solu\u021bie concret\u0103 nu a putut fi g\u0103sit\u0103 de 2 ani, invoc\u00e2ndu-se lipsa banilor.<\/p>\n<p>Avocatul Poporului s-a adresat primarului comunei Tanacu, pentru a g\u0103si o solu\u021bie \u0219i i-a solicitat ca, p\u00e2n\u0103 la \u00eenceperea asfalt\u0103rii drumului, s\u0103 fac\u0103 practicabil\u0103 acea por\u021biune de drum cu pietri\u0219, nisip, alte materiale, astfel \u00eenc\u00e2t s\u0103 vin\u0103 imediat \u00een ajutorul persoanei cu dizabilit\u0103\u021bi (\u0219i probabil \u0219i a altor locuitori ai comunei) care se confrunt\u0103 cu aceast\u0103 problem\u0103.<\/p>\n<p>\u00cen urma demersurilor \u00eentreprinse, la 24 februarie 2022, conducerea Prim\u0103riei comunei Tanacu ne-a informat c\u0103 problema petentului urmeaz\u0103 s\u0103 fie solu\u021bionat\u0103 definitiv, fiind \u00een curs de aprobare o cerere de finan\u021bare, \u00een cadrul Programului na\u0163ional de investi\u021bii \u201eAnghel Saligny\u201d pentru obiectivul de investi\u021bii: Modernizare prin asfaltare str\u0103zi principale \u0219i secundare, comuna Tanacu, jude\u021bul Vaslui. P\u00e2n\u0103 atunci, primarul va asigura \u00eentre\u021binerea drumului \u201dprin reprofilare \u0219i a\u0219ternerea unui strat de pietri\u0219 \u00een amestec cu nisip.\u201d<\/p>\n<\/div>\n<\/div>\n\n<p><strong><span style=\"color: #ff0000;\"><em>2021<\/em><\/span><\/strong><\/p>\n\n<div class=\"sp-wrap sp-wrap-default\">\n<div class=\"sp-head\" title=\"Expand\">\nDosar nr. 23994\/2021 (rezumat) - Avocatul Poporului s-a sesizat din oficiu privitor la situa\u021bia ocup\u0103rii for\u021bei de munc\u0103 \u00een cazul persoanelor cu dizabilit\u0103\u021bi din Bucure\u0219ti, \u00een cadrul dosarului fiind \u00eentreprinse demersuri institu\u021bionale pe l\u00e2ng\u0103 Agen\u021bia Municipal\u0103 pentru Ocuparea For\u021bei de Munc\u0103 - AMOFM Bucure\u0219ti, c\u0103reia i s-au solicitat informa\u021bii privind m\u0103surile de ocupare a persoanelor cu dizabilit\u0103\u021bi din ultimii doi ani.\n<\/div>\n<div class=\"sp-body folded\">\n<p>Din datele puse la dispozi\u021bie, a rezultat c\u0103 este nevoie de o intensificare a eforturilor de sprijinire a persoanelor cu dizabilit\u0103\u021bi \u00een ob\u021binerea unui loc de munc\u0103. Dat fiind tipicul acestei categorii de persoane greu angajabile, pentru a oferi un sprijin real la ocupare, serviciile de informare, consiliere, mediere a muncii \u0219i formare profesional\u0103, \u00een vederea identific\u0103rii unor locuri de munc\u0103 pentru persoanele cu dizabilit\u0103\u021bi ar trebui s\u0103 fie construite plec\u00e2nd de la nevoile lor specifice.<br \/>\nAvocatul Poporului a adresat conducerii AMOFM Bucure\u0219ti Recomandarea nr. 1\/14 ianuarie 2022, recomand\u00e2nd:<br \/>\n1 &#8211; completarea paginii de internet a institu\u021biei -sec\u021biunea Centrul de Consiliere pentru Persoanele cu Dizabilit\u0103\u021bi- cu informa\u021bii dedicate persoanelor cu dizabilit\u0103\u021bi;<br \/>\n2 &#8211; eviden\u021bierea locurilor de munc\u0103 (vacante) pe care le-ar putea ocupa (\u0219i) persoanele cu dizabilit\u0103\u021bi;<br \/>\n3 &#8211; realizarea unui schimb util de informa\u021bii cu DGASPC Bucure\u0219ti, \u00een cadrul procesului de cooperare administrativ\u0103, \u00een vederea \u00eencheierii unor contracte de solidaritate \u00eentre AMOFM Bucure\u0219ti \u0219i tinerii care au un risc de marginalizare social\u0103 ca urmare a dizabilit\u0103\u021bii \u0219i care doresc s\u0103 munceasc\u0103;<br \/>\n4 &#8211; includerea \u00een Programul de ocupare a for\u021bei de munc\u0103 pe anul 2022 a unor m\u0103suri dedicate persoanelor cu dizabilit\u0103\u021bi (precum acordarea de subven\u021bii angajatorilor care \u00eencadreaz\u0103 \u00een munc\u0103 persoane cu handicap; organizarea unor burse de locuri de munc\u0103 pentru persoanele cu dizabilit\u0103\u021bi etc).<br \/>\n\u00cen urma Recomand\u0103rii, ne-a fost adus la cuno\u0219tin\u021b\u0103 c\u0103: site-ul a fost completat cu m\u0103surile privind persoanele cu dizabilit\u0103\u021bi; persoanele cu dizabilit\u0103\u021bi aflate, \u00een 2022, \u00een c\u0103utarea unui loc de munc\u0103 au fost cuprinse \u00een masuri active de informare \u0219i consiliere, medierea muncii \u0219i formare profesional\u0103 adaptat\u0103 nevoilor acestora, reu\u0219indu-se \u00eencadrarea pe pia\u021ba muncii a 8 persoane, alte 3 persoane fiind cuprinse la cursuri de formare profesional\u0103; programul de ocupare pentru 2022 prevede ca, p\u00e2n\u0103 la finele anului, num\u0103rului contractelor de solidaritate \u00eencheiate s\u0103 creasc\u0103 la 10; \u00een mai 2022, \u00een cadrul Bursei Generale a Locurilor de Munc\u0103, a fost amenajat (cu ajutorul DGASPC-urile de sector) un stand dedicat persoanelor cu dizabilit\u0103\u021bi aflate \u00een c\u0103utarea unui loc de munc\u0103. Persoanele cu dizabilit\u0103\u021bi au fost informate cu privire la m\u0103surile de sprijin \u00een accesarea \u0219i utilizarea de tehnologii \u0219i dispozitive asistive \u0219i tehnologii de acces care le pot cre\u0219te \u0219ansele de ocupare \u0219i la existen\u021ba proiectului dedicat lor, derulat \u00een colaborare cu ANPD, \u201dFacilitarea inser\u021biei pe pia\u021ba muncii a persoanelor cu dizabilit\u0103\u021bi\u201d.<\/p>\n<\/div>\n<\/div>\n\n\n<div class=\"sp-wrap sp-wrap-default\">\n<div class=\"sp-head\" title=\"Expand\">\nDosar nr. 23874\/2021 (rezumat) - La sf\u00e2r\u0219itul lunii noiembrie 2021, Avocatul Poporului s-a sesizat din oficiu cu privire la situa\u021bia persoanelor f\u0103r\u0103 ad\u0103post din Bucure\u0219ti, av\u00e2nd \u00een vedere contextul pandemic al infect\u0103rilor cu SARS-CoV-2, debutul sezonului gripal \u0219i apropierea iernii.\n<\/div>\n<div class=\"sp-body folded\">\n<p>Apreciind c\u0103 persoanele f\u0103r\u0103 ad\u0103post nu-\u0219i pot asigura singure mijloacele de protec\u021bie anticovid, deci se pot lesne \u00eemboln\u0103vi \u0219i transmite infec\u021bia: \u00een ad\u0103posturi de zi\/noapte, \u00een mijloace de transport \u00een comun, \u00een supermarket, parcuri \u0219i pe strad\u0103, au fost f\u0103cute demersuri institu\u021bionale pe l\u00e2ng\u0103 Direc\u021bia General\u0103 de Asisten\u021b\u0103 Social\u0103 a Municipiului Bucure\u0219ti &#8211; DGAPCMB, ulterior, acestea fiind extinse c\u0103tre DGASPC-urile Sectoarelor 2, 3, 4 \u0219i 5 ale Capitalei (\u00eentruc\u00e2t DGASPCMB semnalase nevoia cre\u0219terii capacit\u0103\u021bii de cazare a persoanelor f\u0103r\u0103 ad\u0103post la nivelul sectoarelor Capitalei \u0219i indicase drept deficitare aceste sectoare) \u0219i c\u0103tre Centrul Na\u021bional de Supraveghere \u0219i Control al Bolilor Transmisibile &#8211; CNSCBT din cadrul INSP.<br \/>\nLa solicitarea de a ni se comunica m\u0103surile privind cre\u0219terea capacit\u0103\u021bii proprii de cazare a persoanelor f\u0103r\u0103 ad\u0103post din sector: DGASPC Sector 2 ne-a informat c\u0103 s-a dispus, \u00een m\u0103sura posibilit\u0103\u021bilor, m\u0103rirea capacit\u0103\u021bii cu care func\u021bioneaz\u0103 Ad\u0103postul de Noapte pentru Persoane Adulte, fiind transformat\u0103 camera de socializare \u00een dormitor, ceea ce a dus la suplimentarea capacit\u0103\u021bii de cazare (de 48 de locuri) cu \u00eenc\u0103 4 locuri. De asemenea, ne-a comunicat faptul c\u0103 urmeaz\u0103 s\u0103 fie construit un Complex de servicii sociale pentru persoanele f\u0103r\u0103 ad\u0103post, ce va fi realizat de c\u0103tre Compania Na\u021bional\u0103 de Investi\u021bii SA.<br \/>\nDGASPC Sector 3 ne-a r\u0103spuns c\u0103 \u00eentruc\u00e2t Complexul de Servicii Sociale pentru Persoane F\u0103r\u0103 Ad\u0103post din Sectorul 3 al Capitalei este organizat pe dou\u0103 componente: una reziden\u021bial\u0103, cu o capacitate de 40 de locuri \u0219i un ad\u0103post de noapte, cu o capacitate de 36 de locuri, a fost \u00een m\u0103sur\u0103 s\u0103 solu\u021bioneze favorabil toate solicit\u0103rile persoanelor f\u0103r\u0103 ad\u0103post care s-au prezentat la sediul centrului.<br \/>\nDGASPC Sector 4 a ar\u0103tat c\u0103, de\u0219i Ad\u0103postul de Noapte pentru Persoane Adulte, situat \u00een Bucure\u0219ti, Str. T\u00e2rgu Frumos nr. 24, a fost desemnat ca spa\u021biu de carantinare, conform Anexei 3 din Hot\u0103r\u00e2rea Guvernului nr. 1103\/17.12.2020, Sectorul 4 r\u0103m\u00e2n\u00e2nd f\u0103r\u0103 nicio loca\u021bie destinat\u0103 persoanelor f\u0103r\u0103 ad\u0103post, toate persoanele f\u0103r\u0103 ad\u0103post g\u0103site pe raza sectorului au fost sprijinite \u00een func\u021bie de situa\u021bie, prin acordarea de servicii sociale de urgen\u021b\u0103 \u0219i g\u0103zduire pe perioad\u0103 temporar\u0103, asociat\u0103 cu acordarea unor servicii de \u00eengrijire personal\u0103.<br \/>\nLa nivelul Sectorului 5 al Capitalei, au fost luate cu celeritate m\u0103suri: \u00een planul de dezvoltare a serviciilor sociale pe anul 2022 fiind prev\u0103zut\u0103 \u00eenfiin\u021barea unui Ad\u0103post de Zi \u0219i de Noapte pentru persoanele adulte f\u0103r\u0103 ad\u0103post; totodat\u0103, urmeaz\u0103 a fi relocat\u0103 Locuin\u021ba Temporar\u0103 pentru Persoanele Adulte F\u0103r\u0103 Ad\u0103post \u00eentr-un spa\u021biu care s\u0103 permit\u0103 m\u0103rirea capacit\u0103\u021bii acestui ad\u0103post.<br \/>\nConducerii CNSCBT i-a fost adresat\u0103 solicitarea de a include \u00een recomand\u0103rile de prioritizare a test\u0103rii prin RT-PCR \u0219i\/sau prin test rapid antigenic pentru SARS COV2 \u0219i persoanele adulte f\u0103r\u0103 ad\u0103post care frecventeaz\u0103 ad\u0103posturile de noapte sau centrele de zi. Centrul Na\u021bional de Supraveghere \u0219i Control al Bolilor Transmisibile ne-a comunicat c\u0103 a dat curs solicit\u0103rii institu\u021biei Avocatul Poporului, INSP \u201ef\u0103c\u00e2nd demersurile necesare c\u0103tre Ministerul S\u0103n\u0103t\u0103\u021bii, \u00een vederea includerii persoanelor f\u0103r\u0103 ad\u0103post din \u00eentreaga \u021bar\u0103 \u00een categoria persoanelor prioritizate pentru testarea periodic\u0103 (s\u0103pt\u0103m\u00e2nal, cu test rapid antigenic) pentru SARS-CoV-2\u201d.<\/p>\n<\/div>\n<\/div>\n\n\n<div class=\"sp-wrap sp-wrap-default\">\n<div class=\"sp-head\" title=\"Expand\">\nDosar nr. 23091\/2021 (rezumat)-Institu\u021bia Avocatul Poporului a solu\u021bionat dosarul 23091\/2021 ajut\u00e2nd un student cu dizabilit\u0103\u021bi (surdomutitate congenital\u0103) s\u0103-\u0219i recapete bursa social\u0103 pe anul 2021-2022\n<\/div>\n<div class=\"sp-body folded\">\n<p>Petentul, student masterand \u00een anul II la Facultatea de Administra\u021bie \u0219i Afaceri (FAA) din cadrul Universit\u0103\u021bii din Bucure\u0219ti, depusese cerere de acordare a bursei pe caz de boal\u0103 \u0219i acte \u00een sus\u021binerea ei, dar cererea \u00eei fusese respins\u0103 cu motivarea: neconformitatea actului medical doveditor (se cerea certificat medical cu parafa medicului universit\u0103\u021bii, iar masterandul depusese certificat provenit de la medicul de familie \u0219i certificat de \u00eencadrare \u00een grad de handicap). Petentul a depus, ulterior, diligen\u021be \u00een vederea ob\u021binerii vizei medicului Universit\u0103\u021bii din Bucure\u0219ti, dar nu s-a mai \u00eencadrat \u00een termenul de completare a dosarului. \u00centruc\u00e2t se baza pe aceast\u0103 burs\u0103, pe care o ob\u021binuse \u0219i \u00een anul anterior, a apelat la Avocatul Poporului, solicit\u00e2ndu-i sprijin institu\u021bional.<\/p>\n<p>Avocatul Poporului s-a adresat decanului FAA pentru a g\u0103si o solu\u021bie, av\u00e2nd \u00een vedere garan\u021bia constitu\u021bional\u0103 a protec\u021biei persoanelor cu handicap \u0219i natura social\u0103 a acestui tip de burs\u0103, astfel \u00eenc\u00e2t t\u00e2n\u0103rul cu dizabilit\u0103\u021bi s\u0103 nu fie lipsit de acest beneficiu pe durata \u00eentregului an universitar.<\/p>\n<p>\u00cen urma demersurilor \u00eentreprinse, conducerea facult\u0103\u021bii a decis s\u0103 supun\u0103 aprob\u0103rii Consiliului de Administra\u021bie al Universit\u0103\u021bii Bucure\u0219ti acordarea bursei sociale pe anul 2021-2022 pentru t\u00e2n\u0103rul cu dizabilit\u0103\u021bi, iar studentul a primind bursa solicitat\u0103.<\/p>\n<\/div>\n<\/div>\n\n\n<div class=\"sp-wrap sp-wrap-default\">\n<div class=\"sp-head\" title=\"Expand\">\nDosar nr. 22479\/2021 (rezumat)-Avocatul Poporului a luat cuno\u0219tin\u021b\u0103 despre cazul unui t\u00e2n\u0103r student \u00een anul I la domeniul Matematic\u0103 al Facult\u0103\u021bii de Matematic\u0103-Informatic\u0103 din cadrul Universit\u0103\u021bii Bucure\u0219ti, \u00eencadrat \u00een grad de handicap pentru deficien\u021b\u0103 de auz, care, de\u0219i a ob\u021binut media 9,26 la admitere, nu a putut fi admis la domeniul care constituise prima sa op\u021biune (Informatic\u0103), unde media de admitere fusese 9,32\n<\/div>\n<div class=\"sp-body folded\">\n<p>T\u00e2n\u0103rul ob\u021binuse media 9,26 \u00een condi\u021bii de handicap, concur\u00e2nd pe acelea\u0219i locuri cu tineri f\u0103r\u0103 dizabilit\u0103\u021bi, printre care \u0219i fratele s\u0103u geam\u0103n, care reu\u0219ise la Informatic\u0103. Studentul cu dizabilit\u0103\u021bi s-a v\u0103zut astfel lipsit de sprijinul fratelui geam\u0103n, care \u00eel ajuta s\u0103 \u00een\u021beleag\u0103 ce se pred\u0103 la cursuri \u0219i \u00eent\u00e2mpina dificult\u0103\u021bi \u00een a \u021bine pasul cu colegii s\u0103i, iar transferul \u00eentre domenii nu era posibil potrivit reglement\u0103rilor facult\u0103\u021bii.<\/p>\n<p>Avocatul Poporului s-a adresat pentru o solu\u021bie rectorului Universit\u0103\u021bii din Bucure\u0219ti, \u00een lumina eforturilor (Proiectul ,,Educa\u021bie incluziv\u0103 de calitate \u00een cadrul comunit\u0103\u021bii academice a Universit\u0103\u021bii din Bucure\u0219ti, cu accent pe persoanele cu dizabilit\u0103\u021bi\u201d) pe care le face Universitatea Bucure\u0219ti pentru \u00eent\u0103rirea unei culturi a incluziunii \u00een cadrul comunit\u0103\u021bii academice. Totodat\u0103, av\u00e2nd \u00een vedere c\u0103, la admiterea \u00een \u00eenv\u0103\u021b\u0103m\u00e2ntul superior din 2020, Ministerul Educa\u021biei nu prev\u0103zuse locuri speciale pentru persoanele cu dizabilit\u0103\u021bi, i-a solicitat rectorului un punct de vedere cu privire la necesitatea asigur\u0103rii unor astfel de locuri dedicate. Rectorul Universit\u0103\u021bii Bucure\u0219ti a r\u0103spuns c\u0103 solu\u021bionarea situa\u021biei studentului este \u00eempiedicat\u0103 de o problem\u0103 legal\u0103 privind capacitatea de \u0219colarizare. C\u00e2t prive\u0219te locurile dedicate, Universitatea din Bucure\u0219ti ar sus\u021bine un astfel de proiect.<br \/>\nCazul a fost re\u021binut \u00een Raportul anual (2021) al institu\u021biei Avocatul Poporului \u0219i au fost continuate demersurile privind problematica lipsei unor locuri destinate persoanelor cu dizabilit\u0103\u021bi care sus\u021bin admiterea \u00een \u00eenv\u0103\u021b\u0103m\u00e2ntul superior. Avocatul Poporului s-a adresat mai departe secretarului de stat pentru probleme ce \u021bin de \u00eenv\u0103\u021b\u0103m\u00e2ntul universitar din Ministerul Educa\u021biei, solicit\u00e2ndu-i ca \u0219i tinerii cu dizabilit\u0103\u021bi s\u0103 aib\u0103 locuri special dedicate, a\u0219a cum au tinerii romi sau tinerii proveni\u021bi din mediile rurale s\u0103race. \u00cen \u00eenv\u0103\u021b\u0103m\u00e2ntul preuniversitar, Ministerul Educa\u021biei dedicase deja locuri elevilor cu cerin\u021be educa\u021bionale speciale (CES).<\/p>\n<p>Ministerul Educa\u021biei a r\u0103spuns inform\u00e2ndu-ne c\u0103 va analiza, \u00eempreun\u0103 cu organismele consultative prev\u0103zute de lege (Consiliul Na\u021bional pentru Finan\u021barea \u00cenv\u0103\u021b\u0103m\u00e2ntului Superior-CNFIS, Consiliul Na\u021bional de Statistic\u0103 \u0219i Prognoz\u0103 a \u00cenv\u0103\u021b\u0103m\u00e2ntului Superior- CNSPIS) problema facilit\u0103rii accesului persoanelor cu cerin\u021be educa\u021bionale speciale\/dizabilit\u0103\u021bi la \u00eenv\u0103\u021b\u0103m\u00e2ntul universitar prin alocarea unor locuri speciale \u0219i, unde se impune, va formula propuneri de modificare\/completare a Legii educa\u021biei na\u021bionale nr. 1\/2011.<\/p>\n<\/div>\n<\/div>\n\n\n<div class=\"sp-wrap sp-wrap-default\">\n<div class=\"sp-head\" title=\"Expand\">\nDosar nr. 18575\/2021 (rezumat)-Avocatul Poporului a intervenit pentru ca unei persoane cu dizabilit\u0103\u021bi s\u0103-i fie prelungit\u0103 valabilitatea actului de identitate, astfel \u00eenc\u00e2t lipsa acestui act s\u0103 nu-i afecteze drepturi fundamentale precum dreptul la un nivel de trai \u0219i dreptul la protec\u021bie special\u0103 al persoanei cu handicap\n<\/div>\n<div class=\"sp-body folded\">\n<p>Peti\u021bionarul, persoan\u0103 \u00eencadrat\u0103 \u00een grad de handicap accentuat, domiciliat \u00eentr-o comun\u0103 din jude\u021bul Ia\u0219i, a solicitat sprijinul institu\u021biei Avocatul Poporului, pl\u00e2ng\u00e2ndu-se c\u0103 i s-a refuzat prelungirea valabilit\u0103\u021bii actului de identitate din cauz\u0103 c\u0103, \u00een mod eronat, reprezentantul poli\u021biei locale a consemnat c\u0103, \u00een urma verific\u0103rilor efectuate, s-a constatat c\u0103 nu locuie\u0219te la adres\u0103. Petentul men\u021bioneaz\u0103 c\u0103 este, de mai mul\u021bi ani, locuitor al comunei, cunoscut de vecini (indic\u0103 numele acestora, \u00een acest sens) \u0219i c\u0103 figureaz\u0103 \u00een calitate de contribuabil, \u00een eviden\u021bele comunei Br\u0103e\u0219ti. Totodat\u0103, se pl\u00e2nge c\u0103 neprelungirea actului de identitate \u00eei afecteaz\u0103 direct veniturile, pun\u00e2ndu-l \u00een situa\u021bia de a nu-\u0219i putea ridica indemniza\u021bia de handicap.<\/p>\n<p>\u00cen urma demersurilor \u00eentreprinse de institu\u021bia Avocatul Poporului, autoritatea a procedat la efectuarea unei noi verific\u0103ri \u00een cazul petentului, rezultatul fiind comunicat Serviciului Public Comunitar Local de Eviden\u021b\u0103 a Persoanelor T\u00e2rgu Frumos \u0219i, \u00een baza acestuia fiindu-i eliberat\u0103 o nou\u0103 carte de identitate.<\/p>\n<\/div>\n<\/div>\n\n\n<div class=\"sp-wrap sp-wrap-default\">\n<div class=\"sp-head\" title=\"Expand\">\nDosar nr. 17074\/2021 (rezumat)-Avocatul Poporului a intervenit institu\u021bional \u00een vederea restabilirii legalit\u0103\u021bii \u00een cazul unei persoane cu handicap grav cu drept de asistent personal, din jude\u021bul Neam\u021b, al c\u0103rui asistent personal nu beneficiase timp de 3 ani de concediu de odihn\u0103, \u00eentruc\u00e2t autorit\u0103\u021bile publice de resort (prim\u0103rie, Direc\u021bia General\u0103 de Asisten\u021b\u0103 Social\u0103 \u0219i Protec\u021bia Copilului) condi\u021bionau acordarea indemniza\u021biei pentru concediul legal de odihn\u0103 al asistentului personal, de semnarea unui acord prin care persoana cu handicap grav cu drept de asistent personal \u201erenun\u021ba la dreptul de asistent personal, pentru indemniza\u021bie\u201d\n<\/div>\n<div class=\"sp-body folded\">\n<p>Avocatul Poporului s-a adresat conducerii Prim\u0103riei comunei Dragomire\u0219ti, jude\u021bul Neam\u021b, \u00een leg\u0103tur\u0103 cu aceast\u0103 situa\u021bie, solicit\u00e2ndu-i s\u0103 \u00eei pun\u0103 la dispozi\u021bie toate informa\u0163iile care pot aduce l\u0103muriri cu privire la cele sesizate, precum \u0219i \u00eenscrisurile \u00een sus\u021binerea legalit\u0103\u021bii m\u0103surilor dispuse \u00een acest caz.<\/p>\n<p>Primarul comunei Dragomire\u0219ti a r\u0103spuns Avocatului Poporului c\u0103 are toat\u0103 disponibilitatea de a proceda \u00een deplin\u0103 legalitate la solu\u021bionarea cazului, ar\u0103t\u00e2nd c\u0103 a solicitat inclusiv de la Autoritatea Na\u021bional\u0103 pentru Drepturile Persoanelor cu Dizabilit\u0103\u021bi, Copii \u0219i Adop\u021bii un punct de vedere cu privire la acordarea indemniza\u021biei persoanei cu handicap grav cu drept de asistent personal, pe perioada concediului de odihn\u0103 al asistentului personal.<br \/>\nAstfel, a fost clarificat faptul c\u0103 angajatorul asistentului personal al persoanei cu handicap grav cu drept de asistent personal (prim\u0103ria), pe perioada concediului de odihn\u0103 al asistentului personal, are obliga\u021bia de a-i asigura persoanei cu o astfel de \u00eencadrare \u00een grad de handicap un asistent personal temporar, iar c\u00e2nd nu este posibil, persoanei cu handicap trebuie s\u0103 i se asigure fie o indemniza\u021bie lunar\u0103 \u00een cuantum egal cu salariul net al unui asistent personal (grada\u0163ia 0, stabilit potrivit prevederilor legale care reglementeaz\u0103 nivelul de salarizare a personalului pl\u0103tit din fonduri publice), fie g\u0103zduirea \u00eentr-un centru de tip respiro.<\/p>\n<p>\u00cen urma demersurilor \u00eentreprinse, primarul comunei Dragomire\u0219ti, jude\u021bul Neam\u021b a informat institu\u021bia Avocatul Poporului c\u0103 va dispune acordarea retroactiv\u0103 a drepturilor cuvenite acestei persoane \u00eencadrate \u00een grad de handicap grav cu drept de asistent personal.<\/p>\n<\/div>\n<\/div>\n\n\n<div class=\"sp-wrap sp-wrap-default\">\n<div class=\"sp-head\" title=\"Expand\">\nDosar nr. 15041\/2021 (rezumat)-Avocatul Poporului s-a implicat \u00een g\u0103sirea unei solu\u021bii pentru cazul unui adult cu handicap grav cu drept de asistent personal, al c\u0103rui asistent personal a fost concediat de autoritatea local\u0103 din lips\u0103 de fonduri\n<\/div>\n<div class=\"sp-body folded\">\n<p>Petenta, domiciliat\u0103 \u00eentr-o comun\u0103 din jude\u021bul Ialomi\u021ba, fusese \u00eencadrat\u0103 ca asistent personal al fiului s\u0103u, \u00een v\u00e2rst\u0103 de 26 de ani (la acel moment), persoan\u0103 cu handicap grav permanent, cu drept de asistent personal, dar contractul i-a \u00eencetat, din cauze care nu-i sunt imputabile \u0219i f\u0103r\u0103 ca, \u00eenainte de a decide, autorit\u0103\u021bile administra\u021biei publice locale s\u0103 evalueze cazul. Starea fiului petentei era una extrem de grav\u0103, acesta necesit\u00e2nd asisten\u021b\u0103 permanent\u0103, \u00eentruc\u00e2t nu st\u0103tea \u00een \u0219ezut, nu \u00ee\u0219i putea sus\u021bine capul, nu vorbea, nu se putea hr\u0103ni dec\u00e2t cu m\u00e2ncare pasat\u0103, era nedeplasabil.<\/p>\n<p>\u00cen urma demersurilor institu\u021bionale, primarul a informat Avocatul Poporului c\u0103 exist\u0103 o hot\u0103r\u00e2re a Consiliului Local, prin care, din cauza bugetului insuficient, s-a aprobat un num\u0103r de doar 4 posturi de asisten\u021bi personali (din cele 41 necesare pentru copiii \u0219i adul\u021bii cu handicap grav cu drept de asistent personal), apreciindu-se c\u0103 sunt nevoi\u021bi s\u0103 acorde prioritate asisten\u021bilor personali ai copiilor cu handicap grav, \u00een detrimentul celor ai adul\u021bilor cu handicap grav.<br \/>\nFa\u021b\u0103 de acest r\u0103spuns, apreciind c\u0103, dat\u0103 fiind obliga\u021bia legal\u0103 ce \u00eei incumb\u0103 autorit\u0103\u021bii administra\u021biei publice locale, de a prevedea \u00een bugetul local sumele necesare salariz\u0103rii asistentului personal, aceasta nu se poate prevala, \u00een raporturile contractuale de munc\u0103 stabilite cu asisten\u021bii personali, de insuficien\u021ba bugetului local, Avocatul Poporului a adresat primarului comunei Reviga, jude\u021bul Ialomi\u021ba, Recomandarea nr. 114\/2021, solicit\u00e2ndu-i o anchet\u0103 social\u0103 \u00een acest caz \u0219i recomand\u00e2ndu-i:<br \/>\n&#8211; s\u0103 dispun\u0103 m\u0103suri de conformare la dispozi\u021biile legale \u00een vigoare;<br \/>\n-s\u0103 aib\u0103 \u00een vedere c\u0103 instituirea unei priorit\u0103\u021bi la \u00eencadrarea \u00een munc\u0103 a asisten\u021bilor personali ai copiilor cu handicap grav cu drept de asistent personal, fa\u021b\u0103 de asisten\u021bii personali ai adul\u021bilor cu aceea\u0219i \u00eencadrare constituie o discriminare, \u00een condi\u021biile legii.<\/p>\n<p>Primarul comunei Reviga a adus la cuno\u0219tin\u021ba Avocatului Poporului \u00eensu\u0219irea Recomand\u0103rii, fiind efectuat\u0103 o anchet\u0103 social\u0103 \u00een acest caz, iar \u00een baza celor constatate, asigur\u00e2ndu-i-se familiei o indemniza\u021bie lunar\u0103 \u00een cuantum egal salariului unui asistent personal. De asemenea, primarul ne-a informat c\u0103 vor fi intensificate eforturile autorit\u0103\u021bii \u00een vederea sus\u021binerii financiare a angaj\u0103rii asisten\u021bilor personali ai persoanelor cu handicap grav.<\/p>\n<\/div>\n<\/div>\n\n\n<div class=\"sp-wrap sp-wrap-default\">\n<div class=\"sp-head\" title=\"Expand\">\nDosar nr. 12407\/2021 (rezumat)-Ca urmare a interven\u021biei institu\u021biei Avocatul Poporului, o persoan\u0103 cu dizabilit\u0103\u021bi a fost repus\u0103 \u00een drepturi cu privire la cele 12 c\u0103l\u0103torii anuale gratuite la transportul interurban, care i se cuveneau potrivit legii\n<\/div>\n<div class=\"sp-body folded\">\n<p>Petentul, persoan\u0103 \u00eencadrat\u0103 \u00een grad de handicap accentuat, domiciliat\u0103 \u00een jude\u021bul Ia\u0219i, a solicitat sprijinul institu\u021biei Avocatul Poporului, pl\u00e2ng\u00e2ndu-se c\u0103 Direc\u021bia General\u0103 de Asisten\u021b\u0103 Social\u0103 \u0219i Protec\u021bia Copilului Ia\u0219i i-a acordat gratuitate doar pentru 6 c\u0103l\u0103torii, \u00een loc de cele 12 de care ar fi trebuit s\u0103 beneficieze anual, \u00een mod legal, \u00een calitate de persoan\u0103 cu handicap accentuat.<\/p>\n<p>Institu\u021bia Avocatul Poporului a solicitat conducerii DGASPC Ia\u0219i s\u0103 dispun\u0103 m\u0103surile necesare, astfel \u00eenc\u00e2t petentul s\u0103 \u00ee\u0219i poat\u0103 accesa beneficiul potrivit prevederilor legale, \u00een conformitate cu care \u201epersoanele cu handicap accentuat beneficiaz\u0103 de gratuitatea transportului interurban, la alegere, cu orice tip de tren, \u00een limita costului unui bilet la tren interregio IR cu regim de rezervare la clasa a II-a, cu autobuzele sau cu navele pentru transport fluvial, pentru 12 c\u0103l\u0103torii pe an calendaristic\u201d (art. 24 alin. (3) din Legea nr. 448\/2006).<\/p>\n<p>\u00cen urma demersurilor \u00eentreprinse de institu\u021bia Avocatul Poporului, DGASPC Ia\u0219i ne-a r\u0103spuns, ar\u0103t\u00e2nd c\u0103 petentului i se va acorda beneficiul legal al celor 12 c\u0103l\u0103torii gratuite, acesta fiind a\u0219teptat s\u0103 depun\u0103 o cerere scris\u0103.<\/p>\n<\/div>\n<\/div>\n\n\n<div class=\"sp-wrap sp-wrap-default\">\n<div class=\"sp-head\" title=\"Expand\">\nDosar nr. 7558\/2021 (rezumat)-Avocatul Poporului a intervenit pentru deblocarea lucr\u0103rilor de construire a unui bloc de locuin\u021be sociale\n<\/div>\n<div class=\"sp-body folded\">\n<p>Mai mul\u021bi peten\u021bi s-au adresat institu\u021biei Avocatul Poporului \u00een leg\u0103tur\u0103 cu sistarea lucr\u0103rilor la un imobil din Bucure\u0219ti, Sector 6, \u00een care primiser\u0103 reparti\u021bii 114 familii cu probleme sociale (persoane cu dizabilit\u0103\u021bi, familiile monoparentale, v\u00e2rstnici evacua\u021bi \u00een urma unor retroced\u0103ri).<\/p>\n<p>Avocatul Poporului i-a solicitat primarului General al Capitalei m\u0103suri legale \u00een vederea debloc\u0103rii situa\u021biei create \u0219i intr\u0103rii beneficiarilor, c\u00e2t mai cur\u00e2nd posibil, \u00een locuin\u021bele sociale atribuite.<br \/>\n\u00cen iulie 2021, Prim\u0103ria General\u0103 a Municipiului Bucure\u0219ti, Direc\u021bia Guvernan\u021b\u0103 Corporativ\u0103, a r\u0103spuns demersurilor Avocatului Poporului, inform\u00e2ndu-l c\u0103 \u00eentre dezvoltator (Compania Municipal\u0103 Imobiliara Bucure\u0219ti S.A.) \u0219i constructor (Trustul de Cl\u0103diri Metropolitane Bucure\u0219ti S.A.) se va semna un act adi\u021bional la contractul de proiectare, asisten\u021b\u0103 tehnic\u0103 \u0219i execu\u021bie lucr\u0103ri, urm\u00e2nd ca lucr\u0103rile s\u0103 fie reluate efectiv la data men\u021bionat\u0103 \u00een ordinul de \u00eencepere a lucr\u0103rilor.<\/p>\n<p>Avocatul Poporului a monitorizat \u00een continuare situa\u021bia \u0219i a constatat c\u0103, pe 19 august 2021, a fost semnat contractul pentru re\u00eenceperea lucr\u0103rilor la blocul de locuin\u021be sociale, lucr\u0103rile fiind demarate.<\/p>\n<\/div>\n<\/div>\n\n\n<div class=\"sp-wrap sp-wrap-default\">\n<div class=\"sp-head\" title=\"Expand\">\nDosar nr. 4707\/2021 (rezumat)-Avocatul Poporului a fost sesizat de Asocia\u021bia Happy Boto\u0219ani \u00een leg\u0103tur\u0103 cu modul cum a fost tratat\u0103 pe plan local problema persoanelor f\u0103r\u0103 ad\u0103post, \u00een perioada st\u0103rii de urgen\u021b\u0103 declan\u0219at\u0103 de pandemie\n<\/div>\n<div class=\"sp-body folded\">\n<p>Peti\u021bionara relata c\u0103, \u00een cursul anului 2020, c\u00e2nd Rom\u00e2nia a intrat \u00een starea de urgen\u021b\u0103 \u0219i circula\u021bia a fost restric\u021bionat\u0103, persoanele f\u0103r\u0103 ad\u0103post au fost luate de pe str\u0103zi \u0219i relocate \u00een dou\u0103 institu\u021bii aflate \u00een subordinea Direc\u021biei de Asisten\u021b\u0103 Social\u0103 (DAS) Boto\u0219ani. Din con\u021binutul peti\u021biei reie\u0219ea c\u0103 acestea nu au primit hran\u0103 dec\u00e2t o dat\u0103 pe zi, unele dintre acestea neav\u00e2nd ap\u0103 cald\u0103, acces la du\u0219uri sau schimburi \u0219i fiind nevoite s\u0103 stea cu hainele cu care st\u0103tuser\u0103 pe strad\u0103.<\/p>\n<p>Din demersurile f\u0103cute de institu\u021bia Avocatul Poporului \u00een cadrul dosarului, a reie\u0219it c\u0103 persoanele f\u0103r\u0103 ad\u0103post nu au avut voie sa p\u0103r\u0103seasc\u0103 centrele, deplasarea lor din camera de cazare \u00een exterior, \u00een zonele comune, fiind limitat\u0103, iar intr\u0103rile fiind \u00eencuiate \u00een permanen\u021b\u0103 \u0219i supravegheate de c\u0103tre personal de paz\u0103; asigurarea hranei acestor beneficiari (o mas\u0103 pe zi) s-a f\u0103cut prin Cantina de Ajutor Social din cadrul DAS Boto\u0219ani \u0219i a fost distribuit\u0103, la ora 15:30, fiec\u0103rui beneficiar, la u\u0219a camerei de cazare, de c\u0103tre personalul de \u00eengrijire sau agentul de paz\u0103. R\u0103spunsul Direc\u021biei de Asisten\u021b\u0103 Social\u0103 Boto\u0219ani (DAS Boto\u0219ani) sublinia \u0219i faptul c\u0103 nu exist\u0103 cadru legal privind asigurarea unor produse de baz\u0103 pentru igiena intim\u0103 a persoanelor f\u0103r\u0103 ad\u0103post.<br \/>\nApreciind c\u0103 nu au fost acordate servicii sociale adecvate persoanelor f\u0103r\u0103 ad\u0103post, \u00eentruc\u00e2t intervenind pentru salvgardarea st\u0103rii de s\u0103n\u0103tate \u015fi siguran\u021b\u0103 a grupurilor vulnerabile, administra\u021bia public\u0103 local\u0103 nu poate sacrifica alte drepturi fundamentale ale beneficiarilor, \u00eenc\u0103lca principii proprii asisten\u021bei sociale sau cobor\u00ee sub standarde minime de calitate aplicabile furnizorilor de asisten\u021b\u0103 social\u0103, Avocatul Poporului a adresat conducerii Direc\u021biei de Asisten\u021b\u0103 Social\u0103-DAS Boto\u0219ani, Recomandarea nr. 67 privind protec\u021bia social\u0103 a persoanelor f\u0103r\u0103 ad\u0103post \u00een perioada urgen\u021belor publice, \u00een vederea \u00eembun\u0103t\u0103\u021birii r\u0103spunsului administra\u021biei la situa\u021bii precum cea investigat\u0103, prin care se recomanda conducerii DAS Boto\u0219ani ca, \u00een exercitarea competen\u021belor legale ce \u00eei revin: &#8211; s\u0103 identifice \u0219i instituie m\u0103surile necesare pentru ca persoanelor f\u0103r\u0103 ad\u0103post s\u0103 li se asigure 3 mese pe zi, \u00een perioadele \u00een care, din motiv de urgen\u021b\u0103 public\u0103, r\u0103m\u00e2n \u00een ad\u0103post pentru 24 de ore sau mai mult. De asemenea, s\u0103 aib\u0103 \u00een vedere \u0219i asigurarea de produse de baz\u0103 pentru igiena intim\u0103; &#8211; s\u0103 includ\u0103 aceste m\u0103suri \u00een strategia local\u0103 de dezvoltare a serviciilor sociale, pe termen mediu \u0219i lung.<\/p>\n<p>Conducerea DAS Boto\u0219ani a informat institu\u021bia Avocatul Poporului c\u0103 \u0219i-a \u00eensu\u0219it Recomandarea nr 67, astfel \u00eenc\u00e2t, \u201e\u00een conformitate cu prevederile art. 3 din Anexa nr. 2 la HG nr. 797\/2017, Direc\u021bia de Asisten\u021b\u0103 Social\u0103 Boto\u0219ani elaboreaz\u0103 \u00een prezent, \u00een concordan\u021b\u0103 cu strategiile na\u021bionale \u0219i jude\u021bene, precum \u0219i cu nevoile locale identificate, strategia local\u0103 de dezvoltare a serviciilor sociale pentru perioada 2023-2028, \u021bin\u00e2nd cont de Recomandarea Avocatului Poporului nr. 67\/2021, pe care o va propune, spre aprobare, Consiliului Local al Municipiului Boto\u0219ani\u201d.<\/p>\n<\/div>\n<\/div>\n\n\n<div class=\"sp-wrap sp-wrap-default\">\n<div class=\"sp-head\" title=\"Expand\">\nDosar nr. 4945\/2021 (rezumat)-Avocatul Poporului a ajutat o persoan\u0103 cu dizabilit\u0103\u021bi, \u00eencadrat\u0103 \u00een grad de handicap grav cu drept de asistent personal, s\u0103 \u00ee\u0219i ob\u021bin\u0103 indemniza\u021bia ce i se cuvenea, potrivit legii, pentru perioada \u00een care asistentul s\u0103u personal se aflase \u00een concediu medical\n<\/div>\n<div class=\"sp-body folded\">\n<p>Petenta, domiciliat\u0103 \u00een jude\u021bul Constan\u021ba, s-a pl\u00e2ns institu\u021biei Avocatul Poporului c\u0103 prim\u0103ria comunei, angajatorul asistentului s\u0103u personal, nu \u00eei acordase indemniza\u021bia de asistent personal la care era \u00eendrept\u0103\u021bit\u0103 potrivit legii, pentru perioada \u00een care asistentul personal se aflase \u00een concediu medical. Din aceast\u0103 cauz\u0103, nu a dispus de suma necesar\u0103 acoperirii cheltuielilor cu plata unui alt asistent \u00een perioada indicat\u0103, \u0219i a solicitat sprijinul Avocatului Poporului pentru recuperarea banilor.<\/p>\n<p>\u00cen urma demersurilor \u00eentreprinse de institu\u021bia Avocatul Poporului pe l\u00e2ng\u0103 conducerea prim\u0103riei, persoanei cu dizabilit\u0103\u021bi i-a fost acordat\u0103 indemniza\u021bia pentru perioada \u00een care asistentul personal al acesteia fusese \u00een concediu medical.<\/p>\n<\/div>\n<\/div>\n\n\n<div class=\"sp-wrap sp-wrap-default\">\n<div class=\"sp-head\" title=\"Expand\">\nDosar nr. 224\/2021 (rezumat)-Avocatul Poporului a intervenit pentru ca unui pensionar s\u0103-i fie explicat pe \u00een\u021belesul s\u0103u, r\u0103spunsul casei de pensii, astfel \u00eenc\u00e2t s\u0103 nu-i fie afectat dreptul fundamental la peti\u021bionare, care este unul dintre drepturile garan\u021bii, constituind o garan\u0163ie juridic\u0103 general\u0103 pentru alte drepturi \u015fi libert\u0103\u0163i\n<\/div>\n<div class=\"sp-body folded\">\n<p>Peti\u021bionarul a solicitat sprijinul institu\u021biei Avocatul Poporului, pl\u00e2ng\u00e2ndu-se c\u0103 nu a \u00een\u021beles r\u0103spunsul prin care casa de pensii \u00eei respinsese cererea de a-i fi valorificat\u0103 -la stabilirea drepturilor de pensie- o adeverin\u021b\u0103 de \u00eencadrare \u00een grupa a II-a de munc\u0103.<\/p>\n<p>Analiz\u00e2nd r\u0103spunsul la care f\u0103cea referire petentul, Avocatul Poporului a considerat oportun s\u0103 se adreseze Casei Jude\u021bene de Pensii Hunedoara, solicit\u00e2ndu-i s\u0103 clarifice, pe \u00een\u021belesul petentului, motivul respingerii cererii, exprimat prin sintagma \u201enominalizare incorect\u0103\u201d \u0219i s\u0103 acorde petentului pensionar \u00eendrum\u0103rile necesare privind c\u0103ile posibile de corectare a acestei situa\u021bii.<br \/>\n\u00cen urma demersurilor \u00eentreprinse, Casa Jude\u021bean\u0103 de Pensii Hunedoara a r\u0103spuns l\u0103murind petentul c\u0103 nu i-a putut fi valorificat\u0103 adeverin\u021ba care atest\u0103 anii de munc\u0103 \u00een grupa a II-a, pentru c\u0103 nu \u00eendeplinea condi\u021biile de form\u0103 cerute de lege.<br \/>\nAceasta a ar\u0103tat c\u0103 potrivit legii aplicabile, nominalizarea persoanelor care se \u00eencadreaz\u0103 \u00een grupa a II &#8211; a de munc\u0103 (precum \u0219i \u00een grupa I) se face de c\u0103tre conducerea unit\u0103\u021bilor (\u00eempreun\u0103 cu sindicatele libere din unit\u0103\u021bi), \u021bin\u00e2ndu-se seama de condi\u021biile concrete \u0219i deosebite de munc\u0103: nivelul noxelor existente, suprasolicitare fizic\u0103 sau nervoas\u0103, risc deosebit de explozie, iradiere sau infectare etc. Casa de pensii i-a explicat petentului c\u0103 \u201enominaliz\u0103rile\u201d sunt acele acte oficiale \u0219i documente justificative, \u00eentocmite de angajatori, prin care se dovede\u0219te \u00eencadrarea \u00een grup\u0103 superioar\u0103 de munc\u0103 (grupa a II-a, \u00een cazul s\u0103u). Acestea pot fi : decizii interne, procese-verbale, fi\u0219e de post, state de plat\u0103, pontaje sau alte acte administrative verificabile, existente \u00een arhiva unit\u0103\u021bii angajatoare sau, dup\u0103 caz, a de\u021bin\u0103torului legal al arhivei. Or, \u00een cazul adeverin\u021bei depuse de petent, la rubrica \u201eactul de nominalizare\u201d, fusese trecut \u201dOrdinul nr. 50\/1990&#8243; \u00een mod gre\u0219it, deoarece acesta nu este un act administrativ al unit\u0103\u021bii angajatoare, ci un act normativ.<\/p>\n<p>\u00cen concluzie, pentru ca adeverin\u021ba s\u0103-i poat\u0103 fi valorificat\u0103 la stabilirea drepturilor de pensie, petentul a fost \u00eendrumat s\u0103 se adreseze de\u021bin\u0103torului arhivei, solicit\u00e2nd conformarea la prevederile legale, \u00een modul ar\u0103tat.<\/p>\n<\/div>\n<\/div>\n\n<p><em style=\"color: #ff0000;\"><strong>2020<\/strong><\/em><\/p>\n\n<div class=\"sp-wrap sp-wrap-default\">\n<div class=\"sp-head\" title=\"Expand\">\nDosar nr. 23056\/2020 (rezumat)-\u00cen urma interven\u021biei institu\u0163iei Avocatul Poporului, o persoan\u0103 cu dizabilit\u0103\u021bi a ob\u021binut un loc de parcare de re\u0219edin\u021b\u0103, \u00een proximitatea imobilului unde locuia\n<\/div>\n<div class=\"sp-body folded\">\n<p>Petentul s-a pl\u00e2ns Avocatului Poporului c\u0103, \u00een ciuda diligen\u021belor repetate depuse pe l\u00e2ng\u0103 Administra\u021bia Domeniului Public \u0219i Dezvolt\u0103rii Urbane Sector 6, nu a putut ob\u021bine un loc de parcare de re\u0219edin\u021b\u0103, de\u0219i s-au eliberat locuri de parcare \u00een proximitatea imobilului unde locuie\u0219te.<\/p>\n<p>Avocatul Poporului s-a adresat Administra\u021biei Domeniului Public \u0219i Dezvolt\u0103rii Urbane Sector 6, solicit\u00e2ndu-i m\u0103suri \u00een concordan\u021b\u0103 cu prevederile legale, \u00een considerarea dreptului prioritar al persoanei cu dizabilit\u0103\u021bi la asigurarea unui loc de parcare de re\u0219edin\u021b\u0103.<br \/>\n\u00cen urma demersurilor \u00eentreprinse, Administra\u021bia Domeniului Public \u0219i Dezvolt\u0103rii Urbane Sector 6 ne-a comunicat c\u0103 dup\u0103 \u00eemplinirea termenului scadent de plat\u0103 al tarifelor de parcare (sf\u00e2r\u0219itul lunii martie), locurile de parcare r\u0103mase neachitate vor fi redistribuite, iar petentul va fi considerat prioritate, \u00een vederea atribuirii cu celeritate a unui loc de parcare.<\/p>\n<p>\u00cen februarie 2020, petentul ne-a informat c\u0103 i-a fost atribuit deja locul de parcare de re\u0219edin\u021b\u0103 solicitat.<\/p>\n<\/div>\n<\/div>\n\n\n<div class=\"sp-wrap sp-wrap-default\">\n<div class=\"sp-head\" title=\"Expand\">\nDosar nr. 17287\/2020 (rezumat)-Avocatul Poporului s-a sesizat din oficiu privitor la situa\u021bia a zeci de persoane cu dizabilit\u0103\u021bi (aflate \u00een scaun cu rotile sau nev\u0103z\u0103toare) care s-au sim\u021bit umilite c\u00e2nd le-a fost respins\u0103 solicitarea de a beneficia de facilit\u0103\u021bi pentru persoanele cu handicap, la accesul \u00een Salina Sl\u0103nic Prahova\n<\/div>\n<div class=\"sp-body folded\">\n<div class=\"spdiv\">[collapse]<\/div>\n<\/div>\n<\/div>\n\n\n<div class=\"sp-wrap sp-wrap-default\">\n<div class=\"sp-head\" title=\"Expand\">\nDosar nr. 12217\/2020 (rezumat)-Avocatul Poporului a ajutat o persoan\u0103 cu dizabilit\u0103\u021bi din jude\u021bul Ia\u0219i, s\u0103-\u0219i ob\u021bin\u0103 un act de identitate valabil, \u00eentruc\u00e2t, \u00een lipsa acestuia, timp de c\u00e2teva luni, nu \u00ee\u0219i mai putuse ridica indemniza\u021bia de handicap de la CEC Bank\n<\/div>\n<div class=\"sp-body folded\">\n<p>Petentul se adresase Serviciului Public Comunitar Local de Eviden\u021b\u0103 a Persoanelor T\u00e2rgu Frumos, dar cererea de eliberare a unui nou act de identitate \u00eei fusese respins\u0103, petentul -persoan\u0103 cu dizabilit\u0103\u021bi mintale- ne\u00een\u021beleg\u00e2nd exact de ce. \u00centruc\u00e2t indemniza\u021bia de handicap constituia singurul s\u0103u venit, s-a adresat Avocatului Poporului semnal\u00e2ndu-i situa\u021bia dificil\u0103 \u00een care se afl\u0103, \u00een lipsa actului de identitate fiind practic l\u0103sat f\u0103r\u0103 mijloace de subzisten\u021b\u0103.<\/p>\n<p>Avocatul Poporului a supus aten\u021biei conducerii Serviciului Public Comunitar Local de Eviden\u021b\u0103 a Persoanelor T\u00e2rgu Frumos situa\u0163ia petentului, solicit\u00e2nd ca, \u021bin\u00e2nd cont de faptul c\u0103 petentul face parte din categoria persoanelor vulnerabile, s\u0103 ne ajute \u00een l\u0103murirea c\u00e2t mai grabnic\u0103 a situa\u021biei sale, astfel \u00eenc\u00e2t aceasta s\u0103 ob\u021bin\u0103 un act de identitate valabil, pe baza c\u0103ruia s\u0103 \u00ee\u0219i poat\u0103 accesa indemniza\u021bia de handicap.<\/p>\n<p>\u00cen urma demersurilor \u00eentreprinse, Serviciul Public Comunitar Local de Eviden\u021b\u0103 a Persoanelor-T\u00e2rgu Frumos ne-a adus la cuno\u0219tin\u021b\u0103, prin Compartimentul de stare civil\u0103, c\u0103 petentul a fost pus \u00een legalitate prin emiterea unei c\u0103r\u021bi de identitate provizorii, cu men\u021biunea \u201elips\u0103 locuin\u021b\u0103\u201d.<\/p>\n<\/div>\n<\/div>\n\n\n<div class=\"sp-wrap sp-wrap-default\">\n<div class=\"sp-head\" title=\"Expand\">\nDosar nr. 2222\/2020 (rezumat)-Avocatul Poporului a intervenit \u00een cazul persoanelor \u00eencadrate \u00een grad de handicap grav f\u0103r\u0103 asistent personal c\u0103rora casele de pensii le condi\u021bionau eliberarea biletului de tratament gratuit, de existen\u021ba unei persoane care s\u0103-i \u00eenso\u021beasc\u0103 la tratament (de\u0219i handicapul pe care \u00eel au nu necesit\u0103 un asistent personal)\n<\/div>\n<div class=\"sp-body folded\">\n<p>Petentul a supus aten\u021biei Avocatului Poporului aceast\u0103 practic\u0103 a caselor de pensii (c\u0103rora i se supusese, \u00een anii preceden\u021bi), preciz\u00e2nd c\u0103 le \u00eengreuneaz\u0103 persoanelor \u00eencadrate \u00een grad de handicap grav f\u0103r\u0103 asistent personal ob\u021binerea biletului de tratament la care sunt \u00eendrept\u0103\u021bi\u021bi, potrivit legii, ridic\u00e2ndu-le probleme suplimentare: identificarea unui \u00eenso\u021bitor dispus s\u0103 mearg\u0103 \u00eempreun\u0103 cu ei la tratament, depunerea actelor acestuia iar, \u00een caz c\u0103 intervine ceva \u0219i \u00eenso\u021bitorul nu-i mai poate \u00eenso\u021bi, \u00eentreprinderea unor demersuri pentru recuperarea banilor achita\u021bi de \u00eenso\u021bitor (\u00eentruc\u00e2t biletul la tratament este gratuit doar pentru persoana cu handicap grav, \u00eens\u0103 pentru \u00eenso\u021bitor se percepe o contribu\u021bie individual\u0103).<\/p>\n<p>Avocatul Poporului a supus aten\u021biei conducerii Casei Na\u021bionale de Pensii Publice (CNPP) situa\u0163ia sesizat\u0103 de petent, solicit\u00e2nd l\u0103muriri referitor la temeiul legal al condi\u021bion\u0103rii privind existen\u021ba unui \u00eenso\u021bitor la tratament, impus\u0103 persoanei care posed\u0103 certificat de \u00eencadrare \u00een grad handicap grav f\u0103r\u0103 asistent personal \u0219i solicit\u0103 bilet gratuit de tratament.<\/p>\n<p>\u00cen urma demersurilor \u00eentreprinse, conducerea CNPP ne-a comunicat c\u0103 a emis o Not\u0103 intern\u0103, prin care persoanele cu handicap grav sau pensionarii cu invaliditate gradul I vor putea merge \u00een sta\u021biune f\u0103r\u0103 \u00eenso\u021bitor, \u00een baza unei declara\u021bii pe proprie r\u0103spundere c\u0103 se pot descurca singuri la baza de tratament, ne\u00eenso\u021bi\u021bi.<\/p>\n<\/div>\n<\/div>\n\n\n<div class=\"sp-wrap sp-wrap-default\">\n<div class=\"sp-head\" title=\"Expand\">\nDosar nr. 280\/2020 (rezumat)-Avocatul Poporului s-a sesizat din oficiu privitor la modul \u00een care programele informative ale televiziunilor sunt adaptate pentru persoanele cu deficien\u021be de auz din Rom\u00e2nia, sesizarea din oficiu av\u00e2nd la baz\u0103 unele neajunsuri prezentate pe re\u021beaua de socializare Facebook de persoane din comunitatea celor cu dizabilit\u0103\u021bi de auz\n<\/div>\n<div class=\"sp-body folded\">\n<p>Av\u00e2nd \u00een vedere aspectele prezentate \u00een spa\u021biul public, institu\u021bia Avocatul Poporului a \u00eentreprins demersuri institu\u021bionale pe l\u00e2ng\u0103: Consiliul Na\u021bional al Audiovizualului (CNA), Autoritatea Na\u021bional\u0103 pentru Drepturile Persoanelor cu Dizabilit\u0103\u021bi, Copii \u0219i Adop\u021bii (ANDPDCA) \u0219i Asocia\u021bia Na\u021bional\u0103 a Surzilor din Rom\u00e2nia (ANSR), iar \u00een baza concluziilor cercet\u0103rilor \u00eentreprinse, Avocatul Poporului a adresat conducerii CNA Recomandarea nr. 76\/2020, viz\u00e2nd: conformarea televiziunilor la prevederile legale privind protec\u021bia persoanelor cu handicap de auz \u0219i standardizarea dimensiunilor ferestrei alocate de televiziuni interpretului mimico-gestual, av\u00e2ndu-se \u00een vedere nevoile persoanelor cu dizabilit\u0103\u021bi de auz din Rom\u00e2nia.<\/p>\n<p>\u00cen urma \u00eensu\u0219irii Recomand\u0103rii Avocatului Poporului, a fost emis\u0103 Instruc\u021biunea CNA nr. 3\/22 aprilie 2020, transmis\u0103 radiodifuzorilor \u0219i postat\u0103 pe site-ul institu\u021biei, potrivit c\u0103reia radiodifuzorii au obliga\u021bia de a lua m\u0103surile redac\u021bionale \u0219i tehnice necesare asigur\u0103rii dreptului de acces la serviciile media audiovizuale al persoanelor cu handicap de auz.<\/p>\n<p>Totodat\u0103, Instruc\u021biunea con\u021bine preciz\u0103ri privind dimensiunea \u0219i pozi\u021bionarea ferestrei dedicate interpretului \u00een limbajul mimico-gestual, vestimenta\u021bia interpretului raportat\u0103 la fundal, pentru asigurarea unei vizibilit\u0103\u021bi c\u00e2t mai bune a imaginii \u0219i sincronizarea limbajului mimico-gestual cu sunetul original tradus de interpret sau cu desf\u0103\u0219urarea con\u021binutului comentat. Instruc\u021biunea precizeaz\u0103 c\u0103 programele se vor difuza \u00eenso\u021bite de semnul de avertizare, \u00een conformitate cu dispozi\u021biile legii.<\/p>\n<\/div>\n<\/div>\n\n","protected":false},"excerpt":{"rendered":"<p>2026 Observa\u021bii privind corelarea m\u0103surilor din Planul na\u021bional de ac\u021biune (2024-2029) pentru executarea hot\u0103r\u00e2rilor CEDO \u00een domeniul s\u0103n\u0103t\u0103\u021bii mintale cu recomand\u0103rile Avocatului Poporului \u00een materie (cu referire la recomand\u0103rile din&hellip; <\/p>\n","protected":false},"author":1,"featured_media":0,"parent":303,"menu_order":1,"comment_status":"closed","ping_status":"closed","template":"","meta":{"footnotes":""},"class_list":["post-5207","page","type-page","status-publish","hentry"],"yoast_head":"<!-- This site is optimized with the Yoast SEO plugin v27.4 - https:\/\/yoast.com\/product\/yoast-seo-wordpress\/ -->\n<title>Activitate - Institu\u021bia Avocatul Poporului<\/title>\n<meta name=\"robots\" content=\"index, follow, max-snippet:-1, max-image-preview:large, max-video-preview:-1\" \/>\n<link rel=\"canonical\" href=\"https:\/\/avp.ro\/index.php\/domenii-de-activitate\/domeniul-drepturile-familiei-tinerilor-pensionarilor-persoanelor-cu-handicap\/activitate\/\" \/>\n<meta property=\"og:locale\" content=\"en_US\" \/>\n<meta property=\"og:type\" content=\"article\" \/>\n<meta property=\"og:title\" content=\"Activitate - Institu\u021bia Avocatul Poporului\" \/>\n<meta property=\"og:description\" content=\"2026 Observa\u021bii privind corelarea m\u0103surilor din Planul na\u021bional de ac\u021biune (2024-2029) pentru executarea hot\u0103r\u00e2rilor CEDO \u00een domeniul s\u0103n\u0103t\u0103\u021bii mintale cu recomand\u0103rile Avocatului Poporului \u00een materie (cu referire la recomand\u0103rile din&hellip;\" \/>\n<meta property=\"og:url\" content=\"https:\/\/avp.ro\/index.php\/domenii-de-activitate\/domeniul-drepturile-familiei-tinerilor-pensionarilor-persoanelor-cu-handicap\/activitate\/\" \/>\n<meta property=\"og:site_name\" content=\"Institu\u021bia Avocatul Poporului\" \/>\n<meta property=\"article:modified_time\" content=\"2026-04-07T08:30:03+00:00\" \/>\n<meta name=\"twitter:card\" content=\"summary_large_image\" \/>\n<meta name=\"twitter:label1\" content=\"Est. reading time\" \/>\n\t<meta name=\"twitter:data1\" content=\"205 minutes\" \/>\n<script type=\"application\/ld+json\" class=\"yoast-schema-graph\">{\"@context\":\"https:\\\/\\\/schema.org\",\"@graph\":[{\"@type\":\"WebPage\",\"@id\":\"https:\\\/\\\/avp.ro\\\/index.php\\\/domenii-de-activitate\\\/domeniul-drepturile-familiei-tinerilor-pensionarilor-persoanelor-cu-handicap\\\/activitate\\\/\",\"url\":\"https:\\\/\\\/avp.ro\\\/index.php\\\/domenii-de-activitate\\\/domeniul-drepturile-familiei-tinerilor-pensionarilor-persoanelor-cu-handicap\\\/activitate\\\/\",\"name\":\"Activitate - Institu\u021bia Avocatul Poporului\",\"isPartOf\":{\"@id\":\"https:\\\/\\\/avp.ro\\\/#website\"},\"datePublished\":\"2022-01-31T12:13:45+00:00\",\"dateModified\":\"2026-04-07T08:30:03+00:00\",\"breadcrumb\":{\"@id\":\"https:\\\/\\\/avp.ro\\\/index.php\\\/domenii-de-activitate\\\/domeniul-drepturile-familiei-tinerilor-pensionarilor-persoanelor-cu-handicap\\\/activitate\\\/#breadcrumb\"},\"inLanguage\":\"en-US\",\"potentialAction\":[{\"@type\":\"ReadAction\",\"target\":[\"https:\\\/\\\/avp.ro\\\/index.php\\\/domenii-de-activitate\\\/domeniul-drepturile-familiei-tinerilor-pensionarilor-persoanelor-cu-handicap\\\/activitate\\\/\"]}]},{\"@type\":\"BreadcrumbList\",\"@id\":\"https:\\\/\\\/avp.ro\\\/index.php\\\/domenii-de-activitate\\\/domeniul-drepturile-familiei-tinerilor-pensionarilor-persoanelor-cu-handicap\\\/activitate\\\/#breadcrumb\",\"itemListElement\":[{\"@type\":\"ListItem\",\"position\":1,\"name\":\"Home\",\"item\":\"https:\\\/\\\/avp.ro\\\/\"},{\"@type\":\"ListItem\",\"position\":2,\"name\":\"DOMENII DE ACTIVITATE\",\"item\":\"https:\\\/\\\/avp.ro\\\/index.php\\\/domenii-de-activitate\\\/\"},{\"@type\":\"ListItem\",\"position\":3,\"name\":\"Domeniul drepturile familiei, tinerilor, pensionarilor, persoanelor cu handicap\",\"item\":\"https:\\\/\\\/avp.ro\\\/index.php\\\/domenii-de-activitate\\\/domeniul-drepturile-familiei-tinerilor-pensionarilor-persoanelor-cu-handicap\\\/\"},{\"@type\":\"ListItem\",\"position\":4,\"name\":\"Activitate\"}]},{\"@type\":\"WebSite\",\"@id\":\"https:\\\/\\\/avp.ro\\\/#website\",\"url\":\"https:\\\/\\\/avp.ro\\\/\",\"name\":\"Institu\u021bia Avocatul Poporului\",\"description\":\"People\u2019s Advocate institution - Office of the Ombudsman\",\"publisher\":{\"@id\":\"https:\\\/\\\/avp.ro\\\/#organization\"},\"potentialAction\":[{\"@type\":\"SearchAction\",\"target\":{\"@type\":\"EntryPoint\",\"urlTemplate\":\"https:\\\/\\\/avp.ro\\\/?s={search_term_string}\"},\"query-input\":{\"@type\":\"PropertyValueSpecification\",\"valueRequired\":true,\"valueName\":\"search_term_string\"}}],\"inLanguage\":\"en-US\"},{\"@type\":\"Organization\",\"@id\":\"https:\\\/\\\/avp.ro\\\/#organization\",\"name\":\"Institutia Avocatul Poporului\",\"url\":\"https:\\\/\\\/avp.ro\\\/\",\"logo\":{\"@type\":\"ImageObject\",\"inLanguage\":\"en-US\",\"@id\":\"https:\\\/\\\/avp.ro\\\/#\\\/schema\\\/logo\\\/image\\\/\",\"url\":\"https:\\\/\\\/avp.ro\\\/wp-content\\\/uploads\\\/2020\\\/09\\\/cropped-AP.jpg\",\"contentUrl\":\"https:\\\/\\\/avp.ro\\\/wp-content\\\/uploads\\\/2020\\\/09\\\/cropped-AP.jpg\",\"width\":160,\"height\":146,\"caption\":\"Institutia Avocatul Poporului\"},\"image\":{\"@id\":\"https:\\\/\\\/avp.ro\\\/#\\\/schema\\\/logo\\\/image\\\/\"}}]}<\/script>\n<!-- \/ Yoast SEO plugin. -->","yoast_head_json":{"title":"Activitate - Institu\u021bia Avocatul Poporului","robots":{"index":"index","follow":"follow","max-snippet":"max-snippet:-1","max-image-preview":"max-image-preview:large","max-video-preview":"max-video-preview:-1"},"canonical":"https:\/\/avp.ro\/index.php\/domenii-de-activitate\/domeniul-drepturile-familiei-tinerilor-pensionarilor-persoanelor-cu-handicap\/activitate\/","og_locale":"en_US","og_type":"article","og_title":"Activitate - Institu\u021bia Avocatul Poporului","og_description":"2026 Observa\u021bii privind corelarea m\u0103surilor din Planul na\u021bional de ac\u021biune (2024-2029) pentru executarea hot\u0103r\u00e2rilor CEDO \u00een domeniul s\u0103n\u0103t\u0103\u021bii mintale cu recomand\u0103rile Avocatului Poporului \u00een materie (cu referire la recomand\u0103rile din&hellip;","og_url":"https:\/\/avp.ro\/index.php\/domenii-de-activitate\/domeniul-drepturile-familiei-tinerilor-pensionarilor-persoanelor-cu-handicap\/activitate\/","og_site_name":"Institu\u021bia Avocatul Poporului","article_modified_time":"2026-04-07T08:30:03+00:00","twitter_card":"summary_large_image","twitter_misc":{"Est. reading time":"205 minutes"},"schema":{"@context":"https:\/\/schema.org","@graph":[{"@type":"WebPage","@id":"https:\/\/avp.ro\/index.php\/domenii-de-activitate\/domeniul-drepturile-familiei-tinerilor-pensionarilor-persoanelor-cu-handicap\/activitate\/","url":"https:\/\/avp.ro\/index.php\/domenii-de-activitate\/domeniul-drepturile-familiei-tinerilor-pensionarilor-persoanelor-cu-handicap\/activitate\/","name":"Activitate - Institu\u021bia Avocatul Poporului","isPartOf":{"@id":"https:\/\/avp.ro\/#website"},"datePublished":"2022-01-31T12:13:45+00:00","dateModified":"2026-04-07T08:30:03+00:00","breadcrumb":{"@id":"https:\/\/avp.ro\/index.php\/domenii-de-activitate\/domeniul-drepturile-familiei-tinerilor-pensionarilor-persoanelor-cu-handicap\/activitate\/#breadcrumb"},"inLanguage":"en-US","potentialAction":[{"@type":"ReadAction","target":["https:\/\/avp.ro\/index.php\/domenii-de-activitate\/domeniul-drepturile-familiei-tinerilor-pensionarilor-persoanelor-cu-handicap\/activitate\/"]}]},{"@type":"BreadcrumbList","@id":"https:\/\/avp.ro\/index.php\/domenii-de-activitate\/domeniul-drepturile-familiei-tinerilor-pensionarilor-persoanelor-cu-handicap\/activitate\/#breadcrumb","itemListElement":[{"@type":"ListItem","position":1,"name":"Home","item":"https:\/\/avp.ro\/"},{"@type":"ListItem","position":2,"name":"DOMENII DE ACTIVITATE","item":"https:\/\/avp.ro\/index.php\/domenii-de-activitate\/"},{"@type":"ListItem","position":3,"name":"Domeniul drepturile familiei, tinerilor, pensionarilor, persoanelor cu handicap","item":"https:\/\/avp.ro\/index.php\/domenii-de-activitate\/domeniul-drepturile-familiei-tinerilor-pensionarilor-persoanelor-cu-handicap\/"},{"@type":"ListItem","position":4,"name":"Activitate"}]},{"@type":"WebSite","@id":"https:\/\/avp.ro\/#website","url":"https:\/\/avp.ro\/","name":"Institu\u021bia Avocatul Poporului","description":"People\u2019s Advocate institution - Office of the Ombudsman","publisher":{"@id":"https:\/\/avp.ro\/#organization"},"potentialAction":[{"@type":"SearchAction","target":{"@type":"EntryPoint","urlTemplate":"https:\/\/avp.ro\/?s={search_term_string}"},"query-input":{"@type":"PropertyValueSpecification","valueRequired":true,"valueName":"search_term_string"}}],"inLanguage":"en-US"},{"@type":"Organization","@id":"https:\/\/avp.ro\/#organization","name":"Institutia Avocatul Poporului","url":"https:\/\/avp.ro\/","logo":{"@type":"ImageObject","inLanguage":"en-US","@id":"https:\/\/avp.ro\/#\/schema\/logo\/image\/","url":"https:\/\/avp.ro\/wp-content\/uploads\/2020\/09\/cropped-AP.jpg","contentUrl":"https:\/\/avp.ro\/wp-content\/uploads\/2020\/09\/cropped-AP.jpg","width":160,"height":146,"caption":"Institutia Avocatul Poporului"},"image":{"@id":"https:\/\/avp.ro\/#\/schema\/logo\/image\/"}}]}},"_links":{"self":[{"href":"https:\/\/avp.ro\/index.php\/wp-json\/wp\/v2\/pages\/5207","targetHints":{"allow":["GET"]}}],"collection":[{"href":"https:\/\/avp.ro\/index.php\/wp-json\/wp\/v2\/pages"}],"about":[{"href":"https:\/\/avp.ro\/index.php\/wp-json\/wp\/v2\/types\/page"}],"author":[{"embeddable":true,"href":"https:\/\/avp.ro\/index.php\/wp-json\/wp\/v2\/users\/1"}],"replies":[{"embeddable":true,"href":"https:\/\/avp.ro\/index.php\/wp-json\/wp\/v2\/comments?post=5207"}],"version-history":[{"count":101,"href":"https:\/\/avp.ro\/index.php\/wp-json\/wp\/v2\/pages\/5207\/revisions"}],"predecessor-version":[{"id":15668,"href":"https:\/\/avp.ro\/index.php\/wp-json\/wp\/v2\/pages\/5207\/revisions\/15668"}],"up":[{"embeddable":true,"href":"https:\/\/avp.ro\/index.php\/wp-json\/wp\/v2\/pages\/303"}],"wp:attachment":[{"href":"https:\/\/avp.ro\/index.php\/wp-json\/wp\/v2\/media?parent=5207"}],"curies":[{"name":"wp","href":"https:\/\/api.w.org\/{rel}","templated":true}]}}