{"id":5283,"date":"2022-02-01T11:22:14","date_gmt":"2022-02-01T09:22:14","guid":{"rendered":"https:\/\/avp.ro\/?page_id=5283"},"modified":"2026-03-16T16:01:07","modified_gmt":"2026-03-16T14:01:07","slug":"activitate","status":"publish","type":"page","link":"https:\/\/avp.ro\/index.php\/birouri-teritoriale\/biroul-teritorial-ploiesti\/activitate\/","title":{"rendered":"Activitate"},"content":{"rendered":"<p><span style=\"color: #ff0000;\"><em><strong>2026<\/strong><\/em><\/span><\/p>\n\n<div class=\"sp-wrap sp-wrap-default\">\n<div class=\"sp-head\" title=\"Expand\">\nDosar nr. 4868\/2026 (rezumat) Petentul a solicitat sprijinul Biroului Teritorial Ploie\u0219ti, ar\u0103t\u00e2nd situa\u021bia delicat\u0103 cu care se confrunt\u0103, respectiv faptul c\u0103 de\u0219i s-a adresat, \u00eenc\u0103 din data de 10.07.2025, Casei Jude\u021bene de Pensii Prahova cu o cerere de recalculare a pensiei sale, prin ad\u0103ugarea stagiilor de cotizare realizate dup\u0103 pensionarea sa la limit\u0103 de v\u00e2rst\u0103, nici dup\u0103 7 luni nu a primit o decizie de recalculare \u00een acest sens, fiind dep\u0103\u0219it termenul legal de solu\u021bionare al cererii sale.\n<\/div>\n<div class=\"sp-body folded\">\n<p>Totodat\u0103, petentul a men\u021bionat c\u0103 de\u0219i a solicitat l\u0103muriri \u0219i la ghi\u0219eul Casei Jude\u021bene de Pensii Prahova, decizia de recalculare a drepturilor sale de pensie nu a fost emis\u0103 \u0219i nu se poate bucura de drepturile sale.<\/p>\n<p>Av\u00e2nd \u00een vedere prevederile art. 94 alin. (6), (7), (8), (9) din Legea nr. 360\/2023 privind sistemul public de pensii conform c\u0103rora (6) <em>Pensionarii pentru limit\u0103 de v\u00e2rst\u0103, care realizeaz\u0103 stagiul de cotizare dup\u0103 data \u00eenscrierii la pensie, pot solicita recalcularea pensiei, prin ad\u0103ugarea acestuia,<\/em> \u00een condi\u0163iile legii, o singur\u0103 dat\u0103 \u00eentr-un an calendaristic. (7) <strong>Cererea prev\u0103zut\u0103 la alin. (5) \u015fi (6) se solu\u0163ioneaz\u0103 \u00een termen de 45 de zile de la data \u00eenregistr\u0103rii, prin decizie de recalculare. <\/strong>(8) Termenul prev\u0103zut la alin. (7) <em>poate fi prelungit cu 30 zile \u00een situa\u0163ia \u00een care sunt necesare documente \u015fi\/sau opera\u0163iuni suplimentare pentru solu\u0163ionarea cererii. <\/em>(9) Sumele rezultate \u00een urma aplic\u0103rii prevederilor alin. (5) \u015fi (6) se acord\u0103 \u00eencep\u00e2nd cu luna urm\u0103toare celei \u00een care a fost \u00eenregistrat\u0103 cererea, ne-am adresat Casei Na\u021bionale de Pensii Publice, solicit\u00e2nd luarea m\u0103surilor legale ce se impun.<\/p>\n<p>Ca urmare a demersurilor \u00eentreprinse de institu\u021bia noastr\u0103, Casa Na\u021bional\u0103 de Pensii Publice ne-a comunicat faptul c\u0103 <strong>\u00eencep\u00e2nd cu data de 1.08.2025, drepturile de pensie ale petentului au fost recalculate<\/strong>, prin valorificarea stagiului de cotizare realizat \u00een perioada 1.06.2024 &#8211; 01.08.2025, rezult\u00e2nd o pensie brut\u0103 \u00een cuantum de 6.470 lei. Decizia de recalculare a fost comunicat\u0103 la plat\u0103, iar \u00een luna aprilie 2026, odat\u0103 cu pensia lunii curente, vor fi achitate petentului \u0219i drepturile de pensie restante reprezent\u00e2nd ad\u0103ugare de stagiu de cotizare pentru perioada 01.08.2025-31.03.2026.<\/p>\n<\/div>\n<\/div>\n\n<p><em><strong><span style=\"color: #ff0000;\">2025<\/span><\/strong><\/em><\/p>\n\n<div class=\"sp-wrap sp-wrap-default\">\n<div class=\"sp-head\" title=\"Expand\">\nDosar nr. 31815\/2025 (rezumat) - Peten\u021bii s-au adresat Biroului Teritorial Ploie\u0219ti, sesiz\u00e2nd o posibil\u0103 \u00eenc\u0103lcare a art. 52 \u0219i art. 56 din Constitu\u0163ie, privind dreptul persoanei v\u0103t\u0103mate de o autoritate public\u0103, respectiv contribu\u021biile financiare, de c\u0103tre Prim\u0103ria comunei Bezdead, jude\u021bul D\u00e2mbovi\u021ba. \n<\/div>\n<div class=\"sp-body folded\">\n<p>Astfel, peten\u021bii \u0219i-au exprimat nemul\u021bumirea fa\u0163\u0103 taxa de habitat stabilit\u0103 pentru imobilul ce apar\u021bine tat\u0103lui petentului (decedat) \u0219i petentei, imobil situat pe raza teritorial\u0103 a comunei Bezdead, jude\u021bul D\u00e2mbovi\u021ba, aflat \u00een stare de degradare, subliniind faptul c\u0103 la acest imobil nu locuie\u0219te nicio persoan\u0103 de foarte mult timp, petenta locuind pe raza altui jude\u021b, astfel c\u0103 nu beneficiaz\u0103 de serviciul oferit.<\/p>\n<p>Conform documentelor puse la dispozi\u021bie de c\u0103tre peten\u021bi, de\u0219i au solicitat Prim\u0103riei comunei Bezdead scutirea de la plata taxei de salubrizare (tax\u0103 care apare men\u021bionat\u0103 pe factura de energie electric\u0103 pe numele petentei, fiind \u00een cuantum de 35 lei), solicitarea transmis\u0103 \u00een luna august 2025 nu a fost rezolvat\u0103 \u00een mod favorabil de Prim\u0103ria comunei Bezdead \u0219i Asocia\u021bia de Dezvoltare Intercomunitar\u0103 Management Integrat al De\u0219eurilor din jude\u021bul D\u00e2mbovi\u021ba.<\/p>\n<p>Fa\u0163\u0103 de aspectele prezentate, ne-am adresat Prim\u0103riei comunei Bezdead, jude\u021bul D\u00e2mbovi\u021ba, solicit\u00e2nd verificarea aspectelor \u0219i luarea m\u0103surilor legale ce se impun.<\/p>\n<p>Ca urmare a demersurilor \u00eentreprinse de institu\u021bia noastr\u0103, Prim\u0103ria comunei Bezdead, Jude\u021bul D\u00e2mbovi\u0163a a dispus verificarea aspectelor semnalate de peten\u021bi \u0219i solu\u021bionarea \u00a0cererii privind acordarea scutirii de la plata taxei de salubrizare. \u00cen luna octombrie 2025, a fost efectuat\u0103 o deplasare a unui reprezentant al Prim\u0103riei comunei Bezdead la imobilul \u00een cauz\u0103, constat\u00e2ndu-se c\u0103 acesta este nelocuibil, fiind \u00eencheiat proces verbal de constatare a acestei situa\u021bii.<\/p>\n<p>Av\u00e2nd \u00een vedere cele constatate, reprezentan\u021bii Prim\u0103riei comunei Bezdead au propus scutirea de la plata taxei de salubrizare \u0219i au transmis aceast\u0103 propunere Asocia\u021biei de Dezvoltare Intercomunitar\u0103 Management Integrat al De\u0219eurilor din jude\u021bul D\u00e2mbovi\u021ba, cu solicitarea de a fi solu\u021bionat\u0103.<\/p>\n<p>La data de 27 octombrie 2025, Asocia\u021bia de Dezvoltare Intercomunitar\u0103 Management Integrat al De\u0219eurilor din jude\u021bul D\u00e2mbovi\u021ba a informat Prim\u0103ria comunei Bezdead cu privire la solu\u021bionarea favorabil\u0103 privind scutirea de la plata taxei de salubrizare, care intr\u0103 \u00een vigoare \u00eencep\u00e2nd cu data de 1.11.2025, conform documentelor care atest\u0103 modific\u0103rile survenite.<\/p>\n<p>La data de 31 octombrie 2025, Prim\u0103ria comunei Bezdead a realizat informarea peten\u021bilor cu privire la solu\u021bionarea favorabil\u0103 viz\u00e2nd scutirea de la plata taxei de salubrizare pentru imobil.<\/p>\n<\/div>\n<\/div>\n\n\n<div class=\"sp-wrap sp-wrap-default\">\n<div class=\"sp-head\" title=\"Expand\">\nDosar nr. 29636\/2025 (rezumat) Petentul a solicitat sprijinul Biroului Teritorial Ploie\u0219ti, ar\u0103t\u00e2nd situa\u021bia delicat\u0103 cu care se confrunt\u0103, respectiv faptul c\u0103 de\u0219i s-a adresat, \u00een data de 15.01.2025, Casei Jude\u021bene de Pensii Prahova cu o cerere de recalculare a pensiei sale, prin ad\u0103ugarea stagiilor de cotizare realizate dup\u0103 pensionarea sa la limit\u0103 de v\u00e2rst\u0103, nici dup\u0103 8 luni nu a primit o decizie de recalculare \u00een acest sens, fiind dep\u0103\u0219it termenul legal de solu\u021bionare a cererii sale\n<\/div>\n<div class=\"sp-body folded\">\n<\/p>\n<p style=\"text-align: justify;\">Totodat\u0103, petentul a men\u021bionat c\u0103 a revenit cu numeroase solicit\u0103ri, transmise, prin e-mail, c\u0103tre Casa Jude\u021bean\u0103 de Pensii Prahova, \u00eens\u0103 nu a primit dec\u00e2t promisiuni de solu\u021bionare a sesiz\u0103rilor sale, nefiind emis\u0103 decizia de recalculare a drepturilor sale de pensie.<\/p>\n<p style=\"text-align: justify;\">Av\u00e2nd \u00een vedere prevederile art. 94 alin. (6), (7), (8), (9) din Legea nr. 360\/2023 <em>privind sistemul public de pensii<\/em> conform c\u0103rora \u201d(6) <em>Pensionarii pentru limit\u0103 de v\u00e2rst\u0103, care realizeaz\u0103 stagiul de cotizare dup\u0103 data \u00eenscrierii la pensie, pot solicita recalcularea pensiei, prin ad\u0103ugarea acestuia,<\/em> \u00een condi\u0163iile legii, o singur\u0103 dat\u0103 \u00eentr-un an calendaristic. (7) <strong>Cererea prev\u0103zut\u0103 la alin. (5) \u015fi (6) se solu\u0163ioneaz\u0103 \u00een termen de 45 de zile de la data \u00eenregistr\u0103rii, prin decizie de recalculare. <\/strong>(8) Termenul prev\u0103zut la alin. (7) <em>poate fi prelungit cu 30 zile \u00een situa\u0163ia \u00een care sunt necesare documente \u015fi\/sau opera\u0163iuni suplimentare pentru solu\u0163ionarea cererii. <\/em>(9) Sumele rezultate \u00een urma aplic\u0103rii prevederilor alin. (5) \u015fi (6) se acord\u0103 \u00eencep\u00e2nd cu luna urm\u0103toare celei \u00een care a fost \u00eenregistrat\u0103 cererea\u201d, ne-am adresat <strong>Casei Na\u021bionale de Pensii Publice<\/strong>, solicit\u00e2nd luarea m\u0103surilor legale ce se impun.<\/p>\n<p style=\"text-align: justify;\">Ca urmare a demersurilor \u00eentreprinse, Casa Na\u021bional\u0103 de Pensii Publice ne-a comunicat faptul c\u0103 <em>a fost emis\u0103 Decizia de recalculare a pensiei de limit\u0103 de v\u00e2rst\u0103 din data de 2.10.2025 de c\u0103tre Casa Jude\u021bean\u0103 de Pensii Prahova<\/em>, decizie ce a fost comunicat\u0103 petentului prin po\u0219t\u0103, <em>fiind valorificat stagiul de cotizare realizat ulterior pension\u0103rii, cu plata drepturilor restante.<\/em><\/p>\n<\/div>\n<\/div>\n\n\n<div class=\"sp-wrap sp-wrap-default\">\n<div class=\"sp-head\" title=\"Expand\">\nDosar nr. 26433\/2025 (rezumat) - Petenta a solicitat sprijinul Biroului Teritorial Ploie\u0219ti ar\u0103t\u00e2nd situa\u021bia delicat\u0103 cu care se confrunt\u0103, respectiv faptul c\u0103 \u00een calitate de persoan\u0103 cu handicap \u00een data de 25.02.2025, a depus cerere online c\u0103tre Comisia de circula\u021bie din cadrul Prim\u0103riei Municipiului Ploie\u0219ti, solicit\u00e2nd repartizarea unui loc de parcare gratuit, conform prevederilor Legii nr. 448\/2006 privind protec\u021bia \u0219i promovarea drepturilor persoanelor cu handicap.\n<\/div>\n<div class=\"sp-body folded\">\n<p>Prin r\u0103spunsul din data de 3.03.2025, Prim\u0103ria Municipiului Ploie\u0219ti a comunicat petentei c\u0103 dup\u0103 aprobarea bugetului pe anul 2025, se va emite o comand\u0103 pentru amenajarea unui loc de parcare, \u00eens\u0103 cererea sa nu a fost solu\u021bionat\u0103 nici dup\u0103 6 luni \u0219i nu i s-a atribuit locul de parcare solicitat.<\/p>\n<p>Mai mult, petenta a revenit cu o nou\u0103 solicitare \u00een data de 28.07.2025, \u00eens\u0103 Prim\u0103ria Municipiului Ploie\u0219ti a comunicat petentei \u00een data de 6.08.2025 c\u0103 \u00een perioada urm\u0103toare se inten\u021bioneaz\u0103 a fi implementat proiectul privind Regulamentul de \u00eenfiin\u021bare, atribuire, folosire, organizare \u0219i func\u021bionare a locurilor de parcare, \u00een parc\u0103rile de re\u0219edin\u021b\u0103 \u0219i de domiciliu din municipiul Ploie\u0219ti, \u021bin\u00e2ndu-se seama \u0219i de prevederile Legii nr. 448\/2006 urmeaz\u0103 a fi amenajate \u0219i locuri de parcare speciale \u00een vecin\u0103tatea c\u0103ilor de acces din imobile, nefiindu-i comunicat un r\u0103spuns concret cu privire la data la care se amenajeaz\u0103 un loc de parcare, \u00een proximitatea domiciliului petentei, persoan\u0103 cu handicap, astfel cum prevede legisla\u021bia special\u0103.<\/p>\n<p>Fa\u0163\u0103 de aspectele prezentate, av\u00e2nd \u00een vedere prevederile art. 50 din Constitu\u021bie, conform c\u0103rora <em>Persoanele cu handicap se bucur\u0103 de protec\u0163ie special\u0103. Statul asigur\u0103 realizarea unei politici na\u0163ionale de egalitate a \u015fanselor, de prevenire \u015fi de tratament ale handicapului, \u00een vederea particip\u0103rii efective a persoanelor cu handicap \u00een via\u0163a comunit\u0103\u0163ii, respect\u00e2nd drepturile \u015fi \u00eendatoririle ce revin p\u0103rin\u0163ilor \u015fi tutorilor<\/em> \u0219i dispozi\u021biile art. 65 alin. 5 din Legea nr. 448\/2006 privind protec\u021bia persoanelor cu handicap potrivit c\u0103rora <em>\u00cen spa\u021biile de parcare ale domeniului public \u0219i c\u00e2t mai aproape de domiciliu administratorul acestora <u>repartizeaz\u0103 locuri de parcare gratuit\u0103 persoanelor cu handicap care au solicitat \u0219i au nevoie de astfel de parcare<\/u><\/em>, <strong>legisla\u021bia specific\u0103 necondi\u021bion\u00e2nd acordarea dreptului persoanei cu handicap la un loc de parcare gratuit de existen\u021ba\/adoptarea unui Regulament al locurilor de parcare<\/strong>, ne-am adresat Prim\u0103riei Municipiului Ploie\u0219ti, solicit\u00e2nd luarea m\u0103surilor legale ce se impun.<\/p>\n<p>Ca urmare a demersurilor \u00eentreprinse de institu\u021bia noastr\u0103, Prim\u0103ria Municipiului Ploie\u0219ti\u00a0\u00a0\u00a0\u00a0\u00a0 ne-a comunicat faptul c\u0103 \u00een perioada urm\u0103toare se inten\u021bioneaz\u0103 a fi implementat proiectul privind Regulamentul de \u00eenfiin\u021bare, atribuire, folosire, organizare \u0219i func\u021bionare a locurilor de parcare, \u00een parc\u0103rile de re\u0219edin\u021b\u0103 \u0219i de domiciliu din municipiul Ploie\u0219ti, <strong>nefiind indicat un termen concret <\/strong>\u00een care cererea petentei privind atribuirea unui loc de parcare gratuit, va fi solu\u021bionat\u0103.<\/p>\n<p>Fa\u021b\u0103 de r\u0103spunsul primit, am considerat oportun s\u0103 ne adres\u0103m Agen\u021biei Jude\u021bene pentru Pl\u0103\u021bi \u0219i Inspec\u021bie Social\u0103 Prahova, solicit\u00e2nd efectuarea verific\u0103rilor ce se impun \u0219i luarea m\u0103surilor legale raportat la situa\u021bia delicat\u0103 cu care se confrunt\u0103 petenta, \u00een calitate de persoan\u0103 cu dizabilit\u0103\u021bi, iar prin adresa din 22.10.2025, AJPIS Prahova ne-a informat c\u0103 petentei <strong>i-a fost repartizat \u0219i amenajat locul de parcare solicitat, conform legisla\u021biei \u00een vigoare.<\/strong><\/p>\n<\/div>\n<\/div>\n\n<p style=\"text-align: justify;\">\n<div class=\"sp-wrap sp-wrap-default\">\n<div class=\"sp-head\" title=\"Expand\">\nDosar nr. 24737\/2025 (rezumat) Mama unui de\u021binut ne-a adus la cuno\u0219tin\u021b\u0103 faptul c\u0103 fiul s\u0103u se afl\u0103 momentan \u00een custodia Penitenciarului Ploie\u0219ti, fiind extr\u0103dat din Germania, \u00een baza garan\u021biilor acordate de statul rom\u00e2n, prin Administra\u021bia Na\u021bional\u0103 a Penitenciarelor, \u00een domeniul cooper\u0103rii judiciare interna\u021bionale \u0219i de\u0219i conducerea ANP a dispus, prin decizia din 14.07.2025, suspendarea temporar\u0103 a dispozi\u021biei de transfer la Penitenciarul G\u0103e\u0219ti, aceast\u0103 decizie nu a fost comunicat\u0103 Penitenciarului Ploie\u0219ti, iar fiul s\u0103u urmeaz\u0103 a fi transferat fiindu-i pus\u0103 via\u021ba \u00een pericol\n<\/div>\n<div class=\"sp-body folded\">\n<\/p>\n<p style=\"text-align: justify;\">Fa\u021b\u0103 de aceast\u0103 situa\u021bie, petenta a solicitat sprijin \u0219i luarea unor m\u0103suri pentru comunicarea cu celeritate c\u0103tre Penitenciarul Ploie\u0219ti a respective decizii privind suspendarea temporar\u0103 a dispozi\u021biei de transfer la Penitenciarul G\u0103e\u0219ti, aceasta men\u021bion\u00e2nd c\u0103 fiul s\u0103u urmeaz\u0103 a fi transferat ne\u021bin\u00e2ndu-se cont de respectiva decizie.<\/p>\n<p style=\"text-align: justify;\">Lu\u00e2nd \u00een considerare faptul c\u0103 sesizarea vine din partea unei alte persoane dec\u00e2t cea lezat\u0103 \u00een drepturi \u0219i libert\u0103\u021bi, Avocatul Poporului s-a sesizat din oficiu fiind \u00eentreprinse demersuri scrise la Penitenciarul Ploie\u0219ti \u0219i la Administra\u021bia Na\u021bional\u0103 a Penitenciarelor.<\/p>\n<p style=\"text-align: justify;\">\u00cen urma demersurilor efectuate la institu\u021biile anterior men\u021bionate, din informa\u021biile \u0219i documentele puse la dispozi\u021bie de c\u0103tre acestea, s-au desprins urm\u0103toarele concluzii, respectiv deficien\u021be:<\/p>\n<p style=\"text-align: justify;\">Ca urmare a informa\u021biilor comunicate de c\u0103tre Administra\u021bia Na\u021bional\u0103 a Penitenciarelor \u0219i de c\u0103tre Penitenciarul Ploie\u0219ti, <strong>s-a constatat c\u0103 \u00eentre data transmiterii<\/strong> (<strong>14.07.2025<\/strong>) <strong>de c\u0103tre ANP a adresei prin care se comunica suspendarea transferului de\u021binutului <\/strong><strong>c\u0103tre Penitenciarul Ploie\u0219ti<\/strong> <strong>\u0219i data de 4.08.2025<\/strong> c\u00e2nd <em>reprezentan\u021bii Penitenciarului Ploie\u0219ti au anulat planificarea transferului de\u021binutului \u00een Penitenciarul G\u0103e\u0219ti<\/em>,<strong> s-au scurs 3 s\u0103pt\u0103m\u00e2ni \u00een care reprezentan\u021bii Penitenciarului Ploie\u0219ti nu au \u00eentreprins demersuri pentru operarea corespunz\u0103toare a deciziei ANP de suspendare a transferului de\u021binutului<\/strong>.<\/p>\n<p style=\"text-align: justify;\"><strong>Drept urmare<\/strong>, av\u00e2nd \u00een vedere prevederile art. 2 \u0219i art. 6 alin. (1) din Ordinul nr. 600\/2018 privind aprobarea Codului controlului intern managerial al entit\u0103\u021bilor publice, emis de Secretariatul General al Guvernului, Decizia Directorului General al ANP nr. 844\/13.12.2016 pentru aprobarea Normelor metodologice privind sistemul de control intern managerial \u00een Administra\u021bia Na\u021bional\u0103 a Penitenciarelor \u0219i unit\u0103\u021bile subordonate, <strong>Avocatul Poporului a emis Recomandarea nr. 154\/25.08.2025, c\u0103tre directorul general al Administra\u021biei Na\u021bionale a Penitenciarelor <\/strong>pentru ca, \u00een exercitarea atribu\u021biilor prev\u0103zute de legisla\u021bia \u00een vigoare, s\u0103 \u00eentreprind\u0103 toate demersurile \u0219i s\u0103 dispun\u0103 m\u0103surile legale care s\u0103 conduc\u0103 la:<\/p>\n<ul style=\"text-align: justify;\">\n<li><strong>verificarea situa\u021biei expus\u0103 anterior, luarea m\u0103surilor ce se impun ca urmare a verific\u0103rilor \u00eentreprinse, dar \u0219i pentru asigurarea circuitului intern corespunz\u0103tor al documentelor la nivelul Penitenciarului Ploie\u0219ti,<\/strong> \u00een vederea prevenirii repet\u0103rii unor situa\u021bii similare celei expuse anterior, \u00eempov\u0103r\u0103toare pentru de\u021binu\u021bi, situa\u021bii ce pot conduce la \u00eenc\u0103lcarea drepturilor acestora, prin \u00eent\u00e2rzierile \u00eenregistrate \u00een operarea documentelor comunicate Penitenciarului Ploie\u0219ti;<\/li>\n<li><strong>\u00eentocmirea unei proceduri privind circuitul intern al documentelor la nivelul Penitenciarului Ploie\u0219ti sau revizuirea corespunz\u0103toare a celei existente, dac\u0103 se impune,<\/strong><\/li>\n<li><strong>difuzarea\/redifuzarea procedurii privind circuitul intern al documentelor la nivelul personalului Penitenciarului Ploie\u0219ti.<\/strong><\/li>\n<\/ul>\n<p style=\"text-align: justify;\"><strong>Recomandarea Avocatului Poporului nr. 154\/25.08.2025<\/strong> <strong>a fost \u00eensu\u0219it\u0103<\/strong> <strong>de c\u0103tre conducerea Administra\u021biei Na\u021bionale a Penitenciarelor<\/strong>, dup\u0103 cum urmeaz\u0103:<\/p>\n<p style=\"text-align: justify;\">Prin adresa din 15.09.2025, Administra\u021bia Na\u021bional\u0103 a Penitenciarelor ne-a precizat c\u0103 au fost depuse toate eforturile \u00een vederea respect\u0103rii garan\u021biilor privind condi\u021biile de deten\u021bie asigurate statului german, \u00een procedura de predare \u00een Rom\u00e2nia a respectivului de\u021binut.<\/p>\n<p style=\"text-align: justify;\">Referitor la Recomandarea nr. 154\/2025, ANP a dispus verific\u0103ri la nivelul Penitenciarului Ploie\u0219ti, \u00een vederea identific\u0103rii \u0219i prevenirii vulnerabilit\u0103\u021bilor \u00een circuitul intern al documentelor<em>.<\/em><\/p>\n<p style=\"text-align: justify;\">\u00cen acest sens, s-a constatat c\u0103 adresa din 11.07.2025, transmis\u0103 de ANP prin e-mail, \u00een data de 14.07.2025, a fost \u00eenregistrat\u0103 la Penitenciarul Ploie\u0219ti \u00een data de 14.07.2025, fiind repartizat\u0103 rezolutiv structurilor responsabile \u00een aceea\u0219i zi, prin e-mail.<\/p>\n<p style=\"text-align: justify;\">Conducerea Penitenciarului Ploie\u0219ti a transmis c\u0103 a decis la nivel local, \u00een cadrul consiliului de conducere din data de 9.05.2025 (\u021bin\u00e2nd cont de adresa ANP din 8.04.2025 privind reducerile de cheltuieli) ca \u00een situa\u021bia \u00een care unei adrese\/lucr\u0103ri i se aloc\u0103 mai multe compartimente responsabile, aceasta va fi scanat\u0103 \u0219i transmis\u0103 prin e-mail c\u0103tre compartimente.<\/p>\n<p style=\"text-align: justify;\">Totodat\u0103, s-a constatat c\u0103 adresa din 11.07.2025 <strong>nu a fost prelucrat\u0103 la timp<\/strong> cu toate sectoarele de activitate vizate pe fondul efectu\u0103rii concediilor de odihn\u0103 planificate \u00een timpul perioadei de var\u0103<em>.<\/em> Mai mult, aceast\u0103 situa\u021bie a fost una punctual\u0103, nefiind constatate alte disfunc\u021bionalit\u0103\u021bi \u00een circuitul intern al documentelor \u00een cadrul locului de de\u021binere<em>.<\/em><\/p>\n<p style=\"text-align: justify;\">Cu scopul prevenirii unor astfel de disfunc\u021bionalit\u0103\u021bi, <strong>\u00eentreg personalul unit\u0103\u021bii a fost reinstruit, pe baz\u0103 de semn\u0103tur\u0103, <\/strong>cu privire la prevederile Deciziei directorului general al Administra\u021biei Na\u021bionale a Penitenciarelor nr. 664\/30.10.2024 pentru aprobarea Instruc\u021biunilor privind activitatea de secretariat, registratur\u0103, arhiv\u0103 \u0219i rela\u021bii cu publicul \u00een unit\u0103\u021bile din subordinea ANP. Mai mult, administra\u021bia locului de de\u021binere a transmis c\u0103, \u00een prezent, circuitul intern al documentelor respect\u0103 dispozi\u021biile legale anterior precizate.\u00a0<\/p>\n<\/div>\n<\/div>\n<\/p>\n<p style=\"text-align: justify;\">\n<div class=\"sp-wrap sp-wrap-default\">\n<div class=\"sp-head\" title=\"Expand\">\nDosar nr. 18703\/2025 (rezumat) \u00cen data de 18 iunie 2025, \u00een presa local\u0103 (https:\/\/ www.observatorulph.ro) a fost publicat articolul intitulat Dosar penal \u00eentocmit sub aspectul s\u0103v\u00e2r\u0219irii infrac\u021biunii de violen\u021b\u0103 \u00een familie\n<\/div>\n<div class=\"sp-body folded\">\n<\/p>\n<p style=\"text-align: justify;\">Potrivit informa\u021biilor difuzate \u00een pres\u0103, o femeie a fost agresat\u0103 de fostul so\u021b \u00eentr-un magazin din Ploie\u0219ti, \u00een data de 17 iunie 2025. Acesta nu se afla la primul act de acest fel, fiind recidivist \u0219i plasat sub control judiciar pentru fapte s\u0103v\u00e2r\u0219ite \u00een noiembrie 2024. Potrivit surselor, agresiunea ar fi avut loc \u00eentr-un magazin de produse alimentare, situat pe strada Bahluiului din zona de vest a Ploie\u0219tiului.<\/p>\n<p style=\"text-align: justify;\">Ca urmare a propunerii Biroului Teritorial Ploie\u0219ti, <strong>Avocatul Poporului s-a sesizat din oficiu<\/strong> \u0219i a dispus efectuarea unor demersuri scrise la: <em>Inspectoratul Jude\u021bean de Poli\u021bie Prahova, Direc\u021bia General\u0103 de Asisten\u021b\u0103 Social\u0103 \u0219i Protec\u021bia Copilului Prahova \u0219i Administra\u021bia Serviciilor Sociale Comunitare Ploie\u0219ti.<\/em><\/p>\n<p style=\"text-align: justify;\">Aspectele verificate au vizat posibila \u00eenc\u0103lcare a prevederilor <em>art. 22 \u0219i art. 49 din Constitu\u0163ia Rom\u00e2niei, republicat\u0103, <\/em>privind dreptul la via\u021b\u0103, la integritate fizic\u0103 \u0219i psihic\u0103, respectiv protec\u021bia copiilor \u0219i a tinerilor.<\/p>\n<p style=\"text-align: justify;\"><strong><em>\u00cen urma demersurilor efectuate la institu\u021biile anterior men\u021bionate, din informa\u021biile \u0219i documentele puse la dispozi\u021bie de c\u0103tre acestea, s-au desprins urm\u0103toarele deficien\u021be:<\/em><\/strong><\/p>\n<p style=\"text-align: justify;\">Cu toate c\u0103 la nivelul IPJ Prahova au fost dispuse m\u0103suri imediate prin interven\u021bia specific\u0103 realizat\u0103 \u00een urma apelului primit la 112, <strong>s-a constatat c\u0103<\/strong> <strong>demersurile Administra\u021biei Serviciilor Sociale Ploie\u0219ti \u0219i Direc\u021biei Generale de Asisten\u021b\u0103 Social\u0103 \u0219i Protec\u021bia Copilului Prahova<\/strong>, pentru <em>identificarea<\/em> <em>gradului de risc \u0219i vulnerabilitate ale victimei, dar \u0219i pentru a stabili nevoile de sprijin<\/em> <em>ale victimei,<\/em> <strong><u>au fost ini\u021biate fie ca urmare a solicit\u0103rii institu\u021biei Avocatul Poporului, fie ca urmare a autosesiz\u0103rii din pres\u0103<\/u><\/strong>, <u>situa\u021bia victimei violen\u021bei domestice nefiind adus\u0103 la cuno\u0219tin\u021ba acestor autorit\u0103\u021bi de c\u0103tre Poli\u021bia Municipiului Ploie\u0219ti \u2013 Sec\u021bia nr. 3 Poli\u021bie.<\/u><\/p>\n<p style=\"text-align: justify;\"><strong>De\u0219i au fost solicitate informa\u021bii reprezentan\u021bilor poli\u021biei cu privire la modul \u00een care s-a realizat colaborarea cu echipa mobil\u0103 \u0219i eventuala sesizare a altor institu\u021bii cu atribu\u021bii specifice \u00een protec\u021bia victimei<\/strong><em> (DGASPC\/DAS\/SPAS), precum \u0219i <\/em><strong>activit\u0103\u021bile derulate pentru prevenirea cazurilor de violen\u021b\u0103 domestic\u0103 <\/strong><em>potrivit Ordinului nr. 20266\/2023<\/em> pentru aprobarea Metodologiei privind m\u0103surile de prevenire a violen\u021bei domestice derulate, \u00een r\u0103spunsul nr. 422409\/9.07.2025 al I.P.J Prahova <strong>nu au fost f\u0103cute men\u021biuni \u00een acest sens.<\/strong><\/p>\n<p style=\"text-align: justify;\">Lu\u00e2nd \u00een considerare legisla\u021bia specific\u0103, raportat la cele anterior expuse,<strong><em> s<\/em>-a apreciat c\u0103 \u00een astfel de cazuri, calitatea interven\u021biei \u0219i cooperarea interdisciplinar\u0103 \u0219i interinstitu\u021bional\u0103 sunt determinante pentru scoaterea victimei din situa\u021bia abuziv\u0103 \u0219i poate conduce, \u00een final, la consolidarea capacit\u0103\u021bii victimei de a lua decizii pertinente \u00een leg\u0103tur\u0103 cu siguran\u021ba \u0219i viitorul ei.<\/strong><\/p>\n<p style=\"text-align: justify;\">Drept urmare, <strong>Avocatul Poporului a emis Recomandarea nr. 142\/6.08.2025<\/strong>,<strong> c\u0103tre<\/strong><strong> \u0219eful Inspectoratului de Poli\u021bie Jude\u021bean Prahova <\/strong>pentru ca, \u00een exercitarea atribu\u021biilor prev\u0103zute de legisla\u021bia \u00een vigoare, s\u0103 \u00eentreprind\u0103 toate demersurile \u0219i s\u0103 dispun\u0103 m\u0103surile legale care s\u0103 conduc\u0103 la:<\/p>\n<ul style=\"text-align: justify;\">\n<li>colaborarea interinstitu\u021bional\u0103 cu reprezentan\u021bii DGASPC Prahova\/DAS\/SPAS (serviciile publice de asisten\u021b\u0103 social\u0103 din cadrul prim\u0103riilor) din jude\u021bul Prahova, cu atribu\u021bii \u00een prevenirea \u0219i gestionarea cazurilor de violen\u021b\u0103 domestic\u0103, prin comunicarea imediat\u0103 a oric\u0103rui caz de violen\u021b\u0103 ori posibil\u0103 violen\u021b\u0103 \u00een familie, \u00een vederea monitoriz\u0103rii de c\u0103tre ace\u0219tia a climatului familial, sprijinirea, \u00eendrumarea victimei;<\/li>\n<li>monitorizarea situa\u021biilor \u00een care exist\u0103 sesiz\u0103ri repetate ale victimelor, av\u00e2nd ca obiect violen\u021ba domestic\u0103, indiferent de confirmarea sau nu a acestor sesiz\u0103ri,<\/li>\n<li>asigurarea preg\u0103tirii \u0219i perfec\u021bion\u0103rii continue a personalului din subordine \u00een ceea ce prive\u0219te prevenirea \u0219i combaterea violen\u021bei domestice;<\/li>\n<li>intensificarea campaniilor de informare \u0219i prevenire a violen\u021bei domestice \u00een jude\u021bul Prahova.<\/li>\n<\/ul>\n<p style=\"text-align: justify;\"><strong>Recomandarea Avocatului Poporului nr. 142\/6.08.2025<\/strong> <strong>a fost \u00eensu\u0219it\u0103<\/strong> de c\u0103tre conducerea Inspectoratului Jude\u021bean de Poli\u021bie Prahova, dup\u0103 cum urmeaz\u0103:<\/p>\n<p style=\"text-align: justify;\">Conducerea IPJ Prahova a \u00eenaintat <strong>Recomandarea Avocatului Poporului nr. 142\/6.08.2025 <\/strong>subunit\u0103\u021bilor teritoriale ale inspectoratului, \u00een vedere \u00eensu\u0219irii \u0219i punerii \u00een aplicare de c\u0103tre poli\u021bi\u0219tii cu atribu\u021bii de interven\u021bie \u0219i gestionare \u00een cazurile de violen\u021b\u0103 domestic\u0103.<\/p>\n<p style=\"text-align: justify;\">Totodat\u0103, la nivelul jude\u021bului Prahova, \u00een cazul sesiz\u0103rilor de violen\u021b\u0103 domestic\u0103, organele de poli\u021bie colaboreaz\u0103 cu reprezentan\u021bii DGASPC Prahova \u0219i cu DAS\/SPAS din cadrul unit\u0103\u021bilor administrativ-teritoriale \u00een vederea instituirii m\u0103surilor de protec\u021bie fa\u021b\u0103 de victime. <strong>La data de 1.08.2025<\/strong>, a intrat \u00een vigoare <em>Metodologia privind supravegherea respect\u0103rii m\u0103surilor dispuse prin ordinele de protec\u021bie provizorii, ordinele de protec\u021bie \u0219i ordinele europene de protec\u021bie, precum \u0219i gestionarea st\u0103rilor conflictuale din sfera violen\u021bei domestice de c\u0103tre structurile Poli\u021biei Rom\u00e2ne,<\/em> <strong>aprobat\u0103 prin<\/strong> <strong>Dispozi\u021bia IGPR nr. 109\/31.07.2025<\/strong> \u00een care <strong>sunt reglementate sarcini concrete pentru poli\u021bi\u0219ti cu privire la modul de colaborare interinstitu\u021bional\u0103 cu autorit\u0103\u021bile cu atribu\u021bii \u00een sfera acord\u0103rii de servicii de asisten\u021b\u0103 social\u0103, inclusiv \u00een situa\u021biile \u00een care exist\u0103 sesiz\u0103ri repetate ale victimelor <u>indiferent dac\u0103 acestea au fost sau nu, confirmate.<\/u><\/strong><\/p>\n<p style=\"text-align: justify;\">La nivelul IPJ Prahova, \u00een cursul anului 2025, au fost organizate \u0219i desf\u0103\u0219urate activit\u0103\u021bi de instruire a poli\u021bi\u0219tilor de ordine public\u0103, prin prisma atribu\u021biilor acestora de a interveni \u0219i gestiona sesiz\u0103rile din domeniul violen\u021bei domestice, \u00een vederea preg\u0103tirii \u0219i perfec\u021bion\u0103rii continue pe aceast\u0103 linie de munc\u0103.<\/p>\n<p style=\"text-align: justify;\">De asemenea, \u00een scopul unei bune colabor\u0103ri interinstitu\u021bionale, \u00eenc\u0103 de la \u00eenceputul anului 2025, poli\u021bi\u0219tii din cadrul Serviciului de Ordine Public\u0103 au organizat mai multe \u00eent\u00e2lniri, la sediul DGASPC Prahova la care au participat reprezentan\u021bi ai institu\u021biei, dar \u0219i ai unit\u0103\u021bilor administrativ-teritoriale (psihologi \u0219i asisten\u021bi sociali), cu atribu\u021bii \u00een domeniul protec\u021biei sociale, ocazie cu care a fost prezentat\u0103 legisla\u021bia din domeniul violen\u021bei domestice \u0219i s-a \u00eencurajat colaborarea dintre institu\u021biile participante.<\/p>\n<p style=\"text-align: justify;\">Poli\u021bi\u0219tii prahoveni desf\u0103\u0219oar\u0103 permanent activit\u0103\u021bi cu scop preventiv \u0219i de informare a popula\u021biei, \u00een domeniul violen\u021bei domestice. De la \u00eenceputul anului 2025 \u0219i p\u00e2n\u0103 \u00een prezent au fost organizate 136 de activit\u0103\u021bi cu 2815 beneficiari \u00een cadrul Programului local de prevenire a violen\u021bei domestice \u0219i a infrac\u021biunilor la via\u021ba sexual\u0103. La data de 25.06.2025, a fost demarat\u0103 Campania de prevenire a violen\u021bei domestice \u201dAi dreptul la o via\u021b\u0103 lini\u0219tit\u0103! Legea e de partea ta!\u201d, fiind desf\u0103\u0219urate 27 de activit\u0103\u021bi cu 376 de beneficiari. Activit\u0103\u021bile vor continua \u00een perioada urm\u0103toare.<\/p>\n<p style=\"text-align: justify;\">Totodat\u0103, at\u00e2t activit\u0103\u021bile cu caracter educativ, c\u00e2t \u0219i rezultatele ob\u021binute de poli\u021bi\u0219ti \u00een instrumentarea cazurilor de impact \u00een domeniul prevenirii \u0219i combaterii violen\u021bei domestice sunt promovate \u00een spa\u021biul public, \u00een scopul de a \u00eencuraja atitudinea \u00eempotriva comportamentelor din aceast\u0103 arie a criminalit\u0103\u021bii, precum \u0219i de a determina victimele s\u0103 solicite ajutorul specializat al poli\u021biei.\u00a0<\/p>\n<div class=\"spdiv\">[collapse]<\/div>\n<\/div>\n<\/div>\n<\/p>\n<p style=\"text-align: justify;\">\n<div class=\"sp-wrap sp-wrap-default\">\n<div class=\"sp-head\" title=\"Expand\">\nDosar nr. 18487\/2025 (rezumat) Institu\u021bia Avocatul Poporului s-a sesizat din oficiu ca urmare a apari\u021biei \u00een pres\u0103 a incidentului din data de 16 iunie 2025, c\u00e2nd o femeie din localitatea Lip\u0103ne\u0219ti a fost lovit\u0103 cu un topor \u00een cap \u0219i a decedat. La scenele de violen\u021b\u0103 au asistat \u0219i copiii victimei. Persoana b\u0103nuit\u0103 de comiterea faptei este concubinul victimei\n<\/div>\n<div class=\"sp-body folded\">\n<\/p>\n<p style=\"text-align: justify;\">Ca urmare a propunerii Biroului Teritorial Ploie\u0219ti, Avocatul Poporului a dispus efectuarea unor demersuri scrise la Inspectoratul Jude\u021bean de Poli\u021bie Prahova, Direc\u021bia General\u0103 de Asisten\u021b\u0103 Social\u0103 \u0219i Protec\u021bia Copilului Prahova \u0219i Administra\u021bia Serviciilor Sociale Comunitare Ploie\u0219ti.<\/p>\n<p style=\"text-align: justify;\">Aspectele verificate au vizat posibila \u00eenc\u0103lcare a prevederilor art. 22 \u0219i art. 49 din Constitu\u0163ie, privind dreptul la via\u021b\u0103, la integritate fizic\u0103 \u0219i psihic\u0103, respectiv protec\u021bia copiilor \u0219i a tinerilor.<\/p>\n<p style=\"text-align: justify;\">\u00cen urma demersurilor efectuate la institu\u021biile anterior men\u021bionate, din informa\u021biile \u0219i documentele puse la dispozi\u021bie de c\u0103tre acestea, s-au desprins urm\u0103toarele concluzii:<\/p>\n<p style=\"text-align: justify;\">Au fost primite informa\u021bii privind demersurile \u00eentreprinse la nivelul <strong>Inspectoratului de Poli\u021bie Jude\u021bean Prahova, afl\u00e2ndu-se \u00een lucru un dosar penal <\/strong>sub aspectul s\u0103v\u00e2r\u0219irii infrac\u021biunii de omor calificat asupra unui membru al familiei. \u00cen cauz\u0103, Tribunalul Prahova a dispus m\u0103sura arest\u0103rii preventive a inculpatului. Dup\u0103 acest incident, au fost dispuse m\u0103suri suplimentare pentru analizarea, monitorizarea \u0219i interven\u021bia organelor de poli\u021bie \u00een cazurile \u00een care exist\u0103 st\u0103ri conflictuale, intensificarea colabor\u0103rii cu SPAS-urile \u0219i DGASPC \u0219i aplicarea cu fermitate a prevederilor Legii nr. 217\/2033 pentru prevenirea \u0219i combaterea violen\u021bei domestice.<\/p>\n<p style=\"text-align: justify;\"><strong>DGASPC Prahova <\/strong>ne-a comunicat c\u0103 dup\u0103 incidentul din 16.06.2025, reprezentan\u021bii Direc\u021biei, \u00eempreun\u0103 cu reprezentantul SPAS din cadrul Prim\u0103riei comunei Lip\u0103ne\u0219ti \u0219i lucr\u0103torii Postului de Poli\u021bie Lip\u0103ne\u0219ti s-au deplasat \u00een data de 17.06.2025, la domiciliul minorilor, unde ace\u0219tia se aflau \u00eempreun\u0103 cu bunica matern\u0103 \u0219i rudele familiei extinse pe linie matern\u0103, fiind purtate discu\u021bii privind situa\u021bia minorilor pentru a verifica dac\u0103 sunt \u00eendeplinite condi\u021biile pentru stabilirea unei m\u0103suri de protec\u021bie special\u0103 la bunica matern\u0103. \u00cen data de 23.06.2025, s-a efectuat o nou\u0103 vizit\u0103 la domiciliul bunicii materne, constat\u00e2ndu-se c\u0103 la domiciliul familiei era prezent\u0103 o echip\u0103 de muncitori, trimis\u0103 de conducerea prim\u0103riei, care demarase deja lucr\u0103rile pentru construc\u021bia imobilului, \u00een vederea \u00eembun\u0103t\u0103\u021birii condi\u021biilor de locuit ale minorilor<em>. <\/em>Situa\u021bia minorilor se afl\u0103 \u00een monitorizarea SPAS Lip\u0103ne\u0219ti \u0219i au fost demarate procedurile privind instituirea tutelei pentru unul dintre minori, dar \u0219i pentru stabilirea domiciliului celeilalte minore la bunica matern\u0103<em>. <\/em><\/p>\n<p style=\"text-align: justify;\"><strong>Prim\u0103ria comunei Lip\u0103ne\u0219ti<\/strong>, jude\u021bul Prahova, ne-a informat c\u0103 <strong>nu au fost \u00eenregistrate sesiz\u0103ri ale organelor de poli\u021bie cu privire la conflictul dintre t\u00e2n\u0103ra decedat\u0103 \u0219i agresor.<\/strong><\/p>\n<p style=\"text-align: justify;\">Din informa\u021biile \u0219i documentele puse la dispozi\u021bia institu\u021biei Avocatul Poporului rezult\u0103 c\u0103 <strong>anterior evenimentului<\/strong>, \u00een anul 2024 a fost realizat\u0103 o anchet\u0103 social\u0103 la aceast\u0103 familie, la solicitarea DGASPC Prahova pentru solu\u021bionarea cererii bunicii materne de stabilire a m\u0103surii de protec\u021bie special\u0103, plasament \u00een familia extins\u0103, motivat\u0103 de faptul c\u0103 p\u0103rin\u021bii aveau o rela\u021bie instabil\u0103 \u0219i \u00ee\u0219i mutau adesea domiciliul. \u00cen con\u021binutul anchetei se men\u021bioneaz\u0103 c\u0103 <strong>familia <\/strong><strong>este cunoscut\u0103 ca o familie conflictual\u0103, pe fondul consumului de alcool<em>,<\/em> au existat numeroase certuri ajung\u00e2ndu-se chiar \u0219i la violen\u021be \u00eentre tat\u0103l copilului care dorea s\u0103-\u0219i ia copilul acas\u0103 \u0219i familia extins\u0103 a mamei copilului<\/strong>, au existat mai multe apeluri la num\u0103rul unic 112 pentru <strong>conflicte care escaladau p\u00e2n\u0103 la violen\u021b\u0103<\/strong>. Totodat\u0103, Prim\u0103ria comunei Lip\u0103ne\u0219ti a precizat c\u0103 au existat numeroase \u00eencerc\u0103ri de mediere a situa\u021biei, dar f\u0103r\u0103 rezultat.<\/p>\n<p style=\"text-align: justify;\">Din documentele puse la dispozi\u021bie, s-a re\u021binut <strong>declara\u021bia concubinei (victima), dat\u0103 \u00een fa\u021ba reprezentan\u021bilor Compartimentului de Asisten\u021b\u0103 Social\u0103 al Prim\u0103riei comunei Lip\u0103ne\u0219ti, \u00eenc\u0103 din data de 15.04.2024, din al c\u0103rei con\u021binut reiese faptul c\u0103 aceasta nu cuno\u0219tea procedurile legale de urmat, mijloacele prin care autorit\u0103\u021bile statului o pot proteja \u00een situa\u021bii de violen\u021b\u0103 domestic\u0103.<\/strong><\/p>\n<p style=\"text-align: justify;\">Raportat la cele anterior expuse, dar \u0219i la legisla\u021bia \u00een vigoare <em>s<\/em>-a apreciat c\u0103 \u00een astfel de cazuri, calitatea interven\u021biei \u0219i cooperarea interdisciplinar\u0103 \u0219i interinstitu\u021bional\u0103 sunt determinante pentru scoaterea victimei din situa\u021bia abuziv\u0103 \u0219i poate conduce, \u00een final, la consolidarea capacit\u0103\u021bii victimei de a lua decizii pertinente \u00een leg\u0103tur\u0103 cu siguran\u021ba \u0219i viitorul ei.<\/p>\n<p style=\"text-align: justify;\">Drept urmare, Avocatul Poporului a emis<strong> Recomandarea nr. 157\/26.08.2025<\/strong>, c\u0103tre primarul comunei Lip\u0103ne\u0219ti, jude\u021bul Prahova pentru ca, \u00een exercitarea atribu\u021biilor prev\u0103zute de legisla\u021bia \u00een vigoare, s\u0103 \u00eentreprind\u0103 toate demersurile \u0219i s\u0103 dispun\u0103 m\u0103surile legale care s\u0103 conduc\u0103 la:<\/p>\n<ul style=\"text-align: justify;\">\n<li>asigurarea unei interven\u021bii prompte \u00een cazurile de violen\u021b\u0103 domestic\u0103, informarea corespunz\u0103toare a victimei violen\u021bei domestice cu privire la mijloacele legale de care dispune pentru ap\u0103rarea drepturilor sale (\u00eencurajarea victimelor violen\u021bei domestice s\u0103 sesizeze organele de poli\u021bie cu privire la eventualele st\u0103ri de pericol \u00een care s-ar putea afla \u0219i s\u0103 solicite emiterea unui ordin de protec\u021bie provizoriu),<\/li>\n<li>monitorizarea situa\u021biilor \u00een care exist\u0103 sesiz\u0103ri repetate ale victimelor, av\u00e2nd ca obiect violen\u021ba domestic\u0103, indiferent de confirmarea sau nu a acestor sesiz\u0103ri,<\/li>\n<li>colaborarea interinstitu\u021bional\u0103 cu reprezentan\u021bii organelor de poli\u021bie, DGASPC Prahova, cu alte servicii publice, prin comunicarea imediat\u0103 a oric\u0103rui caz de violen\u021b\u0103 ori posibil\u0103 violen\u021b\u0103 \u00een familie, \u00een vederea monitoriz\u0103rii \u00eempreun\u0103 cu ace\u0219tia a climatului familial, sprijinirea, \u00eendrumarea victimei;<\/li>\n<li>colaborarea interinstitu\u021bional\u0103 cu reprezentan\u021bii organelor de poli\u021bie, DGASPC Prahova, cu alte servicii publice, precum \u0219i cu ONG-uri, cu atribu\u021bii \u00een prevenirea \u0219i gestionarea cazurilor de violen\u021b\u0103 domestic\u0103, pentru a facilita accesul victimei violen\u021bei domestice la consiliere psihologic\u0103, asisten\u021b\u0103 social\u0103 \u0219i juridic\u0103,<\/li>\n<li>asigurarea preg\u0103tirii \u0219i perfec\u021bion\u0103rii continue a personalului \u00een ceea ce prive\u0219te prevenirea, interven\u021bia \u0219i monitorizarea cazurilor de violen\u021b\u0103 domestic\u0103;<\/li>\n<li>intensificarea campaniilor de informare \u0219i prevenire a violen\u021bei domestice.<\/li>\n<\/ul>\n<p style=\"text-align: justify;\"><strong>Recomandarea <\/strong>Avocatului Poporului nr. 157\/26.08.2025 <strong>a fost \u00eensu\u0219it\u0103<\/strong> de c\u0103tre conducerea Prim\u0103riei comunei Lip\u0103ne\u0219ti, jude\u021bul Prahova, dup\u0103 cum urmeaz\u0103:<\/p>\n<p style=\"text-align: justify;\">La nivelul U.A.T Lip\u0103ne\u0219ti, \u00een urma notific\u0103rilor primite din partea organelor de poli\u021bie ce au avut ca obiect cazurile de violen\u021b\u0103 domestic\u0103, s-au efectuat vizite la domiciliul victimelor, acestea fiind consiliate \u0219i \u00eencurajate s\u0103 sesizeze organele de poli\u021bie \u00een cazul \u00een care se simt \u00een pericol, cazurile de violen\u021b\u0103 fiind monitorizate. Totodat\u0103, s-a precizat c\u0103 exist\u0103 o bun\u0103 colaborare cu reprezentan\u021bii DGASPC Prahova \u0219i cu organele de poli\u021bie \u00een vederea monitoriz\u0103rii \u00eempreun\u0103 cu ace\u0219tia a climatului familial, pentru sprijinirea, \u00eendrumarea victimelor, dar \u0219i pentru facilitarea accesului victimei violen\u021bei domestice la consiliere psihologic\u0103, asisten\u021b\u0103 social\u0103 \u0219i juridic\u0103 \u00een cazul \u00een care se impune aceasta.<\/p>\n<p style=\"text-align: justify;\">\u00cen privin\u021ba preg\u0103tirii profesionale continue a personalului \u00een domeniul prevenirii, interven\u021biei, monitoriz\u0103rii cazurilor de violen\u021b\u0103 domestic\u0103, \u00een m\u0103sura \u00een care legisla\u021bia \u00een domeniu va permite sus\u021binerea financiar\u0103 a acestor cursuri se vor aloca sume cu aceast\u0103 destina\u021bie (la acest moment fiind \u00een vigoare OUG nr. 52\/2025). Referitor la obliga\u021bia de a intensifica campaniile de informare \u0219i prevenire a violen\u021bei domestice, s-a precizat c\u0103 se va duce la \u00eendeplinire prin reluarea constant\u0103 a inform\u0103rii cet\u0103\u021benilor, at\u00e2t prin comunicare direct\u0103, c\u00e2t \u0219i prin intermediul mijloacelor electronice (fiind publicate informa\u021bii at\u00e2t pe pagina de internet a prim\u0103riei, c\u00e2t \u0219i \u00een spa\u021biile publice).\u00a0<\/p>\n<\/div>\n<\/div>\n<\/p>\n<p style=\"text-align: justify;\">\n<div class=\"sp-wrap sp-wrap-default\">\n<div class=\"sp-head\" title=\"Expand\">\nDosar nr. 7886\/2025 (rezumat) - Petentul a solicitat sprijinul Biroului Teritorial Ploie\u0219ti, ar\u0103t\u00e2nd situa\u021bia delicat\u0103 cu care se confrunt\u0103, respectiv faptul c\u0103 de\u0219i \u00een data de 12.02.2025 s-a adresat Prim\u0103riei comunei Lapo\u0219, jude\u021bul Prahova, printr-o cerere transmis\u0103 prin po\u0219t\u0103, cu confirmare de primire, solicit\u00e2nd restituirea impozitului auto \u00eencasat necuvenit, \u00een perioada 2020-2024, de c\u0103tre func\u021bionarul Prim\u0103riei comunei Lapo\u0219 \u00een ciuda faptului c\u0103 a depus dovada domiciliului s\u0103u \u00een municipiul Ploie\u0219ti, petentul achit\u00e2nd deja acest impozit la prim\u0103ria de domiciliu, nu a primit un r\u0103spuns scris, fiind dep\u0103\u0219it termenul legal de solu\u021bionare al peti\u021biei sale.\n<\/div>\n<div class=\"sp-body folded\">\n<p>Astfel, petentul a precizat c\u0103 o copie a actului de identitate care atest\u0103 domiciliul s\u0103u \u00een municipiul Ploie\u0219ti se reg\u0103se\u0219te \u00een dosarul s\u0103u fiscal \u00eenc\u0103 din anul 2020, \u00eens\u0103 func\u021bionarul Prim\u0103riei comunei Lapo\u0219 a continuat s\u0103-i includ\u0103 petentului \u00een calculul impozitelor datorate \u0219i impozitul auto.<\/p>\n<p style=\"text-align: justify;\">Av\u00e2nd \u00een vedere dispozi\u021biile art. 468 alin. (3) din Codul fiscal (Legea nr. 227\/2015) conform c\u0103rora <strong><em>Impozitul pe mijloacele de transport <u>se pl\u0103te\u015fte la bugetul local al unit\u0103\u0163ii administrativ-teritoriale unde persoana \u00ee\u015fi are domiciliul<\/u><\/em><\/strong><em>, sediul sau punctul de lucru, dup\u0103 caz<\/em>, coroborate cu prevederile art. 168 alin. (1), (2) din Codul de procedur\u0103 fiscal\u0103 (Legea nr. 207\/2015) potrivit c\u0103rora <em>(1<strong>) <\/strong>Se restituie, la cerere, contribuabilului\/pl\u0103titorului orice sum\u0103 pl\u0103tit\u0103 sau \u00eencasat\u0103 f\u0103r\u0103 a fi datorat\u0103. (2) \u00cen situa\u0163ia \u00een care s-a f\u0103cut o plat\u0103 f\u0103r\u0103 a fi datorat\u0103, cel pentru care s-a f\u0103cut astfel plata are dreptul la restituirea sumei respective<\/em>, ne-am adresat Prim\u0103riei comunei Lapo\u0219, jude\u021bul Prahova, solicit\u00e2nd luarea cu celeritate a m\u0103surilor legale ce se impun.<\/p>\n<p style=\"text-align: justify;\">Ca urmare a demersurilor \u00eentreprinse de institu\u021bia noastr\u0103, Prim\u0103ria comunei Lapo\u0219, jude\u021bul Prahova a procedat la verificarea aspectelor sesizate de petent, iar prin adresa din data de 4.04.2025 ne-a informat c\u0103 a fost solu\u021bionat\u0103 favorabil cererea petentului de restituire a sumelor \u00eencasate necuvenit \u00een perioada 2020-2024, fiindu-i restituit\u0103 suma de 310 lei, \u00een data de 4.04.2025, \u00een numerar, conform procesului-verbal semnat de petent.<\/p>\n<\/div>\n<\/div>\n<\/p>\n<p style=\"text-align: justify;\">\n<div class=\"sp-wrap sp-wrap-default\">\n<div class=\"sp-head\" title=\"Expand\">\nDosar nr. 5431\/2025 (rezumat) Petenta a solicitat sprijinul Biroului Teritorial Ploie\u0219ti ar\u0103t\u00e2nd situa\u021bia delicat\u0103 cu care se confrunt\u0103, respectiv faptul c\u0103 s-a adresat, \u00een data de 14.01.2025, Prim\u0103riei Municipiului Ploie\u0219ti, prin po\u0219t\u0103, cu confirmare de primire, solicit\u00e2nd sprijin pentru a i se atribui o alt\u0103 locuin\u021b\u0103 social\u0103 corespunz\u0103toare gradului de handicap grav de care sufer\u0103, deplas\u00e2ndu-se cu foarte mare greutate \u0219i fiindu-i imposibil s\u0103 ajung\u0103 la grupul sanitar sau la buc\u0103t\u0103ria folosite \u00een comun de to\u021bi locatarii imobilului respectiv, \u00eens\u0103 nu a primit un r\u0103spuns scris, cu toate c\u0103 a fost dep\u0103\u0219it termenul legal de solu\u021bionare a peti\u021biei sale\n<\/div>\n<div class=\"sp-body folded\">\n<\/p>\n<p style=\"text-align: justify;\">Totodat\u0103, petenta a precizat c\u0103 se afl\u0103 \u00eentr-o situa\u021bie disperat\u0103 \u00eentruc\u00e2t i-au fost ignorate toate cererile de\u0219i s-a adresat \u00een ultimii ani, \u00een repetate r\u00e2nduri, conducerii Prim\u0103riei Municipiului Ploie\u0219ti solicit\u00e2nd sprijin \u00een sensul identific\u0103rii unei solu\u021bii <em>pentru a i se repartiza o alt\u0103 locuin\u021b\u0103 social\u0103 \u00een care grupul sanitar \u0219i buc\u0103t\u0103ria s\u0103 poat\u0103 fi accesibile pentru o persoan\u0103 cu dizabilit\u0103\u021bi locomotorii<\/em>, <u>locuin\u021ba social\u0103 \u00een care locuie\u0219te afl\u00e2ndu-se la etajul 4 al imobilului respectiv, petenta neput\u00e2ndu-se deplasa afar\u0103 de ani de zile, neput\u00e2nd folosi grupul sanitar sau buc\u0103t\u0103ria, ambele afl\u00e2ndu-se la cap\u0103tul holului \u0219i fiind folosite \u00een comun, ceea ce face imposibil\u0103 utilizarea acestora de c\u0103tre petent\u0103,<\/u> <em>av\u00e2nd \u00een vedere dizabilitatea grav\u0103 locomotorie de care sufer\u0103.<\/em><\/p>\n<p style=\"text-align: justify;\">Av\u00e2nd \u00een vedere prevederile art. 43 din Legea locuin\u021bei nr. 114\/2006, republicat\u0103, dar \u0219i dispozi\u021biile art. 20 din Legea nr. 448\/2006 privind protec\u021bia \u0219i promovarea drepturilor persoanelor cu handicap, republicat\u0103, lu\u00e2nd \u00een considerare situa\u021bia delicat\u0103 cu care se confrunta petenta (\u00eencadrat\u0103 \u00een gradul de handicap grav- handicap locomotoriu), \u021bin\u00e2nd cont de necesitatea asigur\u0103rii condi\u021biilor de trai decent pentru o persoan\u0103 cu handicap grav, greu deplasabil\u0103, <strong>am solicitat Prim\u0103riei Municipiului Ploie\u0219ti \u0219i Administra\u021biei Serviciilor Sociale Comunitare Ploie\u0219ti <\/strong><em>verificarea situa\u021biei expuse anterior \u0219i identificarea unei solu\u021bii de atribuire a unei locuin\u021be sociale \u00een care petenta s\u0103 poat\u0103 avea acces facil la grupul sanitar, buc\u0103t\u0103rie, s\u0103 poat\u0103 ie\u0219i afar\u0103 dup\u0103 ani \u00een care nu a putut accesa condi\u021bii minime decente de locuit.<\/em><\/p>\n<p style=\"text-align: justify;\">Ca urmare a repetatelor demersuri \u00eentreprinse de institu\u021bia noastr\u0103, Prim\u0103ria Municipiului Ploie\u0219ti ne-a informat c\u0103 \u00een \u0219edin\u021ba, din data de 13.05.2025, a Comisiei de specialitate nr. 5 a Consiliului Local Ploie\u0219ti \u2013 Comisia pentru protec\u021bie \u0219i asisten\u021b\u0103 social\u0103 s-a hot\u0103r\u00e2t ini\u021bierea unui proiect de hot\u0103r\u00e2re al Consiliului Local Ploie\u0219ti privind <strong><em>mutarea petentei<\/em><\/strong><em> din locuin\u021ba social\u0103 situat\u0103 la etajul 4 al unui imobil neprev\u0103zut cu lift, cu dependin\u021be comune, <strong>\u00eentr-o alt\u0103 locuin\u021b\u0103 social\u0103 care s\u0103 poat\u0103 r\u0103spunde nevoilor persoanei cu dizabilit\u0103\u021bi grave locomotorii<\/strong>, respectiv \u00eentr-o garsonier\u0103 situat\u0103 la parter, dotat\u0103 cu baie \u0219i buc\u0103t\u0103rie. <\/em>\u00cen acest context, \u00een data de 30.05.2025, prin HCL Ploie\u0219ti nr. 260, s-a aprobat mutarea petentei \u00een noua unitate locativ\u0103.\u00a0<\/p>\n<\/div>\n<\/div>\n<\/p>\n<p style=\"text-align: justify;\">\n<div class=\"sp-wrap sp-wrap-default\">\n<div class=\"sp-head\" title=\"Expand\">\nDosar nr. 3438\/2025 (rezumat) Petenta a solicitat sprijinul Biroului Teritorial Ploie\u0219ti al institu\u021biei Avocatul Poporului ar\u0103t\u00e2nd situa\u021bia delicat\u0103 cu care se confrunt\u0103, respectiv faptul c\u0103 de\u0219i a achitat, \u00eenc\u0103 din data de 19.12.2024, toate crean\u021bele datorate bugetului local, reprezentan\u021bii Serviciului Public Finan\u021be Locale Ploie\u0219ti nu au transmis c\u0103tre Casa Jude\u021bean\u0103 de Pensii Prahova o adres\u0103 de sistare a popririi instituite asupra pensiei sale, re\u021binerile continu\u00e2nd \u0219i dup\u0103 data achit\u0103rii tuturor datoriilor, efectu\u00e2ndu-se \u00een mod abuziv, o dubl\u0103 re\u021binere\n<\/div>\n<div class=\"sp-body folded\">\n<p>\u00a0Astfel, petenta a precizat c\u0103 \u0219i pe talonul de pensie aferent lunii ianuarie 2025 apare aceast\u0103 re\u021binere din pensie, petenta ne\u00een\u021beleg\u00e2nd motivul pentru care se continu\u0103 poprirea venitului s\u0103u modest, \u00een ciuda eforturilor deosebite pe care le-a f\u0103cut pentru a achita Servicului Public Finan\u021be Locale Ploie\u0219ti, \u00een luna decembrie 2024, toate crean\u021bele acumulate.<\/p>\n<p style=\"text-align: justify;\">Fa\u0163\u0103 de aspectele prezentate, ne-am adresat Serviciului Public Finan\u021be Locale Ploie\u0219ti.<\/p>\n<p style=\"text-align: justify;\">Ca urmare a demersurilor \u00eentreprinse, Serviciul Public Finan\u021be Locale Ploie\u0219ti a procedat la verificarea aspectelor sesizate de petent\u0103, iar prin adresa din data de 14.02.2025 \u00a0ne-a informat c\u0103 \u00een data de 10.02.2025 a fost transmis\u0103 c\u0103tre Casa Jude\u021bean\u0103 de Pensii Prahova adresa de sistare a popririi instituite asupra pensiei petentei.<\/p>\n<p style=\"text-align: justify;\">Din verificarea modului \u00een care s-au realizat re\u021binerile din pensia petentei, raportat la achitarea datoriilor restante de c\u0103tre petent\u0103 \u00eenc\u0103 din decembrie 2024, a reie\u0219it faptul c\u0103 S.P.F.L Ploie\u0219ti urmeaz\u0103 a restitui petentei suma de 80 lei, conform prevederilor art. 168 alin. (1) din Legea nr. 207\/2015 privind Codul de Procedur\u0103 Fiscal\u0103, cu modific\u0103rile \u0219i complet\u0103rile ulterioare, potrivit c\u0103rora s<em>e restituie, la cerere, contribuabilului\/pl\u0103titorului orice sum\u0103 pl\u0103tit\u0103 sau \u00eencasat\u0103 f\u0103r\u0103 a fi datorat\u0103.<\/em> \u00cen acest sens, petenta a fost informat\u0103, prin adresa din data de 10.02.2025, cu privire la necesitatea depunerii unei cereri de restituire\/compensare a sumelor achitate \u00een plus la bugetul local al municipiului Ploie\u0219ti.\u00a0<\/p>\n<\/div>\n<\/div>\n<\/p>\n<p style=\"text-align: justify;\">\n<div class=\"sp-wrap sp-wrap-default\">\n<div class=\"sp-head\" title=\"Expand\">\nDosar nr. 2003\/2025 (rezumat) Petentul (persoan\u0103 v\u00e2rstnic\u0103, cu probleme de s\u0103n\u0103tate, cu venituri modeste) domiciliat \u00een comuna N\u0103eni, jude\u021bul Buz\u0103u, ne-a sesizat lipsa de r\u0103spuns din partea Casei Jude\u021bene de Pensii Buz\u0103u la cererea sa depus\u0103 \u00een data de 6.11.2024 (\u00eenso\u021bit\u0103 de documenta\u021bia necesar\u0103), prin care a solicitat acordarea pensiei de urma\u0219 de pe urma so\u021biei sale defuncte (decedat\u0103 \u00een anul 2020) cu care a fost c\u0103s\u0103torit \u00een perioada 1991-2020\n<\/div>\n<div class=\"sp-body folded\">\n<p>\u00a0Potrivit sus\u021binerilor petentului, de\u0219i a contactat telefonic reprezentan\u021bii Casei Jude\u021bene de Pensii Buz\u0103u pentru a afla care este stadiul de solu\u021bionare a cererii sale, nu a primit informa\u021bii de natur\u0103 s\u0103 clarifice acest aspect, necomunic\u00e2ndu-i-se niciun r\u0103spuns care s\u0103 vizeze acordarea\/neacordarea pensiei de urma\u0219, dac\u0103 \u00eendepline\u0219te\/nu \u00eendepline\u0219te condi\u021biile de acordare a pensiei de urma\u0219.<\/p>\n<p style=\"text-align: justify;\">\u00cen contextul celor prezentate, petentul a solicitat sprijinul institu\u021biei Avocatul Poporului \u0219i clarificarea situa\u021biei care prive\u0219te acordarea pensiei de urma\u0219.<\/p>\n<p style=\"text-align: justify;\">Fa\u0163\u0103 de aspectele sesizate, ne-am adresat Casei Jude\u021bene de Pensii Buz\u0103u, cu solicitarea de a fi analizat\u0103 situa\u021bia petentului \u0219i de a fi dispuse cu celeritate m\u0103surile legale ce se impun.<\/p>\n<p style=\"text-align: justify;\">Ca urmare a demersurilor \u00eentreprinse, Casa Jude\u021bean\u0103 de Pensii Buz\u0103u a procedat la solu\u021bionarea cererii petentului, prin emiterea deciziei, prin care i s-a stabilit pensia de urma\u0219 \u00een valoare de 227 lei.<\/p>\n<p style=\"text-align: justify;\">\u00cen urma aplic\u0103rii prevederilor Ordonan\u021bei de urgen\u021b\u0103 a Guvernului nr. 6\/2009 privind instituirea indemniza\u021biei sociale pentru pensionari, petentul va beneficia de acordarea de la bugetul de stat a diferen\u021bei de 1054 lei, cu titlu de indemniza\u021bie social\u0103 pentru pensionari, astfel \u00eenc\u00e2t valoarea lunar\u0103 \u00eencasat\u0103 va fi efectiv de 1.281 lei.<\/p>\n<p style=\"text-align: justify;\">Prin mandatul po\u0219tal din data de 14.02.2025, petentului i s-au achitat drepturile b\u0103ne\u0219ti cuvenite \u00een sum\u0103 de 3.843 lei (aferente perioadei 6.11-2024-28.02.2025. <\/p>\n<\/div>\n<\/div>\n<\/p>\n<p style=\"text-align: justify;\">\n<div class=\"sp-wrap sp-wrap-default\">\n<div class=\"sp-head\" title=\"Expand\">\nDosar nr. 1926\/2025 (rezumat) - O persoan\u0103 cu dizabilit\u0103\u021bi, beneficiar\u0103 \u00een cadrul Complexului de Servicii Comunitare (CSC) \u201eFloarea Speran\u021bei\u201c Pucioasa din subordinea Direc\u021biei Generale de Asisten\u021b\u0103 Social\u0103 \u0219i Protec\u021bia Copilului (DGASPC) D\u00e2mbovi\u021ba a sesizat mai multe nereguli cu privire la situa\u021bia beneficiarilor din locuin\u021bele protejate ce apar\u021bin de acest complex de servicii (lipsa unei s\u0103li pentru kinetoterapie \u0219i depozitarea aparaturii aferente pe holurile centrului, asisten\u021ba medical\u0103 defectuoas\u0103, m\u00e2ncare insuficient\u0103, spa\u021biile destinate beneficiarilor insuficient \u00eenc\u0103lzite, atitudine necorespunz\u0103toare a personalului fa\u021b\u0103 de beneficiari, \u00eenregistrarea audio a beneficiarilor etc.) \u0219i a solicitat efectuarea unui control la acest complex de servicii.\n<\/div>\n<div class=\"sp-body folded\">\n<p>Pentru clarificarea aspectelor sesizate cu privire la posibila \u00eenc\u0103lcare a prevederilor art. 50 \u0219i art. 52 din Constitu\u021bie, privind protec\u021bia persoanelor cu handicap, respectiv dreptul persoanei v\u0103t\u0103mate de o autoritate public\u0103, Avocatul Poporului dispus efectuarea unei <strong>anchete<\/strong> la Complexul de Servicii Comunitare \u201eFloarea Speran\u021bei\u201c Pucioasa, din subordinea Direc\u021biei Generale de Asisten\u021b\u0103 Social\u0103 \u0219i Protec\u021bia Copilului D\u00e2mbovi\u021ba.<\/p>\n<p>Ancheta a fost efectuat\u0103 \u00een data de 3 februarie 2025, de c\u0103tre consilierii Biroului Teritorial Ploie\u0219ti, iar ulterior anchetei, pentru clarificarea tuturor aspectelor verificate, au fost solicitate informa\u021bii scrise de la DGASPC D\u00e2mbovi\u021ba \u0219i Agen\u021bia Jude\u021bean\u0103 pentru Pl\u0103\u021bi \u0219i Inspec\u021bie Social\u0103 D\u00e2mbovi\u021ba.<\/p>\n<p><em>Din analiza informa\u021biilor ob\u021binute \u00een cadrul anchetei \u0219i a documentelor ce ne-au fost puse la dispozi\u021bie, au rezultat urm\u0103toarele nereguli: <\/em><\/p>\n<ul>\n<li>cabinetul de kinetoterapie nu este func\u021bional, la data verific\u0103rilor av\u00e2nd o alt\u0103 destina\u021bie (de birou), iar aparatura specific\u0103 se afla amplasat\u0103 pe holul central, fiind folosit\u0103 de beneficiari pentru activit\u0103\u021bi de relaxare\/recreere;<\/li>\n<li>postul de kinetoterapeut era vacant de mai mult timp, iar \u00een urma concursului organizat \u00een luna septembrie 2024 acesta nu a fost ocupat; postul de asistent social era vacant, la momentul verific\u0103rilor fiind ocupat prin delegare\/deta\u0219are de un asistent social din structura DGASPC D\u00e2mbovi\u021ba;<\/li>\n<li>asistentul medical avea prev\u0103zute atribu\u021bii privind utilizarea m\u0103surilor restrictive (imobilizare, izolare, etc.) a beneficiarilor, ceea ce contravine Legii nr. 487\/2002 &#8211; legea s\u0103n\u0103t\u0103\u021bii mintale \u0219i a protec\u021biei persoanelor cu tulbur\u0103ri psihice, republicat\u0103 \u0219i a Ordinului nr. 488\/2016 privind Normele de aplicare a Legii s\u0103n\u0103t\u0103\u0163ii mintale \u015fi a protec\u0163iei persoanelor cu tulbur\u0103ri psihice 487\/2002 (acte normative care reglementeaz\u0103 m\u0103surile de conten\u021bie\/izolare);<\/li>\n<li>chestionarele de satisfac\u021bie completate de beneficiari nu erau analizate \u0219i valorificate pentru \u00eembun\u0103t\u0103\u021birea calit\u0103\u021bii serviciilor.<\/li>\n<\/ul>\n<p>\u00cen urma verific\u0103rilor efectuate, au fost constatate \u00eenc\u0103lc\u0103ri ale art. 50 din Constitu\u021bie, privind protec\u021bia persoanelor cu handicap \u0219i a legisla\u021biei specifice asisten\u021bei sociale.<\/p>\n<p>Pentru remedierea deficien\u021belor \u0219i pentru evitarea unor situa\u021bii similare, <strong>Avocatul Poporului a emis Recomandarea nr. 36 din 17 martie 2025, c\u0103tre <\/strong><strong>directorul general al Direc\u021biei Generale de Asisten\u021b\u0103 Social\u0103 \u0219i Protec\u021bia Copilului D\u00e2mbovi\u021ba<\/strong><strong>,<\/strong> <strong>care<\/strong><strong> a fost \u00eensu\u0219it\u0103 \u00een totalitate<\/strong>, dup\u0103 cum\u00a0 urmeaz\u0103:<\/p>\n<p>&#8211; <em>cabinetul de kinetoterapie a fost reamenajat<\/em>, <em>fiind disponibil pentru beneficiari,<\/em> iar aparatura specific\u0103 a fost montat\u0103;<\/p>\n<p><em>\u00a0\u00a0\u00a0\u00a0\u00a0\u00a0\u00a0\u00a0\u00a0\u00a0\u00a0 &#8211; au fost continuate demersurile pentru ocuparea postului de kinetoterapeut \u0219i a postului de asistent social<\/em>;<\/p>\n<p><em>&#8211; a fost modificat Regulamentul de organizare \u0219i func\u021bionare<\/em>, fiind reglementat\u0103 modalitatea de administrare a tratamentelor pentru beneficiari \u0219i au fost modificate fi\u0219ele de post ale referen\u021bilor;\u00a0\u00a0\u00a0\u00a0\u00a0\u00a0\u00a0\u00a0\u00a0\u00a0\u00a0\u00a0 <em> &#8211; a fost revizuit\u0103 fi\u0219a de post a asistentului medical<\/em>, care a fost adus\u0103 la cuno\u0219tin\u021b\u0103 ocupantului postului;<\/p>\n<p><em>\u00a0\u00a0\u00a0\u00a0\u00a0\u00a0\u00a0\u00a0\u00a0\u00a0\u00a0 \u00a0&#8211; au fost dispuse m\u0103suri pentru analizarea periodic\u0103 a chestionarelor de satisfac\u021bie completate de beneficiari<\/em>.<\/p>\n<\/div>\n<\/div>\n<\/p>\n<p><em><strong><span style=\"color: #ff0000;\">2024<\/span><\/strong><\/em><\/p>\n\n<div class=\"sp-wrap sp-wrap-default\">\n<div class=\"sp-head\" title=\"Expand\">\nDosar nr. 38392\/2024 (rezumat) \u00cen data de 10 decembrie 2024, Avocatul Poporului s-a sesizat din oficiu ca urmare a difuz\u0103rii \u00een mass-media a unor articole care relatau faptul c\u0103 o persoan\u0103 cu handicap mintal accentuat, permanent, ar fi fost exploatat\u0103 timp de peste 2 ani, fiind pus\u0103 s\u0103 lucreze la o ferm\u0103 de animale pe raza comunei Crevedia, jude\u021bul D\u00e2mbovi\u021ba\n<\/div>\n<div class=\"sp-body folded\">\n<\/p>\n<p style=\"text-align: justify;\">Conform informa\u021biilor din pres\u0103, cercet\u0103rile se efectueaz\u0103 de c\u0103tre Serviciul de Combatere a Criminalit\u0103\u021bii Organizate D\u00e2mbovi\u021ba, \u00eempreun\u0103 cu procurorii DIICOT &#8211; Biroul Teritorial D\u00e2mbovi\u021ba, iar persoana suspectat\u0103 c\u0103 a exploatat prin munc\u0103 o persoan\u0103 cu handicap era chiar primarul Comunei Crevedia, jude\u021bul D\u00e2mbovi\u021ba.<\/p>\n<p style=\"text-align: justify;\">Pentru clarificarea aspectelor relatate \u00een pres\u0103, Avocatul Poporului a dispus efectuarea unor verific\u0103ri cu privire la posibila \u00eenc\u0103lcare dispozi\u021biilor art. 50 din Constitu\u021bie, privind protec\u021bia persoanelor cu handicap.<\/p>\n<p style=\"text-align: justify;\">\u00cen acest sens, au fost \u00eentreprinse demersuri scrise la Direc\u021bia General\u0103 de Asisten\u021b\u0103 Social\u0103 \u0219i Protec\u021bia Copilului D\u00e2mbovi\u021ba, la DIICOT \u2013 Biroul Teritorial D\u00e2mbovi\u021ba \u0219i a fost efectuat\u0103 anchet\u0103 la Prim\u0103ria comunei Crevedia, jude\u021bul D\u00e2mbovi\u021ba.<\/p>\n<p style=\"text-align: justify;\">Ancheta a fost realizat\u0103 de consilieri din cadrul Biroului Teritorial Ploie\u0219ti, iar obiectivele acesteia au vizat pe de o parte <em>clarificarea situa\u021biei persoanei exploatate prin munc\u0103, dar \u0219i a membrilor familiei acestuia,<\/em> precum \u0219i <em>modul de organizare \u0219i func\u021bionare al compartimentului de asisten\u021b\u0103 social\u0103 din cadrul Prim\u0103riei comunei Crevedia fa\u021b\u0103 de reglement\u0103rile legale \u00een vigoare.<\/em><\/p>\n<p style=\"text-align: justify;\">Din analiza informa\u021biilor ob\u021binute \u00een cadrul anchetei \u0219i a documentelor ce ne-au fost puse la dispozi\u021bie, au rezultat urm\u0103toarele aspecte<em>:<\/em><\/p>\n<p style=\"text-align: justify;\">Membrii acestei familii, se aflau \u00eentr-o situa\u021bie de dificultate, astfel cum este aceasta definit\u0103 de art. 6, pct. 38.jj) din Legea nr. 292\/2011 &#8211; legea asisten\u021bei sociale, situa\u021bie cunoscut\u0103 de reprezentan\u021bii Prim\u0103riei comunei Crevedia. \u00cen plus, trei dintre membrii acestei familii sunt persoane \u00eencadrate \u00een grad de handicap, av\u00e2nd afec\u021biuni psihice.<\/p>\n<p style=\"text-align: justify;\">\u00cen urma verific\u0103rilor efectuate, au fost constatate \u00eenc\u0103lc\u0103ri ale art. 50 din Constitu\u021bie privind protec\u021bia persoanelor cu handicap \u0219i a legisla\u021biei specifice asisten\u021bei sociale.<\/p>\n<p style=\"text-align: justify;\">Pentru remedierea acestor deficien\u021be \u0219i pentru evitarea unor situa\u021bii similare, <strong>Avocatul Poporului a emis Recomandarea nr. 12 din 5 februarie 2025<\/strong>, c\u0103tre Primarul comunei Crevedia \u0219i c\u0103tre Secretarul General al Unit\u0103\u021bii Administrativ Teritoriale Crevedia, jude\u021bul Ilfov.<\/p>\n<p style=\"text-align: justify;\">Prin adresa nr. 1720\/03.03.2025 (primit\u0103 la Biroul Teritorial Ploie\u0219ti \u00een data de 18.03.2025), Secretarul General al Unit\u0103\u021bii Administrativ Teritorial Crevedia, jude\u021bul D\u00e2mbovi\u021ba ne-a informat cu privire la faptul c\u0103 <strong>Recomandarea nr. 12 din 5 februarie 2025 a fost \u00eensu\u0219it\u0103 \u00een totalitate<\/strong>, \u00a0respectiv:<\/p>\n<p style=\"text-align: justify;\">a) s-a dispus personalului din cadrul Compartimentului de asisten\u021b\u0103 social\u0103 ca pentru persoana ce fusese exploatat\u0103 prin munc\u0103, \u00een termen de 30 de zile de la revenirea \u00een familie\/ori de c\u00e2te ori este cazul, s\u0103 procedeze la \u00eentocmirea fi\u0219ei de caz, a fi\u0219ei de monitorizare \u0219i a rapoartelor de evaluare pentru persoana ce fusese exploatat\u0103 prin munc\u0103;<\/p>\n<p style=\"text-align: justify;\">b) curatorul persoanei ce fusese exploatat\u0103 prin munc\u0103 a fost consiliat \u00een ceea ce prive\u0219te \u00eengrijirea \u0219i supravegherea acestuia, urm\u00e2nd a fi monitorizat \u00een privin\u021ba obliga\u021biilor stabilite de instan\u021b\u0103;<\/p>\n<p style=\"text-align: justify;\">c) s-au dispus \u0219i efectuat m\u0103suri de igienizare a imobilului, au fost efectuate demersuri pentru dotarea imobilului cu mobilier, lenjerie, haine \u0219i a fost acordat un ajutor de urgen\u021b\u0103 acestei familii (contravaloarea achizi\u021bion\u0103rii unui container sanitar compus din wc \u0219i dus + fos\u0103 septic\u0103, forarea unui pu\u021b \u0219i racordarea acestuia la surs\u0103 de ap\u0103, amenajare c\u0103min + hidrofor);<\/p>\n<p style=\"text-align: justify;\">d) se vor efectua periodic, din oficiu, anchete sociale pentru depistarea cazurilor de persoane aflate \u00een dificultate \u00een vederea gestion\u0103rii corespunz\u0103toare a acestora, la nivelul comunei Crevedia;<\/p>\n<p style=\"text-align: justify;\">e) se vor realiza activit\u0103\u021bi de identificare \u0219i monitorizare a persoanelor adulte cu handicap, aflate \u00een situa\u021bie de dificultate, marginalizare, risc de excluziune social\u0103 sau risc de exploatare;<\/p>\n<p style=\"text-align: justify;\">f) eficientizarea identific\u0103rii \u0219i monitoriz\u0103rii persoanelor aflate \u00een situa\u021bie de dificultate, marginalizare, risc de excluziune social\u0103 sau risc de exploatare, din comunitate, se va realiza prin participarea activ\u0103 a membrilor Consiliului Comunitar Consultativ; a fost \u00eentocmit Planul anual de ac\u021biuni privind serviciile sociale pentru anul 2025;<\/p>\n<p style=\"text-align: justify;\">g) a fost \u00eenfiin\u021bat Consiliul Consultativ \u0219i a fost \u00eentocmit Regulamentul de func\u021bionare al acestuia;<\/p>\n<p style=\"text-align: justify;\">h) instruirea angaja\u021bilor autorit\u0103\u021bii publice locale \u00een vederea aplic\u0103rii corespunz\u0103toare\u00a0a legisla\u021biei \u00een domeniul asisten\u021bei sociale se va realiza periodic;<\/p>\n<p style=\"text-align: justify;\">i) toate cele trei persoane din cadrul Compartimentului de asisten\u021b\u0103 social au fost \u00eenscrise la cursuri de formare profesional\u0103. <\/p>\n<\/div>\n<\/div>\n\n<p style=\"text-align: justify;\">\n<div class=\"sp-wrap sp-wrap-default\">\n<div class=\"sp-head\" title=\"Expand\">\nDosar nr. 36869\/2024 (rezumat) Petenta, domiciliat\u0103 \u00een municipiul Ploie\u0219ti, jude\u021bul Prahova, s-a adresat Biroului Teritorial Ploie\u0219ti, sesiz\u00e2nd lipsa unui r\u0103spuns din partea Spitalului Jude\u021bean de Urgen\u021b\u0103 \u201eDr. Constantin Andreoiu\u201d Ploie\u0219ti la cererea sa depus\u0103 \u00een luna iulie 2024, prin care a solicitat eliberarea unei adeverin\u021be referitoare la sporurile nepermanente acordate \u00een perioada \u00een care a fost salariata unit\u0103\u021bii sanitare \u2013 la punctul Gr\u0103dini\u021ba 21\n<\/div>\n<div class=\"sp-body folded\">\n<\/p>\n<p style=\"text-align: justify;\">Potrivit preciz\u0103rilor petentei, documentul solicitat conducerii unit\u0103\u021bii sanitare \u00eei este necesar la completarea documenta\u021biei existente la dosarul s\u0103u de pensie aflat la Casa Jude\u021bean\u0103 de Pensii Prahova, \u00een vederea recalcul\u0103rii drepturilor sale de pensie.<\/p>\n<p style=\"text-align: justify;\">De\u0219i a solicitat l\u0103muriri personalului Spitalului Jude\u021bean de Urgen\u021b\u0103 \u201eDr. Constantin Andreoiu\u201d Ploie\u0219ti cu privire la stadiul de solu\u021bionare a cererii sale, dat fiind dep\u0103\u0219irea termenului legal de solu\u021bionare, nu i s-au oferit explica\u021bii de natur\u0103 s\u0103 clarifice acest aspect, petenta ne\u00een\u021beleg\u00e2nd motivul tergivers\u0103rii solu\u021bion\u0103rii cererii sale \u0219i eliber\u0103rii adeverin\u021bei solicitate.<\/p>\n<p style=\"text-align: justify;\">Fa\u0163\u0103 de aspectele sesizate, ne-am adresat Spitalului Jude\u021bean de Urgen\u021b\u0103 \u201eDr. Constantin Andreoiu\u201d Ploie\u0219ti, cu solicitarea de a fi analizat\u0103 situa\u021bia cu care se confrunt\u0103 petenta \u0219i de a fi dispuse cu celeritate m\u0103surile legale ce se impun.<\/p>\n<p style=\"text-align: justify;\">Ca urmare a demersurilor \u00eentreprinse de c\u0103tre institu\u0163ia noastr\u0103, Spitalul Jude\u021bean de Urgen\u021b\u0103 \u201eDr. Constantin Andreoiu\u201d Ploie\u0219ti a procedat la reanalizarea situa\u021biei sesizate, a efectuat verific\u0103rile necesare pentru culegerea datelor din \u0219tatele de plat\u0103\u00a0 \u0219i a emis adeverin\u021ba pentru perioada \u00een care petenta a fost angajata unit\u0103\u021bii sanitare, av\u00e2nd func\u021bia de sor\u0103 pediatric\u0103, cuprinz\u00e2nd veniturile brute realizate, document pe care petenta l-a ridicat \u00een data de 27 ianuarie 2025 (aspect confirmat telefonic de petent\u0103 \u00een data de 28.01.2025).<\/p>\n<\/div>\n<\/div>\n<\/p>\n<p style=\"text-align: justify;\">\n<div class=\"sp-wrap sp-wrap-default\">\n<div class=\"sp-head\" title=\"Expand\">\nDosar nr. 31180\/2024 (rezumat) Petentul a solicitat sprijinul Biroului Teritorial Ploie\u0219ti, ar\u0103t\u00e2nd c\u0103 se afl\u0103 \u00eentr-o situa\u021bie disperat\u0103 \u00eentruc\u00e2t de\u0219i a primit \u00eenc\u0103 din luna iunie 2024 decizia de pensionare anticipat\u0103 par\u021bial\u0103, emis\u0103 \u00een baza Legii nr. 263\/2010 privind sistemul unitar de pensii publice, nici dup\u0103 4 luni nu a fost pus\u0103 \u00een plat\u0103 aceast\u0103 decizie, fiindu-i tot mai greu s\u0103 \u00ee\u0219i asigure traiul zilnic, f\u0103r\u0103 nicio surs\u0103 de venit\n<\/div>\n<div class=\"sp-body folded\">\n<\/p>\n<p style=\"text-align: justify;\">Totodat\u0103, petentul a precizat c\u0103 \u00een ciuda peti\u021biei depuse la Ministerul Muncii \u0219i Solidarit\u0103\u021bii Sociale, transmis\u0103 spre competent\u0103 solu\u021bionare Casei Na\u021bionale de Pensii Publice, iar ulterior Casei Jude\u021bene de Pensii Prahova, situa\u021bia reclamat\u0103 a r\u0103mas neschimbat\u0103, nici p\u00e2n\u0103 la data sesiz\u0103rii institu\u021biei Avocatul Poporului nu a \u00eencasat drepturile de pensie care i se cuvin \u0219i de care este privat de mai mult de 4 luni, nemaiput\u00e2nd s\u0103 \u00ee\u0219i asigure cheltuielile minime de subzisten\u021b\u0103, ceea ce \u00eei afecteaz\u0103 implicit via\u021ba \u0219i s\u0103n\u0103tatea.<\/p>\n<p style=\"text-align: justify;\">Fa\u021b\u0103 de aspectele reclamate de petent, ne-am adresat Casei Jude\u021bene de Pensii Prahova cu solicitarea de a fi analizat\u0103 situa\u021bia cu care se confrunt\u0103 petentul \u0219i de a fi dispuse cu celeritate m\u0103surile legale ce se impun.<\/p>\n<p style=\"text-align: justify;\">Ca urmare a demersurilor \u00eentreprinse, Casa Jude\u021bean\u0103 de Pensii Prahova ne-a precizat faptul c\u0103 <em>\u00een data de 15.10.2024 au fost achitate petentului, prin mandat po\u0219tal, drepturile de pensie aferente perioadei 26.06.2024-31.10.2024.\u00a0<\/em><\/p>\n<\/div>\n<\/div>\n<\/p>\n\n<div class=\"sp-wrap sp-wrap-default\">\n<div class=\"sp-head\" title=\"Expand\">\nDosar nr. 30023\/2024 (rezumat) Petenta a precizat c\u0103 de\u0219i a formulat repetate cereri pentru reatribuirea locuin\u021bei sociale \u00een care tr\u0103ie\u0219te de mai mult de 40 de ani \u0219i pentru care este la zi cu plata chiriei, nu se identific\u0103 o solu\u021bie pentru \u00eencheierea unui contract de \u00eenchiriere, \u00een form\u0103 scris\u0103, mai ales c\u0103 are o v\u00e2rst\u0103 \u00eenaintat\u0103, fiind diagnosticat\u0103 cu multiple afec\u021biuni \u0219i se teme s\u0103 nu fie nevoit\u0103 s\u0103 ajung\u0103 s\u0103 locuiasc\u0103 pe str\u0103zi\n<\/div>\n<div class=\"sp-body folded\">\n<\/p>\n<p style=\"text-align: justify;\">De asemenea, petenta a men\u021bionat c\u0103 din cauza fostului s\u0103u so\u021b care avea un comportament violent, consuma alcool \u00een exces, a fost nevoit\u0103 s\u0103 creasc\u0103 singur\u0103 cei 5 copii \u0219i din aceast\u0103 cauz\u0103, la un moment dat a r\u0103mas \u00een urm\u0103 cu plata chiriei, respectiv \u00een anii 2011-2014, c\u00e2nd a beneficiat de alimente de la cantina social\u0103, fiindu-i foarte greu s\u0103 asigure cele necesare traiului, \u00eens\u0103 ulterior a achitat toate datoriile acumulate \u0219i a pl\u0103tit constant chiria, ne\u00eenregistr\u00e2nd alte restan\u021be.<\/p>\n<p style=\"text-align: justify;\">Av\u00e2nd \u00een vedere c\u0103 de mai mul\u021bi ani petenta a formulat cereri pentru \u00eencheierea unui contract de \u00eenchiriere \u00een form\u0103 scris\u0103, fiind cu plata chiriei la zi, raportat la prevederile art. 11 din anexa II a H.C.L Buz\u0103u nr. 180\/2023 <em>privind repartizarea \u0219i \u00eenchirierea locuin\u021belor din fondul locativ de stat aflate \u00een administrarea Consiliul Local al Municipiului Buz\u0103u <\/em>potrivit c\u0103rora \u201d<em>aprobarea cererilor privind redistribuirea\/reatribuirea locuin\u021bei c\u0103tre solicitan\u021bii \u0219i\/sau membrii familiei de gradul I ai acestora (so\u021b, so\u021bie, copii care locuiesc \u0219i gospod\u0103resc \u00eempreun\u0103) care nu au fost evacua\u021bi \u00een urma rezilierii contractului de \u00eenchiriere prin sentin\u021b\u0103 civil\u0103 \u0219i la data formul\u0103rii cererii nu mai \u00eenregistreaz\u0103 debite restante, pentru care a operat tacita reloca\u021biune\u201d<\/em>, Biroul Teritorial Ploie\u0219ti, a solicitat Prim\u0103riei Municipiului Buz\u0103u reanalizarea cererilor petentei \u0219i dispunerea cu celeritate a m\u0103surilor legale ce se impun \u00een acest caz.<\/p>\n<p style=\"text-align: justify;\">Ca urmare a demersurilor \u00eentreprinse de institu\u021bia noastr\u0103, Prim\u0103ria Municipiului Buz\u0103u ne-a informat cu privire la faptul c\u0103 s-a constatat c\u0103 cererea petentei \u00eendepline\u0219te toate criteriile necesare pentru \u00eencheierea unui contract de \u00eenchiriere. Astfel, la data de 17.10.2024, a fost \u00eentocmit pe numele petentei contract de \u00eenchiriere pentru locuin\u021ba social\u0103 \u00een care tr\u0103ie\u0219te al\u0103turi de familia sa, contract semnat de toate p\u0103r\u021bile contractante.\u00a0<\/p>\n<\/div>\n<\/div>\n\n<p style=\"text-align: justify;\">\n<div class=\"sp-wrap sp-wrap-default\">\n<div class=\"sp-head\" title=\"Expand\">\nDosar nr. 14990\/2024 (rezumat) - sesizare din oficiu - \u00cen data de 13 mai 2024, institu\u021bia Avocatul Poporului s-a sesizat din oficiu ca urmare a difuz\u0103rii \u00een mass-media a articolului intitulat Tragedie la Spitalul Jude\u021bean de Urgen\u021b\u0103 T\u00e2rgovi\u0219te. Un t\u00e2n\u0103r de 22 de ani s-a aruncat de la primul etaj al cl\u0103dirii, care prezenta cazul unui pacient care a decedat dup\u0103 ce s-a aruncat de la primul etaj al Spitalului Jude\u021bean de Urgen\u021b\u0103 T\u00e2rgovi\u0219te. \n<\/div>\n<div class=\"sp-body folded\">\n<p>Pentru clarificarea aspectelor relatate \u00een pres\u0103, Avocatul Poporului a dispus <strong>efectuarea unei anchete la Spitalul Jude\u021bean de Urgen\u021b\u0103 T\u00e2rgovi\u0219te<\/strong>. Aspectele verificate au vizat posibila \u00eenc\u0103lcare a prevederilor art. 22 \u0219i art. 34 din Constitu\u021bie, privind dreptul la via\u021b\u0103, la integritate fizic\u0103 \u0219i psihic\u0103, respectiv la ocrotirea s\u0103n\u0103t\u0103\u021bii. Ancheta a fost efectuat\u0103 \u00een data de 17 mai 2024, de c\u0103tre consilierii Biroului Teritorial Ploie\u0219ti, <strong>din verific\u0103ri rezult\u00e2nd urm\u0103toarele:<\/strong><\/p>\n<p style=\"text-align: justify;\">&#8211; pacientul se afla internat la acest spital din data de 10.05.2024, ora 00:32, pentru <em>traumatism craniofacial prin autoagresiune<\/em>. Pe parcursul spitaliz\u0103rii \u0219i chiar din momentul prezent\u0103rii la Camera de Gard\u0103, <strong><em>pacientul a manifestat fenomene psihotice care au fost tratate cu medica\u021bie specific\u0103, cu evolu\u021bie favorabil\u0103.<\/em><\/strong> \u00cen foaia de observa\u021bie clinic\u0103 general\u0103 s-a consemnat <em>agita\u021bie psihomotorie<\/em>, <em>autoagresiune fizic\u0103 \u0219i episod psihotic, <\/em>\u00eens\u0103 medicii care au efectuat evaluarea \u0219i au decis internarea pacientului<strong> nu au recomandat \u0219i evaluare psihiatric\u0103<\/strong>, recomand\u00e2nd doar medica\u021bie psihotrop\u0103 \u0219i conten\u021bie.<\/p>\n<p style=\"text-align: justify;\">&#8211; <strong><em>la nivelul spitalului nu exista o procedur\u0103 opera\u021bional\u0103 privind evaluarea psihologic\u0103\/psihiatric\u0103, monitorizarea \u0219i interven\u021bia pentru pacien\u021bi care sunt interna\u021bi \u00een orice sec\u021bie a spitalului ca urmare a unor situa\u021bii de risc<\/em> <\/strong>(alcoolici, cu tentative de suicid\/automutilare, consum de substan\u021be interzise etc.). \u00cen urma discu\u021biilor ce au avut loc cu ocazia efectu\u0103rii anchetei, <em>conducerea spitalului a precizat c\u0103 \u00een\u021belege necesitatea unei astfel de proceduri \u0219i c\u0103 va proceda de \u00eendat\u0103 la elaborarea acesteia.<\/em><\/p>\n<p style=\"text-align: justify;\">&#8211; fa\u021b\u0103 de faptul c\u0103 <strong><em>registrul special de conten\u021bionare nu era completat corespunz\u0103tor, iar foaia de observa\u021bie analizat\u0103 nu con\u021binea informa\u021biile corespunz\u0103toare privind aplicarea \u0219i \u00eencetarea m\u0103surii conten\u021bion\u0103rii pacientului, respectiv informa\u021bii cu privire la monitorizarea func\u021biilor vitale,<\/em><\/strong> potrivit legisla\u021biei specifice, \u00een urma discu\u021biilor care au avut loc cu ocazia anchetei s-a concluzionat<em> c\u0103 se impune revizuirea procedurii opera\u021bionale existente la nivelul spitalului \u0219i reinstruirea \u00eentregului personal medical implicat \u00een aplicarea m\u0103surilor de conten\u021bionare.<\/em><\/p>\n<p style=\"text-align: justify;\"><strong><em>-niciun salon nu este prev\u0103zut cu sisteme antidefenestrare,<\/em><\/strong> pentru a permite cazarea pacien\u021bilor interna\u021bi ca urmare a unor situa\u021bii de risc (alcoolici, cu tentative de suicid\/automulitare, consum de substan\u021be interzise, etc.), aspect ce se impunea a fi analizat la nivelul conducerii spitalului.<\/p>\n<p style=\"text-align: justify;\">La data de 28.05.2024 Spitalul Jude\u021bean de Urgen\u021b\u0103 T\u00e2rgovi\u0219te a comunicat m\u0103surile dispuse \u00een urma verific\u0103rilor interne, <strong>av\u00e2ndu-se \u00een vedere \u0219i concluziile discu\u021biilor ce au avut loc cu ocazia anchetei realizat\u0103 \u00een data de 17 mai 2024 de c\u0103tre reprezentan\u021bii institu\u021biei Avocatului Poporului: <\/strong><\/p>\n<p style=\"text-align: justify;\">&#8211; a fost <em>revizuit\u0103 Procedura opera\u021bional\u0103 privind conten\u021bionarea \u0219i izolarea pacientului<\/em> <em>\u0219i a fost reinstruit personalul medical<\/em>;<\/p>\n<p style=\"text-align: justify;\">&#8211; a fost <em>elaborat\u0103 Procedura opera\u021bional\u0103 privind evaluarea, monitorizarea \u0219i interven\u021bia pentru pacien\u021bii interna\u021bi ca urmare a unor situa\u021bii de risc<\/em> (consumul nociv de alcool, tentative de suicid\/automutilare, consum de substan\u021be interzise) <em>\u0219i a fost prelucrat\u0103 cu personalul medical<\/em>;<\/p>\n<p style=\"text-align: justify;\">&#8211; conducerea spitalului a decis <em>montarea unor sisteme antidefenestrare la nivelul fiec\u0103rei structuri func\u021bionale din cadrul spitalului (cel pu\u021bin un salon\/structur\u0103),<\/em> fiind demarate procedurile necesare \u00een vederea mont\u0103rii acestor sisteme.<\/p>\n<\/div>\n<\/div>\n<\/p>\n<p style=\"text-align: justify;\">\n<div class=\"sp-wrap sp-wrap-default\">\n<div class=\"sp-head\" title=\"Expand\">\nDosar nr. 13273\/2024 (rezumat) - Petentul a solicitat sprijinul Biroului Teritorial Ploie\u0219ti, ar\u0103t\u00e2nd faptul c\u0103 de\u0219i a \u00eentreprins numeroase demersuri la autoritatea local\u0103, a formulat repetate cereri solicit\u00e2nd includerea \u00een contractul de \u00eenchiriere \u0219i a suprafe\u021bei aferente parterului imobilului prim\u0103riei \u00een care locuie\u0219te cu chirie, familia sa fiind numeroas\u0103, fiica sa complet nev\u0103z\u0103toare av\u00e2nd nevoie de un spa\u021biu accesibil tipului \u0219i gradului s\u0103u de handicap, fiind vizibil afectat\u0103 de dificult\u0103\u021bile \u00eent\u00e2mpinate zilnic, fiind nevoit\u0103 s\u0103 urce treptele pentru a ajunge la etajul 1 \u0219i fiind continuu dependent\u0103 de un membru al familiei, cererile sale nu au fost solu\u021bionate nici dup\u0103 3 ani.\n<\/div>\n<div class=\"sp-body folded\">\n<p>De\u0219i Consiliul Local al Municipiului Buz\u0103u <strong>a adoptat HCL nr. 180\/28.09.2023 <\/strong>care \u00een <em>Anexa II<strong> Regulament privind repartizarea \u0219i \u00eenchirierea locuin\u021belor din fondul locativ de stat aflate \u00een administrarea Consiliului Local al Municipiului Buz\u0103u, la art. 11 reglementeaz\u0103 situa\u021bia expus\u0103 de petent, <\/strong>respectiv, Comisia social\u0103 propune Consiliului Local \u201d<u>aprobarea cererilor de extindere a spa\u021biului de locuit, la solicitarea titularilor contractelor de \u00eenchiriere<\/u>, \u00een urm\u0103toarele condi\u021bii: suprafa\u021ba locuibil\u0103 disponibil\u0103 este \u00een acela\u0219i condominiu cu locuin\u021ba de\u021binut\u0103 de solicitantul extinderii, iar prin alipire se poate constitui o singur\u0103 unitate locativ\u0103; se are \u00een vedere asigurarea exigen\u021belor minimale din Anexa 1 la Legea locuin\u021bei nr. 114\/1996, republicat\u0103, cu modific\u0103rile \u0219i complet\u0103rile ulterioare\u201d, <\/em>cererile persoanei cu handicap grav au r\u0103mas nesolu\u021bionate.<\/p>\n<p style=\"text-align: justify;\">\u00cen urma demersurilor \u00eentreprinse de Biroul Teritorial Ploie\u0219ti, Prim\u0103ria Municipiului Buz\u0103u ne-a precizat c\u0103 <em>solicitarea petentului a intrat \u00een Comisia social\u0103<\/em> pentru analiza solicit\u0103rilor \u0219i atribuirilor locuin\u021belor cu chirie din fondul locativ de stat aflate \u00een administrarea Consiliului Local al Municipiului Buz\u0103u, <strong>dar Comisia nu a luat o hot\u0103r\u00e2re final\u0103 \u00een ceea ce prive\u0219te aceast\u0103 cerere<\/strong>.<\/p>\n<p style=\"text-align: justify;\">Lu\u00e2nd \u00een considerare prevederile art. 43 din Legea locuin\u021bei nr. 114\/1996, republicat\u0103, dar \u0219i dispozi\u021biile art. 20 din Legea nr. 448\/2006 privind protec\u021bia \u0219i promovarea drepturilor persoanelor cu handicap, republicat\u0103<a href=\"#_ftn1\" name=\"_ftnref1\">[1]<\/a>,<\/p>\n<p style=\"text-align: justify;\"><strong>Av\u00e2nd \u00een vedere dispozi\u021biile art. 11 din <\/strong><em>Anexa II<strong> a <\/strong><\/em><strong>HCL Buz\u0103u nr. 180\/28.09.2023 <\/strong>&#8211; <strong><em>Regulament privind repartizarea \u0219i \u00eenchirierea locuin\u021belor din fondul locativ de stat aflate \u00een administrarea Consiliului Local al Municipiului Buz\u0103u, care reglementeaz\u0103 situa\u021bia expus\u0103 de petent, <\/em><\/strong><em>respectiv, Comisia social\u0103 propune Consiliului Local <strong>\u201d<u>aprobarea cererilor de extindere a spa\u021biului de locuit, la solicitarea titularilor contractelor de \u00eenchiriere<\/u><\/strong>, \u00een urm\u0103toarele condi\u021bii: suprafa\u021ba locuibil\u0103 disponibil\u0103 este \u00een acela\u0219i condominiu cu locuin\u021ba de\u021binut\u0103 de solicitantul extinderii, iar prin alipire se poate constitui o singur\u0103 unitate locativ\u0103; se are \u00een vedere asigurarea exigen\u021belor minimale din Anexa 1 la Legea locuin\u021bei nr. 114\/1996, republicat\u0103, cu modific\u0103rile \u0219i complet\u0103rile ulterioare\u201d,<\/em><\/p>\n<p style=\"text-align: justify;\">Lu\u00e2nd \u00een considerare faptul c\u0103 <strong>am revenit la Prim\u0103ria Municipiului Buz\u0103u<\/strong>, \u00eens\u0103 nu au fost primite informa\u021biile solicitate, <em>Avocatul Poporului a dispus efectuarea unei anchete la Prim\u0103ria Municipiului Buz\u0103u.<\/em><\/p>\n<p style=\"text-align: justify;\"><strong><em>\u00cen urma discu\u021biilor ce au avut loc cu ocazia anchetei, precum \u0219i din documentele puse la dispozi\u021bie de Prim\u0103ria Municipiului Buz\u0103u, s-au desprins urm\u0103toarele aspecte:<\/em><\/strong><\/p>\n<p style=\"text-align: justify;\">Cererea persoanei cu handicap grav a fost analizat\u0103 \u00een Comisia social\u0103 de analiz\u0103 a solicit\u0103rilor \u0219i atribuire a locuin\u021belor din fondul locativ de stat, aflate \u00een administrarea Consiliului Local al Municipiului Buz\u0103u, <strong><em>primind aviz favorabil<\/em><\/strong><em>.<\/em><\/p>\n<p style=\"text-align: justify;\">Ulterior efectu\u0103rii anchetei, Prim\u0103ria Municipiului Buz\u0103u ne-a comunicat faptul c\u0103 <strong>situa\u021bia locativ\u0103 a persoanei cu handicap grav, cu asistent personal, nerevizuibil, va fi rezolvat\u0103 \u00een sensul extinderii suprafe\u021bei locative de\u021binut\u0103 cu contract de \u00eenchiriere,<\/strong> conform prevederilor art. 43 din Legea locuin\u021bei, republicat\u0103, dar \u0219i dispozi\u021biilor art. 20 din Legea nr. 448\/2006 privind protec\u021bia \u0219i promovarea drepturilor persoanelor cu handicap, republicat\u0103.<\/p>\n<p style=\"text-align: justify;\"><a href=\"#_ftnref1\" name=\"_ftn1\">[1]<\/a> (1) <strong>\u00cen vederea asigur\u0103rii accesului persoanelor cu handicap la ob\u0163inerea unei locuin\u0163e, <u>autorit\u0103\u0163ile publice au obliga\u0163ia s\u0103 ia m\u0103suri pentru introducerea unui criteriu de prioritate pentru \u00eenchirierea, la nivelurile inferioare, <\/u>a locuin\u0163elor care apar\u0163in domeniului public al statului ori unit\u0103\u0163ilor administrativ-teritoriale ale acestuia. <\/strong>(2) <strong>Persoanele cu handicap grav beneficiaz\u0103 de urm\u0103toarele drepturi: a) <u>acordarea unei camere de locuit, suplimentar fa\u0163\u0103 de normele minimale de locuit prev\u0103zute de lege<\/u><\/strong>, pe baza contractelor de \u00eenchiriere pentru locuin\u0163ele care apar\u0163in domeniului public sau privat al statului ori al unit\u0103\u0163ilor administrativ-teritoriale ale acestuia; b) scutirea de la plata chiriei pentru suprafe\u0163ele locative cu destina\u0163ie de locuin\u0163e de\u0163inute de stat sau de unit\u0103\u0163ile administrativ-teritoriale ale acestuia \u015fi care sunt \u00een folosin\u0163a acestor persoane. (3) Beneficiaz\u0103 de prevederile alin. (2) \u015fi familia sau reprezentantul legal pe perioada \u00een care are \u00een \u00eengrijire un copil ori un adult cu handicap grav.<\/p>\n<\/div>\n<\/div>\n<\/p>\n<p style=\"text-align: justify;\">\n<div class=\"sp-wrap sp-wrap-default\">\n<div class=\"sp-head\" title=\"Expand\">\nDosar nr. 11190\/2024 (rezumat) - Petenta a solicitat sprijinul Biroului Teritorial Ploie\u0219ti, ar\u0103t\u00e2nd faptul c\u0103 de\u0219i a \u00eentreprins de-a lungul anilor numeroase demersuri la Prim\u0103ria Municipiului Buz\u0103u \u00een vederea prelungirii contractului de \u00eenchiriere aferent locuin\u021bei pentru care pl\u0103te\u0219te chirie de peste 50 ani, av\u00e2nd o v\u00e2rst\u0103 \u00eenaintat\u0103, fiind diagnosticat\u0103 cu multiple afec\u021biuni \u0219i tem\u00e2ndu-se s\u0103 nu fie evacuat\u0103, cererile sale nu au fost solu\u021bionate.\n<\/div>\n<div class=\"sp-body folded\">\n<p>Mai mult, petenta a reiterat c\u0103 \u0219i-a \u00eendeplinit obliga\u021biile de \u00eentre\u021binere a imobilului, a achitat toate obliga\u021biile de plat\u0103 solicitate de-a lungul timpului de c\u0103tre reprezentan\u021bii Prim\u0103riei Municipiului Buz\u0103u (inclusiv restan\u021bele acumulate la un moment dat din cauza situa\u021biei financiare delicate), unica sa solicitare fiind s\u0103 se procedeze la \u00eencheierea \u00een form\u0103 scris\u0103 a contractului de \u00eenchiriere, \u00een condi\u021biile \u00een care pl\u0103te\u0219te lunar chiria aferent\u0103, se elibereaz\u0103 chitan\u021be \u00een acest sens, exist\u00e2nd f\u0103r\u0103 putin\u021b\u0103 de t\u0103gad\u0103 raporturi de loca\u021biune prin \u00eencasarea chiriei de la petent\u0103 de at\u00e2t de mul\u021bi ani.<\/p>\n<p style=\"text-align: justify;\">\u00cen urma demersurilor \u00eentreprinse de Biroul Teritorial Ploie\u0219ti, Prim\u0103ria Municipiului Buz\u0103u a precizat c\u0103 av\u00e2nd \u00een vedere <em>prevederile art. 11 din Regulamentul privind repartizarea locuin\u021belor din fondul locativ de stat aflate \u00een administrarea Consiliului Local al municipiului Buz\u0103u, aprobat prin HCL nr. 180\/28.09.2023<a href=\"#_ftn1\" name=\"_ftnref1\"><strong>[1]<\/strong><\/a><\/em>, <em>situa\u021bia locativ\u0103 a petentei va fi luat\u0103 \u00een discu\u021bie \u00een urm\u0103toarea \u0219edin\u021b\u0103 a Comisiei sociale<\/em> analiz\u0103 a solicit\u0103rilor \u0219i atribuirea locuin\u021belor din fondul locativ de stat, aflate \u00een administrarea Consiliului Local al Municipiului Buz\u0103u.<\/p>\n<p style=\"text-align: justify;\">Av\u00e2nd \u00een vedere c\u0103 din luna aprilie 2024 (c\u00e2nd a fost \u00eenaintat Comisiei sociale cazul petentei spre analiz\u0103), acesteia <em>nu i-a fost comunicat modul de solu\u021bionare a repetatelor sale cereri privind \u00eencheierea unui contract de \u00eenchiriere pentru locuin\u021ba pentru care pl\u0103te\u0219te chirie<\/em>, iar Prim\u0103ria municipiului Buz\u0103u nu a r\u0103spuns solicit\u0103rilor institu\u021biei noastre privind modul de solu\u021bionare a cererilor petentei, dac\u0103 dosarul constituit de aceasta a fost analizat de c\u0103tre Comisia social\u0103, care este avizul emis de aceasta, dac\u0103 a fost aprobat\u0103 solicitarea petentei conform prevederilor art. 11 din <em>Regulamentul <\/em>mai sus amintit, care sunt m\u0103surile de protec\u021bie social\u0103 \u0219i de protec\u021bie a chiria\u0219ului \u00een cazul petentei, <em>Avocatul Poporului a dispus efectuarea unei anchete la Prim\u0103ria Municipiului Buz\u0103u.<\/em><\/p>\n<p style=\"text-align: justify;\"><strong><em> \u00cen urma efectu\u0103rii anchetei, \u00een data de 10.07.2024, Comisia social\u0103 a emis aviz favorabil <\/em><\/strong><em>pentru solu\u021bionarea cererii petentei privind \u00eenchirierea locuin\u021bei pentru care pl\u0103te\u0219te chirie, urm\u00e2nd ca petenta s\u0103 fie informat\u0103 \u00een acest sens de reprezentan\u021bii Prim\u0103riei Municipiului Buz\u0103u.<\/em><\/p>\n<p style=\"text-align: justify;\"><strong><em>\u00a0\u00a0\u00a0\u00a0\u00a0\u00a0\u00a0\u00a0\u00a0\u00a0\u00a0 <\/em><\/strong>Ulterior, <strong>Prim\u0103ria Municipiului Buz\u0103u ne-a informat c\u0103 \u00een urma reanaliz\u0103rii tuturor \u00eenscrisurilor din dosarul petentei, acesteia i se va \u00eentocmi \u00een cel mai scurt timp contract de \u00eenchiriere<\/strong> pentru locuin\u021ba \u00een care petenta domiciliaz\u0103 \u0219i pl\u0103te\u0219te chirie.<\/p>\n<p style=\"text-align: justify;\"><a href=\"#_ftnref1\" name=\"_ftn1\">[1]<\/a> Comisia social\u0103 propune Consiliului Local \u201daprobarea cererilor privind redistribuirea\/reatribuirea locuin\u021bei c\u0103tre solicitan\u021bii \u0219i\/sau membrii familiei de gradul I ai acestora care nu au fost evacua\u021bi \u00een urma rezilierii contractului de \u00eenchiriere prin sentin\u021b\u0103 civil\u0103 \u0219i la data formul\u0103rii cererii nu mai \u00eenregistreaz\u0103 debite restante, pentru care a operat tacita reloca\u021biune<\/p>\n<\/div>\n<\/div>\n<\/p>\n<p style=\"text-align: justify;\">\n<div class=\"sp-wrap sp-wrap-default\">\n<div class=\"sp-head\" title=\"Expand\">\nDosar nr. 10564\/2024 (rezumat) Prin peti\u021bia \u00eenregistrat\u0103 la institu\u021bia Avocatul Poporului sub nr. 10527\/01.04.2024, au fost adus\u0103 la cuno\u0219tin\u021ba institu\u021biei situa\u021bia unei persoane private de libertate, aflate \u00een custodia Penitenciarului Ploie\u0219ti, respectiv faptul c\u0103 acesteia nu i se asigur\u0103 medica\u021bia recomandat\u0103 de medicul neurolog\n<\/div>\n<div class=\"sp-body folded\">\n<p>\u00a0Av\u00e2nd \u00een vedere aspectele expuse \u00een peti\u021bie \u0219i lu\u00e2nd \u00een considerare faptul c\u0103 sesizarea era formulat\u0103 de o alt\u0103 persoan\u0103 dec\u00e2t cea lezat\u0103 \u00een drepturi \u0219i libert\u0103\u021bi, Avocatul Poporului s-a sesizat din oficiu \u0219i, pentru clarificarea aspectelor sesizate, a dispus efectuarea unei anchete la Penitenciarul Ploie\u0219ti. Ancheta a fost efectuat\u0103 \u00een data de 3 aprilie 2024, de c\u0103tre consilierii Biroului Teritorial Ploie\u0219ti, iar aspectele verificate au vizat posibila \u00eenc\u0103lcare a prevederilor art. 34 \u0219i art. 52 din Constitu\u021bie, privind dreptul la ocrotirea s\u0103n\u0103t\u0103\u021bii, respectiv dreptul persoanei v\u0103t\u0103mate de o autoritate public\u0103.<\/p>\n<p style=\"text-align: justify;\"><em>\u00cen urma verific\u0103rilor \u00eentreprinse, a discu\u021biilor ce au avut loc cu ocazia anchetei, precum \u0219i din documentele puse la dispozi\u021bie de conducerea Penitenciarului Ploie\u0219ti au reie\u0219it urm\u0103toarele aspecte:<\/em><\/p>\n<p style=\"text-align: justify;\">Pentru medicamentul recomandat de c\u0103tre medicul specialist neurolog \u00een data de 13.03.2024, medicul unit\u0103\u021bii penitenciare a eliberat re\u021beta \u00een data de 14.03.2024, fiind \u00eentocmit referatul de necesitate nr. 26712\/14.03.2024 pentru achizi\u021bionare prin SEAP, \u00eens\u0103 lista ce con\u021binea acest medicament (dar \u0219i altele) a fost postat\u0103 \u00een aplica\u021bia SEAP \u00een data de 26.03.2026, pentru efectuarea unei achizi\u021bii directe; \u00eentruc\u00e2t a existat o neconcordan\u021b\u0103 cu privire la unul din medicamentele din list\u0103, \u00eentreaga ofert\u0103 a fost refuzat\u0103, iar solicitarea de achizi\u021bie a fost postat\u0103 din nou \u00een data de 02.04.2024<strong>. <\/strong>La momentul efectu\u0103rii anchetei de c\u0103tre reprezentan\u021bii institu\u021biei Avocatul Poporului aceast\u0103 achizi\u021bie nu era finalizat\u0103<strong>.<\/strong><\/p>\n<p style=\"text-align: justify;\">Referitor la aceast\u0103 situa\u021bie, reprezenta\u021bii penitenciarului au motivat \u00eent\u00e2rzierea \u00een achizi\u021bionarea acestui medicament sus\u021bin\u00e2nd c\u0103 la nivelul institu\u021biei exist\u0103 un <em>volum mare de activitate<\/em> <em>\u0219i postarea achizi\u021biilor \u00een SEAP nu se poate realiza pentru fiecare medicament\/articol \u00een parte.<\/em> Totodat\u0103 s-a precizat c\u0103 <em>Procedura opera\u021bional\u0103 de realizarea achizi\u021biilor publice prin achizi\u021bie direct\u0103<\/em>, existent\u0103 la nivelul Penitenciarului Ploie\u0219ti nu con\u021bine preciz\u0103ri sau termene stabilite pentru achizi\u021bionarea medicamentelor.<\/p>\n<p style=\"text-align: justify;\"><strong>\u00cen urma verific\u0103rilor efectuate, s-a constatat c\u0103 la nivelul Penitenciarului Ploie\u0219ti, procedura de achizi\u021bie direct\u0103 a medicamentelor prin SEAP se realizeaz\u0103 <\/strong><strong>cu \u00eent\u00e2rziere, fapt ce aduce atingere dreptului la ocrotirea s\u0103n\u0103t\u0103\u021bii prev\u0103zut de art. 34 din Constitu\u021bie<\/strong>.<\/p>\n<p style=\"text-align: justify;\">Pentru remedierea acestei deficien\u021be \u0219i pentru evitarea unor situa\u021bii similare, <strong>Avocatul Poporului a emis Recomandarea nr. 86 din 15 aprilie 2024<\/strong>,<strong> c\u0103tre <\/strong><strong>conducerea Penitenciarului Ploie\u0219ti<\/strong>, pentru ca aceasta, \u00een exercitarea atribu\u021biilor prev\u0103zute de legisla\u021bia \u00een vigoare, s\u0103 dispun\u0103 m\u0103surile legale necesare cu privire la identificarea unei solu\u021bii care s\u0103 asigure achizi\u021bionarea la timp a medicamentelor prescrise persoanelor private de libertate aflate \u00een custodia Penitenciarului Ploie\u0219ti.<\/p>\n<p style=\"text-align: justify;\">Prin adresa nr. 29521\/PPPH\/03.06.2024 conducerea Penitenciarului Ploie\u0219ti a informat institu\u021bia Avocatul Poporului cu privire la faptul c\u0103 <strong>Recomandarea nr. 86 din 15 aprilie 2023 a fost \u00eensu\u0219it\u0103 \u00een totalitate<\/strong>, dup\u0103 cum\u00a0 urmeaz\u0103: <em>au fost luate m\u0103suri din punct de vedere logistic<\/em>, fiind <em>modificat\u0103 fi\u0219a postului agentului achizitor<\/em>, \u00een sensul c\u0103 acesta nu mai desf\u0103\u0219oar\u0103 \u0219i atribu\u021bii \u00een cadrul sectorului cazarmare,<em> iar \u00eentr<\/em>&#8211;<em>un interval de 3 ore\/zi acesta achizi\u021bioneaz\u0103 strict medicamente, <\/em>astfel \u00eenc\u00e2t \u00een prezent nu exist\u0103 medicamente neachizi\u021bionate pentru persoanele private de libertate custodiate \u00een cadrul Penitenciarului Ploie\u0219ti.\u00a0<\/p>\n<\/div>\n<\/div>\n<\/p>\n<p style=\"text-align: justify;\">\n<div class=\"sp-wrap sp-wrap-default\">\n<div class=\"sp-head\" title=\"Expand\">\nDosar nr. 5543\/2024 (rezumat) - Petenta a solicitat sprijinul Biroului Teritorial Ploie\u0219ti, ar\u0103t\u00e2nd faptul c\u0103 este asistentul personal al socrului s\u0103u, persoan\u0103 \u00eencadrat\u0103 \u00een grad de handicap grav \u0219i de\u0219i \u00een data de 29.11.2023 a depus la DGASPC Prahova cererea \u00eentreaga documenta\u021bie pentru prelungirea \u00eencadr\u0103rii \u00een grad de handicap, certificatul anterior emis \u00een data de 1.02.2023 urm\u00e2nd s\u0103 expire, noul certificat de \u00eencadrare \u00een grad de handicap a fost emis abia \u00een data de 5.02.2024, cu o \u00eent\u00e2rziere de 4 zile, neexist\u00e2nd continuitate \u00eentre cele dou\u0103 certificate \u0219i lez\u00e2nd astfel drepturile persoanei \u00eencadrate \u00een grad de handicap grav, dar \u0219i ale petentei c\u0103reia i-a \u00eencetat contractul individual de munc\u0103, ca asistent personal, angajat\u0103 a Prim\u0103riei comunei Poienarii Burchii.\n<\/div>\n<div class=\"sp-body folded\">\n<p>Fa\u021b\u0103 de aspectele expuse de petent\u0103, am considerat oportun s\u0103 ne adres\u0103m <strong>Direc\u021biei Generale de Asisten\u021b\u0103 Social\u0103 \u0219i Protec\u021bia Copilului Prahova<\/strong> care ne-a precizat urm\u0103toarele aspecte:<\/p>\n<p style=\"text-align: justify;\"><strong>Conform art. 57 alin. (5) din Legea nr. 448\/2006<\/strong> privind protec\u021bia \u0219i promovarea drepturilor persoanelor cu handicap, republicat\u0103 <strong>\u201eDreptul la presta\u021bii sociale se acord\u0103<\/strong> \u00eencep\u00e2nd cu luna urm\u0103toare celei \u00een care persoana a fost \u00eencadrat\u0103 \u00een grad de handicap \u0219i <strong><u>\u00eenceteaz\u0103 cu luna urm\u0103toare celei \u00een care persoana nu mai este \u00eencadrat\u0103 \u00een grad de handicap<\/u> <\/strong>sau, dup\u0103 caz, a depunerii cererii prev\u0103zute la alin. (3)\u201d. \u00cen consecin\u021b\u0103, <strong>Certificatul de \u00eencadrare \u00een grad de handicap nr. 991\/01.02.2023 \u00ee\u0219i produce efectele <u>de la data de 1.03.2023 p\u00e2n\u0103 la data de 29.02.2024<\/u>. <\/strong><em>Termenul de revizuire 1.02.2024 <u>reprezint\u0103 o dat\u0103 de reper, aleas\u0103 aleatoriu de sistemul informatic, \u00een vederea organiz\u0103rii interne a solicit\u0103rilor de \u00eencadrare\/re\u00eencadrare, f\u0103r\u0103 a dep\u0103\u0219i termenul legal de valabilitate, conform legii.<\/u> <\/em>Prin acordul din data de 6.02.2023, eliberat de DGASPC Prahova, la solicitarea petentei, se stabilea <em>primirea indemniza\u021biei lunare de \u00eenso\u021bitor<\/em> pentru domnul Mu\u021beanu Lucian, persoan\u0103 cu handicap. Ori, prin Dispozi\u021bia din 28.02.2023, Primarul comunei Poienarii Burchii stabile\u0219te c\u0103 <strong>\u00eencep\u00e2nd cu data de 1.03.2023<\/strong> \u201d<u>se acord\u0103 indemniza\u021bia lunar\u0103 de handicap, pe perioad\u0103 determinat\u0103, <strong>p\u00e2n\u0103 la data de 1.02.2024<\/strong>\u201d<\/u>. Fa\u021b\u0103 de acest aspect, DGASPC Prahova a men\u021bionat c\u0103 <strong>respectivul certificat de handicap<\/strong> care st\u0103tea la baza acord\u0103rii acestor presta\u021bii\/indemniza\u021bii, <strong>\u00ee\u0219i producea efectele <u>nu p\u00e2n\u0103 la data de 1.02.2024<\/u> (dat\u0103 aleas\u0103 de sistemul informatic, la emiterea documentului), <u>ci p\u00e2n\u0103 la data de 29.02.2024<\/u>, conform prevederilor legale.<\/strong><\/p>\n<p style=\"text-align: justify;\">\u00cen data de 27.09.2023, petenta a solicitat \u00eencetarea pl\u0103\u021bii indemniza\u021biei lunare de handicap \u0219i a optat pentru angajarea sa ca asistent personal. Prin Dispozi\u021bia din data de 28.09.2023, Primarul comunei Poienarii Burchii stabile\u0219te \u00eencetarea pl\u0103\u021bii indemniza\u021biei lunare \u0219i angajarea unui asistent personal, \u00een continuare, pe perioada de valabilitate a certificatului de handicap, respectiv angajarea petentei. \u00cen data de 29.09.2023, Primarul comunei Poienarii Burchii emite Dispozi\u021bia nr. vvv care la art. 1 specific\u0103 faptul c\u0103 <strong>\u00eencep\u00e2nd cu data de 1.10.2023, petenta se \u00eencadreaz\u0103, pe perioad\u0103 determinat\u0103, respectiv pe perioada de valabilitate a certificatului de \u00eencadrare \u00een grad de handicap din 1.02.2023<\/strong>, \u00een func\u021bia contractual\u0103 de execu\u021bie de <strong>asistent personal<\/strong>, grada\u021bia 2, din cadrul aparatului de specialitate al Primarului comunei Poienarii Burchii, jude\u021bul Prahova (&#8230;)\u201d, iar \u00een contractul individual de munc\u0103 se men\u021bioneaz\u0103 la capitolul C \u201e<strong>Durata contractului<\/strong>: b) determinat\u0103, de 4 luni, \u00eencep\u00e2nd cu data de 1.10.2023 \u0219i <strong>p\u00e2n\u0103 la data de 1.02.2024, <\/strong>\u00een conformitate cu art. 83 lit. h) din Legea nr. 53\/2003 \u2013 Codul muncii, cu modific\u0103rile \u0219i complet\u0103rile ulterioare\/acte normative cu caracter special, respectiv Certificatul de \u00eencadrare \u00een grad de handicap din 1.02.2023\u201d. Fa\u021b\u0103 de aceste aspecte, raportat la dispozi\u021biile art. 57 alin. (5) din Legea nr. 448\/2006, <u>DGASPC Prahova a precizat c\u0103 semnarea Contractului individual de munc\u0103 pe perioad\u0103 determinat\u0103, men\u021bion\u00e2nd data \u00eencet\u0103rii acestuia data de 1.02.2024<strong> nu s-a f\u0103cut cu respectarea prevederilor legale<\/strong><\/u><strong>. <\/strong><\/p>\n<p style=\"text-align: justify;\"><strong>De altfel, DGASPC Prahova a precizat c\u0103 \u0219i la \u00eencheierea noului contract individual de munc\u0103 (din data de 12.02.2024) al petentei<\/strong>, \u00een baza noului certificatul\u00a0 de \u00eencadrare \u00een grad de handicap din 5.02.2024 care men\u021bine gradul de handicap grav, cu asistent personal, <strong>la capitolul<\/strong> C &#8211; <strong>Durata contractului este stipulat\u0103 tot \u00een mod eronat <\/strong>\u201e<strong>b) determinat\u0103, de 12 luni, \u00eencep\u00e2nd cu data de 13.02.2024 \u0219i <u>p\u00e2n\u0103 la data de 3.02.2025<\/u> <\/strong>\u00een conformitate cu (&#8230;) Certificatul de \u00eencadrare \u00een grad de handicap din 5.02.2024.\u201d, 3.02.2025 fiind data revizuirii certificatului, <strong>nu data expir\u0103rii valabilit\u0103\u021bii certificatului, <u>acesta fiind valabil p\u00e2n\u0103 la finalul lunii februarie 2025<\/u><\/strong>, conform art. 57 alin. (5) din Legea nr. 448\/2006.<\/p>\n<p style=\"text-align: justify;\">Fa\u021b\u0103 de punctul de vedere exprimat de DGASPC Prahova, ne-am adresat <strong>Prim\u0103riei comunei Poienarii Burchii, jude\u021bul Prahova<\/strong> (anex\u00e2nd \u00een copie, r\u0103spunsul DGASPC Prahova), autoritate local\u0103 care ne-a precizat c\u0103 <strong>\u00een mod eronat \u00een adresa DGASPC Prahova sunt men\u021bionate prevederile art. 57 din Legea nr. 448\/2006 privind protec\u021bia \u0219i promovarea drepturilor persoanelor cu handicap<\/strong>, republicat\u0103, cu modific\u0103rile \u0219i complet\u0103rile ulterioare, prevederi care reglementeaz\u0103 dreptul la presta\u021bii sociale<a href=\"#_ftn1\" name=\"_ftnref1\">[1]<\/a>. Dreptul persoanelor cu handicap grav la asistent personal reprezint\u0103 un drept la asisten\u021b\u0103 social\u0103 \u0219i nu o presta\u021bie social\u0103, drept reglementat de prevederile art. 31 din Legea nr. 448\/2006<a href=\"#_ftn2\" name=\"_ftnref2\">[2]<\/a>, coroborate cu prevederile art. 20 lit. a) din HG nr. 268\/2007 privind aprobarea Normelor Metodologice de aplicare a prevederilor Legii nr. 448\/2006 privind protec\u0163ia \u015fi promovarea drepturilor persoanelor cu handicap \u0219i cu dispozi\u021biile art. 39 din Legea nr. 448\/2006. \u00cen privin\u021ba termenului de valabilitate al certificatelor de \u00eencadrare \u00een grad de handicap, reprezentan\u021bii Prim\u0103riei comunei Poienarii Burchii au invocat prevederile art. 181 din Codul de procedur\u0103 civil\u0103 apreciind c\u0103 \u00eencheierea contractului individual de munc\u0103 \u00eentre Comuna Poienarii Burchii \u0219i petent\u0103, pe perioad\u0103 determinat\u0103, de la data solicit\u0103rii (1.10.2023) p\u00e2n\u0103 la data de 1.02.2024 (data expir\u0103rii termenului de valabilitate a Certificatului de \u00eencadrare \u00een grad de handicap din 1.02.2023, av\u00e2nd o valabilitate de 12 luni) a fost f\u0103cut\u0103 cu respectarea prevederilor legale. <em>\u00centruc\u00e2t p\u00e2n\u0103 la data de 2.02.2024, nu a fost emis un alt certificat de \u00eencadrare \u00een grad de handicap prin care s\u0103 se asigure continuitatea dreptului persoanei cu handicap grav la asistent personal, de\u0219i beneficiarul a f\u0103cut toate demersurile \u0219i a depus toate documentele necesare (cu cel pu\u021bin 60 de zile \u00eenainte de data expir\u0103rii certificatului ini\u021bial) la DGASPC Prahova, contractul individual de munc\u0103 a \u00eencetat de drept, \u00eencep\u00e2nd cu data de 2.02.2024, \u00een conformitate cu prevederile art. 55 lin. a) coroborate cu cele ale art. 56 alin. (1) lit. i) \u0219i alin. (2) din <\/em><em>Legea <\/em><em>nr. 53\/2003 privind Codul muncii, ca urmare a expir\u0103rii duratei pentru care a fost \u00eencheiat.<\/em><\/p>\n<p style=\"text-align: justify;\"><strong>Fa\u021b\u0103 de existen\u021ba a dou\u0103 puncte de vedere contradictorii<\/strong>, mai sus detaliate, privind calculul termenului de valabilitate al certificatelor de \u00eencadrare \u00een grad de handicap (cu valabilitate determinat\u0103 de 12 luni) raportat la asigurarea continuit\u0103\u021bii raporturilor de munc\u0103 ale asistentului personal al persoanei cu handicap grav, <strong>ne-am adresat Autorit\u0103\u021bii Na\u021bionale pentru Protec\u021bia Drepturilor Persoanelor cu Dizabilit\u0103\u021bi<\/strong> care prin adresa din data de 27.05.2024 ne-a precizat c\u0103 <em>\u201d<strong><u>acordarea dreptului la indemniza\u021bie \u00eenceteaz\u0103 cu luna urm\u0103toare celei \u00een care persoana cu handicap nu mai \u00eendepline\u0219te condi\u021biile care au dus la stabilirea dreptului,<\/u> astfel drepturile se acord\u0103 pe o perioad\u0103 de 12 luni, <\/strong>iar \u00een privin\u021ba problematicii descrise, a lipsei continuit\u0103\u021bii \u00eentre certificatele de \u00eencadrare \u00een grad de handicap, v\u0103 aducem la cuno\u0219tin\u021b\u0103 c\u0103 am solicitat un punct de vedere Direc\u021biei Generale de Asisten\u021b\u0103 Social\u0103 \u0219i Protec\u021bia Copilului Prahova de unde urmeaz\u0103 s\u0103 primi\u021bi r\u0103spuns\u201d.<\/em><\/p>\n<p style=\"text-align: justify;\">\u021ain\u00e2nd cont de prevederile art. 6 alin. (6), (7), (8) din <strong>HG nr. 430\/2008 <\/strong><em>pentru aprobarea Metodologiei privind organizarea \u015fi func\u0163ionarea comisiei de evaluare a persoanelor adulte cu handicap<\/em><strong> potrivit c\u0103rora evaluarea complex\u0103 a dosarului depus se realizeaz\u0103 <\/strong><strong><em><u>\u00een maximum 60 de zile de <\/u><\/em><\/strong><strong><em><u>l<\/u><\/em><\/strong><strong><em><u>a data \u00eenregistr\u0103rii cererii<\/u><\/em><\/strong><strong><em>, ori cererea petentei a fost depus\u0103 \u00een data de 29.11.2023, iar certificatul de \u00eencadrare \u00een grad de handicap a fost emis \u00een data de 5.02.2024<\/em><\/strong><strong>;<\/strong><\/p>\n<p style=\"text-align: justify;\">Lu\u00e2nd \u00een considerare principiul interesului persoanei cu handicap care trebuie s\u0103 primeze \u00een luarea deciziilor, corelat cu protec\u021bia special\u0103 de care trebuie s\u0103 se bucure persoanele cu handicap, conform art. 50 din Constitu\u021bia Rom\u00e2niei, autorit\u0103\u0163ile publice, av\u00e2nd obliga\u021bia s\u0103 promoveze, s\u0103 respecte \u015fi s\u0103 garanteze drepturile persoanei cu handicap, <em>Avocatul Poporului a dispus<\/em> <em>efectuarea unei anchete la Direc\u021bia General\u0103 de Asisten\u021b\u0103 Social\u0103 \u0219i Protec\u021bia Copilului Prahova, \u00een data de 10.06.2024.<\/em><\/p>\n<p style=\"text-align: justify;\">Reprezentan\u021bii DGASPC Prahova au confirmat faptul c\u0103 cererea petentei din data de 29.11.2023 a fost evaluat\u0103 peste termenul legal de 60 de zile, prev\u0103zut de art. 6 alin. (6), (7), (8) din H.G nr. 430\/2008, <strong>dar neafect\u00e2nd continuitatea valabilit\u0103\u021bii certificatelor de \u00eencadrare \u00een grad de handicap, <\/strong>preciz\u00e2ndu-se c\u0103 \u00een perioada imediat urm\u0103toare<strong> se va realiza o reinstruire a angaja\u021bilor implica\u021bi \u00een procesul de evaluare a dosarelor ce urmeaz\u0103 a fi supuse analizei comisiei pentru respectarea dispozi\u021biilor mai sus invocate \u0219i pentru evitarea cre\u0103rii situa\u021biilor \u00eempov\u0103r\u0103toare persoanelor \u00eencadrate \u00een grad de handicap. \u00cen acest sens, <u>a fost comunicat\u0103 dovada reinstruirii personalului de specialitate \u00een data de 13.06.2024.<\/u><\/strong><\/p>\n<p style=\"text-align: justify;\">Totodat\u0103, \u00een privin\u021ba <em>clarific\u0103rii datei de \u00eencetare a valabilit\u0103\u021bii certificatului de \u00eencadrare \u00een grad de handicap,<\/em> <strong>raportat la asigurarea continuit\u0103\u021bii valabilit\u0103\u021bii certificatelor, respectiv a contractelor individuale de munc\u0103 \u00eencheiate pentru asistentul personal \u00een baza acestor certificate, <\/strong>reprezentan\u021bii DGASPC Prahova au reiterat aspectele \u00eenvederate \u0219i anterior, aspecte ce au fost confirmate \u0219i de Autoritatea Na\u021bional\u0103 pentru Protec\u021bia Drepturilor Persoanelor cu Dizabilit\u0103\u021bi, prin adresa din 27.05.2024, respectiv faptul c\u0103 <strong><em>\u201ddreptul la presta\u021bii sociale se acord\u0103 <u>\u00eencep\u00e2nd cu luna urm\u0103toare<\/u> celei \u00een care persoana a fost \u00eencadrat\u0103 \u00een grad de handicap \u0219i <u>\u00eenceteaz\u0103 cu luna urm\u0103toare<\/u> celei \u00een care persoana nu mai este \u00eencadrat\u0103 \u00een grad de handicap<\/em><\/strong><em> (&#8230;)\u201d<\/em> conform <strong>art. 57 alin. (5) \u0219i art. 43 alin. (3) din Legea nr. 448\/2006. <\/strong>Mai mult, contractul individual de munc\u0103 pentru angajarea asistentului personal al persoanei cu handicap grav este o consecin\u021b\u0103 a drepturilor ce decurg din \u00eencadrarea \u00een grad de handicap, nefiind un contract individual de munc\u0103 \u00eencheiat ca urmare a promov\u0103rii unui concurs\/examen pentru o func\u021bie public\u0103\/contractual\u0103. <strong>Aceste aspecte au fost comunicate \u00een scris de c\u0103tre DGASPC Prahova, prin adresa din 11.06.2024, tuturor<\/strong> <strong>primarilor UAT-urilor din jude\u021bul Prahova<a href=\"#_ftn3\" name=\"_ftnref3\">[3]<\/a>, <\/strong>cu men\u021biunea c\u0103 <em>\u201dtermenul de revizuire\u201d<\/em> care apare notat \u00een cuprinsul formularului Certificatului de \u00eencadrare \u00een grad de handicap reprezint\u0103 o dat\u0103 de reper, stabilit\u0103 din punct de vedere administrativ, f\u0103r\u0103 a se dep\u0103\u0219i termenul legal de valabilitate conform legii, pentru fluidizarea cazurilor de evaluare\/reevaluare. \u00cen prezent, a fost stabilit, la nivelul DGASPC Prahova, ca acel termen s\u0103 fie trecut automat, conform sistemului informatic \u0219i <strong>marc\u00e2nd finalul lunii p\u00e2n\u0103 \u00een care este valabil documentul.<\/strong><\/p>\n<p style=\"text-align: justify;\"><strong>Fa\u021b\u0103 de formularea existent\u0103, la data efectu\u0103rii anchetei, \u00een formularul cadru al acordului emis de DGASPC Prahova<a href=\"#_ftn4\" name=\"_ftnref4\">[4]<\/a><\/strong> \u00een care se precizeaz\u0103<strong> \u201delibereaz\u0103 prezentul acord (&#8230;.) <em><u>valabil 12 luni de la emiterea certificatului\u201d<\/u><\/em><\/strong>), \u00een urma discu\u021biilor purtate cu ocazia anchetei, raportat la prevederile legale mai sus amintite, pentru evitarea oric\u0103ror interpret\u0103ri, <strong>conducerea DGASPC Prahova<u> a revizuit<\/u> <u>textul acordului cadru conform legisla\u021biei \u00een vigoare.<\/u> <\/strong><\/p>\n<p style=\"text-align: justify;\">Totodat\u0103, conducerea DGASPC Prahova a men\u021bionat c\u0103 cea mai recent\u0103 \u00eent\u00e2lnire de lucru cu reprezentan\u021bii SPAS ai UAT Poienarii Burchii a avut loc \u00een data de 21.03.2024, fiind pus\u0103 \u00een discu\u021bie \u0219i perioada de valabilitate a certificatelor de \u00eencadrare \u00een grad de handicap, respectiv art. 57 alin. (5) din Legea nr. 448\/2006, discut\u00e2ndu-se cazul petentei \u0219i solicit\u00e2ndu-se Prim\u0103riei comunei Poienarii Burchii remedierea situa\u021biei semnalate astfel \u00eenc\u00e2t pe viitor s\u0103 se evite apari\u021bia unor situa\u021bii \u00eempov\u0103r\u0103toare pentru persoanele cu handicap.<\/p>\n<p style=\"text-align: justify;\"><a href=\"#_ftnref1\" name=\"_ftn1\">[1]<\/a> (2) Plata presta\u021biei sociale se face \u00een baza deciziei de plat\u0103 emis\u0103 de directorul executiv al agen\u021biei jude\u021bene pentru pl\u0103\u021bi \u0219i inspec\u021bie social\u0103 (&#8230;) (5) Dreptul la presta\u0163ii sociale se acord\u0103 \u00eencep\u00e2nd cu luna urm\u0103toare celei \u00een care persoana a fost \u00eencadrat\u0103 \u00een grad de handicap \u015fi \u00eenceteaz\u0103 cu luna urm\u0103toare celei \u00een care persoana nu mai este \u00eencadrat\u0103 \u00een grad de handicap sau, dup\u0103 caz, a depunerii cererii prev\u0103zute la alin. (3).<\/p>\n<p style=\"text-align: justify;\"><a href=\"#_ftnref2\" name=\"_ftn2\">[2]<\/a> (1) Dreptul la asisten\u0163\u0103 social\u0103 sub form\u0103 de servicii sociale se acord\u0103 la cerere sau din oficiu, dup\u0103 caz, pe baza actelor doveditoare, \u00een condi\u0163iile prev\u0103zute de lege. (2) Cererea pentru acordarea dreptului la servicii sociale se \u00eenregistreaz\u0103 la autoritatea administra\u0163iei publice locale \u00een a c\u0103rei raz\u0103 teritorial\u0103 \u00ee\u015fi are domiciliul sau re\u015fedin\u0163a persoana cu handicap.<\/p>\n<p style=\"text-align: justify;\"><a href=\"#_ftnref3\" name=\"_ftn3\">[3]<\/a> \u201d<strong><em>at\u00e2t acordarea indemniza\u021biei lunare de \u00eenso\u021bitor, c\u00e2t \u0219i angajarea asistentului personal<\/em><\/strong><em> (\u00eencheierea contractului individual de munc\u0103), dup\u0103 caz, <strong>se realizeaz\u0103 \u00eencep\u00e2nd cu luna urm\u0103toare celei \u00een care persoana a fost \u00eencadrat\u0103 \u00een grad de handicap \u0219i \u00eenceteaz\u0103 cu luna urm\u0103toare celei \u00een care persoana nu mai este \u00eencadrat\u0103 \u00een grad de handicap<\/strong>. (&#8230;) Contractul individual de munc\u0103 pentru angajarea asistentului personal al persoanei cu handicap grav (&#8230;) reprezint\u0103 o consecin\u021b\u0103 a drepturilor ce decurg din \u00eencadrarea \u00een grad de handicap, nefiind un contract individual de munc\u0103 \u00eencheiat ca urmare a promov\u0103rii unui concurs\/examen pentru o func\u021bie public\u0103\/contractual\u0103, supun\u00e2ndu-se legisla\u021biei specifice \u00een domeniul protec\u021biei \u0219i promov\u0103rii drepturilor persoanelor cu handicap.\u201d<\/em><\/p>\n<p style=\"text-align: justify;\"><a href=\"#_ftnref4\" name=\"_ftn4\">[4]<\/a> la momentul formul\u0103rii op\u021biunii de c\u0103tre persoana cu handicap grav\/reprezentantul legal al acesteia \u00een privin\u021ba acord\u0103rii indemniza\u021biei de \u00eenso\u021bitor sau a angaj\u0103rii unui asistent personal la prim\u0103ria de domiciliu<\/p>\n<\/div>\n<\/div>\n<\/p>\n<p style=\"text-align: justify;\">\n<div class=\"sp-wrap sp-wrap-default\">\n<div class=\"sp-head\" title=\"Expand\">\n Dosar nr. 3750\/2024 (rezumat) Avocatul Poporului s-a sesizat din oficiu ca urmare a apari\u021biei, \u00een data de 3 februarie 2024, \u00een presa local\u0103 \u0219i central\u0103 (observatorulph.ro, stirileprotv.ro) a articolelor intitulate Elev\u0103 b\u0103tut\u0103 cu s\u0103lb\u0103ticie de o alt\u0103 adolescent\u0103 \u00eentr-un parc din Ploie\u0219ti, Fat\u0103 de 15 ani b\u0103tut\u0103 de o alt\u0103 adolescent\u0103 \u00eentr-un parc din Ploie\u0219ti. Poli\u0163i\u015ftii au deschis un dosar penal, referitoare la un incident deosebit de grav care s-a petrecut \u00eentr-un parc din Ploie\u0219ti\n<\/div>\n<div class=\"sp-body folded\">\n<p>\u00a0Conform informa\u021biilor difuzate \u00een pres\u0103 o elev\u0103 a fost agresat\u0103 de o alt\u0103 adolescent\u0103, iar imaginile surprinse de un martor au ajuns \u0219i la Poli\u021bie. \u00cen filmarea pe care Observatorul Prahovean a decis s\u0103 nu o difuzeze apar dou\u0103 tinere, una dintre ele lovind-o cu s\u0103lb\u0103ticie pe cealalt\u0103 dobor\u00e2t\u0103 la p\u0103m\u00e2nt. Victima \u00eencearc\u0103 s\u0103 riposteze tr\u0103g\u00e2nd-o de p\u0103r pe cea care o\u00a0 love\u0219te cu palmele peste fa\u021b\u0103.<\/p>\n<p style=\"text-align: justify;\">Ca urmare a propunerii Biroului Teritorial Ploie\u0219ti, <strong>Avocatul Poporului s-a sesizat din oficiu<\/strong> <strong>\u0219i a dispus efectuarea unor demersuri scrise la Inspectoratul Jude\u021bean de Poli\u021bie Prahova, Direc\u021bia General\u0103 de Asisten\u021b\u0103 Social\u0103 \u0219i Protec\u021bia Copilului Prahova. <\/strong>Aspectele verificate au vizat posibila \u00eenc\u0103lcare a prevederilor <em>art. 22 \u0219i<\/em> <em>art. 49 din Constitu\u0163ie<\/em>, privind dreptul la via\u021b\u0103 \u0219i la integritate fizic\u0103 \u0219i psihic\u0103, respectiv protec\u021bia copiilor \u0219i a tinerilor.<\/p>\n<p style=\"text-align: justify;\"><strong><em>\u00cen urma demersurilor efectuate la institu\u021biile anterior men\u021bionate, din informa\u021biile \u0219i documentele puse la dispozi\u021bie de c\u0103tre acestea, se desprind urm\u0103toarele aspecte relevante:<\/em><\/strong><\/p>\n<p style=\"text-align: justify;\"><strong>Inspectoratul de Poli\u021bie Jude\u021bean Prahova<\/strong> ne-a precizat c\u0103 la nivelul Sec\u021biei 4 Poli\u021bie Ploie\u0219ti se afl\u0103 \u00een lucru dosarul penal ce are ca obiect s\u0103v\u00e2r\u0219irea infrac\u021biunii de lovire sau alte violen\u021be, \u00eenregistrat la Parchetul de pe l\u00e2ng\u0103 Judec\u0103toria Ploie\u0219ti. Din verific\u0103rile efectuate s-a stabilit faptul c\u0103 la data de 23.01.2024, o minor\u0103 s-a \u00eent\u00e2lnit \u00een zona parcului situat pe str. Jianu din municipiul Ploie\u0219ti cu o alt\u0103 minor\u0103, unde au discutat pe motiv c\u0103 persoana v\u0103t\u0103mat\u0103 a ie\u0219it la un suc cu fostul prieten al acesteia, partea v\u0103t\u0103mat\u0103 fiind lovit\u0103 de mai multe ori cu palma \u0219i pumnii \u00een zona capului \u0219i fiind tras\u0103 de p\u0103r. Minorele implicate au fost identificate, ambele fiind eleve \u00een \u00eenv\u0103\u021b\u0103m\u00e2ntul liceal din Ploie\u0219ti.<\/p>\n<p style=\"text-align: justify;\">Av\u00e2nd \u00een vedere c\u0103 DGASPC Prahova s-a autosesizat privind apari\u021bia \u00een pres\u0103 a articolelor anterior amintite, reprezentan\u021bii poli\u021biei au comunicat direc\u021biei detalii privind cele \u00eent\u00e2mplate, \u00een vederea evalu\u0103rii situa\u021biei \u0219i \u00een\u0219tiin\u021b\u0103rii prim\u0103riilor de domiciliu ale minorelor.<\/p>\n<p style=\"text-align: justify;\">\u00cen cadrul dosarului penal, ambele minori au fost audiate \u00een prezen\u021ba reprezentan\u021bilor legali. \u00cen urma verific\u0103rilor efectuate a rezultat c\u0103 minorele nu au fost implicate anterior \u00een fapte de natur\u0103 penal\u0103, neav\u00e2nd antecedente penale. Situa\u021bia minorelor a fost adus\u0103 la cuno\u0219tin\u021b\u0103 p\u0103rin\u021bilor acestora, fiind consilia\u021bi cu privire la supravegherea tinerelor, aspectele constatate, \u00eemprejur\u0103rile \u00een care acestea s-au petrecut afl\u00e2ndu-se \u00een aten\u021bia lucr\u0103torilor Poli\u021biei Municipiului Ploie\u0219ti.<\/p>\n<p style=\"text-align: justify;\"><strong>Direc\u021bia General\u0103 de Asisten\u021b\u0103 Social\u0103 \u0219i Protec\u021bia Copilului Prahova<\/strong> ne-a comunicat urm\u0103toarele aspecte relevante: \u00cen data de 5.02.2024, Direc\u021bia s-a autosesizat cu privire la apari\u021bia \u00een pres\u0103 a articolelor anterior amintite, fiind solicitate Sec\u021biei 4 Poli\u021bie Ploie\u0219ti datele de identificare ale minorelor respective. Niciuna dintre minore nu s-a aflat anterior \u00een aten\u021bia DGASPC Prahova.<\/p>\n<p style=\"text-align: justify;\">Reprezentan\u021bii Serviciului de Consiliere Psihosocial\u0103 din cadrul DGASPC Prahova s-au deplasat la domiciliul p\u0103r\u021bii v\u0103t\u0103mate, purt\u00e2ndu-se discu\u021bii cu minora, tat\u0103l acesteia, bunica patern\u0103. Domiciliul minorei este stabilit la tat\u0103, \u00een baza sentin\u021bei civile pronun\u021bate, dar men\u021bine s\u0103pt\u0103m\u00e2nal leg\u0103tura cu mama. Bunica patern\u0103 sprijin\u0103 tat\u0103l \u00een \u00eengrijirea minorei \u0219i a fratelui ei.<\/p>\n<p style=\"text-align: justify;\">Referitor la evenimentul produs \u00een data de 23.01.2024, minora a relatat c\u0103 a ie\u0219it cu un b\u0103iat care avea o rela\u021bie cu cealalt\u0103 minor\u0103. Minora a sus\u021binut c\u0103 a provocat-o pe cealalt\u0103 minor\u0103, motiv pentru care ulterior au stabilit s\u0103 se \u00eent\u00e2lneasc\u0103 \u00een zona de sud a ora\u0219ului Ploie\u0219ti isc\u00e2ndu-se un conflict \u00een care a fost lovit\u0103 cu pumnii \u0219i picioarele. Tat\u0103l minorei a declarat c\u0103 are cuno\u0219tin\u021b\u0103 despre acest incident \u0219i dore\u0219te ca fiica sa s\u0103 beneficieze de \u0219edin\u021be de consiliere psihologic\u0103 \u00een cadrul unit\u0103\u021bii de \u00eenv\u0103\u021b\u0103m\u00e2nt la care este \u00eenscris\u0103. Minora a afirmat c\u0103 regret\u0103 incidentul \u0219i dore\u0219te s\u0103 participe la \u0219edin\u021be de consiliere psihologic\u0103 \u00een cadrul liceului.<\/p>\n<p style=\"text-align: justify;\">Condi\u021biile de locuit, la momentul vizitei, erau favorabile cre\u0219terii \u0219i \u00eengrijirii minorei. \u00cen cadrul \u00eent\u00e2lnirii din data de 29.02.2024, minorei \u0219i tat\u0103lui acesteia le-au fost prezentate serviciile de consiliere psihosocial\u0103 de care pot beneficia \u00een cadrul DGASPC Prahova, \u00eens\u0103 ace\u0219tia au declarat c\u0103 doresc ca adolescenta s\u0103 participe la \u0219edin\u021be de consiliere psihologic\u0103 \u00een cadrul liceului. Tat\u0103lui minorei i-a fost \u00eenm\u00e2nat un plan \u00een care i s-a recomandat s\u0103 ofere minorei un mediu securizant, s\u0103 comunice cu fiica sa, s\u0103 \u00eei cunoasc\u0103 cercul de prieteni, s\u0103 colaboreze cu cadrele didactice \u00een privin\u021ba situa\u021biei \u0219colare a minorei, s\u0103 se asigure ca fiica sa s\u0103 beneficieze de consiliere psihologic\u0103 \u00een cadrul unit\u0103\u021bii de \u00eenv\u0103\u021b\u0103m\u00e2nt unde este \u00eenscris\u0103, fiind solicitat\u0103 prezentarea unui document doveditor \u00een acest sens. \u00cen urma evalu\u0103rii ini\u021biale a cazului s-a constatat c\u0103 nu se impune furnizarea altor servicii \u00een cadrul Direc\u021biei pentru respectiva minor\u0103, \u00eens\u0103 situa\u021bia acesteia va r\u0103m\u00e2ne \u00een monitorizare, timp de 3 luni, la nivelul Serviciului de Consiliere Psihosocial\u0103 din cadrul Direc\u021biei.<\/p>\n<p style=\"text-align: justify;\">\u00cen vederea clarific\u0103rii situa\u021biei celeilalte minore implicat\u0103 \u00een incident, reprezentan\u021bii Direc\u021biei s-au deplasat la domiciliul acesteia, au fost purtate discu\u021bii cu p\u0103rin\u021bii s\u0103i care au precizat c\u0103 au cuno\u0219tin\u021b\u0103 de fapta s\u0103v\u00e2r\u0219it\u0103 de fiica lor, men\u021bion\u00e2nd c\u0103 este prima dat\u0103 c\u00e2nd minora a avut un astfel de comportament (fiind agresiv\u0103 cu o alt\u0103 minor\u0103), anterior nemaicre\u00e2nd astfel de probleme, minora beneficiind de burs\u0103 de merit. P\u0103rin\u021bii sunt preocupa\u021bi de situa\u021bia minorei, aceasta neav\u00e2nd sanc\u021biuni pentru abateri disciplinare. Minora locuie\u0219te \u00eempreun\u0103 cu p\u0103rin\u021bii \u0219i fratele s\u0103u \u00eentr-un imobil proprietatea tat\u0103lui minorei, condi\u021biile de locuit fiind bune.<\/p>\n<p style=\"text-align: justify;\">Cu ocazia \u00eentrevederii, p\u0103rin\u021bilor le-au fost prezentate prevederile Legii nr. 272\/2004 privind protec\u021bia \u0219i promovarea drepturilor copilului, pun\u00e2ndu-se accent pe responsabilitatea primordial\u0103 pe care o au \u00een cre\u0219terea, \u00eengrijirea, supravegherea \u0219i educarea copilului. \u00cen acest sens, a fost stabilit Planul de recomand\u0103ri cu urm\u0103toarele obiective: p\u0103rin\u021bii s\u0103 cunoasc\u0103 cercul de prieteni al fetei, dar \u0219i activit\u0103\u021bile extra\u0219colare, p\u0103rin\u021bii s\u0103 men\u021bin\u0103 leg\u0103tura cu cadrele didactice \u00een vederea monitoriz\u0103rii situa\u021biei \u0219colare \u0219i comportamentale a fetei, p\u0103rin\u021bii s\u0103 comunice cu fiica dumnealor \u0219i s\u0103-i ofere sfaturile necesare, s\u0103-i ofere un climat securizant, armonios, p\u0103rin\u021bii s\u0103-\u0219i asume obliga\u021biile p\u0103rinte\u0219ti \u0219i s\u0103 se ocupe \u00een mod corespunz\u0103tor de \u00eengrijirea, supravegherea \u0219i educarea fetei, minora s\u0103 urmeze \u0219edin\u021be de consiliere psihologic\u0103 la cabinetul de consiliere \u0219colar\u0103. Minora, dar \u0219i p\u0103rin\u021bii au declarat c\u0103 nu doresc consiliere psihologic\u0103 \u00een cadrul DGASPC Prahova \u00eentruc\u00e2t minora urmeaz\u0103 \u0219edin\u021be de consiliere psihologic\u0103 la cabinetul \u0219colar din cadrul liceului unde \u00eenva\u021b\u0103, urm\u00e2nd a fi prezentat\u0103 o adeverin\u021b\u0103 \u00een acest sens. Situa\u021bia minorei respective a r\u0103mas \u00een monitorizarea Centrului pentru Interven\u021bie, Consiliere \u0219i Sprijin pentru Copilul aflat \u00een Situa\u021bie de Risc din cadrul Direc\u021biei, pentru o perioad\u0103 de 3 luni. <\/p>\n<\/div>\n<\/div>\n<\/p>\n<p style=\"text-align: justify;\">\n<div class=\"sp-wrap sp-wrap-default\">\n<div class=\"sp-head\" title=\"Expand\">\nDosar nr. 1869\/2024 (rezumat) \u00cen data de 18 ianuarie 2024, Biroul Teritorial Ploie\u0219ti s-a sesizat din oficiu ca urmare a difuz\u0103rii \u00een mass-media a unor articole privind cazul unui b\u0103rbat, cu probleme psihice din comuna V\u0103c\u0103re\u0219ti care \u0219i-a mutilat tat\u0103l, g\u0103sit mort \u00een cas\u0103 (site-ul https:\/\/adevarul.ro - articol intitulat B\u0103tr\u00e2n g\u0103sit mort \u00een cas\u0103. Fiul s\u0103u, cu probleme psihice, l-a mutilat dup\u0103 deces)\n<\/div>\n<div class=\"sp-body folded\">\n<p>Referitor la acest caz, Avocatul Poporului a dispus efectuarea unei anchete la Prim\u0103ria comunei V\u0103c\u0103re\u0219ti, jude\u021bul D\u00e2mbovi\u021ba \u0219i au fost \u00eentreprinse demersuri scrise la Inspectoratul de Poli\u021bie Jude\u021bean D\u00e2mbovi\u021ba.<\/p>\n<p style=\"text-align: justify;\">\u00cen urma anchetei efectuate la Prim\u0103ria comunei V\u0103c\u0103re\u0219ti, s-au desprins urm\u0103toarele aspecte referitoare la fiul persoanei decedate: acesta a fost identificat \u00een interiorul locuin\u021bei, l\u00e2ng\u0103 cadavrul tat\u0103lui s\u0103u, decedat \u00een condi\u021bii neclare \u0219i a fost preluat de ambulan\u021b\u0103 \u0219i transportat la Spitalul Jude\u021bean de Urgen\u021b\u0103 T\u00e2rgovi\u0219te &#8211; Sec\u021bia Psihiatrie Adul\u021bi.<\/p>\n<p style=\"text-align: justify;\">B\u0103rbatul beneficiaz\u0103 de pensie de invaliditate \u0219i indemniza\u021bie de handicap prin Casa Jude\u021bean\u0103 de Pensii D\u00e2mbovi\u021ba, are \u00eencadrare \u00een grad de handicap grav, cu \u00eenso\u021bitor, dar a optat din anul 2011 pentru indemniza\u021bie de \u00eenso\u021bitor. Acesta a locuit cu ambii p\u0103rin\u021bi p\u00e2n\u0103 la decesul mamei, aceasta ocup\u00e2ndu-se de \u00a0\u00eengrijirea \u0219i supravegherea fiului. Ulterior, a r\u0103mas doar cu tat\u0103l s\u0103u care se ocupa singur de el, nedorind internarea fiului s\u0103u \u00eentr-un centru. \u00a0B\u0103rbatul cu probleme psihice se afla \u00een eviden\u021ba unui cabinet individual medic de familie \u0219i urma tratament specific.<\/p>\n<p style=\"text-align: justify;\">Referitor la existen\u021ba reprezentantului legal, a reie\u0219it c\u0103 \u00een anul 2016 acesta a fost pus sub interdic\u021bie \u0219i a fost numit tutore \u00een persoana numitei XX, prin hot\u0103r\u00e2re judec\u0103toreasc\u0103,<\/p>\n<p style=\"text-align: justify;\">Cazul acestei persoane cu handicap psihic s-a aflat de-a lungul timpului \u00een aten\u021bia autorit\u0103\u021bii locale, prin compartimentul de asisten\u021b\u0103 social\u0103, efectu\u00e2ndu-se anchete sociale periodice.<\/p>\n<p style=\"text-align: justify;\">Dup\u0103 incidentul mediatizat, Prim\u0103ria comunei V\u0103c\u0103re\u0219ti nu a efectuat o anchet\u0103 social\u0103 la domiciliul persoanei cu handicap, motiv\u00e2ndu-se faptul c\u0103 b\u0103rbatul este internat \u00een spital.<\/p>\n<p style=\"text-align: justify;\">Ulterior anchetei, reprezentan\u021bii Prim\u0103riei comunei V\u0103c\u0103re\u0219ti au efectuat anchet\u0103 social\u0103 privind situa\u021bia familiei persoanei cu handicap care fost transferat\u0103 la Spitalul de Psihiatrie Cronici Gura Ocni\u021bei, jude\u021bul D\u00e2mbovi\u021ba, asistentul social men\u021bin\u00e2nd leg\u0103tura cu asistentul social al spitalului.<\/p>\n<p style=\"text-align: justify;\">S-a realizat consilierea \u0219i informarea fratelui persoanei cu handicap cu privire la drepturile persoanelor cu handicap, \u00een ceea ce prive\u0219te punerea sub interdic\u021bie a persoanei cu handicap, fratele dorind s\u0103 fie numit tutore pentru fratele s\u0103u, care s\u0103 fie internat \u00eentr-un centru specializat. Asistentul social al Prim\u0103riei comunei V\u0103c\u0103re\u0219ti a \u00eendrumat familia \u00een vederea depunerii unei cereri pentru punerea sub interdic\u021bie a persoanei cu handicap grav \u0219i numirea unui tutore.<\/p>\n<p style=\"text-align: justify;\">De asemenea, s-au efectuat demersuri la poli\u021bie, cabinetul medical unde este \u00eenscris\u0103 persoana cu handicap, ob\u021bin\u00e2ndu-se informa\u021bii referitoare la istoricul comportamental \u0219i medical al acestuia.<\/p>\n<p style=\"text-align: justify;\">Reprezentan\u021bii Prim\u0103riei comunei V\u0103c\u0103re\u0219ti au luat leg\u0103tura cu tutorele persoanei cu handicap (persoan\u0103 \u00een v\u00e2rst\u0103, bolnav\u0103 care nu \u00ee\u0219i mai poate \u00eendeplini obliga\u021biile de tutore), reie\u0219ind c\u0103 \u00een anul 2023 a formulat o cerere de reexaminare punere sub interdic\u021bie.<\/p>\n<p style=\"text-align: justify;\">\u00cen cazul persoanei cu handicap, Parchetul de pe l\u00e2ng\u0103 Judec\u0103toria T\u00e2rgovi\u0219te a dispus efectuarea evalu\u0103rii medicale \u0219i psihologice de efectuare a anchetei sociale.<\/p>\n<p style=\"text-align: justify;\">Compartimentul de asisten\u021b\u0103 social\u0103 din cadrul Prim\u0103riei comunei V\u0103c\u0103re\u0219ti a \u00eentocmit Planul de interven\u021bie (perioada de desf\u0103\u0219urare 6 luni) \u0219i fi\u0219a de monitorizare actualizat\u0103 pentru persoana cu handicap, cazul r\u0103m\u00e2n\u00e2nd \u00een\u00a0 monitorizarea Compartimentului de asisten\u021b\u0103 social\u0103.<\/p>\n<p style=\"text-align: justify;\">Totodat\u0103, Prim\u0103ria comunei V\u0103c\u0103re\u0219ti, prin Compartimentul de asisten\u021b\u0103 Social\u0103 a reanalizat cazurile persoanelor adulte cu handicap psihic aflate \u00een monitorizare, identific\u00e2ndu-se cu ocazia acestor verific\u0103ri un nou caz care impune monitorizare.<\/p>\n<p style=\"text-align: justify;\">Inspectoratul de Poli\u021bie Jude\u021bean D\u00e2mbovi\u021ba a informat c\u0103 \u00een cauz\u0103 a fost \u00eentocmit dosar penal\u00a0 sub aspectul s\u0103v\u00e2r\u0219irii infrac\u021biunii de ucidere din culp\u0103, fapt\u0103 prev\u0103zut\u0103 de art. 192 alin. (1) \u0219i alin. (3) lit. b) din Codul penal, ulterior s-a dispus extinderea urm\u0103rii penale \u00een cauz\u0103 \u0219i cu privire la infrac\u021biunea de profanare de cadavre sau morminte, fapt\u0103 prev\u0103zut\u0103 de art. 383 alin. (1) Cod penal. Dosarul se afl\u0103 \u00een lucru la Sec\u021bia 1 Poli\u021bie Rural\u0103 T\u00e2rgovi\u0219te, cercet\u0103rile fiind \u00een curs sub supravegherea Parchetului de pe l\u00e2ng\u0103 Judec\u0103toria T\u00e2rgovi\u0219te.\u00a0<\/p>\n<\/div>\n<\/div>\n<\/p>\n<p style=\"text-align: justify;\">\n<div class=\"sp-wrap sp-wrap-default\">\n<div class=\"sp-head\" title=\"Expand\">\nDosar nr. 1718\/2024 (rezumat) Avocatul Poporului s-a sesizat din oficiu ca urmare a apari\u021biei \u00een data 8 ianuarie 2024, \u00een presa local\u0103, a articolului intitulat \u201eP\u0103rin\u021bi care refuz\u0103 s\u0103-\u0219i mai trimit\u0103 copiii la \u0219coal\u0103 din cauza unui elev b\u0103t\u0103u\u0219. Se \u00eent\u00e2mpl\u0103 la \u0218coala Gimnazial\u0103 \u201eElena Doamna\u201d din Ploie\u0219ti\u201d, \u00een care se relata faptul c\u0103 un elev al \u0218colii Gimnaziale \u201eElena Doamna\u201d din Ploie\u0219ti agreseaz\u0103 constant ceilal\u021bi elevi. 21 de p\u0103rin\u021bi care au copiii \u00een clasa a IV-a au decis s\u0103 nu-i mai trimit\u0103 la cursuri din cauza acestui elev care \u201d\u00eei love\u0219te, \u00eei jigne\u0219te\u201d, conducerea \u0219colii confirm\u00e2nd situa\u021bia\n<\/div>\n<div class=\"sp-body folded\">\n<\/p>\n<p style=\"text-align: justify;\">Din informa\u021biile difuzate de pres\u0103 re\u021binem declara\u021biile mamei unui elev din acest colectiv \u201dforma de grev\u0103 va continua p\u00e2n\u0103 c\u00e2nd institu\u021biile abilitate nu vor g\u0103si solu\u021bii pentru rezolvarea acestei situa\u021bii. Copiii no\u0219tri sunt traumatiza\u021bi. Au fost jigni\u021bi, b\u0103tu\u021bi, unui coleg acest b\u0103iat i-a spart din\u021bii\u201d. Totodat\u0103, conducerea \u0219colii a precizat reprezentan\u021bilor presei \u201dDeja au fost anun\u021bate institu\u021biile abilitate s\u0103 ia m\u0103suri, inclusiv Protec\u021bia Copilului, care trebuie s\u0103 decid\u0103 dac\u0103 acest copil \u201epoate fi \u00eencadrat \u00een \u00eenv\u0103\u021b\u0103m\u00e2ntul de mas\u0103, cu sau f\u0103r\u0103 \u00eenso\u021bitor.<\/p>\n<p style=\"text-align: justify;\">\u00cen vederea clarific\u0103rii aspectelor mediatizate, Avocatul Poporului a dispus efectuarea unei anchete la \u0218coala Gimnazial\u0103 \u201eElena Doamna\u201d Ploie\u0219ti \u0219i a unor demersuri scrise la Inspectoratul de Poli\u021bie Jude\u021bean Prahova, Direc\u021bia General\u0103 de Asisten\u021b\u0103 Social\u0103 \u0219i Protec\u021bia Copilului Prahova, Administra\u021bia Serviciilor Sociale Comunitare.<\/p>\n<p style=\"text-align: justify;\"><strong><em>\u00cen urma discu\u021biilor ce au avut loc cu ocazia anchetei, precum \u0219i din documentele puse la dispozi\u021bie de <\/em><\/strong><strong><em>\u0218coala Gimnazial\u0103 \u201eElena Doamna\u201d din Ploie\u0219ti<\/em><\/strong><strong><em>, dar \u0219i de institu\u021biile anterior amintite, s-au re\u021binut urm\u0103toarele aspecte<\/em><\/strong><strong><em>:<\/em><\/strong><\/p>\n<p style=\"text-align: justify;\">Conducerea unit\u0103\u021bii \u0219colare a precizat c\u0103 minorul despre care se face vorbire \u00een pres\u0103 este elev \u00een clasa a IV-a, ca urmare a transferului efectuat la \u00eenceputul anului \u0219colar 2023-2024. Dup\u0103 \u00eenceperea cursurilor \u0219colare, respectiv \u00een data de 11.10.2023, conducerea \u0219colii a primit un memoriu prin care p\u0103rin\u021bii clasei respective reclam\u0103 fapte de violen\u021b\u0103 ale elevului asupra unora dintre colegi, memoriu discutat \u00een \u0219edin\u021ba Consiliului de administra\u021bie, inform\u00e2ndu-se Inspectoratul \u0218colar Jude\u021bean Prahova care a recomandat anun\u021barea DGASPC Prahova \u0219i luarea m\u0103surilor privind situa\u021bia disciplinar\u0103 a elevului.<\/p>\n<p style=\"text-align: justify;\">Drept urmare, conducerea \u0219colii a informat DGASPC Prahova solicit\u00e2nd sprijin pentru gestionarea situa\u021biei acestui copil, formul\u00e2ndu-se r\u0103spuns scris \u0219i c\u0103tre reprezentan\u021bii p\u0103rin\u021bilor elevilor clasei.<\/p>\n<p style=\"text-align: justify;\">De asemenea, cu privire la comportamentul respectivului elev au fost informate \u00een scris urm\u0103toarele autorit\u0103\u021bi: Inspectoratul \u0218colar Jude\u021bean Prahova, Inspectoratul de Poli\u021bie Jude\u021bean Prahova \u0219i Sec\u021bia 1 Poli\u021bie Ploie\u0219ti, DGASPC Prahova \u0219i Administra\u021bia Serviciilor Sociale Comunitare Ploie\u0219ti solicit\u00e2ndu-se sprijin.<\/p>\n<p style=\"text-align: justify;\">Consilierul \u0219colar a elaborat un Plan de m\u0103suri de sprijin pentru elevii \u0219colii, fiind inclus \u0219i elevul respectiv \u00een program de consiliere individual\u0103. Totodat\u0103, s-au desf\u0103\u0219urat activit\u0103\u021bi de preven\u021bie violen\u021b\u0103 \u0219colar\u0103 de c\u0103tre Biroul Siguran\u021b\u0103 \u0218colar\u0103 din cadrul IPJ Prahova \u0219i de c\u0103tre consilierul \u0219colar la nivelul clasei respective.<\/p>\n<p style=\"text-align: justify;\">Comisia de violen\u021b\u0103 din cadrul \u0219colii a analizat incidentul propun\u00e2nd m\u0103suri de sprijin la nivelul clasei, consilierea elevilor implica\u021bi (agresor, victim\u0103), dar \u0219i m\u0103suri ce urmeaz\u0103 a fi luate de cadrele didactice la clas\u0103 pentru detensionarea climatului.<\/p>\n<p style=\"text-align: justify;\">\u00cen zilele 8, 9, 10 ianuarie 2024, p\u0103rin\u021bii clasei respective au declan\u0219at un protest, refuz\u00e2nd s\u0103-\u0219i lase copiii la cursuri p\u00e2n\u0103 ce nu se identific\u0103 o solu\u021bie. \u00cen data de 8.01.2024, s-a formulat solicitare de sprijin c\u0103tre DGASPC Prahova, identificare solu\u021bii pentru \u0219colarizarea acestui elev, evaluare multidisciplinar\u0103 a elevului respectiv. Conducerea \u0219colii a informat Inspectoratul \u0218colar Jude\u021bean Prahova despre protestul p\u0103rin\u021bilor.<\/p>\n<p style=\"text-align: justify;\">\u00cen data de 10.01.2024 a avut \u0219edin\u021ba cu p\u0103rin\u021bii clasei, la care au participat: \u00eenv\u0103\u021b\u0103torul, consilierul \u0219colar, reprezentan\u021bi ai CJRAE Prahova \u0219i conducerea \u0219colii, p\u0103rin\u021bii solicit\u00e2nd excluderea elevului din colectivul clasei sau trecerea elevului \u00een sistemul de \u00eenv\u0103\u021b\u0103m\u00e2nt online. \u00cen urma discu\u021biilor purtate, s-a conchis c\u0103 p\u0103rin\u021bii \u00ee\u0219i vor trimite copiii la cursuri doar dac\u0103 ace\u0219tia vor fi supraveghea\u021bi permanent pe parcursul pauzelor, iar la primul incident cauzat de acest elev, vor relua protestul. Elevii au revenit la cursuri din data de 11.01.2024, fiind asigurat\u0103 supravegherea permanent\u0103 a elevilor clasei, pe parcursul pauzelor (cu personal didactic, monitorizare video).<\/p>\n<p style=\"text-align: justify;\">\u00cen data de 18.01.2024, la nivelul \u0219colii s-a primit <strong>Certificatul de orientare \u0219colar\u0103 <\/strong>(valabilitate 2 ani), prin care se recomand\u0103 <strong>\u00eenv\u0103\u021b\u0103m\u00e2nt de mas\u0103, cu profesor itinerant \u0219i de sprijin \u0219i consiliere \u0219colar\u0103.<\/strong> La nivelul \u0219colii exist\u0103 profesor itinerant \u0219i de sprijin de la CJRAE Prahova care va include elevul \u00een program individualizat, \u00eenv\u0103\u021b\u0103torul \u00eempreun\u0103 cu acest profesor urmeaz\u0103 s\u0103 \u00eentocmeasc\u0103 planul de servicii (interven\u021bie specializat\u0103) adaptate nevoilor acestui copil. La data efectu\u0103rii anchetei, elevul frecventa cursurile \u0219colare, al\u0103turi de ceilal\u021bi colegi, nemaifiind \u00eenregistrate incidente, beneficia de consiliere individual\u0103 din partea consilierului \u0219colar \u0219i a profesorului de sprijin.<\/p>\n<p style=\"text-align: justify;\">La nivelul \u0219colii, este constituit\u0103 Comisia pentru prevenirea \u0219i eliminarea violen\u021bei, fiind\u00a0 elaborat un Plan de prevenire \u0219i reducere a violen\u021bei \u00een mediul \u0219colar \u0219i se realizeaz\u0103 periodic activit\u0103\u021bi de prevenire a actelor de violen\u021b\u0103 \u0219colar\u0103.<\/p>\n<p style=\"text-align: justify;\"><strong>Inspectoratul Jude\u021bean de Poli\u021bie Prahova<\/strong> ne-a informat c\u0103 la nivelul Biroului Siguran\u021b\u0103 \u0218colar\u0103 se afl\u0103 \u00een curs de instrumentare un dosar penal ca urmare a incidentelor produse. Totodat\u0103, s-a procedat la informarea DGASPC Prahova, \u00een vederea analiz\u0103rii situa\u021biei minorului, constat\u00e2ndu-se c\u0103 pentru acesta nu se impune instituirea unei m\u0103suri de protec\u021bie. Minorul a r\u0103mas \u00een monitorizarea ofi\u021berului psiholog din cadrul Biroului Siguran\u021b\u0103 \u0218colar\u0103, dar \u0219i a reprezentan\u021bilor ASSC Ploie\u0219ti.<\/p>\n<p style=\"text-align: justify;\"><strong>Administra\u021bia Serviciilor Sociale Comunitare<\/strong> ne-a comunicat c\u0103 s-au purtat discu\u021bii cu mama \u0219i minorul respectiv, cu cadrele didactice, s-au analizat actele medicale, s-a efectuat anchet\u0103 social\u0103, iar, \u00een data de 5.01.2024, s-a solicitat DGASPC Prahova constituirea unei echipe multidisciplinare pentru identificarea solu\u021biilor \u00een acest caz. Mama minorului a fost consiliat\u0103 \u0219i informat\u0103 cu privire la existen\u021ba la nivel local a serviciilor \u0219i presta\u021biilor sociale de care ar putea beneficia.<\/p>\n<p style=\"text-align: justify;\"><strong>DGASPC Prahova<\/strong> ne-a precizat c\u0103 s-au realizat evalu\u0103rile specifice, reprezentan\u021bii legali ai elevului primind recomand\u0103ri pentru \u00eentocmirea documentelor necesare pentru evaluarea complex\u0103 \u0219i pentru asigurarea unei aten\u021bii sporite supravegherii acestuia pentru prevenirea situa\u021biilor de violen\u021b\u0103, dar \u0219i pentru includerea acestuia \u00een programe specifice. DGASPC Prahova a colaborat at\u00e2t cu familia, c\u00e2t \u0219i cu \u0219coala pentru g\u0103sirea modalit\u0103\u021bilor potrivite de evitare, dep\u0103\u0219ire \u0219i rezolvare a situa\u021biei conflictuale a copilului \u00een rela\u021bionarea cu ceilal\u021bi colegi la \u0219coal\u0103. S-a realizat informarea \u0219i consilierea p\u0103rin\u021bilor cu privire la \u00eendatoririle p\u0103rinte\u0219ti pentru asigurarea condi\u021biilor optime de cre\u0219tere \u0219i dezvoltare a fiului lor, necesitatea colabor\u0103rii cu speciali\u0219tii, fiindu-le adus la cuno\u0219tin\u021b\u0103 un plan de recomand\u0103ri \u00een privin\u021ba evalu\u0103rii complexe \u0219i educa\u021bionale a copilului. Asistentul social al direc\u021biei a men\u021binut permanent leg\u0103tura cu familia copilului, sprijinind p\u0103rin\u021bii \u00een demersurile pe care le aveau de \u00eendeplinit. Echipa multidisciplinar\u0103 a direc\u021biei s-a deplasat la sediul \u0219colii, purt\u00e2ndu-se discu\u021bii cu directorul \u0219i \u00eenv\u0103\u021b\u0103torul respectiv, abord\u00e2ndu-se aspecte referitoare la gestionarea situa\u021biilor de criz\u0103 \u0219i g\u0103sirea unor solu\u021bii potrivite de rezolvare \u0219i dep\u0103\u0219ire a conflictelor la nivelul clasei. \u00cen data de 16.01.2024, minorul a reluat cursurile \u0219colare.<\/p>\n<p style=\"text-align: justify;\">La nivelul \u0219colii s-a stabilit un program de activit\u0103\u021bi cu copiii \u0219i cadrele didactice av\u00e2nd ca scop informarea \u0219i prevenirea violen\u021bei. P\u0103rin\u021bii elevilor din clasa respectiv\u0103 care au depus sesiz\u0103ri la nivelul direc\u021biei au primit r\u0103spunsuri conform c\u0103rora li se pot asigura servicii de consiliere psihologic\u0103 \u0219i parental\u0103, \u00een func\u021bie de nevoile identificate. Situa\u021bia comportamental\u0103 a copilului s-a mai ameliorat de c\u00e2nd beneficiaz\u0103 de profesor de sprijin \u0219i nu au mai fost semnalate agresiuni fizice.\u00a0<\/p>\n<\/div>\n<\/div>\n<\/p>\n<p style=\"text-align: justify;\">\n<div class=\"sp-wrap sp-wrap-default\">\n<div class=\"sp-head\" title=\"Expand\">\nDosar nr. 955\/967\/2024 (rezumat) Peten\u021bii au solicitat sprijinul Biroului Teritorial Ploie\u0219ti, ar\u0103t\u00e2nd faptul c\u0103 au depus mai multe cereri prin care au solicitat Prim\u0103riei Municipiului Buz\u0103u, conform prevederilor Legii nr. 87\/2020 pentru modificarea Legii fondului funciar nr. 18\/1991, punerea \u00een posesie \u0219i eliberarea titlului de proprietate pentru terenurile aferente construc\u021biilor cump\u0103rate potrivit Legii nr. 112\/1995, imobile situate \u00een Buz\u0103u, \u00eens\u0103 nu s-a dat curs solicit\u0103rilor lor\n<\/div>\n<div class=\"sp-body folded\">\n<\/p>\n<p style=\"text-align: justify;\">Totodat\u0103, peten\u021bii au men\u021bionat c\u0103 au completat dosarele constituite cu toate documentele solicitate de func\u021bionarii Prim\u0103riei Municipiului Buz\u0103u, inclusiv documentele care atest\u0103 m\u0103surarea terenului disponibil, m\u0103sur\u0103tori efectuate pe cheltuiala peten\u021bilor, \u00eens\u0103 nu \u00een\u021beleg motivul pentru care se tergiverseaz\u0103 solu\u021bionarea cererilor lor depuse \u00een 21.01.2022, respectiv \u00een 22.07.2021.<\/p>\n<p style=\"text-align: justify;\">De asemenea, peten\u021bii au precizat c\u0103 Prim\u0103ria Municipiului Buz\u0103u le-a comunicat faptul c\u0103 dup\u0103 primirea tuturor documentelor, vor fi contacta\u021bi pentru a se stabili data verific\u0103rii \u00een teren a imobilelor solicitate, nefiind contacta\u021bi ulterior de niciun reprezentant al autorit\u0103\u021bii locale, dar \u0219i c\u0103 nu sunt alocate fonduri pentru \u00eentocmirea c\u0103r\u021bilor funciare pentru imobilele solicitate \u00een baza Legii nr. 87\/2020, dar se \u00eencearc\u0103 identificarea unei solu\u021bi, \u00eens\u0103 de\u0219i au trecut 2 ani \u0219i jum\u0103tate de la data depunerii cererilor, situa\u021bia este neschimbat\u0103.<\/p>\n<p style=\"text-align: justify;\">Fa\u021b\u0103 de solicit\u0103rile formulate de Biroul Teritorial Ploie\u0219ti, Prim\u0103ria Municipiului Buz\u0103u a comunicat, \u00een data de 16.01.2024, c\u0103 ambii peten\u021bi au depus documente \u00een completarea cererii lor ini\u021biale, astfel cum li s-a solicitat, dar c\u0103 la acest moment nu se poate preciza o dat\u0103 la care reprezentan\u021bii Prim\u0103riei municipiului Buz\u0103u se vor deplasa \u00een teren \u0219i nici data emiterii procesului verbal de punere \u00een posesie, terenurile solicitate nefiind \u00eenscrise \u00een cartea funciar\u0103, Municipiul Buz\u0103u neav\u00e2nd alocate fonduri pentru \u00eentocmirea c\u0103r\u021bilor funciare pentru imobilele solicitate \u00een baza Legii nr. 87\/2020, dar se \u00eencearc\u0103 solu\u021bionarea acestei situa\u021bii.<\/p>\n<p style=\"text-align: justify;\">Fa\u021b\u0103 de aceste aspecte,<em> Avocatul Poporului a dispus efectuarea unei anchete la Prim\u0103ria Municipiului Buz\u0103u.<\/em><\/p>\n<p style=\"text-align: justify;\">Referitor la modul de solu\u021bionare al cererilor formulate de peten\u021bi \u00een vederea eliber\u0103rii titlurilor de proprietate pentru terenurile aferente construc\u021biilor cump\u0103rate \u00een baza Legii nr. 112\/1995 <em>pentru reglementarea situa\u021biei juridice a unor imobile cu destina\u021bia de locuin\u021be, <\/em>trecute \u00een proprietatea statului, respectiv solu\u021biile identificate pentru deblocarea situa\u021biilor reclamate de peten\u021bi, <em>din discu\u021biile purtate \u0219i documentele puse la dispozi\u021bie, cu ocazia anchetei efectuate, au reie\u0219it urm\u0103toarele:<\/em><\/p>\n<p style=\"text-align: justify;\">Ca urmare a apari\u021biei Legii nr. 87\/2020 pentru modificarea Legii nr. 18\/1991 a fondului funciar, la nivelul Prim\u0103riei Municipiului Buz\u0103u s-a constituit Grupul de lucru \u00een sprijinul Comisiei locale a municipiului Buz\u0103u pentru stabilirea dreptului de proprietate privat\u0103 asupra terenurilor (Comisia local\u0103), prin Dispozi\u021bia Primarului Municipiului Buz\u0103u din 25.10.2021. \u00cen privin\u021ba cererilor formulate de peten\u021bi, \u00een baza Legii nr. 87\/2020, acestea au fost analizate la nivelul grupului de lucru, solicit\u00e2ndu-se peten\u021bilor s\u0103 depun\u0103 documente \u00een completarea cererii ini\u021biale, la data prezentului proces verbal, dosarele acestora fiind complete din acest punct de vedere.<\/p>\n<p style=\"text-align: justify;\">\u00cent\u00e2rzierea solu\u021bion\u0103rii cererilor la nivelul Comisiei locale a fost cauzat\u0103 de lipsa documentelor cadastrale aferente \u00eentocmirii c\u0103r\u021bilor funciare pentru imobilele solicitate \u00een baza Legii nr. 87\/2020, implicit \u0219i pentru imobilele solicitate de peten\u021bi.<\/p>\n<p style=\"text-align: justify;\">Fa\u021b\u0103 de r\u0103spunsurile formulate \u0219i transmise de c\u0103tre Serviciul Administrare Fond Locativ din cadrul Prim\u0103riei Municipiului Buz\u0103u c\u0103tre institu\u021bia Avocatul Poporului prin care se comunica faptul c\u0103 municipiul Buz\u0103u nu are alocate fonduri \u00een vederea \u00eentocmirii c\u0103r\u021bilor funciare pentru imobilele solicitate \u00een baza Legii nr. 87\/2020, conducerea autorit\u0103\u021bii locale ne-a precizat c\u0103 <u>\u00een bugetul local sunt prev\u0103zute fonduri cu aceast\u0103 destina\u021bie, astfel c\u0103 prin Referatul din 20.02.2024, Serviciul Administrare Fond Locativ a solicitat aprobarea conducerii Prim\u0103riei Municipiului Buz\u0103u pentru contractarea unui expert topograf, \u00een vederea \u00eentocmirii documenta\u021biei de carte funciar\u0103 \u0219i \u00eenscrierea \u00een proprietatea privat\u0103 a statului \u0219i \u00een administrarea Consiliul Local al Municipiului Buz\u0103u la OCPI Buz\u0103u a respectivelor imobile.<\/u><\/p>\n<p style=\"text-align: justify;\">La nivelul Serviciului Investi\u021bii din cadrul prim\u0103riei s-a demarat procedura specific\u0103 achizi\u021biilor publice pentru contractarea serviciilor de cadastru necesare, iar <u>\u00ee<\/u><u>n data de 15.03.2024, Prim\u0103ria Municipiului Buz\u0103u ne-a comunicat, prin e-mail, contractul de servicii \u00eencheiat \u00een data de 13.03.2024 av\u00e2nd ca obiect \u201dServicii de inginerie \u00een vederea intabul\u0103rii a 61 imobile din municipiul Buz\u0103u\u201d<\/u>, durata contractului fiind de o lun\u0103, termenul contractului put\u00e2nd fi modificat, cu acordul scris al ambelor p\u0103r\u021bi, prin act adi\u021bional.<\/p>\n<\/div>\n<\/div>\n<\/p>\n<p style=\"text-align: justify;\"><em><strong><span style=\"color: #ff0000;\">2023<\/span><\/strong><\/em><\/p>\n<p style=\"text-align: justify;\">\n<div class=\"sp-wrap sp-wrap-default\">\n<div class=\"sp-head\" title=\"Expand\">\nDosar nr. 35681\/2023 (rezumat) \u00cen data de 21 decembrie 2023, Avocatul Poporului s-a sesizat din oficiu ca urmare a difuz\u0103rii \u00een mass-media a unor articole, care prezentau situa\u021bia unei femei, adus\u0103 incon\u0219tient\u0103, \u00een data de 1 decembrie 2023, la UPU Spitalul Jude\u021bean Ploie\u0219ti, cu AVC\n<\/div>\n<div class=\"sp-body folded\">\n<\/p>\n<p style=\"text-align: justify;\">\u00cen data de 21 decembrie 2023, Avocatul Poporului s-a sesizat din oficiu ca urmare a difuz\u0103rii \u00een\u00a0mass-media<a name=\"_ftnref1\"><\/a><a href=\"#_ftn1\"><sup>[1]<\/sup><\/a>\u00a0a unor articole<em>, <\/em>care prezentau situa\u021bia unei femei, adus\u0103 incon\u0219tient\u0103, \u00een data de 1 decembrie 2023, la UPU Spitalul Jude\u021bean Ploie\u0219ti, cu AVC. Niciun neurolog nu a fost prezent pentru tratament \u0219i internare, pacienta fiind trimis\u0103 cu salvarea la T\u00e2rgovi\u0219te pentru vreo dou\u0103 ore, unde a fost consultat\u0103 de un neurolog \u0219i trimis\u0103 \u00eenapoi la UPU Ploie\u0219ti. Dup\u0103 24 de ore la camera de gard\u0103, so\u021bului pacientei i s-a comunicat c\u0103 nici un medic neurolog nu va veni \u0219i c\u0103 internarea nu se poate face. \u00cen seara zilei de 2 decembrie (dup\u0103 aproximativ 35 de ore de la AVC) so\u021bul a fost nevoit a semnat pe proprie r\u0103spundere c\u0103 o ia din UPU \u0219i a ajuns, prin mijloace proprii, cu pacienta la Institutul Na\u021bional de Neurologie din Bucure\u0219ti.<\/p>\n<p style=\"text-align: justify;\">Av\u00e2nd \u00een vedere c\u0103 informa\u021biile mediatizate au vizat posibila \u00eenc\u0103lcare a art. 22, art. 34 \u0219i art. 52 din Constitu\u021bie, referitoare la dreptul la via\u021b\u0103, la integritate fizic\u0103 \u0219i psihic\u0103, dreptul la ocrotirea s\u0103n\u0103t\u0103\u021bii, respectiv dreptul persoanei v\u0103t\u0103mat\u0103 de o autoritate public\u0103, pentru clarificarea aspectelor relatate \u00een pres\u0103 au fost efectuate demersuri scrise la <strong>Spitalul Jude\u021bean de Urgen\u021b\u0103 Ploie\u0219ti, Spitalul Jude\u021bean de Urgen\u021b\u0103 T\u00e2rgovi\u0219te, Direc\u021bia de S\u0103n\u0103tate Public\u0103 Prahova \u0219i la Colegiul Medicilor Prahova<\/strong>, rezult\u00e2nd urm\u0103toarele:<\/p>\n<p style=\"text-align: justify;\"><strong><em>Spitalul Jude\u021bean de Urgen\u021b\u0103 Ploie\u0219ti<\/em><\/strong> a sus\u021binut c\u0103 pacienta a beneficiat de consult neurologic \u0219i tratament de specialitate la scurt timp dup\u0103 ce a ajuns \u00een UPU, apreciindu-se c\u0103 urm\u00e2nd tratamentul de specialitate neurologic \u00een UPU temporar \u0219i nu \u00eentr-o sec\u021bie de neurologie, nu a fost influen\u021bat\u0103 evolu\u021bia afec\u021biunii neurologice. Totodat\u0103 s-a precizat c\u0103 din cele 9 posturi normate pe sec\u021bia de neurologie doar 3 sunt ocupate, iar dintre cei 3 medici unul se afl\u0103 \u00een concediu medical prelungit, iar unul este scutit de g\u0103rzi din motive medicale. De asemenea, spitalul a \u00eencheiat contracte de colaborare cu al\u021bi 3 medici neurologi pentru asigurarea continuit\u0103\u021bii asisten\u021bei medicale \u00een afara programului normal de lucru.<\/p>\n<p style=\"text-align: justify;\"><strong><em>Spitalul Jude\u021bean de Urgen\u021b\u0103 T\u00e2rgovi\u0219te<\/em><\/strong> a precizat c\u0103 pacienta a fost retrimis\u0103 la UPU Ploie\u0219ti \u00een condi\u021biile \u00een care sec\u021bia de neurologie a Spitalului Jude\u021bean de Urgen\u021b\u0103 T\u00e2rgovi\u0219te era deja aglomerat\u0103 \u0219i mai urmau \u00eenc\u0103 dou\u0103 zile libere.<\/p>\n<p style=\"text-align: justify;\">La <strong><em>Colegiul Medicilor Prahova<\/em><\/strong> nu a fost \u00eenregistrat\u0103 nicio sesizare cu privire la acest caz.<\/p>\n<p style=\"text-align: justify;\"><strong><em>Direc\u021bia de S\u0103n\u0103tate Public\u0103 Prahova<\/em><\/strong>, ne-a informat c\u0103 urmare a demersurilor \u00eentreprinse de Biroul Teritorial Ploie\u0219ti cu privire la acest caz, a fost efectuat\u0103 o ac\u021biune de control la Spitalul Jude\u021bean de Urgen\u021b\u0103 Ploie\u0219ti, fiind solicitat\u0103 <strong><em>demararea imediat\u0103 a unei anchete interne<\/em><\/strong> privind modul \u00een care a fost acordat\u0103 asisten\u021ba medical\u0103 de urgen\u021b\u0103 \u00een acest caz,<\/p>\n<p style=\"text-align: justify;\">Cu ocazia acestui control, au fost constatate<strong> deficien\u021be \u00een respectarea protocoalelor\/ procedurilor privind transferul inter-clinic al pacientei<\/strong> \u00een vederea acord\u0103rii asisten\u021bei medicale de specialitate \u00eentr-o sec\u021bie de neurologie, dup\u0103 neinternarea pacientei de c\u0103tre Spitalul Jude\u021bean T\u00e2rgovi\u0219te \u0219i retrimiterea acesteia la UPU Ploie\u0219ti, respectiv:<\/p>\n<p style=\"text-align: justify;\">&#8211; pacienta a fost \u021binut\u0103 sub observa\u021bie \u00een UPU \u00een perioada 01.12.2023. ora 16,30 &#8211; 02.12.2023, ora 12,50, fiindu-i aplicat tratamentul prescris de medicul neurolog, f\u0103r\u0103 ca cei trei medici de gard\u0103 s\u0103 mai demareze vreun demers \u00een vederea intern\u0103rii acesteia pe o sec\u021bie de neurologie, unde s\u0103 poat\u0103 beneficia de asisten\u021b\u0103 medical\u0103 de specialitate, diagnosticul fiind de AVC acut;<\/p>\n<p style=\"text-align: justify;\">&#8211; nu au fost respectate prevederile O.M.S.P. nr. 1091\/2006 referitoare la transferul inter-clinic, \u00een vederea asigur\u0103rii asisten\u021bei medicale optime pentru pacient, \u021bin\u00e2nd cont de faptul c\u0103 \u00een cadrul unit\u0103\u021bii sanitare nu se putea asigura internarea, neexist\u00e2nd medic neurolog disponibil;<\/p>\n<p style=\"text-align: justify;\">&#8211; fi\u0219a individual\u0103 UPU a pacientei era incomplet completat\u0103, nerespect\u00e2ndu-se prevederile O.M.S.P. nr. 1706\/2006 privind conducerea \u0219i organizarea unit\u0103\u021bilor \u0219i compartimentelor de primiri urgen\u021be;<\/p>\n<p style=\"text-align: justify;\">Pentru deficien\u021bele constatate, <strong><em>cei trei medici de gard\u0103 din UPU, care au acordat asisten\u021b\u0103 medical\u0103 pacientei, au fost sanc\u021biona\u021bi cu amenzi, \u00een valoare total\u0103 de 9.000 lei<\/em><\/strong> \u0219i <strong><em>au fost formulate urm\u0103toarele recomand\u0103ri:<\/em><\/strong> reinstruirea \u00eentregului personal din UPU, transmiterea c\u0103tre D.S.P. Prahova a concluziilor \u0219i m\u0103surilor dispuse \u00een urma anchetei interne referitoare la cazul pacientei, respectarea protocoalelor \u0219i procedurilor generale \u0219i specifice \u0219i a legisla\u021biei \u00een vigoare pe domeniul de activitate desf\u0103\u0219urat \u0219i autorizat<em>.<\/em><\/p>\n<p style=\"text-align: justify;\">Referitor la lipsa medicului neurolog \u00een gard\u0103 din 02.12.2023, \u00een \u0219edin\u021ba Comitetului Director al spitalului s-a dispus ca prim\u0103 m\u0103sur\u0103 <strong><em>notificarea cu avertisment verbal a doctorului<\/em><\/strong> (care avea \u00eencheiat contract de colaborare cu spitalul) \u0219i cu aten\u021bionarea c\u0103 nerespectarea clauzelor contractuale atrage \u00eencetarea de drept a contractului<\/p>\n<p style=\"text-align: justify;\"><strong>Referitor la deficitul de medici \u0219i asigurarea continuit\u0103\u021bii asisten\u021bei medicale \u00een specialitate neurologie<\/strong> conducerea Spitalului Jude\u021bean de Urgen\u021b\u0103 Ploie\u0219ti a efectuat numeroase demersuri pentru g\u0103sirea unor solu\u021bii \u00een vederea acoperirii m\u0103car par\u021bial\u0103 a g\u0103rzilor pe sec\u021bia de neurologie, reu\u0219indu-se transferarea unui medic neurolog de la Spitalul \u201eSf\u00e2ntul Andrei\u201d Gala\u021bi, \u00eencep\u00e2nd cu data de 01.01.2024.<\/p>\n<p style=\"text-align: justify;\">Direc\u021bia de S\u0103n\u0103tate Public\u0103 Prahova, a precizat c\u0103 la data comunic\u0103rii informa\u021biilor c\u0103tre institu\u021bia Avocatul Poporului (22.01.2024), <strong>Ministerul S\u0103n\u0103t\u0103\u021bii a aprobat memorandumul \u00eenaintat de c\u0103tre Spitalul Jude\u021bean de Urgen\u021b\u0103 Ploie\u0219ti privind deblocarea a 100 posturi de personal medico-sanitar, din care 51 posturi pentru medici cu diferite specializ\u0103ri (inclusiv \u00een specialitatea neurologie), \u00een perioada urm\u0103toare urm\u00e2nd a se desf\u0103\u0219ura procedurile de ocupare prin concurs.<\/strong><\/p>\n<p style=\"text-align: justify;\"><a href=\"#_ftnref1\" name=\"_ftn1\">[1]<\/a> <a href=\"https:\/\/www.antena3.ro\/actualitate\/locale\/femeie-ploiesti-avc-plimbata-35-ore-spitale-695736.html\">https:\/\/www.antena3.ro\/actualitate\/locale\/femeie-ploiesti-avc-plimbata-35-ore-spitale-695736.html<\/a><\/p>\n<p style=\"text-align: justify;\"><a href=\"https:\/\/www.realitatea.net\/stiri\/ultimele-stiri\/o-femeie-care-a-suferit-un-avc-a-fost-plimbata-35-de-ore-intre-spitale-sotul-femeii-face-acuzatii-grave_65828ad72f9c6e0aad5854d2\">https:\/\/www.realitatea.net\/stiri\/ultimele-stiri\/o-femeie-care-a-suferit-un-avc-a-fost-plimbata-35-de-ore-intre-spitale-sotul-femeii-face-acuzatii-grave_65828ad72f9c6e0aad5854d2<\/a><\/p>\n<p style=\"text-align: justify;\"><a href=\"https:\/\/www.stirilekanald.ro\/o-pacienta-din-prahova-care-a-suferit-un-avc-a-fost-plimbata-35-de-ore-intre-spitale-20371680\">https:\/\/www.stirilekanald.ro\/o-pacienta-din-prahova-care-a-suferit-un-avc-a-fost-plimbata-35-de-ore-intre-spitale-20371680\u00a0<\/a><\/p>\n<\/div>\n<\/div>\n<\/p>\n<p style=\"text-align: justify;\">\n<div class=\"sp-wrap sp-wrap-default\">\n<div class=\"sp-head\" title=\"Expand\">\nDosar nr. 33226\/2023 (rezumat) \u00cen data de 28 noiembrie 2023, Biroul Teritorial Ploie\u0219ti s-a sesizat din oficiu ca urmare a difuz\u0103rii \u00een mass-media a unor articole privind cazul unui adolescent din jude\u021bul Buz\u0103u anchetat de poli\u021bie dup\u0103 ce a amenin\u021bat un \u0219ofer cu un pistol, furios c\u0103 i s-a atras aten\u021bia c\u0103 traverseaz\u0103 carosabilul neregulamentar\n<\/div>\n<div class=\"sp-body folded\">\n<p>\u00a0Referitor la acest caz, Avocatul Poporului a dispus efectuarea unor demersuri scrise la Inspectoratul de Poli\u021bie Jude\u021bean Buz\u0103u \u0219i la Direc\u021bia General\u0103 de Asisten\u021b\u0103 Social\u0103 \u0219i Protec\u021bia Copilului Buz\u0103u.<\/p>\n<p style=\"text-align: justify;\">\u00cen urma verific\u0103rilor efectuate la Inspectoratul de Poli\u021bie Jude\u021bean Buz\u0103u, s-a re\u021binut c\u0103 minorul implicat \u00een incident a fost audiat de c\u0103tre organele de cercetare penal\u0103 \u00een calitate de suspect, fiind asistat de ap\u0103r\u0103tor din oficiu, de un reprezentant al Direc\u021bia General\u0103 de Asisten\u021b\u0103 Social\u0103 \u0219i Protec\u021bia Copilului Buz\u0103u \u0219i de c\u0103tre mama sa. \u00cen cauz\u0103 au fost efectuate cercet\u0103ri care au fost finalizate, dosarul fiind \u00eenaintat Parchetului de pe l\u00e2ng\u0103 Judec\u0103toria Buz\u0103u. Cazul minorului a fost adus la cuno\u0219tin\u021ba DGASPC Buz\u0103u.<\/p>\n<p style=\"text-align: justify;\">\u00centruc\u00e2t Direc\u021bia General\u0103 de Asisten\u021b\u0103 Social\u0103 \u0219i Protec\u021bia Copilului Buz\u0103u ne-a transmis informa\u021bii referitoare la situa\u021bia unui alt minor, iar nu la situa\u021bia minorului implicat de fapt \u00een incident, urmare sesiz\u0103rii institu\u021biei Avocatul Poporului, DGASPC Buz\u0103u a procedat la evaluarea copilului implicat \u00een incident \u0219i ne-a pus la dispozi\u021bie raportul de evaluare, reie\u0219ind urm\u0103toarele:<\/p>\n<p style=\"text-align: justify;\">Minorul provine din rela\u021bie de uniune consensual\u0103, familie suportiv\u0103 de etnie rom\u0103 care se str\u0103duie\u0219te s\u0103 \u00eei asigure copilului \u00eentre\u021binerea, dar \u0219i afec\u021biunea necesar\u0103 unei dezvolt\u0103ri armonioase. Minorul a absolvit patru clase \u0219i \u00eenregistreaz\u0103 abandon \u0219colar. Este \u00eenscris la medicul de familie \u0219i urmeaz\u0103 tratament din partea medicului psihiatru. Din punct de vedere locativ, condi\u021biile de trai sunt opulente, veniturile familiei provenind din aloca\u021bia minorului \u0219i sumele de bani c\u00e2\u0219tigate de tat\u0103l minorului \u00een str\u0103in\u0103tate.<\/p>\n<p style=\"text-align: justify;\">S-a confirmat faptul c\u0103 minorul a fost audiat de c\u0103tre organele de poli\u021bie \u00een calitate de suspect pentru comiterea infrac\u021biunii de amenin\u021bare \u0219i nerespectarea regimului armelor \u0219i muni\u021biilor, c\u0103 a fost\u00a0 asistat \u0219i de un reprezentat al DGASPC Buz\u0103u. La audiere, minorului \u0219i mamei minorului li s-a adus a cuno\u0219tin\u021b\u0103 faptul c\u0103 minorul poate beneficia de servicii de consiliere psihologic\u0103 \u00een cadrul DGASPC Buz\u0103u.<\/p>\n<p style=\"text-align: justify;\">Familia minorului a fost consiliat\u0103 social, psihologic \u0219i informat\u0103 juridic cu privire la obliga\u021biile p\u0103rin\u021bilor de a educa copilul \u00een spiritul respect\u0103rii normelor sociale \u0219i morale, de a-i oferi comportamente dezirabile, astfel \u00eenc\u00e2t acesta s\u0103 se poat\u0103 integra social \u0219i le-au fost aduse la cuno\u0219tin\u021b\u0103 m\u0103surile ce pot fi luate fa\u021b\u0103 de minor dac\u0103 repet\u0103 comportamentul delincvent, dup\u0103 \u00eemplinirea v\u00e2rstei de 14 ani. Cu ocazia evalu\u0103rii, p\u0103rin\u021bii minorului au refuzat serviciile de consiliere psihologic\u0103 pentru minor, consider\u00e2nd c\u0103 nu este necesar.<\/p>\n<p style=\"text-align: justify;\">Av\u00e2nd \u00een vedere faptul c\u0103 minorul este la prima abatere, a \u00eemplinit v\u00e2rsta de 14 ani \u0219i r\u0103spunde penal dac\u0103 se dovede\u0219te c\u0103 a s\u0103v\u00e2r\u0219it fapta cu discern\u0103m\u00e2nt, iar p\u0103rin\u021bii se str\u0103duiesc s\u0103 \u00eei acorde o educa\u021bie \u00een concordan\u021b\u0103 cu normele morale \u0219i sociale \u00een limita nivelului cultural \u0219i educa\u021bional, familia a fost consiliat\u0103 social, psihologic \u0219i informat\u0103 juridic cu privire la obliga\u021bia p\u0103rin\u021bilor de a acorda mai mult\u0103 aten\u021bie educ\u0103rii \u0219i supravegherii minorului, c\u00e2t \u0219i cu privire la consecin\u021bele comportamentului delincvent \u0219i s\u0103 acorde mai mult\u0103 aten\u021bie modului \u00een care fiul \u00ee\u0219i petrece timpul liber, speciali\u0219tii DGASPC Buz\u0103u au apreciat c\u0103 minorului nu \u00eei mai sunt aplicabile prevederile Legii nr. 272\/2004 privind protec\u021bia \u0219i promovarea drepturilor copilului cu privire la minorul care a s\u0103v\u00e2r\u0219it o fapt\u0103 penal\u0103 \u0219i nu r\u0103spunde penal, propun\u00e2ndu-se \u00eenchiderea cazului.\u00a0<\/p>\n<\/div>\n<\/div>\n<\/p>\n<p style=\"text-align: justify;\">\n<div class=\"sp-wrap sp-wrap-default\">\n<div class=\"sp-head\" title=\"Expand\">\nDosar nr. 23018 \/2023 (rezumat) \u00cen data de 22 august 2023, Avocatul Poporului s-a sesizat din oficiu ca urmare a difuz\u0103rii \u00een mass-media a unor articolele intitulate \u201dCrim\u0103 la Spitalul de psihiatrie din Gura Ocni\u021bei: O pacient\u0103 a fost ucis\u0103 de o alt\u0103 femeie internat\u0103\u201d, \u201cO pacient\u0103 de la Spitalul de psihiatrie Gura Ocni\u021bei a omor\u00e2t o alt\u0103 bolnav\u0103\u201d, cu privire la un incident ce a avut loc la Sec\u021bia de Psihiatrie Gura Ocni\u021bei din cadrul Spitalului Jude\u021bean de Urgen\u021b\u0103 T\u00e2rgovi\u0219te\n<\/div>\n<div class=\"sp-body folded\">\n<p>\u00a0Av\u00e2nd \u00een vedere c\u0103 informa\u021biile mediatizate au vizat posibila \u00eenc\u0103lcare a art. 22 \u0219i art. 34 din Constitu\u0163ie, privind dreptul la via\u021b\u0103 \u0219i la integritate fizic\u0103 \u0219i psihic\u0103, respectiv dreptul la ocrotirea s\u0103n\u0103t\u0103\u021bii, Avocatul Poporului a dispus efectuarea unor demersuri scrise la Inspectoratul Jude\u021bean de Poli\u021bie D\u00e2mbovi\u021ba \u0219i efectuarea unei anchete proprii la Spitalul Jude\u021bean de Urgen\u021b\u0103 D\u00e2mbovi\u021ba \u2013 Sec\u021bia de psihiatrie cronici din comuna Gura Ocni\u021bei.<\/p>\n<p style=\"text-align: justify;\">\u00cen urma verific\u0103rilor efectuate, au fost constatate mai multe nereguli \u00een privin\u021ba respect\u0103rii prevederilor Legii nr. 95\/2006 privind reforma \u00een domeniul s\u0103n\u0103t\u0103\u021bii privind reforma \u00een domeniul s\u0103n\u0103t\u0103\u021bii, a protocoalelor \u0219i procedurilor stabilite \u00een privin\u021ba coordon\u0103rii \u0219i monitoriz\u0103rii activit\u0103\u021bii de interven\u021bie, \u00een conformitate cu reglement\u0103rile legale \u00een vigoare, inclusiv protocoalele \u0219i procedurile \u00een privin\u021ba actului medical \u0219i pentru siguran\u021ba pacien\u021bilor, precum \u0219i a prevederilor Legii 487\/2002 a s\u0103n\u0103t\u0103\u0163ii mintale \u015fi a protec\u0163iei persoanelor cu tulbur\u0103ri psihice, republicat\u0103 \u0219i a Ordinului nr. 488\/2016 pentru aprobarea Normelor de aplicare a Legii s\u0103n\u0103t\u0103\u0163ii mintale \u015fi a protec\u0163iei persoanelor cu tulbur\u0103ri psihice nr. 487\/2002.<\/p>\n<p style=\"text-align: justify;\"><strong>Pentru remedierea acestora, Avocatul Poporului a emis Recomandarea nr. 131 din 08.09.2023, c\u0103tre managerul Spitalului Jude\u021bean de Urgen\u021b\u0103 T\u00e2rgovi\u0219te. <\/strong><\/p>\n<p style=\"text-align: justify;\">Prin adresa nr. 18804\/29.09.2023, <strong>Managerul Spitalului Jude\u021bean T\u00e2rgovi\u0219te, a comunicat faptul c\u0103 \u0219i-a \u00eensu\u0219it Recomandarea Avocatului Poporului<\/strong>, respectiv:<\/p>\n<ul style=\"text-align: justify;\">\n<li>la nivelul Sec\u021biilor de psihiatrie Cronici Gura Ocni\u021bei a fost elaborat\u0103 PO-06SPC \u2013 Procedura opera\u021bional\u0103 privind gestionarea situa\u021biilor de criz\u0103 generate de pacientul agresiv;<\/li>\n<li>a fost revizuit\u0103 PO-98-SM- Procedura opera\u021bional\u0103 privind acordarea de servicii sociale pacien\u021bilor cu afec\u021biuni psihice, \u00een sensul c\u0103 la internare, asistentul social va evalua pacientul, va \u00eentocmi fi\u0219a de preluare caz \u00een situa\u021bia pacientului cu risc \u0219i vulnerabilitate social\u0103, acord\u00e2nd sprijin \u0219i consiliere specific\u0103 nevoilor identificate. Pe parcursul intern\u0103rii, ori de c\u00e2te ori nevoile pacientului impun interven\u021bia asistentului social, acesta va oferi sprijin \u0219i consiliere adecvate \u0219i adaptate nevoilor acestuia, consemn\u00e2nd de fiecare dat\u0103 interven\u021biile efectuate \u00een Foaia de observa\u021bie clinic\u0103 general\u0103;<\/li>\n<li>a fost instruit personalul medic-sanitar care \u00ee\u0219i desf\u0103\u0219oar\u0103 activitatea \u00een cadrul Sec\u021biilor de Psihiatrie Cronici cu privire la activit\u0103\u021bile procedurale;<\/li>\n<li>au fost \u00eentocmite grafice cu personalul responsabil cu supravegherea pacien\u021bilor \u00een incint\u0103 (curtea) loca\u021biei;<\/li>\n<li>conducerea institu\u021biei a aprobat referatul \u00eentocmit de medicul \u0219ef al Sec\u021biei de Psihiatrie Cronici I \u0219i coordonator al Sec\u021biei de Psihiatrie Cronici VI, prin care s-a solicitat suplimentarea num\u0103rului de camere de supraveghere \u00een curtea loca\u021biei Gura Ocni\u021bei, urm\u00e2nd a se demara procedura specific\u0103 de achizi\u021bie.<br \/>\n<\/div>\n<\/div>\n<\/li>\n<\/ul>\n<p style=\"text-align: justify;\">\n<div class=\"sp-wrap sp-wrap-default\">\n<div class=\"sp-head\" title=\"Expand\">\nDosar nr. 21759\/2023 (rezumat) \u00cen data de 7 august 2023, Biroul Teritorial Ploie\u0219ti s-a sesizat din oficiu ca urmare a difuz\u0103rii \u00een mass-media a unor articole privind decesul unui t\u00e2n\u0103r, \u00een urma unui accident de munc\u0103 petrecut la o societate comercial\u0103 din comuna Berceni, jude\u021bul Prahova\n<\/div>\n<div class=\"sp-body folded\">\n<\/p>\n<p style=\"text-align: justify;\">Pentru clarificarea aspectelor relatate \u00een pres\u0103, Avocatul Poporului a dispus efectuarea unor verific\u0103ri<em> Inspectoratul Teritorial de Munc\u0103 Prahova, Inspectoratul de Poli\u021bie Jude\u021bean Prahova , <\/em><em>Casa Jude\u021bean\u0103 de Pensii Prahova \u0219i la Parchetul de pe l\u00e2ng\u0103 Judec\u0103toria Ploie\u0219ti. <\/em><\/p>\n<p style=\"text-align: justify;\">\u00cen urma verific\u0103rilor efectuate, s-a concluzionat c\u0103 victima era angajat\u0103 pe postul de muncitor necalificat la spargerea \u0219i t\u0103ierea materialelor de construc\u021bii, avea calificarea profesional\u0103 necesar\u0103 oper\u0103rii cu instala\u021biile de ridicat, respectiv era autorizat\u0103 pentru meseria de stivuitorist, fusese instruit\u0103 \u00een data de 13.04.2023.<\/p>\n<p style=\"text-align: justify;\">\u00cen data de 4.08.2023, salariatul s-a prezentat la serviciu, \u00een cadrul sec\u021biei Metal apar\u021bin\u00e2nd societ\u0103\u021bii comerciale, a utilizat\u00a0 motostivuitorul cu furci frontale aflat \u00een dotarea acestei sec\u021bii, \u00een vederea \u00eenc\u0103rc\u0103rii unui palet cu elemente de cauciuc aflat \u00een hala sec\u021biei. Echipamentul era func\u021bional, fiind expertizat \u0219i controlat NDT de c\u0103tre o firm\u0103 autorizat\u0103 ISCIR, conform prescrip\u021biilor tehnice aplicabile, urm\u00e2nd a fi pus \u00een func\u021biune dup\u0103 ob\u021binerea autoriz\u0103rii de func\u021bionare, conform prevederilor legale.<\/p>\n<p style=\"text-align: justify;\">Dup\u0103 \u00eenc\u0103rcarea paletului \u00een semiremorca autovehiculului de transport, salariatul a efectuat manevra de \u00eentoarcere a motostivuitorului \u00eentr-o zon\u0103 nesigur\u0103, f\u0103r\u0103 a purta centura de siguran\u021b\u0103 aflat\u0103 \u00een dotarea echipamentului, prin spatele remorcii autovehiculului de mare tonaj. Acest fapt a determinat alunecarea ma\u0219inii de ridicat cu roata st\u00e2nga spate a ma\u0219inii de ridicat de pe drumul pietruit \u00eentr-un \u0219an\u021b din apropiere s\u0103pat \u00een vederea mont\u0103rii unei rigole \u0219i r\u0103sturnarea acesteia pe partea st\u00e2ng\u0103. Lucr\u0103torul a \u00eencercat s\u0103 sar\u0103 de la postul de comand\u0103 \u0219i a fost surprins \u00eentre motostivuitor \u0219i sol.<\/p>\n<p style=\"text-align: justify;\">Victimei i s-au acordat \u00eengrijiri medicale de c\u0103tre un echipaj din cadrul SMURD Prahova care ulterior a luat m\u0103sura transport\u0103rii sale la Spitalul Jude\u021bean de Urgen\u021b\u0103 Ploie\u0219ti. \u00cen aceea\u0219i zi avut loc decesul victimei, concluziile preliminare ale Serviciului Jude\u021bean de Medicin\u0103 Legal\u0103 Prahova ar\u0103t\u00e2nd c\u0103 \u00eentre leziuni \u0219i deces exist\u0103 o leg\u0103tur\u0103 direct\u0103 \u0219i necondi\u021bionat\u0103 de cauzalitate.<\/p>\n<p style=\"text-align: justify;\">Inspectoratul Teritorial de Munc\u0103 Prahova a dispus oprirea din func\u021biune a echipamentului de munc\u0103 implicat \u00een eveniment p\u00e2n\u0103 la autorizarea func\u021bion\u0103rii, conform prevederilor PT R1-2010 \u2013 Colec\u021bia ISCIR.<\/p>\n<p style=\"text-align: justify;\">Evenimentul ce a avut ca urmare decesul salariatului a fost comunicat de c\u0103tre angajator Inspectoratului Teritorial de Munc\u0103 Prahova, conform prevederilor legale.<\/p>\n<p style=\"text-align: justify;\">A fost efectuat\u0103 cercetarea evenimentului, \u00een urma c\u0103reia s-au re\u021binut urm\u0103toarele:<\/p>\n<p style=\"text-align: justify;\">Victima accidentului se face r\u0103spunz\u0103toare pentru c\u0103 a efectuat manevra de \u00eentoarcere a stivuitorului \u00eentr-o zon\u0103 nesigur\u0103, f\u0103r\u0103 a purta centura de siguran\u021b\u0103 din dotarea acestuia, nerealiz\u00e2nd c\u0103 astfel, \u00ee\u0219i poate expune la pericol de accidentare at\u00e2t propria persoan\u0103, c\u00e2t \u0219i alte persoane care pot fi afectate de ac\u021biunile sau omisiunile sale \u00een timpul procesului de munc\u0103.<\/p>\n<p style=\"text-align: justify;\">\u00cen sarcina angajatorului s-au re\u021binut dou\u0103 neconformit\u0103\u021bi \u00een leg\u0103tur\u0103 cu ne\u00eendeplinirea obliga\u021biei legale de a controla cunoa\u0219terea \u0219i aplicarea de c\u0103tre lucr\u0103tori a m\u0103surilor tehnice, sanitare, organizatorice \u0219i de alt\u0103 natur\u0103<em>,<\/em> astfel \u00eenc\u00e2t \u00een timpul utiliz\u0103rii ma\u0219inilor de ridicat (av\u00e2nd \u00een vedere c\u0103 principal\u0103 a evenimentului stabilit\u0103 de cercetare a fost tocmai \u00eenc\u0103lcarea de c\u0103tre victim\u0103 a m\u0103surilor de protec\u021bie stabilite), respectiv nu a luat toate\u00a0 m\u0103surile care se impun\u00a0 astfel \u00eenc\u00e2t s\u0103 fie interzis\u0103 cu des\u0103v\u00e2r\u0219ire func\u021bionarea \u0219i utilizarea ma\u0219inii de ridicat.\u00a0 Pentru neconformit\u0103\u021bile re\u021binute \u00een sarcina angajatorului s-a aplicat\u00a0 amend\u0103 contraven\u021bional\u0103.<\/p>\n<p style=\"text-align: justify;\">Cercetarea a re\u021binut neconformit\u0103\u021bi \u00een activitatea unui alt doilea operator economic (executantul mont\u0103rii rigolei betonate) pentru neluarea m\u0103surilor privind semnalizarea zonei decopertate din proximitatea drumului intern de acces. Pentru neconformit\u0103\u021bile re\u021binute s-a aplicat amend\u0103 contraven\u021bional\u0103.<\/p>\n<p style=\"text-align: justify;\">Totodat\u0103, au fost stabilite m\u0103suri dispuse pentru prevenirea altor evenimente similare \u0219i persoanele responsabile pentru realizarea acestora (pentru ambele societ\u0103\u021bi comerciale).<\/p>\n<p style=\"text-align: justify;\">Procesul-verbal de cercetare a evenimentului a fost repartizat pentru comunicare, c\u0103tre Ministerul Muncii \u0219i Solidarit\u0103\u021bii Sociale &#8211; Inspec\u021bia Muncii, Parchetului de pe l\u00e2ng\u0103 Judec\u0103toria Ploie\u0219ti, Inspectoratului Teritorial de Munc\u0103 Prahova, Casei Jude\u021bene de Pensii Prahova, societ\u0103\u021bilor comerciale \u0219i \u00a0familiei victimei. Cu privire la acest caz se efectueaz\u0103 cercet\u0103ri penale (dosar \u00eenregistrat la Parchetul de pe l\u00e2ng\u0103 Judec\u0103toria Ploie\u0219ti sub nr. unic).\u00a0<\/p>\n<\/div>\n<\/div>\n<\/p>\n<p style=\"text-align: justify;\">\n<div class=\"sp-wrap sp-wrap-default\">\n<div class=\"sp-head\" title=\"Expand\">\nDosar nr. 22773\/2023 (rezumat) \u00cen data de 18 august 2023, Biroul Teritorial Ploie\u0219ti s-a sesizat din oficiu ca urmare a difuz\u0103rii \u00een mass-media a unor articole privind producerea unui accident de munc\u0103 \u00een localitatea Bro\u0219teni (Produle\u0219ti), jude\u021bul D\u00e2mbovi\u021ba, victima fiind un b\u0103rbat, angajat al unei societ\u0103\u021bi comerciale, care a fost surprins sub un mal de p\u0103m\u00e2nt la o lucrare pe care o executa \u00een satul Bro\u0219teni, jude\u021bul D\u00e2mbovi\u021ba\n<\/div>\n<div class=\"sp-body folded\">\n<\/p>\n<p style=\"text-align: justify;\">Pentru clarificarea aspectelor relatate \u00een pres\u0103, Avocatul Poporului a dispus efectuarea unor verific\u0103ri<em> Inspectoratul Teritorial de Munc\u0103 D\u00e2mbovi\u021ba, Inspectoratul de Poli\u021bie Jude\u021bean D\u00e2mbovi\u021ba, Casa Jude\u021bean\u0103 de Pensii D\u00e2mbovi\u021ba, Inspectoratul pentru Situa\u021bii de Urgen\u021b\u0103 Basarab I D\u00e2mbovi\u021ba \u0219i la Spitalul Jude\u021bean de Urgen\u021b\u0103 T\u00e2rgovi\u0219te.<\/em><\/p>\n<p style=\"text-align: justify;\">\u00cen urma verific\u0103rilor efectuate, s-a concluzionat c\u0103 victima avea func\u021bia de maistru construc\u021bii civile la o societate comercial\u0103 \u0219i \u00een data de 17.08.2023 (c\u00e2nd a avut loc accidentul) se afla la punctul de lucru (locul de munc\u0103 organizat \u00een localitatea Produle\u0219ti &#8211; \u00cenfiin\u021barea \u0219i extinderea re\u021belelor de alimentare cu ap\u0103 \u0219i canalizare \u00een R\u0103cari, Lungule\u021bu, Produle\u0219ti, Br\u0103ni\u0219tea, Con\u021be\u0219ti). \u00cen acea zi, lucr\u0103torul avea de executat leg\u0103tura \u00eentre conductele de canalizare. \u00cen timpul activit\u0103\u021bii (dup\u0103 ce salariatul a executat montarea \u021bevii de canalizare \u0219i se preg\u0103tea pentru ie\u0219irea din \u0219an\u021b), s-a produs desprinderea unei buc\u0103\u021bi de p\u0103m\u00e2nt (\u00een partea de jos) de la ultimul panou de sus\u021binere a malului \u0219i fundul s\u0103p\u0103turii, unde nu existau elemente de sus\u021binere a malului. Malul desprins i-a prins angajatului membrele inferioare de la glezn\u0103 \u00een jos \u00eentre p\u0103m\u00e2nt \u0219i \u021beav\u0103.<\/p>\n<p style=\"text-align: justify;\">Dup\u0103 producerea evenimentului, lucr\u0103torul a fost transportat la unitatea primiri urgen\u021be a Spitalului Jude\u021bean de Urgen\u021b\u0103 T\u00e2rgovi\u0219te unde a beneficiat de \u00eengrijiri medicale, investiga\u021bii\/ tratamente \u0219i, de\u0219i i s-a recomandat internarea \u00een sec\u021bia ortopedie \u0219i traumatologie ATI pentru supraveghere, acesta, contrar indica\u021biilor medicale, a refuzat internarea, fiind externat la domiciliu cu recomand\u0103ri \u0219i Rp. A doua zi dup\u0103 producerea evenimentului, salariatul s-a prezentat la locul de munc\u0103, relu\u00e2ndu-\u0219i activitatea.<\/p>\n<p style=\"text-align: justify;\">Evenimentul ce a avut ca urmare v\u0103t\u0103marea salariatului a fost comunicat de c\u0103tre angajator Inspectoratului Teritorial de Munc\u0103 D\u00e2mbovi\u021ba, conform prevederilor legale.<\/p>\n<p style=\"text-align: justify;\">A fost efectuat\u0103 cercetarea evenimentului. Potrivit procesului-verbal de cercetare a evenimentului, cauza producerii evenimentului o constituie neutilizarea corespunz\u0103toare a mijloacelor de protec\u021bie din dotare, a panourilor metalice de sus\u021binere a malurilor pe \u00eentreaga suprafa\u021b\u0103 s\u0103pat\u0103, acolo unde s\u0103p\u0103tura dep\u0103\u0219e\u0219te 1,5 metri ad\u00e2ncime, fapt ce a permis surparea malului care l-a surprins pe lucr\u0103tor. Pentru \u00eenc\u0103lcarea mai sus men\u021bionat\u0103 angajatorul a fost sanc\u021bionat contraven\u021bional cu amend\u0103 de 5.000 lei, conform prevederilor art. 39 alin. (9) lit. d) din Legea\u00a0 securit\u0103\u021bii \u0219i s\u0103n\u0103t\u0103\u021bii \u00een munc\u0103 nr. 319\/2006. Pentru prevenirea altor evenimente similare, au fost stabilite \u00een sarcina societ\u0103\u021bii comerciale m\u0103suri, cu termene de \u00eendeplinire.<\/p>\n<p style=\"text-align: justify;\">\u00centruc\u00e2t \u00een cadrul cercet\u0103rii evenimentului, s-a re\u021binut faptul c\u0103, prin neutilizarea corespunz\u0103toare a mijloacelor din dotare (a panourilor metalice de sus\u021binere a malurilor), salariatul a permis surparea malurilor \u0219i s-a expus riscului de accidentare, f\u0103c\u00e2ndu-se r\u0103spunz\u0103tor de faptul c\u0103 nu a prev\u0103zut escava\u021bia\/s\u0103p\u0103tura cu protec\u021bii suficiente \u00eempotriva surp\u0103rii, d\u00e2nd dovad\u0103 de superficialitate \u0219i neaten\u021bie, prin procesul verbal de cercetare a evenimentului s-a propus sanc\u021bionarea salariatului cu <em>Avertisment scris<\/em>.<\/p>\n<p style=\"text-align: justify;\">Procesul-verbal de cercetare a evenimentului a fost repartizat pentru comunicare, c\u0103tre Inspectoratul Teritorial de Munc\u0103 D\u00e2mbovi\u021ba, societ\u0103\u021bii comerciale \u0219i salariatului.<\/p>\n<p style=\"text-align: justify;\">Inspectoratul Teritorial de Munc\u0103 D\u00e2mbovi\u021ba a concluzionat c\u0103 evenimentul a c\u0103rui victim\u0103 a fost angajatul societ\u0103\u021bii comerciale se \u00eencadreaz\u0103 ca accident u\u0219or cu incapacitate temporar\u0103 de munc\u0103, cu o durat\u0103 mai mic\u0103 de 3 zile consecutive, \u00eentrunind prevederile art. 5 lit. q) din Legea securit\u0103\u021bii \u0219i s\u0103n\u0103t\u0103\u021bii \u00een munc\u0103 nr. 319\/2006.<\/p>\n<p style=\"text-align: justify;\">Cu privire la acest caz se efectueaz\u0103 cercet\u0103ri penale (dosar \u00eenregistrat la Parchetul de pe l\u00e2ng\u0103 Judec\u0103toria G\u0103e\u0219ti sub nr. unic).<\/p>\n<\/div>\n<\/div>\n<\/p>\n<p style=\"text-align: justify;\">\n<div class=\"sp-wrap sp-wrap-default\">\n<div class=\"sp-head\" title=\"Expand\">\nDosar nr. 22388\/2023 (rezumat) - referitor la aplicarea Recomand\u0103rii nr. 72 din 26 aprilie 2021, emis\u0103 de Avocatul Poporului, c\u0103tre Directorul Direc\u021biei Generale de Asisten\u021b\u0103 Social\u0103 \u0219i Protec\u021bia Copilului Prahova)\n<\/div>\n<div class=\"sp-body folded\">\n<\/p>\n<p style=\"text-align: justify;\">\u00cen data de 09.08.2023, Direc\u021bia General\u0103 de Asisten\u021b\u0103 Social\u0103 \u0219i Protec\u021bia Copilului Prahova a informat institu\u021bia Avocatul Poporului &#8211; Biroul Teritorial Ploie\u0219ti cu privire la \u00a0faptul c\u0103 se afl\u0103 \u00een imposibilitatea de a mai aplica procedura elaborat\u0103 ca urmare a m\u0103surilor dispuse de Avocatul Poporului prin Recomandarea nr. 72 din 26.04.2021 (Procedura opera\u021bional\u0103 privind informarea serviciilor publice de asisten\u021b\u0103 social\u0103 dup\u0103 participarea la audierile minorilor de c\u0103tre organele judiciare).<\/p>\n<p style=\"text-align: justify;\">\u00cen adresa mai sus-men\u021bionat\u0103, s-a precizat c\u0103 \u201e<em>\u00een urma particip\u0103rii la audieri a personalului DGASPC Prahova s-au primit <u>observa\u021bii,<\/u> din partea organelor de cercetare penal\u0103, cu privire la p\u0103strarea confiden\u021bialit\u0103\u021bii datelor copiilor asista\u021bi la audieri p\u00e2n\u0103 la finalizarea cercet\u0103rilor\u201d.<\/em><\/p>\n<p style=\"text-align: justify;\">Recomandarea nr. 72 din 26.04.2021, a fost emis\u0103 ca urmare a neregulilor constatate \u00een urma verific\u0103rilor realizate pentru solu\u021bionare sesiz\u0103rii din oficiu nr. 130\/2021 (dosar deschis la Biroul Teritorial Ploie\u0219ti) \u0219i a vizat <em>reglementarea modalit\u0103\u021bii de transmitere a informa\u021biilor referitoare la situa\u021bia minorilor<\/em> asista\u021bi de reprezentan\u021bii Direc\u021biei Generale de Asisten\u021b\u0103 Social\u0103 \u0219i Protec\u021bia Copilului Prahova la audieri \u00een fa\u021ba organelor de cercetare penal\u0103 (fa\u021b\u0103 de care nu sunt dispuse m\u0103suri privative de libertate), <em>c\u0103tre serviciile de asisten\u021b\u0103 social\u0103<\/em> de la nivelul autorit\u0103\u021bilor locale de la adresele de domiciliu ale acestora, pentru a fi demarate cu celeritate procedurile specifice pentru minorii afla\u021bi \u00een situa\u021bie de risc \u0219i <em>prelucrarea acestor reglement\u0103ri cu personalul implicat \u00een aceast\u0103 activitate.<\/em><\/p>\n<p style=\"text-align: justify;\">Recomandarea a fost \u00eensu\u0219it\u0103 de c\u0103tre conducerea Direc\u021biei Generale de Asisten\u021b\u0103 Social\u0103 \u0219i Protec\u021bia Copilului Prahova, care la data de 07.05.2021 a informat \u00een acest sens institu\u021bia Avocatul Poporului, preciz\u00e2nd c\u0103 a fost elaborat\u0103 \u0219i prelucrat\u0103 cu personalul implicat \u00een aceast\u0103 activitate <em>Procedura opera\u021bional\u0103 privind informarea serviciilor publice de asisten\u021b\u0103 social\u0103 dup\u0103 participarea la audierile minorilor de c\u0103tre organele judiciare.<\/em><\/p>\n<p style=\"text-align: justify;\">Urmare coresponden\u021bei transmise de Direc\u021bia General\u0103 de Asisten\u021b\u0103 Social\u0103 \u0219i Protec\u021bia Copilului Prahova \u00een data de 09.08.2023, au fost solicitate informa\u021bii detaliate cu privire la observa\u021biile primite din partea organelor de cercetare penal\u0103 \u0219i eventuale documente transmise \u00een acest sens. Totodat\u0103, \u00een data de 15.09.2023 a avut loc o \u00eent\u00e2lnire \u00eentre reprezentan\u021bii Direc\u021biei Generale de Asisten\u021b\u0103 Social\u0103 \u0219i Protec\u021bia Copilului Prahova \u0219i cei ai Biroului Teritorial Ploie\u0219ti al institu\u021biei Avocatul Poporului, pentru clarificarea situa\u021biei.<\/p>\n<p style=\"text-align: justify;\">\u00cen urma discu\u021biilor care au avut loc s-a concluzionat c\u0103 se impune revizuirea Procedurii opera\u021bionale privind informarea serviciilor publice de asisten\u021b\u0103 social\u0103 dup\u0103 participarea la audierile minorilor de c\u0103tre organele judiciare (existent\u0103 la nivelul Direc\u021biei Generale de Asisten\u021b\u0103 Social\u0103 \u0219i Protec\u021bia Copilului Prahova)<em>, <\/em>av\u00e2ndu-se \u00een vedere recomand\u0103rile organelor de cercetare penal\u0103 privind confiden\u021bialitatea informa\u021biilor.<\/p>\n<p style=\"text-align: justify;\">\u00cen data de 14.12.2023, Direc\u021bia General\u0103 de Asisten\u021b\u0103 Social\u0103 \u0219i Protec\u021bia Copilului Prahova a informat institu\u021bia Avocatul Poporului &#8211; Biroul Teritorial Ploie\u0219ti cu privire la \u00a0faptul c\u0103 procedura a fost revizuit\u0103 la data de 07.12.2023.\u00a0<\/p>\n<\/div>\n<\/div>\n<\/p>\n<p style=\"text-align: justify;\">\n<div class=\"sp-wrap sp-wrap-default\">\n<div class=\"sp-head\" title=\"Expand\">\nDosar nr. 21759\/2023 (rezumat) \u00cen data de 7 august 2023, Biroul Teritorial Ploie\u0219ti s-a sesizat din oficiu ca urmare a difuz\u0103rii \u00een mass-media a unor articole privind decesul unui t\u00e2n\u0103r, \u00een urma unui accident de munc\u0103 petrecut la o societate comercial\u0103 din comuna Berceni, jude\u021bul Prahova.\n<\/div>\n<div class=\"sp-body folded\">\n<\/p>\n<p style=\"text-align: justify;\">Pentru clarificarea aspectelor relatate \u00een pres\u0103, Avocatul Poporului a dispus efectuarea unor verific\u0103ri<em> Inspectoratul Teritorial de Munc\u0103 Prahova, Inspectoratul de Poli\u021bie Jude\u021bean Prahova , <\/em><em>Casa Jude\u021bean\u0103 de Pensii Prahova \u0219i la Parchetul de pe l\u00e2ng\u0103 Judec\u0103toria Ploie\u0219ti. <\/em><\/p>\n<p style=\"text-align: justify;\">\u00cen urma verific\u0103rilor efectuate, s-a concluzionat c\u0103 victima era angajat\u0103 pe postul de muncitor necalificat la spargerea \u0219i t\u0103ierea materialelor de construc\u021bii, avea calificarea profesional\u0103 necesar\u0103 oper\u0103rii cu instala\u021biile de ridicat, respectiv era autorizat\u0103 pentru meseria de stivuitorist, fusese instruit\u0103 \u00een data de 13.04.2023.<\/p>\n<p style=\"text-align: justify;\">\u00cen data de 4.08.2023, salariatul s-a prezentat la serviciu, \u00een cadrul sec\u021biei Metal apar\u021bin\u00e2nd societ\u0103\u021bii comerciale, a utilizat\u00a0 motostivuitorul cu furci frontale aflat \u00een dotarea acestei sec\u021bii, \u00een vederea \u00eenc\u0103rc\u0103rii unui palet cu elemente de cauciuc aflat \u00een hala sec\u021biei. Echipamentul era func\u021bional, fiind expertizat \u0219i controlat NDT de c\u0103tre o firm\u0103 autorizat\u0103 ISCIR, conform prescrip\u021biilor tehnice aplicabile, urm\u00e2nd a fi pus \u00een func\u021biune dup\u0103 ob\u021binerea autoriz\u0103rii de func\u021bionare, conform prevederilor legale.<\/p>\n<p style=\"text-align: justify;\">Dup\u0103 \u00eenc\u0103rcarea paletului \u00een semiremorca autovehiculului de transport, salariatul a efectuat manevra de \u00eentoarcere a motostivuitorului \u00eentr-o zon\u0103 nesigur\u0103, f\u0103r\u0103 a purta centura de siguran\u021b\u0103 aflat\u0103 \u00een dotarea echipamentului, prin spatele remorcii autovehiculului de mare tonaj. Acest fapt a determinat alunecarea ma\u0219inii de ridicat cu roata st\u00e2nga spate a ma\u0219inii de ridicat de pe drumul pietruit \u00eentr-un \u0219an\u021b din apropiere s\u0103pat \u00een vederea mont\u0103rii unei rigole \u0219i r\u0103sturnarea acesteia pe partea st\u00e2ng\u0103. Lucr\u0103torul a \u00eencercat s\u0103 sar\u0103 de la postul de comand\u0103 \u0219i a fost surprins \u00eentre motostivuitor \u0219i sol.<\/p>\n<p style=\"text-align: justify;\">Victimei i s-au acordat \u00eengrijiri medicale de c\u0103tre un echipaj din cadrul SMURD Prahova care ulterior a luat m\u0103sura transport\u0103rii sale la Spitalul Jude\u021bean de Urgen\u021b\u0103 Ploie\u0219ti. \u00cen aceea\u0219i zi avut loc decesul victimei, concluziile preliminare ale Serviciului Jude\u021bean de Medicin\u0103 Legal\u0103 Prahova ar\u0103t\u00e2nd c\u0103 \u00eentre leziuni \u0219i deces exist\u0103 o leg\u0103tur\u0103 direct\u0103 \u0219i necondi\u021bionat\u0103 de cauzalitate.<\/p>\n<p style=\"text-align: justify;\">Inspectoratul Teritorial de Munc\u0103 Prahova a dispus oprirea din func\u021biune a echipamentului de munc\u0103 implicat \u00een eveniment p\u00e2n\u0103 la autorizarea func\u021bion\u0103rii, conform prevederilor PT R1-2010 \u2013 Colec\u021bia ISCIR.<\/p>\n<p style=\"text-align: justify;\">Evenimentul ce a avut ca urmare decesul salariatului a fost comunicat de c\u0103tre angajator Inspectoratului Teritorial de Munc\u0103 Prahova, conform prevederilor legale.<\/p>\n<p style=\"text-align: justify;\">A fost efectuat\u0103 cercetarea evenimentului, \u00een urma c\u0103reia s-au re\u021binut urm\u0103toarele:<\/p>\n<p style=\"text-align: justify;\">Victima accidentului se face r\u0103spunz\u0103toare pentru c\u0103 a efectuat manevra de \u00eentoarcere a stivuitorului \u00eentr-o zon\u0103 nesigur\u0103, f\u0103r\u0103 a purta centura de siguran\u021b\u0103 din dotarea acestuia, nerealiz\u00e2nd c\u0103 astfel, \u00ee\u0219i poate expune la pericol de accidentare at\u00e2t propria persoan\u0103, c\u00e2t \u0219i alte persoane care pot fi afectate de ac\u021biunile sau omisiunile sale \u00een timpul procesului de munc\u0103.<\/p>\n<p style=\"text-align: justify;\">\u00cen sarcina angajatorului s-au re\u021binut dou\u0103 neconformit\u0103\u021bi \u00een leg\u0103tur\u0103 cu ne\u00eendeplinirea obliga\u021biei legale de a controla cunoa\u0219terea \u0219i aplicarea de c\u0103tre lucr\u0103tori a m\u0103surilor tehnice, sanitare, organizatorice \u0219i de alt\u0103 natur\u0103<em>,<\/em> astfel \u00eenc\u00e2t \u00een timpul utiliz\u0103rii ma\u0219inilor de ridicat (av\u00e2nd \u00een vedere c\u0103 principal\u0103 a evenimentului stabilit\u0103 de cercetare a fost tocmai \u00eenc\u0103lcarea de c\u0103tre victim\u0103 a m\u0103surilor de protec\u021bie stabilite), respectiv nu a luat toate\u00a0 m\u0103surile care se impun\u00a0 astfel \u00eenc\u00e2t s\u0103 fie interzis\u0103 cu des\u0103v\u00e2r\u0219ire func\u021bionarea \u0219i utilizarea ma\u0219inii de ridicat.\u00a0 Pentru neconformit\u0103\u021bile re\u021binute \u00een sarcina angajatorului s-a aplicat\u00a0 amend\u0103 contraven\u021bional\u0103.<\/p>\n<p style=\"text-align: justify;\">Cercetarea a re\u021binut neconformit\u0103\u021bi \u00een activitatea unui alt doilea operator economic (executantul mont\u0103rii rigolei betonate) pentru neluarea m\u0103surilor privind semnalizarea zonei decopertate din proximitatea drumului intern de acces. Pentru neconformit\u0103\u021bile re\u021binute s-a aplicat amend\u0103 contraven\u021bional\u0103.<\/p>\n<p style=\"text-align: justify;\">Totodat\u0103, au fost stabilite m\u0103suri dispuse pentru prevenirea altor evenimente similare \u0219i persoanele responsabile pentru realizarea acestora (pentru ambele societ\u0103\u021bi comerciale).<\/p>\n<p style=\"text-align: justify;\">Procesul-verbal de cercetare a evenimentului a fost repartizat pentru comunicare, c\u0103tre Ministerul Muncii \u0219i Solidarit\u0103\u021bii Sociale &#8211; Inspec\u021bia Muncii, Parchetului de pe l\u00e2ng\u0103 Judec\u0103toria Ploie\u0219ti, Inspectoratului Teritorial de Munc\u0103 Prahova, Casei Jude\u021bene de Pensii Prahova, societ\u0103\u021bilor comerciale \u0219i \u00a0familiei victimei. Cu privire la acest caz se efectueaz\u0103 cercet\u0103ri penale (dosar \u00eenregistrat la Parchetul de pe l\u00e2ng\u0103 Judec\u0103toria Ploie\u0219ti sub nr. unic).<\/p>\n<\/div>\n<\/div>\n<\/p>\n<p style=\"text-align: justify;\">\n<div class=\"sp-wrap sp-wrap-default\">\n<div class=\"sp-head\" title=\"Expand\">\nDosar nr. 17575\/2023 (rezumat) Petentul sesizat faptul c\u0103 Prim\u0103ria Municipiului Bucure\u0219ti tergiverseaz\u0103 formularea r\u0103spunsului la Notificarea nr. XXX\/2001 formulat\u0103 \u00een baza Legii nr. 10\/2001 privind regimul juridic al unor imobile preluate \u00een mod abuziv \u00een perioada 6 martie 1945 \u2013 22 decembrie 1989, pentru retrocedarea imobilului situat \u00een Bucure\u0219ti, str. XXXX, nr. xxx, sector x, respectiv nu procedeaz\u0103 la emiterea dispozi\u021biei cu privire la solu\u021bionarea acestei notific\u0103ri\n<\/div>\n<div class=\"sp-body folded\">\n<p> Petentul a men\u021bionat faptul c\u0103 potrivit Sentin\u021bei civile nr. XXX\/22.10.2021, pronun\u021bat\u0103 de Tribunalul Bucure\u0219ti \u2013 Sec\u021bia a IV-a civil\u0103 \u00een dosarul nr. XXX\/2021, Prim\u0103ria Municipiului Bucure\u0219ti a fost obligat\u0103 s\u0103 formuleze r\u0103spuns la Notificarea nr. XXX\/2001. Petentul a solicitat Prim\u0103riei Municipiului Bucure\u0219ti respectarea hot\u0103r\u00e2rii judec\u0103tore\u0219ti mai sus men\u021bionate, \u00eens\u0103 demersurile sale nu au avut un rezultat favorabil, motiv pentru care s-a adresat institu\u021biei Avocatul Poporului \u2013 Biroul teritorial Ploie\u0219ti.<\/p>\n<p style=\"text-align: justify;\">Men\u021bion\u0103m c\u0103 petentul s-a adresat ini\u021bial Biroului Teritorial Ploie\u0219ti \u00een luna februarie 2023, iar urmare a demersurilor \u00eentreprinse Prim\u0103ria Municipiului Bucure\u0219ti a informat institu\u021bia Avocatul Poporului c\u0103 a fost redactat proiectul de dispozi\u021bie \u0219i a fost \u00eenaintat pe circuitul de avizare, urm\u00e2nd ca ulterior s\u0103 i se comunice petentului aceast\u0103 dispozi\u021bie. Cu privire la acest aspect petentul a fost informat de institu\u021bia Biroul Teritorial Ploie\u0219ti, prin adresa din 16.03.2023.<\/p>\n<p style=\"text-align: justify;\">\u00cen data de 27.06.2023, petentul a revenit la institu\u021bia Biroul Teritorial Ploie\u0219ti cu o nou\u0103 peti\u021bie, sesiz\u00e2nd faptul c\u0103 problema sesizat\u0103 anterior nu a fost solu\u021bionat\u0103, \u00eentruc\u00e2t p\u00e2n\u0103 la data depunerii peti\u021biei nu a fost emis\u0103 Dispozi\u021bia Primarului General.<\/p>\n<p style=\"text-align: justify;\">Pentru clarificarea situa\u021biei ne-am adresat din nou Prim\u0103riei Municipiului Bucure\u0219ti solicit\u00e2nd informa\u021bii cu privire la stadiul emiterii acestei dispozi\u021bii.<\/p>\n<p style=\"text-align: justify;\">Prin adresa de r\u0103spuns din data de 05.07.2023, Prim\u0103ria Municipiului Bucure\u0219ti a comunicat faptul c\u0103 referitor la imobilul din Bucure\u0219ti, xxxxx, nr. xxx, sector x, proiectul de dispozi\u021bie a fost redactat \u0219i a fost \u00eenaintat pe circuitul de avizare, r\u0103spunsul fiind identic cu cel transmis anterior institu\u021biei noastre \u00een luna martie 2023.<\/p>\n<p style=\"text-align: justify;\">Fa\u021b\u0103 de aceast\u0103 situa\u021bie, Avocatul Poporului a dispus efectuarea unei anchete proprii la Prim\u0103ria Municipiului Bucure\u0219ti, care a fost realizat\u0103 \u00een data de 26 iulie 2023, de c\u0103tre consilierii Domeniului proprietate, munc\u0103, protec\u0163ie social\u0103, impozite \u015fi taxe.<\/p>\n<p style=\"text-align: justify;\">Urmare verific\u0103rilor efectuate \u0219i a discu\u021biilor purtate cu ocazia anchetei, a fost emis\u0103 Dispozi\u021bia Primarului General nr. xxxx\/26.07.2023, cu privire la solu\u021bionarea Notific\u0103rii nr. xxxxx\/2001, iar persoanele \u00eendrept\u0103\u021bite au fost informate \u00een acest sens.\u00a0<\/p>\n<\/div>\n<\/div>\n<\/p>\n<p style=\"text-align: justify;\">\n<div class=\"sp-wrap sp-wrap-default\">\n<div class=\"sp-head\" title=\"Expand\">\nDosar nr. 15330\/2023 (rezumat) Avocatul Poporului s-a sesizat din oficiu, urmare a informa\u021biilor ap\u0103rute \u00eentr-un articol intitulat B\u0103rbat arestat pentru c\u0103 \u00ee\u0219i b\u0103tea copilul \u0219i \u00eel scotea noaptea din cas\u0103 (publicat pe site-ul https:\/\/www.gds.ro) privind situa\u021bia unui minor din comuna Dragomire\u0219ti, jude\u021bul D\u00e2mbovi\u021ba supus la fapte de violen\u021b\u0103 \u00een familie, amenin\u021bare \u0219i rele tratamente, de c\u0103tre tat\u0103l s\u0103u\n<\/div>\n<div class=\"sp-body folded\">\n<p>\u00a0Pentru clarificarea aspectelor semnalate \u00een pres\u0103 au fost \u00a0efectuate \u00a0demersuri scrise (la Direc\u021bia General\u0103 de Asisten\u021b\u0103 Social\u0103 \u0219i Protec\u021bia Copilului D\u00e2mbovi\u021ba, Inspectoratul de Poli\u021bie Jude\u021bean D\u00e2mbovi\u021ba, \u0218coala Gimnazial\u0103 din comuna Dragomire\u0219ti) \u0219i anchete la Prim\u0103ria comunei Dragomire\u0219ti, jude\u021bul D\u00e2mbovi\u021ba \u0219i la Direc\u021bia General\u0103 de Asisten\u021b\u0103 Social\u0103 \u0219i Protec\u021bia Copilului D\u00e2mbovi\u021ba.<\/p>\n<p style=\"text-align: justify;\">\u00cen considerarea celor transmise de c\u0103tre institu\u021biile sesizate, av\u00e2nd \u00een vedere aspectele eviden\u021biate \u0219i problemele identificate cu ocazia anchetelor efectuate la Prim\u0103ria comunei Dragomire\u0219ti \u0219i la DGASPC D\u00e2mbovi\u021ba (actele de agresiune asupra minorului exercitate de tat\u0103 de-a lungul timpului, cunoscute de c\u0103tre mam\u0103; lipsa de reac\u021bie a membrilor familiei; lipsa monitoriz\u0103rii cazului minorului de c\u0103tre compartimentul de asisten\u021b\u0103 social\u0103 al Prim\u0103riei Dragomire\u0219ti dup\u0103 producerea primului incident \u00een luna septembrie 2022, lipsa unei colabor\u0103ri la nivel local \u00eentre autorit\u0103\u021bi \u2013 prim\u0103rie, \u0219coal\u0103, faptul c\u0103 a fost emis ordin de protec\u021bie pentru 6 luni, \u00eencep\u00e2nd cu data de 06.06.2023, iar tat\u0103l minorului a fost arestat ulterior pentru rele tratamente aplicate minorului; minorul a necesitat internare la Spitalul Jude\u021bean de Urgen\u021b\u0103 T\u00e2rgovi\u0219te, mama minorului c\u0103 nu se poate ocupa de cre\u0219terea \u0219i educarea minorului; c\u0103 minorul se afla la data anchetei la bunicii materni \u00een localitatea Sot\u00e2nga f\u0103r\u0103 a avea reglementat\u0103 situa\u021bia sa juridic\u0103; c\u0103 nu a existat o evaluare din partea DGASPC D\u00e2mbovi\u021ba, motivat\u0103 de faptul c\u0103 celelalte autorit\u0103\u021bi &#8211; poli\u021bie, spital, prim\u0103rii nu au transmis toate informa\u021biile privind situa\u021bia copilului \u0219i a familiei, deficien\u021be \u00een organizarea activit\u0103\u021bii de asisten\u021b\u0103 social\u0103, \u0219i nerespectarea legisla\u021biei specifice de c\u0103tre compartimentul de Asisten\u021b\u0103 Social\u0103 din cadrul Prim\u0103riei Dragomire\u0219ti, jude\u021bul D\u00e2mbovi\u021ba), <strong>Avocatul Poporului a emis Recomandarea nr. 119\/22.08.2023<\/strong> c\u0103tre Prim\u0103ria comunei Dragomire\u0219ti, jude\u021bul D\u00e2mbovi\u021ba \u0219i c\u0103tre conducerea DGASPC D\u00e2mbovi\u021ba.<\/p>\n<p style=\"text-align: justify;\"><strong>Prin Recomandarea nr. 119\/22.08.2023<\/strong>, a Avocatului Poporului s-a solicitat conducerii Prim\u0103riei comunei Dragomire\u0219ti, jude\u021bul D\u00e2mbovi\u021ba luarea m\u0103surilor pentru: ini\u021bierea demersurilor specifice asigur\u0103rii personalului de specialitate \u00een cadrul\u00a0 Compartimentului de asisten\u021b\u0103 social\u0103, fie prin angajare, fie prin contractarea serviciilor acordate de asisten\u021bi sociali \u00eenregistra\u021bi cu cabinete individuale sau societ\u0103\u0163i civile profesionale de asisten\u0163\u0103 social\u0103; efectuarea de sondaje \u015fi anchete sociale \u00een vederea prevenirii \u0219i depist\u0103rii precoce a situa\u0163iilor de neglijare, abuz, abandon, violen\u0163\u0103, a cazurilor de risc de excluziune social\u0103; monitorizarea \u0219i analizarea situa\u021biei copiilor din unitatea administrativ teritorial\u0103, precum \u0219i modul de respectare a drepturilor copiilor; actualizarea registrului de Registrul de eviden\u021b\u0103 a copiilor afla\u021bi \u00een situa\u021bie de risc; elaborarea \u0219i supunerea spre aprobarea Consiliului Local al comunei Dragomire\u0219ti a planurilor anuale de ac\u021biune \u0219i a strategiei locale de dezvoltare a serviciilor sociale, pe termen mediu \u0219i lung, respectiv transmiterea acestora serviciului public de asisten\u021b\u0103 social\u0103 de la nivel jude\u021bean; \u00eembun\u0103t\u0103\u021birea colabor\u0103rii cu autorit\u0103\u021bile publice cu care sunt \u00eencheiate protocoale de colaborare (\u0219coal\u0103, poli\u021bie, etc.) pentru identificarea situa\u021biilor \u00een care un copil a fost victima abuzului\/neglij\u0103rii\/exploat\u0103rii exercitate de p\u0103rinte\/reprezentat legal, precum \u0219i a oric\u0103ror situa\u021bii de dificultate din comunitate (av\u00e2ndu-se \u00een vedere \u0219i participarea activ\u0103 a membrilor Consiliului Comunitar Consultativ \u00een identificarea acestor cazuri); colaborarea cu Direc\u021bia General\u0103 de Asisten\u021b\u0103 Social\u0103 \u0219i Protec\u021bia Copilului D\u00e2mbovi\u021ba \u00een domeniul protec\u021biei copilului; instruirea angaja\u021bilor compartimentului de asisten\u021b\u0103 social\u0103 \u00een vederea aplic\u0103rii corespunz\u0103toare\u00a0a legisla\u021biei \u00een domeniul asisten\u021bei sociale pe problematica protec\u021biei copilului.<\/p>\n<p style=\"text-align: justify;\"><strong>Conducerea Prim\u0103riei comunei Dragomire\u0219ti, jude\u021bul D\u00e2mbovi\u021ba ne-a informat c\u0103 \u0219i-a \u00eensu\u0219it Recomandarea nr. 119\/22.08.2023<\/strong> lu\u00e2nd urm\u0103toarele m\u0103suri: a efectuat demersuri pentru contractarea serviciilor acordate de asisten\u021bi sociali \u00eenregistra\u021bi cu cabinete individuale; au fost efectuate anchete sociale \u00een vederea prevenirii \u0219i depist\u0103rii precoce a situa\u0163iilor de neglijare, abuz, abandon, violen\u0163\u0103, a cazurilor de risc de excluziune social; au fost \u00eentocmite fi\u0219e de monitorizare \u0219i s-a actualizat Registrul de eviden\u021b\u0103 a copiilor afla\u021bi \u00een situa\u021bie de risc; a fost elaborat Planul anual de ac\u021biune privind serviciile sociale care a fost \u00eenaintat la DGASPC D\u00e2mbovi\u021ba; au fost \u00eenaintate mai multe adrese institu\u021biilor publice cu care Prim\u0103ria comunei Dragomire\u0219ti are \u00eencheiate contracte de colaborare, \u00een vederea\u00a0 \u00eembun\u0103t\u0103\u021birea colabor\u0103rii cu acestea; personalul de la compartimentul de asisten\u021b\u0103 social\u0103 s-a \u00eenscris pentru a participa la cursul tematic.<\/p>\n<p style=\"text-align: justify;\"><strong>Prin Recomandarea nr. 119\/22.08.2023, a Avocatului Poporului s-a solicitat conducerii DGASPC D\u00e2mbovi\u021ba<\/strong> <strong>luarea m\u0103surilor pentru:<\/strong> coordonarea \u0219i \u00eendrumarea metodologic\u0103 a activit\u0103\u0163ii serviciului public de asisten\u0163\u0103 social\u0103 din cadrul Prim\u0103riei comunei\u00a0 Dragomire\u0219ti, jude\u021bul D\u00e2mbovi\u021ba; realizarea imediat\u0103 a unei analize \u0219i evalu\u0103ri a situa\u021biei unui copil aflat \u00een situa\u021bie de risc \u00een cazurile \u00een care personalul DGASPC D\u00e2mbovi\u021ba, prin natura profesiei, ia la cuno\u0219tin\u021b\u0103 despre existen\u021ba unor situa\u021bii de abuz, neglijare a copilului; \u00eembun\u0103t\u0103\u021birea colabor\u0103rii cu Spitalul Jude\u021bean de Urgen\u021b\u0103 T\u00e2rgovi\u0219te cu accent pe transmiterea c\u0103tre DGASPC D\u00e2mbovi\u021ba a unei inform\u0103ri cu privire la rezultatul investiga\u021biilor medicale \u0219i psihologice efectuate pe durata intern\u0103rii minorilor, victime ale abuzului\/neglij\u0103rii\/exploat\u0103rii \u0219i ai c\u0103ror p\u0103rin\u021bi nu particip\u0103 la activit\u0103\u021bile de \u00eengrijire a minorilor, pentru a fi analizat\u0103 posibilitatea\u00a0 demar\u0103rii unei proceduri de evaluare a copilului de c\u0103tre speciali\u0219tii DGASPC D\u00e2mbovi\u021ba; asigurarea a unei interven\u021bii multidisciplinare \u0219i interinstitu\u021bionale, organizat\u0103, riguroas\u0103, eficient\u0103 pentru copilul \u00een cauz\u0103; \u0219i monitorizarea copilului pe durata m\u0103surii de plasament instituite la asistent maternal prin Dispozi\u021bia Directorului General al DGASPC D\u00e2mbovi\u021ba.<\/p>\n<p style=\"text-align: justify;\">Conducerea DGASPC D\u00e2mbovi\u021ba ne-a informat c\u0103 \u0219i-a \u00eensu\u0219it Recomandarea nr. 119\/2023, lu\u00e2nd urm\u0103toarele m\u0103suri: a fost organizat\u0103 o \u00eent\u00e2lnire de lucru cu reprezentan\u021bii Serviciului de Asisten\u021b\u0103 Social\u0103 din cadrul Prim\u0103riei comunei Dragomire\u0219ti, \u00een scopul coordon\u0103rii \u0219i \u00eendrum\u0103rii metodologice a activit\u0103\u0163ii, \u00een ceea ce prive\u0219te monitorizarea minorilor care provin din familii dezorganizate\/defavorizate, precum \u0219i semnalarea cazurilor de abuz, neglijare, exploatare sau orice alt\u0103 form\u0103 de violen\u021b\u0103; speciali\u0219tii DGASPC D\u00e2mbovi\u021ba au participat la o \u00eent\u00e2lnire de lucru cu scopul eficientiz\u0103rii interven\u021biei, lucrul \u00een echip\u0103, partajarea informa\u021biilor \u00een cel mai scurt timp \u0219i colaborarea eficient\u0103 cu celelalte institu\u021bii \u0219i actori sociali care intervin \u00een cazurile cu copii afla\u021bi \u00een situa\u021bii de abuz\/neglijare\/exploatare; speciali\u0219tii direc\u021biei s-au \u00eent\u00e2lnit cu asisten\u021bii sociali ai Spitalului Jude\u021bean de Urgen\u021b\u0103 T\u00e2rgovi\u0219te (\u00een vederea \u00eembun\u0103t\u0103\u021birii colabor\u0103rii dintre cele dou\u0103 institu\u021bii); pentru minor a fost desemnat un manager de caz din cadrul DGASPC D\u00e2mbovi\u021ba, dar \u0219i o echip\u0103 multidisciplinar\u0103 format\u0103 din speciali\u0219ti care intervin conform atribu\u021biilor \u0219i conform Planului de Interven\u021bie Personalizat, minorul fiind monitorizat \u0219i consiliat permanent de c\u0103tre speciali\u0219tii DGASPC D\u00e2mbovi\u021ba.\u00a0<\/p>\n<\/div>\n<\/div>\n<\/p>\n<p style=\"text-align: justify;\">\n<div class=\"sp-wrap sp-wrap-default\">\n<div class=\"sp-head\" title=\"Expand\">\nDosar nr. 14806\/2023 (rezumat) - \u00cen data de 23 mai 2023, Biroul Teritorial Ploie\u0219ti s-a sesizat din oficiu ca urmare a difuz\u0103rii \u00een mass-media a unor articole privind decesul unui lucr\u0103tor dintr-o fabric\u0103 din comuna Arice\u0219tii Rahtivani, jude\u021bul Prahova. \n<\/div>\n<div class=\"sp-body folded\">\n<p>Pentru clarificarea aspectelor relatate \u00een pres\u0103, Avocatul Poporului a dispus efectuarea unor verific\u0103ri Inspectoratul Teritorial de Munc\u0103 Prahova, Inspectoratul de Poli\u021bie Jude\u021bean Prahova, Casa Jude\u021bean\u0103 de Pensii Prahova \u0219i la Parchetul de pe l\u00e2ng\u0103 Judec\u0103toria Ploie\u0219ti.<\/p>\n<p style=\"text-align: justify;\">\u00cen urma verific\u0103rilor efectuate, s-a concluzionat c\u0103 victima era angajat\u0103 pe postul de betonist, cu atribu\u021bii de tensionist arm\u0103turi. \u00cen data de 23 mai 2023, acesta s-a prezentat la serviciu, s-a echipat cu echipamentul individual de protec\u021bie, urm\u00e2nd s\u0103 \u00ee\u0219i desf\u0103\u0219oare activitatea \u00eempreun\u0103 cu colegii s\u0103i \u00een hala de produc\u021bie prefabricate din beton. Evenimentul s-a produs \u00een cadrul sec\u021biei de produc\u021bie <em>Elemente prefabricate din beton<\/em>, \u00een timpul lucr\u0103rilor de montare \u0219i pretensionare\/tensionare a toroanelor din o\u021bel, ce intr\u0103 \u00een structura prefabricatelor din beton armat precomprimat. Imediat dup\u0103 producerea evenimentului, a fost apelat serviciul de urgen\u021b\u0103 112, iar la locul evenimentului a ajuns un echipaj SMURD care a aplicat manevre de resuscitare. S-a constatat decesul victimei care a fost\u00a0 transportat\u0103 la Serviciul Jude\u021bean de Medicin\u0103 Legal\u0103 Ploie\u0219ti.<\/p>\n<p style=\"text-align: justify;\">Cercetarea evenimentului de c\u0103tre o comisie din cadrul ITM Prahova a avut loc \u00een perioada 23.05.2023-01.03.2024. Pentru stabilirea cu c\u00e2t mai mare acurate\u021be a \u00eemprejur\u0103rilor \u0219i cauzelor care au f\u0103cut posibil\u0103 producerea evenimentului \u00een cauz\u0103, Inspectoratul Teritorial de Munc\u0103 Prahova a dispus efectuarea unei expertize tehnice extrajudiciare.<\/p>\n<p style=\"text-align: justify;\">Cu privire la echipamentul de munc\u0103 implicat \u00een eveniment (echipament hidraulic de pretensionare HPE), conform Raportului de expertiz\u0103 tehnico extrajudiciar\u0103, acesta era \u00een stare de func\u021bionare normal\u0103 la data producerii evenimentului.<\/p>\n<p style=\"text-align: justify;\">\u00cen urma cercet\u0103rii evenimentului din data de 23.05.2023, s-au re\u021binut urm\u0103toarele:<\/p>\n<p style=\"text-align: justify;\"><strong>Victima evenimentului<\/strong> se face r\u0103spunz\u0103toare <em>pentru c\u0103 nu a respectat procedura de lucru \u0219i sarcinile de munc\u0103 stabilite prin Fi\u0219a postului specific\u0103 meseriei betonist cu atribu\u021bii de tensionist arm\u0103turi, c\u00e2t \u0219i instruc\u021biunile proprii de SSM stabilite de societate \u00een ceea ce prive\u0219te organizarea activit\u0103\u021bii de tensionare a arm\u0103turilor, iar pe fondul ignor\u0103rii pericolului major de accidentare la care s-a expus pentru efectuarea opera\u021biei de tensionare a toroanelor, dispozitivul hidraulic nu a fost a\u0219ezat corect pe suportul ma\u0219inii (a\u0219a cum este specificat \u00een instruc\u021biunile de utilizare), \u00een condi\u021biile \u00een care lucr\u0103torul era pozi\u021bionat \u00eentr-o zon\u0103 periculoas\u0103, ceea ce a contribuit la expunerea la riscul de accidentare grav\u0103 \u0219i decesul acestuia. <\/em><\/p>\n<p style=\"text-align: justify;\"><strong>Angajatorul<\/strong> se face r\u0103spunz\u0103tor <em>pentru c\u0103 nu a controlat, prin propria competen\u021b\u0103 sau prin persoane desemnate, dac\u0103 sunt cunoscute, aplicate \u0219i respectate m\u0103surile de prevenire \u0219i protec\u021bie, precum \u0219i reglement\u0103rile privind securitatea \u0219i s\u0103n\u0103tatea \u00een munc\u0103, dac\u0103 obliga\u021biile de serviciu au fost \u00eensu\u0219ite \u0219i respectate de c\u0103tre to\u021bi lucr\u0103torii de la locul de munc\u0103 unde s-a produs accidentul. <\/em><\/p>\n<p style=\"text-align: justify;\"><strong>\u0218eful de echip\u0103<\/strong> se face r\u0103spunz\u0103tor <em>pentru c\u0103 nu a verificat cu exigen\u021ba necesar\u0103 dac\u0103 lucr\u0103torii din subordine respect\u0103 procedurile \u0219i instruc\u021biunile tehnice de lucru pentru echipamentul hidraulic de pretensionare. <\/em><\/p>\n<p style=\"text-align: justify;\">Inspectoratul Teritorial de Munc\u0103 Prahova a aplicat angajatorului sanc\u021biuni contraven\u021bionale. Au fost stabilite, totodat\u0103, m\u0103suri pentru prevenirea altor evenimente similare \u0219i persoanele responsabile pentru realizarea acestora.<\/p>\n<p style=\"text-align: justify;\">Procesul-verbal de cercetare a evenimentului a fost repartizat pentru comunicare, c\u0103tre Ministerul Muncii \u0219i Solidarit\u0103\u021bii Sociale &#8211; Inspec\u021bia Muncii, Parchetului de pe l\u00e2ng\u0103 Judec\u0103toria Ploie\u0219ti, Inspectoratului Teritorial de Munc\u0103 Prahova, Casei Jude\u021bene de Pensii Prahova, societ\u0103\u021bii comerciale \u0219i\u00a0 familiei victimei. Cu privire la acest caz se efectueaz\u0103 cercet\u0103ri penale (dosar \u00eenregistrat la Parchetul de pe l\u00e2ng\u0103 Judec\u0103toria Ploie\u0219ti sub nr. unic).<\/p>\n<\/div>\n<\/div>\n<\/p>\n<p style=\"text-align: justify;\">\n<div class=\"sp-wrap sp-wrap-default\">\n<div class=\"sp-head\" title=\"Expand\">\nDosar nr. 14360\/2023 (rezumat) \u00cen data de 23 mai 2023, Avocatul Poporului s-a sesizat din oficiu ca urmare a difuz\u0103rii \u00een mass-media a unor articole referitoare la cazul unui b\u0103rbat \u00een v\u00e2rst\u0103 de aproximativ 45 de ani, care a fost prins \u00eentr-o pres\u0103 hidraulic\u0103, la o firm\u0103 de prelucrare a maselor plastice din localitatea Petre\u0219ti, jude\u021bul D\u00e2mbovi\u021ba\n<\/div>\n<div class=\"sp-body folded\">\n<\/p>\n<p style=\"text-align: justify;\">\u00cen vederea clarific\u0103rii aspectelor mediatizate, Avocatul Poporului a dispus efectuarea unor demersuri la Inspectoratul pentru Situa\u021bii de Urgen\u021b\u0103 D\u00e2mbovi\u021ba, Inspectoratul Jude\u021bean de Poli\u021bie D\u00e2mbovi\u021ba, Casa Jude\u021bean\u0103 de Pensii D\u00e2mbovi\u021ba, Inspectoratul Teritorial de Munc\u0103 D\u00e2mbovi\u021ba \u0219i la Spitalul Clinic de Urgen\u021b\u0103 Floreasca.<\/p>\n<p style=\"text-align: justify;\">\u00cen urma verific\u0103rilor efectuate, s-a concluzionat c\u0103 victima avea func\u021bia de preparator mase plastice, era lucr\u0103tor la o societate comercial\u0103 (angajat cu norm\u0103 de lucru \u00eentreag\u0103, durata timpului de munc\u0103 fiind de 8 ore\/zi, 40 ore\/s\u0103pt\u0103m\u00e2n\u0103) \u0219i avea o vechime \u00een munc\u0103 de 8 ani \u0219i 11 luni \u0219i. Acesta era cet\u0103\u021bean str\u0103in (Filipine), c\u0103s\u0103torit \u0219i avea un copil.<\/p>\n<p style=\"text-align: justify;\">Accidentul a avut loc \u00een data de 22.05.2023, \u00een jurul orei 09,10 la punctul de lucru al societ\u0103\u021bii din localitatea Petre\u0219ti, jude\u021bul D\u00e2mbovi\u021ba, unde victima \u00ee\u0219i desf\u0103\u0219ura activitatea. \u00cen timp ce intervenea s\u0103 remedieze o defec\u021biune la ma\u0219ina pentru realizarea caserolelor, acesta a fost prins \u00eentre partea fix\u0103 \u0219i partea mobil\u0103 a ma\u0219inii. Dup\u0103 producerea evenimentului, lucr\u0103torul a fost transportat la Spitalul Clinic de Urgen\u021b\u0103 Floreasca, pentru \u00eengrijiri medicale, \u00eens\u0103 starea acestuia s-a agravat, iar \u00een data de 26.05.2023 a intervenit decesul victimei.<\/p>\n<p style=\"text-align: justify;\">Evenimentul ini\u021bial a fost comunicat de c\u0103tre angajator la Inspectoratul Teritorial de Munc\u0103 (ITM) D\u00e2mbovi\u021ba ca <em>accident de munc\u0103 cu incapacitate temporar\u0103 de munc\u0103<\/em>, \u00eens\u0103 \u00een urma cercet\u0103rii specifice efectuate de c\u0103tre ITM D\u00e2mbovi\u021ba a fost stabilit caracterul accidentului, acesta fiind <em>accident de munc\u0103 mortal.<\/em><\/p>\n<p style=\"text-align: justify;\">Cauza producerii evenimentului, stabilit\u0103 \u00een urma cercet\u0103rii specifice efectuate de ITM D\u00e2mbovi\u021ba a fost interven\u021bia la ma\u0219ina complet automat\u0103 pentru realizarea caserolelor, \u00een afara sarcinii de munc\u0103, de c\u0103tre lucr\u0103torul victim\u0103, pentru efectuarea opera\u021biei de demontare a conductelor de aer pneumatic ale cilindrului, folosind improviza\u021bii, o bucat\u0103 de lemn utilizat\u0103 drept reazem al matri\u021bei, f\u0103r\u0103 a fi calificat \u0219i instruit \u00een acest scop.\u00a0 Lucr\u0103torul a ignorat mesajele date telefonic de c\u0103tre \u0219eful s\u0103u, care i-a transmis \u201es\u0103 a\u0219tepte echipa tehnic\u0103 de mentenan\u021b\u0103\u201d, pentru remedierea defec\u021biunii \u0219i <em>a \u00eenceput s\u0103 execute lucr\u0103ri de repara\u021bii la echipamentul de munc\u0103.<\/em> Proced\u00e2nd astfel, <em>lucr\u0103torul s-a expus pericolului de accidentare<\/em>, \u00eenc\u0103lc\u00e2nd prevederile din Instruc\u021biunile proprii de securitate \u0219i s\u0103n\u0103tate \u00een munc\u0103 \u0219i prevederile din Legea securit\u0103\u021bii \u0219i s\u0103n\u0103t\u0103\u021bii \u00een munc\u0103 nr. 319\/2006.<\/p>\n<p style=\"text-align: justify;\">Totodat\u0103, \u00een urma verific\u0103rilor s-a constatat c\u0103 <em>angajatorul nu a asigurat o semnalizare de securitate suficient\u0103 la echipamentul de munc\u0103<\/em>, \u00een sensul c\u0103 semnele de interdic\u021bie erau vizibile doar frontal, f\u0103r\u0103 a fi semnalizat\u0103 \u0219i zona din spatele ma\u0219inii, angajatorul \u00eenc\u0103lc\u00e2nd astfel prevederile HG nr. 971\/2006 privind cerin\u021bele minime pentru semnalizarea de securitate \u0219i\/sau de s\u0103n\u0103tate la locul de munc\u0103, coroborate cu Legea nr. 319\/2006 a securit\u0103\u021bii \u0219i s\u0103n\u0103t\u0103\u021bii \u00een munc\u0103.<\/p>\n<p style=\"text-align: justify;\">Pentru aceast\u0103 abatere <em>angajatorul\u00a0 a fost sanc\u021bionat cu avertisment<\/em>, conform art. 5 alin. (2) din OG nr. 2\/2001 privind regimul juridic al contraven\u021biilor, iar pentru prevenirea unor situa\u021bii similare <em>au fost dispuse o serie de m\u0103suri \u00een sarcina angajatorului.<\/em><\/p>\n<p style=\"text-align: justify;\">Potrivit art. 61 alin. (1) Cod procedur\u0103 penal\u0103, <em>procesul-verbal de cercetare a evenimentului constituie act de sesizare a Ministerului Public \u2013 Parchetul de pe l\u00e2ng\u0103 Judec\u0103toria G\u0103e\u0219ti, <\/em>urm\u00e2nd ca identificarea responsabilit\u0103\u021bilor persoanelor prezumate a fi vinovate de producerea accidentului, vor fi stabilite de c\u0103tre unitatea de parchet competent\u0103. Cu privire la acest caz se efectueaz\u0103 cercet\u0103ri cu privire la s\u0103v\u00e2r\u0219irea infrac\u021biunilor de v\u0103t\u0103mare corporal\u0103 din culp\u0103 (fapt\u0103 prev\u0103zut\u0103 \u0219i pedepsit\u0103 de art. 196 alin. (3) din Codul penal) \u0219i neluarea m\u0103surilor legale de securitate \u00een munc\u0103 (fapt\u0103 prev\u0103zut\u0103 \u0219i pedepsit\u0103 de art. 350 din Codul penal, dosarul fiind \u00eenregistrat la Parchetul de pe l\u00e2ng\u0103 Judec\u0103toria G\u0103e\u0219ti.<\/p>\n<p style=\"text-align: justify;\">Procesul-verbal de cercetare a fost comunicat de ITM D\u00e2mbovi\u021ba c\u0103tre: angajator, Parchetul de pe l\u00e2ng\u0103 Judec\u0103toria G\u0103e\u0219ti, Inspec\u021bia Muncii, Inspectoratul Teritorial de Munc\u0103 D\u00e2mbovi\u021ba, Inspectoratul Teritorial de Munc\u0103 Bucure\u0219ti, Casa Jude\u021bean\u0103 de Pensii D\u00e2mbovi\u021ba, Casa Local\u0103 de Pensii Bucure\u0219ti Sector 2, Ambasadei Republicii Filipine &#8211; Budapesta (Ungaria), precum \u0219i <em>apar\u021bin\u0103torilor familiei.<\/em><\/p>\n<p style=\"text-align: justify;\">Potrivit art. 45 &#8211; art. 48 din Legea nr. 346\/2002 privind asigurarea pentru accidente de munc\u0103 \u0219i boli profesionale, familia victimei poate depune cerere la asigur\u0103tor, pentru acordarea unor desp\u0103gubiri.\u00a0<\/p>\n<\/div>\n<\/div>\n<\/p>\n<p style=\"text-align: justify;\">\n<div class=\"sp-wrap sp-wrap-default\">\n<div class=\"sp-head\" title=\"Expand\">\nDosar nr. 14007\/2023 (rezumat) Petenta a supus aten\u021biei institu\u021biei Avocatul Poporului situa\u021bia aloca\u021biei de stat pentru minorii XX \u0219i YY, n\u0103scu\u021bi \u00een Germania, preciz\u00e2nd faptul c\u0103 \u00een anul 2019 a venit \u00een Rom\u00e2nia cu ambii minori, iar timp de 6 luni de zile dup\u0103 venirea \u00een \u021bar\u0103 au beneficiat de aloca\u021bie din partea statului german, ulterior acestei perioade de timp sist\u00e2ndu-se acordarea drepturilor pentru cei doi copii\n<\/div>\n<div class=\"sp-body folded\">\n<p> \u00cen luna martie 2022, petenta a depus la Prim\u0103ria comunei G\u0103lbina\u0219i, jude\u021bul Buz\u0103u cerere pentru stabilirea aloca\u0163iei de stat pentru cei doi copii \u00eenso\u021bit\u0103 de documentele din care rezult\u0103 \u00eendeplinirea condi\u0163iilor legale de acordare a acestui drept, dosarul a fost \u00eenaintat ulterior la Agen\u021bia Jude\u021bean\u0103 pentru Pl\u0103\u021bi \u0219i Inspec\u021bie Social\u0103 Buz\u0103u \u00een vederea stabilirii dreptului la aloca\u021bie de stat, \u00eens\u0103 nu a fost emise decizii de stabilire a dreptului la aloca\u021bie de stat pentru cei doi copii minori.<br \/>\n\u021ain\u00e2nd cont de faptul c\u0103 aloca\u0163ia de stat pentru copii este o form\u0103 de ocrotire a statului rom\u00e2n acordat\u0103 tuturor copiilor, f\u0103r\u0103 discriminare, legisla\u021bia specific\u0103 prevede c\u0103 beneficiaz\u0103 de aloca\u0163ie de stat pentru copii to\u0163i copiii \u00een v\u00e2rst\u0103 de p\u00e2n\u0103 la 18 ani, iar minorii \u00een cauz\u0103 nu au beneficiat de aloca\u021bie de stat, de\u0219i petenta a efectuat numeroase demersuri scrise pentru a clarifica motivul \u00eent\u00e2rzierii acord\u0103rii drepturilor ce se cuvin pentru cei doi minori, petenta a considerat c\u0103 sunt \u00eenc\u0103lcate prevederile art. 49 din Constitu\u021bie privind protec\u021bia copiilor \u0219i a tinerilor.<br \/>\nUrmare demersurilor \u00eentreprinse de c\u0103tre institu\u0163ia noastr\u0103, conducerea Agen\u021biei Jude\u021bene Pentru Pl\u0103\u021bi \u0219i Inspec\u021bie Social\u0103 Buz\u0103u a emis \u00een data de 14 iunie 2023 deciziile de aprobare a acord\u0103rii drepturilor reprezent\u00e2nd aloca\u021bii de stat pentru cei doi minori, \u00eencep\u00e2nd cu data de 01.04.2021 (respectiv 12 luni anterioare datei emiterii cererii privind acordarea drepturilor de aloca\u021bie de stat pentru copii, a\u0219a cum statueaz\u0103 dispozi\u021biile art. 6 alin. (5) din Legea nr. 61\/1993 privind aloca\u021bia de stat pentru copii, petenta av\u00e2nd cererea depus\u0103 \u00een data de 8.03.2022).<br \/>\nData pl\u0103\u021bii efective a aloca\u021biei pentru minorii \u00een cauz\u0103 se va efectua \u00een luna iulie 2023. <\/p>\n<\/div>\n<\/div>\n<\/p>\n<p style=\"text-align: justify;\">\n<div class=\"sp-wrap sp-wrap-default\">\n<div class=\"sp-head\" title=\"Expand\">\nDosar nr. 13653\/2023 (Petentul a solicitat sprijinul Biroului Teritorial Ploie\u0219ti ar\u0103t\u00e2nd faptul c\u0103 \u00een calitate de tutore al mamei sale pe rsoan\u0103 \u00eencadrat\u0103 \u00een grad de handicap grav, cu asistent personal, conform certificatului de \u00eencadrare \u00een grad de handicap grav din 24.10.2022, fiind diagnosticat\u0103 cu demen\u021b\u0103 mixt\u0103 vascular\u0103, a \u00eentreprins toate demersurile necesare la Direc\u021bia de Asisten\u021b\u0103 Social\u0103 R\u00e2mnicu S\u0103rat pentru ca acestei persoane cu dizabilit\u0103\u021bi s\u0103 \u00eei fie acordat\u0103 indemniza\u021bia de \u00eenso\u021bitor ce i se cuvine pe \u00eentreaga perioad\u0103 a valabilit\u0103\u021bii certificatului de \u00eencadrare \u00een grad de handicap, conform dispozi\u021biilor art. 43 alin. (3) din Legea nr. 448\/2006 privind protec\u021bia \u0219i promovarea drepturilor persoanelor cu handicap, republicat\u0103, respectiv de la data emiterii certificatului de \u00eencadrarea \u00een grad de handicap anterior amintit, \u0219i nu doar \u00ee ncep\u00e2nd cu luna urm\u0103toare depunerii cererii privind formularea op\u021biunii \u00eentre angajare asistent personal \u0219i acordare indemniza\u021bie de \u00eenso\u021bitor, \u00eens\u0103 se refuz\u0103 acordarea acestor drepturi legale.\n<\/div>\n<div class=\"sp-body folded\">\n<p> Biroul Teritorial Ploie\u0219ti a \u00eentreprins demersuri scrise solicit\u00e2nd punctul de vedere al Direc\u021biei de Asisten\u021b\u0103 Social\u0103 R\u00e2mnicu S\u0103rat, jude\u021bul Buz\u0103u, Direc\u021biei Generale de Asisten\u021b\u0103 Social\u0103 \u0219i Protec\u021bia Copilului Buz\u0103u \u0219i Autorit\u0103\u021bii Na\u021bionale pentru Protec\u021bia Drepturilor Persoanelor cu Dizabilit\u0103\u021bi. Direc\u021bia de Asisten\u021b\u0103 Social\u0103 R\u00e2mnicu S\u0103rat ne-a precizat c\u0103 s a efectuat plata drepturilor de la momentul \u00eendeplinirii tuturor condi\u021biilor necesare punerii \u00een plat\u0103, conform legisla\u021biei \u00een vigoare. Indemniza\u021bia de \u00eenso\u021bitor aferent\u0103 anul ui 2022 apar\u021bine exerci\u021biului financiar anterior, iar pentru anul 2023 nu au fost prev\u0103zute \u00een buget eventuale sume restante de plat\u0103. Direc\u021bia General\u0103 de Asisten\u021b\u0103 Social\u0103 \u0219i Protec\u021bia Copilului Buz\u0103u ne-a comunicat faptul c\u0103 pentru clarificarea modului de acordare a indemniza\u021biei de \u00eenso\u021bitor pentru persoanele pentru care se impune numirea unui reprezentant legal s a solicitat \u00eenc\u0103 din anul 2017 \u00eendrumarea metodologic\u0103 din partea Autorit\u0103\u021bii Na\u021bionale pentru Protec\u021bia Drepturilor Persoanelor cu Dizabilit\u0103\u021bi (fosta Autoritate Na\u021bional\u0103 pentru Persoanele cu Dizabilit\u0103\u021bi) care a transmis c\u0103 \u201dplata indemniza\u021biei se efectueaz\u0103 cu luna urm\u0103toare depunerii cererii, pe perioada valabilit\u0103\u021bii certificatului de \u00eencadrare \u00een grad de handicap \u0219i, dac\u0103 este cazul, cu plata retroactiv\u0103 a indemniza\u021biei\u201d.<br \/>\nLa solicitarea institu\u021biei noastre, Autoritatea Na\u021bional\u0103 pentru Protec\u021bia Drepturilor Persoanelor cu Dizabilit\u0103\u021bi ne a transmis c\u0103 \u201ddreptul la indemniza\u021bia lunar\u0103 constituie unul dintre efectele juridice ale certificate lor de \u00eencadrare \u00een grad de handicap, acte administrative \u00een sensul Legii nr. 544\/2004 a contenciosului administrativ. Chiar dac\u0103, \u00een situa\u021bia expus\u0103, data exercit\u0103rii<br \/>\nop\u021biunii de plat\u0103 a indemniza\u021biei conform art. 42 alin. (4) din Legea este 8.03.2023, iar certificatul generator de drepturi este emis la data de 24.10.2022, plata presta\u021biilor sociale se face cu respectarea dispozi\u021biilor art. 43 alin. (3) din Legea nr. 448\/2006, respectiv pe perioada valabilit\u0103\u021bii certificatului de \u00eencadrare \u00een grad de handi cap (&#8230;) Invocarea depunerii cu o oarecare \u00eent\u00e2rziere a cererii de op\u021biune pentru plata indemniza\u021biei nu poate constitui un motiv de restric\u021bionare \u00een acordarea drepturilor sau de diminuare a acestora, cu at\u00e2t mai mult cu c\u00e2t op\u021biunea asigur\u0103<br \/>\nexercitarea unui drept existent, ce decurge dintr un act administrativ. Reamintim faptul c\u0103 autorit\u0103\u021bile publice locale dispun de p\u00e2rghiile necesare pentru acordarea drepturilor prev\u0103zute \u00een<br \/>\nfavoarea persoanelor cu handicap. (&#8230;)\u201d. Lu\u00e2nd \u00een considerare deficien\u021bele constatate , respectiv refuzul co n stant al Direc\u021biei de Asisten\u021b\u0103 Social\u0103 R\u00e2mnicu S\u0103rat de a efectua plata indemniza\u021biei de \u00eenso\u021bitor pentru persoana cu dizabilit\u0103\u021bi , pe \u00eentreaga perioad\u0103 a valabilit\u0103\u021bii certificatului de \u00eencadrare \u00een grad de handicap, raportat la cadrul legal incident, Avocatul Poporului a emis Recomandarea nr. 98\/12.07.2023 c\u0103tre directorul Direc\u021bi ei de Asisten\u021b\u0103 Social\u0103 R\u00e2mnicu S\u0103rat, jude\u021bul Buz\u0103u av\u00e2nd ca obiectiv efectuarea pl\u0103\u021bii indemniza\u021biei de \u00eenso\u021bitor a persoanei cu handicap grav, prin tutorele desemnat de instan\u021b\u0103, pe \u00eentreaga perioad\u0103 a valabilit\u0103\u021bii certificatului de \u00eencadrare \u00een grad de handicap , conform dispozi\u021biilor art. 43 alin. (3) [\u201dPlata indemniza\u0163iei se face pe perioada valabilit\u0103\u0163ii certificatului de \u00eencadrare \u00een grad de handicap, emis de comisiile de protec\u0163ie a copiilor sau de comisiile de evaluare a persoanelor adulte cu handicap, dup\u0103 caz\u201d] din Legea nr. 448\/2006 \u0219i adresei din data de 3.07.2023, transmis\u0103 Direc\u021biei de Asisten\u021b\u0103 Social\u0103 R\u00e2mnicu S\u0103rat, de c\u0103tre Autoritatea Na\u021bional\u0103 pentru Protec\u021bia Drepturilor Persoanelor cu Dizabilit\u0103\u021bi. Recomandarea nr. 98\/12.07.2023 a fost \u00eensu\u0219it\u0103 de c\u0103tre conducerea Direc\u021biei de Asisten\u021b\u0103 Social\u0103 R\u00e2mnicu S\u0103rat, jude\u021bul Buz\u0103u. Ast fel, conducerea Direc\u021biei de Asisten\u021b\u0103 Social\u0103 R\u00e2mnicu S\u0103rat ne a precizat c\u0103 s a dispus plata indemniza\u021biei de \u00eenso\u021bitor cuvenit\u0103 persoanei cu handicap grav, prin tutor e , pentru \u00eentreaga perioad\u0103 a valabilit\u0103\u021bii certificatului de handicap emis, respectiv pentru perioada noiembrie 2022 martie 2023. Tutorele persoanei cu handicap grav a ridicat suma respectiv\u0103 de la casieria di rec\u021biei. <\/p>\n<\/div>\n<\/div>\n<\/p>\n<p style=\"text-align: justify;\">\n<div class=\"sp-wrap sp-wrap-default\">\n<div class=\"sp-head\" title=\"Expand\">\nDosar nr. 12973\/2023 (rezumat) - Petentul a solicitat sprijinul Biroului Teritorial Ploie\u0219ti, ar\u0103t\u00e2nd faptul c\u0103 s-a adresat Prim\u0103riei comunei Arice\u0219tii Rahtivani, jude\u021bul Prahova, prin po\u0219ta electronic\u0103, \u00een data de 3.03.2023, solicit\u00e2nd s\u0103 i se comunice informa\u021bii care au stat la baza reconstituirii dreptului de proprietate privat\u0103 de pe urma autorilor s\u0103i, nu a primit un r\u0103spuns scris, de\u0219i termenul legal de solu\u021bionare al acestei cereri a fost dep\u0103\u0219it\n<\/div>\n<div class=\"sp-body folded\">\n<p> Ca urmare a demersurilor \u00eentreprinse de institu\u021bia Avocatul Poporului, Prim\u0103ria comunei Arice\u0219tii Rahtivani a formulat \u0219i transmis petentului, prin adresa din 30.06.2023, un r\u0103spuns punctual solicit\u0103rilor sale cuprinse \u00een peti\u021bia din data de 3.03.2023.<\/p>\n<\/div>\n<\/div>\n<\/p>\n<p style=\"text-align: justify;\">\n<div class=\"sp-wrap sp-wrap-default\">\n<div class=\"sp-head\" title=\"Expand\">\nDosar nr. 12345\/2023 rezumat \u00cen data de 3 mai 2023, Biroul Teritorial Ploie\u0219ti s a sesizat din oficiu cu privire la informa\u021biile publicate \u00een mass media referitoare la situa\u021bia unui elev aflat \u00een clasa a V a la \u0218 coala Gimnazial\u0103 Ing. Ghe. P\u0103nculescu din V\u0103lenii de Munte, supus unei h\u0103r\u021buiri continue, din partea unor colegi, profesori \u0219i a conducerii unit\u0103\u021bii de \u00eenv\u0103\u021b\u0103m\u00e2nt.\n<\/div>\n<div class=\"sp-body folded\">\n<p> <strong>Pentru clarificarea aspectelor semnalate \u00een pres\u0103,Avocatul Poporuluia dispus efectuarea unor demersuri scrise <\/strong><em>(la Centrul Jude\u021bean de Resurse \u0219i Asisten\u021b\u0103 Educa\u021bional\u0103 Prahova<\/em>, <em>Inspectoratul \u0218colar Jude\u021bean Prahova, Direc\u021bia General\u0103 de Asisten\u021b\u0103 Social\u0103 \u0219i Protec\u021bia Copilului Prahova \u0219i Sec\u021bia de Poli\u021bie Rural\u0103 nr. 11 Drajna, jude\u021bul Prahova) <\/em><strong>\u0219i efectuarea unei anchete la \u0218coala Gimnazial\u0103 \u201eIng. Ghe P\u0103nculescu\u201d din V\u0103lenii de Munte, jude\u021bul Prahova. <\/strong><\/p>\n<p style=\"text-align: justify;\"><strong>Referitor la cazul minorului P.S.R.G<\/strong>, <strong>principaleleaspecte reliefate cu ocazia anchetei: <\/strong><\/p>\n<p style=\"text-align: justify;\">\u00cen colectivul de elevi ai clasei au existat situa\u021bii de \u00eenc\u0103lcare a regulilor de disciplin\u0103 \u0219colar\u0103. Av\u00e2nd \u00een vedere abaterile s\u0103v\u00e2r\u0219ite de elevul, acesta a fost sanc\u021bionat \u00een anul \u0219colar 2021-2022 cu mustrare scris\u0103 (comunicat\u0103 tat\u0103lui) \u0219i cu sc\u0103derea notei la purtare cu un punct (m\u0103sura fiind contestat\u0103 de p\u0103rin\u021bi \u00een instan\u021b\u0103), iar \u00een anul \u0219colar 2022-2023, elevul P.S.R.G, a primit observa\u021bie individual\u0103. Au fost sanc\u021biona\u021bi \u0219i al\u021bi 3 elevi.<\/p>\n<p style=\"text-align: justify;\">La nivelul clasei, au fost organizate \u0219edin\u021be cu p\u0103rin\u021bii clasei, at\u00e2t \u00een anul \u0219colar precedent (c\u00e2nd elevul era \u00een clasa a V-a), c\u00e2t \u0219i \u00een anul \u0219colar \u00een curs 2022-2023, \u00eens\u0103 \u00eent\u00e2lnirile ce au avut loc de-a lungul timpului au reliefat divergen\u021be de opinie \u00eentre p\u0103rin\u021bii elevului P.S.R.G\u0219i ceilal\u021bi p\u0103rin\u021bi, \u00eentre diriginta clasei \u0219i p\u0103rin\u021bii elevuluiP.S.R.G,f\u0103r\u0103 s\u0103 se ajung\u0103 la o rezolvare a conflictului creat care s-a acutizat (at\u00e2t \u00een rela\u021bia profesor-elev, elevi-elevi, profesor-familie), situa\u021bia conflictual\u0103 creat\u0103 fiind gestionat\u0103 \u00een mod ineficient de diriginta clasei (\u00een rela\u021bia sa ca profesor cu p\u0103rin\u021bii elevuluiP.S.R.G.). De\u0219i au avut loc \u00eent\u00e2lniri cu p\u0103rin\u021bii elevilor clasei, nu s-a reu\u0219it medierea conflictului \u0219i nici nu au fost depistate cauzele care au condus la crearea conflictului.<\/p>\n<p style=\"text-align: justify;\">Inspectoratul \u0218colar Jude\u021bean Prahova a monitorizat demersurile unit\u0103\u021bii \u0219colare \u0219i s-au impus m\u0103suri suplimentare, pentru a men\u021bine starea de siguran\u021b\u0103 a colectivului de elevi \u0219i pentru a preveni incidentele sesizate de c\u0103tre p\u0103rin\u021bi. Printre m\u0103surile luate de c\u0103tre Inspectoratul \u0218colar Jude\u021bean Prahova amintim: organizarea de \u00eent\u00e2lniri cu p\u0103rin\u021bii elevilor clasei pentru a media presupuse conflicte \u00eentre elevi, respectiv, \u00eentre p\u0103rin\u021bii acestora; organizarea de dezbateri cu cadrele didactice ale clasei, cu elevii clasei, \u00een scopul depist\u0103rii cauzelor care au condus la crearea acestui conflict \u0219i, mai ales, a medierii lui; completarea de chestionare de \u00eenregistrare a opiniei care au eviden\u021biat percep\u021bia cadrelor didactice, a familiei elevilor \u0219i a elevilor cu privire la presupusul conflictadus\u00een aten\u021bia tuturorde c\u0103tre familia P-S (aceste documente eviden\u021biaz\u0103 divergen\u021be de opinie clare \u00eentre p\u0103rin\u021bii elevului P.S.R.G.\u0219i ceilal\u021bi p\u0103rin\u021bi, \u00eentre cadrele didactice ale clasei \u0219i p\u0103rin\u021bii elevului P.S.R.G.); analiza activit\u0103\u021bilor \u0219i documentelor \u0219colii \u00een scopul men\u021binerii st\u0103rii de siguran\u021b\u0103 a elevilor \u0219i s-a realizat consilierea directorilor \u0219colii, a dirigintelui clasei pe marginea c\u0103ilor de rezolvare a situa\u021biei create la clas\u0103.<\/p>\n<p style=\"text-align: justify;\">De asemenea, s-a dispus asigurarea consilierii psihologice pentru elevii \u0219colii, pentru cadrele didactice, dar \u0219i pentru p\u0103rin\u021bi, la cerere, sub supravegherea consilierului \u0219colar. Profesorul suplinitor de consiliere psihopedagogic\u0103 a realizat \u00een cadrul \u0218colii Gimnaziale \u201eIng Ghe. P\u0103nculescu\u201dactivit\u0103\u021bi specifice.<\/p>\n<p style=\"text-align: justify;\">Referitor la consilierea psihopedagogic\u0103 a elevului P.R.S.G., tat\u0103lui elevului i s-a \u00eenm\u00e2nat un Acord pentru consiliere, iar acesta a adus la cuno\u0219tin\u021b\u0103 faptul c\u0103 fiul s\u0103u urmeaz\u0103 terapie psihologic\u0103 \u00een cadrul unui cabinet particular, iar \u00een situa\u021bia \u00een care fiul s\u0103u va participa la consiliere, fiul s\u0103u va fi \u00eenso\u021bit de psihologul s\u0103u.<\/p>\n<p style=\"text-align: justify;\">Urmare solicit\u0103rilor adresate Centrului Jude\u021bean de Resurse \u0219i Asisten\u021b\u0103 Educa\u021bional\u0103 Prahova,\u00a0 la \u0219coal\u0103 a fost redistribuit un profesor consilier \u0219colarpentru desf\u0103\u0219urarea activit\u0103\u021bilor specifice (av\u00e2nd \u00een vedere c\u0103 aceast\u0103 unitate \u0219colar\u0103 nu are un astfel de cabinet). \u00cencep\u00e2nd cu data\u00a0de 19.04.2023, cu sprijinul Inspectoratului \u0218colar Jude\u021bean Prahova, \u00een regim de urgen\u021b\u0103, a fost repartizat un profesor consilier \u0219colar care a ac\u021bionat, cu prec\u0103dere, pentru evaluarea \u0219i identificarea celor mai bune solu\u021bii. Consilierea psihopedagogic\u0103 se realizeaz\u0103 numai cu acordul scris al p\u0103rin\u021bilor elevilor. \u00cen cazul elevului P.S.R.G., tat\u0103l elevului nu \u0219i-a dat acordul.<\/p>\n<p style=\"text-align: justify;\">Speciali\u0219tii D.G.A.S.P.C. Prahova au evaluat situa\u021bia minorului \u0219i a celorlal\u021bicopii implica\u021bi \u00een diverse acte de agresiune, a \u00eencercat o colaborare cu p\u0103rin\u021bii elevului P.S.R.G.,\u00eens\u0103 acesta nu a fost posibil\u0103,p\u0103rin\u021biisus\u021bin\u00e2nd c\u0103 minorul urmeaz\u0103 \u00een particular \u0219edin\u021be de consiliere psihologic\u0103 cu doi speciali\u0219ti \u0219i nu doresc ca fiul lor s\u0103 beneficieze de program de consiliere psihologic\u0103 cu speciali\u0219tii D.G.A.S.P.C. Prahova. Nu doresc ca reprezentan\u021bii D.G.A.S.P.C. Prahova s\u0103 se mai deplaseze ladomiciliul lor \u00eentruc\u00e2t minorului i s-a creat o stare de team\u0103 c\u0103 va fi luat \u00een sistemul de protec\u021bie, acestuia i se acord\u0103 sprijin de specialitate \u0219i dumnealor pot gestiona situa\u021bia. \u00cen vederea monitoriz\u0103rii evolu\u021biei copiilor cazul a fost referit c\u0103tre Complexul de Servicii Comunitare <em>Sf. Maria <\/em>din V\u0103lenii de Munte.<\/p>\n<p style=\"text-align: justify;\">La nivelul Sec\u021biei 11 Poli\u021bie Rural\u0103 Drajna exist\u0103 \u00een lucru dosar penal (ce a fost \u00eenregistrat la Parchetul de pe l\u00e2ng\u0103 Judec\u0103toria V\u0103lenii de Munte sub nr. XXXX\/P\/2022) \u00een care se efectueaz\u0103 cercet\u0103ri sub aspectul s\u0103v\u00e2r\u0219irii infrac\u021biunilor de <em>lovire sau alte violen\u021be <\/em>\u0219i <em>abuz \u00een serviciu, <\/em>fapte prev\u0103zute \u0219i pedepsite de Codul Penal, ca urmare a pl\u00e2ngerilor formulate de p\u0103rin\u021bii minorului R.S.R.G. La finalizarea cercet\u0103rilor dosarul penal va fi\u00eenaintat cu propunere procedural\u0103 Parchetului de pe l\u00e2ng\u0103 Judec\u0103toria V\u0103lenii de Munte.<\/p>\n<p style=\"text-align: justify;\"><strong>Deficien\u021be constatate cu ocazia anchetei nivelul unit\u0103\u021bii \u0219colare <\/strong>(amintim: <em>necunoa\u0219terea procedurii\/modului de interven\u021bie \u00een situa\u021bii de violen\u021b\u0103 \u0219i a formelor de violen\u021b\u0103; caren\u021be \u00een privin\u021ba cunoa\u0219terii \u0219i punerii \u00een aplicare a dispozi\u021biilor Ordinului nr. 4343\/2020 emis de Ministrul Educa\u021biei \u0219i Cercet\u0103rii Norme Metodologice din 2020 de aplicare a prevederilor art. 7 alin. (1<sup>1<\/sup>), art. 56<sup>1<\/sup> \u015fi ale pct. 6<sup>1<\/sup> din anexa la Legea educa\u0163iei na\u0163ionale nr. 1\/2011, privind violen\u0163a psihologic\u0103 \u2013 bullying; R.O.F\/(ROI) al \u0219colii nu con\u021binea obiectivul \u0219coal\u0103 cu toleran\u021b\u0103 zero la violen\u021b\u0103 caren\u021be \u00een ceea ce prive\u0219te \u00eentreprinderea ac\u021biunilor interinstitu\u021bionale specifice de c\u0103tre conducerea \u0219colii, \u00een sensul semnal\u0103rii cazului la Direc\u021bia General\u0103 de Asisten\u021b\u0103 Social\u0103 \u0219i Protec\u021bia Copilului Prahova; nerespectarea atribu\u021biilor ce revin dirigintelui clasei; la nivelul clasei a VI a, lipsa unor activit\u0103\u021bi care s\u0103 vizeze teme specifice de prevenire \u0219i combatere a tuturor formelor de bullying; neactualizarea site-ului \u0219colii). <\/em><\/p>\n<p style=\"text-align: justify;\">Pentru remedierea deficien\u021belor constatate, a fost emis\u0103 Recomandarea nr. 82\/6.06.2023, a Avocatului Poporului, c\u0103tre conducerea \u0218colii Gimnaziale \u201eIng. Ghe P\u0103nculescu\u201ddin V\u0103lenii de Munte, jude\u021bul Prahova care a fost \u00eensu\u0219it\u0103 par\u021bial (punctele 3, 4, 5 \u0219i 8) \u0219i deloc (punctele 6 \u0219i 7), de c\u0103tre conducerea \u0219colii, impun\u00e2ndu-se formularea unei adrese de revenire la unitatea de \u00eenv\u0103\u021b\u0103m\u00e2nt pentru a fi dispuse m\u0103surile necesare \u00eensu\u0219irii \u00een totalitate a Recomand\u0103rii emise.<\/p>\n<p style=\"text-align: justify;\">\u00cen data de 3 mai 2023, Avocatul Poporului, prin Biroul Teritorial Ploie\u0219ti, s-a sesizat din oficiu cu privire la informa\u021biile publicate \u00een mass-media referitoare la situa\u021bia unui elev aflat \u00een clasa a V-a la \u0218coala Gimnazial\u0103 \u201eIng. Ghe. P\u0103nculescu\u201d din V\u0103lenii de Munte, supus unei h\u0103r\u021buiri continue, din partea unor colegi, profesori \u0219i a conducerii unit\u0103\u021bii de \u00eenv\u0103\u021b\u0103m\u00e2nt.<\/p>\n<p style=\"text-align: justify;\">Pentru clarificarea aspectelor semnalate \u00een pres\u0103, Avocatul Poporului a dispus \u00a0efectuarea unor demersuri scrise (la Centrul Jude\u021bean de Resurse \u0219i Asisten\u021b\u0103 Educa\u021bional\u0103 Prahova, Inspectoratul \u0218colar Jude\u021bean Prahova, Direc\u021bia General\u0103 de Asisten\u021b\u0103 Social\u0103 \u0219i Protec\u021bia Copilului Prahova \u0219i Sec\u021bia de Poli\u021bie Rural\u0103 nr. 11 Drajna, jude\u021bul Prahova) \u0219i efectuarea unei anchete la \u0218coala Gimnazial\u0103 \u201eIng. Ghe P\u0103nculescu\u201d din V\u0103lenii de Munte, jude\u021bul Prahova.<\/p>\n<p style=\"text-align: justify;\">Deficien\u021be constatate cu ocazia anchetei nivelul unit\u0103\u021bii \u0219colare (amintim: <em>necunoa\u0219terea procedurii\/modului de interven\u021bie \u00een situa\u021bii de violen\u021b\u0103 \u0219i a formelor de violen\u021b\u0103; <\/em><em>caren\u021be \u00een privin\u021ba cunoa\u0219terii \u0219i punerii \u00een aplicare a dispozi\u021biilor Ordinului nr. 4343\/2020 emis de Ministrul Educa\u021biei \u0219i Cercet\u0103rii Norme Metodologice din 2020 de aplicare a prevederilor art. 7 alin. (1<sup>1<\/sup>), art. 56<sup>1<\/sup> \u015fi ale pct. 6<sup>1<\/sup> din anexa la Legea educa\u0163iei na\u0163ionale nr. 1\/2011, privind violen\u0163a psihologic\u0103 \u2013 bullying; R.O.F\/(ROI) al \u0219colii nu con\u021binea obiectivul \u0219coal\u0103 cu toleran\u021b\u0103 zero la violen\u021b\u0103 caren\u021be \u00een ceea ce prive\u0219te \u00eentreprinderea ac\u021biunilor interinstitu\u021bionale specifice de c\u0103tre conducerea \u0219colii, \u00een sensul semnal\u0103rii cazului la Direc\u021bia General\u0103 de Asisten\u021b\u0103 Social\u0103 \u0219i Protec\u021bia Copilului Prahova; nerespectarea atribu\u021biilor ce revin dirigintelui clasei; la nivelul clasei a VI a, lipsa unor activit\u0103\u021bi care s\u0103 vizeze teme specifice de prevenire \u0219i combatere a tuturor formelor de bullying; neactualizarea site-ului \u0219colii). <\/em><\/p>\n<p style=\"text-align: justify;\">Pentru remedierea deficien\u021belor constatate, a fost emis\u0103 Recomandarea nr. 82\/6.06.2023, a Avocatului Poporului, c\u0103tre conducerea \u0218colii Gimnaziale \u201eIng. Ghe P\u0103nculescu\u201d din V\u0103lenii de Munte, jude\u021bul Prahova care a fost \u00eensu\u0219it\u0103 par\u021bial de c\u0103tre conducerea \u0219colii, impun\u00e2ndu-se formularea unei adrese de revenire la unitatea de \u00eenv\u0103\u021b\u0103m\u00e2nt pentru a fi dispuse m\u0103surile necesare \u00eensu\u0219irii \u00een totalitate a Recomand\u0103rii emise.<\/p>\n<p style=\"text-align: justify;\">Ulterior demersului \u00eentreprins, conducerea \u0218colii Gimnaziale \u201eIng. Ghe P\u0103nculescu\u201d din V\u0103lenii de Munte, jude\u021bul Prahova a dispus m\u0103suri pentru \u00eensu\u0219irea \u00een totalitate a Recomand\u0103rii nr. 82\/6.06.2023, dup\u0103 cum urmeaz\u0103:<\/p>\n<p style=\"text-align: justify;\">La nivelul \u0219colii, grupul de ac\u021biune anti-bullying \u00eenfiin\u021bat a elaborat \u0219i urm\u0103rit planul de ac\u021biune anti-bullying realiz\u00e2nd activit\u0103\u021bi de prevenire. Au fost programate \u0219i organizate ac\u021biuni de promovare a activit\u0103\u021bilor de prevenire \u0219i de combatere a formelor de bullying, organizate, la fiecare clas\u0103, activit\u0103\u021bi \u00een domeniul siguran\u021bei \u0219colare \u0219i a nonviolen\u021bei \u00een mediul \u0219colar. Pentru anul \u0219colar 2023-2024, la nivelul unit\u0103\u021bii \u0219colare a fost elaborat un Plan de Ac\u021biune antibullying care cuprinde activit\u0103\u021bi de prevenire \u0219i combatere a formelor de bullying.<\/p>\n<p style=\"text-align: justify;\">Personalul didactic a participat la cursuri de formare \u00een domeniul\u00a0 combaterii violen\u021bei \u0219i bulyying-ului. \u00cen perioada iunie-iulie 2023, cadrele didactice au urmat Cursul de formare Compasiune \u0219i ac\u021biune \u2013 Program de prevenire a antibullying-ului \u00een \u0219coal\u0103. \u00cen cadrul Consiliului Profesoral din data de 13 iunie 2023, cadrele didactice au fost informate cu privire la procedurile opera\u021bionale de combatere a violen\u021bei \u0219colare \u0219i a bullying- ului, urm\u00e2nd ca pe parcursul anului \u0219colar s\u0103 continue instruirea.<\/p>\n<p style=\"text-align: justify;\">\u00cencep\u00e2nd cu acest an \u0219colar unitatea de \u00eenv\u0103\u021b\u0103m\u00e2nt are profesor de consiliere psihopedagogic\u0103 titular care monitorizeaz\u0103 activit\u0103\u021bile de consiliere. La clasa la care au avut loc incidentele \u00eentre elevi, diriginta clasei a fost schimbat\u0103, iar rela\u021bia cu elevii \u0219i p\u0103rin\u021bii este bun\u0103. \u00a0 \u00cencep\u00e2nd cu anul \u0219colar urm\u0103tor p\u0103rin\u021bii sau reprezentan\u021bii legali ai elevilor vor fi informa\u021bi \u00een scris cu privire la organizarea \u0219edin\u021belor cu p\u0103rin\u021bii sau a altor evenimente organizate la clas\u0103.<\/p>\n<p style=\"text-align: justify;\">Pe site-ul unit\u0103\u021bii \u0219colare a fost postat Regulamentul de organizare \u0219i func\u021bionare al \u0218colii Gimnaziale \u201eIng. Ghe P\u0103nculescu\u201d din V\u0103lenii de Munte, jude\u021bul Prahova (forma actualizat\u0103).\u00a0<\/p>\n<\/div>\n<\/div>\n<\/p>\n<p style=\"text-align: justify;\">\n<div class=\"sp-wrap sp-wrap-default\">\n<div class=\"sp-head\" title=\"Expand\">\nDosar nr. 11295\/2023 (rezumat) Petentul s-a adresat institu\u021biei Avocatul Poporului, sesiz\u00e2nd faptul c\u0103 urmare a \u00eenregistr\u0103rii sistematice a imobilelor \u00een sistemul integrat de cadastru \u0219i carte funciar\u0103 la nivelul U.A.T. \u0218ot\u00e2nga, jude\u021bul D\u00e2mbovi\u021ba, au fost \u00eentocmite c\u0103r\u021bi funciare care nu corespund cu actele sale de proprietate. Astfel, suprafa\u021ba de 4.419 m.p. ce apar\u021bine petentului este \u00eenscris\u0103 \u00een C.F. nr. XXXX pe numele unei alte persoane\n<\/div>\n<div class=\"sp-body folded\">\n<p> Aspectul a fost adus la cuno\u0219tin\u021ba primarului comunei \u0218ot\u00e2nga, \u00eens\u0103 problema nu a fost rezolvat\u0103, motiv pentru care petentul s-a adresat Oficiului de Cadastru \u0219i Publicitate Imobiliar\u0103 D\u00e2mbovi\u021ba, prin cererile depuse \u00een data de 12.03.2021 \u0219i 04.06.2021.<br \/>\nPentru remedierea situa\u021biei, conform recomand\u0103rilor O.C.P.I. D\u00e2mbovi\u021ba primite de petent prin adresa de r\u0103spuns, \u00een data de 29.04.2022, acesta a depus toate documentele necesare pentru rectificarea erorilor materiale, \u00eens\u0103 aceast\u0103 cerere nu a fost solu\u021bionat\u0103.<br \/>\n\u00cen acest context, petentul s-a adresat institu\u021biei Avocatul Poporului, consider\u00e2nd c\u0103 \u00eei sunt \u00eenc\u0103lcate drepturile constitu\u021bionale, respectiv art. 44 \u0219i art. 51 din Constitu\u021bie, privind dreptul de proprietate privat\u0103 \u0219i dreptul de peti\u021bionare.<br \/>\nUrmare demersurilor \u00eentreprinse de c\u0103tre institu\u0163ia noastr\u0103, Oficiul de Cadastru \u0219i Publicitate Imobiliar\u0103 D\u00e2mbovi\u021ba a verificat aspectele sesizate \u0219i ne-a informat c\u0103 a luat leg\u0103tura cu Prestatorul (societatea care are contract cu institu\u021bia pentru realizarea lucr\u0103rilor de cadastrare), care a confirmat necesitatea corect\u0103rii \u00eenscrierilor \u00een c\u0103r\u021bile funciare.<br \/>\nDrept urmare, \u00een data de 15.06.2023, Prestatorul a depus la Oficiul de Cadastru \u0219i Publicitate Imobiliar\u0103 D\u00e2mbovi\u021ba documenta\u021bia necesar\u0103 pentru corectarea \u00eenscrierilor din c\u0103r\u021bile funciare, av\u00e2nd termen de solu\u021bionare la data de 06.07.2023.<br \/>\nCu privire la modul de solu\u021bionare a cererii depus\u0103 de petent la aceast\u0103 institu\u021bie, Oficiul de Cadastru \u0219i Publicitate Imobiliar\u0103 D\u00e2mbovi\u021ba a informat petentul prin adresa nr. xxx\/22.05.2023. <\/p>\n<\/div>\n<\/div>\n<\/p>\n<p style=\"text-align: justify;\">\n<div class=\"sp-wrap sp-wrap-default\">\n<div class=\"sp-head\" title=\"Expand\">\nDosar nr. 7949\/2023 (rezumat) Petentul a relatat faptul c\u0103 a solicitat (prin e-mail) Prim\u0103riei comunei Corbii Mari, jude\u021bul D\u00e2mbovi\u021ba, \u00een data de 16 ianuarie \u0219i \u00een data de 17 februarie 2023, s\u0103 i se comunice informa\u021bii cu privire la cuantumul taxelor \u0219i impozitelor (incluz\u00e2nd bonifica\u021biile aferente acestora) datorate pentru anul 2023, pentru imobilul pe care \u00eel de\u021bine \u00een comuna Corbii Mari, \u00eens\u0103 cererile sale nu au fost solu\u021bionate p\u00e2n\u0103 \u00een prezent\n<\/div>\n<div class=\"sp-body folded\">\n<p> Pentru clarificarea aspectelor sesizate de petent, \u00een data de 21 martie 2023, Biroul Teritorial Ploie\u0219ti, a \u00eentreprins demersuri scrise la Prim\u0103ria comunei Corbii Mari, jude\u021bul D\u00e2mbovi\u021ba.<br \/>\nPrin adresa de r\u0103spuns, Prim\u0103ria comunei Corbii Mari, jude\u021bul D\u00e2mbovi\u021ba, a comunicat faptul c\u0103 a verificat aspectele sesizate, constat\u00e2nd c\u0103 \u201edintr-o eroare material\u0103 decizia de impunere solicitat\u0103 \u0219i emis\u0103 \u00een data de 16.01.2023 nu s-a \u00eenc\u0103rcat ca \u0219i r\u0103spuns la mail-ul primit\u201d.<br \/>\nPentru solu\u021bionarea acestei erori, \u00een data de 27.03.2023 a fost transmis\u0103 c\u0103tre petent decizia de impunere solicitat\u0103. <\/p>\n<\/div>\n<\/div>\n<\/p>\n<p style=\"text-align: justify;\">\n<div class=\"sp-wrap sp-wrap-default\">\n<div class=\"sp-head\" title=\"Expand\">\nDosar nr. 5328\/2023 (rezumat) \u00cen data de 22 februarie 2023, Biroul Teritorial Ploie\u0219ti s-a sesizat din oficiu cu privire la cazul unui elev de clasa a treia de la \u0218coala Gimnazial\u0103 \u201eCoresi\u201d din T\u00e2rgovi\u0219te, care \u00eei agresa sistematic pe colegii s\u0103i, dar \u0219i pe profesori. Situa\u021bia a fost mediatizat\u0103 mai multe zile la r\u00e2nd de mass-media, critic\u00e2ndu-se lipsa de interven\u021bie a institu\u021biilor cu atribu\u021bii \u00een domeniu. Mai mul\u021bi p\u0103rin\u021bi \u0219i bunici s-au adunat \u00een fa\u021ba unit\u0103\u021bii de \u00eenv\u0103\u021b\u0103m\u00e2nt, protest\u00e2nd pa\u0219nic \u0219i cer\u00e2nd m\u0103suri concrete pentru siguran\u021ba copiilor lor\n<\/div>\n<div class=\"sp-body folded\">\n<p> \u00cen vederea clarific\u0103rii aspectelor mediatizate, Avocatul Poporuluia dispus efectuarea unor anchete la \u0218coala Gimnazial\u0103 \u201eCoresi\u201d din T\u00e2rgovi\u0219te \u0219i la Direc\u021bia General\u0103 de Asisten\u021b\u0103 Social\u0103 \u0219i Protec\u021bia Copilului D\u00e2mbovi\u021ba, precum \u0219i demersuri scrise la urm\u0103toarele autorit\u0103\u021bi: Centrul Jude\u021bean de Resurse \u0219i Asisten\u021b\u0103 Educa\u021bional\u0103 D\u00e2mbovi\u021ba, Inspectoratul \u0218colar Jude\u021bean D\u00e2mbovi\u021ba, \u0218coala Gimnazial\u0103 R\u0103zvad \u0219i Inspectoratul de Poli\u021bie Jude\u021bean D\u00e2mbovi\u021ba.<br \/>\n\u00cen urma verific\u0103rilor efectuate (anchete \u0219i demersuri scrise), s-a concluzionat faptul c\u0103 de\u0219i dificult\u0103\u021bile \u00eent\u00e2mpinate \u00een implementarea Planului de monitorizare post-servicii care \u00eel viza pe minorul \u00een cauz\u0103 \u0219i implementarea par\u021bial\u0103 a acestui plan, au fost semnalate de c\u0103tre Direc\u021bia de Asisten\u021b\u0103 Social\u0103 T\u00e2rgovi\u0219te prin raportul lunar de monitorizare \u00eenc\u0103 din luna ianuarie 2023, iar ulterior au existat numeroase sesiz\u0103ri, reclama\u021bii\/\u00eent\u00e2lniri \u00eentre autorit\u0103\u021bi pentru rezolvarea situa\u021biei create ca urmare a comportamentului necorespunz\u0103tor al minorului, Direc\u021bia General\u0103 de Asisten\u021b\u0103 Social\u0103 \u0219i Protec\u021bia Copilului D\u00e2mbovi\u021ba nu a dispus cu celeritate m\u0103suri de natur\u0103 s\u0103 evite escaladarea situa\u021biei. Planul de ac\u021biuni pentru interven\u021bia specific\u0103 situa\u021biei, ce con\u021bine m\u0103suri dispuse pentru autorit\u0103\u021bile implicate \u00een gestionarea acestui caz, a fost \u00eentocmit \u00een data de 9 martie 2023, fapt de denot\u0103 o \u00eent\u00e2rziere semnificativ\u0103 \u00een identificarea m\u0103surilor \u0219i interven\u021bia specializat\u0103.<br \/>\nDrept urmare, pentru remedierea deficien\u021belor constatate, Avocatul Poporului a emis Recomandarea nr. 42\/2023, c\u0103tre directorul Direc\u021biei Generale de Asisten\u021b\u0103 Social\u0103 \u0219i Protec\u021bia Copilului D\u00e2mbovi\u021ba, care a fost \u00eensu\u0219it\u0103 de conducerea acestei institu\u021bii astfel:<br \/>\n1) Referitor la acordarea unei aten\u021bii sporite pentru rapoartele de monitorizare post &#8211; servicii, conducerea DGASPC D\u00e2mbovi\u021ba a precizat c\u0103 \u00een situa\u021bia \u00een care autoritatea public\u0103 local\u0103 pe raza c\u0103reia domiciliaz\u0103 minorul implementeaz\u0103 planul de servicii par\u021bial sau se afl\u0103 \u00een imposibilitatea implement\u0103rii acestuia, va desemna o echip\u0103 multidisciplinar\u0103, format\u0103 din speciali\u0219tii din cadrul seriviciilor competente, care vor elabora de \u00eendat\u0103 un plan de m\u0103suri, \u00een vederea colabor\u0103rii cu institu\u021biile de resort implicate \u00een rezolvarea cazului copilului.<br \/>\n2) Pentru evitarea unor situa\u021bii viitoare \u0219i pentru \u00eembun\u0103t\u0103\u021birea modului de colaborare cu Centrul Jude\u021bean de Resurse Educa\u021bionale D\u00e2mbovi\u021ba \u0219i cu Inspectoratul \u0218colar Jude\u021bean D\u00e2mbovi\u021ba \u00een situa\u021biile \u00een care p\u0103rin\u021bii refuz\u0103 s\u0103 colaboreze cu reprezentan\u021bii unit\u0103\u021bilor de \u00eenv\u0103\u021b\u0103m\u00e2nt, DGASPC D\u00e2mbovi\u021ba a precizat c\u0103 a fost revizuit\u0103 Procedura Opera\u021bional\u0103 privind Consilierea Individual\u0103 prin Cabinetele de Asisten\u021b\u0103 Psihopedagogic\u0103, \u00een cadrul c\u0103reia au fost introduse reglement\u0103ri privind colaborarea dintre institu\u021bii \u00een cazul \u00een care nu exist\u0103 acordul prealabil al p\u0103rin\u021bilor\/tutorilor legali pentru consilierea individual\u0103\/\u00een grup mic.<br \/>\nProcedura revizuit\u0103 a fost difuzat\u0103 electronic tuturor institu\u021biilor cu atribu\u021bii \u00een aplicarea procedurii, \u00een vederea aplic\u0103rii acesteia, respectiv: Centrul Jude\u021bean de Resurse \u0219i Asisten\u021b\u0103 Educa\u021bional\u0103, Direc\u021bia General\u0103 de Asisten\u021b\u0103 Social\u0103 \u0219i Protec\u021bia Copilului D\u00e2mbovi\u021ba, Direc\u021bia de Asisten\u021b\u0103 Social\u0103 T\u00e2rgovi\u0219te, unit\u0103\u021bile de \u00eenv\u0103\u021b\u0103m\u00e2nt din jude\u021bul D\u00e2mbovi\u021ba, serviciile publice de asisten\u021b\u0103 social\u0103 de pe raza unit\u0103\u021bilor administrativ-teritoriale ale jude\u021bului D\u00e2mbovi\u021ba. <\/p>\n<\/div>\n<\/div>\n<\/p>\n<p style=\"text-align: justify;\">\n<div class=\"sp-wrap sp-wrap-default\">\n<div class=\"sp-head\" title=\"Expand\">\nDosar nr. 4900\/2023 (rezumat) - \u00cen data de 17 februarie 2023, Avocatul Poporului s-a sesizat din oficiu cu privire la informa\u021biile ap\u0103rute \u00een mass-media sub titlul Doi copii \u0219i \u0219ase adul\u021bi, r\u0103ma\u0219i sub cerul liber dup\u0103 un incendiu pornit de la un co\u0219 de fum defect, viz\u00e2nd situa\u021bia \u00een care au ajuns trei familii, cu doi copii, aflate \u00een gospod\u0103rii vecine din satul Potoceni din comuna M\u0103r\u0103cineni, jude\u021bul Buz\u0103u \u00een urma unui incendiu provocat de un horn defect.\n<\/div>\n<div class=\"sp-body folded\">\n<p>Referitor la acest caz, Avocatul Poporului a dispus efectuarea unor demersuri la Prim\u0103ria comunei M\u0103r\u0103cineni, jude\u021bul Buz\u0103u, iar din informa\u021biile \u0219i documentele ce ne-au fost puse la dispozi\u021bie s-au desprins urm\u0103toarele aspecte privind situa\u021bia familiilor afectate de incendiu \u0219i m\u0103surile dispuse la nivelul autorit\u0103\u021bii locale:<\/p>\n<p style=\"text-align: justify;\">Incendiul a avut loc \u00een data de 2 februarie 2023 \u0219i a afectat imobilele a 3 familii. A doua zi dup\u0103 incendiu, la nivelul Prim\u0103riei comunei M\u0103r\u0103cineni, prin Compartimentul de asisten\u021b\u0103 social\u0103, a fost realizat\u0103 evaluarea situa\u021biei sociale pentru fiecare dintre familiile afectate de incendiu. De asemenea, Prim\u0103ria comunei M\u0103r\u0103cineni a lansat \u00een scris un apel umanitar c\u0103tre Crucea Ro\u0219ie Buz\u0103u, prin care a fost solicitat sprijin \u00een cazul celor trei familii afectate de incendiu, sprijin ce a fost primit \u00een aceea\u0219i zi.<\/p>\n<p style=\"text-align: justify;\">Potrivit rapoartelor de evaluare\/anchet\u0103 sociale realizate s-au re\u021binut, pe l\u00e2ng\u0103 aspectele legate de istoricul familiilor veniturile realizate, integrarea \u00een comunitate, situa\u021bia medical\u0103 a membrilor familiilor, aspecte legate de nevoile sociale identificate, astfel: pentru familia A. \u0219i copiii acestora: refacerea spa\u021biului locativ distrus de incendiu (incendiul afect\u00e2ndu-le locuin\u021ba \u00een propor\u021bie de 90%), pentru familia B. a c\u0103rei cas\u0103 a ars \u00een totalitate \u2013 asigurarea unui spa\u021biu locativ (familia neav\u00e2nd posibilitatea de g\u0103zduire imediat\u0103 \u00een comunitate). Familiile nu beneficiaz\u0103 de presta\u021bii sociale, nefiind \u00eencadrate \u00een nicio categorie de risc. \u00cen urma incendiului nu au fost victime.<\/p>\n<p style=\"text-align: justify;\">Av\u00e2nd \u00een vedere faptul c\u0103 la nivelul U.A.T. M\u0103r\u0103cineni nu exist\u0103 niciun serviciu care s\u0103 asigure g\u0103zduirea de urgen\u021b\u0103 a familiilor, \u00een temeiul Legea nr. 416\/2001 privind venitul minim garantat, primarul comunei M\u0103r\u0103cineni a acordat pentru fiecare dintre cele trei familii un ajutor de urgen\u021b\u0103 \u00een cuantum de 10.000 lei.<\/p>\n<p style=\"text-align: justify;\">Dou\u0103 dintre cele dou\u0103 familii A. \u0219i-au renovat un alt corp al casei unde s-au mutat, iar familia B. locuie\u0219te \u00een prezent \u00eentr-o garsonier\u0103 \u00eenchiriat\u0103 \u0219i a \u00eenceput construc\u021bia casei (situa\u021bia acestei familii monitoriz\u00e2ndu-se \u00een continuare la nivelul Prim\u0103riei comunei M\u0103r\u0103cineni).<\/p>\n<\/div>\n<\/div>\n<\/p>\n<p style=\"text-align: justify;\">\n<div class=\"sp-wrap sp-wrap-default\">\n<div class=\"sp-head\" title=\"Expand\">\nDosar nr. 4367\/2023 (rezumat) \u00cen data de 14 februarie 2023, Biroul Teritorial Ploie\u0219ti s-a sesizat din oficiu cu privire la situa\u021bia existent\u0103 la nivelul jude\u021bului Prahova \u00een privin\u021ba asigur\u0103rii asisten\u021bei medicale primare, apreciat\u0103 ca fiind o problem\u0103 acut\u0103 \u0219i la \u00eenceputul anului 2023 (aspecte re\u021binute din articolele postate pe site-urile https:\/\/www.observatorulph.ro \u0219i https:\/\/ziarulprahova.ro, intitulate Lista localit\u0103\u021bilor din Prahova cu deficit de medici unde pot fi \u00eenfiin\u021bate puncte de lucru. \u00cen zeci de comune din Prahova este deficit de medici de familie, iar locuitorii sunt nevoi\u021bi s\u0103 mearg\u0103 \u00een alte localit\u0103\u021bi sau la spital pentru un simplu consult; \u00cen Prahova, asigurarea asisten\u021bei medicale primare r\u0103m\u00e2ne o problem\u0103 acut\u0103!, re\u021bin\u00e2ndu-se faptul c\u0103 \u00eentre localit\u0103\u021bile \u00een care nu este asigurat\u0103 asisten\u021ba medical\u0103 primar\u0103 se reg\u0103sesc Bolde\u0219ti-Gr\u0103di\u0219tea \u0219i P\u0103cure\u021bi, care nu au medic de familie din anul 2020, o situa\u021bie \u0219i mai grav\u0103 fiind la Cosminele, unde nicio persoan\u0103 \u00eembr\u0103cat\u0103 \u00een halat alb nu a pus niciodat\u0103 piciorul\n<\/div>\n<div class=\"sp-body folded\">\n<p> Pentru clarificarea situa\u021biei relatate \u00een pres\u0103, Avocatul Poporului a dispus efectuarea unor demersuri scrise c\u0103tre Prim\u0103riile comunelor Bolde\u0219ti-Gr\u0103di\u0219tea, P\u0103cure\u021bi \u0219i Cosminele din jude\u021bul Prahova, Casa de Asigur\u0103ri de S\u0103n\u0103tate Prahova \u0219i Direc\u021bia de S\u0103n\u0103tate Public\u0103 Prahova, cu privire la posibila \u00eenc\u0103lcare a prevederilor art. 34 din Constitu\u021bie, privind dreptul la ocrotirea s\u0103n\u0103t\u0103\u021bii.<br \/>\n\u00cen urma demersurilor \u00eentreprinse, am primit r\u0103spunsuri din partea autorit\u0103\u021bilor c\u0103rora ne-am adresat, concluzion\u00e2ndu-se faptul c\u0103 la nivelul jude\u021bului Prahova exist\u0103 un deficit de 43 de medici de familie (lista unit\u0103\u021bilor administrativ teritoriale unde exist\u0103 deficit de medici de familie \u0219i unde pot fi \u00eenfiin\u021bate puncte secundare de lucru este afi\u0219at\u0103 pe site-urile Casei de Asigur\u0103ri de S\u0103n\u0103tate Prahova, Colegiului Medicilor Prahova \u0219i Direc\u021biei de S\u0103n\u0103tate Public\u0103 Prahova).<br \/>\nConform Casei de Asigur\u0103ri de S\u0103n\u0103tate Prahova, necesarul de medici de familie (necesarul este de un medic de familie sau de un punct de lucru al unui medic de familie aflat \u00een rela\u021bie contractual\u0103 cu CAS Prahova), raportat la num\u0103rul popula\u021biei din cele trei comune Bolde\u0219ti-Gr\u0103di\u0219tea, P\u0103cure\u021bi \u0219i Cosminele este de 1 medic pentru fiecare dintre cele trei comune.<br \/>\nLa nivelul Direc\u021biei de S\u0103n\u0103tate Public\u0103 Prahova exist\u0103 Biroul Aviz\u0103ri\/autoriz\u0103ri ce are rol de consiliere a medicilor \u00een vederea \u00eenfiin\u021b\u0103rii \u0219i aviz\u0103rii Cabinetelor Medicale Individuale \u0219i Cabinetelor de Medicin\u0103 de Familie sau punctelor de lucru. Nu s-au efectuat demersuri pentru implicarea autorit\u0103\u021bilor locale \u00een vederea asigur\u0103rii unor facilit\u0103\u021bi medicilor care aleg zonele rurale din jude\u021b \u00eentruc\u00e2t autorit\u0103\u021bile locale sunt direct implicate \u0219i interesate \u00een atragerea medicilor de familie prin acordarea facilit\u0103\u021bilor \u0219i stimulentelor aferente instal\u0103rii unui medic, \u00eenfiin\u021b\u0103rii \u0219i func\u021bion\u0103rii cabinetului de medicin\u0103 de familie.<br \/>\nLa nivel teritorial, consiliile locale ale comunelor au competen\u021ba de a analiza posibilit\u0103\u021bile de acordare a unor facilit\u0103\u021bi pentru atragerea medicilor de familie \u0219i de a adopta m\u0103suri \u00een acest sens, care s\u0103 conduc\u0103 la rezolvarea deficitului de medici din localit\u0103\u021bile \u00een discu\u021bie, \u00een legisla\u021bie neexist\u00e2nd stabilit\u0103 obliga\u021bia pentru autorit\u0103\u021bile administra\u021biei locale de a acorda facilit\u0103\u021bi \u0219i stimulente aferente instal\u0103rii unui medic de familie.<br \/>\nLa nivelul comunei P\u0103cure\u021bi, jude\u021bul Prahova, locuitorii satelor P\u0103cure\u021bi, B\u0103rzila, Curm\u0103tura, Slavu \u0219i o parte din Mati\u021ba sunt deservi\u021bi de un medic cu cabinetul \u00een satul P\u0103cure\u021bi. Consiliul Local al comunei P\u0103cure\u021bi nu a stabilit facilit\u0103\u021bi \u0219i\/sau stimulente pentru atragerea medicilor de familie, din cauza lipsei de fonduri la bugetul local.<br \/>\nLa nivelul comunei Bolde\u0219ti-Gr\u0103di\u0219tea, jude\u021bul Prahova, serviciile medicale de medicin\u0103 de familie sunt asigurate locuitorilor din cele dou\u0103 sate aflate \u00een componen\u021ba comunei Bolde\u0219ti-Gr\u0103di\u0219tea (Bolde\u0219ti \u0219i Gr\u0103di\u0219tea) de c\u0103tre un medic, dou\u0103 zile pe s\u0103pt\u0103m\u00e2n\u0103, \u00een program de 8 ore, dup\u0103 amiaza. Autoritatea local\u0103 Bolde\u0219ti- Gr\u0103di\u0219tea a pus la dispozi\u021bie dou\u0103 cabinete medicale (respectiv un cabinet medical \u00een satul Bolde\u0219ti \u0219i un cabinet medical \u00een satul Gr\u0103di\u0219tea). \u00cen limita posibilit\u0103\u021bilor financiare de care dispune bugetul local, cabinetele medicale au fost modernizate \u0219i sunt func\u021bionale, fiind la dispozi\u021bia medicilor prin folosirea acestora cu titlu gratuit.<br \/>\nLa nivelul comunei Cosminele, jude\u021bul Prahova, \u00eencep\u00e2nd cu data de 1 aprilie 2023, \u00een localitate func\u021bioneaz\u0103, \u00een baza unui contract de comodat, un Cabinet Medical Individual, iar serviciile medicale sunt asigurate locuitorilor din comun\u0103 de c\u0103tre un medic. <\/p>\n<\/div>\n<\/div>\n<\/p>\n<p style=\"text-align: justify;\">\n<div class=\"sp-wrap sp-wrap-default\">\n<div class=\"sp-head\" title=\"Expand\">\nDosar nr. 3860\/2023 (rezumat) \u00cen data de 9 februarie 2023, Biroul Teritorial Ploie\u0219ti s-a sesizat din oficiu cu privire la cazul unui t\u00e2n\u0103r din comuna \u0218elaru, jude\u021bul D\u00e2mbovi\u021ba care sufer\u0103 de o boal\u0103 psihic\u0103 grav\u0103, locuie\u0219te singur \u00een casa bunicilor paterni \u00een condi\u021bii greu de descris \u0219i tr\u0103ie\u0219te din mila oamenilor. Situa\u021bia t\u00e2n\u0103rului a fost expus\u0103 de c\u0103tre publica\u021bia Libertatea \u00een articolul intitulat \u00centr-un sat la 80 km de Bucure\u0219ti, un t\u00e2n\u0103r cu o boal\u0103 psihic\u0103, \u00eenstr\u0103inat de p\u0103rin\u021bi \u0219i de societate, se zbate s\u0103 supravie\u021buiasc\u0103\n<\/div>\n<div class=\"sp-body folded\">\n<p> \u00cen vederea clarific\u0103rii tuturor aspectelor mediatizate, Avocatul Poporului a dispus efectuarea unei anchete la Prim\u0103ria comunei \u0218elaru, jude\u021bul D\u00e2mbovi\u021ba, \u00een urma c\u0103reia s-au constatat deficien\u021be la nivelul compartimentului de asisten\u021b\u0103 social\u0103 din cadrul acestei prim\u0103rii a c\u0103rui activitate era deficitar\u0103. Pentru remedierea deficien\u021belor constatate, Avocatul Poporului a emis Recomandarea nr. 22\/2023, c\u0103tre primarul comunei \u0218elaru, jude\u021bul D\u00e2mbovi\u021ba care a fost \u00eensu\u0219it\u0103 de c\u0103tre conducere, astfel:<br \/>\nReferitor la t\u00e2n\u0103r, Prim\u0103ria comunei \u0218elaru a continuat monitorizarea situa\u021biei acestuia \u0219i au fost dispuse m\u0103surile necesare pentru \u00eentocmirea dosarului \u00een vederea evalu\u0103rii \u0219i \u00eencadr\u0103rii acestuia \u00een grad de handicap la Comisia de Evaluare a Persoanelor Adulte cu Handicap din cadrul DGASPC D\u00e2mbovi\u021ba (comisia de specialitate urm\u00e2nd s\u0103 decid\u0103 \u00eencadrarea \u00een grad de handicap a t\u00e2n\u0103rului); a analizat situa\u021bia social\u0103 a t\u00e2n\u0103rului; a achitat sumele necesare \u00een vederea ob\u021binerii asigur\u0103rii de s\u0103n\u0103tate pentru t\u00e2n\u0103r \u0219i l-a \u00eenscris la medic de familie (acesta av\u00e2nd \u00een prezent calitate de asigurat \u00een sistemul de asigur\u0103ri de s\u0103n\u0103tate); a continuat s\u0103 men\u021bin\u0103 leg\u0103tura cu reprezentan\u021bii Spitalului Jude\u021bean de Urgen\u021b\u0103 T\u00e2rgovi\u0219te, respectiv cu medicii Sec\u021biei de Psihiatrie Cronici (loca\u021bie Gura Ocni\u021bei) unde este internat acest t\u00e2n\u0103r, iar cu sprijinul Spitalului Jude\u021bean de Urgen\u021b\u0103 T\u00e2rgovi\u0219te au fost efectuate formalit\u0103\u021bile \u00een vederea ob\u021binerii c\u0103r\u021bii de identitate pentru t\u00e2n\u0103r; a acordat un ajutor de urgen\u021b\u0103 persoanei aflat\u0103 \u00een situa\u021bie de vulnerabilitate pentru prelungirea intern\u0103rii sale \u00een Sec\u021bia de Psihiatrie Cronici Gura Ocni\u021bei (\u021bin\u00e2nd cont de recomand\u0103rile medicilor speciali\u0219ti \u0219i de acordul tat\u0103lui t\u00e2n\u0103rului pentru ca fiul s\u0103u s\u0103 fie internat \u00eentr-un centru special pentru bolnavi psihici, unde s\u0103 beneficieze de tratament corespunz\u0103tor \u0219i de supraveghere permanent\u0103). Situa\u021bia t\u00e2n\u0103rului va fi \u00een continuare monitorizat\u0103 la nivelul Prim\u0103riei \u0218elaru.<br \/>\n\u00cen privin\u021ba respect\u0103rii legisla\u021biei \u00een domeniul asisten\u021bei sociale, instruirea angaja\u021bilor de la compartimentul de asisten\u021b\u0103 social al prim\u0103riei, prin participarea acestora la cursuri, actualizarea site-ului Prim\u0103riei comunei \u0218elaru, au fost dispuse m\u0103suri, \u00een sensul \u00een care s-au efectuat demersuri pentru identificarea de noi cazuri de persoane aflate \u00een situa\u021bii de vulnerabilitate, iar pentru eviden\u021ba persoanelor aflate \u00een dificultate, care locuiesc singure \u0219i care au nevoie de servicii \u0219i presta\u021bii sociale, pentru eviden\u021ba copiilor afla\u021bi \u00een situa\u021bie de risc au fost \u00eenfiin\u021bate registre specifice; s-a \u00eentocmit Planul Anual de Ac\u021biune pentru anul 2023 privind serviciile sociale administrate \u0219i finan\u021bate din bugetul comunei \u0218elaru, \u00een conformitate cu prevederile Hot\u0103r\u00e2rii Guvernului nr. 797\/2017; asistentul social din cadrul Prim\u0103riei \u0218elaru a participat la dou\u0103 cursuri organizate de Asocia\u021bia Universitar\u0103 Columna; site-ul Prim\u0103riei \u0218elaru a fost actualizat cu informa\u021bii, conform Recomand\u0103rii Avocatului Poporului. <\/p>\n<\/div>\n<\/div>\n<\/p>\n<p style=\"text-align: justify;\">\n<div class=\"sp-wrap sp-wrap-default\">\n<div class=\"sp-head\" title=\"Expand\">\nDosar nr. 3078\/2023 (rezumat) Petenta, domiciliat\u0103 \u00een Municipiul Ploie\u0219ti, a solicitat sprijinul Biroului Teritorial Ploie\u0219ti al institu\u021biei Avocatul Poporului, ar\u0103t\u00e2nd faptul c\u0103 de\u0219i se \u00eencadreaz\u0103 \u00een categoria persoanelor prev\u0103zute de art. 3, alin. (1), litera a) din Ordonan\u021ba de urgen\u021b\u0103 a Guvernului nr. 63\/9.05.2022 privind unele m\u0103suri temporare pentru acordarea de sprijin material categoriilor de persoane aflate \u00een situa\u021bii de risc de deprivare material\u0103 \u0219i\/sau risc de s\u0103r\u0103cie extrem\u0103, suportate par\u021bial din fonduri externe nerambursabile, precum \u0219i unele m\u0103suri de distribuire a acestuia, av\u00e2nd o pensie de doar 1.125 lei, nu a primit tichetele sociale pe suport electronic ce i se cuvin\n<\/div>\n<div class=\"sp-body folded\">\n<p> \u00cen acest sens, petenta precizeaz\u0103 c\u0103 nu a primit cardul cu tichete sociale la care este \u00eendrept\u0103\u021bit\u0103 dup\u0103 intrarea \u00een vigoare a Ordonan\u021bei de urgen\u021b\u0103 a Guvernului nr. 63\/9.05.2022, \u0219i de\u0219i a depus la Casa Jude\u021bean\u0103 de Pensii Prahova \u0219i dovada faptului c\u0103 nu realizeaz\u0103 alte venituri nu \u00een\u021belege motivul pentru care nu este inclus\u0103 pe lista beneficiarilor acestei forme de sprijin. Petenta s-a prezentat la Casa de Pensii Prahova pentru a clarifica situa\u021bia, \u00eens\u0103 nu a primit informa\u021bii care s\u0103 o ajute \u00een rezolvarea problemei cu care se confrunt\u0103.<br \/>\nCa urmare a demersurilor \u00eentreprinse de institu\u021bia noastr\u0103, Casa Jude\u021bean\u0103 de Pensii Prahova a procedat la verificarea aspectelor sesizate de petent\u0103, preciz\u00e2ndu-ne c\u0103 anterior nu s-a putut transmite \u0219i numele petentei pe listele eligibile pentru acordarea tichetelor sociale deoarece aceasta a avut CNP generat pentru apatrizi.<br \/>\n\u00centruc\u00e2t petenta a depus \u00een luna octombrie 2022 noua carte de identitate din care reiese c\u0103 este cet\u0103\u021bean rom\u00e2n, rezident \u00een Rom\u00e2nia av\u00e2nd un nou CNP, Casa Jude\u021bean\u0103 de Pensii Prahova s-a adresat Casei Na\u021bionale de Pensii Publice \u00een vederea efectu\u0103rii demersurilor necesare pentru acordarea tichetelor sociale.<br \/>\nDin verificarea listelor transmise de c\u0103tre Casa Na\u021bional\u0103 de Pensii Publice s-a constatat c\u0103 petenta figureaz\u0103 ca persoan\u0103 eligibil\u0103 pentru tichetul social \u00een luna februarie 2023, iar \u00een situa\u021bia \u00een care nu a intrat \u00eenc\u0103 \u00een posesia tichetului social pe suport electronic, s-a comunicat petentei c\u0103 se poate adresa oficiului po\u0219tal \u00een a c\u0103rei raz\u0103 domiciliaz\u0103. <\/p>\n<\/div>\n<\/div>\n<\/p>\n<p style=\"text-align: justify;\">\n<div class=\"sp-wrap sp-wrap-default\">\n<div class=\"sp-head\" title=\"Expand\">\nDosar nr. 1847\/2023 (rezumat) - Petentul, domiciliat \u00een jude\u021bul Prahova, a solicitat sprijinul Biroului Teritorial Ploie\u0219ti, ar\u0103t\u00e2nd faptul c\u0103 de\u0219i s-a prezentat la sediul Prim\u0103riei comunei Gura Vitioarei, jude\u021bul Prahova, la \u00eenceputul lunii ianuarie 2023, solicit\u00e2nd acordarea ajutorului de \u00eenc\u0103lzire pe perioada rece, prezent\u00e2nd o copie a contractului de furnizare a gazelor naturale, \u00eencheiat pe numele s\u0103u, func\u021bionarul prim\u0103riei, cu atribu\u021bii de asisten\u021b\u0103 social\u0103, i-a comunicat faptul c\u0103 nu se \u00eencadreaz\u0103 s\u0103 beneficieze de acest ajutor \u00eentruc\u00e2t nu de\u021bine certificat de mo\u0219tenitor pentru imobilul \u00een care domiciliaz\u0103, f\u0103r\u0103 a i se pune la dispozi\u021bie formularele tip prev\u0103zute de legisla\u021bia \u00een vigoare\n<\/div>\n<div class=\"sp-body folded\">\n<p> Totodat\u0103, petentul a men\u021bionat c\u0103 este beneficiar de venit minim garantat, acordat potrivit Legii nr. 416\/2001 privind venitul minim garantat, av\u00e2nd lunar un venit de doar 150 lei, locuie\u0219te singur, administreaz\u0103 locuin\u021ba de la adresa de domiciliu, \u00ee\u0219i exercit\u0103 dreptul de folosin\u021b\u0103 de peste 50 ani \u0219i din cauza situa\u021biei materiale precare nu a putut achita taxele notariale aferente dezbaterii succesiunii de pe urma defunc\u021bilor p\u0103rin\u021bi.<br \/>\nAv\u00e2nd \u00een vedere c\u0103 \u00een urma demersurilor scrise \u00eentreprinse la Prim\u0103ria comunei Gura Vitioarei, nu s-a putut clarifica situa\u021bia expus\u0103 de petent, reprezentan\u021bii Biroului Teritorial Ploie\u0219ti au efectuat anchet\u0103 la sediul acestei prim\u0103rii, iar \u00een urma discu\u021biilor purtate pe marginea legisla\u021biei aplicabile, raportat la punctul de vedere al Agen\u021biei Na\u021bionale de Pl\u0103\u021bi \u0219i Inspec\u021bie Social\u0103 (listarea rubricii de \u00eentreb\u0103ri\/r\u0103spunsuri de pe pagina de internet a agen\u021biei) potrivit c\u0103ruia persoana care nu a dezb\u0103tut succesiunea, poate beneficia de ajutorul de \u00eenc\u0103lzire ca succesor de drept, \u00een baza unei anchete sociale, legea necondi\u021bion\u00e2nd acordarea acestei presta\u021bii sociale de prezentarea certificatului de mo\u0219tenitor, primarul comunei Gura Vitioarei a dispus efectuarea unei anchete sociale la domiciliul petentului pentru a se verifica situa\u021bia construc\u021biilor \u0219i a persoanelor care locuiesc la adresa de domiciliu, precum \u0219i sursa de \u00eenc\u0103lzire a locuin\u021bei.<br \/>\n\u00cen urma anchetei efectuate la sediul Prim\u0103riei comunei Gura Vitioarei, jude\u021bul Prahova, inspectorul cu atribu\u021bii de asisten\u021b\u0103 social\u0103 a efectuat anchet\u0103 social\u0103 la domiciliul petentului, l-a sprijinit pe acesta \u00een completarea formularelor specifice solicit\u0103rii acord\u0103rii ajutorului de \u00eenc\u0103lzire, iar prin Dispozi\u021bia primarului comunei Gura Vitioara din 13.02.2023 s-a aprobat acordarea ajutorului lunar pentru \u00eenc\u0103lzirea locuin\u021bei cu gaze naturale pentru petent, \u00een cuantum de 250 lei lunar, pentru perioada 1.02.2023-31.03.2023. <\/p>\n<\/div>\n<\/div>\n<\/p>\n<p style=\"text-align: justify;\">\n<div class=\"sp-wrap sp-wrap-default\">\n<div class=\"sp-head\" title=\"Expand\">\nDosar nr. 770\/2022 (rezumat) Petenta s-a adresat institu\u021biei Avocatul Poporului sesiz\u00e2nd faptul c\u0103 \u00een data de 22.03.2022 a depus la Prim\u0103ria Municipiului Ploie\u0219ti o cerere prin care a solicitat atribuirea unui loc de parcare pentru persoan\u0103 cu dizabilit\u0103\u021bi, depun\u00e2nd totodat\u0103 toate documentele necesare \u00een acest sens, \u00eens\u0103 aceast\u0103 cerere nu a fost solu\u021bionat\u0103\n<\/div>\n<div class=\"sp-body folded\">\n<p> Prin adresa nr. XXX din 20.04.2022 Prim\u0103ria Ploie\u0219ti \u2013 Comisia Municipal\u0103 pentru Transport \u0219i Siguran\u021ba Circula\u021biei a comunicat petentei c\u0103 am\u00e2n\u0103 \u00een unanimitate solicitarea privind amenajarea unui loc de parcare pentru persoan\u0103 cu dizabilit\u0103\u021bi, \u00een imediata apropiere a domiciliului mai sus men\u021bionat, p\u00e2n\u0103 la implementarea regulamentului de \u00eenfiin\u021bare, atribuire, folosire, organizare \u0219i func\u021bionare a locurilor de parcare, \u00een parc\u0103rile de re\u0219edin\u021b\u0103 \u0219i de domiciliu \u00een municipiul Ploie\u0219ti.<br \/>\nPentru clarificarea aspectelor sesizate de petent\u0103 au fost efectuate demersuri scrise la Prim\u0103ria Municipiului Ploie\u0219ti care, prin adresele de r\u0103spuns comunicate institu\u021biei noastre, a precizat urm\u0103toarele:<br \/>\nComisia Municipal\u0103 pentru Transport \u0219i Siguran\u021ba Circula\u021biei are \u00een vedere implementarea unui regulament de \u00eenfiin\u021bare, atribuire, folosire, organizare \u0219i func\u021bionare a locurilor de parcare, \u00een parc\u0103rile de re\u0219edin\u021b\u0103 \u0219i de domiciliu \u00een Municipiul Ploie\u0219ti \u0219i din acest motiv toate solicit\u0103rile de acordare a locurilor de parcare atribuite \u00een baza Legii nr. 448\/2006, se am\u00e2n\u0103. S-a men\u021bionat c\u0103 proiectul de hot\u0103r\u00e2re privind acordarea \u0219i semnalizarea locurilor de parcare pentru persoane cu dizabilit\u0103\u021bi a fost postat pe site-ul www.ploiesti.ro la rubrica transparen\u021b\u0103 decizional\u0103, s-a aflat pe ordinea de zi a \u0219edin\u021bei ordinare din luna august 2022 a Consiliului Local al Municipiului Ploie\u0219ti, dar a fost prorogat pentru completarea documenta\u021biei care a stat la baza fundament\u0103rii acestuia, urm\u00e2nd a fi reintrodus pe ordinea de zi a Consiliului Local al Municipiului Ploie\u0219ti, la o dat\u0103 care \u00eenc\u0103 nu a fost stabilit\u0103.<br \/>\nFa\u021b\u0103 de faptul c\u0103 demersurile scrise nu au condus la rezolvarea situa\u021biei reclamate de petent\u0103, Avocatul Poporului a emis Recomandarea nr. 142 din 29.09.2022, c\u0103tre primarul Municipiului Ploie\u0219ti, pentru ca \u00een exercitarea atribu\u021biilor conferite de legisla\u021bia \u00een vigoare, s\u0103 dispun\u0103 luarea m\u0103surilor legale \u00een vederea solu\u021bion\u0103rii cererii formulat\u0103 de petent\u0103, privind atribuirea unui loc de parcare gratuit\u0103 pentru persoana cu dizabilit\u0103\u021bi potrivit dispozi\u021biilor art. 65 alin. (5) din Legea nr. 448\/2006 privind protec\u021bia persoanelor cu handicap, precum \u0219i informarea peti\u021bionarei cu privire la atribuirea locului de parcare solicitat.<br \/>\nReferitor la \u00eensu\u0219irea acestei recomand\u0103ri, prin adresa nr. xxxx\/18.10.2022, Prim\u0103ria Municipiului Ploie\u0219ti a informat institu\u021bia Avocatul Poporului c\u0103 \u00ee\u0219i men\u021bine punctul de vedere exprimat anterior. Drept urmare, Recomandarea nr. 142 din 129.09.2022 emis\u0103 de Avocatul Poporului nu a fost \u00eensu\u0219it\u0103 de c\u0103tre autoritate.<br \/>\nFa\u021b\u0103 de situa\u021bia creat\u0103, av\u00e2nd \u00een vedere atribu\u021biile ce revin Agen\u021biei Jude\u021bene pentru Pl\u0103\u021bi \u0219i Inspec\u021bie Social\u0103 Prahova \u0219i Autorit\u0103\u021bii Na\u021bionale pentru Protec\u021bia Persoanelor cu Dizabilit\u0103\u021bi, institu\u021bia Avocatul Poporului a continuat demersurile \u0219i au fost formulate adrese c\u0103tre aceste autorit\u0103\u021bi, cu solicitarea de a se efectua verific\u0103rile care se impun \u0219i pentru a se dispune m\u0103surile necesare pentru respectarea dispozi\u021biilor art. 65 alin. (5) din Legea nr. 448\/2006 privind protec\u021bia persoanelor cu handicap.<br \/>\nAutoritatea Na\u021bional\u0103 pentru Protec\u021bia Persoanelor cu Dizabilit\u0103\u021bi s-a adresat Prim\u0103riei Municipiului Ploie\u0219ti solicit\u00e2nd respectarea dispozi\u021biilor legale incidente (art. 65 alin. (5) din Legea nr. 448\/2006 privind protec\u021bia persoanelor cu handicap).<br \/>\nAgen\u021bia Jude\u021bean\u0103 pentru Pl\u0103\u021bi \u0219i Inspec\u021bie Social\u0103 Prahova a efectuat \u00een data de 12.12.2022 un control la Prim\u0103ria Municipiului Ploie\u0219ti \u2013 Direc\u021bia Tehnic Investi\u021bii, pentru verific\u0103ri potrivit competen\u021belor legale, constat\u00e2nd neconformit\u0103\u021bi, respectiv nerespectarea prevederilor art. 65 alin. (1) \u0219i (5) din Legea nr. 448\/2006 privind protec\u021bia persoanelor cu handicap \u0219i a dispus m\u0103suri pentru respectarea dispozi\u021biilor legale, termenul stabilit fiind sf\u00e2r\u0219itul lunii februarie 2023. Acest termen a fost prelungit la solicitarea Prim\u0103riei Municipiului Ploie\u0219ti, p\u00e2n\u0103 la data de 31 mai 2023, iar inspectorii Agen\u021biei Jude\u021bene pentru Pl\u0103\u021bi \u0219i Inspec\u021bie Social\u0103 Prahova au monitorizat implementarea acestor m\u0103suri.<br \/>\nLa data de 26.06.2023, Agen\u021bia Jude\u021bean\u0103 pentru Pl\u0103\u021bi \u0219i Inspec\u021bie Social\u0103 Prahova a informat Biroul Teritorial Ploie\u0219ti cu privire la faptul c\u0103 m\u0103sura dispus\u0103 de inspectorii sociali prin procesul verbal de control din data de 12.12.2022, care a vizat atribuirea unui loc de parcare pentru doamna XXXX (persoan\u0103 cu dizabilit\u0103\u021bi), a fost dus\u0103 la \u00eendeplinire. <\/p>\n<\/div>\n<\/div>\n<\/p>\n<p style=\"text-align: justify;\"><em><strong><span style=\"color: #ff0000;\">2022<\/span><\/strong><\/em><\/p>\n<p style=\"text-align: justify;\">\n<div class=\"sp-wrap sp-wrap-default\">\n<div class=\"sp-head\" title=\"Expand\">\nDosar nr. 1330\/2022 (rezumat) - Petentul, domiciliat \u00een comuna V\u0103rbil\u0103u, jude\u021bul Prahova ne-a reclamat faptul c\u0103 \u00eent\u00e2mpin\u0103 dificult\u0103\u021bi la Prim\u0103ria comunei V\u0103rbil\u0103u, jude\u021bul Prahova\n<\/div>\n<div class=\"sp-body folded\">\n<p>Petentul, domiciliat \u00een comuna V\u0103rbil\u0103u, jude\u021bul Prahova ne-a reclamat faptul c\u0103 \u00eent\u00e2mpin\u0103 dificult\u0103\u021bi la Prim\u0103ria comunei V\u0103rbil\u0103u, jude\u021bul Prahova \u00eentruc\u00e2t nu a clarificat aspecte privind: a) situa\u021bia amenzilor cu care figureaz\u0103 \u00een eviden\u021bele acestei prim\u0103rii, preciz\u00e2nd faptul c\u0103 \u00een data de 11.11.2022 a solicitat operarea \u00een eviden\u021be a Deciziei Tribunalului Prahova din data de 17.03.2022, definitiv\u0103 (prin care s-a dispus anularea procesului-verbal de constatare a contraven\u021biei seria YYY nr. XXX\/17.12.2020 \u0219i exonerarea de la plata amenzii \u00een sum\u0103 de 400 de lei), actualizarea situa\u021biei fiscale \u00een raport de documentul prezentat \u0219i informarea sa cu privire la soldul r\u0103mas restant, sumele pe care le datoreaz\u0103, dar nu a ob\u021binut informa\u021biile solicitate de la func\u021bionarii Prim\u0103riei comunei V\u0103rbil\u0103u; b) acordarea ajutorului pentru c\u0103ldur\u0103 solicitat prin cerere \u00een luna octombrie 2022; c) situa\u021bia sumelor r\u0103mase de achitat de c\u0103tre Prim\u0103ria comunei V\u0103rbil\u0103u c\u0103tre petent cu titlu de diferen\u021b\u0103 ajutor de \u00eenc\u0103lzire aferent perioadei sezonului rece 2021-2022; d) acordarea altor forme de asisten\u021b\u0103 social\u0103\/presta\u021bii sociale.<br \/>\nPentru clarificarea aspectelor prezentate de petent, ne-am adresat Prim\u0103riei comunei V\u0103rbil\u0103u, jude\u021bul Prahova care a procedat la verificarea \u0219i reanalizarea situa\u021biei reclamate, iar din informa\u021biile \u0219i documentele au rezultat urm\u0103toarele aspecte:<br \/>\nCu privire la situa\u021bia amenzilor, la data de 9.01.2023, la rolul s\u0103u fiscal, petentul figura cu un debit restant \u00een sum\u0103 de 460 lei (reprezent\u00e2nd 400 de lei, amend\u0103 contraven\u021bional\u0103 pe numele petentului, potrivit procesului verbal din 17.12.2020 \u0219i 60 de lei &#8211; r\u0103m\u0103\u0219ite din amenzi r\u0103mase restante apar\u021bin\u00e2nd fiului \u0219i so\u021biei sale, sume ce au r\u0103mas la rolul fiscal al petentului).<br \/>\nCa urmare a demersului \u00eentreprins de c\u0103tre institu\u021bia noastr\u0103, Prim\u0103ria comunei V\u0103rbil\u0103u a procedat la radierea din eviden\u021bele fiscale a sumei de 400 de lei, oper\u00e2nd exonerarea de la plata amenzii contraven\u021bionale \u00een sum\u0103 de 400 de lei, potrivit deciziei Tribunalului Prahova. Totodat\u0103, a procedat la corectarea situa\u021biei \u00een ceea ce prive\u0219te debitul \u00een sum\u0103 de 60 de lei, suma respectiv\u0103 fiind transferat\u0103 la rolurile fiscale individuale ale fiului \u0219i so\u021biei petentului, conform extraselor de rol transmise institu\u021biei noastre.<br \/>\nAstfel, \u00een urma corect\u0103rii situa\u021biei fiscale \u0219i actualiz\u0103rii acesteia de c\u0103tre reprezentan\u021bii Prim\u0103riei comunei V\u0103rbil\u0103u, la data de 12.01.2023 petentul figura cu suma de 0 lei la rolul fiscal nr. XXX \u2013 Amenzi. Pentru o corect\u0103 \u0219i complet\u0103 informare, am anexat petentului, \u00een copie, extras de rol la data de 12.01.2023 pentru num\u0103rul de rol XX (unde se reg\u0103sesc date \u0219i cu privire la sumele datorate pentru impozitul pe cl\u0103dire, tax\u0103 de salubritate, impozit teren cur\u021bi construc\u021bii).<br \/>\nPrim\u0103ria comunei V\u0103rbil\u0103u a confirmat faptul c\u0103 anterior petentul a beneficiat de ajutorul de \u00eenc\u0103lzire \u0219i de supliment pentru combustibili solizi\/petrolieri, iar conform \u0219tatelor de plat\u0103, sumele au fost ridicate de petent, pe baz\u0103 de semn\u0103tur\u0103. \u00cen acest context, nu se confirm\u0103 sus\u021binerea petentului potrivit c\u0103reia are de primit de la aceast\u0103 prim\u0103rie sume restante reprezent\u00e2nd ajutor de \u00eenc\u0103lzire, iar pl\u0103\u021bile efectuate de petent la Prim\u0103ria comunei V\u0103rbil\u0103u au fost exclusiv pl\u0103\u021bi voluntare f\u0103cute de petent (sumele nefiind \u00eencasate de prim\u0103rie \u00een cadrul procedurilor de executare silit\u0103).<br \/>\nSolicitarea petentului privind acordarea ajutorului pentru \u00eenc\u0103lzirea locuin\u021bei \u00een anul 2022 a fost aprobat\u0103, prin Dispozi\u021bia primarului comunei V\u0103rbil\u0103u din 22.11.2022 dispun\u00e2ndu-se acordarea dreptului la ajutorul pentru \u00eenc\u0103lzirea locuin\u021bei \u00een sum\u0103 de 1120 de lei pentru perioada 01.11.2022-31.03.2023 (sum\u0103 ridicat\u0103 de petent \u00een luna decembrie 2022) \u0219i supliment pentru combustibili solizi \u0219i\/sau petrolieri \u00een cuantum de 20 de lei pentru perioada noiembrie 2022-octombrie 2023 (plata se face lunar, prin casieria unit\u0103\u021bii).<br \/>\nPetentul nu se \u00eencadreaz\u0103 pentru a beneficia de alte tipuri de presta\u021bii sociale, deoarece veniturile familiale dep\u0103\u0219esc baremul prev\u0103zut de legisla\u021bia \u00een vigoare, aceste aspecte rezult\u00e2nd din anchetele sociale realizate de reprezentan\u021bii acestei prim\u0103rii.<\/p>\n<\/div>\n<\/div>\n<\/p>\n<p style=\"text-align: justify;\">\n<div class=\"sp-wrap sp-wrap-default\">\n<div class=\"sp-head\" title=\"Expand\">\nDosar nr. 1275\/2022 (rezumat) Petenta a solicitat sprijinul Biroul Teritorial Ploie\u015fti, ar\u0103t\u00e2nd c\u0103 este angajat\u0103 a Prim\u0103riei comunei P\u0103ule\u0219ti, jude\u021bul Prahova, ca asistent personal al fiului, persoan\u0103 cu handicap grav, \u0219i, de\u0219i \u00eenc\u0103 din anul 2019 a solicitat \u00een repetate r\u00e2nduri acordarea indemniza\u021biei de hran\u0103 de care beneficiaz\u0103 \u0219i ceilal\u021bi angaja\u021bi ai prim\u0103riei, i se refuz\u0103 acordarea acestui drept, cre\u00e2ndu-se o situa\u021bie inechitabil\u0103 de c\u0103tre angajator, \u00een cazul s\u0103u nefiind respectat principiul consacrat constitu\u021bional al egalit\u0103\u021bii \u00een drepturi \u0219i nici cel al protec\u021biei sociale a muncii\n<\/div>\n<div class=\"sp-body folded\">\n<p>Totodat\u0103, petenta a precizat c\u0103 nu \u00een\u021belege motivul pentru care nici sporul de 15% aferent condi\u021biilor v\u0103t\u0103m\u0103toare nu \u00eei este acordat.<br \/>\nCa urmare a demersurilor \u00eentreprinse de institu\u021bia noastr\u0103, Prim\u0103ria comunei P\u0103ule\u0219ti, jude\u021bul Prahova a procedat la verificarea aspectelor sesizate inform\u00e2ndu-ne c\u0103 s-a emis Dispozi\u021bia primarului nr. 367\/14.12.2022, prin care s-a aprobat plata drepturilor neacordate reprezent\u00e2nd indemniza\u021bia de hran\u0103 cuvenit\u0103 asisten\u021bilor personali dispun\u00e2ndu-se \u0219i plata retroactiv\u0103 a acestei indemniza\u021bii lunare de hran\u0103 \u00een cuantum de 347 lei brut, cuvenit\u0103 \u0219i neacordat\u0103, aferent\u0103 perioadei 2020-2022.<br \/>\nDrept urmare, petenta va primi plata pe 3 ani a drepturilor salariale neacordate reprezent\u00e2nd indemniza\u021bia de hran\u0103 cuvenit\u0103, aferent\u0103 perioadei 2020-2022.<br \/>\n\u00cen privin\u021ba sporului aferent condi\u021biilor v\u0103t\u0103m\u0103toare de munc\u0103, s-a precizat c\u0103 la nivelul Prim\u0103riei comunei P\u0103ule\u0219ti nu se acord\u0103 acest spor pentru c\u0103 nu exist\u0103 buletine de determinare sau expertizare emise de Direc\u021bia de S\u0103n\u0103tate Public\u0103 Prahova, conform legisla\u021biei \u00een vigoare. Pentru eliberarea acestor buletine, D.S.P Prahova a solicitat documente medicale care s\u0103 eviden\u021bieze \u00eenregistrarea de boli profesionale, boli legate de profesiunea exercitat\u0103, sens \u00een care petenta a fost informat\u0103 \u00eenc\u0103 din anul 2019. \u00centruc\u00e2t petenta nu a dat curs acestei solicit\u0103ri, demersurile nu au putut fi continuate.<\/p>\n<\/div>\n<\/div>\n<\/p>\n<p style=\"text-align: justify;\">\n<div class=\"sp-wrap sp-wrap-default\">\n<div class=\"sp-head\" title=\"Expand\">\nDosar nr. 958\/2022 (rezumat) - Petenta a solicitat sprijinul Biroul Teritorial Ploie\u015fti, ar\u0103t\u00e2nd c\u0103 \u00een calitate de chiria\u0219 al apartamentului \u00een care domiciliaz\u0103 a solicitat Prim\u0103riei Municipiului Ploie\u0219ti (autoritatea local\u0103 administr\u00e2nd locuin\u021bele A.N.L), demararea formalit\u0103\u021bilor specifice cump\u0103r\u0103rii acestui apartament, conform prevederilor Legii nr. 152\/1998 privind \u00eenfiin\u021barea Agen\u021biei Na\u021bionale pentru locuin\u021be, republicat\u0103, \u00eens\u0103 se tergiverseaz\u0103 solu\u021bionarea acestei cereri\n<\/div>\n<div class=\"sp-body folded\">\n<p>Ca urmare a demersurilor \u00eentreprinse de institu\u021bia noastr\u0103, Prim\u0103ria Municipiului Ploie\u0219ti ne-a precizat c\u0103 \u00een urma depunerii dosarului de cump\u0103rare, petenta a fost informat\u0103 c\u0103 au fost demarate o serie de verific\u0103ri constat\u00e2ndu-se c\u0103 era necesar\u0103 completarea dosarului cu Actul adi\u021bional de prelungire a contractului de \u00eenchiriere \u0219i cu informa\u021bii privind Fi\u0219a de calcul a pre\u021bului de v\u00e2nzare. La momentul \u00eentocmirii Fi\u0219ei de calcul a pre\u021bului de v\u00e2nzare, a fost publicat\u0103 Ordonan\u021ba Guvernului nr. 22\/24.08.2022 prin care s-a aprobat modificarea art. 10 alin. (2), lit. d)1 din Legea nr. 152\/1998 privind \u00eenfiin\u021barea Agen\u021biei Na\u021bionale pentru Locuin\u021be, articol \u00een baza c\u0103ruia se stabile\u0219te pre\u021bul de v\u00e2nzare al locuin\u021belor ANL.<br \/>\nDin discu\u021biile telefonice purtate cu reprezentan\u021bii Prim\u0103riei Municipiului Ploie\u0219ti a reie\u0219it c\u0103 de\u0219i a fost dep\u0103\u0219it termenul de 30 de zile de la data intr\u0103rii \u00een vigoare a O.G nr. 22\/24.08.2022, Normele metodologice nu au fost modificate ceea ce face imposibil\u0103 realizarea fi\u0219ei de calcul pentru stabilirea pre\u021bului de v\u00e2nzare a locuin\u021belor A.N.L.<br \/>\nLu\u00e2nd \u00een considerare dificult\u0103\u021bile \u00eent\u00e2mpinate de petent\u0103 \u0219i implicit de ceilal\u021bi chiria\u0219i ai locuin\u021belor A.N.L care se reg\u0103sesc \u00een imposibilitatea de a lua act de pre\u021bul de v\u00e2nzare al acestor locuin\u021be pe care inten\u021bioneaz\u0103 a le achizi\u021biona, \u00een baza ofertelor de pre\u021b calculate de prim\u0103rii, am considerat oportun s\u0103 ne adres\u0103m Ministerului Dezvolt\u0103rii, Lucr\u0103rilor Publice \u0219i Administra\u021biei, cu solicitarea de a ne informa cu privire la stadiul adopt\u0103rii unui act normativ cu caracter general care s\u0103 modifice Normele metodologice mai sus amintite.<br \/>\n\u00cen urma demersurilor \u00eentreprinse, am fost informa\u021bi c\u0103 s-a dat curs solicit\u0103rilor noastre elabor\u00e2ndu-se proiectul de hot\u0103r\u00e2re a Guvernului pentru modificarea \u0219i completarea Normelor metodologice pentru punerea \u00een aplicare a prevederilor Legii nr. 152\/1998 privind \u00eenfiin\u021barea Agen\u021biei Na\u021bionale pentru Locuin\u021be, aprobate prin H.G nr. 962\/2001, cu modific\u0103rile \u0219i complet\u0103rile ulterioare, pentru ca prevederile Normelor metodologice s\u0103 fie corelate cu prevederile Ordonan\u021bei Guvernului nr. 22\/2022 \u00een ceea ce prive\u0219te stabilirea valorii de v\u00e2nzare pentru locuin\u021bele pentru tineri.<br \/>\nProiectul de act normativ men\u021bionat a fost postat pe site-ul Ministerului Dezvolt\u0103rii, Lucr\u0103rilor Publice \u0219i Administra\u021biei, \u00een data de 11.11.2022, la sec\u021biunea: Transparen\u021b\u0103 decizional\u0103\/ Consult\u0103ri publice\/ Proiecte de acte normative cu caracter general: https:\/\/www.mdlpa.ro\/pages\/proiecthgmodificarecompletarenormeaplicarelegea1521998anlhg9622001, \u00een vederea consult\u0103rii cet\u0103\u021benilor \u0219i a societ\u0103\u021bii civile, potrivit prevederilor Legii nr. 52\/2003 privind transparen\u021ba decizional\u0103 \u00een administra\u021bia public\u0103, republicat\u0103.<br \/>\nLa data redact\u0103rii r\u0103spunsului c\u0103tre institu\u021bia noastr\u0103 (12.12.2022), Ministerul Dezvolt\u0103rii, Lucr\u0103rilor Publice \u0219i Administra\u021biei a specificat faptul c\u0103 proiectul de hot\u0103r\u00e2re a Guvernului anterior amintit se afl\u0103 \u00een consultare la ministerele avizatoare urm\u00e2nd a se ob\u021bine avizele\/punctele de vedere. Dup\u0103 ob\u021binerea tuturor avizelor necesare, proiectul de act normativ va fi \u00eenaintat Secretariatului General al Guvernului \u00een vederea includerii pe agenda de lucru a \u0219edin\u021bei Guvernului \u0219i va intra \u00een vigoare dup\u0103 ce va fi adoptat de Guvernul Rom\u00e2niei \u0219i publicat \u00een Monitorul Oficial al Rom\u00e2niei. Dup\u0103 aprobarea proiectului de act normativ, autorit\u0103\u021bile administra\u021biei publice locale \u00een a c\u0103ror administrare se afl\u0103 imobilele vor putea stabili pre\u021burile de v\u00e2nzare a locuin\u021belor \u0219i vor putea demara procedura de v\u00e2nzare a acestor locuin\u021be. <\/p>\n<\/div>\n<\/div>\n<\/p>\n<p style=\"text-align: justify;\">\n<div class=\"sp-wrap sp-wrap-default\">\n<div class=\"sp-head\" title=\"Expand\">\nDosar nr. 838\/2022 (rezumat) - Petentul a sesizat faptul c\u0103 este nemul\u021bumit de modul de calculare a drepturilor sale de pensie de c\u0103tre Casa Jude\u021bean\u0103 de Pensii D\u00e2mbovi\u021ba, \u00eentruc\u00e2t nu i-au fost luate \u00een considerare drepturile ob\u021binute prin Decizia nr. XXXXXX pronun\u021bat\u0103 de Curtea de Apel Ploie\u0219ti \u00een dosarul nr. XXXXX, ce a avut ca obiect recunoa\u0219terea unor perioade lucrate \u00een condi\u021bii speciale de munc\u0103, \u00een calitate de salariat al S.C. C.O.S. T\u00e2rgovi\u0219te S.A.\n<\/div>\n<div class=\"sp-body folded\">\n<p> Pentru clarificarea aspectelor sesizate Biroul Teritorial Ploie\u0219ti a efectuat demersuri scrise la Casa Jude\u021bean\u0103 de Pensii D\u00e2mbovi\u021ba, \u00een urma c\u0103rora, \u00een data de 29.09.2022 a fost emis\u0103 Decizia nr. XXXX pentru recalcularea drepturilor petentului cu luarea \u00een considerare a hot\u0103r\u00e2rii judec\u0103tore\u0219ti prin care i-au fost recunoscute drepturile. Potrivit acestei decizii a fost modificat\u0103 \u00eencadrarea activit\u0103\u021bii desf\u0103\u0219urate de \u00een perioada 01.04.2001-24.04.2012, \u00een procent de 100%, \u00een condi\u021bii speciale de munc\u0103. Drepturile au fost stabilite \u00eencep\u00e2nd cu data de 02.11.2021, iar plata drepturilor se va face \u00eencep\u00e2nd cu data de 01.08.2022. Urmeaz\u0103 ca petentul c\u0103 primeasc\u0103 drepturile b\u0103ne\u0219ti ce i se cuvin \u00een urma acestei recalcul\u0103ri, conform noii decizii.<\/p>\n<\/div>\n<\/div>\n<\/p>\n<p style=\"text-align: justify;\">\n<div class=\"sp-wrap sp-wrap-default\">\n<div class=\"sp-head\" title=\"Expand\">\nDosar nr. 796\/2022 (rezumat)-Petenta, domiciliat\u0103 \u00een comuna Tei\u0219ani, jude\u021bul Prahova, a solicitat sprijinul Biroului Teritorial Ploie\u0219ti, ar\u0103t\u00e2nd faptul c\u0103 de\u0219i a solicitat conducerii Prim\u0103riei comunei Tei\u0219ani acodarea concediului legal de odihn\u0103 aferent anului 2022, cererile sale nu sunt aprobate, petenta neput\u00e2nd beneficia de zilele de odihn\u0103 la care este \u00eendrept\u0103\u021bit\u0103, astfel cum au beneficiat \u0219i beneficiaz\u0103 to\u021bi angaja\u021bii Prim\u0103riei comunei Tei\u0219ani, \u00een cazul s\u0103u nefiind respectat principiul consacrat constitu\u021bional al egalit\u0103\u021bii \u00een drepturi (\u201dCet\u0103\u021benii sunt egali \u00een fa\u021ba legii \u0219i a autorit\u0103\u021bilor publice, f\u0103r\u0103 privilegii \u0219i f\u0103r\u0103 discrimin\u0103ri\u201d) \u0219i nici cel al protec\u021biei sociale a muncii. Fa\u0163\u0103 de aspectele prezentate, ne-am adresat Prim\u0103riei comunei Tei\u0219ani, jude\u021bul Prahova.\n<\/div>\n<div class=\"sp-body folded\">\n<p> Urmare demersurilor \u00eentreprinse, conducerea Prim\u0103riei comunei Tei\u0219ani a procedat la verificarea aspectelor sesizate de petent\u0103 comunic\u00e2ndu-ne faptul c\u0103 s-au acordat zilele de concediu \u0219i zilele de recuperare solicitate anterior de petent\u0103, aspect confirmat \u0219i de aceasta \u00een cadrul discu\u021biei telefonice purtate.<\/p>\n<\/div>\n<\/div>\n<\/p>\n<p style=\"text-align: justify;\">\n<div class=\"sp-wrap sp-wrap-default\">\n<div class=\"sp-head\" title=\"Expand\">\nDosar nr. 697\/2022 (rezumat) Petentul s-a adresat Biroului Teritorial Ploie\u0219ti sesiz\u00e2nd problemele pe care le \u00eent\u00e2mpin\u0103 \u00een rela\u021bionarea cu reprezentan\u021bii Direc\u021biei de Asisten\u021b\u0103 Social\u0103 din cadrul Prim\u0103riei Municipiului Moreni, jude\u021bul D\u00e2mbovi\u021ba \u0219i a solicitat efectuarea unor verific\u0103ri cu privire la activitatea Direc\u021biei de Asisten\u021b\u0103 Social\u0103 Moreni, precum \u0219i cu privire la modul de solu\u021bionare al cererii pe care a depus-o la Prim\u0103ria Municipiului Moreni la data de 31.05.2022 (prin care a solicitat cercetarea disciplinar\u0103 a func\u021bionarilor Direc\u021biei de Asisten\u021b\u0103 Social\u0103 Moreni, care au realizat ancheta social\u0103 solicitat\u0103 de instan\u021ba de judecat\u0103 \u00een procesul av\u00e2nd ca obiect stabilirea domiciliului minorului)\n<\/div>\n<div class=\"sp-body folded\">\n<p>Pentru verificarea aspectelor sesizate, Avocatul Poporului a dispus efectuarea unei anchete la Prim\u0103ria Municipiului Moreni \u2013 Direc\u021bia de Asisten\u021b\u0103 Social\u0103, anchet\u0103 ce a fost realizat\u0103 \u00een data de 7.07.2022 de consilierii Biroului Teritorial Ploie\u0219ti. Au fost verificate aspectele referitoare la situa\u021bia miorului, aspectele referitoare la activitatea func\u021bionarilor din cadrul Direc\u021biei de Asisten\u021b\u0103 Social\u0103 Moreni realizat\u0103 \u00een leg\u0103tur\u0103 cu acest caz, precum \u0219i cele legate de modul de solu\u021bionare al sesiz\u0103rii prin care petentul a solicitat cercetarea disciplinar\u0103 a func\u021bionarilor care au \u00eentocmit anchetele sociale.<br \/>\n\u00cen urma verific\u0103rilor efectuate, nu au fost identificate situa\u021bii care s\u0103 lezeze drepturile minorului, \u00eens\u0103 au fost constate deficien\u021be \u00een modul de solu\u021bionare a sesiz\u0103rilor av\u00e2nd ca obiect cercetarea disciplinar\u0103 a func\u021bionarilor publici din cadrul Prim\u0103riei Moreni (inclusiv a solicit\u0103rii formulate de petent, aceasta nefiind repartizat\u0103 pentru analizare \u0219i solu\u021bionare la Comisia de disciplin\u0103 din cadrul institu\u021bie), precum \u0219i lipsa unei proceduri opera\u021bionale cu privire la solu\u021bionarea acestor sesiz\u0103ri.<br \/>\nPentru remedierea acestor deficien\u021be, Avocatul Poporului a emis Recomandarea nr. 124\/2022, c\u0103tre primarul Municipiului Moreni, prin care a solicitat acestuia, ca \u00een exercitarea atribu\u021biilor ce \u00eei revin potrivit legisla\u021biei \u00een vigoare s\u0103 dispun\u0103 m\u0103suri pentru:<br \/>\na) analizarea \u0219i solu\u021bionarea sesiz\u0103rii depus\u0103 de petent la Prim\u0103ria Municipiului Moreni, de c\u0103tre Comisia de disciplin\u0103;<br \/>\nb) realizarea unei proceduri opera\u021bionale de sistem cu privire la solu\u021bionarea sesiz\u0103rilor referitoare la abaterile disciplinare ale func\u021bionarilor publici din cadrul Prim\u0103riei Municipiului Moreni;<br \/>\nc) informarea salaria\u021bilor din cadrul Prim\u0103riei Municipiului Moreni cu privire la con\u021binutul \u0219i aplicarea procedurii opera\u021bionale mai sus men\u021bionate, prelucrarea acesteia \u00een vederea aplic\u0103rii corespunz\u0103toare.<br \/>\nRecomandarea nr. 18\/2022 a fost \u00eensu\u0219it\u0103 \u00een totalitate, primarul a dispus analizarea \u0219i solu\u021bionarea sesiz\u0103rii depuse de petent, de c\u0103tre Comisia de disciplin\u0103 din cadrul institu\u021biei \u0219i a fost elaborat\u0103, aprobat\u0103 \u0219i adus\u0103 la cuno\u0219tin\u021ba salaria\u021bilor Prim\u0103riei Municipiului Moreni Procedura opera\u021bional\u0103 de sistem privind cercetarea disciplinar\u0103.<\/p>\n<\/div>\n<\/div>\n<\/p>\n<p style=\"text-align: justify;\">\n<div class=\"sp-wrap sp-wrap-default\">\n<div class=\"sp-head\" title=\"Expand\">\nDosar nr. 540\/2022 (rezumat) - Avocatul Poporului s-a sesizat din oficiu ca urmare a difuz\u0103rii \u00een mass media, \u00een perioada 14 mai \u2013 16 mai 2022, a unor articole cu privire la cazul unui pacient care \u00een noaptea de 13 mai 2022, s-a aruncat pe geam la Spitalul Jude\u021bean de Urgen\u021b\u0103 Ploie\u0219ti\n<\/div>\n<div class=\"sp-body folded\">\n<p> Din informa\u021biile puse la dispozi\u021bia institu\u021biei noastre a reie\u0219it faptul c\u0103 pacientul a fost adus cu salvarea Serviciului Jude\u021bean de Ambulan\u021b\u0103 Prahova la Unitatea de Primiri Urgen\u021be \u00een data de 12.05.2022, stabilindu-se diagnosticul de c\u0103dere accidental\u0103 de la aproximativ 2 metri, fiind internat pe sec\u021bia Chirurgie II. Potrivit informa\u021biilor comunicate de Spitalul Jude\u021bean de Urgen\u021b\u0103 Ploie\u0219ti, dup\u0103 internare acesta a suferit un episod de sevraj alcoolic, a devenit agitat, \u0219i-a scos tubul de pleurotomie \u0219i s-a aruncat pe fereastra de la etajul I, suferind mai multe leziuni. S-au acordat \u00eengrijirile medicale care s-au impus, evolu\u021bia fiind favorabil\u0103, cu remisia episodului de servraj alcoolic.<br \/>\nDe\u0219i \u00een r\u0103spunsul transmis institu\u021biei noastre se men\u021bioneaz\u0103 c\u0103 pacientul nu figureaz\u0103 \u00een baza de date a spitalului cu spitaliz\u0103ri pe sec\u021bia de psihiatrie, \u00een documentele ata\u0219ate r\u0103spunsului se men\u021bioneaz\u0103 pe l\u00e2ng\u0103 diagnosticele stabilite la internare \u0219i tentativa de suicid. De asemenea, potrivit consemn\u0103rilor din foia de observa\u021bie clinic\u0103 general\u0103 recomandarea pentru consult psihiatrie \u0219i tratament de specialitate a fost men\u021bionat\u0103 abia \u00een data de 16.05.2022, f\u0103r\u0103 a exista men\u021biuni cu privire la o evaluare psihiatric\u0103 a pacientului pe perioada intern\u0103rii. \u00cen biletul de externare eliberat \u00een data de 23.05.2022 s-a recomandat pacientului \u201econtrol psihiatric \u00een vederea stabilii conduitei terapeutice\u201d.<br \/>\n\u00cen urma demersurilor efectuate de institu\u021bia noastr\u0103, s-a concluzionat c\u0103 la nivelul Spitalului Jude\u021bean de Urgen\u021b\u0103 Ploie\u0219ti nu exist\u0103 o procedur\u0103 opera\u021bional\u0103 referitoare la evaluarea psihologic\u0103\/psihiatric\u0103, monitorizare \u0219i interven\u021bie pentru pacien\u021bii care sunt interna\u021bi \u00een orice sec\u021bie a spitalului ca urmare a unor situa\u021bii de risc (alcoolici, cu tentative de suicid\/automutilare, consum de substan\u021be interzise etc.), nefiind astfel respectate art. 34 \u015fi art. 22 din Constitu\u021bie, prevederile art. 166 din Legea nr. 95\/2006 privind reforma \u00een domeniul s\u0103n\u0103t\u0103\u021bii, republicat\u0103, cu modific\u0103rile ulterioare \u0219i Ordinului Secretariatului General al Guvernului nr. 600\/2018 privind aprobarea Codului controlului intern managerial al entit\u0103\u021bilor publice.<br \/>\nPentru remedierea acestei deficien\u021be, Avocatul Poporul a emis Recomandarea nr. 145\/2022, care a fost \u00eensu\u0219it\u0103 integral de c\u0103tre conducerea Spitalului Jude\u021bean de Urgen\u021b\u0103 Ploie\u0219ti, respectiv:<br \/>\n&#8211; a fost elaborat\u0103 Procedura opera\u021bional\u0103 privind evaluarea, monitorizarea \u0219i interven\u021bia pentru pacien\u021bii interna\u021bi ca urmare a unor situa\u021bii de risc (alcoolici, cu tentative de suicid\/automutilare, consum de substan\u021be interzise etc.);<br \/>\n&#8211; a fost adus\u0103 la cuno\u0219tin\u021ba salaria\u021bilor \u00een vederea inform\u0103rii \u0219i aplic\u0103rii acesteia;<br \/>\n&#8211; procedura a fost postat\u0103 pe site-ul Spitalului Jude\u021bean de Urgen\u021b\u0103 Ploie\u0219ti.<\/p>\n<\/div>\n<\/div>\n<\/p>\n<p style=\"text-align: justify;\">\n<div class=\"sp-wrap sp-wrap-default\">\n<div class=\"sp-head\" title=\"Expand\">\nDosar nr. 539\/2022 (rezumat)-Biroul Teritorial Ploie\u0219ti s-a sesizat din oficiu cu privire la informa\u021biile ap\u0103rute \u00een mass-media referitoare la cazul unei minore care a fost agresat\u0103 sexual de c\u0103tre instructorul de dans al Casei de Cultur\u0103 \u201eDumitru Stanciu\u201d din G\u0103e\u015fti, unde b\u0103rbatul era angajat \n<\/div>\n<div class=\"sp-body folded\">\n<p> Pentru clarificarea aspectelor prezentate \u00een pres\u0103, \u00eentruc\u00e2t acestea vizau o posibil\u0103 \u00eenc\u0103lcare a art. 22 \u0219i art. 49 din Constitu\u0163ie, referitoare la dreptul la via\u021b\u0103, la integritate fizic\u0103 \u0219i psihic\u0103, respectiv protec\u021bia copiilor \u0219i a tinerilor, Avocatul Poporului a dispus efectuarea unor demersuri scrise la Casa de Cultur\u0103 \u201eDumitru Stanciu\u201d din ora\u0219ul G\u0103e\u015fti, Direc\u021bia General\u0103 de Asisten\u021b\u0103 Social\u0103 \u0219i Protec\u021bia Copilului D\u00e2mbovi\u021ba \u0219i la Inspectoratul de Poli\u021bie Jude\u021bean D\u00e2mbovi\u021ba.<br \/>\n\u00cen urma tuturor verific\u0103rilor, analiz\u0103rii documentelor transmise institu\u021biei noastre \u0219i a dispozi\u021biilor legale incidente \u00een acest caz, s-au constatat deficien\u021be la nivelul Casei de Cultur\u0103 \u201eDumitru Stanciu\u201d din ora\u0219ul G\u0103e\u015fti (care se afl\u0103 subordinea aparatului de specialitate al primarului ora\u0219ului G\u0103e\u0219ti), respectiv: nu exista o procedur\u0103 cu privire la raporturile dintre minori\/p\u0103rin\u021bii acestora \u015fi aceast\u0103 institu\u021bie, \u00eenscrierea la cercurile acestei case de cultur\u0103, desf\u0103\u0219urarea activit\u0103\u021bilor de c\u0103tre minori (nefiind reglementat\u0103 activitatea minorilor de la primirea lor la diverse activit\u0103\u021bi\/cercuri \u015fi p\u00e2n\u0103 la finalizarea raporturilor (prin \u00eencheierea unor documente care s\u0103 reglementeze drepturile \u015fi obliga\u0163iile p\u0103r\u0163ilor, procedurile de sesizare a neregulilor \u015fi incidentelor \u015fi modalit\u0103\u0163ile de solu\u0163ionare a acestora), \u00een conformitate cu prevederile Ordinului nr. 600\/2018 al Secretariatul General al Guvernului, prin care a fost aprobat Codul controlului managerial al entit\u0103\u021bilor publice; nu exista o procedur\u0103 care s\u0103 reglementeze accesul persoanelor \u00een incinta spa\u021biilor institu\u021biei; nu au fost aplicate m\u0103suri adecvate de supraveghere care s\u0103 asigure o monitorizare \u0219i o protec\u021bie adecvat\u0103, cu prec\u0103dere minorilor, \u00een spa\u021biile \u00een care ace\u0219tia desf\u0103\u0219oar\u0103 activit\u0103\u021bile, inclusiv cele care privesc \u00eenscrierea minorilor la cercurile acestei Case de Cultur\u0103, \u00een vederea cre\u0219terii siguran\u021bei acestora.<br \/>\nDrept urmare, Avocatul Poporului a emis Recomandarea nr. 107\/2022, c\u0103tre conducerea Prim\u0103riei ora\u0219ului G\u0103e\u0219ti, jude\u021bul D\u00e2mbovi\u021ba.<br \/>\n\u00cen vederea realiz\u0103rii m\u0103surilor din Recomandarea Avocatului Poporului, au fost elaborate proceduri opera\u021bionale specifice aplicabile la nivelul Casei de Cultur\u0103 \u201eDumitru Stanciu\u201d G\u0103e\u0219ti privind: accesul persoanelor \u00een spa\u021biile din incinta acestei Case de Cultur\u0103 \u2013activit\u0103\u021bi de rutin\u0103 \u0219i pe parcursul evenimentelor, \u00eenscrierea la cercurile unit\u0103\u021bii \u2013 minori, \u00eenscrierea la cercurile unit\u0103\u021bii \u2013 adul\u021bi, participarea la concursuri \u0219i festivaluri na\u021bionale a forma\u021biilor\/interpre\u021bilor \u00eenscri\u0219i la cercurile unit\u0103\u021bii, participarea la concursuri \u0219i festivaluri interna\u021bionale a forma\u021biilor\/interpre\u021bilor \u00eenscri\u0219i la cercurile unit\u0103\u021bii, desf\u0103\u0219urarea evenimentelor culturale, desf\u0103\u0219urarea repeti\u021biilor, semnalarea neregularit\u0103\u021bilor.<br \/>\nPrin procedurile opera\u021bionale elaborate a fost reglementat procesul de \u00eenscriere \u00een func\u021bie de fiecare categorie de beneficiari (minori, adul\u021bi), criteriile \u00een baza c\u0103rora se realizeaz\u0103 \u00eenscrierea la unul din cercurile organizate \u00een cadrul acestei case de cultur\u0103, au fost stabilite drepturile \u0219i obliga\u021biile unit\u0103\u021bii \u00een raport cu persoanele \u00eenscrise, precum \u0219i drepturile \u0219i obliga\u021biile persoanelor \u00eenscrise \u00een raport cu unitatea de cultur\u0103, a fost prev\u0103zut\u0103 obligativitatea \u00eencheierii (ulterior \u00eenscrierii) unui contract de colaborare \u00eentre persoanele \u00eenscrise la cercurile Casei de Cultur\u0103 \u201eDumitru Stanciu\u201d G\u0103e\u0219ti (adult, reprezentant legal minor\/p\u0103rinte) cu Prim\u0103ria Ora\u0219ului G\u0103e\u0219ti, desf\u0103\u0219urarea diverselor activit\u0103\u021bi la nivelul casei de cultur\u0103 (participarea la concursuri\/ festivaluri na\u021bionale\/interna\u021bionale a forma\u021biilor\/interpre\u021bilor \u00eenscri\u0219i la cercurile acestei case de cultur\u0103, desf\u0103\u0219urarea evenimentelor culturale, desf\u0103\u0219urarea repeti\u021biilor, av\u00e2ndu-se \u00een vedere condi\u021biile de realizare a repeti\u021biilor, \u00eentocmirea documentelor care atest\u0103 participarea la repeti\u021bii, responsabilit\u0103\u021bile \u0219i r\u0103spunderea \u00een desf\u0103\u0219urarea repeti\u021biilor, asigurarea supravegherii eficiente a spa\u021biilor \u00een care au loc repeti\u021biile).<br \/>\nTotodat\u0103, la nivelul Casei de Cultur\u0103 \u201eDumitru Stanciu\u201d G\u0103e\u0219ti s-a reglementat modalitatea prin care pot fi semnalate fapte de \u00eenc\u0103lcare a legii, a normelor interne, au fost descri\u0219i pa\u0219ii de urmat de c\u0103tre salaria\u021bi\/colaboratori atunci c\u00e2nd doresc s\u0103 raporteze nereguli privind activitatea unit\u0103\u021bii, de c\u0103tre membrii cercurilor \u2013 adul\u021bi, p\u0103rin\u021bi\/reprezentan\u021bi legali ai membrilor cercurilor minori sau de c\u0103tre alte persoane, obligativitatea inform\u0103rii \u0219i sesiz\u0103rii altor institu\u021bii\/autorit\u0103\u021bi privind fapte ce intr\u0103 \u00een competen\u021ba acestora. Pentru asigurarea dreptului la informa\u021bie, s-a procedat la actualizarea site-ului Prim\u0103riei ora\u0219ului G\u0103e\u0219ti, fiind postate procedurile opera\u021bionale aplicabile Casei de Cultur\u0103 \u201eDumitru Stanciu\u201d G\u0103e\u0219ti (sec\u021biunea Casa de Cultur\u0103 \u201eDumitru Stanciu\u201d G\u0103e\u0219ti \u2013 Informa\u021bii publice).<br \/>\nC\u00e2t prive\u0219te situa\u021bia minorei, aceasta s-a aflat \u00een aten\u021bia Direc\u021biei Generale de Asisten\u021b\u0103 Social\u0103 \u0219i Protec\u021bia Copilului D\u00e2mbovi\u021ba care a \u00eentreprins demersurile specifice, minora a fost asistat\u0103 la audieri de c\u0103tre un psiholog din cadrul Direc\u021biei, a fost evaluat\u0103 psihologic, consiliat\u0103, fiind realizat\u0103 \u0219i psihoeduca\u021bia p\u0103rin\u021bilor.<br \/>\nReferitor la instructorul de dans, conducerea Prim\u0103riei Ora\u0219ului G\u0103e\u0219ti a dispus fa\u021b\u0103 de acesta suspendarea contractului individual de munc\u0103 pe o perioad\u0103 de 3 luni. La momentul verific\u0103rilor institu\u021biei noastre, la Parchetul de pe l\u00e2ng\u0103 Judec\u0103toria G\u0103e\u0219ti se efectuau cercet\u0103ri fa\u021b\u0103 de instructorul de dans pentru s\u0103v\u00e2r\u0219irea infrac\u021biunii de agresiune sexual\u0103. Judec\u0103toria G\u0103e\u0219ti a dispus m\u0103sura arest\u0103rii preventive a acestuia. <\/p>\n<\/div>\n<\/div>\n<\/p>\n<p style=\"text-align: justify;\">\n<div class=\"sp-wrap sp-wrap-default\">\n<div class=\"sp-head\" title=\"Expand\">\nDosar nr. 339\/2022 (rezumat)-Urmare articolului \u201eSe caut\u0103 medic de familie pentru Aninoasa! Lovindu-se de un blocaj legislativ, primarul Vl\u0103du\u021b Niculae a cerut sprijin Colegiului Medicilor, Casei de Asigur\u0103ri de S\u0103n\u0103tate \u0219i este dispus s\u0103 ajung\u0103 p\u00e2n\u0103 la Ministerul S\u0103n\u0103t\u0103\u021bii pentru a descurca \u201ei\u021bele\u201d problemei\u201d, publicat pe site-ul https:\/\/dambovita24.ro, Avocatul Poporului s-a sesizat din oficiu cu privire la posibila \u00eenc\u0103lcare a art. 34 din Constitu\u021bie, referitor la dreptul la s\u0103n\u0103tate.\n<\/div>\n<div class=\"sp-body folded\">\n<p>\n\u00cen articol se preciza c\u0103 actualul cadru legislativ prevede posibilitatea ca un medic de familie s\u0103 \u00eenfiin\u021beze un punct secundar de lucru \u0219i s\u0103 lucreze cu program frac\u021bionat, \u00eentr-o alt\u0103 unitate administrativ teritorial\u0103. Legisla\u021bia nu permite \u00eens\u0103 ca medicii de familie care au cabinete medicale \u00een celelalte sate componente ale comunei Aninoasa (respectiv medicii de familie din satele S\u0103teni \u0219i Vifor\u00e2ta) s\u0103 deschid\u0103 un punct de lucru pentru asigurarea serviciilor de medicin\u0103 de familie pentru cet\u0103\u021benii din satul Aninoasa, p\u00e2n\u0103 la ocuparea postului r\u0103mas liber.<br \/>\nMen\u021bion\u0103m c\u0103 \u00een componen\u021ba comunei Aninoasa intr\u0103 trei sate, respectiv satele Aninoasa, S\u0103teni \u0219i Vifor\u00e2ta, iar num\u0103rul locuitorilor comunei Aninoasa este de 6340, fiind defalcat astfel: 2352 de locuitori \u00een satul Aninoasa, 1531 de locuitori \u00een satul S\u0103teni, 2457 de locuitori \u00een satul Vifor\u00e2ta. Pentru clarificarea situa\u021biei relatate \u00een pres\u0103, Avocatul Poporului a dispus efectuarea unor demersuri scrise c\u0103tre Prim\u0103ria comunei Aninoasa, jude\u021bul D\u00e2mbovi\u021ba, Casa Jude\u021bean\u0103 de Asigur\u0103ri de S\u0103n\u0103tate, Direc\u021bia de S\u0103n\u0103tate Public\u0103 D\u00e2mbovi\u021ba \u0219i Ministerul S\u0103n\u0103t\u0103\u021bii, \u00een urma c\u0103rora s-au concluzionat urm\u0103toarele:<br \/>\nPrim\u0103ria comunei Aninoasa a precizat c\u0103 pentru identificarea unei solu\u021bii care s\u0103 asigure serviciile medicale pentru cet\u0103\u021benii acestui sat, f\u0103r\u0103 ca cet\u0103\u021benii s\u0103 fie nevoi\u021bi s\u0103 mearg\u0103 \u00een alte localit\u0103\u021bi pentru a beneficia de asisten\u021ba medical\u0103 au fost transmise adrese c\u0103tre Casa Jude\u021bean\u0103 de Asigur\u0103ri de S\u0103n\u0103tate D\u00e2mbovi\u021ba, Direc\u021bia de S\u0103n\u0103tate Public\u0103 D\u00e2mbovi\u021ba \u0219i Colegiul Medicilor D\u00e2mbovi\u021ba, solicit\u00e2nd sprijin pentru ob\u021binerea unei derog\u0103ri de la legisla\u021bia actual\u0103 sau crearea unui cadru legislativ care s\u0103 contribuie la respectarea efectiv\u0103 a dreptului la ocrotirea s\u0103n\u0103t\u0103\u021bii, \u00eens\u0103 aceste demersuri nu au avut un rezultat pozitiv.<br \/>\nCu privire la demersurile \u00eentreprinse de autoritatea local\u0103 \u00een vederea atragerii medicilor de familie pentru preluarea celor dou\u0103 cabinete de familie r\u0103mase f\u0103r\u0103 medici \u00een satul Aninoasa, Prim\u0103ria comunei Aninoasa a precizat c\u0103 au avut loc discu\u021bii cu mai mul\u021bi medici, prezent\u00e2ndu-li-se situa\u021bia existent\u0103, dar de fiecare dat\u0103 au fost refuza\u021bi, medicii nemanifest\u00e2ndu-\u0219i dorin\u021ba de a deschide un punct de lucru secundar. Din discu\u021biile telefonice ce au avut loc cu Secretarul general al comunei Aninoasa a reie\u0219it c\u0103 p\u00e2n\u0103 \u00een prezent nu au fost stabilite de c\u0103tre Consiliul local facilit\u0103\u021bi \u0219i\/sau stimulente pentru medicii de familie care doresc s\u0103 desf\u0103\u0219oare activitate \u00een aceste cabinete.<br \/>\nCasa de Asigur\u0103ri de S\u0103n\u0103tate D\u00e2mbovi\u021ba \u0219i Direc\u021bia de S\u0103n\u0103tate Public\u0103 D\u00e2mbovi\u021ba au comunicat institu\u021biei noastre c\u0103 nu au competen\u021ba de a interveni \u00een rezolvarea acestei probleme, \u00eens\u0103 au men\u021bionat c\u0103 vor sprijini orice demers \u00een limita competen\u021belor conferite de legisla\u021bia specific\u0103.<br \/>\nMinisterul S\u0103n\u0103t\u0103\u021bii a comunicat c\u0103 din datele accesate, UAT Aninoasa, jude\u021bul D\u00e2mbovi\u021ba figureaz\u0103 cu dou\u0103 cabinete medicale individuale de medicin\u0103 de familie, drept pentru care, raportat la situa\u021bia na\u021bional\u0103 privind necesarul de medici de familie, nu poate aprecia un deficit major al acestei localit\u0103\u021bi privind asisten\u021ba medical\u0103 primar\u0103.<br \/>\nTotodat\u0103, comuna Aninoasa nu este o unitate administrativ teritorial\u0103 izolat\u0103, fiind la 6 km. de municipiul T\u00e2rgovi\u0219te, iar satul Aninoasa este pozi\u021bionat \u00eentre localit\u0103\u021bile S\u0103teni \u0219i Vifor\u00e2ta, persoanele asigurate av\u00e2nd posibilitatea de a se \u00eenscrie pe listele de capita\u021bie a celor doi medici cu cabinete organizate \u00een localit\u0103\u021bile S\u0103teni \u0219i Vifor\u00e2ta.<br \/>\nMinisterul S\u0103n\u0103t\u0103\u021bii a subliniat faptul c\u0103 la nivel na\u021bional, la data de 31.12.2021 exista un num\u0103r de 183 de localit\u0103\u021bi f\u0103r\u0103 medic de familie. Potrivit Programului de Guvernare al Coali\u021biei pentru rezilien\u021b\u0103, dezvoltare \u0219i prosperitate, sistemul de s\u0103n\u0103tate de Rom\u00e2nia reprezint\u0103 un punct esen\u021bial al programului de guvernare, iar printre obiectivele strategice din s\u0103n\u0103tate din cadrul acestuia sunt cuprinse:<br \/>\n\u2022 Asigurarea accesului la medicin\u0103 primar\u0103 \u0219i de urgen\u021b\u0103 \u00een zonele greu accesibile \u0219i izolate prin<br \/>\nrealizarea unui program de acoperire a unor servicii de s\u0103n\u0103tate pentru popula\u021bia defavorizat\u0103, indiferent de zon\u0103;<br \/>\n\u2022 Asigurarea personalului medical necesar \u00een mediul rural \u0219i \u00een zone defavorizate, ceea ce presupune:<br \/>\n&#8211; acordarea unei indemniza\u021bii de instalare, a unei locuin\u021be de serviciu \u0219i a unui buget de practic\u0103 medicilor de familie, \u00een colaborare cu autorit\u0103\u021bile locale;<br \/>\n&#8211; prelungirea, la cerere, a perioadei de activitate a medicilor de familie, pensionabili;<br \/>\n&#8211; cre\u0219terea num\u0103rului de locuri alocate specialit\u0103\u021bii de medicin\u0103 de familie;<br \/>\n&#8211; cre\u0219terea finan\u021b\u0103rii pentru angajarea de asisten\u021bi medicali comunitari \u00een func\u021bie de nevoile comunit\u0103\u021bii.<br \/>\n\u00cen leg\u0103tur\u0103 cu la cele men\u021bionate, Raportul special privind lipsa medicilor de familie din zona rural\u0103 \u0219i din zonele defavorizate sau greu accesibile realizat de Avocatul Poporului \u00een anul 2021 cuprinde o serie de propuneri ce vizeaz\u0103 legisla\u021bia \u00een materie.<br \/>\nPropunerile de modific\u0103ri eviden\u021biate \u00een Raportul special privind lipsa medicilor de familie din zona rural\u0103 \u0219i din zonele defavorizate sau greu accesibile, vizeaz\u0103 \u00een principal urm\u0103toarele aspecte:<br \/>\n-stabilirea obliga\u021biei pentru autorit\u0103\u021bile administra\u021biei locale de a acorda facilit\u0103\u021bi \u0219i stimulente aferente instal\u0103rii unui medic de familie, func\u021bion\u0103rii cabinetului acestuia;<br \/>\n-stabilirea obliga\u021biei ca prin bugetul Ministerului S\u0103n\u0103t\u0103\u021bii s\u0103 se finan\u021beze cheltuielile de investi\u021bii \u00een infrastructur\u0103 \u00een localit\u0103\u021bile rurale \u00een vederea construc\u021biei, reabilit\u0103rii, dot\u0103rii minime standard a spa\u021biilor medicale \u0219i nemedicale \u00een care se desf\u0103\u0219oar\u0103 activit\u0103\u021bi de \u00eengrijire medical\u0103 primar\u0103;<br \/>\n-introducerii obliga\u021biei \u00een sarcina consiliilor locale \u0219i a Ministerului S\u0103n\u0103t\u0103\u021bii de a acorda stimulente \u00een bani \u0219i natur\u0103, respectiv pentru asigurarea serviciilor medicale \u0219i farmaceutice;<br \/>\n-instituirea unei obliga\u021bii de dare \u00een folosin\u021b\u0103 gratuit\u0103, \u00eenchiriere, concesionare ori v\u00e2nzare f\u0103r\u0103 licita\u021bie cu prioritate c\u0103tre medicii de familie care doresc s\u0103-\u0219i deschid\u0103 un cabinet \u00een unitatea administrativ-teritorial\u0103.<br \/>\nMinisterul S\u0103n\u0103t\u0103\u021bii a subliniat faptul c\u0103 asisten\u021ba medical\u0103 primar\u0103 nu \u0219i-a atins scopul propus \u00een acoperirea cu servicii de s\u0103n\u0103tate de baz\u0103 \u00een mediul rural, \u00een parte din cauza reglement\u0103rilor insuficiente \u0219i \u00een permanent\u0103 schimbare, a infrastructurii deficitare \u0219i a finan\u021b\u0103rii limitate care au redus motiva\u021bia absolven\u021bilor universit\u0103\u021bilor de medicin\u0103 de a opta pentru specialitatea de medicin\u0103 de familie \u0219i de a o practica mai ales \u00een mediul rural, dar \u0219i din cauza lipsei unor politici publice care s\u0103 condi\u021bioneze sau s\u0103 stimuleze medicii de familie existen\u021bi s\u0103 desf\u0103\u0219oare o activitate pro-activ\u0103 \u00een familii \u0219i comunit\u0103\u021bi, focalizat\u0103 pe preven\u021bie primar\u0103, secundar\u0103 \u0219i ter\u021biar\u0103.<br \/>\nDup\u0103 finalizarea demersurilor \u00eentreprinse de institu\u021bia Avocatul Poporului, Prim\u0103ria comunei Aninoasa, jude\u021bul D\u00e2mbovi\u021ba a fost informat\u0103 cu privire la propunerile \u0219i recomand\u0103rile formulate de Avocatul Poporului prin Raportul special privind lipsa medicilor de familie din zona rural\u0103 \u0219i din zonele defavorizate sau greu accesibile, precum \u0219i cu privire la r\u0103spunsurile\/punctele de vedere primite din partea autorit\u0103\u021bilor.<br \/>\nTotodat\u0103 s-a men\u021bionat faptul c\u0103 la nivel teritorial Consiliul Local Aninoasa are competen\u021ba de a analiza posibilit\u0103\u021bile de acordare a unor facilit\u0103\u021bi pentru atragerea medicilor de familie (exemplu: acordarea unei indemniza\u021bii de instalare a medicului de familie, a func\u021bion\u0103rii cabinetului acestuia, acordarea unei locuin\u021be de serviciu, etc.) \u0219i de a adopta m\u0103suri \u00een acest sens, care s\u0103 conduc\u0103 la rezolvarea problemei medicilor din satul Aninoasa.<\/p>\n<\/div>\n<\/div>\n<\/p>\n<p style=\"text-align: justify;\">\n<div class=\"sp-wrap sp-wrap-default\">\n<div class=\"sp-head\" title=\"Expand\">\nDosar nr. 327\/2022 (rezumat)-Petentul, domiciliat \u00een municipiul T\u00e2rgovi\u0219te, jude\u021bul D\u00e2mbovi\u021ba ne-a reclamat faptul c\u0103, de\u0219i a sesizat Prim\u0103ria Municipiului T\u00e2rgovi\u0219te \u0219i Poli\u021bia Local\u0103 T\u00e2rgovi\u0219te cu privire la problemele pe care \u00eent\u00e2mpin\u0103 ca urmare a neimplic\u0103rii asocia\u021biei de proprietari \u00een rezolvarea problemelor din imobilul \u00een care locuie\u0219te, autorit\u0103\u021bile locale nu au dispus m\u0103suri concrete, \u00een conformitate cu prevederile Legii nr. 196\/2018 privind \u00eenfiin\u021barea, organizarea \u0219i func\u021bionarea asocia\u021biilor de proprietari \u0219i administrarea condominiilor\n<\/div>\n<div class=\"sp-body folded\">\n<p>Pentru clarificarea aspectelor prezentate de petent, ne-am adresat Poli\u021biei Locale T\u00e2rgovi\u0219te \u0219i Prim\u0103riei Municipiului T\u00e2rgovi\u0219te, care au procedat la verificarea \u0219i analizarea situa\u021biei reclamate.<\/p>\n<p style=\"text-align: justify;\">Potrivit informa\u021biilor \u0219i documentele primite, \u00een datele de 5 aprilie 2022, respectiv 12 aprilie 2022, reprezentan\u021bii Poli\u021biei Locale T\u00e2rgovi\u0219te s-au deplasat la blocul \u00een care locuie\u0219te petentul \u0219i au efectuat verific\u0103ri, \u00een urma c\u0103rora au dispus m\u0103suri \u00een sarcina pre\u0219edintelui Asocia\u021biei de proprietari (din care face parte blocul).<br \/>\nConform Notelor de constatare \u00eencheiate, m\u0103surile au vizat efectuarea unor verific\u0103ri a conductelor de ap\u0103 \u0219i a instala\u021biilor sanitare de la baie \u0219i buc\u0103t\u0103rie de pe \u00eentreg tronsonul de apartamente parter \u2013 etaj 4 din blocul \u00een care locuie\u0219te petentul. M\u0103sura dispus\u0103 de c\u0103tre reprezentan\u021bii Poli\u021biei Locale T\u00e2rgovi\u0219te a fost \u00eendeplinit\u0103 de pre\u0219edintele Asocia\u021biei de proprietari care a solicitat interven\u021bia unui instalator ce a remediat defec\u021biunea existent\u0103 la scurgerea sanitar\u0103 de la baia apartamentului de la etajul superior.<br \/>\nAspectele privind administrarea, \u00eentre\u021binerea \u0219i repararea instala\u021biilor individuale \u0219i a conductelor existente la subsolul blocului \u00een care locuie\u0219te petentul au fost verificate \u0219i de c\u0103tre Direc\u021bia de S\u0103n\u0103tate Public\u0103 D\u00e2mbovi\u021ba, care \u00een data de 13.04.2022 a stabilit \u00een sarcina Asocia\u021biei de proprietari o serie de m\u0103suri care vizeaz\u0103 \u00eentre\u021binerea \u0219i repararea instala\u021biilor individuale din apartamentele imobilului respectiv, repararea conductelor comune de evacuare a apelor uzate fecaloid &#8211; menajere, precum \u0219i salubrizarea spa\u021biului respectiv (vidanjare, cur\u0103\u021bare, dezinsec\u021bie).<\/p>\n<p style=\"text-align: justify;\">\u00cen data de 13 mai 2022, pre\u0219edintele Asocia\u021biei de proprietari a adus la cuno\u0219tin\u021ba Prim\u0103riei Municipiului T\u00e2rgovi\u0219te &#8211; Compartimentul \u00cendrumare \u0219i Coordonare Asocia\u021bii de Proprietari stadiul de \u00eendeplinire a m\u0103surilor stabilite de c\u0103tre Direc\u021bia de S\u0103n\u0103tate Public\u0103 D\u00e2mbovi\u021ba.<\/p>\n<\/div>\n<\/div>\n<\/p>\n<p style=\"text-align: justify;\">\n<div class=\"sp-wrap sp-wrap-default\">\n<div class=\"sp-head\" title=\"Expand\">\nDosar nr. 277\/2022 (rezumat)-Urmare articolului din pres\u0103 Cas\u0103 din chirpici, f\u0103cut\u0103 scrum. \u0218apte suflete, printre care \u0219i doi copii, au r\u0103mas pe drumuri, \u00een care se prezenta faptul c\u0103 \u0219apte suflete au r\u0103mas pe drumuri, dup\u0103 ce c\u0103su\u021ba de chirpici \u00een care \u00ee\u0219i duceau traiul de pe o zi pe alta a fost \u00eenghi\u021bit\u0103 de fl\u0103c\u0103ri, printre membrii familiei afl\u00e2ndu-se \u0219i un copil \u00eencadrat \u00een gradul de handicap grav, Biroului Teritorial Ploie\u0219ti, s-a sesizat din oficiu\n<\/div>\n<div class=\"sp-body folded\">\n<p>Au fost \u00eentreprinse demersuri scrise la Prim\u0103ria comunei Berceni, jude\u021bul Prahova, iar conform informa\u021biilor primite, familia a c\u0103rei locuin\u021b\u0103 a fost distrus\u0103 \u00een totalitate este compus\u0103 din 7 persoane, dintre care o persoan\u0103 adult\u0103 este \u00eencadrat\u0103 \u00een gradul de handicap accentuat \u0219i un copil este \u00eencadrat \u00een gradul de handicap grav, cu \u00eenso\u021bitor.<\/p>\n<p style=\"text-align: justify;\">Cei doi minori ai familiei sunt \u00eenscri\u0219i la \u0219coal\u0103, respectiv la gr\u0103dini\u021b\u0103, minora este elev\u0103 \u00een clasa a III-a unde a ob\u021binut rezultate bune \u00een ciuda faptului c\u0103 prezint\u0103 dificult\u0103\u021bi de mers \u0219i de vedere, dizabilit\u0103\u021bi pentru care este \u00eencadrat\u0103 \u00een grad de handicap grav, beneficiaz\u0103 de indemniza\u021bie de \u00eenso\u021bitor \u0219i presta\u021bie social\u0103 de handicap aferent\u0103 gradului grav, burs\u0103 socio-medical\u0103 de la \u0219coal\u0103, iar minorul este \u00eenscris \u00een grupa mare la Gr\u0103dini\u021ba cu program normal.<br \/>\n\u00cen urma producerii incendiului, \u00eentreaga familie a fost relocat\u0103 \u00eentr-o cl\u0103dire apar\u021bin\u00e2nd Prim\u0103riei comunei Berceni, destinat\u0103 situa\u021biilor de urgen\u021b\u0103 unde le-au fost asigurate hran\u0103, ap\u0103, haine, medicamente, c\u0103ldur\u0103, fiind demarate demersurile necesare eliber\u0103rii actelor de stare civil\u0103 care au ars \u00een incendiu.<br \/>\n\u00centreaga comunitate s-a mobilizat pentru a str\u00e2nge fonduri, haine, alimente pentru sprijinirea acestei familii. Prim\u0103ria comunei Berceni a acordat acestei familii un ajutor de urgen\u021b\u0103, \u00een cuantum de 5.000 lei, suportat din bugetul local, angaja\u021bii prim\u0103riei au donat sume de bani, juc\u0103rii, haine, alimente, rechizite, bunuri contribuind la igienizarea amplasamentului pe care se afla locuin\u021ba distrus\u0103.<br \/>\nFamilia respectiv\u0103 a primit materiale de construc\u021bii de la societ\u0103\u021bile comerciale de pe raza comunei Berceni, iar pentru tat\u0103l celor doi minori, Consiliul Local al comunei Berceni, la propunerea primarului localit\u0103\u021bii, a aprobat atribuirea unui teren de 500 m.p. pe raza comunei Berceni, \u00een vederea construirii unei locuin\u021be, potrivit prevederilor Legii nr. 15\/2003 privind sprijinul acordat tinerilor pentru construirea unei locuin\u021be proprietate personal\u0103, republicat\u0103, cu modific\u0103rile ulterioare. Drept urmare, Prim\u0103ria comunei Berceni s-a implicat prin m\u0103suri concrete dispuse \u00een vederea sprijinirii familiei afectate de distrugerea \u00een totalitate a locuin\u021bei, ca urmare a incendiului produs (locuin\u021b\u0103 pentru situa\u021bii de urgen\u021b\u0103, presta\u021bii sociale, ajutor de urgen\u021b\u0103, teren atribuit \u00een vederea construirii unei locuin\u021be).<\/p>\n<\/div>\n<\/div>\n<\/p>\n<p style=\"text-align: justify;\">\n<div class=\"sp-wrap sp-wrap-default\">\n<div class=\"sp-head\" title=\"Expand\">\nDosar nr. 235\/2019 (rezumat)- Urmare articolelor de pres\u0103 \u0219i a reportajelor difuzate \u00een presa local\u0103 \u0219i central\u0103 \u00een zilele de 9 \u0219i 10 mai 2019, privind incidentul care a avut loc la \u0218coala \u201eNicolae B\u0103lcescu\u201d din Ploie\u0219ti \u00eentre un elev \u0219i un t\u00e2n\u0103r din afara \u0219colii, imediat dup\u0103 terminarea orelor de curs, Avocatul Poporului s-a sesizat din oficiu \u0219i a dispus efectuarea unei anchete la \u0218coala \u201eNicolae B\u0103lcescu\u201d din Ploie\u0219ti, precum \u0219i efectuarea unor demersuri scrise la Prim\u0103ria Municipiului Ploie\u0219ti, Inspectoratul \u0218colar Jude\u021bean Prahova \u0219i Inspectoratul de Poli\u021bie Jude\u021bean Prahova. \n<\/div>\n<div class=\"sp-body folded\">\n<p>Unul dintre aspectele verificate a vizat accesul persoanelor str\u0103ine \u00een incinta \u0219colii, mai exact pe terenul de sport existent \u00een curtea acestei \u0219coli, iar \u00een urma verific\u0103rilor au rezultat urm\u0103toarele: \u0218coala Gimnazial\u0103 \u201eNicolae B\u0103lcescu\u201d Ploie\u0219ti are \u00een administrare o suprafa\u021b\u0103 total\u0103 de 9500 m.p., o cl\u0103dire ce are \u00een componen\u021b\u0103 3 corpuri (A, B \u0219i C), precum \u0219i o sal\u0103 de sport. \u00cen curtea \u0219colii se mai afl\u0103 un teren de sport \u00een aer liber, parc \u0219i un amfiteatru pentru festivit\u0103\u021bi cultural educative. \u00cen zilele de s\u00e2mb\u0103t\u0103, duminic\u0103, s\u0103rb\u0103tori legale, \u00een timpul vacan\u021belor \u0219colare sau dup\u0103 orele de program, angaja\u021bii institu\u021biei pot desf\u0103\u0219ura activit\u0103\u021bi specifice, pe baza unui tabel nominal \u00eentocmit \u0219i aprobat de conducerea \u0219colii, iar accesul persoanelor str\u0103ine pe terenul de sport este liber. La nivelul \u0219colii asigurarea serviciilor de paz\u0103 se realizeaz\u0103 potrivit Procedurii opera\u021bionale PO 31 \u2013 privind asigurarea serviciilor de paz\u0103, exist\u00e2nd un post mobil de paz\u0103, ne\u00eenarmat, de la ora 6,00 la ora 22,00 dispus \u00een cl\u0103direa A, la parter, pe holul de intrare \u00een sediul \u0219colii. Serviciul de paz\u0103 este asigurat de cei 2 paznici (\u00een ture de c\u00e2te 8 ore), care asigur\u0103 paza at\u00e2t pentru spa\u021biile interioare, c\u00e2t \u0219i pentru exterior (prin patrulare). \u00cen zilele libere, s\u00e2mb\u0103ta, duminica \u0219i s\u0103rb\u0103torile legale, exista un sistem de alarmare antiefrac\u021bie \u0219i monitorizare interven\u021bie, fiind \u00eencheiat un contract pentru interven\u021bie rapid\u0103 cu firma specializat\u0103 de paz\u0103. Conducerea \u0219colii a men\u021bionat c\u0103 dup\u0103 finalizarea orelor de curs este obligat\u0103 s\u0103 permit\u0103 accesul persoanelor str\u0103ine \u00een curtea \u0219colii, conform adresei nr. 6749\/14.08.2015 transmis\u0103 de Prim\u0103ria Municipiului Ploie\u0219ti, potrivit c\u0103reia \u00een conformitate cu H.C.L. nr. 175\/2006 (ulterior H.C.L. 389\/29.11.2016) \u0219coala are obliga\u021bia de a asigura accesul copiilor \u0219i tinerilor p\u00e2n\u0103 la 20 de ani pe terenul de sport din curtea \u0219colii, \u00een scopul petrecerii timpului liber prin activit\u0103\u021bi sportive. Din acest motiv, una dintre intr\u0103ri r\u0103m\u00e2ne deschis\u0103 permanent. Totodat\u0103, s-a precizat c\u0103 s-a \u00eencercat \u00eenchiderea acesteia dup\u0103 ora 21,00 (conform H.C.L. nr. 175\/2006), \u00eens\u0103 persoane necunoscute au produs distrugeri ale gardului pentru a p\u0103trunde pe terenul de sport, motiv pentru care s-a renun\u021bat la \u00eenchiderea por\u021bii. Urmare incidentului din data de 9 mai 2019, Consiliul de administra\u021bie al \u0219colii a decis ca \u00eencep\u00e2nd din data de 15 mai 2019 poarta de acces s\u0103 se \u00eenchid\u0103 la ora 22,00. Totodat\u0103, s-a decis \u0219i amplasarea unui punct de control la intrarea \u00een curtea \u0219colii, pentru asigurarea unui control corespunz\u0103tor pentru siguran\u021ba elevilor. \u00cen urma tuturor verific\u0103rilor efectuate s-a concluzionat c\u0103 serviciile de paz\u0103 \u0219i de control acces pentru spa\u021biile exterioare (teren de sport \u00een aer liber, parc \u0219i un amfiteatru pentru festivit\u0103\u021bi cultural educative) nu asigur\u0103 o protec\u021bie corespunz\u0103toare elevilor \u0219colii \u00een timpul programului \u0219colar \u0219i nici dup\u0103 terminarea orelor de curs, pentru copiii \u0219i tinerii p\u00e2n\u0103 la 20 de ani, care folosesc spa\u021biile \u00een scopul petrecerii timpului liber prin activit\u0103\u021bi sportive, conform H.C.L. Ploie\u0219ti nr. 389\/29.11.2016. Pentru remedierea deficien\u021belor constatate, Avocatul Poporului a emis Recomandarea nr. 42 din 15 iulie 2019 c\u0103tre Directorul \u0218colii Gimnaziale \u201cNicolae B\u0103lcescu\u201d din municipiul Ploie\u0219ti, care a fost \u00eensu\u0219it\u0103 \u00een totalitate. Astfel, \u00een privin\u021ba asigur\u0103rii unui acces controlat al persoanelor \u00een incinta \u0219colii \u0219i pentru asigurarea accesului persoanelor str\u0103ine pe terenul de sport din curtea \u0219colii, au fost luate urm\u0103toarele m\u0103suri: &#8211; au fost revizuite: Planul de paz\u0103, Procedura privind accesul \u00een cl\u0103direa \u0219i \u00een curtea \u0219colii, fi\u0219ele de post pentru personalul de paz\u0103, analiza de risc \u0219i securitate fizic\u0103, Regulamentul de organizare \u0219i func\u021bionare al \u0219colii, Regulamentul intern \u0219i Codul etic al cadrului didactic au fost revizuite, iar sistemul de supraveghere video din exteriorul cl\u0103dirii a fost remediat; &#8211; a fost achizi\u021bionat\u0103 o cabin\u0103 de paz\u0103 care a fost montat\u0103 la intrarea \u00een curtea \u0219colii; &#8211; \u00een privin\u021ba accesului \u00een curtea unit\u0103\u021bii de \u00eenv\u0103\u021b\u0103m\u00e2nt \u00een afara programului \u0219colar, pentru folosirea terenurilor de sport conform H.C.L. nr. 389\/29.11.2016 de c\u0103tre persoanele str\u0103ine, acesta se va realiza numai pe baza unui act de identitate sau legitima\u021bie emis\u0103 de Clubul Sportiv Municipal Ploie\u0219ti, iar instructorii care desf\u0103\u0219oar\u0103 activit\u0103\u021bi extra\u0219colare \u00een \u0219coal\u0103, au fost \u00een\u0219tiin\u021ba\u021bi s\u0103 distribuie elevilor\/p\u0103rin\u021bilor acestora legitima\u021bii care s\u0103 ateste activitatea la care particip\u0103 copiii.<\/p>\n<\/div>\n<\/div>\n<\/p>\n<p style=\"text-align: justify;\">\n<div class=\"sp-wrap sp-wrap-default\">\n<div class=\"sp-head\" title=\"Expand\">\nDosar nr. 204\/2022 (rezumat)-Urmare articolului de pres\u0103 \u201dFamilie cu mul\u021bi copii \u0219i o b\u0103tr\u00e2n\u0103 oarb\u0103, l\u0103sat\u0103 f\u0103r\u0103 curent pentru neplata unor facturi uria\u0219e\u201d, prin care se prezenta faptul c\u0103 \u00een comuna Balta Alb\u0103, o familie foarte s\u0103rman\u0103, cu cinci copii, a fost debran\u0219at\u0103 de la curent, dup\u0103 ce ultimele facturi au adunat o restan\u021b\u0103 de 4.000 de lei, Avocatul Poporului s-a sesizat din oficiu\n<\/div>\n<div class=\"sp-body folded\">\n<p>Au fost \u00eentreprinse demersuri scrise la Prim\u0103ria comunei Balta Alb\u0103, jude\u021bul Buz\u0103u, iar conform informa\u021biilor primite, familia respectiv\u0103 se \u00eencadreaz\u0103 \u00een categoria familiilor cu risc de excluziune social\u0103, situa\u021bia membrilor acestei familii afl\u00e2ndu-se \u00een aten\u021bia asistentului social al prim\u0103riei, fiind efectuate periodic anchete sociale, rapoarte de monitorizare, mamei celor cinci copii acord\u00e2ndu-i-se ajutor social, copiii beneficiind de stimulent educa\u021bional sub form\u0103 de tichete sociale, dar \u0219i de decontarea cheltuielilor de transport c\u0103tre liceul din municipiul R\u00e2mnicu S\u0103rat, iar copiii mai mici au beneficiat de masa de pr\u00e2nz, dar \u0219i de sprijin \u00een efectuarea temelor \u00een cadrul \u201dCentrul de zi pentru copii 7-14 ani\u201d Amara din comuna Balta Alb\u0103. Av\u00e2nd \u00een vedere situa\u021bia financiar\u0103 delicat\u0103 a acestei familii, Consiliul Local al comunei Balta Alb\u0103, jude\u021bul Buz\u0103u a aprobat acordarea unui ajutor de urgen\u021b\u0103 \u00een cuantum de 5.000 lei pentru plata facturilor \u0219i rebran\u0219area la re\u021beaua de distribu\u021bie a energiei electrice. \u00cen prezent, familia beneficiaz\u0103 de curent electric, primind \u0219i sprijinul financiar al unei funda\u021bii. Autoritatea local\u0103 s-a implicat activ \u00eendrum\u00e2nd \u0219i sprijinind aceast\u0103 familie de-a lungul timpului prin consiliere, sprijin \u00een sensul cur\u0103\u021beniei generale sau prin furnizarea unor produse\/bunuri (alimente, lemne de foc, \u00eembr\u0103c\u0103minte, produse de igien\u0103, lapte praf, frigider donat chiar de primarul localit\u0103\u021bii).<\/p>\n<\/div>\n<\/div>\n<\/p>\n<p style=\"text-align: justify;\">\n<div class=\"sp-wrap sp-wrap-default\">\n<div class=\"sp-head\" title=\"Expand\">\nDosar nr. 154\/2022 (rezumat) Avocatul Poporului s-a sesizat din oficiu ca urmare a apari\u021biei \u00een mass-media, \u00een zilele de 16 \u0219i 17 februarie 2022, a articolului intitulat Un val de dispari\u0163ii de la domiciliu ale unor adolescente nu mai mari de 14 ani a fost remarcat de c\u0103tre poli\u0163i\u015ftii prahoveni \u00een ultima perioad\u0103. Pare un fenomen aproape imposibil de st\u0103p\u00e2nit, referitor la cre\u0219terea num\u0103rului de dispari\u021bii \u00een r\u00e2ndul adolescentelor cu v\u00e2rsta sub 14 ani, \u00een jude\u021bul Prahova.\n<\/div>\n<div class=\"sp-body folded\">\n<p> Pentru clarificarea situa\u021biei relatate \u00een pres\u0103, Avocatul Poporului a dispus efectuarea unor demersuri scrise la Inspectoratul Jude\u021bean de Poli\u021bie Prahova, Direc\u021bia General\u0103 de Asisten\u021b\u0103 Social\u0103 \u0219i Protec\u021bia Copilului Prahova \u0219i c\u0103tre Inspectoratul \u0218colar Jude\u021bean Prahova.<br \/>\nDin informa\u021biile \u0219i documentele puse la dispozi\u021bia institu\u021biei Avocatul Poporului cu privire la aceste aspecte au reie\u0219it urm\u0103toarele:<br \/>\nDirec\u021bia General\u0103 de Asisten\u021b\u0103 Social\u0103 \u0219i Protec\u021bia Copilului Prahova a precizat c\u0103 \u00een anul 2021 la nivelul institu\u021biei au fot \u00eenregistrate 57 de cazuri (42 de cazuri sesizare de organele de poli\u021bie, 10 autosesiz\u0103ri, 5 cazuri din alte surse). Din totalul celor 57 de cazuri \u00eenregistrate \u00een cursul anului 2021 la nivelul D.G.A.S.P.C. Prahova, 51 de minori \u00eempreun\u0103 cu p\u0103rin\u021bii acestora au fost inclu\u0219i \u00een programele de consiliere psihologic\u0103 \u00een cadrul serviciilor de specialitate ale institu\u021biei. \u00cen situa\u021bia celor 6 minori care nu au participat la programele de consiliere, motivele au fost urm\u0103toarele: \u00een cazul unui copil familia a apelat la consiliere psihologic\u0103 \u00een cadrul unui cabinet specializat din mediul privat, iar \u00een 5 cazuri p\u0103rin\u021bii nu \u0219i-au dat acordul pentru includerea minorilor \u00eentr-un program de consiliere psihologic\u0103, social\u0103 \u0219i juridic\u0103 \u00een cadrul serviciilor din cadrul D.G.A.S.P.C. Prahova, consider\u00e2nd c\u0103 au fost incidente izolate.<br \/>\nInspectoratul de Poli\u021bie Jude\u021bean Prahova, a precizat c\u0103 \u00een cursul anului 2021 au fost desf\u0103\u0219urate activit\u0103\u021bi de c\u0103utare pentru 73 de minori (fa\u021b\u0103 de 58 \u00een anul 2020), \u00een baza a 81 de sesiz\u0103ri. \u00cen 42 de cazuri a fost informat\u0103 Direc\u021bia General\u0103 de Asisten\u021b\u0103 Social\u0103 Prahova (23 de cazuri a fost informat\u0103 \u00een scris, iar \u00een alte 19 cazuri informarea a fost f\u0103cut\u0103 telefonic); 11 sesiz\u0103ri au privit minori institu\u021bionaliza\u021bi \u00een centrele de plasament administrate de c\u0103tre D.G.A.S.P.C. Prahova, iar ale 2 sesiz\u0103ri au privit minori afla\u021bi \u00een grija unor asisten\u021bi maternali.<br \/>\nInspectoratul \u0218colar Jude\u021bean Prahova a men\u021bionat c\u0103 la nivelul unit\u0103\u021bilor de \u00eenv\u0103\u021b\u0103m\u00e2nt este obligatorie derularea activit\u0103\u021bilor de prevenire a situa\u021biilor de risc. \u00cen acest sens, periodic, structuri\/institu\u021bii reprezentative precum Inspectoratul Jude\u021bean de Poli\u021bia, Agen\u021bia Jude\u021bean\u0103 \u00cempotriva Traficului de Persoane, Corpul Na\u021bional al Poli\u021bi\u0219tilor, Gruparea de Jandarmi Mobil\u0103 \u201eMatei Basarab\u201d Ploie\u0219ti desf\u0103\u0219oar\u0103 \u00een unit\u0103\u021bile de \u00eenv\u0103\u021b\u0103m\u00e2nt activit\u0103\u021bi de informare a elevilor, \u00een scopul evit\u0103rii situa\u021biilor de risc.<br \/>\nDup\u0103 primirea acestor informa\u021bii, institu\u021bia Avocatul Poporului a extins demersurile \u0219i a transmis c\u0103tre Institu\u021bia Prefectului Jude\u021bul Prahova o adres\u0103 \u00een vederea verific\u0103rii modului de gestionare a problematicii dispari\u021biei minorilor la nivelul jude\u021bului Prahova.<br \/>\nSolicitarea formulat\u0103 de institu\u021bia Avocatul Poporului a fost \u00eenscris\u0103 pe ordinea de zi a \u0219edin\u021bei Comisiei Jude\u021bene de Incluziune Social\u0103 Prahova, care a avut loc \u00een data de 6 mai 2022, la care a participat \u0219i reprezentantul Biroului Teritorial Ploie\u0219ti. Participan\u021bii au manifestat deschidere \u0219i interes pentru identificarea unor modalit\u0103\u021bi de interven\u021bie pentru reducerea\/stoparea cre\u0219terii num\u0103rului de dispari\u021bii de minori de la domiciliu. Au fost prezentate at\u00e2t informa\u021biile puse la dispozi\u021bie de autorit\u0103\u021bile mai sus men\u021bionate, c\u00e2t \u0219i deficien\u021bele constatate de reprezentan\u021bii institu\u021biei cu ocazia verific\u0103rilor efectuate la unele prim\u0103rii din jude\u021bul Prahova, cu privire la aplicarea legisla\u021biei \u0219i respectarea procedurilor specifice \u00een cazurile copiilor afla\u021bi \u00een situa\u021bii de risc.<br \/>\nInstitu\u021bia Prefectului Jude\u021bul Prahova a precizat c\u0103 av\u00e2nd \u00een vedere prevederile art. 123, alin. (4) din Constitu\u021bie \u0219i ale art. 261 din Codul administrativ, institu\u021bia prefectului nu poate dispune autorit\u0103\u021bilor publice locale sau jude\u021bene m\u0103suri specifice diminu\u0103rii num\u0103rului de minori care dispar de la domiciliu. Urmare demersurilor efectuate de institu\u021bia Avocatul Poporului, la nivelul Institu\u021biei Prefectului Jude\u021bul Prahova a fost analizat, \u00een cadrul Comisiei jude\u021bene de incluziune social\u0103 Prahova, fenomenul de cre\u0219tere a num\u0103rului de dispari\u021bii \u00een r\u00e2ndul minorilor \u00een jude\u021bul Prahova, fiind identificate cauzele care stau la baza acestor dispari\u021bii. De asemenea, au fost aduse \u00een aten\u021bia autorit\u0103\u021bilor locale dispozi\u021biile legale aplicabile \u0219i responsabilit\u0103\u021bile ce revin acestora \u00een gestionarea situa\u021biilor de risc \u00een r\u00e2ndul minorilor din familiile vulnerabile, potrivit atribu\u021biilor prev\u0103zute \u00een legisla\u021bia specific\u0103, \u00een vederea acord\u0103rii unei aten\u021bii sporite acestor cazuri.<\/p>\n<\/div>\n<\/div>\n<\/p>\n<p style=\"text-align: justify;\">\n<div class=\"sp-wrap sp-wrap-default\">\n<div class=\"sp-head\" title=\"Expand\">\nDosar nr. 124\/2022 (rezumat)-Petenta a sesizat faptul c\u0103 este mama unui copil cu handicap, cu v\u00e2rsta de 15 ani, iar potrivit ultimului Certificat de \u00eencadrare a copilului cu dizabilit\u0103\u021bi, acesta a fost \u00eencadrat \u00een grad de handicap grav, cu asistent personal\n<\/div>\n<div class=\"sp-body folded\">\n<p>Petenta sus\u021bine c\u0103 s-a adresat Prim\u0103riei comunei Berceni, jude\u021bul Prahova, solicit\u00e2nd s\u0103 fie \u00eencadrat\u0103 asistent personal pentru fiul s\u0103u, \u0219i s\u0103 i se \u00eencheie un contract de munc\u0103, astfel cum prevede legisla\u021bia \u00een vigoare, \u00eens\u0103 cererile sale nu au fost solu\u021bionate favorabil. Astfel, nefiind angajat\u0103 ca asistent personal nu beneficiaz\u0103 de drepturile ce se acord\u0103 \u00eenso\u021bitorului, respectiv de c\u0103l\u0103torii gratuite atunci c\u00e2nd \u00eel \u00eenso\u021be\u0219te pe minor la \u0219coala special\u0103 la care acesta este \u00eenscris \u0219i nici nu poate beneficia de vechime \u00een munc\u0103 sau de drepturile pentru concediul de odihn\u0103. Urmarea demersurilor \u00eentreprinse, Prim\u0103ria comunei Berceni a analizat situa\u021bia prezentat\u0103, iar \u00eencep\u00e2nd cu data de 1.03.2022 petenta a fost anagajat\u0103 ca asistent personal al fiului s\u0103u (persoan\u0103 cu handicap grav), fiind \u00eencheiat \u00een acest contratul individual de munc\u0103 pentru aceasta.<\/p>\n<\/div>\n<\/div>\n<\/p>\n<p style=\"text-align: justify;\">\n<div class=\"sp-wrap sp-wrap-default\">\n<div class=\"sp-head\" title=\"Expand\">\nDosar nr. 118\/2022 (rezumat)-Biroul Teritorial Ploie\u0219ti s-a sesizat din oficiu cu privire la informa\u021biile ap\u0103rute \u00een mass-media referitoare la neasigurarea accesului la informa\u0163iile de interes public \u0219i nerespectarea prevederilor Legii nr. 544\/2001 privind liberul acces la informa\u021biile de interes public, de c\u0103tre conducerea Casei de Cultur\u0103 \u201eIon Luca Caragiale\u201d a Municipiului Ploie\u015fti\n<\/div>\n<div class=\"sp-body folded\">\n<p>Pentru clarificarea aspectelor prezentate \u00een pres\u0103, \u00eentruc\u00e2t acestea vizau o posibil\u0103 \u00eenc\u0103lcare a art. 31 alin. (1) din Constitu\u0163ie privind dreptul la informa\u021bie, Avocatul Poporului a dispus efectuarea unor demersuri scrise la Casa de Cultur\u0103 \u201eIon Luca Caragiale\u201d a Municipiului Ploie\u0219ti \u0219i la Prim\u0103ria Municipiului Ploie\u0219ti.<\/p>\n<p style=\"text-align: justify;\">\u00cen urma tuturor verific\u0103rilor, s-au constatat deficien\u021be la nivelul Casei de Cultur\u0103 \u201eIon Luca Caragiale\u201d a Municipiului Ploie\u0219ti care privesc nerespectarea obliga\u021biei legale de a comunica din oficiu anumite categorii de informa\u0163ii de interes public, acestea nefiind afi\u0219ate\/publicate pe site-ul oficial al Casei de Cultur\u0103 \u201eIon Luca Caragiale\u201d a Municipiului Ploie\u0219ti (spre exemplu, numele func\u0163ionarului responsabil cu difuzarea informa\u0163iilor publice, lista cuprinz\u00e2nd documentele de interes public; lista cuprinz\u00e2nd categoriile de documente produse \u015fi\/sau gestionate, potrivit legii, rapoartele de activitate ale institu\u021biei, rapoartele privind accesul la informa\u021biile publice etc.) \u0219i neaccesibilizarea paginii proprii de internet pentru asigurarea accesului la informa\u0163iile publice pentru persoanele cu handicap.<br \/>\nFa\u021b\u0103 de cele constatate, Avocatul Poporului a emis Recomandarea nr. 17\/2022, c\u0103tre conducerea Casei de Cultur\u0103 \u201eIon Luca Caragiale\u201d a Municipiului Ploie\u0219ti.<br \/>\nPentru \u00eensu\u0219irea Recomand\u0103rii Avocatului Poporului, la nivelul Casei de Cultur\u0103 \u201eIon Luca Caragiale\u201d a Municipiului Ploie\u0219ti au fost dispuse m\u0103suri care au vizat completarea \u0219i actualizarea site-ului institu\u021biei cu informa\u021biile prev\u0103zute de dispozi\u021biile art. 5 din Legea nr. 544\/2001.<br \/>\nAstfel, s-a procedat la actualizarea Sec\u021biunii Informa\u021bii de interes public (la Subsec\u021biunea Situa\u021bii financiare au fost actualizate Bugetul, Bilan\u021bul, Sursele de finan\u021bare, Lista func\u021biilor; la Subsec\u021biunea Achizi\u021bii a fost actualizat\u0103 Anexa la Planul Anual de Achizi\u021bii Publice; Subsec\u021biunea Strategia Na\u021bional\u0103 Anticorup\u021bie a fost actualizat\u0103). A fost ad\u0103ugat\u0103 Subsec\u021biunea Lege nr. 544\/2001 cu informa\u021bii privind numele \u0219i prenumele responsabilului cu difuzarea informa\u0163iilor publice, lista cuprinz\u00e2nd documentele care constituie informa\u021bii de interes public; lista cuprinz\u00e2nd categoriile de documente produse \u015fi\/sau gestionate, raportul anual de activitate ale institu\u021biei, incluz\u00e2nd \u0219i Formularul pentru solicitare \u00een baza Legii nr. 544\/2001. A fost ad\u0103ugat\u0103 Subsec\u021biunea Raport Anual de Activitate \u0219i s-a postat Raportul anual de activitate pentru anul 2021.<\/p>\n<p style=\"text-align: justify;\">De asemenea, s-a procedat la accesibilizarea paginii proprii de internet pentru asigurarea accesului la informa\u0163iile publice pentru persoanele cu handicap.<\/p>\n<\/div>\n<\/div>\n<\/p>\n<p style=\"text-align: justify;\">\n<div class=\"sp-wrap sp-wrap-default\">\n<div class=\"sp-head\" title=\"Expand\">\nDosar nr. 37\/2022 (rezumat)-Petenta a solicitat sprijinul Biroului Teritorial Ploie\u0219ti, ar\u0103t\u00e2nd faptul c\u0103 de\u0219i s-a adresat Casei Jude\u021bene de Pensii Prahova pentru a se l\u0103muri cu privire la cuantumul pensiei de doar 859 lei, primit \u00een luna ianuarie 2022, nu i s-au oferit explica\u021bii pentru a \u00een\u021belege motivul potrivit c\u0103ruia nu i s-a majorat cuantumul pensiei sale, fiind \u00eendrept\u0103\u021bit\u0103 s\u0103 beneficieze de pensia minim garantat\u0103 de 1.000 lei\n<\/div>\n<div class=\"sp-body folded\">\n<p>Totodat\u0103, petenta arata c\u0103 nu a primit nici ajutorul financiar pentru pensionarii cu pensii mai mici sau egale cu 1.600 lei, astfel \u00eenc\u00e2t \u00een luna ianuarie 2022 s\u0103 aib\u0103 un venit de 2.200 lei.<\/p>\n<p style=\"text-align: justify;\">Urmare demersurilor \u00eentreprinse, Casa Jude\u021bean\u0103 de Pensii Prahova a procedat la verificarea aspectelor sesizate de petent\u0103, comunic\u00e2ndu-ne faptul c\u0103 \u00eencep\u00e2nd cu 1.01.2022, nivelul indemniza\u021biei sociale (pensia minim garantat\u0103) pentru pensionari este de 1.000 lei.<br \/>\n\u00centruc\u00e2t \u00een luna ianuarie 2022, petenta a \u00eencasat suma de doar 859 lei (sub nivelul pensiei minim garantate de 1.000 lei), \u00een perioada 01.02-15.02.2022 va \u00eencasa pensia aferent\u0103 lunii februarie 2022 \u00een cuantum de 1.000 lei, dar \u0219i suma de 141 lei reprezent\u00e2nd diferen\u021ba de drepturi b\u0103ne\u0219ti aferent\u0103 lunii ianuarie 2022, fiindu-i astfel pl\u0103tite drepturile de pensie restante.<\/p>\n<p style=\"text-align: justify;\">\u00cen luna martie 2022, petenta va \u00eencasa pe l\u00e2ng\u0103 drepturile aferente lunii martie 2022 \u0219i suma de 1.200 lei reprezent\u00e2nd ajutorul financiar acordat de stat pentru pensionarii cu pensii mai mici sau egale cu 1.600 lei, ajutor calculat ca diferen\u021b\u0103 \u00eentre valoarea de 2.200 lei \u0219i venitul din pensie.<\/p>\n<\/div>\n<\/div>\n<\/p>\n<p style=\"text-align: justify;\"><em><strong><span style=\"color: #ff0000;\">2021<\/span><\/strong><\/em><\/p>\n<p style=\"text-align: justify;\">\n<div class=\"sp-wrap sp-wrap-default\">\n<div class=\"sp-head\" title=\"Expand\">\nDosar nr. 1236\/2021 (rezumat)-Petenta ne-a sesizat \u00een luna decembrie 2021 faptul c\u0103 este mama unui copil cu handicap grav, elev al \u0218colii Generale nr. 16 \u201eIon Creang\u0103\u201d din Buz\u0103u, acesta suferind de tulburare de spectru autist, afec\u021biune care se reg\u0103se\u0219te \u00een prevederile art. 13 litera a) din Ordinul nr. 5576\/2011 privind aprobarea Criteriilor generale de acordare a burselor elevilor din \u00eenv\u0103\u0163\u0103m\u00e2ntul preuniversitar de stat \u0219i, de\u0219i a solicitat \u00eenc\u0103 din luna septembrie 2021 acordarea bursei sociale pe motive medicale, conducerea acestei unit\u0103\u021bi de \u00eenv\u0103\u021b\u0103m\u00e2nt refuz\u0103 s\u0103 \u00eei acorde fiului s\u0103u drepturile legale care i se cuvin\n<\/div>\n<div class=\"sp-body folded\">\n<p>Mai mult, petenta era nemul\u021bumit\u0103 de con\u021binutul r\u0103spunsului primit din partea \u0218colii Gimnaziale \u201eIon Creang\u0103\u201d Buz\u0103u, \u00eentruc\u00e2t acordarea altor drepturi b\u0103ne\u0219ti aferente afec\u021biunii de care sufer\u0103 fiul ei, nu constituie un impediment \u00een acordarea bursei sociale pe motive medicale, o astfel de burs\u0103 nefiind condi\u021bionat\u0103 \u00een acordare nici de veniturile familiei respectivului copil, aspect subliniat expres de legiuitor \u0219i nici de alte drepturi b\u0103ne\u0219ti conexe \u00eencadr\u0103rii \u00een grad de handicap sau \u00een categoria copiilor cu cerin\u021be educa\u021bionale speciale a fiului s\u0103u.<\/p>\n<p style=\"text-align: justify;\">Urmare demersurilor \u00eentreprinse, conducerea \u0218colii Gimnaziale \u201eIon Creang\u0103\u201d Buz\u0103u a procedat la verificarea aspectelor sesizate de petent\u0103, \u0219i ne-a informat c\u0103 s-a reevaluat dosarul depus de aceasta, iar prin Hot\u0103r\u00e2rea Consiliului de Administra\u021bie din 7.01.2022 s-a aprobat fiului petentei, plata bursei sociale pe motive medicale, pentru semestrul I al anului \u0219colar 2021\/2022.<\/p>\n<\/div>\n<\/div>\n<\/p>\n<p style=\"text-align: justify;\">\n<div class=\"sp-wrap sp-wrap-default\">\n<div class=\"sp-head\" title=\"Expand\">\nDosar nr. 1141\/2021 (rezumat)-Petentul a solicitat sprijinul Biroului Teritorial Ploie\u0219ti, sesiz\u00e2nd dificult\u0103\u021bile \u00eent\u00e2mpinate la Prim\u0103ria comunei Lip\u0103ne\u0219ti, jude\u021bul Prahova care, de\u0219i a fost obligat\u0103 de c\u0103tre instan\u021ba de judecat\u0103 la plata c\u0103tre petent a sumei de 400 de lei, cu titlu de cheltuieli de judecat\u0103 (onorariu avocat), nu a achitat petentului suma \u00een cauz\u0103\n<\/div>\n<div class=\"sp-body folded\">\n<p>Fa\u0163\u0103 de aspectele semnalate de petent, ne-am adresat Prim\u0103riei comunei Lip\u0103ne\u0219ti, jude\u021bul Prahova, iar urmare a interven\u021biei institu\u021biei noastre, autoritatea a solu\u021bionat favorabil solicitarea petentului \u0219i a efectuat c\u0103tre petent plata sumei de 400 de lei, sum\u0103 pe care acesta a \u00eencasat-o prin Dispozi\u021bie de plat\u0103 \u00een data de 15 decembrie 2021.<\/p>\n<\/div>\n<\/div>\n<\/p>\n<p style=\"text-align: justify;\">\n<div class=\"sp-wrap sp-wrap-default\">\n<div class=\"sp-head\" title=\"Expand\">\nDosar nr. 1129\/2021 (rezumat)-Petenta s-a adresat Biroului Teritorial Ploie\u0219ti, sesiz\u00e2nd faptul c\u0103 la \u00eencetarea raporturilor de munc\u0103 pe care le-a avut cu Prim\u0103ria comunei Cioc\u0103ne\u0219ti, jude\u021bul D\u00e2mbovi\u021ba, nu i-au fost achitate drepturile ce i se cuveneau pentru concediul de odihn\u0103 neefectuat \u0219i pentru care a formulat cerere de compensare \u00een bani\n<\/div>\n<div class=\"sp-body folded\">\n<p>Petenta a subliniat faptul c\u0103 \u00eent\u00e2mpin\u0103 dificult\u0103\u021bi \u00een rezolvarea acestei probleme, de\u0219i a \u00eentreprins demersuri (at\u00e2t scris c\u00e2t \u0219i telefonic) \u0219i a solicitat sprijin pentru a primi drepturile ce i se cuveneau. Aspectele sesizate au fost analizate prin prisma unor posibile \u00eenc\u0103lc\u0103ri a dispozi\u021biilor\u00a0 art. 41, art. 51 \u0219i art. 52 din Constitu\u0163ie, privind munca \u0219i protec\u021bia social\u0103 a muncii, dreptul de peti\u021bionare, respectiv dreptul persoanei v\u0103t\u0103mate de o autoritate public\u0103, iar urmare demersurilor \u00eentreprinse de Biroul Teritorial Ploie\u0219ti, autoritatea \u00een cauz\u0103 a transmis dovada efectu\u0103rii pl\u0103\u021bii c\u0103tre petent\u0103 a drepturilor b\u0103ne\u0219ti ce i se cuveneau pentru zilele de concediu de odihn\u0103 neefectuate p\u00e2n\u0103 la \u00eencetarea raporturilor de munc\u0103.<\/p>\n<\/div>\n<\/div>\n<\/p>\n<p style=\"text-align: justify;\">\n<div class=\"sp-wrap sp-wrap-default\">\n<div class=\"sp-head\" title=\"Expand\">\nDosar nr. 915\/2021 (rezumat)-\u00cen presa local\u0103, a fost difuzat un reportaj referitor la situa\u021bia cu care se confrunt\u0103 elevii naveti\u0219ti din localit\u0103\u021bile limitrofe ora\u0219ului G\u0103e\u0219ti, D\u00e2mbovi\u021ba, nemaifiind efectuate curse \u00een aceste zone de c\u0103tre operatorii priva\u021bi de transport, iar elevii nemaiput\u00e2nd ajunge la \u0219colile din ora\u0219ul G\u0103e\u0219ti\n<\/div>\n<div class=\"sp-body folded\">\n<p>Drept urmare, Biroul Teritorial Ploie\u0219ti s-a sesizat din oficiu \u0219i au fost \u00eentreprinse demersuri scrise, \u00een vederea clarific\u0103rii situa\u021biei prezentate de pres\u0103.<\/p>\n<p style=\"text-align: justify;\">Consiliul Jude\u021bean D\u00e2mbovi\u021ba ne-a men\u021bionat c\u0103 \u00een vederea identific\u0103rii unor solu\u021bii pentru asigurarea transportului elevilor care frecventeaz\u0103 cursurile \u00een ora\u0219ul G\u0103e\u0219ti, a solicitat, prin adrese scrise, operatorilor de transport, de\u021bin\u0103tori ai traseelor din Programul de transport public jude\u021bean de persoane care tranziteaz\u0103 localit\u0103\u021bile nominalizate, comunicarea motivelor care au generat apari\u021bia disfunc\u021bionalit\u0103\u021bilor \u00een asigurarea transportului persoanelor din anumite localit\u0103\u021bi limitrofe ora\u0219ului G\u0103e\u0219ti, precum \u0219i identificarea m\u0103surilor ce se impun pentru remedierea acestora.<br \/>\nTotodat\u0103, reprezentan\u021bii acestor operatori de transport au fost convoca\u021bi la sediul Consiliului Jude\u021bean D\u00e2mbovi\u021ba, \u00een vederea identific\u0103rii m\u0103surilor ce se impun pentru eliminarea disfunc\u021bionalit\u0103\u021bilor \u00eenregistrate, ocazie cu care ace\u0219tia \u0219i-au asumat angajamentul relu\u0103rii curselor de transport public de persoane.<\/p>\n<p style=\"text-align: justify;\">\u00cen urma acestei \u00eent\u00e2lniri, din verific\u0103rile reprezentan\u021bilor Consiliului Jude\u021bean D\u00e2mbovi\u021ba, a reie\u0219it c\u0103 operatorii de transport au reluat cursele pentru asigurarea transportului elevilor care frecventau cursurile \u0219colare \u00een ora\u0219ul G\u0103e\u0219ti.<\/p>\n<\/div>\n<\/div>\n<\/p>\n<p style=\"text-align: justify;\">\n<div class=\"sp-wrap sp-wrap-default\">\n<div class=\"sp-head\" title=\"Expand\">\nDosar nr. 815\/2021 (rezumat)-Incidente \u00een care minorii au calitate de agresori este \u00een cre\u0219tere\n<\/div>\n<div class=\"sp-body folded\">\n<\/p>\n<p style=\"text-align: justify;\">Analiz\u00e2nd prezent\u0103rile din mass-media, precum \u0219i cazuistica \u00eenregistrat\u0103 la nivelul institu\u021biei\u00a0 Avocatul Poporului \u00een domeniul protec\u021biei drepturilor copilului, s-a concluzionat c\u0103 num\u0103rul incidentelor \u00een care minorii au calitate de agresori este \u00een cre\u0219tere, iar \u00een anumite situa\u021bii, interven\u021bia autorit\u0103\u021bilor cu atribu\u021bii \u00een domeniul protec\u021biei drepturilor copilului nu poate fi realizat\u0103 corespunz\u0103tor nevoilor minorului.<\/p>\n<p style=\"text-align: justify;\">Astfel, \u00een urma verific\u0103rilor efectuate \u00een astfel de cazuri, au rezultat situa\u021bii \u00een care pentru unii minori agresori, autorit\u0103\u021bile cu atribu\u021bii \u00een domeniu nu au putut \u00eentocmi planurile de servicii, \u00eentruc\u00e2t familiile acestora au refuzat consilierea psihologic\u0103 pus\u0103 la dispozi\u021bie prin structurile de specialitate al autorit\u0103\u021bilor.<\/p>\n<p style=\"text-align: justify;\">Fa\u021b\u0103 de aceast\u0103 situa\u021bie, <strong>Avocatul Poporului s-a sesizat din oficiu \u0219i a dispus efectuarea unor demersuri \u00een vederea complet\u0103rii cadrului legislativ<\/strong>, \u00een sensul reglement\u0103rii obligativit\u0103\u021bii minorului agresor \u0219i a familiei sale, de a participa la programele speciale de consiliere psihologic\u0103, organizate de serviciile publice sau private, iar \u00een lipsa acordului p\u0103rin\u021bilor, m\u0103sura s\u0103 poat\u0103 fi dispus\u0103 de instan\u021bele judec\u0103tore\u0219ti competente \u00een sarcina agresorului<strong>.<\/strong><\/p>\n<p style=\"text-align: justify;\">Ca urmare a demersurilor \u00eentreprinse de institu\u021bia Avocatul Poporului,<strong> Comisia pentru drepturile omului, culte \u0219i problemele minorit\u0103\u021bilor na\u021bionale din Camera Deputa\u021bilor a formulat o propunere legislativ\u0103 ce a fost \u00eenaintat\u0103 spre dezbatere \u0219i adoptare Senatului Rom\u00e2niei <\/strong>(\u00eenregistrat\u0103 la Biroul permanent al Senatului cu nr. 54 din 14 februarie 2022).<\/p>\n<p style=\"text-align: justify;\"><strong>Propunerea a fost adoptat\u0103 de Senat <\/strong>\u00een \u0219edin\u021ba din 2 mai 2022 (nr. L164\/2022) \u0219i a fost depus\u0103 la Camera Deputa\u021bilor PL-x nr. 240\/2022 \u00een data de 4 mai 2022, pentru dezbatere.<\/p>\n<p style=\"text-align: justify;\">\u00cen data de 25 septembrie 2023, proiectul de lege a fost \u00eenscris pe ordine de zi a Camerei Deputa\u021bilor din 25-26 septembrie 2023, iar <strong><u>\u00een data de 26.09.2023 acest proiect a fost adoptat de Camera Deputa\u021bilor <\/u><\/strong>(rezultat vot: pentru = 228, contra=0, ab\u021bineri=36, nu au votat=1).<\/p>\n<p style=\"text-align: justify;\">Proiectul modific\u0103 \u015fi completeaz\u0103 art. 84 din Legea nr. 272\/2004 privind protec\u0163ia \u015fi promovarea drepturilor copilului \u015fi art. 121 din Legea nr. 286\/2009 privind Codul penal \u0219i vizeaz\u0103 instituirea obliga\u0163iei minorului agresor \u015fi a familiei sale de a participa la programele speciale de consiliere psihologic\u0103, organizate de serviciile de specialitate publice sau private, iar \u00een lipsa acordului p\u0103rin\u0163ilor, m\u0103sura s\u0103 poat\u0103 fi dispus\u0103 de instan\u0163ele judec\u0103tore\u015fti competente, \u00een sarcina minorului agresor.<\/p>\n<p style=\"text-align: justify;\">Potrivit proiectului, <em>\u201ep\u0103rin\u0163ii copilului care s\u0103v\u00e2r\u015fe\u015fte fapte penale \u015fi nu r\u0103spunde penal au obliga\u0163ia de a participa la programele speciale de consiliere psihologic\u0103 organizate de Direc\u0163ia General\u0103 de Asisten\u0163\u0103 Social\u0103 \u015fi Protec\u0163ia Copilului sau de alte institu\u0163ii de specialitate publice sau private\u201d.<\/em><\/p>\n<p style=\"text-align: justify;\">Totodat\u0103, copilul va participa la programele speciale de consiliere psihologic\u0103, cu acordul p\u0103rin\u0163ilor sau al altui reprezentant legal, dac\u0103 instan\u0163a judec\u0103toreasc\u0103 nu dispune altfel.<\/p>\n<p style=\"text-align: justify;\">\u00cen lipsa acordului p\u0103rin\u0163ilor, m\u0103sura poate fi dispus\u0103 de c\u0103tre instan\u0163a judec\u0103toreasc\u0103.<\/p>\n<p style=\"text-align: justify;\">Proiectul prevede \u015fi completarea art. 121 alin. (1) din Codul penal, respectiv dup\u0103 litera f) se introduce o nou\u0103 liter\u0103 g), potrivit c\u0103reia pe durata execut\u0103rii m\u0103surilor educative neprivative de libertate, instan\u0163a poate impune minorului <em>\u201e s\u0103 participe, singur sau, dup\u0103 caz, \u00eempreun\u0103 cu p\u0103rin\u0163ii sau cu un alt reprezentant legal, la programele speciale de consiliere psihologic\u0103, organizate de direc\u0163ia general\u0103 de asisten\u0163\u0103 social\u0103 \u015fi protec\u0163ia copilului sau de alte institu\u0163ii de specialitate publice sau private\u201d.\u00a0<\/em><\/p>\n<\/div>\n<\/div>\n<\/p>\n<p style=\"text-align: justify;\">\n<div class=\"sp-wrap sp-wrap-default\">\n<div class=\"sp-head\" title=\"Expand\">\nDosar nr. 767\/2021 (rezumat)-Cazul a doi minori (fra\u021bi gemeni) care au c\u0103zut de la etajul 10 al unui bloc din Ploie\u0219ti\n<\/div>\n<div class=\"sp-body folded\">\n<p>Urmare a apari\u021biei, \u00een mass-media a informa\u021biilor referitoare la cazul a doi minori (fra\u021bi gemeni) care au c\u0103zut de la etajul 10 al unui bloc din Ploie\u0219ti, \u00een data de 13 august 2021, Avocatul Poporului s-a sesizat din oficiu cu privire la posibila \u00eenc\u0103lcare a prevederilor art. 22 \u0219i art. 49 din Constitu\u021bia Rom\u00e2niei, referitoare la dreptul la via\u021b\u0103 \u0219i la integritate fizic\u0103 \u0219i psihic\u0103, respectiv protec\u021bia copiilor \u0219i a tinerilor \u0219i a dispus efectuarea unor demersuri la Inspectoratul Jude\u021bean de Poli\u021bie Prahova, Direc\u021bia General\u0103 de Asisten\u021b\u0103 Social\u0103 \u0219i Protec\u021bia Copilului Prahova, Administra\u021bia Serviciilor Sociale Comunitare Ploie\u0219ti, precum \u0219i efectuarea unei anchete la Prim\u0103ria comunei Dr\u0103g\u0103ne\u0219ti, jude\u021bul Prahova.<\/p>\n<p style=\"text-align: justify;\">Din verific\u0103rile preliminare a reie\u0219it faptul c\u0103 familia \u00een cauz\u0103 era format\u0103 din trei copii (doi gemeni \u00een v\u00e2rst\u0103 de 2 ani \u0219i o lun\u0103, care au c\u0103zut \u00een gol de la etajul 10 al unui bloc din Ploie\u0219ti, \u0219i un alt minor \u00een v\u00e2rst\u0103 de 5 ani). Cei doi p\u0103rin\u021bi se aflau \u00eentr-o rela\u021bie de concubinaj \u0219i se mutaser\u0103 recent \u00een apartamentul de la etajul 10, iar anterior au locuit \u00een comuna Dr\u0103g\u0103ne\u0219ti, jude\u0163ul Prahova.<br \/>\nAncheta realizat\u0103 \u00een data de 6 septembrie 2021 la Prim\u0103ria comunei Dr\u0103g\u0103ne\u0219ti, jude\u021bul Prahova, a avut ca obiectiv verificarea \u0219i analizarea modului \u00een care s-a realizat monitorizarea cazului social al acestei familii \u0219i m\u0103surile dispuse de-a lungul timpului pentru prevenirea apari\u021biei unor situa\u021bii de risc. Totodat\u0103, ancheta a vizat \u0219i modul de organizare \u0219i func\u021bionare a Compartimentului de asisten\u021b\u0103 social\u0103 din cadrul Prim\u0103riei comunei Dr\u0103g\u0103ne\u0219ti.<br \/>\nDin verific\u0103rile efectuate au reie\u0219it mai multe deficien\u021be, pentru remedierea c\u0103rora Avocatul Poporului a emis Recomandarea nr. 128\/2021, c\u0103tre Primarul comunei Dr\u0103g\u0103ne\u0219ti, jude\u021bul Prahova, care a fost \u00eensu\u0219it\u0103 \u00een totalitate, respectiv:<br \/>\n&#8211; a fost demarat procesul de identificare a copiilor afla\u021bi \u00een situa\u021bii de risc; a fost \u00eenfiin\u021bat registrul de eviden\u021b\u0103 copii afla\u021bi \u00een situa\u021bii de risc \u0219i au fost identificate c\u00e2teva cazuri de copii afla\u021bi \u00een situa\u021bii de risc, pentru care s-au f\u0103cut vizite la domiciliul familiilor, s-au \u00eentocmit fi\u0219e de observa\u021bie, fi\u0219e de identificare a riscurilor, planuri de servicii, rapoarte de monitorizare a familiilor;<br \/>\n&#8211; referitor la preg\u0103tirea profesional\u0103 a personalului cu atribu\u021bii \u00een domeniul drepturilor copilului, la nivelul U.A.T. Dr\u0103g\u0103ne\u0219ti s-a stabilit ca \u00een proiectul de buget pentru anul 2022 s\u0103 fie alocate fonduri pentru realizarea acestui obiectiv, precum \u0219i pentru suplimentarea organigramei cu \u00eenc\u0103 un post pentru asisten\u021b\u0103 social\u0103 \u0219i organizarea concursului pentru ocuparea acestuia.<br \/>\nDemersurile scrise \u00eentreprinse la Administra\u021bia Serviciilor Sociale Comunitare din cadrul Prim\u0103riei municipiului Ploie\u0219ti au vizat solicitarea de informa\u021bii referitoare la acest caz \u0219i m\u0103surile dispuse pentru asigurarea unei protec\u021bii adecvate pentru minorul \u00een v\u00e2rst\u0103 de 5 ani. \u00cen urma verific\u0103rilor au fost constatate deficien\u021be, pentru remedierea c\u0103rora Avocatul Poporului a emis Recomandarea nr. 138\/2021, c\u0103tre Directorul General al Administra\u021biei Serviciilor Sociale Comunitare Ploie\u0219ti, care a fost \u00eensu\u0219it\u0103 \u00een totalitate, respectiv:<br \/>\n&#8211; a fost clarificat\u0103 situa\u021bia domiciliului legal al tat\u0103lui minorului, acesta fiind stabilit pe raza municipiului Ploie\u0219ti, document \u00een baza c\u0103ruia poate fi depus dosarul pentru locuin\u021b\u0103 social\u0103;<br \/>\n&#8211; a fost \u00eentocmit Planul de servicii pentru minorul \u00een v\u00e2rst\u0103 de 5 ani, corespunz\u0103tor nevoilor acestuia \u0219i conform recomand\u0103rilor medicale; minorul a fost \u00eenscris la o gr\u0103dini\u021b\u0103 din municipiul Ploie\u0219ti. La nivelul Direc\u021biei Generale de Asisten\u021b\u0103 Social\u0103 \u0219i Protec\u021bie Social\u0103 Prahova, \u00een urma verific\u0103rilor efectuate cu privire la acest caz, au fost identificate deficien\u021be \u00een privin\u021ba gestion\u0103rii cazurilor de copiii folosi\u021bi pentru cer\u0219etorie.<\/p>\n<p style=\"text-align: justify;\">Pentru remedierea deficien\u021belor constatate, Avocatul Poporului a emis Recomandarea nr. 148\/2021, c\u0103tre directorul executiv al Direc\u021biei Generale de Asisten\u021b\u0103 Social\u0103 \u0219i Protec\u021bia Copilului Prahova, care a fost \u00eensu\u0219it\u0103 \u00een totalitate, respectiv a fost revizuit\u0103 Procedura Opera\u021bional\u0103 privind copiii str\u0103zii implica\u021bi\/folosi\u021bi \u00een activit\u0103\u021bi de cer\u0219etorie \u0219i a fost diseminat\u0103 personalului implicat \u00een aplicarea acestei proceduri; procedura detaliaz\u0103 colaborarea cu organele de poli\u021bie \u00een solu\u021bionarea acestor cazuri, astfel \u00eenc\u00e2t copilul s\u0103 nu fie l\u0103sat f\u0103r\u0103 a i se stabili identitatea, f\u0103r\u0103 a se evalua situa\u021bia \u0219i f\u0103r\u0103 a se stabili m\u0103surile de protec\u021bie necesare;<\/p>\n<p style=\"text-align: justify;\">\u00cen data de 24.08.2021, DGASPC Prahova a depus la Tribunalul Prahova cererea de dec\u0103dere total\u0103 din drepturile p\u0103rinte\u0219ti a mamei minorului \u00een v\u00e2rst\u0103 de 5 ani.<br \/>\nPotrivit informa\u021biilor puse la dispozi\u021bie de Inspectoratul Jude\u021bean de Poli\u021bie Prahova, cu privire la decesul celor doi minori a fost \u00eentocmit dosar penal, fiind efectuate cercet\u0103ri sub aspectul s\u0103v\u00e2r\u0219irii infrac\u021biunii de ucidere din culp\u0103, fapt\u0103 prev\u0103zut\u0103 \u0219i pedepsit\u0103 de articolul 192 Cod penal, sub supravegherea Parchetului de pe l\u00e2ng\u0103 Judec\u0103toria Ploie\u0219ti.<br \/>\nReferitor la situa\u021bia minorului \u00een v\u00e2rst\u0103 de 5 ani:<br \/>\n&#8211; minorul a fost evaluat de c\u0103tre speciali\u0219tii DGASPC Prahova \u0219i a fost inclus \u00een programe de recuperare (psihoterapie, logopedie, terapie ocupa\u021bional\u0103, cu o frecven\u021b\u0103 de 2 \u0219edin\u021be\/s\u0103pt\u0103m\u00e2n\u0103); &#8211; cu sprijinul reprezentan\u021bilor Administra\u021biei Serviciilor Sociale Comunitare Ploie\u0219ti minorul a fost \u00eenscris la o gr\u0103dini\u021b\u0103 din municipiul Ploie\u0219ti;<br \/>\n-pentru minor a fost \u00eentocmit Planul de servicii de c\u0103tre Administra\u021bia Serviciilor Sociale Comunitare Ploie\u0219ti;<br \/>\n&#8211; situa\u021bia minorului este monitorizat\u0103 de c\u0103tre Serviciul Consiliere Psihosocial\u0103 din cadrul Direc\u021biei Generale de Asisten\u021b\u0103 Social\u0103 \u0219i Protec\u021bia Copilului Prahova prin vizite la domiciliu, prin men\u021binerea permanent\u0103 a leg\u0103turilor cu reprezentan\u021bii Prim\u0103riei Ploie\u0219ti, ai Prim\u0103riei Dr\u0103g\u0103ne\u0219ti, cu medicul de familie, cu medicii speciali\u0219ti, cu reprezentan\u021bii unit\u0103\u021bii de \u00eenv\u0103\u021b\u0103m\u00e2nt; tat\u0103l \u0219i-a stabilit domiciliul legal pe raza municipiului Ploie\u0219ti \u0219i urmeaz\u0103 s\u0103 depun\u0103 documentele necesare pentru acordarea unei locuin\u021be sociale; &#8211; prin sentin\u021ba civil\u0103 nr. xxx\/9xxxx, instan\u021ba a admis ac\u021biunea formulat\u0103 de DGASPC Prahova \u0219i a dispus dec\u0103derea \u00een totalitate din exerci\u021biul drepturilor p\u0103rinte\u0219ti a mamei, fa\u021b\u0103 de minorul \u00een v\u00e2rst\u0103 de 5 ani. Drepturile \u0219i obliga\u021biile p\u0103rinte\u0219ti fa\u021b\u0103 de minor \u0219i fa\u021b\u0103 de bunurile acestuia se vor exercita de tat\u0103l minorului.<\/p>\n<\/div>\n<\/div>\n<\/p>\n<p style=\"text-align: justify;\">\n<div class=\"sp-wrap sp-wrap-default\">\n<div class=\"sp-head\" title=\"Expand\">\nDosar nr. 739\/2021 (rezumat)-Biroul Teritorial Ploie\u0219ti, s-a sesizat din oficiu cu privire la informa\u021biile ap\u0103rute \u00een mass- media referitoare la actele de agresiune fizic\u0103 la care a fost supus un beneficiar al Centrului de Recuperare \u0219i Reabilitare Neuropsihiatric\u0103 pentru Persoane Adulte cu Handicap din C\u0103line\u0219ti, jude\u021bul Prahova, care a decedat dup\u0103 acest eveniment\n<\/div>\n<div class=\"sp-body folded\">\n<p>Pentru verificarea situa\u021biei semnalate, a fost efectuat\u0103 o anchet\u0103 la acest centru \u0219i realizate demersuri la Spitalul Jude\u021bean de Urgen\u021b\u0103 Ploie\u0219ti, Direc\u021bia General\u0103 de Asisten\u021b\u0103 Social\u0103 \u0219i Protec\u021bia Copilului Prahova \u0219i la Inspectoratul Jude\u021bean de Poli\u021bie Prahova.<\/p>\n<p style=\"text-align: justify;\">\u00cen urma tuturor verific\u0103rilor, s-au constatat urm\u0103toarele:<br \/>\nCauzele \u015fi \u00eemprejur\u0103rile decesului beneficiarului centrului fac obiectul cercet\u0103rilor penale (un salariat al centrului este cercetat pentru s\u0103v\u00e2r\u0219irea infrac\u021biunilor de loviri sau v\u0103t\u0103m\u0103ri cauzatoare de moarte \u0219i purtare abuziv\u0103, prev\u0103zute de Codul penal).<br \/>\nAu fost constatate deficien\u021be care privesc: nerespectarea \u0219i neaplicarea prevederilor Ordinului nr. 82\/2019 privind aprobarea standardelor specifice minime de calitate obligatorii pentru serviciile sociale destinate persoanelor adulte cu dizabilit\u0103\u021bi (la C.R.R.N.P.A.H. C\u0103line\u0219ti); neanun\u021barea telefonic\u0103 a tuturor cazurilor de agresiuni constatate\/afirmate la pacien\u021bii care beneficiaz\u0103 de m\u0103sur\u0103 de protec\u021bie \u00een centre reziden\u021biale pentru persoane adulte cu handicap neuropsihic (la Spitalul Jude\u021bean de Urgen\u021b\u0103 Ploie\u0219ti).<br \/>\nAvocatul Poporului a emis Recomandarea nr. 146\/2021 c\u0103tre conducerea C.R.R.N.P.A.H. C\u0103line\u0219ti \u0219i cea a Spitalului Jude\u021bean de Urgen\u021b\u0103 Ploie\u0219ti, ce a fost \u00eensu\u0219it\u0103 \u00een totalitate, cu men\u021biunea c\u0103 la C.R.R.N.P.A.H. C\u0103line\u0219ti recomandarea a fost \u00eensu\u0219it\u0103 \u00een urma sesiz\u0103rii Direc\u021biei Generale de Asisten\u021b\u0103 Social\u0103 \u0219i Protec\u0163ia Copilului Prahova \u0219i a interven\u021biei acesteia pentru \u00eensu\u0219irea recomand\u0103rii.<br \/>\nPentru \u00eensu\u0219irea Recomand\u0103rii au fost dispuse m\u0103suri care au vizat:<br \/>\n&#8211; instruirea personalului medical referitor la prevederile Regulamentului intern de organizare \u0219i func\u021bionare al spitalului privind anun\u021barea telefonic\u0103 la poli\u021bie a tuturor cazurilor de agresiuni constatate\/afirmate la pacien\u021bii care beneficiaz\u0103 de m\u0103sur\u0103 de protec\u021bie \u00een centre reziden\u021biale pentru persoane adulte cu handicap neuropsihic (Spitalul Jude\u021bean de Urgen\u021b\u0103 Ploie\u0219ti);<br \/>\n&#8211; prelucrarea cu salaria\u021bii C.R.R.N.P.A.H. C\u0103line\u0219ti a procedurilor de lucru elaborate la nivelul Centrului, a normelor de conduit\u0103 prev\u0103zute de Codul de Etic\u0103, R.O.F. \u0219i fi\u0219a postului;<br \/>\n&#8211; demararea \u0219i \u00eendeplinirea formalit\u0103\u021bilor pentru raportarea tuturor incidentelor \u0219i a situa\u021biilor de risc \u00een care sunt implica\u021bi beneficiarii Centrului \u0219i\/sau salaria\u021bii Centrului \u0219i a oric\u0103ror forme de abuz; alocarea unor sume destinate perfec\u021bion\u0103rii personalului Centrului;<br \/>\n&#8211; organizarea de sesiuni de informare a beneficiarilor Centrului referitor la posibilitatea depunerii de sesiz\u0103ri care privesc protec\u021bia acestora \u00een cadrul Centrului;<br \/>\n&#8211; reorganizarea\/repartizarea personalului pe pavilioanele Centrului pentru asigurarea unei supravegheri corespunz\u0103toare beneficiarilor Centrului \u0219i demersuri pentru optimizarea sistemului de supraveghere video \u00een cadrul unit\u0103\u021bii; elaborarea unei proceduri privind revenirea \u0219i transportul beneficiarilor \u00een Centru din alte unit\u0103\u021bi medico-sanitare. (C.R.R.N.P.A.H. C\u0103line\u0219ti).<br \/>\nAlte aspecte rezultate \u00een urma interven\u021biei institu\u021biei Avocatul Poporului<\/p>\n<p style=\"text-align: justify;\">Spitalul Jude\u021bean de Urgen\u021b\u0103 Ploie\u0219ti a elaborat o procedur\u0103 privind externarea pacien\u021bilor care beneficiaz\u0103 de o m\u0103sur\u0103 de protec\u021bie \u00een cadrul unor servicii sociale cu cazare ca centre reziden\u021biale destinate persoanelor adulte cu handicap; a \u00eencheiat un Protocol de colaborare cu D.G.A.S.P.C. Prahova viz\u00e2nd revenirea \u00een unit\u0103\u021bile de asisten\u021b\u0103 social\u0103 a pacien\u021bilor &#8211; persoane adulte cu dizabilit\u0103\u021bi sau persoane v\u00e2rstnice (care beneficiaz\u0103 de o m\u0103sur\u0103 de protec\u021bie \u00een cadrul centrelor reziden\u021biale din structura D.G.A.S.P.C. Prahova) afla\u021bi la Spitalul Jude\u021bean de Urgen\u021b\u0103 Ploie\u0219ti pentru internare, efectuarea investiga\u021biilor, tratament, externare.<\/p>\n<\/div>\n<\/div>\n<\/p>\n<p style=\"text-align: justify;\">\n<div class=\"sp-wrap sp-wrap-default\">\n<div class=\"sp-head\" title=\"Expand\">\nDosar nr. 628\/2021 (rezumat)-Petenta, domiciliat\u0103 \u00een municipiul T\u00e2rgovi\u0219te, jude\u021bul D\u00e2mbovi\u021ba, s-a adresat Biroului teritorial Ploie\u0219ti, solicit\u00e2nd sprijin pentru rezolvarea unei probleme referitoare la transferul fiului s\u0103u, persoan\u0103 cu dizabilit\u0103\u021bi, dintr-un centru de plasament pentru copii, \u00eentr-un centru pentru persoane adulte cu dizabilit\u0103\u021bi din cadrul Direc\u021biei Generale de Asisten\u021b\u0103 Social\u0103 \u0219i Protec\u021bia Copilului D\u00e2mbovi\u021ba, \u00eentruc\u00e2t acesta a devenit major \u0219i se impune a fi integrat \u00een r\u00e2ndul persoanelor adulte\n<\/div>\n<div class=\"sp-body folded\">\n<p>Petenta a formulat mai multe solicit\u0103ri scrise \u00een acest sens c\u0103tre conducerea Direc\u021biei Generale de Asisten\u021b\u0103 Social\u0103 \u0219i Protec\u021bia Copilului D\u00e2mbovi\u021ba, \u00eens\u0103 transferul nu a fost realizat. Astfel, de\u0219i fiul petentei avea v\u00e2rsta de 19 ani \u0219i 6 luni, acesta se afla \u00een continuare \u00eentr-un centru de plasament pentru copii cu dizabilit\u0103\u021bi.<\/p>\n<p style=\"text-align: justify;\">Pentru clarificarea situa\u021biei semnalate, au fost \u00eentreprinse demersuri scrise c\u0103tre Direc\u021bia General\u0103 de Asisten\u021b\u0103 Social\u0103 \u0219i Protec\u021bia Copilului D\u00e2mbovi\u021ba \u0219i au fost efectuate anchete la Centrul de plasament pentru copilul cu dizabilit\u0103\u021bi din cadrul Complexului de Servicii Sociale G\u0103e\u0219ti (unde se afla institu\u021bionalizat fiul petentei), precum \u0219i la Centrul de Recuperare \u0219i Reabilitare pentru Persoane Adulte cu Handicap \u021auicani-Moreni (unde petenta a solicitat transferul).<\/p>\n<p style=\"text-align: justify;\">\u00cen urma demersurilor \u0219i a anchetelor efectuate, cazul a fost analizat de c\u0103tre Comisia de evaluare a persoanelor adulte cu handicap din cadrul Direc\u021biei Generale de Asisten\u021b\u0103 Social\u0103 \u0219i Protec\u021bia Copilului D\u00e2mbovi\u021ba, au fost \u00eentocmite documentele necesare \u0219i a fost realizat transferul t\u00e2n\u0103rului \u00eentr-un centru destinat persoanelor adulte cu dizabilit\u0103\u021bi, \u00eentr-un mediu social adecvat v\u00e2rstei \u0219i dizabilit\u0103\u021bilor acestuia.<\/p>\n<\/div>\n<\/div>\n<\/p>\n<p style=\"text-align: justify;\">\n<div class=\"sp-wrap sp-wrap-default\">\n<div class=\"sp-head\" title=\"Expand\">\nDosar nr. 411\/2021 (rezumat)-Biroul Teritorial Ploie\u0219ti s-a sesizat din oficiu \u00een privin\u021ba aspectelor prezentate \u00een mass-media, referitoare la situa\u021bia creat\u0103 \u00een comuna Lip\u0103ne\u0219ti unde, printr-o hot\u0103r\u00e2re a Consiliului Local Lip\u0103ne\u0219ti au fost stabilite criterii de acordare a bursei de merit, altele dec\u00e2t cele men\u021bionate \u00een Ordinul ministrului educa\u021biei, cercet\u0103rii, tineretului \u0219i sportului nr. 5576\/2011, \u00eengr\u0103dindu-se, astfel, dreptul la burse \u0219colare a unui num\u0103r considerabil de elevi\n<\/div>\n<div class=\"sp-body folded\">\n<p>Pentru clarificarea aspectelor semnalate \u00een mass-media, \u00een data de 6 mai 2021 a fost efectuat\u0103 anchet\u0103 la Prim\u0103ria comunei Lip\u0103ne\u0219ti, jude\u021bul Prahova, cu prilejul c\u0103reia s-a concluzionat faptul c\u0103 la nivelul comunei Lip\u0103ne\u0219ti bursele de merit nu erau acordate cu respectarea dispozi\u021biilor Ordinului Ministerului Educa\u021biei, Cercet\u0103rii, Tineretului \u0219i Sportului nr. 5576\/2011. Or, bursele \u0219colare trebuie acordate cu respectarea dispozi\u021biilor imperative ale actului normativ mai sus amintit, iar autorit\u0103\u021bile sunt obligate s\u0103 acorde patru tipuri de burse.<\/p>\n<p style=\"text-align: justify;\">\u00cen urma interven\u021biei institu\u021biei Avocatul Poporului, conducerea Prim\u0103riei comunei Lip\u0103ne\u0219ti \u0219i-a manifestat deschiderea pentru \u00eendeplinirea tuturor formalit\u0103\u021bilor necesare remedierii deficien\u021belor \u00een privin\u021ba acord\u0103rii burselor \u0219colare elevilor, prin acordarea tuturor categoriilor de burse \u00een concordan\u021b\u0103 cu cadrul normativ legal aplicabil.<\/p>\n<p style=\"text-align: justify;\">Astfel, \u00een \u0219edin\u021ba ordinar\u0103 din data de 27 mai 2021 a fost adoptat\u0103 hot\u0103r\u00e2re a Consiliului Local Lip\u0103ne\u0219ti privind aprobarea cuantumului burselor acordate elevilor din unit\u0103\u021bile \u0219colare de pe raza comunei Lip\u0103ne\u0219ti pentru semestrul al II- lea al anului \u0219colar 2020-2021, prin care a fost aprobat cuantumul pentru fiecare categorie de burs\u0103 acordat\u0103 elevilor din unit\u0103\u021bile \u0219colare de pe raza comunei Lip\u0103ne\u0219ti, pentru semestrul al II- lea al anului \u0219colar 2020-2021 (200 lei pentru bursa de performan\u021b\u0103, 120 lei pentru bursa de merit, 100 lei pentru bursa de studiu \u0219i 120 lei pentru bursa de ajutor social).<\/p>\n<\/div>\n<\/div>\n<\/p>\n<p style=\"text-align: justify;\"><em style=\"color: #ff0000;\"><strong>2020<\/strong><\/em><\/p>\n<p style=\"text-align: justify;\">\n<div class=\"sp-wrap sp-wrap-default\">\n<div class=\"sp-head\" title=\"Expand\">\nDosar nr. 750\/2020 (rezumat)-\u00cen presa central\u0103 a fost difuzat un reportaj \u00een care au fost expuse aspecte referitoare la modul \u00een care a fost tratat un pacient, diagnosticat cu afec\u021biuni oncologice, fiind abandonat \u00een fa\u021ba blocului de c\u0103tre echipajul ambulan\u021bei Spitalului Jude\u021bean de Urgen\u021b\u0103 Ploie\u0219ti\n<\/div>\n<div class=\"sp-body folded\">\n<p>Drept urmare, Biroul Teritorial Ploie\u0219ti s-a sesizat din oficiu \u0219i au fost \u00eentreprinse demersuri scrise, \u00een vederea clarific\u0103rii situa\u021biei prezentate de pres\u0103.<\/p>\n<p style=\"text-align: justify;\">Din verific\u0103rile \u00eentreprinse a reie\u0219it faptul c\u0103 la nivelul unit\u0103\u021bii sanitare nu exist\u0103 o procedur\u0103 opera\u021bional\u0103 privind informarea apar\u021bin\u0103torilor despre starea de s\u0103n\u0103tate a pacientului internat pentru toate sec\u021biile, ci doar pentru Unitatea de Primiri Urgen\u021be.<br \/>\nAv\u00e2nd \u00een vedere aceste aspecte, coroborate cu legisla\u021bia specific\u0103 incident\u0103, Avocatul Poporului a emis Recomandarea nr. 5\/2021 pentru ca managerul Spitalului Jude\u021bean de Urgen\u021b\u0103 Ploie\u0219ti, \u00een exercitarea atribu\u021biilor specifice, s\u0103 dispun\u0103 m\u0103suri concrete pentru elaborarea procedurii opera\u021bionale privind informarea apar\u021bin\u0103torilor despre starea de s\u0103n\u0103tate a pacien\u021bilor interna\u021bi \u00een orice sec\u021bie a spitalului, astfel \u00eenc\u00e2t s\u0103 fie stabilite explicit atribu\u021biile, dar \u0219i persoanele responsabile, av\u00e2ndu-se \u00een vedere \u0219i permanenta revizuire a acestei proceduri.<\/p>\n<p style=\"text-align: justify;\">Recomandarea a fost \u00eensu\u0219it\u0103 \u00een totalitate, procedura opera\u021bional\u0103 privind informarea apar\u021bin\u0103torilor despre starea de s\u0103n\u0103tate a pacientului internat fiind adus\u0103 la cuno\u0219tin\u021ba cet\u0103\u021benilor, prin publicarea pe pagina de internet a acestei unit\u0103\u021bi sanitare.<\/p>\n<\/div>\n<\/div>\n<\/p>\n<p style=\"text-align: justify;\">\n<div class=\"sp-wrap sp-wrap-default\">\n<div class=\"sp-head\" title=\"Expand\">\nDosar nr. 676\/2020 (rezumat)-Petentul a solicitat sprijinul Biroului Teritorial Ploie\u0219ti, ar\u0103t\u00e2nd c\u0103 i se \u00eencalc\u0103 dreptul la \u00eenv\u0103\u021b\u0103tur\u0103, \u00eentruc\u00e2t de\u0219i mama sa a transmis prin po\u0219ta electronic\u0103 a Colegiului Na\u021bional Pedagogic \u201eRegina Maria\u201d din Ploie\u0219ti, o cerere prin care a solicitat ca minorul s\u0103 urmeze cursurile \u0219colare \u00een sistem on-line, conform prevederilor Ordinului nr. 5487\/1494\/2020 (anexa 1 punctul 8) pentru prevenirea \u00eemboln\u0103virii cu virusul SARS-CoV-2 av\u00e2nd \u00een vedere c\u0103 acesta locuie\u0219te cu str\u0103bunica \u00een v\u00e2rst\u0103 de 88 ani, ce prezint\u0103 multiple afec\u021biuni cronice, atestate prin adeverin\u021ba medical\u0103 eliberat\u0103 de medicul de familie, nici p\u00e2n\u0103 la data sesiz\u0103rii institu\u021biei noastre nu i s-a acordat accesul on-line la cursurile \u0219colare sus\u021binute fizic \u00een mediul \u0219colar\n<\/div>\n<div class=\"sp-body folded\">\n<p>Mai mult, elevul a precizat c\u0103 \u00een primele dou\u0103 s\u0103pt\u0103m\u00e2ni de \u0219coal\u0103 nu i s-a permis accesul la cursurile \u0219colare, transmise on-line, pentru a putea participa al\u0103turi de colegii s\u0103i de clas\u0103, prezen\u021bi fizic la \u0219coal\u0103, cu toate c\u0103 la alte clase s-a permis acest acces pentru elevii afla\u021bi \u00een situa\u021bii similare. Singurele zile \u00een care elevul a avut acces la aceste cursuri \u0219colare, transmise din sala de curs, au fost reprezentate de cele trei zile \u00een care au fost suspendate cursurile \u0219colare, urmare a organiz\u0103rii alegerilor locale.<\/p>\n<p style=\"text-align: justify;\">De asemenea, minorul a specificat faptul c\u0103 i s-a transmis c\u0103 urmeaz\u0103 s\u0103 primeasc\u0103 absen\u021be la toate cursurile \u0219colare, iar ulterior se va propune exmatricularea sa, ne\u021bin\u00e2ndu-se cont de rezultatele \u0219colare anterioare.<br \/>\nTotodat\u0103, elevul a subliniat c\u0103 dup\u0103 dou\u0103 s\u0103pt\u0103m\u00e2ni de la \u00eenceperea \u0219colii, mama sa a fost convins\u0103 de directorul colegiului s\u0103 \u00ee\u0219i retrag\u0103 solicitarea formulat\u0103 pentru ca fiul s\u0103u s\u0103 urmeze cursurile \u0219colare on-line, ne\u021bin\u00e2ndu-se cont de faptul c\u0103 mama sa nu locuie\u0219te cu acest minor, unicul adult care \u00eel \u00eengrije\u0219te \u0219i se preocup\u0103 \u00een mod constant de cre\u0219terea \u0219i educa\u021bia sa fiind str\u0103bunica, \u00een v\u00e2rst\u0103 de 88 ani, elevul \u00eengrijor\u00e2ndu-se pentru starea de s\u0103n\u0103tate precar\u0103 a acesteia \u0219i nedorind ca prin frecventarea zilnic\u0103 a cursurilor \u0219colare \u00een cadrul colegiului s\u0103 devin\u0103 o surs\u0103 de infectare cu noul coronavirus pentru unicul adult care \u00eel \u00eengrije\u0219te constant, lu\u00e2nd \u00een considerare c\u0103 p\u0103rin\u021bii s\u0103i sunt divor\u021ba\u021bi \u00eenc\u0103 din anul 2014 \u0219i niciunul nu locuie\u0219te zilnic cu acesta.<br \/>\nPentru clarificarea tuturor acestor aspecte, s-a efectuat o anchet\u0103 la Colegiul Na\u021bional Pedagogic \u201eRegina Maria\u201d Ploie\u0219ti.<br \/>\nTotodat\u0103, am considerat oportun s\u0103 ne adres\u0103m \u0219i Inspectoratului \u0218colar Jude\u021bean Prahova pentru analizarea cazului \u0219i luarea m\u0103surilor legale ce se impuneau \u00een vederea asigur\u0103rii accesului la educa\u021bie al elevului respectiv.<br \/>\nCu ocazia anchetei efectuate, s-au stabilit termene, astfel \u00eenc\u00e2t conducerea Colegiului Na\u021bional Pedagogic \u201eRegina Maria\u201d Ploie\u0219ti s\u0103 procedeze la:<br \/>\n&#8211; convocarea elevului \u0219i a mamei sale la consiliere psihopedagogic\u0103 \u00een vederea prevenirii abandonului \u0219colar (pe fondul opiniei preexistente a conducerii colegiului potrivit c\u0103reia elevul trebuie s\u0103 resimt\u0103 consecin\u021bele comportamentului s\u0103u, urm\u00e2nd s\u0103 fie sanc\u021bionat prin absen\u021be la toate materiile \u00eentruc\u00e2t nu se prezenta fizic la \u0219coal\u0103, iar ulterior s\u0103 i se scad\u0103 nota la purtare \u0219i s\u0103 fie exmatriculat),<br \/>\n&#8211; identificarea unor solu\u021bii astfel \u00eenc\u00e2t elevului s\u0103 i se acorde accesul la educa\u021bie prin accesibilizarea mediului online de \u00eenv\u0103\u021bare \u0219i \u021bin\u00e2ndu-se cont de opinia acestuia, raportat la temerile resim\u021bite de acesta \u00een contextul pandemic actual, dar \u0219i fa\u021b\u0103 de situa\u021bia sa socio-familial\u0103 deosebit\u0103 (dotarea s\u0103lilor de curs \u00een mod corespunz\u0103tor astfel \u00eenc\u00e2t s\u0103 se poat\u0103 respecta dreptul la \u00eenv\u0103\u021b\u0103tur\u0103 \u0219i accesul la educa\u021bie pentru acest elev).<\/p>\n<p style=\"text-align: justify;\">\u00cen urma anchetei efectuate, am fost informa\u021bi at\u00e2t de conducerea Colegiului Na\u021bional Pedagogic \u201eRegina Maria\u201d Ploie\u0219ti, c\u00e2t \u0219i de cea a Inspectoratului \u0218colar Jude\u021bean Prahova c\u0103 accesul online la cursurile \u0219colare sus\u021binute fizic \u00een cadrul colegiului a fost aprobat pentru elevul respectiv, nefiind consemnate absen\u021be pentru zilele \u00een care se refuza acordarea accesului online al elevului la cursurile \u0219colare, elevul av\u00e2nd asigurat \u00een mod efectiv accesul la educa\u021bie.<\/p>\n<\/div>\n<\/div>\n<\/p>\n<p style=\"text-align: justify;\">\n<div class=\"sp-wrap sp-wrap-default\">\n<div class=\"sp-head\" title=\"Expand\">\nDosar nr. 256\/2020 (rezumat) - Urmare difuz\u0103rii \u00een mass-media, \u00een zilele de 13 \u0219i 14 aprilie 2020 (pres\u0103 scris\u0103 \u0219i pe mai multe posturi de televiziune) a unor informa\u021bii referitoare la situa\u021bia unei paciente care a decedat \u00een data de 12 aprilie 2020 la Spitalul Jude\u021bean Ploie\u0219ti, dup\u0103 ce timp de trei zile a a\u0219teptat rezultatul testului COVID-19 \u00een izolatorul de la Spitalul Sinaia, Avocatul Poporului s-a sesizat din oficiu.\n<\/div>\n<div class=\"sp-body folded\">\n<p> Pentru clarificarea aspectelor relatate de pres\u0103 au fost \u00eentreprinse demersuri scrise la Direc\u021bia de S\u0103n\u0103tate Public\u0103 Prahova, Spitalul Jude\u021bean de Urgen\u021b\u0103 Ploie\u0219ti \u0219i Spitalul Or\u0103\u0219enesc Sinaia, iar ulterior la Colegiul Medicilor Prahova, \u00een urma c\u0103rora s-au concluzionat urm\u0103toarele:<br \/>\nCu ocazia verific\u0103rilor efectuate de conducerile celor dou\u0103 spitale \u0219i de c\u0103tre reprezentan\u021bii Direc\u021biei de S\u0103n\u0103tate Public\u0103 Prahova cu privire la acest caz, nu au fost constatate abateri sau nerespect\u0103ri ale procedurilor medicale aplicabile, decesul pacientei survenind ca urmare a stopului cardio-respirator iresuscitabil, pe fondul diagnosticului de &#8212;&#8212;&#8212;&#8212;&#8211;, afec\u021biune cu evolu\u021bie galopant\u0103.<br \/>\nTransferul pacientei de la Spitalul or\u0103\u0219enesc Sinaia la un alt spital (Spitalul Municipal C\u00e2mpina \u2013 spital suport pentru pacien\u021bii cu COVID-19 sau Spitalul Jude\u021bean de Urgen\u021b\u0103 Ploie\u0219ti \u2013 spital pentru bolnavi f\u0103r\u0103 COVID-19) nu a fost posibil, deoarece pacienta era suspect\u0103 COVID-19 \u0219i nu exista rezultatul testului care s\u0103 confirme\/infirme diagnosticul.<br \/>\nCu privire la acest caz, Colegiul Medicilor Prahova s-a autosesizat \u0219i a declan\u0219at o anchet\u0103 pentru verificarea modului \u00een care a fost acordat\u0103 asisten\u021ba medical\u0103 \u00een cazul acestei paciente.<br \/>\n\u00centruc\u00e2t aceste verific\u0103ri nu fuseser\u0103 finalizate nici dup\u0103 un an de la decesul pacientei, \u00een data de 27 aprilie 2021, Avocatul Poporului a informat despre aceast\u0103 situa\u021bie Colegiul Medicilor din Rom\u00e2nia, care a solicitat urgentarea finaliz\u0103rii verific\u0103rilor.<br \/>\nUlterior acestui demers, Colegiul Medicilor Prahova nu a mai transmis institu\u021biei noastre nicio informa\u021bie, \u00eens\u0103 \u00een luna octombrie 2021, Biroul Teritorial Ploie\u0219ti a fost informat de c\u0103tre Colegiul Medicilor din Bucure\u0219ti c\u0103 prin Decizia nr. 1034 din 27.09.2021 a fost declan\u0219at\u0103 \u201cancheta disciplinar\u0103 \u00een cazul &#8212;&#8212;-, privind pe dr. &#8212;&#8212;&#8211;\u201d, la nivelul acestui colegiu \u0219i a fost transmis\u0103 institu\u021biei noastre invita\u021bia de a participa la \u0219edin\u021ba Comisiei de disciplin\u0103 a Colegiului Medicilor din Bucure\u0219ti din data de 24.02.2022.<br \/>\n\u00cen cadrul \u0219edin\u021bei din data de 24.02.2022, Pre\u0219edintele Comisiei de disciplin\u0103 a Colegiului Medicilor din Municipiului Bucure\u0219ti a precizat c\u0103 referitor la cazul &#8212;&#8212;-, Comisia de disciplin\u0103 efectueaz\u0103 cercetarea disciplinar\u0103 doar fa\u021b\u0103 de medicul care a fost de gard\u0103 la momentul prezent\u0103rii pacientei la Spitalul Jude\u021bean de Urgen\u021b\u0103 Ploie\u0219ti (unde pacienta a decedat la scurt timp dup\u0103 internare), \u00eentruc\u00e2t acest medic este membru al Colegiului Medicilor din Bucure\u0219ti. Celelalte aspecte cu privire la acest caz au r\u0103mas \u00een competen\u021ba Colegiului Medicilor Prahova.<br \/>\nTotodat\u0103, pre\u0219edintele Comisiei de disciplin\u0103 a Colegiului Medicilor din Municipiului Bucure\u0219ti a subliniat faptul c\u0103 doar o parte a cazului se va rezolva \u00een urma analiz\u0103rii cazului la nivelul acestei comisii, urm\u00e2nd a se emite o decizie ce va fi comunicat\u0103 institu\u021biei Avocatul Poporului. Ulterior; prin adresa nr. 2043\/23.02.2022 Colegiul Medicilor din Municipiul Bucure\u0219ti a comunicat institu\u021biei noastre copie de pe Decizia nr. 50\/\/2022 emis\u0103 de Comisia de disciplin\u0103 a Colegiului Medicilor din Bucure\u0219ti, potrivit c\u0103reia a fost respins\u0103 pl\u00e2ngerea formulat\u0103 \u00eempotriva medicului Dr. &#8212;&#8212;, ca fiind ne\u00eentemeiat\u0103.<br \/>\n\u00cen acest context, Avocatul Poporului a dispus reluarea demersurilor la Colegiul Medicilor Prahova, pentru solicitarea de informa\u021bii cu privire la rezultatele verific\u0103rilor \u00eentreprinse cu privire la cazul &#8212;&#8212;&#8211;, pentru aspectele ce intr\u0103 \u00een competen\u021ba acestui colegiu.<br \/>\nPrin adresa nr. 980\/17.05.2022 Colegiul Medicilor Prahova ne-a comunicat faptul c\u0103 solu\u021bia dispus\u0103 de Comisia de disciplin\u0103 din cadrul acestui colegiu este de respingere ca ne\u00eentemeiat\u0103 a reclama\u021biei formulate de apar\u021bin\u0103torii pacientei, iar prin adresa nr. 1291\/21.07.2022 a fost comunicat\u0103 copia Deciziei Comisiei de Jurisdic\u021bie a Colegiului Medicilor Prahova nr.1116\/2.06.2022, potrivit c\u0103reia a fost respins\u0103 pl\u00e2ngerea formulat\u0103 \u00eempotriva medicilor de la Spitalul Or\u0103\u0219enesc Sinaia \u0219i de la Spitalul Jude\u021bean de Urgen\u021b\u0103 Ploie\u0219ti, privind presta\u021biile medicale acordate pacientei \u00een perioada 3 \u2013 12.04.2020, nefiind constatat\u0103 s\u0103v\u00e2r\u0219irea unei abateri disciplinare.<\/p>\n<\/div>\n<\/div>\n<\/p>\n<p style=\"text-align: justify;\">\n<div class=\"sp-wrap sp-wrap-default\">\n<div class=\"sp-head\" title=\"Expand\">\nDosar nr. 165\/2020 (rezumat)-Petenta a solicitat sprijinul Biroul teritorial Ploie\u0219ti, ar\u0103t\u00e2nd c\u0103 de\u0219i este \u00eendrept\u0103\u021bit\u0103 s\u0103 beneficieze de recalcularea pensiei sale prin aplicarea indicelui de corec\u021bie astfel cum reiese din Decizia Cur\u021bii Constitu\u021bionale nr. 702\/31.10.2019, la trecerea de la pensie de invaliditate, la pensie pentru limit\u0103 de v\u00e2rst\u0103, Casa Jude\u021bean\u0103 de Pensii Prahova nu a procedat la recalcularea drepturilor sale de pensie\n<\/div>\n<div class=\"sp-body folded\">\n<p>Urmare demersurilor \u00eentreprinse, Casa Jude\u021bean\u0103 de Pensii Prahova ne-a comunicat faptul c\u0103 din analiza dosarului de pensie al petentei s-a constatat c\u0103 este necesar\u0103 revizuirea drepturilor de pensie ale petentei, \u00een baza dispozi\u021biilor Deciziei Cur\u021bii Constitu\u021bionale nr. 702\/2019, sens \u00een care s-a emis decizia de recalculare a drepturilor de pensie, \u00eencep\u00e2nd cu data de 10 februarie 2020, data public\u0103rii \u00een Monitorul Oficial al Rom\u00e2niei a Deciziei Cur\u021bii Constitu\u021bionale.<\/p>\n<\/div>\n<\/div>\n<\/p>\n","protected":false},"excerpt":{"rendered":"<p>2026 2025 2024 2023 2022 2021 2020<\/p>\n","protected":false},"author":1,"featured_media":0,"parent":5243,"menu_order":0,"comment_status":"closed","ping_status":"closed","template":"","meta":{"footnotes":""},"class_list":["post-5283","page","type-page","status-publish","hentry"],"yoast_head":"<!-- This site is optimized with the Yoast SEO plugin v27.4 - https:\/\/yoast.com\/product\/yoast-seo-wordpress\/ -->\n<title>Activitate - Institu\u021bia Avocatul Poporului<\/title>\n<meta name=\"robots\" content=\"index, follow, max-snippet:-1, max-image-preview:large, max-video-preview:-1\" \/>\n<link rel=\"canonical\" href=\"https:\/\/avp.ro\/index.php\/birouri-teritoriale\/biroul-teritorial-ploiesti\/activitate\/\" \/>\n<meta property=\"og:locale\" content=\"en_US\" \/>\n<meta property=\"og:type\" content=\"article\" \/>\n<meta property=\"og:title\" content=\"Activitate - Institu\u021bia Avocatul Poporului\" \/>\n<meta property=\"og:description\" content=\"2026 2025 2024 2023 2022 2021 2020\" \/>\n<meta property=\"og:url\" content=\"https:\/\/avp.ro\/index.php\/birouri-teritoriale\/biroul-teritorial-ploiesti\/activitate\/\" \/>\n<meta property=\"og:site_name\" content=\"Institu\u021bia Avocatul Poporului\" \/>\n<meta property=\"article:modified_time\" content=\"2026-03-16T14:01:07+00:00\" \/>\n<meta name=\"twitter:card\" content=\"summary_large_image\" \/>\n<meta name=\"twitter:label1\" content=\"Est. reading time\" \/>\n\t<meta name=\"twitter:data1\" content=\"186 minutes\" \/>\n<script type=\"application\/ld+json\" class=\"yoast-schema-graph\">{\"@context\":\"https:\\\/\\\/schema.org\",\"@graph\":[{\"@type\":\"WebPage\",\"@id\":\"https:\\\/\\\/avp.ro\\\/index.php\\\/birouri-teritoriale\\\/biroul-teritorial-ploiesti\\\/activitate\\\/\",\"url\":\"https:\\\/\\\/avp.ro\\\/index.php\\\/birouri-teritoriale\\\/biroul-teritorial-ploiesti\\\/activitate\\\/\",\"name\":\"Activitate - Institu\u021bia Avocatul Poporului\",\"isPartOf\":{\"@id\":\"https:\\\/\\\/avp.ro\\\/#website\"},\"datePublished\":\"2022-02-01T09:22:14+00:00\",\"dateModified\":\"2026-03-16T14:01:07+00:00\",\"breadcrumb\":{\"@id\":\"https:\\\/\\\/avp.ro\\\/index.php\\\/birouri-teritoriale\\\/biroul-teritorial-ploiesti\\\/activitate\\\/#breadcrumb\"},\"inLanguage\":\"en-US\",\"potentialAction\":[{\"@type\":\"ReadAction\",\"target\":[\"https:\\\/\\\/avp.ro\\\/index.php\\\/birouri-teritoriale\\\/biroul-teritorial-ploiesti\\\/activitate\\\/\"]}]},{\"@type\":\"BreadcrumbList\",\"@id\":\"https:\\\/\\\/avp.ro\\\/index.php\\\/birouri-teritoriale\\\/biroul-teritorial-ploiesti\\\/activitate\\\/#breadcrumb\",\"itemListElement\":[{\"@type\":\"ListItem\",\"position\":1,\"name\":\"Home\",\"item\":\"https:\\\/\\\/avp.ro\\\/\"},{\"@type\":\"ListItem\",\"position\":2,\"name\":\"Birouri teritoriale\",\"item\":\"https:\\\/\\\/avp.ro\\\/index.php\\\/birouri-teritoriale\\\/\"},{\"@type\":\"ListItem\",\"position\":3,\"name\":\"Biroul Teritorial Ploie\u0219ti\",\"item\":\"https:\\\/\\\/avp.ro\\\/index.php\\\/birouri-teritoriale\\\/biroul-teritorial-ploiesti\\\/\"},{\"@type\":\"ListItem\",\"position\":4,\"name\":\"Activitate\"}]},{\"@type\":\"WebSite\",\"@id\":\"https:\\\/\\\/avp.ro\\\/#website\",\"url\":\"https:\\\/\\\/avp.ro\\\/\",\"name\":\"Institu\u021bia Avocatul Poporului\",\"description\":\"People\u2019s Advocate institution - Office of the Ombudsman\",\"publisher\":{\"@id\":\"https:\\\/\\\/avp.ro\\\/#organization\"},\"potentialAction\":[{\"@type\":\"SearchAction\",\"target\":{\"@type\":\"EntryPoint\",\"urlTemplate\":\"https:\\\/\\\/avp.ro\\\/?s={search_term_string}\"},\"query-input\":{\"@type\":\"PropertyValueSpecification\",\"valueRequired\":true,\"valueName\":\"search_term_string\"}}],\"inLanguage\":\"en-US\"},{\"@type\":\"Organization\",\"@id\":\"https:\\\/\\\/avp.ro\\\/#organization\",\"name\":\"Institutia Avocatul Poporului\",\"url\":\"https:\\\/\\\/avp.ro\\\/\",\"logo\":{\"@type\":\"ImageObject\",\"inLanguage\":\"en-US\",\"@id\":\"https:\\\/\\\/avp.ro\\\/#\\\/schema\\\/logo\\\/image\\\/\",\"url\":\"https:\\\/\\\/avp.ro\\\/wp-content\\\/uploads\\\/2020\\\/09\\\/cropped-AP.jpg\",\"contentUrl\":\"https:\\\/\\\/avp.ro\\\/wp-content\\\/uploads\\\/2020\\\/09\\\/cropped-AP.jpg\",\"width\":160,\"height\":146,\"caption\":\"Institutia Avocatul Poporului\"},\"image\":{\"@id\":\"https:\\\/\\\/avp.ro\\\/#\\\/schema\\\/logo\\\/image\\\/\"}}]}<\/script>\n<!-- \/ Yoast SEO plugin. -->","yoast_head_json":{"title":"Activitate - Institu\u021bia Avocatul Poporului","robots":{"index":"index","follow":"follow","max-snippet":"max-snippet:-1","max-image-preview":"max-image-preview:large","max-video-preview":"max-video-preview:-1"},"canonical":"https:\/\/avp.ro\/index.php\/birouri-teritoriale\/biroul-teritorial-ploiesti\/activitate\/","og_locale":"en_US","og_type":"article","og_title":"Activitate - Institu\u021bia Avocatul Poporului","og_description":"2026 2025 2024 2023 2022 2021 2020","og_url":"https:\/\/avp.ro\/index.php\/birouri-teritoriale\/biroul-teritorial-ploiesti\/activitate\/","og_site_name":"Institu\u021bia Avocatul Poporului","article_modified_time":"2026-03-16T14:01:07+00:00","twitter_card":"summary_large_image","twitter_misc":{"Est. reading time":"186 minutes"},"schema":{"@context":"https:\/\/schema.org","@graph":[{"@type":"WebPage","@id":"https:\/\/avp.ro\/index.php\/birouri-teritoriale\/biroul-teritorial-ploiesti\/activitate\/","url":"https:\/\/avp.ro\/index.php\/birouri-teritoriale\/biroul-teritorial-ploiesti\/activitate\/","name":"Activitate - Institu\u021bia Avocatul Poporului","isPartOf":{"@id":"https:\/\/avp.ro\/#website"},"datePublished":"2022-02-01T09:22:14+00:00","dateModified":"2026-03-16T14:01:07+00:00","breadcrumb":{"@id":"https:\/\/avp.ro\/index.php\/birouri-teritoriale\/biroul-teritorial-ploiesti\/activitate\/#breadcrumb"},"inLanguage":"en-US","potentialAction":[{"@type":"ReadAction","target":["https:\/\/avp.ro\/index.php\/birouri-teritoriale\/biroul-teritorial-ploiesti\/activitate\/"]}]},{"@type":"BreadcrumbList","@id":"https:\/\/avp.ro\/index.php\/birouri-teritoriale\/biroul-teritorial-ploiesti\/activitate\/#breadcrumb","itemListElement":[{"@type":"ListItem","position":1,"name":"Home","item":"https:\/\/avp.ro\/"},{"@type":"ListItem","position":2,"name":"Birouri teritoriale","item":"https:\/\/avp.ro\/index.php\/birouri-teritoriale\/"},{"@type":"ListItem","position":3,"name":"Biroul Teritorial Ploie\u0219ti","item":"https:\/\/avp.ro\/index.php\/birouri-teritoriale\/biroul-teritorial-ploiesti\/"},{"@type":"ListItem","position":4,"name":"Activitate"}]},{"@type":"WebSite","@id":"https:\/\/avp.ro\/#website","url":"https:\/\/avp.ro\/","name":"Institu\u021bia Avocatul Poporului","description":"People\u2019s Advocate institution - Office of the Ombudsman","publisher":{"@id":"https:\/\/avp.ro\/#organization"},"potentialAction":[{"@type":"SearchAction","target":{"@type":"EntryPoint","urlTemplate":"https:\/\/avp.ro\/?s={search_term_string}"},"query-input":{"@type":"PropertyValueSpecification","valueRequired":true,"valueName":"search_term_string"}}],"inLanguage":"en-US"},{"@type":"Organization","@id":"https:\/\/avp.ro\/#organization","name":"Institutia Avocatul Poporului","url":"https:\/\/avp.ro\/","logo":{"@type":"ImageObject","inLanguage":"en-US","@id":"https:\/\/avp.ro\/#\/schema\/logo\/image\/","url":"https:\/\/avp.ro\/wp-content\/uploads\/2020\/09\/cropped-AP.jpg","contentUrl":"https:\/\/avp.ro\/wp-content\/uploads\/2020\/09\/cropped-AP.jpg","width":160,"height":146,"caption":"Institutia Avocatul Poporului"},"image":{"@id":"https:\/\/avp.ro\/#\/schema\/logo\/image\/"}}]}},"_links":{"self":[{"href":"https:\/\/avp.ro\/index.php\/wp-json\/wp\/v2\/pages\/5283","targetHints":{"allow":["GET"]}}],"collection":[{"href":"https:\/\/avp.ro\/index.php\/wp-json\/wp\/v2\/pages"}],"about":[{"href":"https:\/\/avp.ro\/index.php\/wp-json\/wp\/v2\/types\/page"}],"author":[{"embeddable":true,"href":"https:\/\/avp.ro\/index.php\/wp-json\/wp\/v2\/users\/1"}],"replies":[{"embeddable":true,"href":"https:\/\/avp.ro\/index.php\/wp-json\/wp\/v2\/comments?post=5283"}],"version-history":[{"count":100,"href":"https:\/\/avp.ro\/index.php\/wp-json\/wp\/v2\/pages\/5283\/revisions"}],"predecessor-version":[{"id":15508,"href":"https:\/\/avp.ro\/index.php\/wp-json\/wp\/v2\/pages\/5283\/revisions\/15508"}],"up":[{"embeddable":true,"href":"https:\/\/avp.ro\/index.php\/wp-json\/wp\/v2\/pages\/5243"}],"wp:attachment":[{"href":"https:\/\/avp.ro\/index.php\/wp-json\/wp\/v2\/media?parent=5283"}],"curies":[{"name":"wp","href":"https:\/\/api.w.org\/{rel}","templated":true}]}}