{"id":5439,"date":"2022-02-16T11:56:18","date_gmt":"2022-02-16T09:56:18","guid":{"rendered":"https:\/\/avp.ro\/?page_id=5439"},"modified":"2024-01-05T17:24:05","modified_gmt":"2024-01-05T15:24:05","slug":"centre-pentru-persoane-adulte-cu-dizabilitati-2022","status":"publish","type":"page","link":"https:\/\/avp.ro\/index.php\/centre-pentru-persoane-adulte-cu-dizabilitati-2022\/","title":{"rendered":"CENTRE PENTRU PERSOANE ADULTE CU DIZABILIT\u0102\u021aI 2022"},"content":{"rendered":"<p>&nbsp;<\/p>\n<p><a href=\"https:\/\/avp.ro\/index.php\/centre-pentru-persoane-adulte-cu-dizabilitati-2022\/\"><strong><em>CENTRE PENTRU PERSOANE ADULTE CU DIZABILIT\u0102\u021aI<\/em><\/strong><\/a><\/p>\n<p>&nbsp;<\/p>\n<p>6.<a href=\"https:\/\/avp.ro\/wp-content\/uploads\/2023\/02\/Raport-de-vizita-Poienile-de-sub-Munte-Maramures.pdf\">Raportul privind vizita desf\u0103\u0219urat\u0103 la Centrul de \u00cengrijire \u0219i Asisten\u021b\u0103 Poienile de Sub Munte, jude\u021bul Maramure\u0219<\/a><\/p>\n<p style=\"padding-left: 40px;\"><a href=\"https:\/\/avp.ro\/wp-content\/uploads\/2023\/04\/Raspuns-CIA-Poienile.pdf\">-R\u0103spunsul Centrului de \u00cengrijire \u0219i Asisten\u021b\u0103 Poienile de Sub Munte, jude\u021bul Maramure\u0219<\/a><\/p>\n<p style=\"padding-left: 40px;\"><a href=\"https:\/\/avp.ro\/wp-content\/uploads\/2023\/06\/Raspuns-Poienile-de-Sub-Munte-MM.pdf\">-R\u0103spunsul Centrului de \u00cengrijire \u0219i Asisten\u021b\u0103 Poienile de Sub Munte, jude\u021bul Maramure\u0219 (completare)<\/a><\/p>\n<p>5.<a href=\"https:\/\/avp.ro\/wp-content\/uploads\/2023\/01\/Raport-CIAPAD-Techirghiol.pdf\">Raportul privind vizita desf\u0103\u0219urat\u0103 la Centrul de \u00cengrijire \u0219i Asisten\u021b\u0103 pentru Persoane Adulte cu Dizabilit\u0103\u021bi Techirghiol, jud. Constan\u021ba\u00a0<\/a><\/p>\n<p style=\"padding-left: 40px;\"><a href=\"https:\/\/avp.ro\/wp-content\/uploads\/2024\/01\/raspuns-DGASPC-Constanta-2.pdf\">-R\u0103spunsul Direc\u021biei Generale de Asisten\u021b\u0103 Social\u0103 \u0219i Protec\u021biei Copilului Constan\u021ba<\/a><\/p>\n<p style=\"padding-left: 40px;\"><a href=\"https:\/\/avp.ro\/wp-content\/uploads\/2024\/01\/raspuns-DGASPC-Constanta-3.pdf\"> -R\u0103spunsul Direc\u021biei Generale de Asisten\u021b\u0103 Social\u0103 \u0219i Protec\u021biei Copilului Constan\u021ba<\/a><\/p>\n<p>4.<a href=\"https:\/\/avp.ro\/wp-content\/uploads\/2023\/01\/Raport-CARPAD-Darmanesti.pdf\">Raportul pentru vizita efectuat\u0103 la Centrul de abilitare \u0219i reabilitare pentru persoane adulte cu dizabilit\u0103\u021bi D\u0103rm\u0103ne\u0219ti, jude\u021bul Bac\u0103u<\/a><\/p>\n<p style=\"padding-left: 40px;\"><a href=\"https:\/\/avp.ro\/wp-content\/uploads\/2023\/03\/dgaspc_bacau.pdf\">-R\u0103spunsul DGASPC Bac\u0103u<\/a><\/p>\n<p>3.<a href=\"https:\/\/avp.ro\/wp-content\/uploads\/2023\/01\/Raportul-de-vizita-CIA-Corabia.pdf\">Raportul privind vizita desf\u0103\u0219urat\u0103 la Centrul de \u00cengrijire \u0219i Asisten\u021b\u0103 Corabia, jude\u021bul Olt<\/a><\/p>\n<p style=\"padding-left: 40px;\"><a href=\"https:\/\/avp.ro\/wp-content\/uploads\/2023\/01\/Raspuns-Recomandari-CIA-Corabia.pdf\">&#8211; R\u0103spunsul la recomand\u0103ri primit de la Centrul de \u00cengrijire \u0219i Asisten\u021b\u0103 Corabia, jude\u021bul Olt<\/a><\/p>\n<p>2.<a href=\"https:\/\/avp.ro\/wp-content\/uploads\/2022\/11\/Raport-CIA-Ciocanesti.pdf\">Raportul privind vizita desf\u0103\u0219urat\u0103 la Centrul de \u00eengrijire \u0219i asisten\u021b\u0103 Cioc\u0103ne\u0219ti, jude\u021bul C\u0103l\u0103ra\u0219i\u00a0<\/a><\/p>\n<p style=\"padding-left: 40px;\"><a href=\"https:\/\/avp.ro\/wp-content\/uploads\/2022\/12\/Raspuns-DGASPC-Calarasi.pdf\">-R\u0103spunsul DGASPC C\u0103l\u0103ra\u0219i\u00a0<\/a><\/p>\n<p style=\"padding-left: 40px;\"><a href=\"https:\/\/avp.ro\/wp-content\/uploads\/2023\/07\/Raspunsul-Centrului-de-Ingrijire-si-Asistenta-Ciocanesti.pdf\">-R\u0103spunsul Centrului de \u00cengrijire \u0219i Asisten\u021b\u0103 Cioc\u0103ne\u0219ti<\/a><\/p>\n<p>1.<a href=\"https:\/\/avp.ro\/wp-content\/uploads\/2022\/10\/Raport-de-vizita-CARPAD-Mitocu-Dragomirnei.pdf\">Raportul pentru vizita efectuat\u0103 la CARPAD Mitocu Dragomirnei, jude\u021bul Suceava<\/a><\/p>\n<p style=\"padding-left: 40px;\">\u00a0<a href=\"https:\/\/avp.ro\/wp-content\/uploads\/2022\/12\/Raspuns-CARPAD-Mitocu-Dragomirnei.pdf\">&#8211; R\u0103spunsul conducerii Centrului de Abilitare \u0219i Reabilitare pentru Persoane Adulte cu Dizabilit\u0103\u021bi Mitocu Dragomirnei, jude\u021bul Suceava<\/a><\/p>\n<p>&nbsp;<\/p>\n","protected":false},"excerpt":{"rendered":"<p>&nbsp; CENTRE PENTRU PERSOANE ADULTE CU DIZABILIT\u0102\u021aI &nbsp; 6.Raportul privind vizita desf\u0103\u0219urat\u0103 la Centrul de \u00cengrijire \u0219i Asisten\u021b\u0103 Poienile de Sub Munte, jude\u021bul Maramure\u0219 -R\u0103spunsul Centrului de \u00cengrijire \u0219i Asisten\u021b\u0103&hellip; <\/p>\n","protected":false},"author":1,"featured_media":0,"parent":0,"menu_order":0,"comment_status":"closed","ping_status":"closed","template":"","meta":{"footnotes":""},"class_list":["post-5439","page","type-page","status-publish","hentry"],"yoast_head":"<!-- This site is optimized with the Yoast SEO plugin v27.4 - https:\/\/yoast.com\/product\/yoast-seo-wordpress\/ -->\n<title>CENTRE PENTRU PERSOANE ADULTE CU DIZABILIT\u0102\u021aI 2022 - Institu\u021bia Avocatul Poporului<\/title>\n<meta name=\"robots\" content=\"index, follow, max-snippet:-1, max-image-preview:large, max-video-preview:-1\" \/>\n<link rel=\"canonical\" href=\"https:\/\/avp.ro\/index.php\/centre-pentru-persoane-adulte-cu-dizabilitati-2022\/\" \/>\n<meta property=\"og:locale\" content=\"en_US\" \/>\n<meta property=\"og:type\" content=\"article\" \/>\n<meta property=\"og:title\" content=\"CENTRE PENTRU PERSOANE ADULTE CU DIZABILIT\u0102\u021aI 2022 - Institu\u021bia Avocatul Poporului\" \/>\n<meta property=\"og:description\" content=\"&nbsp; CENTRE PENTRU PERSOANE ADULTE CU DIZABILIT\u0102\u021aI &nbsp; 6.Raportul privind vizita desf\u0103\u0219urat\u0103 la Centrul de \u00cengrijire \u0219i Asisten\u021b\u0103 Poienile de Sub Munte, jude\u021bul Maramure\u0219 -R\u0103spunsul Centrului de \u00cengrijire \u0219i Asisten\u021b\u0103&hellip;\" \/>\n<meta property=\"og:url\" content=\"https:\/\/avp.ro\/index.php\/centre-pentru-persoane-adulte-cu-dizabilitati-2022\/\" \/>\n<meta property=\"og:site_name\" content=\"Institu\u021bia Avocatul Poporului\" \/>\n<meta property=\"article:modified_time\" content=\"2024-01-05T15:24:05+00:00\" \/>\n<meta name=\"twitter:card\" content=\"summary_large_image\" \/>\n<meta name=\"twitter:label1\" content=\"Est. reading time\" \/>\n\t<meta name=\"twitter:data1\" content=\"1 minute\" \/>\n<script type=\"application\/ld+json\" class=\"yoast-schema-graph\">{\"@context\":\"https:\\\/\\\/schema.org\",\"@graph\":[{\"@type\":\"WebPage\",\"@id\":\"https:\\\/\\\/avp.ro\\\/index.php\\\/centre-pentru-persoane-adulte-cu-dizabilitati-2022\\\/\",\"url\":\"https:\\\/\\\/avp.ro\\\/index.php\\\/centre-pentru-persoane-adulte-cu-dizabilitati-2022\\\/\",\"name\":\"CENTRE PENTRU PERSOANE ADULTE CU DIZABILIT\u0102\u021aI 2022 - Institu\u021bia Avocatul Poporului\",\"isPartOf\":{\"@id\":\"https:\\\/\\\/avp.ro\\\/#website\"},\"datePublished\":\"2022-02-16T09:56:18+00:00\",\"dateModified\":\"2024-01-05T15:24:05+00:00\",\"breadcrumb\":{\"@id\":\"https:\\\/\\\/avp.ro\\\/index.php\\\/centre-pentru-persoane-adulte-cu-dizabilitati-2022\\\/#breadcrumb\"},\"inLanguage\":\"en-US\",\"potentialAction\":[{\"@type\":\"ReadAction\",\"target\":[\"https:\\\/\\\/avp.ro\\\/index.php\\\/centre-pentru-persoane-adulte-cu-dizabilitati-2022\\\/\"]}]},{\"@type\":\"BreadcrumbList\",\"@id\":\"https:\\\/\\\/avp.ro\\\/index.php\\\/centre-pentru-persoane-adulte-cu-dizabilitati-2022\\\/#breadcrumb\",\"itemListElement\":[{\"@type\":\"ListItem\",\"position\":1,\"name\":\"Home\",\"item\":\"https:\\\/\\\/avp.ro\\\/\"},{\"@type\":\"ListItem\",\"position\":2,\"name\":\"CENTRE PENTRU PERSOANE ADULTE CU DIZABILIT\u0102\u021aI 2022\"}]},{\"@type\":\"WebSite\",\"@id\":\"https:\\\/\\\/avp.ro\\\/#website\",\"url\":\"https:\\\/\\\/avp.ro\\\/\",\"name\":\"Institu\u021bia Avocatul Poporului\",\"description\":\"People\u2019s Advocate institution - Office of the Ombudsman\",\"publisher\":{\"@id\":\"https:\\\/\\\/avp.ro\\\/#organization\"},\"potentialAction\":[{\"@type\":\"SearchAction\",\"target\":{\"@type\":\"EntryPoint\",\"urlTemplate\":\"https:\\\/\\\/avp.ro\\\/?s={search_term_string}\"},\"query-input\":{\"@type\":\"PropertyValueSpecification\",\"valueRequired\":true,\"valueName\":\"search_term_string\"}}],\"inLanguage\":\"en-US\"},{\"@type\":\"Organization\",\"@id\":\"https:\\\/\\\/avp.ro\\\/#organization\",\"name\":\"Institutia Avocatul Poporului\",\"url\":\"https:\\\/\\\/avp.ro\\\/\",\"logo\":{\"@type\":\"ImageObject\",\"inLanguage\":\"en-US\",\"@id\":\"https:\\\/\\\/avp.ro\\\/#\\\/schema\\\/logo\\\/image\\\/\",\"url\":\"https:\\\/\\\/avp.ro\\\/wp-content\\\/uploads\\\/2020\\\/09\\\/cropped-AP.jpg\",\"contentUrl\":\"https:\\\/\\\/avp.ro\\\/wp-content\\\/uploads\\\/2020\\\/09\\\/cropped-AP.jpg\",\"width\":160,\"height\":146,\"caption\":\"Institutia Avocatul Poporului\"},\"image\":{\"@id\":\"https:\\\/\\\/avp.ro\\\/#\\\/schema\\\/logo\\\/image\\\/\"}}]}<\/script>\n<!-- \/ Yoast SEO plugin. -->","yoast_head_json":{"title":"CENTRE PENTRU PERSOANE ADULTE CU DIZABILIT\u0102\u021aI 2022 - Institu\u021bia Avocatul Poporului","robots":{"index":"index","follow":"follow","max-snippet":"max-snippet:-1","max-image-preview":"max-image-preview:large","max-video-preview":"max-video-preview:-1"},"canonical":"https:\/\/avp.ro\/index.php\/centre-pentru-persoane-adulte-cu-dizabilitati-2022\/","og_locale":"en_US","og_type":"article","og_title":"CENTRE PENTRU PERSOANE ADULTE CU DIZABILIT\u0102\u021aI 2022 - Institu\u021bia Avocatul Poporului","og_description":"&nbsp; CENTRE PENTRU PERSOANE ADULTE CU DIZABILIT\u0102\u021aI &nbsp; 6.Raportul privind vizita desf\u0103\u0219urat\u0103 la Centrul de \u00cengrijire \u0219i Asisten\u021b\u0103 Poienile de Sub Munte, jude\u021bul Maramure\u0219 -R\u0103spunsul Centrului de \u00cengrijire \u0219i Asisten\u021b\u0103&hellip;","og_url":"https:\/\/avp.ro\/index.php\/centre-pentru-persoane-adulte-cu-dizabilitati-2022\/","og_site_name":"Institu\u021bia Avocatul Poporului","article_modified_time":"2024-01-05T15:24:05+00:00","twitter_card":"summary_large_image","twitter_misc":{"Est. reading time":"1 minute"},"schema":{"@context":"https:\/\/schema.org","@graph":[{"@type":"WebPage","@id":"https:\/\/avp.ro\/index.php\/centre-pentru-persoane-adulte-cu-dizabilitati-2022\/","url":"https:\/\/avp.ro\/index.php\/centre-pentru-persoane-adulte-cu-dizabilitati-2022\/","name":"CENTRE PENTRU PERSOANE ADULTE CU DIZABILIT\u0102\u021aI 2022 - Institu\u021bia Avocatul Poporului","isPartOf":{"@id":"https:\/\/avp.ro\/#website"},"datePublished":"2022-02-16T09:56:18+00:00","dateModified":"2024-01-05T15:24:05+00:00","breadcrumb":{"@id":"https:\/\/avp.ro\/index.php\/centre-pentru-persoane-adulte-cu-dizabilitati-2022\/#breadcrumb"},"inLanguage":"en-US","potentialAction":[{"@type":"ReadAction","target":["https:\/\/avp.ro\/index.php\/centre-pentru-persoane-adulte-cu-dizabilitati-2022\/"]}]},{"@type":"BreadcrumbList","@id":"https:\/\/avp.ro\/index.php\/centre-pentru-persoane-adulte-cu-dizabilitati-2022\/#breadcrumb","itemListElement":[{"@type":"ListItem","position":1,"name":"Home","item":"https:\/\/avp.ro\/"},{"@type":"ListItem","position":2,"name":"CENTRE PENTRU PERSOANE ADULTE CU DIZABILIT\u0102\u021aI 2022"}]},{"@type":"WebSite","@id":"https:\/\/avp.ro\/#website","url":"https:\/\/avp.ro\/","name":"Institu\u021bia Avocatul Poporului","description":"People\u2019s Advocate institution - Office of the Ombudsman","publisher":{"@id":"https:\/\/avp.ro\/#organization"},"potentialAction":[{"@type":"SearchAction","target":{"@type":"EntryPoint","urlTemplate":"https:\/\/avp.ro\/?s={search_term_string}"},"query-input":{"@type":"PropertyValueSpecification","valueRequired":true,"valueName":"search_term_string"}}],"inLanguage":"en-US"},{"@type":"Organization","@id":"https:\/\/avp.ro\/#organization","name":"Institutia Avocatul Poporului","url":"https:\/\/avp.ro\/","logo":{"@type":"ImageObject","inLanguage":"en-US","@id":"https:\/\/avp.ro\/#\/schema\/logo\/image\/","url":"https:\/\/avp.ro\/wp-content\/uploads\/2020\/09\/cropped-AP.jpg","contentUrl":"https:\/\/avp.ro\/wp-content\/uploads\/2020\/09\/cropped-AP.jpg","width":160,"height":146,"caption":"Institutia Avocatul Poporului"},"image":{"@id":"https:\/\/avp.ro\/#\/schema\/logo\/image\/"}}]}},"_links":{"self":[{"href":"https:\/\/avp.ro\/index.php\/wp-json\/wp\/v2\/pages\/5439","targetHints":{"allow":["GET"]}}],"collection":[{"href":"https:\/\/avp.ro\/index.php\/wp-json\/wp\/v2\/pages"}],"about":[{"href":"https:\/\/avp.ro\/index.php\/wp-json\/wp\/v2\/types\/page"}],"author":[{"embeddable":true,"href":"https:\/\/avp.ro\/index.php\/wp-json\/wp\/v2\/users\/1"}],"replies":[{"embeddable":true,"href":"https:\/\/avp.ro\/index.php\/wp-json\/wp\/v2\/comments?post=5439"}],"version-history":[{"count":19,"href":"https:\/\/avp.ro\/index.php\/wp-json\/wp\/v2\/pages\/5439\/revisions"}],"predecessor-version":[{"id":10385,"href":"https:\/\/avp.ro\/index.php\/wp-json\/wp\/v2\/pages\/5439\/revisions\/10385"}],"wp:attachment":[{"href":"https:\/\/avp.ro\/index.php\/wp-json\/wp\/v2\/media?parent=5439"}],"curies":[{"name":"wp","href":"https:\/\/api.w.org\/{rel}","templated":true}]}}