{"id":6620,"date":"2022-07-06T12:47:21","date_gmt":"2022-07-06T10:47:21","guid":{"rendered":"https:\/\/avp.ro\/?page_id=6620"},"modified":"2022-12-13T10:34:11","modified_gmt":"2022-12-13T08:34:11","slug":"declaratii-de-avere-si-interese-2022","status":"publish","type":"page","link":"https:\/\/avp.ro\/index.php\/declaratii-de-avere-si-interese-2022\/","title":{"rendered":"Declara\u021bii de avere \u0219i interese 2022"},"content":{"rendered":"<p>&nbsp;<\/p>\n<p>&nbsp;<\/p>\n<table width=\"399\">\n<tbody>\n<tr>\n<td><span style=\"color: #000080;\"><strong>NUME \u0218I PRENUME<\/strong><\/span><\/td>\n<td><span style=\"color: #000080;\"><strong><em>AN<\/em><\/strong><strong><em><br \/>\n<\/em><\/strong><\/span><\/td>\n<\/tr>\n<tr>\n<td><span style=\"color: #000080;\">ACATRINEI IULIA MONICA<\/span><\/td>\n<td><a href=\"https:\/\/avp.ro\/wp-content\/uploads\/2022\/07\/acatrineimonica2022.pdf\">2022<\/a><\/td>\n<\/tr>\n<tr>\n<td><span style=\"color: #000080;\">ANGHEL ELENA<\/span><\/td>\n<td><a href=\"https:\/\/avp.ro\/wp-content\/uploads\/2022\/07\/anghelelena2022.pdf\">2022<\/a><\/td>\n<\/tr>\n<tr>\n<td><span style=\"color: #000080;\">ANGHEL VASILE<\/span><\/td>\n<td><span style=\"color: #000080;\">2022<\/span><\/td>\n<\/tr>\n<tr>\n<td><span style=\"color: #000080;\">ANTONIC\u0102 CARMEN MONA-LISSA<\/span><\/td>\n<td><a href=\"https:\/\/avp.ro\/wp-content\/uploads\/2022\/07\/antonicacarmen2022.pdf\">2022<\/a><\/td>\n<\/tr>\n<tr>\n<td><span style=\"color: #000080;\">ARON ANGELA ALINA<\/span><\/td>\n<td><a href=\"https:\/\/avp.ro\/wp-content\/uploads\/2022\/07\/aronalina2022.pdf\">2022<\/a><\/td>\n<\/tr>\n<tr>\n<td><span style=\"color: #000080;\">AVRAMESCU LUMINI\u0162A<\/span><\/td>\n<td><a href=\"https:\/\/avp.ro\/wp-content\/uploads\/2022\/07\/avramesculuminita2022.pdf\">2022<\/a><\/td>\n<\/tr>\n<tr>\n<td><span style=\"color: #000080;\">B\u0102DE\u021aOIU FLORENTINA C\u0102T\u0102LINA<\/span><\/td>\n<td><a href=\"https:\/\/avp.ro\/wp-content\/uploads\/2022\/07\/badetoiuflorentina2022.pdf\">2022<\/a><\/td>\n<\/tr>\n<tr>\n<td><span style=\"color: #000080;\">B\u0102ICOIANU ANDREEA<\/span><\/td>\n<td><a href=\"https:\/\/avp.ro\/wp-content\/uploads\/2022\/07\/baicoianuandreea2022.pdf\">2022<\/a><\/td>\n<\/tr>\n<tr>\n<td><span style=\"color: #000080;\">B\u0102LAN DRAGO\u0218-GELU<\/span><\/td>\n<td><a href=\"https:\/\/avp.ro\/wp-content\/uploads\/2022\/07\/balandragos2022.pdf\">2022<\/a><\/td>\n<\/tr>\n<tr>\n<td><span style=\"color: #000080;\">B\u0102L\u0102NESCU ALEXANDRU<\/span><\/td>\n<td><a href=\"https:\/\/avp.ro\/wp-content\/uploads\/2022\/07\/balanescualexandru2022.pdf\">2022<\/a><\/td>\n<\/tr>\n<tr>\n<td><span style=\"color: #000080;\">BENIM MIHAELA<\/span><\/td>\n<td><a href=\"https:\/\/avp.ro\/wp-content\/uploads\/2022\/07\/benimmihaela2022.pdf\">2022<\/a><\/td>\n<\/tr>\n<tr>\n<td><span style=\"color: #000080;\">BERGHIAN ANA MARIA<\/span><\/td>\n<td><a href=\"https:\/\/avp.ro\/wp-content\/uploads\/2022\/07\/berghianana2022.pdf\">2022<\/a><\/td>\n<\/tr>\n<tr>\n<td><span style=\"color: #000080;\">BONTEA LAVINIA MARIA<\/span><\/td>\n<td><a href=\"https:\/\/avp.ro\/wp-content\/uploads\/2022\/12\/bontealavinia2022.pdf\">2022<\/a><\/td>\n<\/tr>\n<tr>\n<td><span style=\"color: #000080;\">BOTIN\u0102 M\u0102D\u0102LINA<\/span><\/td>\n<td><a href=\"https:\/\/avp.ro\/wp-content\/uploads\/2022\/07\/botinamadalina2022.pdf\">2022<\/a><\/td>\n<\/tr>\n<tr>\n<td><span style=\"color: #000080;\">BUDACEA PETRONELA<\/span><\/td>\n<td><a href=\"https:\/\/avp.ro\/wp-content\/uploads\/2022\/07\/budaceapetronela2022.pdf\">2022<\/a><\/td>\n<\/tr>\n<tr>\n<td><span style=\"color: #000080;\">BURUEAN\u0102 CATINCA<\/span><\/td>\n<td><a href=\"https:\/\/avp.ro\/wp-content\/uploads\/2022\/07\/burueanacatinca2022.pdf\">2022<\/a><\/td>\n<\/tr>\n<tr>\n<td><span style=\"color: #000080;\">BUSUIOC\u00a0 ROMEO<\/span><\/td>\n<td><a href=\"https:\/\/avp.ro\/wp-content\/uploads\/2022\/07\/busuiocromeo2022.pdf\">2022<\/a><\/td>\n<\/tr>\n<tr>\n<td><span style=\"color: #000080;\">BUTA\u00a0 IULIANA RODICA<\/span><\/td>\n<td><a href=\"https:\/\/avp.ro\/wp-content\/uploads\/2022\/07\/butaiuliana2022.pdf\">2022<\/a><\/td>\n<\/tr>\n<tr>\n<td><span style=\"color: #000080;\">CERNAVODEANU IZABELA<\/span><\/td>\n<td><a href=\"https:\/\/avp.ro\/wp-content\/uploads\/2022\/07\/cernavodeanuizabela2022.pdf\">2022<\/a><\/td>\n<\/tr>\n<tr>\n<td><span style=\"color: #000080;\">CINAZAN TEODOR ALIN<\/span><\/td>\n<td><a href=\"https:\/\/avp.ro\/wp-content\/uploads\/2022\/07\/cinazanalin2022.pdf\">2022<\/a><\/td>\n<\/tr>\n<tr>\n<td><span style=\"color: #000080;\">CIOROGARIU DORICA-VIORICA<\/span><\/td>\n<td><a href=\"https:\/\/avp.ro\/wp-content\/uploads\/2022\/07\/ciorogariudorica2022.pdf\">2022<\/a><\/td>\n<\/tr>\n<tr>\n<td><span style=\"color: #000080;\">CIUCIU IOANA<\/span><\/td>\n<td><a href=\"https:\/\/avp.ro\/wp-content\/uploads\/2022\/07\/ciuciuioana2022.pdf\">2022<\/a><\/td>\n<\/tr>\n<tr>\n<td><span style=\"color: #000080;\">C\u00ceMPEAN MARIA ALEXANDRA<\/span><\/td>\n<td><a href=\"https:\/\/avp.ro\/wp-content\/uploads\/2022\/07\/cimpeanmaria2022.pdf\">2022<\/a><\/td>\n<\/tr>\n<tr>\n<td><span style=\"color: #000080;\">C\u00ceRJAN ANDREEA-NECTARA<\/span><\/td>\n<td><a href=\"https:\/\/avp.ro\/wp-content\/uploads\/2022\/07\/cirjanandreea2022.pdf\">2022<\/a><\/td>\n<\/tr>\n<tr>\n<td><span style=\"color: #000080;\">CHIOREAN LAURA GILDA<\/span><\/td>\n<td><a href=\"https:\/\/avp.ro\/wp-content\/uploads\/2022\/07\/chioreanlaura2022.pdf\">2022<\/a><\/td>\n<\/tr>\n<tr>\n<td><span style=\"color: #000080;\">CORDO\u0218 DRAGO\u0218 VIRGIL<\/span><\/td>\n<td><a href=\"https:\/\/avp.ro\/wp-content\/uploads\/2022\/07\/cordosdragos2022.pdf\">2022<\/a><\/td>\n<\/tr>\n<tr>\n<td><span style=\"color: #000080;\">CHIROAB\u0102 IVAN\u00a0IONELA<br \/>\n<\/span><\/td>\n<td><a href=\"https:\/\/avp.ro\/wp-content\/uploads\/2022\/07\/ivanchiroabaionela2022.pdf\">2022<\/a><\/td>\n<\/tr>\n<tr>\n<td><span style=\"color: #000080;\">CHI\u021aAN DUMITRI\u021aA LAURA<\/span><\/td>\n<td><a href=\"https:\/\/avp.ro\/wp-content\/uploads\/2022\/07\/chitanlaura2022.pdf\">2022<\/a><\/td>\n<\/tr>\n<tr>\n<td><span style=\"color: #000080;\">CIOBOT\u0102 EUGEN<\/span><\/td>\n<td><a href=\"https:\/\/avp.ro\/wp-content\/uploads\/2022\/07\/ciobotaeugen2022.pdf\">2022<\/a><\/td>\n<\/tr>\n<tr>\n<td><span style=\"color: #000080;\">CLAIN LUMINI\u021aA<\/span><\/td>\n<td><a href=\"https:\/\/avp.ro\/wp-content\/uploads\/2022\/07\/clainluminita2022.pdf\">2022<\/a><\/td>\n<\/tr>\n<tr>\n<td><span style=\"color: #000080;\">CONSTANTIN CLAUDIU<\/span><\/td>\n<td><a href=\"https:\/\/avp.ro\/wp-content\/uploads\/2022\/07\/constantinclaudiu2022.pdf\">2022<\/a><\/td>\n<\/tr>\n<tr>\n<td><span style=\"color: #000080;\">CONSTANTINESCU NICOLETA<\/span><\/td>\n<td><a href=\"https:\/\/avp.ro\/wp-content\/uploads\/2022\/07\/constantinescunicoleta2022.pdf\">2022<\/a><\/td>\n<\/tr>\n<tr>\n<td><span style=\"color: #000080;\">COPORAN MARIANA<\/span><\/td>\n<td><a href=\"https:\/\/avp.ro\/wp-content\/uploads\/2022\/07\/coporanmariana2022.pdf\">2022<\/a><\/td>\n<\/tr>\n<tr>\n<td><span style=\"color: #000080;\">COR CORNELIA<\/span><\/td>\n<td><a href=\"https:\/\/avp.ro\/wp-content\/uploads\/2022\/07\/corcornelia2022.pdf\">2022<\/a><\/td>\n<\/tr>\n<tr>\n<td><span style=\"color: #000080;\">COT\u00ceRLAN PETRU TIBERIU<\/span><\/td>\n<td><a href=\"https:\/\/avp.ro\/wp-content\/uploads\/2022\/07\/cotirlantiberiu2022.pdf\">2022<\/a><\/td>\n<\/tr>\n<tr>\n<td><span style=\"color: #000080;\">COZMA CARLA CARMINA<\/span><\/td>\n<td><a href=\"https:\/\/avp.ro\/wp-content\/uploads\/2022\/07\/cozmacarla2022.pdf\">2022<\/a><\/td>\n<\/tr>\n<tr>\n<td><span style=\"color: #000080;\">CR\u0102CIUNESCU LIGIA<\/span><\/td>\n<td><a href=\"https:\/\/avp.ro\/wp-content\/uploads\/2022\/07\/craciunesculigia2022.pdf\">2022<\/a><\/td>\n<\/tr>\n<tr>\n<td><span style=\"color: #000080;\">CRISTE MIRCEA<\/span><\/td>\n<td><a href=\"https:\/\/avp.ro\/wp-content\/uploads\/2022\/07\/cristemircea2022.pdf\">2022<\/a><\/td>\n<\/tr>\n<tr>\n<td><span style=\"color: #000080;\">CRISTEA VIRGIL CRISTIAN<\/span><\/td>\n<td><a href=\"https:\/\/avp.ro\/wp-content\/uploads\/2022\/07\/cristeacristian2022.pdf\">2022<\/a><\/td>\n<\/tr>\n<tr>\n<td><span style=\"color: #000080;\">CRISTIAN CAMELIA<\/span><\/td>\n<td><a href=\"https:\/\/avp.ro\/wp-content\/uploads\/2022\/07\/cristiancamelia2022.pdf\">2022<\/a><\/td>\n<\/tr>\n<tr>\n<td><span style=\"color: #000080;\">CROITORU MARIAN<\/span><\/td>\n<td><a href=\"https:\/\/avp.ro\/wp-content\/uploads\/2022\/07\/croitorumarian2022.pdf\">2022<\/a><\/td>\n<\/tr>\n<tr>\n<td><span style=\"color: #000080;\">DAVID ELENA DORINA<\/span><\/td>\n<td><a href=\"https:\/\/avp.ro\/wp-content\/uploads\/2022\/07\/daviddorina2022.pdf\">2022<\/a><\/td>\n<\/tr>\n<tr>\n<td><span style=\"color: #000080;\">DINU C\u0102T\u0102LINA GEORGETA<\/span><\/td>\n<td><span style=\"color: #000080;\">2022<\/span><\/td>\n<\/tr>\n<tr>\n<td><span style=\"color: #000080;\">DINU EUGEN<\/span><\/td>\n<td><span style=\"color: #000080;\">2022<\/span><\/td>\n<\/tr>\n<tr>\n<td><span style=\"color: #000080;\">DOBRE GABRIELA<\/span><\/td>\n<td><a href=\"https:\/\/avp.ro\/wp-content\/uploads\/2022\/07\/dobregabriela2022.pdf\">2022<\/a><\/td>\n<\/tr>\n<tr>\n<td><span style=\"color: #000080;\">DRAGAN SORINA LUCRE\u0162IA<\/span><\/td>\n<td><a href=\"https:\/\/avp.ro\/wp-content\/uploads\/2022\/07\/dragansorina2022.pdf\">2022<\/a><\/td>\n<\/tr>\n<tr>\n<td><span style=\"color: #000080;\">DR\u0102CEA\u00a0ALEXANDRA IOANA<\/span><\/td>\n<td><span style=\"color: #000080;\">2022<\/span><\/td>\n<\/tr>\n<tr>\n<td><span style=\"color: #000080;\">DUMITRU DELIA-ANA-MARIA<\/span><\/td>\n<td><a href=\"https:\/\/avp.ro\/wp-content\/uploads\/2022\/07\/dumitrudelia2022.pdf\">2022<\/a><\/td>\n<\/tr>\n<tr>\n<td><span style=\"color: #000080;\">DURL\u0102 MONICA ELENA<\/span><\/td>\n<td><a href=\"https:\/\/avp.ro\/wp-content\/uploads\/2022\/07\/durlamonica2022.pdf\">2022<\/a><\/td>\n<\/tr>\n<tr>\n<td><span style=\"color: #000080;\">EFENDI LEVENT<\/span><\/td>\n<td><a href=\"https:\/\/avp.ro\/wp-content\/uploads\/2022\/07\/efendilevent2022.pdf\">2022<\/a><\/td>\n<\/tr>\n<tr>\n<td><span style=\"color: #000080;\">EMANDI SIMONA<\/span><\/td>\n<td><a href=\"https:\/\/avp.ro\/wp-content\/uploads\/2022\/07\/emandisimona2022.pdf\">2022<\/a><\/td>\n<\/tr>\n<tr>\n<td><span style=\"color: #000080;\">ENACHE IOANA<\/span><\/td>\n<td><a href=\"https:\/\/avp.ro\/wp-content\/uploads\/2022\/07\/enacheioana2022.pdf\">2022<\/a><\/td>\n<\/tr>\n<tr>\n<td><span style=\"color: #000080;\">ENACHE MIHAELA<\/span><\/td>\n<td><a href=\"https:\/\/avp.ro\/wp-content\/uploads\/2022\/07\/enachemihaela2022.pdf\">2022<\/a><\/td>\n<\/tr>\n<tr>\n<td><span style=\"color: #000080;\">FLORESCU ECATERINA<\/span><\/td>\n<td><a href=\"https:\/\/avp.ro\/wp-content\/uploads\/2022\/07\/florescuecaterina2022.pdf\">2022<\/a><\/td>\n<\/tr>\n<tr>\n<td><span style=\"color: #000080;\">FRIMU ILEANA<\/span><\/td>\n<td><a href=\"https:\/\/avp.ro\/wp-content\/uploads\/2022\/07\/frimuileana2022.pdf\">2022<\/a><\/td>\n<\/tr>\n<tr>\n<td><span style=\"color: #000080;\">GAVRIL\u0102 DENIS ROXANA<\/span><\/td>\n<td><a href=\"https:\/\/avp.ro\/wp-content\/uploads\/2022\/07\/gavrilaroxana2022.pdf\">2022<\/a><\/td>\n<\/tr>\n<tr>\n<td><span style=\"color: #000080;\">G\u00c2NF\u0102LEAN IOAN<\/span><\/td>\n<td><a href=\"https:\/\/avp.ro\/wp-content\/uploads\/2022\/07\/ganfaleanioan2022.pdf\">2022<\/a><\/td>\n<\/tr>\n<tr>\n<td><span style=\"color: #000080;\">GHEORGHIU ANDA<\/span><\/td>\n<td><a href=\"https:\/\/avp.ro\/wp-content\/uploads\/2022\/07\/gheorghiuanda2022.pdf\">2022<\/a><\/td>\n<\/tr>\n<tr>\n<td><span style=\"color: #000080;\">GHERGHINA REMUS<\/span><\/td>\n<td><a href=\"https:\/\/avp.ro\/wp-content\/uploads\/2022\/07\/gherghinamarius2022.pdf\">2022<\/a><\/td>\n<\/tr>\n<tr>\n<td><span style=\"color: #000080;\">GLODARIU ELENA<\/span><\/td>\n<td><a href=\"https:\/\/avp.ro\/wp-content\/uploads\/2022\/07\/glodariuelena2022.pdf\">2022<\/a><\/td>\n<\/tr>\n<tr>\n<td><span style=\"color: #000080;\">GRIGORE GEORGE<\/span><\/td>\n<td><a href=\"https:\/\/avp.ro\/wp-content\/uploads\/2022\/07\/grigoregeorge2022.pdf\">2022<\/a><\/td>\n<\/tr>\n<tr>\n<td><span style=\"color: #000080;\">HEROI CLEOPATRA<\/span><\/td>\n<td><a href=\"https:\/\/avp.ro\/wp-content\/uploads\/2022\/07\/heroicleopatra2022.pdf\">2022<\/a><\/td>\n<\/tr>\n<tr>\n<td><span style=\"color: #000080;\">IEKEL PAULA ANDREEA<\/span><\/td>\n<td><a href=\"https:\/\/avp.ro\/wp-content\/uploads\/2022\/07\/iekelpaula2022.pdf\">2022<\/a><\/td>\n<\/tr>\n<tr>\n<td><span style=\"color: #000080;\">ILIE CARMEN FLORIANA<\/span><\/td>\n<td><a href=\"https:\/\/avp.ro\/wp-content\/uploads\/2022\/07\/iliecarmen2022.pdf\">2022<\/a><\/td>\n<\/tr>\n<tr>\n<td><span style=\"color: #000080;\">ILIESCU CARMEN LOREDANA<\/span><\/td>\n<td><span style=\"color: #000080;\">2022<\/span><\/td>\n<\/tr>\n<tr>\n<td><span style=\"color: #000080;\">IOJA ADINA-MONICA<\/span><\/td>\n<td><a href=\"https:\/\/avp.ro\/wp-content\/uploads\/2022\/07\/iojamonica2022.pdf\">2022<\/a><\/td>\n<\/tr>\n<tr>\n<td><span style=\"color: #000080;\">IONESCU ION<\/span><\/td>\n<td><a href=\"https:\/\/avp.ro\/wp-content\/uploads\/2022\/07\/ionescuion2022.pdf\">2022<\/a><\/td>\n<\/tr>\n<tr>\n<td><span style=\"color: #000080;\">KELEMEN AGOTHA-GYOPAR<\/span><\/td>\n<td><a href=\"https:\/\/avp.ro\/wp-content\/uploads\/2022\/07\/kelemenagotha2022.pdf\">2022<\/a><\/td>\n<\/tr>\n<tr>\n<td><span style=\"color: #000080;\">LEP\u0102DATU MARIA<\/span><\/td>\n<td><a href=\"https:\/\/avp.ro\/wp-content\/uploads\/2022\/07\/lepadatumaria2022.pdf\">2022<\/a><\/td>\n<\/tr>\n<tr>\n<td><span style=\"color: #000080;\">LICSANDRU VALENTINA<\/span><\/td>\n<td><a href=\"https:\/\/avp.ro\/wp-content\/uploads\/2022\/07\/licsandruvalentina2022.pdf\">2022<\/a><\/td>\n<\/tr>\n<tr>\n<td><span style=\"color: #000080;\">LUCA LAURA ALINA<\/span><\/td>\n<td><a href=\"https:\/\/avp.ro\/wp-content\/uploads\/2022\/07\/lucaalina2022.pdf\">2022<\/a><\/td>\n<\/tr>\n<tr>\n<td><span style=\"color: #000080;\">MANDIUC CARMEN GEORGETA<\/span><\/td>\n<td><a href=\"https:\/\/avp.ro\/wp-content\/uploads\/2022\/07\/mandiuccarmen2022.pdf\">2022<\/a><\/td>\n<\/tr>\n<tr>\n<td><span style=\"color: #000080;\">MARCU ROXANA<\/span><\/td>\n<td><a href=\"https:\/\/avp.ro\/wp-content\/uploads\/2022\/07\/marcuroxana2022.pdf\">2022<\/a><\/td>\n<\/tr>\n<tr>\n<td><span style=\"color: #000080;\">MATEI FLORENTIN COSTEL<\/span><\/td>\n<td><a href=\"https:\/\/avp.ro\/wp-content\/uploads\/2022\/07\/mateiflorentin2022.pdf\">2022<\/a><\/td>\n<\/tr>\n<tr>\n<td><span style=\"color: #000080;\">MATEJEZUK RADU CORNEL<\/span><\/td>\n<td><a href=\"https:\/\/avp.ro\/wp-content\/uploads\/2022\/07\/matejezukradu2022.pdf\">2022<\/a><\/td>\n<\/tr>\n<tr>\n<td><span style=\"color: #000080;\">M\u0102L\u0102ESCU MARIA MIRABELA<\/span><\/td>\n<td><a href=\"https:\/\/avp.ro\/wp-content\/uploads\/2022\/07\/malaescumirabela2022.pdf\">2022<\/a><\/td>\n<\/tr>\n<tr>\n<td><span style=\"color: #000080;\">MIH\u0102ILESCU FLORIN<\/span><\/td>\n<td><a href=\"https:\/\/avp.ro\/wp-content\/uploads\/2022\/07\/mihailescuflorin2022.pdf\">2022<\/a><\/td>\n<\/tr>\n<tr>\n<td><span style=\"color: #000080;\">MIREA ECATERINA<\/span><\/td>\n<td><a href=\"https:\/\/avp.ro\/wp-content\/uploads\/2022\/07\/mireaecaterina2022.pdf\">2022<\/a><\/td>\n<\/tr>\n<tr>\n<td><span style=\"color: #000080;\">MITRACHE RALUCA IOANA<\/span><\/td>\n<td><a href=\"https:\/\/avp.ro\/wp-content\/uploads\/2022\/07\/mitracheraluca2022.pdf\">2022<\/a><\/td>\n<\/tr>\n<tr>\n<td><span style=\"color: #000080;\">MOISE AURELIA-IOANA<\/span><\/td>\n<td><a href=\"https:\/\/avp.ro\/wp-content\/uploads\/2022\/07\/moiseaurelia2022.pdf\">2022<\/a><\/td>\n<\/tr>\n<tr>\n<td><span style=\"color: #000080;\">MOLDOVAN CRISTINA VALENTINA<\/span><\/td>\n<td><a href=\"https:\/\/avp.ro\/wp-content\/uploads\/2022\/07\/moldovancristina2022.pdf\">2022<\/a><\/td>\n<\/tr>\n<tr>\n<td><span style=\"color: #000080;\">MOLNAR ZSOLT<\/span><\/td>\n<td><a href=\"https:\/\/avp.ro\/wp-content\/uploads\/2022\/07\/molnarzsolt2022.pdf\">2022<\/a><\/td>\n<\/tr>\n<tr>\n<td><span style=\"color: #000080;\">MO\u0218OIU LUCIAN<\/span><\/td>\n<td><a href=\"https:\/\/avp.ro\/wp-content\/uploads\/2022\/07\/mosoiulucian2022.pdf\">2022<\/a><\/td>\n<\/tr>\n<tr>\n<td><span style=\"color: #000080;\">NEDEA FELICIA<\/span><\/td>\n<td><a href=\"https:\/\/avp.ro\/wp-content\/uploads\/2022\/07\/nedeafelicia2022.pdf\">2022<\/a><\/td>\n<\/tr>\n<tr>\n<td><span style=\"color: #000080;\">NICOLAE IONEL<\/span><\/td>\n<td><a href=\"https:\/\/avp.ro\/wp-content\/uploads\/2022\/07\/nicolaeionel2022.pdf\">2022<\/a><\/td>\n<\/tr>\n<tr>\n<td><span style=\"color: #000080;\">NICOLESCU VANESA<\/span><\/td>\n<td><a href=\"https:\/\/avp.ro\/wp-content\/uploads\/2022\/07\/nicolescuvanesa2022.pdf\">2022<\/a><\/td>\n<\/tr>\n<tr>\n<td><span style=\"color: #000080;\">NICULESCU VIOLETA<\/span><\/td>\n<td><a href=\"https:\/\/avp.ro\/wp-content\/uploads\/2022\/07\/niculescuvioleta2022.pdf\">2022<\/a><\/td>\n<\/tr>\n<tr>\n<td><span style=\"color: #000080;\">OLAH-AVRAM ALINA LAURA<\/span><\/td>\n<td><a href=\"https:\/\/avp.ro\/wp-content\/uploads\/2022\/07\/olahavramalina2022.pdf\">2022<\/a><\/td>\n<\/tr>\n<tr>\n<td><span style=\"color: #000080;\">P\u0102DURARU IULIANA<\/span><\/td>\n<td><a href=\"https:\/\/avp.ro\/wp-content\/uploads\/2022\/07\/paduraruiuliana2022.pdf\">2022<\/a><\/td>\n<\/tr>\n<tr>\n<td><span style=\"color: #000080;\">PANGRATE ALINA GEORGIANA<\/span><\/td>\n<td><a href=\"https:\/\/avp.ro\/wp-content\/uploads\/2022\/07\/pangratealina2022.pdf\">2022<\/a><\/td>\n<\/tr>\n<tr>\n<td><span style=\"color: #000080;\">PANTI\u015e MIA DANIELA<\/span><\/td>\n<td><a href=\"https:\/\/avp.ro\/wp-content\/uploads\/2022\/07\/pantismia2022.pdf\">2022<\/a><\/td>\n<\/tr>\n<tr>\n<td><span style=\"color: #000080;\">PASCU CRISTINA<\/span><\/td>\n<td><a href=\"https:\/\/avp.ro\/wp-content\/uploads\/2022\/07\/pascucristina2022.pdf\">2022<\/a><\/td>\n<\/tr>\n<tr>\n<td><span style=\"color: #000080;\">P\u0102V\u0102LEANU BEANCA<\/span><\/td>\n<td><a href=\"https:\/\/avp.ro\/wp-content\/uploads\/2022\/07\/pavaleanubeanca2022.pdf\">2022<\/a><\/td>\n<\/tr>\n<tr>\n<td><span style=\"color: #000080;\">PLAVE\u021a ANDREI<\/span><\/td>\n<td><a href=\"https:\/\/avp.ro\/wp-content\/uploads\/2022\/07\/plavetandrei2022.pdf\">2022<\/a><\/td>\n<\/tr>\n<tr>\n<td><span style=\"color: #000080;\">POPESCU NELA<\/span><\/td>\n<td><a href=\"https:\/\/avp.ro\/wp-content\/uploads\/2022\/07\/popeascunela2022.pdf\">2022<\/a><\/td>\n<\/tr>\n<tr>\n<td><span style=\"color: #000080;\">POPESCU MAGDALENA GABRIELA<\/span><\/td>\n<td><a href=\"https:\/\/avp.ro\/wp-content\/uploads\/2022\/07\/popescumagdalena.pdf\">2022<\/a><\/td>\n<\/tr>\n<tr>\n<td><span style=\"color: #000080;\">PORTASE NECULA LUIZA<\/span><\/td>\n<td><a href=\"https:\/\/avp.ro\/wp-content\/uploads\/2022\/07\/portaseluiza2022.pdf\">2022<\/a><\/td>\n<\/tr>\n<tr>\n<td><span style=\"color: #000080;\">RADU GABRIEL-C\u0102T\u0102LIN<\/span><\/td>\n<td><span style=\"color: #000080;\">2022<\/span><\/td>\n<\/tr>\n<tr>\n<td><span style=\"color: #000080;\">R\u0102DU\u021a MIHAELA<\/span><\/td>\n<td><a href=\"https:\/\/avp.ro\/wp-content\/uploads\/2022\/07\/radutmihaela2022.pdf\">2022<\/a><\/td>\n<\/tr>\n<tr>\n<td><span style=\"color: #000080;\">REGHINI CAMELIA<\/span><\/td>\n<td><a href=\"https:\/\/avp.ro\/wp-content\/uploads\/2022\/07\/reghinicamelia2022.pdf\">2022<\/a><\/td>\n<\/tr>\n<tr>\n<td><span style=\"color: #000080;\">RISTEA ANA DANIELA<\/span><\/td>\n<td><a href=\"https:\/\/avp.ro\/wp-content\/uploads\/2022\/07\/risteadaniela2022.pdf\">2022<\/a><\/td>\n<\/tr>\n<tr>\n<td><span style=\"color: #000080;\">RUSU OLIMPIA-CORNELIA<\/span><\/td>\n<td><a href=\"https:\/\/avp.ro\/wp-content\/uploads\/2022\/07\/rusuolimpia2022.pdf\">2022<\/a><\/td>\n<\/tr>\n<tr>\n<td><span style=\"color: #000080;\">SZABO CLAUDIA IOANA<\/span><\/td>\n<td><a href=\"https:\/\/avp.ro\/wp-content\/uploads\/2022\/07\/szaboclaudia2022.pdf\">2022<\/a><\/td>\n<\/tr>\n<tr>\n<td><span style=\"color: #000080;\">SCHIAU IOSIF MARIUS<\/span><\/td>\n<td><a href=\"https:\/\/avp.ro\/wp-content\/uploads\/2022\/07\/schiaumarius2022.pdf\">2022<\/a><\/td>\n<\/tr>\n<tr>\n<td><span style=\"color: #000080;\">SCOROBETE ION FLORIN<\/span><\/td>\n<td><a href=\"https:\/\/avp.ro\/wp-content\/uploads\/2022\/07\/scorobeteflorin2022.pdf\">2022<\/a><\/td>\n<\/tr>\n<tr>\n<td><span style=\"color: #000080;\">SILEANU LUCIA ADRIANA<\/span><\/td>\n<td><a href=\"https:\/\/avp.ro\/wp-content\/uploads\/2022\/07\/sileanuadriana2022.pdf\">2022<\/a><\/td>\n<\/tr>\n<tr>\n<td><span style=\"color: #000080;\">S\u00ceRBU MIHAELA<\/span><\/td>\n<td><a href=\"https:\/\/avp.ro\/wp-content\/uploads\/2022\/07\/sirbumihaela2022.pdf\">2022<\/a><\/td>\n<\/tr>\n<tr>\n<td><span style=\"color: #000080;\">S\u00ceRGHIE DOINA<\/span><\/td>\n<td><a href=\"https:\/\/avp.ro\/wp-content\/uploads\/2022\/07\/sirghiedoina2022.pdf\">2022<\/a><\/td>\n<\/tr>\n<tr>\n<td><span style=\"color: #000080;\">SLABU ELISABETA<\/span><\/td>\n<td><a href=\"https:\/\/avp.ro\/wp-content\/uploads\/2022\/07\/slabuelisabeta2022.pdf\">2022<\/a><\/td>\n<\/tr>\n<tr>\n<td><span style=\"color: #000080;\">SOBIESCHI DERER BEATRICE<\/span><\/td>\n<td><a href=\"https:\/\/avp.ro\/wp-content\/uploads\/2022\/07\/sobieschidererbeatrice2022.pdf\">2022<\/a><\/td>\n<\/tr>\n<tr>\n<td><span style=\"color: #000080;\">STAN GABRIELA LUCIA<\/span><\/td>\n<td><a href=\"https:\/\/avp.ro\/wp-content\/uploads\/2022\/07\/stangabriela2022.pdf\">2022<\/a><\/td>\n<\/tr>\n<tr>\n<td><span style=\"color: #000080;\">ST\u0102NCIULESCU MIHAELA<\/span><\/td>\n<td><a href=\"https:\/\/avp.ro\/wp-content\/uploads\/2022\/07\/stanciulescumihaela2022.pdf\">2022<\/a><\/td>\n<\/tr>\n<tr>\n<td><span style=\"color: #000080;\">ST\u00ceNGACIU BOGDAN<\/span><\/td>\n<td><a href=\"https:\/\/avp.ro\/wp-content\/uploads\/2022\/07\/stingaciubogdan2022.pdf\">2022<\/a><\/td>\n<\/tr>\n<tr>\n<td><span style=\"color: #000080;\">STOINEA DOINI\u021aA<\/span><\/td>\n<td><a href=\"https:\/\/avp.ro\/wp-content\/uploads\/2022\/07\/stoineadoinita2022.pdf\">2022<\/a><\/td>\n<\/tr>\n<tr>\n<td><span style=\"color: #000080;\">\u015eTEF\u0102NESCU MAGDA<\/span><\/td>\n<td><a href=\"https:\/\/avp.ro\/wp-content\/uploads\/2022\/07\/stefanescumagda2022.pdf\">2022<\/a><\/td>\n<\/tr>\n<tr>\n<td><span style=\"color: #000080;\">TACHE CRISTINA ELENA<\/span><\/td>\n<td><a href=\"https:\/\/avp.ro\/wp-content\/uploads\/2022\/07\/tachecristina2022.pdf\">2022<\/a><\/td>\n<\/tr>\n<tr>\n<td><span style=\"color: #000080;\">TARNOVE\u021aCHI COSMIN IONU\u021a<\/span><\/td>\n<td><span style=\"color: #000080;\">2022<\/span><\/td>\n<\/tr>\n<tr>\n<td><span style=\"color: #000080;\">T\u0102TARU IOANA CRISTIANA<\/span><\/td>\n<td><a href=\"https:\/\/avp.ro\/wp-content\/uploads\/2022\/07\/tatarucristiana2022.pdf\">2022<\/a><\/td>\n<\/tr>\n<tr>\n<td><span style=\"color: #000080;\">TILEA MIHAELA<\/span><\/td>\n<td><a href=\"https:\/\/avp.ro\/wp-content\/uploads\/2022\/07\/tileamihaela2022.pdf\">2022<\/a><\/td>\n<\/tr>\n<tr>\n<td><span style=\"color: #000080;\">TIMOFAN LINDA ZENOVIA<\/span><\/td>\n<td><a href=\"https:\/\/avp.ro\/wp-content\/uploads\/2022\/07\/timofanlinda2022.pdf\">2022<\/a><\/td>\n<\/tr>\n<tr>\n<td><span style=\"color: #000080;\">TRU\u0218CA ROBERT-DANIEL<\/span><\/td>\n<td><a href=\"https:\/\/avp.ro\/wp-content\/uploads\/2022\/07\/truscarobert2022.pdf\">2022<\/a><\/td>\n<\/tr>\n<tr>\n<td><span style=\"color: #000080;\">TUDOR IOAN<\/span><\/td>\n<td><a href=\"https:\/\/avp.ro\/wp-content\/uploads\/2022\/07\/tudrioan2022.pdf\">2022<\/a><\/td>\n<\/tr>\n<tr>\n<td><span style=\"color: #000080;\">TURTOI EMMA<\/span><\/td>\n<td><a href=\"https:\/\/avp.ro\/wp-content\/uploads\/2022\/07\/turtoiemma2022.pdf\">2022<\/a><\/td>\n<\/tr>\n<tr>\n<td><span style=\"color: #000080;\">VASILESCU NICOLETA<\/span><\/td>\n<td><a href=\"https:\/\/avp.ro\/wp-content\/uploads\/2022\/07\/vasilescunicoleta2022.pdf\">2022<\/a><\/td>\n<\/tr>\n<tr>\n<td><span style=\"color: #000080;\">VIJELIE SORIN<\/span><\/td>\n<td><a href=\"https:\/\/avp.ro\/wp-content\/uploads\/2022\/07\/vijeliesorin2022.pdf\">2022<\/a><\/td>\n<\/tr>\n<tr>\n<td><span style=\"color: #000080;\">V\u00ceRTOSU MATEI<\/span><\/td>\n<td><a href=\"https:\/\/avp.ro\/wp-content\/uploads\/2022\/07\/virtosumatei2022.pdf\">2022<\/a><\/td>\n<\/tr>\n<tr>\n<td><span style=\"color: #000080;\">VOICU NICOLAE<\/span><\/td>\n<td><a href=\"https:\/\/avp.ro\/wp-content\/uploads\/2022\/07\/voicunicolae2022.pdf\">2022<\/a><\/td>\n<\/tr>\n<tr>\n<td><span style=\"color: #000080;\">WEBER RENATE<\/span><\/td>\n<td><a href=\"https:\/\/avp.ro\/wp-content\/uploads\/2022\/07\/weberrenate2022.pdf\">2022<\/a><\/td>\n<\/tr>\n<tr>\n<td style=\"text-align: center;\"><span style=\"color: #ffffff;\">&#8230;<\/span><\/td>\n<td><\/td>\n<\/tr>\n<tr>\n<td style=\"text-align: center;\"><strong><span style=\"color: #808080;\">CABINETUL DEMNITARULUI<\/span><\/strong><\/td>\n<td><\/td>\n<\/tr>\n<tr>\n<td style=\"text-align: center;\"><span style=\"color: #ffffff;\">&#8230;<\/span><\/td>\n<td><\/td>\n<\/tr>\n<tr>\n<td><span style=\"color: #000080;\">OPREA <\/span>IONEL<\/td>\n<td><a href=\"https:\/\/avp.ro\/wp-content\/uploads\/2022\/07\/opreaionel2022.pdf\">2022<\/a><\/td>\n<\/tr>\n<tr>\n<td><span style=\"color: #000080;\">IOV\u0102NESCU <\/span>DANIEL<\/td>\n<td><a href=\"https:\/\/avp.ro\/wp-content\/uploads\/2022\/07\/iovanescudaniel2022.pdf\">2022<\/a><\/td>\n<\/tr>\n<tr>\n<td><span style=\"color: #000080;\">DINU <\/span>FLORIN<\/td>\n<td><a href=\"https:\/\/avp.ro\/wp-content\/uploads\/2022\/07\/dinuflorin2022.pdf\">2022<\/a><\/td>\n<\/tr>\n<tr>\n<td><span style=\"color: #000080;\">IORGA <\/span>MARIA<\/td>\n<td><a href=\"https:\/\/avp.ro\/wp-content\/uploads\/2022\/07\/iorgamaria2022.pdf\">2022<\/a><\/td>\n<\/tr>\n<tr>\n<td><span style=\"color: #000080;\">PARASCHIV MIRON STEFAN ANDREI<\/span><\/td>\n<td><a href=\"https:\/\/avp.ro\/wp-content\/uploads\/2022\/07\/paraschivstefan2022.pdf\">2022<\/a><\/td>\n<\/tr>\n<tr>\n<td colspan=\"2\"><\/td>\n<\/tr>\n<\/tbody>\n<\/table>\n<p>&nbsp;<\/p>\n<p>&nbsp;<\/p>\n","protected":false},"excerpt":{"rendered":"<p>&nbsp; &nbsp; NUME \u0218I PRENUME AN ACATRINEI IULIA MONICA 2022 ANGHEL ELENA 2022 ANGHEL VASILE 2022 ANTONIC\u0102 CARMEN MONA-LISSA 2022 ARON ANGELA ALINA 2022 AVRAMESCU LUMINI\u0162A 2022 B\u0102DE\u021aOIU FLORENTINA C\u0102T\u0102LINA&hellip; <\/p>\n","protected":false},"author":1,"featured_media":0,"parent":0,"menu_order":0,"comment_status":"closed","ping_status":"closed","template":"","meta":{"footnotes":""},"class_list":["post-6620","page","type-page","status-publish","hentry"],"yoast_head":"<!-- This site is optimized with the Yoast SEO plugin v27.4 - https:\/\/yoast.com\/product\/yoast-seo-wordpress\/ -->\n<title>Declara\u021bii de avere \u0219i interese 2022 - Institu\u021bia Avocatul Poporului<\/title>\n<meta name=\"robots\" content=\"index, follow, max-snippet:-1, max-image-preview:large, max-video-preview:-1\" \/>\n<link rel=\"canonical\" href=\"https:\/\/avp.ro\/index.php\/declaratii-de-avere-si-interese-2022\/\" \/>\n<meta property=\"og:locale\" content=\"en_US\" \/>\n<meta property=\"og:type\" content=\"article\" \/>\n<meta property=\"og:title\" content=\"Declara\u021bii de avere \u0219i interese 2022 - Institu\u021bia Avocatul Poporului\" \/>\n<meta property=\"og:description\" content=\"&nbsp; &nbsp; NUME \u0218I PRENUME AN ACATRINEI IULIA MONICA 2022 ANGHEL ELENA 2022 ANGHEL VASILE 2022 ANTONIC\u0102 CARMEN MONA-LISSA 2022 ARON ANGELA ALINA 2022 AVRAMESCU LUMINI\u0162A 2022 B\u0102DE\u021aOIU FLORENTINA C\u0102T\u0102LINA&hellip;\" \/>\n<meta property=\"og:url\" content=\"https:\/\/avp.ro\/index.php\/declaratii-de-avere-si-interese-2022\/\" \/>\n<meta property=\"og:site_name\" content=\"Institu\u021bia Avocatul Poporului\" \/>\n<meta property=\"article:modified_time\" content=\"2022-12-13T08:34:11+00:00\" \/>\n<meta name=\"twitter:card\" content=\"summary_large_image\" \/>\n<meta name=\"twitter:label1\" content=\"Est. reading time\" \/>\n\t<meta name=\"twitter:data1\" content=\"2 minutes\" \/>\n<script type=\"application\/ld+json\" class=\"yoast-schema-graph\">{\"@context\":\"https:\\\/\\\/schema.org\",\"@graph\":[{\"@type\":\"WebPage\",\"@id\":\"https:\\\/\\\/avp.ro\\\/index.php\\\/declaratii-de-avere-si-interese-2022\\\/\",\"url\":\"https:\\\/\\\/avp.ro\\\/index.php\\\/declaratii-de-avere-si-interese-2022\\\/\",\"name\":\"Declara\u021bii de avere \u0219i interese 2022 - Institu\u021bia Avocatul Poporului\",\"isPartOf\":{\"@id\":\"https:\\\/\\\/avp.ro\\\/#website\"},\"datePublished\":\"2022-07-06T10:47:21+00:00\",\"dateModified\":\"2022-12-13T08:34:11+00:00\",\"breadcrumb\":{\"@id\":\"https:\\\/\\\/avp.ro\\\/index.php\\\/declaratii-de-avere-si-interese-2022\\\/#breadcrumb\"},\"inLanguage\":\"en-US\",\"potentialAction\":[{\"@type\":\"ReadAction\",\"target\":[\"https:\\\/\\\/avp.ro\\\/index.php\\\/declaratii-de-avere-si-interese-2022\\\/\"]}]},{\"@type\":\"BreadcrumbList\",\"@id\":\"https:\\\/\\\/avp.ro\\\/index.php\\\/declaratii-de-avere-si-interese-2022\\\/#breadcrumb\",\"itemListElement\":[{\"@type\":\"ListItem\",\"position\":1,\"name\":\"Home\",\"item\":\"https:\\\/\\\/avp.ro\\\/\"},{\"@type\":\"ListItem\",\"position\":2,\"name\":\"Declara\u021bii de avere \u0219i interese 2022\"}]},{\"@type\":\"WebSite\",\"@id\":\"https:\\\/\\\/avp.ro\\\/#website\",\"url\":\"https:\\\/\\\/avp.ro\\\/\",\"name\":\"Institu\u021bia Avocatul Poporului\",\"description\":\"People\u2019s Advocate institution - Office of the Ombudsman\",\"publisher\":{\"@id\":\"https:\\\/\\\/avp.ro\\\/#organization\"},\"potentialAction\":[{\"@type\":\"SearchAction\",\"target\":{\"@type\":\"EntryPoint\",\"urlTemplate\":\"https:\\\/\\\/avp.ro\\\/?s={search_term_string}\"},\"query-input\":{\"@type\":\"PropertyValueSpecification\",\"valueRequired\":true,\"valueName\":\"search_term_string\"}}],\"inLanguage\":\"en-US\"},{\"@type\":\"Organization\",\"@id\":\"https:\\\/\\\/avp.ro\\\/#organization\",\"name\":\"Institutia Avocatul Poporului\",\"url\":\"https:\\\/\\\/avp.ro\\\/\",\"logo\":{\"@type\":\"ImageObject\",\"inLanguage\":\"en-US\",\"@id\":\"https:\\\/\\\/avp.ro\\\/#\\\/schema\\\/logo\\\/image\\\/\",\"url\":\"https:\\\/\\\/avp.ro\\\/wp-content\\\/uploads\\\/2020\\\/09\\\/cropped-AP.jpg\",\"contentUrl\":\"https:\\\/\\\/avp.ro\\\/wp-content\\\/uploads\\\/2020\\\/09\\\/cropped-AP.jpg\",\"width\":160,\"height\":146,\"caption\":\"Institutia Avocatul Poporului\"},\"image\":{\"@id\":\"https:\\\/\\\/avp.ro\\\/#\\\/schema\\\/logo\\\/image\\\/\"}}]}<\/script>\n<!-- \/ Yoast SEO plugin. -->","yoast_head_json":{"title":"Declara\u021bii de avere \u0219i interese 2022 - Institu\u021bia Avocatul Poporului","robots":{"index":"index","follow":"follow","max-snippet":"max-snippet:-1","max-image-preview":"max-image-preview:large","max-video-preview":"max-video-preview:-1"},"canonical":"https:\/\/avp.ro\/index.php\/declaratii-de-avere-si-interese-2022\/","og_locale":"en_US","og_type":"article","og_title":"Declara\u021bii de avere \u0219i interese 2022 - Institu\u021bia Avocatul Poporului","og_description":"&nbsp; &nbsp; NUME \u0218I PRENUME AN ACATRINEI IULIA MONICA 2022 ANGHEL ELENA 2022 ANGHEL VASILE 2022 ANTONIC\u0102 CARMEN MONA-LISSA 2022 ARON ANGELA ALINA 2022 AVRAMESCU LUMINI\u0162A 2022 B\u0102DE\u021aOIU FLORENTINA C\u0102T\u0102LINA&hellip;","og_url":"https:\/\/avp.ro\/index.php\/declaratii-de-avere-si-interese-2022\/","og_site_name":"Institu\u021bia Avocatul Poporului","article_modified_time":"2022-12-13T08:34:11+00:00","twitter_card":"summary_large_image","twitter_misc":{"Est. reading time":"2 minutes"},"schema":{"@context":"https:\/\/schema.org","@graph":[{"@type":"WebPage","@id":"https:\/\/avp.ro\/index.php\/declaratii-de-avere-si-interese-2022\/","url":"https:\/\/avp.ro\/index.php\/declaratii-de-avere-si-interese-2022\/","name":"Declara\u021bii de avere \u0219i interese 2022 - Institu\u021bia Avocatul Poporului","isPartOf":{"@id":"https:\/\/avp.ro\/#website"},"datePublished":"2022-07-06T10:47:21+00:00","dateModified":"2022-12-13T08:34:11+00:00","breadcrumb":{"@id":"https:\/\/avp.ro\/index.php\/declaratii-de-avere-si-interese-2022\/#breadcrumb"},"inLanguage":"en-US","potentialAction":[{"@type":"ReadAction","target":["https:\/\/avp.ro\/index.php\/declaratii-de-avere-si-interese-2022\/"]}]},{"@type":"BreadcrumbList","@id":"https:\/\/avp.ro\/index.php\/declaratii-de-avere-si-interese-2022\/#breadcrumb","itemListElement":[{"@type":"ListItem","position":1,"name":"Home","item":"https:\/\/avp.ro\/"},{"@type":"ListItem","position":2,"name":"Declara\u021bii de avere \u0219i interese 2022"}]},{"@type":"WebSite","@id":"https:\/\/avp.ro\/#website","url":"https:\/\/avp.ro\/","name":"Institu\u021bia Avocatul Poporului","description":"People\u2019s Advocate institution - Office of the Ombudsman","publisher":{"@id":"https:\/\/avp.ro\/#organization"},"potentialAction":[{"@type":"SearchAction","target":{"@type":"EntryPoint","urlTemplate":"https:\/\/avp.ro\/?s={search_term_string}"},"query-input":{"@type":"PropertyValueSpecification","valueRequired":true,"valueName":"search_term_string"}}],"inLanguage":"en-US"},{"@type":"Organization","@id":"https:\/\/avp.ro\/#organization","name":"Institutia Avocatul Poporului","url":"https:\/\/avp.ro\/","logo":{"@type":"ImageObject","inLanguage":"en-US","@id":"https:\/\/avp.ro\/#\/schema\/logo\/image\/","url":"https:\/\/avp.ro\/wp-content\/uploads\/2020\/09\/cropped-AP.jpg","contentUrl":"https:\/\/avp.ro\/wp-content\/uploads\/2020\/09\/cropped-AP.jpg","width":160,"height":146,"caption":"Institutia Avocatul Poporului"},"image":{"@id":"https:\/\/avp.ro\/#\/schema\/logo\/image\/"}}]}},"_links":{"self":[{"href":"https:\/\/avp.ro\/index.php\/wp-json\/wp\/v2\/pages\/6620","targetHints":{"allow":["GET"]}}],"collection":[{"href":"https:\/\/avp.ro\/index.php\/wp-json\/wp\/v2\/pages"}],"about":[{"href":"https:\/\/avp.ro\/index.php\/wp-json\/wp\/v2\/types\/page"}],"author":[{"embeddable":true,"href":"https:\/\/avp.ro\/index.php\/wp-json\/wp\/v2\/users\/1"}],"replies":[{"embeddable":true,"href":"https:\/\/avp.ro\/index.php\/wp-json\/wp\/v2\/comments?post=6620"}],"version-history":[{"count":47,"href":"https:\/\/avp.ro\/index.php\/wp-json\/wp\/v2\/pages\/6620\/revisions"}],"predecessor-version":[{"id":7814,"href":"https:\/\/avp.ro\/index.php\/wp-json\/wp\/v2\/pages\/6620\/revisions\/7814"}],"wp:attachment":[{"href":"https:\/\/avp.ro\/index.php\/wp-json\/wp\/v2\/media?parent=6620"}],"curies":[{"name":"wp","href":"https:\/\/api.w.org\/{rel}","templated":true}]}}